{"id":25712,"date":"2023-02-07T16:37:43","date_gmt":"2023-02-07T15:37:43","guid":{"rendered":"https:\/\/cafelapalma.com\/?post_type=tribe_events&#038;p=25712"},"modified":"2023-03-06T10:11:40","modified_gmt":"2023-03-06T09:11:40","slug":"mujeres-en-vivo-maria-ruiz","status":"publish","type":"tribe_events","link":"https:\/\/cafelapalma.com\/en\/programacion\/mujeres-en-vivo-maria-ruiz\/","title":{"rendered":"MUJERES EN VIVO 2023: MAR\u00cdA RUIZ"},"content":{"rendered":"<div  class=\"tribe-events-schedule tribe-clearfix\" >\n\t<p class=\"tribe-events-schedule__datetime\">\n\t\t<span class=\"tribe-events-schedule__date tribe-events-schedule__date--start\">\n\t\t\t10  March  2023\t\t<\/span>\n\n\t\t\t\t\t<span class=\"tribe-events-schedule__separator tribe-events-schedule__separator--date\">\n\t\t\t\t@\t\t\t<\/span>\n\t\t\t<span class=\"tribe-events-schedule__time tribe-events-schedule__time--start\">\n\t\t\t\t21:30\t\t\t<\/span>\n\t\t\n\t\t\t\t\t\t\t\t\t<span class=\"tribe-events-schedule__separator tribe-events-schedule__separator--time\">\n\t\t\t\t\t&#8211;\t\t\t\t<\/span>\n\t\t\t\n\t\t\t\t\t\t\t<span class=\"tribe-events-schedule__time tribe-events-schedule__time--end\">\n\t\t\t\t\t23:30\t\t\t\t<\/span>\n\t\t\t\n\t\t\t\t\t\t<\/p>\n<\/div>\n\n\n<div  class=\"tribe-block tribe-block__event-price\" >\n\t\t\t<span class=\"tribe-block__event-price__cost\"> ENTRADAS AGOTADAS <\/span>\n\t\t\t\t<span class=\"tribe-block__event-price__description\">#soldout<\/span>\n\t<\/div>\n\n\n\n<div style=\"height:100px\" aria-hidden=\"true\" class=\"wp-block-spacer\"><\/div>\n\n\n\n<div class=\"wp-block-columns is-layout-flex wp-container-core-columns-is-layout-8f761849 wp-block-columns-is-layout-flex\">\n<div class=\"wp-block-column is-layout-flow wp-block-column-is-layout-flow\" style=\"flex-basis:33.33%\">\n<figure class=\"wp-block-image size-full\"><img loading=\"lazy\" decoding=\"async\" width=\"297\" height=\"420\" src=\"https:\/\/cafelapalma.com\/wp-content\/uploads\/2023\/03\/10-MARIA-RUIZ-STORY.jpg\" alt=\"\" class=\"wp-image-25984\" srcset=\"https:\/\/cafelapalma.com\/wp-content\/uploads\/2023\/03\/10-MARIA-RUIZ-STORY.jpg 297w, https:\/\/cafelapalma.com\/wp-content\/uploads\/2023\/03\/10-MARIA-RUIZ-STORY-212x300.jpg 212w, https:\/\/cafelapalma.com\/wp-content\/uploads\/2023\/03\/10-MARIA-RUIZ-STORY-42x60.jpg 42w\" sizes=\"auto, (max-width: 297px) 100vw, 297px\" \/><\/figure>\n<\/div>\n\n\n\n<div class=\"wp-block-column is-layout-flow wp-block-column-is-layout-flow\" style=\"flex-basis:66.66%\">\n<p class=\"wp-block-paragraph\"><\/p>\n\n\n\n<p class=\"has-text-align-left wp-block-paragraph\">Su primera guitarra lleg\u00f3 a sus manos por pura curiosidad cuando solo ten\u00eda tres a\u00f1os. Entonces solo acariciaba las cuerdas durante diez segundos todos los d\u00edas, mientras su padre, en casa, la sosten\u00eda en brazos frente a la estanter\u00eda donde descansaba aquel instrumento que era m\u00e1s grande que ella. De alguna manera, <strong>MAR\u00cdA RUIZ<\/strong> naci\u00f3 ah\u00ed.<\/p>\n\n\n\n<p class=\"has-text-align-left wp-block-paragraph\">Entre su guitarra y sus cuadernos pasaron los a\u00f1os hasta que se subi\u00f3 por primera vez a un escenario como vocalista de <strong>Calle Tijuana<\/strong>, su primera banda y su segunda familia.<\/p>\n\n\n\n<p class=\"has-text-align-left wp-block-paragraph\">En 2015 lleg\u00f3 a <strong>Madrid<\/strong>, con hambre de aprender, conocer m\u00fasicxs con lxs que compartir experiencias y nutrirse del arte en todas sus formas y cuerpos. Naci\u00f3 entonces <strong><em>\u00abMetamorfosis\u00bb<\/em><\/strong>, su primer disco.<\/p>\n\n\n\n<p class=\"has-text-align-left wp-block-paragraph\">A finales de 2019 empieza a darle forma a lo que se ha convertido en el proyecto m\u00e1s especial de su carrera: <strong><em>\u00abEl Vuelo\u00bb<\/em><\/strong>. Y no s\u00f3lo por lo que significa y por lo que cuenta, sino por la forma en que decidi\u00f3 gestarlo. <strong><em>\u00abEl Vuelo\u00bb<\/em><\/strong> es el resultado de un proceso de creaci\u00f3n y producci\u00f3n colectiva, de la mano de <strong>La Mare<\/strong>, <strong>Eva Sierra<\/strong>, <strong>La Piltra<\/strong> y <strong>Nur Bonet<\/strong>. <strong>Mar\u00eda <\/strong>ha querido depositar sus canciones en manos de estas cuatro profesionales de la m\u00fasica, no solo por la calidad profesional de su trabajo, sino tambi\u00e9n por el v\u00ednculo emocional y art\u00edstico que las une.<\/p>\n\n\n\n<p class=\"has-text-align-left wp-block-paragraph\"><em>Este concierto se enmarca dentro del ciclo <\/em><strong>MUJERES EN VIVO 2023<\/strong><em>. Con el patrocinio de la <\/em><strong>COMUNIDAD DE MADRID<\/strong><em> y la colaboraci\u00f3n de <\/em><strong>MADRID EN VIVO<\/strong><em> y <\/em><strong>TOTEM MANAGEMENT<\/strong>.<\/p>\n<\/div>\n<\/div>\n\n\n\n<div style=\"height:100px\" aria-hidden=\"true\" class=\"wp-block-spacer\"><\/div>\n\n\n\n<hr class=\"wp-block-separator has-alpha-channel-opacity is-style-wide\"\/>\n\n\n\n<div style=\"height:100px\" aria-hidden=\"true\" class=\"wp-block-spacer\"><\/div>\n\n\n<h2 class=\"tribe-block__related-events__title\">Related Events<\/h2>\n\n<ul  class=\"tribe-related-events tribe-clearfix\" >\n\t\t\t<li>\n\t\n<div class=\"tribe-related-events-thumbnail\">\n\t<a href=\"https:\/\/cafelapalma.com\/en\/programacion\/vodu-lady-pina-israel-gil\/\" class=\"url\" rel=\"bookmark\" tabindex=\"-1\" aria-hidden=\"true\"><img loading=\"lazy\" decoding=\"async\" width=\"1020\" height=\"680\" src=\"https:\/\/cafelapalma.com\/wp-content\/uploads\/2026\/07\/Lady2-1040x693.jpg\" class=\"attachment-large size-large wp-post-image\" alt=\"\" \/><\/a>\n<\/div>\n\t<div class=\"tribe-related-event-info\">\n\t<h3 class=\"tribe-related-events-title\">\n\t\t<a href=\"https:\/\/cafelapalma.com\/en\/programacion\/vodu-lady-pina-israel-gil\/\" class=\"tribe-event-url\" rel=\"bookmark\">\n\t\t\tVOD\u00da: LADY PI\u00d1A + ISRAEL GIL\t\t<\/a>\n\t<\/h3>\n\t<span class=\"tribe-event-date-start\">4  September@23:55<\/span><\/div>\n<\/li>\n\t\t\t<li>\n\t\n<div class=\"tribe-related-events-thumbnail\">\n\t<a href=\"https:\/\/cafelapalma.com\/en\/programacion\/funkin-donuts\/\" class=\"url\" rel=\"bookmark\" tabindex=\"-1\" aria-hidden=\"true\"><img loading=\"lazy\" decoding=\"async\" width=\"693\" height=\"1040\" src=\"https:\/\/cafelapalma.com\/wp-content\/uploads\/2026\/07\/FD-vert2-bn-693x1040.jpg\" class=\"attachment-large size-large wp-post-image\" alt=\"\" \/><\/a>\n<\/div>\n\t<div class=\"tribe-related-event-info\">\n\t<h3 class=\"tribe-related-events-title\">\n\t\t<a href=\"https:\/\/cafelapalma.com\/en\/programacion\/funkin-donuts\/\" class=\"tribe-event-url\" rel=\"bookmark\">\n\t\t\tFUNKIN&#8217; DONUTS\t\t<\/a>\n\t<\/h3>\n\t<span class=\"tribe-event-date-start\">5  September@22:00<\/span><span class=\"tribe-event-time\">23:45<\/span><\/div>\n<\/li>\n\t\t\t<li>\n\t\n<div class=\"tribe-related-events-thumbnail\">\n\t<a href=\"https:\/\/cafelapalma.com\/en\/programacion\/backstage-le-petit-truffle-mayo\/\" class=\"url\" rel=\"bookmark\" tabindex=\"-1\" aria-hidden=\"true\"><img loading=\"lazy\" decoding=\"async\" width=\"780\" height=\"1040\" src=\"https:\/\/cafelapalma.com\/wp-content\/uploads\/2026\/07\/Imagen-TruffleMayo-LePetit-i-1-780x1040.png\" class=\"attachment-large size-large wp-post-image\" alt=\"\" \/><\/a>\n<\/div>\n\t<div class=\"tribe-related-event-info\">\n\t<h3 class=\"tribe-related-events-title\">\n\t\t<a href=\"https:\/\/cafelapalma.com\/en\/programacion\/backstage-le-petit-truffle-mayo\/\" class=\"tribe-event-url\" rel=\"bookmark\">\n\t\t\tBACKSTAGE: LE PETIT + TRUFFLE MAYO\t\t<\/a>\n\t<\/h3>\n\t<span class=\"tribe-event-date-start\">5  September@23:55<\/span><\/div>\n<\/li>\n\t<\/ul>","protected":false},"excerpt":{"rendered":"<p>Su primera guitarra lleg\u00f3 a sus manos por pura curiosidad cuando solo ten\u00eda tres a\u00f1os. Entonces solo acariciaba las cuerdas durante diez segundos todos los d\u00edas, mientras su padre, en casa, la sosten\u00eda en brazos frente a la estanter\u00eda donde descansaba aquel instrumento que era m\u00e1s grande que ella. De alguna manera, MAR\u00cdA RUIZ naci\u00f3 &hellip; <\/p>","protected":false},"author":2,"featured_media":25714,"template":"","meta":{"_tec_requires_first_save":false,"_uag_custom_page_level_css":"","loftloader_page_shortcode":"","_EventAllDay":false,"_EventTimezone":"Europe\/Madrid","_EventStartDate":"2023-03-10 21:30:00","_EventEndDate":"2023-03-10 23:30:00","_EventStartDateUTC":"2023-03-10 20:30:00","_EventEndDateUTC":"2023-03-10 22:30:00","_EventShowMap":false,"_EventShowMapLink":false,"_EventURL":"https:\/\/link.dice.fm\/D8c51c5905ce","_EventCost":"ENTRADAS AGOTADAS","_EventCostDescription":"","_EventCurrencySymbol":"\u20ac","_EventCurrencyCode":"","_EventCurrencyPosition":"suffix","_EventDateTimeSeparator":"@","_EventTimeRangeSeparator":"-","_EventOrganizerID":[],"_EventVenueID":[0],"_OrganizerEmail":"","_OrganizerPhone":"","_OrganizerWebsite":"","_VenueAddress":"","_VenueCity":"","_VenueCountry":"","_VenueProvince":"","_VenueState":"","_VenueZip":"","_VenuePhone":"","_VenueURL":"","_VenueStateProvince":"","_VenueLat":"","_VenueLng":"","_VenueShowMap":false,"_VenueShowMapLink":false,"_tribe_blocks_recurrence_rules":"","_tribe_blocks_recurrence_description":"","_tribe_blocks_recurrence_exclusions":"","_ecp_custom_2":"","_tribe_events_status":"","_tribe_events_status_reason":"","_tribe_events_is_hybrid":"","_tribe_events_is_virtual":"","_tribe_events_virtual_video_source":"","_tribe_events_virtual_embed_video":"","_tribe_events_virtual_linked_button_text":"","_tribe_events_virtual_linked_button":"","_tribe_events_virtual_show_embed_at":"","_tribe_events_virtual_show_embed_to":[],"_tribe_events_virtual_show_on_event":"","_tribe_events_virtual_show_on_views":"","_tribe_events_virtual_url":"","footnotes":""},"tags":[1363,8869,13158,9398,2865,9147,9146,13156,13160,13162,13161,13163,12369,12389,13159,13305,13164,1355,13155,13153,13152,13157,13154],"tribe_events_cat":[8963],"class_list":["post-25712","tribe_events","type-tribe_events","status-publish","has-post-thumbnail","hentry","tag-cafe-la-palma","tag-cafe-la-palma-2","tag-calle-tijuana","tag-comunidad-de-madrid","tag-conciertos-cafe-la-palma","tag-conciertos-madrid","tag-conciertos-malasana","tag-duele","tag-el-vuelo","tag-eva-sierra","tag-la-mare","tag-la-piltra","tag-madrid-en-vivo","tag-maria-ruiz","tag-metamorfosis","tag-mujeres-en-vivo-2023","tag-nur-bonet","tag-pop","tag-primavera-nuestra","tag-solo-para-ti","tag-totem-management","tag-tu-nombre","tag-viento-madera","tribe_events_cat-concierto","cat_concierto"],"uagb_featured_image_src":{"full":["https:\/\/cafelapalma.com\/wp-content\/uploads\/2023\/02\/mariaruizfrontweb.jpg",383,682,false],"thumbnail":["https:\/\/cafelapalma.com\/wp-content\/uploads\/2023\/02\/mariaruizfrontweb-150x150.jpg",150,150,true],"medium":["https:\/\/cafelapalma.com\/wp-content\/uploads\/2023\/02\/mariaruizfrontweb-168x300.jpg",168,300,true],"medium_large":["https:\/\/cafelapalma.com\/wp-content\/uploads\/2023\/02\/mariaruizfrontweb.jpg",383,682,false],"large":["https:\/\/cafelapalma.com\/wp-content\/uploads\/2023\/02\/mariaruizfrontweb.jpg",383,682,false],"1536x1536":["https:\/\/cafelapalma.com\/wp-content\/uploads\/2023\/02\/mariaruizfrontweb.jpg",383,682,false],"2048x2048":["https:\/\/cafelapalma.com\/wp-content\/uploads\/2023\/02\/mariaruizfrontweb.jpg",383,682,false],"trp-custom-language-flag":["https:\/\/cafelapalma.com\/wp-content\/uploads\/2023\/02\/mariaruizfrontweb.jpg",7,12,false],"blossom-feminine-slider":["https:\/\/cafelapalma.com\/wp-content\/uploads\/2023\/02\/mariaruizfrontweb-383x649.jpg",383,649,true],"blossom-feminine-featured":["https:\/\/cafelapalma.com\/wp-content\/uploads\/2023\/02\/mariaruizfrontweb-383x600.jpg",383,600,true],"blossom-feminine-with-sidebar":["https:\/\/cafelapalma.com\/wp-content\/uploads\/2023\/02\/mariaruizfrontweb-383x600.jpg",383,600,true],"blossom-feminine-blog":["https:\/\/cafelapalma.com\/wp-content\/uploads\/2023\/02\/mariaruizfrontweb-383x435.jpg",383,435,true],"blossom-feminine-cat":["https:\/\/cafelapalma.com\/wp-content\/uploads\/2023\/02\/mariaruizfrontweb-383x300.jpg",383,300,true],"blossom-feminine-related":["https:\/\/cafelapalma.com\/wp-content\/uploads\/2023\/02\/mariaruizfrontweb-320x200.jpg",320,200,true],"blossom-feminine-schema":["https:\/\/cafelapalma.com\/wp-content\/uploads\/2023\/02\/mariaruizfrontweb-34x60.jpg",34,60,true]},"uagb_author_info":{"display_name":"Victor","author_link":"https:\/\/cafelapalma.com\/en\/author\/comunicacion\/"},"uagb_comment_info":0,"uagb_excerpt":"Su primera guitarra lleg\u00f3 a sus manos por pura curiosidad cuando solo ten\u00eda tres a\u00f1os. Entonces solo acariciaba las cuerdas durante diez segundos todos los d\u00edas, mientras su padre, en casa, la sosten\u00eda en brazos frente a la estanter\u00eda donde descansaba aquel instrumento que era m\u00e1s grande que ella. De alguna manera, MAR\u00cdA RUIZ naci\u00f3&hellip;","_links":{"self":[{"href":"https:\/\/cafelapalma.com\/en\/wp-json\/wp\/v2\/tribe_events\/25712","targetHints":{"allow":["GET"]}}],"collection":[{"href":"https:\/\/cafelapalma.com\/en\/wp-json\/wp\/v2\/tribe_events"}],"about":[{"href":"https:\/\/cafelapalma.com\/en\/wp-json\/wp\/v2\/types\/tribe_events"}],"author":[{"embeddable":true,"href":"https:\/\/cafelapalma.com\/en\/wp-json\/wp\/v2\/users\/2"}],"version-history":[{"count":0,"href":"https:\/\/cafelapalma.com\/en\/wp-json\/wp\/v2\/tribe_events\/25712\/revisions"}],"wp:featuredmedia":[{"embeddable":true,"href":"https:\/\/cafelapalma.com\/en\/wp-json\/wp\/v2\/media\/25714"}],"wp:attachment":[{"href":"https:\/\/cafelapalma.com\/en\/wp-json\/wp\/v2\/media?parent=25712"}],"wp:term":[{"taxonomy":"post_tag","embeddable":true,"href":"https:\/\/cafelapalma.com\/en\/wp-json\/wp\/v2\/tags?post=25712"},{"taxonomy":"tribe_events_cat","embeddable":true,"href":"https:\/\/cafelapalma.com\/en\/wp-json\/wp\/v2\/tribe_events_cat?post=25712"}],"curies":[{"name":"wp","href":"https:\/\/api.w.org\/{rel}","templated":true}]}}