{"id":25767,"date":"2023-02-16T11:33:44","date_gmt":"2023-02-16T10:33:44","guid":{"rendered":"https:\/\/cafelapalma.com\/?post_type=tribe_events&#038;p=25767"},"modified":"2023-02-16T11:34:26","modified_gmt":"2023-02-16T10:34:26","slug":"1987-live-kare-skillp-cpolo-smokeyf","status":"publish","type":"tribe_events","link":"https:\/\/cafelapalma.com\/en\/programacion\/1987-live-kare-skillp-cpolo-smokeyf\/","title":{"rendered":"1987 LIVE: KARE &#038; SKILL P + C. POLO &#038; MB CASABLANCA + SMOKEY F"},"content":{"rendered":"<div  class=\"tribe-events-schedule tribe-clearfix\" >\n\t<p class=\"tribe-events-schedule__datetime\">\n\t\t<span class=\"tribe-events-schedule__date tribe-events-schedule__date--start\">\n\t\t\t05  March  2023\t\t<\/span>\n\n\t\t\t\t\t<span class=\"tribe-events-schedule__separator tribe-events-schedule__separator--date\">\n\t\t\t\t@\t\t\t<\/span>\n\t\t\t<span class=\"tribe-events-schedule__time tribe-events-schedule__time--start\">\n\t\t\t\t21:00\t\t\t<\/span>\n\t\t\n\t\t\t\t\t\t\t\t\t<span class=\"tribe-events-schedule__separator tribe-events-schedule__separator--time\">\n\t\t\t\t\t\t\t\t\t<\/span>\n\t\t\t\n\t\t\t\t\t\t\t<span class=\"tribe-events-schedule__time tribe-events-schedule__time--end\">\n\t\t\t\t\t23:15\t\t\t\t<\/span>\n\t\t\t\n\t\t\t\t\t\t<\/p>\n<\/div>\n\n\n<div  class=\"tribe-block tribe-block__event-price\" >\n\t\t\t<span class=\"tribe-block__event-price__cost\"> 9\u20ac <\/span>\n\t\t\t\t<span class=\"tribe-block__event-price__description\">+ gg Anticipada | 12\u20ac Taquilla [ Incluye DOBLE DE CERVEZA o REFRESCO ]<\/span>\n\t<\/div>\n\n\n\n<div style=\"height:100px\" aria-hidden=\"true\" class=\"wp-block-spacer\"><\/div>\n\n\n\n<div class=\"wp-block-columns is-layout-flex wp-container-core-columns-is-layout-8f761849 wp-block-columns-is-layout-flex\">\n<div class=\"wp-block-column is-layout-flow wp-block-column-is-layout-flow\" style=\"flex-basis:33.33%\">\n<figure class=\"wp-block-image size-full\"><img loading=\"lazy\" decoding=\"async\" width=\"430\" height=\"608\" src=\"https:\/\/cafelapalma.com\/wp-content\/uploads\/2023\/02\/KARE-A3-LOW_.jpg\" alt=\"\" class=\"wp-image-25768\" srcset=\"https:\/\/cafelapalma.com\/wp-content\/uploads\/2023\/02\/KARE-A3-LOW_.jpg 430w, https:\/\/cafelapalma.com\/wp-content\/uploads\/2023\/02\/KARE-A3-LOW_-212x300.jpg 212w, https:\/\/cafelapalma.com\/wp-content\/uploads\/2023\/02\/KARE-A3-LOW_-42x60.jpg 42w\" sizes=\"auto, (max-width: 430px) 100vw, 430px\" \/><\/figure>\n\n\n<div  class=\"tribe-block tribe-block__event-website\" >\n\t<a\n\t\thref=\"https:\/\/link.dice.fm\/Z56566684480\"\n\t\ttarget=\"_self\"\n\t\t\t>\n\t\tCOMPRAR ENTRADAS\t<\/a>\n<\/div>\n<\/div>\n\n\n\n<div class=\"wp-block-column is-layout-flow wp-block-column-is-layout-flow\" style=\"flex-basis:66.66%\">\n<p class=\"has-text-align-left wp-block-paragraph\"><strong>Kare<\/strong>\u00a0es un rapper de la periferia este de <strong>Madrid <\/strong>que forma parte del colectivo\u00a0<strong>Cos Goonies<\/strong>. Influenciado por el sonido de la isla de <strong>Manhattan <\/strong>pasando por todos los estados de <strong>USA<\/strong>, la escena de finales de los \u201890 de <strong>Francia <\/strong>y la disciplina del grime\/drill de <strong>UK<\/strong>, <strong>Kare <\/strong>es riguroso y estricto en sus m\u00e9tricas, en cuyas barras cuenta vivencias, detalla momentos, expresa su manera de ver las calles y define claramente la clase social trabajadora de cualquier persona de barrio obrero.<\/p>\n\n\n\n<p class=\"has-text-align-left wp-block-paragraph\"><strong>Francisco Torres<\/strong>\u00a0<em>aka<\/em>\u00a0<strong>C .Polo<\/strong>\u00a0es un rapero\/productor madrile\u00f1o con influencias tanto de la East Coast americana como del sonido <strong>Madrid <\/strong>y <strong>Francia<\/strong>. Se caracteriza por crear sensaciones y atm\u00f3sferas serias y crudas, sin adornos; con un mensaje que describe la realidad de muchos j\u00f3venes obligados a emigrar en b\u00fasqueda de oportunidades, la tristeza de estar fuera de casa, las relaciones humanas y los diferentes estados de \u00e1nimo.<\/p>\n\n\n\n<p class=\"has-text-align-left wp-block-paragraph\">Desde el lanzamiento en 2010 de su primer trabajo en solitario\u00a0<em><strong>\u00abTodos saben de alguien\u00bb<\/strong><\/em>,\u00a0<strong>Smokey F<\/strong>\u00a0<em>aka<\/em>\u00a0<strong>Smokey Flaco<\/strong>\u00a0nos viene ofreciendo un estilo caracterizado por su versatilidad, con influencias de todo tipo de m\u00fasica, desde el funk a la m\u00fasica electr\u00f3nica. Sus \u00faltimos trabajos,\u00a0<em><strong>\u00abNo ciudadanos\u00bb<\/strong><\/em>\u00a0y\u00a0<em><strong>\u00abVoid ep\u00bb<\/strong><\/em>\u00a0vienen cargados de referencias y cr\u00edticas que nos acercan al estilo de vida del MC madrile\u00f1o y en definitiva de cualquier persona crecida en un barrio perif\u00e9rico.<\/p>\n<\/div>\n<\/div>\n\n\n\n<div style=\"height:100px\" aria-hidden=\"true\" class=\"wp-block-spacer\"><\/div>\n\n\n\n<hr class=\"wp-block-separator has-alpha-channel-opacity is-style-wide\"\/>\n\n\n\n<div style=\"height:100px\" aria-hidden=\"true\" class=\"wp-block-spacer\"><\/div>\n\n\n<h2 class=\"tribe-block__related-events__title\">Related Events<\/h2>\n\n<ul  class=\"tribe-related-events tribe-clearfix\" >\n\t\t\t<li>\n\t\n<div class=\"tribe-related-events-thumbnail\">\n\t<a href=\"https:\/\/cafelapalma.com\/en\/programacion\/funkin-donuts\/\" class=\"url\" rel=\"bookmark\" tabindex=\"-1\" aria-hidden=\"true\"><img loading=\"lazy\" decoding=\"async\" width=\"693\" height=\"1040\" src=\"https:\/\/cafelapalma.com\/wp-content\/uploads\/2026\/07\/FD-vert2-bn-693x1040.jpg\" class=\"attachment-large size-large wp-post-image\" alt=\"\" \/><\/a>\n<\/div>\n\t<div class=\"tribe-related-event-info\">\n\t<h3 class=\"tribe-related-events-title\">\n\t\t<a href=\"https:\/\/cafelapalma.com\/en\/programacion\/funkin-donuts\/\" class=\"tribe-event-url\" rel=\"bookmark\">\n\t\t\tFUNKIN&#8217; DONUTS\t\t<\/a>\n\t<\/h3>\n\t<span class=\"tribe-event-date-start\">5  September@22:00<\/span><span class=\"tribe-event-time\">23:45<\/span><\/div>\n<\/li>\n\t\t\t<li>\n\t\n<div class=\"tribe-related-events-thumbnail\">\n\t<a href=\"https:\/\/cafelapalma.com\/en\/programacion\/backstage-le-petit-truffle-mayo\/\" class=\"url\" rel=\"bookmark\" tabindex=\"-1\" aria-hidden=\"true\"><img loading=\"lazy\" decoding=\"async\" width=\"780\" height=\"1040\" src=\"https:\/\/cafelapalma.com\/wp-content\/uploads\/2026\/07\/Imagen-TruffleMayo-LePetit-i-1-780x1040.png\" class=\"attachment-large size-large wp-post-image\" alt=\"\" \/><\/a>\n<\/div>\n\t<div class=\"tribe-related-event-info\">\n\t<h3 class=\"tribe-related-events-title\">\n\t\t<a href=\"https:\/\/cafelapalma.com\/en\/programacion\/backstage-le-petit-truffle-mayo\/\" class=\"tribe-event-url\" rel=\"bookmark\">\n\t\t\tBACKSTAGE: LE PETIT + TRUFFLE MAYO\t\t<\/a>\n\t<\/h3>\n\t<span class=\"tribe-event-date-start\">5  September@23:55<\/span><\/div>\n<\/li>\n\t\t\t<li>\n\t\n<div class=\"tribe-related-events-thumbnail\">\n\t<a href=\"https:\/\/cafelapalma.com\/en\/programacion\/willie-deville-concierto-benefico-x-venezuela\/\" class=\"url\" rel=\"bookmark\" tabindex=\"-1\" aria-hidden=\"true\"><img loading=\"lazy\" decoding=\"async\" width=\"1020\" height=\"531\" src=\"https:\/\/cafelapalma.com\/wp-content\/uploads\/2026\/08\/Willie-deville-1100x572-1-1040x541.jpg\" class=\"attachment-large size-large wp-post-image\" alt=\"\" \/><\/a>\n<\/div>\n\t<div class=\"tribe-related-event-info\">\n\t<h3 class=\"tribe-related-events-title\">\n\t\t<a href=\"https:\/\/cafelapalma.com\/en\/programacion\/willie-deville-concierto-benefico-x-venezuela\/\" class=\"tribe-event-url\" rel=\"bookmark\">\n\t\t\tWILLIE DEVILLE: CONCIERTO BEN\u00c9FICO X VENEZUELA\t\t<\/a>\n\t<\/h3>\n\t<span class=\"tribe-event-date-start\">6  September@21:00<\/span><span class=\"tribe-event-time\">23:45<\/span><\/div>\n<\/li>\n\t<\/ul>\n","protected":false},"excerpt":{"rendered":"<p>Kare\u00a0es un rapper de la periferia este de Madrid que forma parte del colectivo\u00a0Cos Goonies. Influenciado por el sonido de la isla de Manhattan pasando por todos los estados de USA, la escena de finales de los \u201890 de Francia y la disciplina del grime\/drill de UK, Kare es riguroso y estricto en sus m\u00e9tricas, &hellip; <\/p>","protected":false},"author":2,"featured_media":25769,"template":"","meta":{"_tec_requires_first_save":false,"_uag_custom_page_level_css":"","loftloader_page_shortcode":"","_EventAllDay":false,"_EventTimezone":"Europe\/Madrid","_EventStartDate":"2023-03-05 21:00:00","_EventEndDate":"2023-03-05 23:15:00","_EventStartDateUTC":"2023-03-05 20:00:00","_EventEndDateUTC":"2023-03-05 22:15:00","_EventShowMap":false,"_EventShowMapLink":false,"_EventURL":"https:\/\/link.dice.fm\/Z56566684480","_EventCost":"9","_EventCostDescription":"","_EventCurrencySymbol":"","_EventCurrencyCode":"","_EventCurrencyPosition":"","_EventDateTimeSeparator":"","_EventTimeRangeSeparator":"","_EventOrganizerID":[],"_EventVenueID":[0],"_OrganizerEmail":"","_OrganizerPhone":"","_OrganizerWebsite":"","_VenueAddress":"","_VenueCity":"","_VenueCountry":"","_VenueProvince":"","_VenueState":"","_VenueZip":"","_VenuePhone":"","_VenueURL":"","_VenueStateProvince":"","_VenueLat":"","_VenueLng":"","_VenueShowMap":false,"_VenueShowMapLink":false,"_tribe_blocks_recurrence_rules":"","_tribe_blocks_recurrence_description":"","_tribe_blocks_recurrence_exclusions":"","_ecp_custom_2":"","_tribe_events_status":"","_tribe_events_status_reason":"","_tribe_events_is_hybrid":"","_tribe_events_is_virtual":"","_tribe_events_virtual_video_source":"","_tribe_events_virtual_embed_video":"","_tribe_events_virtual_linked_button_text":"","_tribe_events_virtual_linked_button":"","_tribe_events_virtual_show_embed_at":"","_tribe_events_virtual_show_embed_to":[],"_tribe_events_virtual_show_on_event":"","_tribe_events_virtual_show_on_views":"","_tribe_events_virtual_url":"","footnotes":""},"tags":[13183,13187,1363,8869,13194,2865,9147,9146,13185,13186,9352,13184,13195,13191,2395,13193,13189,13190,13188,13192],"tribe_events_cat":[8963],"class_list":["post-25767","tribe_events","type-tribe_events","status-publish","has-post-thumbnail","hentry","tag-1987-live","tag-c-polo","tag-cafe-la-palma","tag-cafe-la-palma-2","tag-calero-don","tag-conciertos-cafe-la-palma","tag-conciertos-madrid","tag-conciertos-malasana","tag-cos-goonies","tag-francisco-torres","tag-hip-hop-2","tag-kare","tag-mb-casablanca","tag-no-ciudadanos","tag-rap","tag-skill-p","tag-smokey-f","tag-smokey-flaco","tag-todos-saben-de-alguien","tag-void-ep","tribe_events_cat-concierto","cat_concierto"],"uagb_featured_image_src":{"full":["https:\/\/cafelapalma.com\/wp-content\/uploads\/2023\/02\/kareshoot.jpg",1080,1350,false],"thumbnail":["https:\/\/cafelapalma.com\/wp-content\/uploads\/2023\/02\/kareshoot-150x150.jpg",150,150,true],"medium":["https:\/\/cafelapalma.com\/wp-content\/uploads\/2023\/02\/kareshoot-240x300.jpg",240,300,true],"medium_large":["https:\/\/cafelapalma.com\/wp-content\/uploads\/2023\/02\/kareshoot-768x960.jpg",768,960,true],"large":["https:\/\/cafelapalma.com\/wp-content\/uploads\/2023\/02\/kareshoot-832x1040.jpg",832,1040,true],"1536x1536":["https:\/\/cafelapalma.com\/wp-content\/uploads\/2023\/02\/kareshoot.jpg",1080,1350,false],"2048x2048":["https:\/\/cafelapalma.com\/wp-content\/uploads\/2023\/02\/kareshoot.jpg",1080,1350,false],"trp-custom-language-flag":["https:\/\/cafelapalma.com\/wp-content\/uploads\/2023\/02\/kareshoot.jpg",10,12,false],"blossom-feminine-slider":["https:\/\/cafelapalma.com\/wp-content\/uploads\/2023\/02\/kareshoot-1080x649.jpg",1080,649,true],"blossom-feminine-featured":["https:\/\/cafelapalma.com\/wp-content\/uploads\/2023\/02\/kareshoot-1080x600.jpg",1080,600,true],"blossom-feminine-with-sidebar":["https:\/\/cafelapalma.com\/wp-content\/uploads\/2023\/02\/kareshoot-1020x600.jpg",1020,600,true],"blossom-feminine-blog":["https:\/\/cafelapalma.com\/wp-content\/uploads\/2023\/02\/kareshoot-435x435.jpg",435,435,true],"blossom-feminine-cat":["https:\/\/cafelapalma.com\/wp-content\/uploads\/2023\/02\/kareshoot-450x300.jpg",450,300,true],"blossom-feminine-related":["https:\/\/cafelapalma.com\/wp-content\/uploads\/2023\/02\/kareshoot-320x200.jpg",320,200,true],"blossom-feminine-schema":["https:\/\/cafelapalma.com\/wp-content\/uploads\/2023\/02\/kareshoot-48x60.jpg",48,60,true]},"uagb_author_info":{"display_name":"Victor","author_link":"https:\/\/cafelapalma.com\/en\/author\/comunicacion\/"},"uagb_comment_info":0,"uagb_excerpt":"Kare\u00a0es un rapper de la periferia este de Madrid que forma parte del colectivo\u00a0Cos Goonies. Influenciado por el sonido de la isla de Manhattan pasando por todos los estados de USA, la escena de finales de los \u201890 de Francia y la disciplina del grime\/drill de UK, Kare es riguroso y estricto en sus m\u00e9tricas,&hellip;","_links":{"self":[{"href":"https:\/\/cafelapalma.com\/en\/wp-json\/wp\/v2\/tribe_events\/25767","targetHints":{"allow":["GET"]}}],"collection":[{"href":"https:\/\/cafelapalma.com\/en\/wp-json\/wp\/v2\/tribe_events"}],"about":[{"href":"https:\/\/cafelapalma.com\/en\/wp-json\/wp\/v2\/types\/tribe_events"}],"author":[{"embeddable":true,"href":"https:\/\/cafelapalma.com\/en\/wp-json\/wp\/v2\/users\/2"}],"version-history":[{"count":0,"href":"https:\/\/cafelapalma.com\/en\/wp-json\/wp\/v2\/tribe_events\/25767\/revisions"}],"wp:featuredmedia":[{"embeddable":true,"href":"https:\/\/cafelapalma.com\/en\/wp-json\/wp\/v2\/media\/25769"}],"wp:attachment":[{"href":"https:\/\/cafelapalma.com\/en\/wp-json\/wp\/v2\/media?parent=25767"}],"wp:term":[{"taxonomy":"post_tag","embeddable":true,"href":"https:\/\/cafelapalma.com\/en\/wp-json\/wp\/v2\/tags?post=25767"},{"taxonomy":"tribe_events_cat","embeddable":true,"href":"https:\/\/cafelapalma.com\/en\/wp-json\/wp\/v2\/tribe_events_cat?post=25767"}],"curies":[{"name":"wp","href":"https:\/\/api.w.org\/{rel}","templated":true}]}}