{"id":25888,"date":"2023-02-27T17:34:15","date_gmt":"2023-02-27T16:34:15","guid":{"rendered":"https:\/\/cafelapalma.com\/?post_type=tribe_events&#038;p=25888"},"modified":"2023-02-27T17:34:36","modified_gmt":"2023-02-27T16:34:36","slug":"estadia-a-corto-plazo-basilisco-domingo-ondiz","status":"publish","type":"tribe_events","link":"https:\/\/cafelapalma.com\/en\/programacion\/estadia-a-corto-plazo-basilisco-domingo-ondiz\/","title":{"rendered":"ESTAD\u00cdA A CORTO PLAZO + BASILISCO + DOMINGO ONDIZ"},"content":{"rendered":"<div  class=\"tribe-events-schedule tribe-clearfix\" >\n\t<p class=\"tribe-events-schedule__datetime\">\n\t\t<span class=\"tribe-events-schedule__date tribe-events-schedule__date--start\">\n\t\t\t19  April  2023\t\t<\/span>\n\n\t\t\t\t\t<span class=\"tribe-events-schedule__separator tribe-events-schedule__separator--date\">\n\t\t\t\t@\t\t\t<\/span>\n\t\t\t<span class=\"tribe-events-schedule__time tribe-events-schedule__time--start\">\n\t\t\t\t21:00\t\t\t<\/span>\n\t\t\n\t\t\t\t\t\t\t\t\t<span class=\"tribe-events-schedule__separator tribe-events-schedule__separator--time\">\n\t\t\t\t\t&#8211;\t\t\t\t<\/span>\n\t\t\t\n\t\t\t\t\t\t\t<span class=\"tribe-events-schedule__time tribe-events-schedule__time--end\">\n\t\t\t\t\t23:15\t\t\t\t<\/span>\n\t\t\t\n\t\t\t\t\t\t<\/p>\n<\/div>\n\n\n<div  class=\"tribe-block tribe-block__event-price\" >\n\t\t\t<span class=\"tribe-block__event-price__cost\"> 5\u20ac <\/span>\n\t\t\t\t<span class=\"tribe-block__event-price__description\">+ gg Anticipada | 7\u20ac Taquilla<\/span>\n\t<\/div>\n\n\n\n<div style=\"height:100px\" aria-hidden=\"true\" class=\"wp-block-spacer\"><\/div>\n\n\n\n<div class=\"wp-block-columns is-layout-flex wp-container-core-columns-is-layout-8f761849 wp-block-columns-is-layout-flex\">\n<div class=\"wp-block-column is-layout-flow wp-block-column-is-layout-flow\" style=\"flex-basis:33.33%\">\n<figure class=\"wp-block-image size-full\"><img loading=\"lazy\" decoding=\"async\" width=\"297\" height=\"420\" src=\"https:\/\/cafelapalma.com\/wp-content\/uploads\/2023\/02\/ESTADIA-A3.jpg\" alt=\"\" class=\"wp-image-25892\" srcset=\"https:\/\/cafelapalma.com\/wp-content\/uploads\/2023\/02\/ESTADIA-A3.jpg 297w, https:\/\/cafelapalma.com\/wp-content\/uploads\/2023\/02\/ESTADIA-A3-212x300.jpg 212w, https:\/\/cafelapalma.com\/wp-content\/uploads\/2023\/02\/ESTADIA-A3-42x60.jpg 42w\" sizes=\"auto, (max-width: 297px) 100vw, 297px\" \/><\/figure>\n\n\n<div  class=\"tribe-block tribe-block__event-website\" >\n\t<a\n\t\thref=\"https:\/\/link.dice.fm\/O90102f7f6f7\"\n\t\ttarget=\"_self\"\n\t\t\t>\n\t\tBUY TICKETS\t<\/a>\n<\/div>\n<\/div>\n\n\n\n<div class=\"wp-block-column is-layout-flow wp-block-column-is-layout-flow\" style=\"flex-basis:66.66%\">\n<p class=\"has-text-align-left wp-block-paragraph\"><strong>Estad\u00eda A Corto Plazo<\/strong> es una banda de rock alternativo formada por <strong>Andr\u00e9s Alcal\u00e1<\/strong>, <strong>Diego Borges<\/strong>, <strong>Diego Finol<\/strong> y <strong>Mike Rodriguez<\/strong>, cuyo comienzo se remonta a mediados del a\u00f1o 2016 en la ciudad de <strong>Lecher\u00eda<\/strong>, <strong>Venezuela<\/strong>, y que ha sido influenciada tanto por las entra\u00f1as del indie rock latinoamericano como por grandes cl\u00e1sicos de la m\u00fasica internacional.<\/p>\n\n\n\n<p class=\"has-text-align-left wp-block-paragraph\">La banda cuenta con cinco singles y un EP titulado <strong><em>\u201cCuando Te Des Cuenta\u201d<\/em><\/strong>. Desde el funk, hasta el garage rock, pasando por el shoegaze, <strong>Estad\u00eda A Corto Plazo<\/strong> no se ata a una corriente, ni a un g\u00e9nero, buscando siempre hacer lo que en ese momento sienten y hablar lo que necesitan en el momento oportuno con la versatilidad que caracteriza a la banda.<\/p>\n\n\n\n<p class=\"has-text-align-left wp-block-paragraph\">Luego de formar parte de <strong>Virgin Cassette<\/strong>, <strong>Miguel <\/strong>y <strong>Jose <\/strong>se mudaron a Espa\u00f1a donde despu\u00e9s de meses empezaron a crear m\u00fasica nuevamente bajo el nombre de <strong>Basilisco<\/strong>, uniendo la esencia alternativa de su anterior proyecto con nuevos ritmos. Tiempo despu\u00e9s de un par de colaboraciones musicales, <strong>F\u00e9lix<\/strong> (tambi\u00e9n ex miembro de <strong>Virgin Cassette<\/strong>) se une al grupo agregando un toque alternativo a la agrupaci\u00f3n.<\/p>\n\n\n\n<p class=\"has-text-align-left wp-block-paragraph\"><strong>Domingo Ondiz<\/strong> es un cantautor venezolano radicado en <strong>Madrid<\/strong>, que con un estilo relajado y alegre, explorando distintos g\u00e9neros musicales, refleja sus vivencias y sue\u00f1os en sus canciones. Cuenta con un \u00e1lbum, lanzado en 2022 titulado <strong><em>\u201cBuena Vibra Social Club\u201d<\/em><\/strong> as\u00ed como diversos singles. <strong>Domingo <\/strong>fue integrante del d\u00fao <strong>Simply Broke<\/strong>, junto con <strong>Roy Borland<\/strong>, con el que particip\u00f3 en el programa <strong>La Voz<\/strong>.<\/p>\n<\/div>\n<\/div>\n\n\n\n<div style=\"height:100px\" aria-hidden=\"true\" class=\"wp-block-spacer\"><\/div>\n\n\n\n<hr class=\"wp-block-separator has-alpha-channel-opacity is-style-wide\"\/>\n\n\n\n<div style=\"height:100px\" aria-hidden=\"true\" class=\"wp-block-spacer\"><\/div>\n\n\n<h2 class=\"tribe-block__related-events__title\">Related Events<\/h2>\n\n<ul  class=\"tribe-related-events tribe-clearfix\" >\n\t\t\t<li>\n\t\n<div class=\"tribe-related-events-thumbnail\">\n\t<a href=\"https:\/\/cafelapalma.com\/en\/programacion\/funkin-donuts\/\" class=\"url\" rel=\"bookmark\" tabindex=\"-1\" aria-hidden=\"true\"><img loading=\"lazy\" decoding=\"async\" width=\"693\" height=\"1040\" src=\"https:\/\/cafelapalma.com\/wp-content\/uploads\/2026\/07\/FD-vert2-bn-693x1040.jpg\" class=\"attachment-large size-large wp-post-image\" alt=\"\" \/><\/a>\n<\/div>\n\t<div class=\"tribe-related-event-info\">\n\t<h3 class=\"tribe-related-events-title\">\n\t\t<a href=\"https:\/\/cafelapalma.com\/en\/programacion\/funkin-donuts\/\" class=\"tribe-event-url\" rel=\"bookmark\">\n\t\t\tFUNKIN&#8217; DONUTS\t\t<\/a>\n\t<\/h3>\n\t<span class=\"tribe-event-date-start\">5  September@22:00<\/span><span class=\"tribe-event-time\">23:45<\/span><\/div>\n<\/li>\n\t\t\t<li>\n\t\n<div class=\"tribe-related-events-thumbnail\">\n\t<a href=\"https:\/\/cafelapalma.com\/en\/programacion\/backstage-le-petit-truffle-mayo\/\" class=\"url\" rel=\"bookmark\" tabindex=\"-1\" aria-hidden=\"true\"><img loading=\"lazy\" decoding=\"async\" width=\"780\" height=\"1040\" src=\"https:\/\/cafelapalma.com\/wp-content\/uploads\/2026\/07\/Imagen-TruffleMayo-LePetit-i-1-780x1040.png\" class=\"attachment-large size-large wp-post-image\" alt=\"\" \/><\/a>\n<\/div>\n\t<div class=\"tribe-related-event-info\">\n\t<h3 class=\"tribe-related-events-title\">\n\t\t<a href=\"https:\/\/cafelapalma.com\/en\/programacion\/backstage-le-petit-truffle-mayo\/\" class=\"tribe-event-url\" rel=\"bookmark\">\n\t\t\tBACKSTAGE: LE PETIT + TRUFFLE MAYO\t\t<\/a>\n\t<\/h3>\n\t<span class=\"tribe-event-date-start\">5  September@23:55<\/span><\/div>\n<\/li>\n\t\t\t<li>\n\t\n<div class=\"tribe-related-events-thumbnail\">\n\t<a href=\"https:\/\/cafelapalma.com\/en\/programacion\/willie-deville-concierto-benefico-x-venezuela\/\" class=\"url\" rel=\"bookmark\" tabindex=\"-1\" aria-hidden=\"true\"><img loading=\"lazy\" decoding=\"async\" width=\"1020\" height=\"531\" src=\"https:\/\/cafelapalma.com\/wp-content\/uploads\/2026\/08\/Willie-deville-1100x572-1-1040x541.jpg\" class=\"attachment-large size-large wp-post-image\" alt=\"\" \/><\/a>\n<\/div>\n\t<div class=\"tribe-related-event-info\">\n\t<h3 class=\"tribe-related-events-title\">\n\t\t<a href=\"https:\/\/cafelapalma.com\/en\/programacion\/willie-deville-concierto-benefico-x-venezuela\/\" class=\"tribe-event-url\" rel=\"bookmark\">\n\t\t\tWILLIE DEVILLE: CONCIERTO BEN\u00c9FICO X VENEZUELA\t\t<\/a>\n\t<\/h3>\n\t<span class=\"tribe-event-date-start\">6  September@21:00<\/span><span class=\"tribe-event-time\">23:45<\/span><\/div>\n<\/li>\n\t<\/ul>","protected":false},"excerpt":{"rendered":"<p>Estad\u00eda A Corto Plazo es una banda de rock alternativo formada por Andr\u00e9s Alcal\u00e1, Diego Borges, Diego Finol y Mike Rodriguez, cuyo comienzo se remonta a mediados del a\u00f1o 2016 en la ciudad de Lecher\u00eda, Venezuela, y que ha sido influenciada tanto por las entra\u00f1as del indie rock latinoamericano como por grandes cl\u00e1sicos de la &hellip; <\/p>","protected":false},"author":2,"featured_media":25897,"template":"","meta":{"_tec_requires_first_save":false,"_uag_custom_page_level_css":"","loftloader_page_shortcode":"","_EventAllDay":false,"_EventTimezone":"Europe\/Madrid","_EventStartDate":"2023-04-19 21:00:00","_EventEndDate":"2023-04-19 23:15:00","_EventStartDateUTC":"2023-04-19 19:00:00","_EventEndDateUTC":"2023-04-19 21:15:00","_EventShowMap":false,"_EventShowMapLink":false,"_EventURL":"https:\/\/link.dice.fm\/O90102f7f6f7","_EventCost":"5","_EventCostDescription":"","_EventCurrencySymbol":"\u20ac","_EventCurrencyCode":"","_EventCurrencyPosition":"suffix","_EventDateTimeSeparator":"@","_EventTimeRangeSeparator":"-","_EventOrganizerID":[],"_EventVenueID":[0],"_OrganizerEmail":"","_OrganizerPhone":"","_OrganizerWebsite":"","_VenueAddress":"","_VenueCity":"","_VenueCountry":"","_VenueProvince":"","_VenueState":"","_VenueZip":"","_VenuePhone":"","_VenueURL":"","_VenueStateProvince":"","_VenueLat":"","_VenueLng":"","_VenueShowMap":false,"_VenueShowMapLink":false,"_tribe_blocks_recurrence_rules":"","_tribe_blocks_recurrence_description":"","_tribe_blocks_recurrence_exclusions":"","_ecp_custom_2":"","_tribe_events_status":"","_tribe_events_status_reason":"","_tribe_events_is_hybrid":"","_tribe_events_is_virtual":"","_tribe_events_virtual_video_source":"","_tribe_events_virtual_embed_video":"","_tribe_events_virtual_linked_button_text":"","_tribe_events_virtual_linked_button":"","_tribe_events_virtual_show_embed_at":"","_tribe_events_virtual_show_embed_to":[],"_tribe_events_virtual_show_on_event":"","_tribe_events_virtual_show_on_views":"","_tribe_events_virtual_url":"","footnotes":""},"tags":[13208,13216,13218,1363,8869,10998,2865,9147,9146,13214,13209,13210,13217,13207,779,9778,8970,13213,9382,13212,13211,1355,1354,9268,9380,13219,10618,13215],"tribe_events_cat":[8963],"class_list":["post-25888","tribe_events","type-tribe_events","status-publish","has-post-thumbnail","hentry","tag-andres-alcala","tag-basilisco","tag-buena-vibra-social-club","tag-cafe-la-palma","tag-cafe-la-palma-2","tag-cancion-de-autor","tag-conciertos-cafe-la-palma","tag-conciertos-madrid","tag-conciertos-malasana","tag-cuando-te-des-cuenta","tag-diego-borges","tag-diego-finol","tag-domingo-ondiz","tag-estadia-a-corto-plazo","tag-funk","tag-garage-rock","tag-indie","tag-indie-rock-latinoamericano","tag-la-voz","tag-lecheria","tag-mike-rodriguez","tag-pop","tag-rock","tag-roy-borland","tag-shoegaze","tag-simply-broke","tag-venezuela","tag-virgin-cassette","tribe_events_cat-concierto","cat_concierto"],"uagb_featured_image_src":{"full":["https:\/\/cafelapalma.com\/wp-content\/uploads\/2023\/02\/ecp1.jpg",1080,1920,false],"thumbnail":["https:\/\/cafelapalma.com\/wp-content\/uploads\/2023\/02\/ecp1-150x150.jpg",150,150,true],"medium":["https:\/\/cafelapalma.com\/wp-content\/uploads\/2023\/02\/ecp1-169x300.jpg",169,300,true],"medium_large":["https:\/\/cafelapalma.com\/wp-content\/uploads\/2023\/02\/ecp1-768x1365.jpg",768,1365,true],"large":["https:\/\/cafelapalma.com\/wp-content\/uploads\/2023\/02\/ecp1-585x1040.jpg",585,1040,true],"1536x1536":["https:\/\/cafelapalma.com\/wp-content\/uploads\/2023\/02\/ecp1-864x1536.jpg",864,1536,true],"2048x2048":["https:\/\/cafelapalma.com\/wp-content\/uploads\/2023\/02\/ecp1.jpg",1080,1920,false],"trp-custom-language-flag":["https:\/\/cafelapalma.com\/wp-content\/uploads\/2023\/02\/ecp1.jpg",7,12,false],"blossom-feminine-slider":["https:\/\/cafelapalma.com\/wp-content\/uploads\/2023\/02\/ecp1-1080x649.jpg",1080,649,true],"blossom-feminine-featured":["https:\/\/cafelapalma.com\/wp-content\/uploads\/2023\/02\/ecp1-1080x600.jpg",1080,600,true],"blossom-feminine-with-sidebar":["https:\/\/cafelapalma.com\/wp-content\/uploads\/2023\/02\/ecp1-1020x600.jpg",1020,600,true],"blossom-feminine-blog":["https:\/\/cafelapalma.com\/wp-content\/uploads\/2023\/02\/ecp1-435x435.jpg",435,435,true],"blossom-feminine-cat":["https:\/\/cafelapalma.com\/wp-content\/uploads\/2023\/02\/ecp1-450x300.jpg",450,300,true],"blossom-feminine-related":["https:\/\/cafelapalma.com\/wp-content\/uploads\/2023\/02\/ecp1-320x200.jpg",320,200,true],"blossom-feminine-schema":["https:\/\/cafelapalma.com\/wp-content\/uploads\/2023\/02\/ecp1-34x60.jpg",34,60,true]},"uagb_author_info":{"display_name":"Victor","author_link":"https:\/\/cafelapalma.com\/en\/author\/comunicacion\/"},"uagb_comment_info":0,"uagb_excerpt":"Estad\u00eda A Corto Plazo es una banda de rock alternativo formada por Andr\u00e9s Alcal\u00e1, Diego Borges, Diego Finol y Mike Rodriguez, cuyo comienzo se remonta a mediados del a\u00f1o 2016 en la ciudad de Lecher\u00eda, Venezuela, y que ha sido influenciada tanto por las entra\u00f1as del indie rock latinoamericano como por grandes cl\u00e1sicos de la&hellip;","_links":{"self":[{"href":"https:\/\/cafelapalma.com\/en\/wp-json\/wp\/v2\/tribe_events\/25888","targetHints":{"allow":["GET"]}}],"collection":[{"href":"https:\/\/cafelapalma.com\/en\/wp-json\/wp\/v2\/tribe_events"}],"about":[{"href":"https:\/\/cafelapalma.com\/en\/wp-json\/wp\/v2\/types\/tribe_events"}],"author":[{"embeddable":true,"href":"https:\/\/cafelapalma.com\/en\/wp-json\/wp\/v2\/users\/2"}],"version-history":[{"count":0,"href":"https:\/\/cafelapalma.com\/en\/wp-json\/wp\/v2\/tribe_events\/25888\/revisions"}],"wp:featuredmedia":[{"embeddable":true,"href":"https:\/\/cafelapalma.com\/en\/wp-json\/wp\/v2\/media\/25897"}],"wp:attachment":[{"href":"https:\/\/cafelapalma.com\/en\/wp-json\/wp\/v2\/media?parent=25888"}],"wp:term":[{"taxonomy":"post_tag","embeddable":true,"href":"https:\/\/cafelapalma.com\/en\/wp-json\/wp\/v2\/tags?post=25888"},{"taxonomy":"tribe_events_cat","embeddable":true,"href":"https:\/\/cafelapalma.com\/en\/wp-json\/wp\/v2\/tribe_events_cat?post=25888"}],"curies":[{"name":"wp","href":"https:\/\/api.w.org\/{rel}","templated":true}]}}