{"id":25945,"date":"2023-02-28T18:19:38","date_gmt":"2023-02-28T17:19:38","guid":{"rendered":"https:\/\/cafelapalma.com\/?post_type=tribe_events&#038;p=25945"},"modified":"2023-03-01T10:57:49","modified_gmt":"2023-03-01T09:57:49","slug":"semana-santa-las-retamas","status":"publish","type":"tribe_events","link":"https:\/\/cafelapalma.com\/en\/programacion\/semana-santa-las-retamas\/","title":{"rendered":"SEMANA SANTA + LAS RETAMAS"},"content":{"rendered":"<div  class=\"tribe-events-schedule tribe-clearfix\" >\n\t<p class=\"tribe-events-schedule__datetime\">\n\t\t<span class=\"tribe-events-schedule__date tribe-events-schedule__date--start\">\n\t\t\t17  March  2023\t\t<\/span>\n\n\t\t\t\t\t<span class=\"tribe-events-schedule__separator tribe-events-schedule__separator--date\">\n\t\t\t\t@\t\t\t<\/span>\n\t\t\t<span class=\"tribe-events-schedule__time tribe-events-schedule__time--start\">\n\t\t\t\t21:30\t\t\t<\/span>\n\t\t\n\t\t\t\t\t\t\t\t\t<span class=\"tribe-events-schedule__separator tribe-events-schedule__separator--time\">\n\t\t\t\t\t&#8211;\t\t\t\t<\/span>\n\t\t\t\n\t\t\t\t\t\t\t<span class=\"tribe-events-schedule__time tribe-events-schedule__time--end\">\n\t\t\t\t\t23:50\t\t\t\t<\/span>\n\t\t\t\n\t\t\t\t\t\t<\/p>\n<\/div>\n\n\n<div  class=\"tribe-block tribe-block__event-price\" >\n\t\t\t<span class=\"tribe-block__event-price__cost\"> 10\u20ac <\/span>\n\t\t\t\t<span class=\"tribe-block__event-price__description\">+ gg Anticipada | 12\u20ac Taquilla<\/span>\n\t<\/div>\n\n\n\n<div style=\"height:100px\" aria-hidden=\"true\" class=\"wp-block-spacer\"><\/div>\n\n\n\n<div class=\"wp-block-columns is-layout-flex wp-container-core-columns-is-layout-8f761849 wp-block-columns-is-layout-flex\">\n<div class=\"wp-block-column is-layout-flow wp-block-column-is-layout-flow\" style=\"flex-basis:33.33%\">\n<figure class=\"wp-block-image size-full\"><img loading=\"lazy\" decoding=\"async\" width=\"430\" height=\"608\" src=\"https:\/\/cafelapalma.com\/wp-content\/uploads\/2023\/03\/SEMANA-SANTA-A3-LOW.jpg\" alt=\"\" class=\"wp-image-25949\" srcset=\"https:\/\/cafelapalma.com\/wp-content\/uploads\/2023\/03\/SEMANA-SANTA-A3-LOW.jpg 430w, https:\/\/cafelapalma.com\/wp-content\/uploads\/2023\/03\/SEMANA-SANTA-A3-LOW-212x300.jpg 212w, https:\/\/cafelapalma.com\/wp-content\/uploads\/2023\/03\/SEMANA-SANTA-A3-LOW-42x60.jpg 42w\" sizes=\"auto, (max-width: 430px) 100vw, 430px\" \/><\/figure>\n\n\n<div  class=\"tribe-block tribe-block__event-website\" >\n\t<a\n\t\thref=\"https:\/\/tickets.intromusica.com\/entradas\/semana-santa-las-retamas-cafe-la-palma-madrid\"\n\t\ttarget=\"_self\"\n\t\t\t>\n\t\tBUY TICKETS\t<\/a>\n<\/div>\n<\/div>\n\n\n\n<div class=\"wp-block-column is-layout-flow wp-block-column-is-layout-flow\" style=\"flex-basis:66.66%\">\n<div style=\"height:100px\" aria-hidden=\"true\" class=\"wp-block-spacer\"><\/div>\n\n\n\n<p class=\"has-text-align-left wp-block-paragraph\"><strong>SEMANA SANTA<\/strong>&nbsp;son&nbsp;<strong>Iv\u00e1n<\/strong>,&nbsp;<strong>Mart\u00edn&nbsp;<\/strong>y&nbsp;<strong>Roser<\/strong>. Tres j\u00f3venes valencianos que reunieron que entran pisando fuerte y plasman la realidad social a trav\u00e9s sus canciones. Composiciones donde son protagonistas la rabia y la distorsi\u00f3n con un sonido influenciado por el rock alternativo de los \u201980 y los \u201990,&nbsp;<strong>Par\u00e1lisis Permanente<\/strong>,&nbsp;<strong>Sonic Youth<\/strong>, as\u00ed como por sus referentes actuales como&nbsp;<strong>Idles<\/strong>,&nbsp;<strong>Belako&nbsp;<\/strong>o&nbsp;<strong>Tri\u00e1ngulo de Amor Bizarro<\/strong>.<\/p>\n\n\n\n<p class=\"has-text-align-left wp-block-paragraph\"><strong>LAS RETAMAS<\/strong>&nbsp;es un grupo de&nbsp;<em>noisepop&nbsp;<\/em>y&nbsp;<em>shoegaze&nbsp;<\/em>de Madrid y tocan canciones de autoenga\u00f1o y miedo con sonidos siderales e intensos que nos recuerdan que somos j\u00f3venes una tarde m\u00e1s.<\/p>\n<\/div>\n<\/div>\n\n\n\n<div style=\"height:100px\" aria-hidden=\"true\" class=\"wp-block-spacer\"><\/div>\n\n\n\n<hr class=\"wp-block-separator has-alpha-channel-opacity is-style-wide\"\/>\n\n\n\n<div style=\"height:100px\" aria-hidden=\"true\" class=\"wp-block-spacer\"><\/div>\n\n\n<h2 class=\"tribe-block__related-events__title\">Related Events<\/h2>\n\n<ul  class=\"tribe-related-events tribe-clearfix\" >\n\t\t\t<li>\n\t\n<div class=\"tribe-related-events-thumbnail\">\n\t<a href=\"https:\/\/cafelapalma.com\/en\/programacion\/funkin-donuts\/\" class=\"url\" rel=\"bookmark\" tabindex=\"-1\" aria-hidden=\"true\"><img loading=\"lazy\" decoding=\"async\" width=\"693\" height=\"1040\" src=\"https:\/\/cafelapalma.com\/wp-content\/uploads\/2026\/07\/FD-vert2-bn-693x1040.jpg\" class=\"attachment-large size-large wp-post-image\" alt=\"\" \/><\/a>\n<\/div>\n\t<div class=\"tribe-related-event-info\">\n\t<h3 class=\"tribe-related-events-title\">\n\t\t<a href=\"https:\/\/cafelapalma.com\/en\/programacion\/funkin-donuts\/\" class=\"tribe-event-url\" rel=\"bookmark\">\n\t\t\tFUNKIN&#8217; DONUTS\t\t<\/a>\n\t<\/h3>\n\t<span class=\"tribe-event-date-start\">5  September@22:00<\/span><span class=\"tribe-event-time\">23:45<\/span><\/div>\n<\/li>\n\t\t\t<li>\n\t\n<div class=\"tribe-related-events-thumbnail\">\n\t<a href=\"https:\/\/cafelapalma.com\/en\/programacion\/backstage-le-petit-truffle-mayo\/\" class=\"url\" rel=\"bookmark\" tabindex=\"-1\" aria-hidden=\"true\"><img loading=\"lazy\" decoding=\"async\" width=\"780\" height=\"1040\" src=\"https:\/\/cafelapalma.com\/wp-content\/uploads\/2026\/07\/Imagen-TruffleMayo-LePetit-i-1-780x1040.png\" class=\"attachment-large size-large wp-post-image\" alt=\"\" \/><\/a>\n<\/div>\n\t<div class=\"tribe-related-event-info\">\n\t<h3 class=\"tribe-related-events-title\">\n\t\t<a href=\"https:\/\/cafelapalma.com\/en\/programacion\/backstage-le-petit-truffle-mayo\/\" class=\"tribe-event-url\" rel=\"bookmark\">\n\t\t\tBACKSTAGE: LE PETIT + TRUFFLE MAYO\t\t<\/a>\n\t<\/h3>\n\t<span class=\"tribe-event-date-start\">5  September@23:55<\/span><\/div>\n<\/li>\n\t\t\t<li>\n\t\n<div class=\"tribe-related-events-thumbnail\">\n\t<a href=\"https:\/\/cafelapalma.com\/en\/programacion\/willie-deville-concierto-benefico-x-venezuela\/\" class=\"url\" rel=\"bookmark\" tabindex=\"-1\" aria-hidden=\"true\"><img loading=\"lazy\" decoding=\"async\" width=\"1020\" height=\"531\" src=\"https:\/\/cafelapalma.com\/wp-content\/uploads\/2026\/08\/Willie-deville-1100x572-1-1040x541.jpg\" class=\"attachment-large size-large wp-post-image\" alt=\"\" \/><\/a>\n<\/div>\n\t<div class=\"tribe-related-event-info\">\n\t<h3 class=\"tribe-related-events-title\">\n\t\t<a href=\"https:\/\/cafelapalma.com\/en\/programacion\/willie-deville-concierto-benefico-x-venezuela\/\" class=\"tribe-event-url\" rel=\"bookmark\">\n\t\t\tWILLIE DEVILLE: CONCIERTO BEN\u00c9FICO X VENEZUELA\t\t<\/a>\n\t<\/h3>\n\t<span class=\"tribe-event-date-start\">6  September@21:00<\/span><span class=\"tribe-event-time\">23:45<\/span><\/div>\n<\/li>\n\t<\/ul>","protected":false},"excerpt":{"rendered":"<p>SEMANA SANTA&nbsp;son&nbsp;Iv\u00e1n,&nbsp;Mart\u00edn&nbsp;y&nbsp;Roser. Tres j\u00f3venes valencianos que reunieron que entran pisando fuerte y plasman la realidad social a trav\u00e9s sus canciones. Composiciones donde son protagonistas la rabia y la distorsi\u00f3n con un sonido influenciado por el rock alternativo de los \u201980 y los \u201990,&nbsp;Par\u00e1lisis Permanente,&nbsp;Sonic Youth, as\u00ed como por sus referentes actuales como&nbsp;Idles,&nbsp;Belako&nbsp;o&nbsp;Tri\u00e1ngulo de Amor Bizarro. &hellip; <\/p>","protected":false},"author":2,"featured_media":25947,"template":"","meta":{"_tec_requires_first_save":false,"_uag_custom_page_level_css":"","loftloader_page_shortcode":"","_EventAllDay":false,"_EventTimezone":"Europe\/Madrid","_EventStartDate":"2023-03-17 21:30:00","_EventEndDate":"2023-03-17 23:50:00","_EventStartDateUTC":"2023-03-17 20:30:00","_EventEndDateUTC":"2023-03-17 22:50:00","_EventShowMap":false,"_EventShowMapLink":false,"_EventURL":"https:\/\/tickets.intromusica.com\/entradas\/semana-santa-las-retamas-cafe-la-palma-madrid","_EventCost":"10","_EventCostDescription":"","_EventCurrencySymbol":"\u20ac","_EventCurrencyCode":"","_EventCurrencyPosition":"suffix","_EventDateTimeSeparator":"@","_EventTimeRangeSeparator":"-","_EventOrganizerID":[],"_EventVenueID":[0],"_OrganizerEmail":"","_OrganizerPhone":"","_OrganizerWebsite":"","_VenueAddress":"","_VenueCity":"","_VenueCountry":"","_VenueProvince":"","_VenueState":"","_VenueZip":"","_VenuePhone":"","_VenueURL":"","_VenueStateProvince":"","_VenueLat":"","_VenueLng":"","_VenueShowMap":false,"_VenueShowMapLink":false,"_tribe_blocks_recurrence_rules":"","_tribe_blocks_recurrence_description":"","_tribe_blocks_recurrence_exclusions":"","_ecp_custom_2":"","_tribe_events_status":"","_tribe_events_status_reason":"","_tribe_events_is_hybrid":"","_tribe_events_is_virtual":"","_tribe_events_virtual_video_source":"","_tribe_events_virtual_embed_video":"","_tribe_events_virtual_linked_button_text":"","_tribe_events_virtual_linked_button":"","_tribe_events_virtual_show_embed_at":"","_tribe_events_virtual_show_embed_to":[],"_tribe_events_virtual_show_on_event":"","_tribe_events_virtual_show_on_views":"","_tribe_events_virtual_url":"","footnotes":""},"tags":[13261,1363,8869,2865,9147,9146,13262,9377,9378,1355,1354,12367,9380],"tribe_events_cat":[8963],"class_list":["post-25945","tribe_events","type-tribe_events","status-publish","has-post-thumbnail","hentry","tag-autodefensa-tour","tag-cafe-la-palma","tag-cafe-la-palma-2","tag-conciertos-cafe-la-palma","tag-conciertos-madrid","tag-conciertos-malasana","tag-intromusica-2","tag-las-retamas","tag-noisepop","tag-pop","tag-rock","tag-semana-santa","tag-shoegaze","tribe_events_cat-concierto","cat_concierto"],"uagb_featured_image_src":{"full":["https:\/\/cafelapalma.com\/wp-content\/uploads\/2023\/02\/Semana-Santa-LOWPIC.jpg",416,628,false],"thumbnail":["https:\/\/cafelapalma.com\/wp-content\/uploads\/2023\/02\/Semana-Santa-LOWPIC-150x150.jpg",150,150,true],"medium":["https:\/\/cafelapalma.com\/wp-content\/uploads\/2023\/02\/Semana-Santa-LOWPIC-199x300.jpg",199,300,true],"medium_large":["https:\/\/cafelapalma.com\/wp-content\/uploads\/2023\/02\/Semana-Santa-LOWPIC.jpg",416,628,false],"large":["https:\/\/cafelapalma.com\/wp-content\/uploads\/2023\/02\/Semana-Santa-LOWPIC.jpg",416,628,false],"1536x1536":["https:\/\/cafelapalma.com\/wp-content\/uploads\/2023\/02\/Semana-Santa-LOWPIC.jpg",416,628,false],"2048x2048":["https:\/\/cafelapalma.com\/wp-content\/uploads\/2023\/02\/Semana-Santa-LOWPIC.jpg",416,628,false],"trp-custom-language-flag":["https:\/\/cafelapalma.com\/wp-content\/uploads\/2023\/02\/Semana-Santa-LOWPIC.jpg",8,12,false],"blossom-feminine-slider":["https:\/\/cafelapalma.com\/wp-content\/uploads\/2023\/02\/Semana-Santa-LOWPIC.jpg",416,628,false],"blossom-feminine-featured":["https:\/\/cafelapalma.com\/wp-content\/uploads\/2023\/02\/Semana-Santa-LOWPIC-416x600.jpg",416,600,true],"blossom-feminine-with-sidebar":["https:\/\/cafelapalma.com\/wp-content\/uploads\/2023\/02\/Semana-Santa-LOWPIC-416x600.jpg",416,600,true],"blossom-feminine-blog":["https:\/\/cafelapalma.com\/wp-content\/uploads\/2023\/02\/Semana-Santa-LOWPIC-416x435.jpg",416,435,true],"blossom-feminine-cat":["https:\/\/cafelapalma.com\/wp-content\/uploads\/2023\/02\/Semana-Santa-LOWPIC-416x300.jpg",416,300,true],"blossom-feminine-related":["https:\/\/cafelapalma.com\/wp-content\/uploads\/2023\/02\/Semana-Santa-LOWPIC-320x200.jpg",320,200,true],"blossom-feminine-schema":["https:\/\/cafelapalma.com\/wp-content\/uploads\/2023\/02\/Semana-Santa-LOWPIC-40x60.jpg",40,60,true]},"uagb_author_info":{"display_name":"Victor","author_link":"https:\/\/cafelapalma.com\/en\/author\/comunicacion\/"},"uagb_comment_info":0,"uagb_excerpt":"SEMANA SANTA&nbsp;son&nbsp;Iv\u00e1n,&nbsp;Mart\u00edn&nbsp;y&nbsp;Roser. Tres j\u00f3venes valencianos que reunieron que entran pisando fuerte y plasman la realidad social a trav\u00e9s sus canciones. Composiciones donde son protagonistas la rabia y la distorsi\u00f3n con un sonido influenciado por el rock alternativo de los \u201980 y los \u201990,&nbsp;Par\u00e1lisis Permanente,&nbsp;Sonic Youth, as\u00ed como por sus referentes actuales como&nbsp;Idles,&nbsp;Belako&nbsp;o&nbsp;Tri\u00e1ngulo de Amor Bizarro.&hellip;","_links":{"self":[{"href":"https:\/\/cafelapalma.com\/en\/wp-json\/wp\/v2\/tribe_events\/25945","targetHints":{"allow":["GET"]}}],"collection":[{"href":"https:\/\/cafelapalma.com\/en\/wp-json\/wp\/v2\/tribe_events"}],"about":[{"href":"https:\/\/cafelapalma.com\/en\/wp-json\/wp\/v2\/types\/tribe_events"}],"author":[{"embeddable":true,"href":"https:\/\/cafelapalma.com\/en\/wp-json\/wp\/v2\/users\/2"}],"version-history":[{"count":0,"href":"https:\/\/cafelapalma.com\/en\/wp-json\/wp\/v2\/tribe_events\/25945\/revisions"}],"wp:featuredmedia":[{"embeddable":true,"href":"https:\/\/cafelapalma.com\/en\/wp-json\/wp\/v2\/media\/25947"}],"wp:attachment":[{"href":"https:\/\/cafelapalma.com\/en\/wp-json\/wp\/v2\/media?parent=25945"}],"wp:term":[{"taxonomy":"post_tag","embeddable":true,"href":"https:\/\/cafelapalma.com\/en\/wp-json\/wp\/v2\/tags?post=25945"},{"taxonomy":"tribe_events_cat","embeddable":true,"href":"https:\/\/cafelapalma.com\/en\/wp-json\/wp\/v2\/tribe_events_cat?post=25945"}],"curies":[{"name":"wp","href":"https:\/\/api.w.org\/{rel}","templated":true}]}}