{"id":25964,"date":"2023-03-01T19:14:03","date_gmt":"2023-03-01T18:14:03","guid":{"rendered":"https:\/\/cafelapalma.com\/?post_type=tribe_events&#038;p=25964"},"modified":"2023-03-06T11:31:37","modified_gmt":"2023-03-06T10:31:37","slug":"afterparty-depresion-sonora","status":"publish","type":"tribe_events","link":"https:\/\/cafelapalma.com\/en\/programacion\/afterparty-depresion-sonora\/","title":{"rendered":"AFTERPARTY DEPRESI\u00d3N SONORA: MARKUSIANO b2b MIGUEL GRIMALDO + MURIEL + MARCELO"},"content":{"rendered":"<div  class=\"tribe-events-schedule tribe-clearfix\" >\n\t<p class=\"tribe-events-schedule__datetime\">\n\t\t<span class=\"tribe-events-schedule__date tribe-events-schedule__date--start\">\n\t\t\t24  March  2023\t\t<\/span>\n\n\t\t\t\t\t<span class=\"tribe-events-schedule__separator tribe-events-schedule__separator--date\">\n\t\t\t\t@\t\t\t<\/span>\n\t\t\t<span class=\"tribe-events-schedule__time tribe-events-schedule__time--start\">\n\t\t\t\t23:50\t\t\t<\/span>\n\t\t\n\t\t\t\t\t\t\t\t\t<span class=\"tribe-events-schedule__separator tribe-events-schedule__separator--time\">\n\t\t\t\t\t&#8211;\t\t\t\t<\/span>\n\t\t\t\n\t\t\t\t\t\t\t<span class=\"tribe-events-schedule__time tribe-events-schedule__time--end\">\n\t\t\t\t\t23:55\t\t\t\t<\/span>\n\t\t\t\n\t\t\t\t\t\t<\/p>\n<\/div>\n\n\n<div  class=\"tribe-block tribe-block__event-price\" >\n\t\t\t<span class=\"tribe-block__event-price__cost\"> 12\u20ac <\/span>\n\t\t\t\t<span class=\"tribe-block__event-price__description\">+ gg Anticipada | 13\u20ac Taquilla de 00:00 a 02:00 | 14\u20ac Taquilla de 02:00 a 06:00. Todos los tramos de entrada incluyen UNA COPA o DOS CERVEZAS<\/span>\n\t<\/div>\n\n\n\n<div style=\"height:100px\" aria-hidden=\"true\" class=\"wp-block-spacer\"><\/div>\n\n\n\n<div class=\"wp-block-columns is-layout-flex wp-container-core-columns-is-layout-8f761849 wp-block-columns-is-layout-flex\">\n<div class=\"wp-block-column is-layout-flow wp-block-column-is-layout-flow\" style=\"flex-basis:33.33%\">\n<figure class=\"wp-block-image size-full\"><img loading=\"lazy\" decoding=\"async\" width=\"430\" height=\"608\" src=\"https:\/\/cafelapalma.com\/wp-content\/uploads\/2023\/03\/DEPRESION-SONORA-A3-LOW.jpg\" alt=\"\" class=\"wp-image-25972\" srcset=\"https:\/\/cafelapalma.com\/wp-content\/uploads\/2023\/03\/DEPRESION-SONORA-A3-LOW.jpg 430w, https:\/\/cafelapalma.com\/wp-content\/uploads\/2023\/03\/DEPRESION-SONORA-A3-LOW-212x300.jpg 212w, https:\/\/cafelapalma.com\/wp-content\/uploads\/2023\/03\/DEPRESION-SONORA-A3-LOW-42x60.jpg 42w\" sizes=\"auto, (max-width: 430px) 100vw, 430px\" \/><\/figure>\n\n\n<div  class=\"tribe-block tribe-block__event-website\" >\n\t<a\n\t\thref=\"https:\/\/link.dice.fm\/y92827ca6f8f\"\n\t\ttarget=\"_self\"\n\t\t\t>\n\t\tBUY TICKETS\t<\/a>\n<\/div>\n<\/div>\n\n\n\n<div class=\"wp-block-column is-layout-flow wp-block-column-is-layout-flow\" style=\"flex-basis:66.66%\">\n<p class=\"wp-block-paragraph\"><\/p>\n\n\n\n<p class=\"has-text-align-left wp-block-paragraph\">El 24 de marzo <strong>DEPRESI\u00d3N SONORA <\/strong>presenta su primer disco, <strong><em>\u201cEl arte de morir muy despacio\u201d<\/em><\/strong>, con todas las entradas agotadas desde hace semanas. Esa misma noche tendremos el afterparty en <strong>CAFE LA PALMA<\/strong>, organizado por el colectivo madrile\u00f1o <strong>Mosul Mosul<\/strong>, con las pinchadas de <strong>Markusiano<\/strong>, <strong>Miguel Grimaldo<\/strong>, <strong>Muriel <\/strong>y <strong>Marcelo<\/strong>.&nbsp;<\/p>\n\n\n\n<p class=\"has-text-align-left wp-block-paragraph\"><strong>Markusiano<\/strong>: <strong>Depresi\u00f3n Sonora<\/strong> es <strong>Marcos Crespo<\/strong>, vallecano tambi\u00e9n conocido como <strong>Markusiano<\/strong>. En sus sesiones convive el trance, el electro y edits imposibles.&nbsp;<\/p>\n\n\n\n<p class=\"has-text-align-left wp-block-paragraph\"><strong>Miguel Grimaldo:<\/strong> Influenciado por la escena electr\u00f3nica de <strong>Detroit <\/strong>y <strong>Chicago<\/strong>, en sus sesiones hay mucho 808, 909 y 303, bien saturado todo.<\/p>\n\n\n\n<p class=\"has-text-align-left wp-block-paragraph\"><strong>Muriel<\/strong>: DJ y productor madrile\u00f1o con gusto por el techno m\u00e1s estricto, experimental y oscuro, sin miedo en explorar nuevos horizontes incorporando a sus sets ritmos rotos propios de g\u00e9neros como el electro, breakbeat y jungle.<\/p>\n\n\n\n<p class=\"has-text-align-left wp-block-paragraph\"><strong>Marcelo<\/strong>: A veces conocido como <strong>Megansito el Guapo<\/strong>, a caballo entre el pop urbano y la electr\u00f3nica m\u00e1s variada y divertida. Una propuesta en la que quedan atr\u00e1s los g\u00e9neros y solo importa BAILAR.<\/p>\n<\/div>\n<\/div>\n\n\n\n<div style=\"height:100px\" aria-hidden=\"true\" class=\"wp-block-spacer\"><\/div>\n\n\n\n<hr class=\"wp-block-separator has-alpha-channel-opacity is-style-wide\"\/>\n\n\n\n<div style=\"height:100px\" aria-hidden=\"true\" class=\"wp-block-spacer\"><\/div>\n\n\n<h2 class=\"tribe-block__related-events__title\">Related Events<\/h2>\n\n<ul  class=\"tribe-related-events tribe-clearfix\" >\n\t\t\t<li>\n\t\n<div class=\"tribe-related-events-thumbnail\">\n\t<a href=\"https:\/\/cafelapalma.com\/en\/programacion\/funkin-donuts\/\" class=\"url\" rel=\"bookmark\" tabindex=\"-1\" aria-hidden=\"true\"><img loading=\"lazy\" decoding=\"async\" width=\"693\" height=\"1040\" src=\"https:\/\/cafelapalma.com\/wp-content\/uploads\/2026\/07\/FD-vert2-bn-693x1040.jpg\" class=\"attachment-large size-large wp-post-image\" alt=\"\" \/><\/a>\n<\/div>\n\t<div class=\"tribe-related-event-info\">\n\t<h3 class=\"tribe-related-events-title\">\n\t\t<a href=\"https:\/\/cafelapalma.com\/en\/programacion\/funkin-donuts\/\" class=\"tribe-event-url\" rel=\"bookmark\">\n\t\t\tFUNKIN&#8217; DONUTS\t\t<\/a>\n\t<\/h3>\n\t<span class=\"tribe-event-date-start\">5  September@22:00<\/span><span class=\"tribe-event-time\">23:45<\/span><\/div>\n<\/li>\n\t\t\t<li>\n\t\n<div class=\"tribe-related-events-thumbnail\">\n\t<a href=\"https:\/\/cafelapalma.com\/en\/programacion\/backstage-le-petit-truffle-mayo\/\" class=\"url\" rel=\"bookmark\" tabindex=\"-1\" aria-hidden=\"true\"><img loading=\"lazy\" decoding=\"async\" width=\"780\" height=\"1040\" src=\"https:\/\/cafelapalma.com\/wp-content\/uploads\/2026\/07\/Imagen-TruffleMayo-LePetit-i-1-780x1040.png\" class=\"attachment-large size-large wp-post-image\" alt=\"\" \/><\/a>\n<\/div>\n\t<div class=\"tribe-related-event-info\">\n\t<h3 class=\"tribe-related-events-title\">\n\t\t<a href=\"https:\/\/cafelapalma.com\/en\/programacion\/backstage-le-petit-truffle-mayo\/\" class=\"tribe-event-url\" rel=\"bookmark\">\n\t\t\tBACKSTAGE: LE PETIT + TRUFFLE MAYO\t\t<\/a>\n\t<\/h3>\n\t<span class=\"tribe-event-date-start\">5  September@23:55<\/span><\/div>\n<\/li>\n\t\t\t<li>\n\t\n<div class=\"tribe-related-events-thumbnail\">\n\t<a href=\"https:\/\/cafelapalma.com\/en\/programacion\/willie-deville-concierto-benefico-x-venezuela\/\" class=\"url\" rel=\"bookmark\" tabindex=\"-1\" aria-hidden=\"true\"><img loading=\"lazy\" decoding=\"async\" width=\"1020\" height=\"531\" src=\"https:\/\/cafelapalma.com\/wp-content\/uploads\/2026\/08\/Willie-deville-1100x572-1-1040x541.jpg\" class=\"attachment-large size-large wp-post-image\" alt=\"\" \/><\/a>\n<\/div>\n\t<div class=\"tribe-related-event-info\">\n\t<h3 class=\"tribe-related-events-title\">\n\t\t<a href=\"https:\/\/cafelapalma.com\/en\/programacion\/willie-deville-concierto-benefico-x-venezuela\/\" class=\"tribe-event-url\" rel=\"bookmark\">\n\t\t\tWILLIE DEVILLE: CONCIERTO BEN\u00c9FICO X VENEZUELA\t\t<\/a>\n\t<\/h3>\n\t<span class=\"tribe-event-date-start\">6  September@21:00<\/span><span class=\"tribe-event-time\">23:45<\/span><\/div>\n<\/li>\n\t<\/ul>","protected":false},"excerpt":{"rendered":"<p>El 24 de marzo DEPRESI\u00d3N SONORA presenta su primer disco, \u201cEl arte de morir muy despacio\u201d, con todas las entradas agotadas desde hace semanas. Esa misma noche tendremos el afterparty en CAFE LA PALMA, organizado por el colectivo madrile\u00f1o Mosul Mosul, con las pinchadas de Markusiano, Miguel Grimaldo, Muriel y Marcelo.&nbsp; Markusiano: Depresi\u00f3n Sonora es &hellip; <\/p>","protected":false},"author":2,"featured_media":25965,"template":"","meta":{"_tec_requires_first_save":false,"_uag_custom_page_level_css":"","loftloader_page_shortcode":"","_EventAllDay":false,"_EventTimezone":"Europe\/Madrid","_EventStartDate":"2023-03-24 23:50:00","_EventEndDate":"2023-03-24 23:55:00","_EventStartDateUTC":"2023-03-24 22:50:00","_EventEndDateUTC":"2023-03-24 22:55:00","_EventShowMap":false,"_EventShowMapLink":false,"_EventURL":"https:\/\/link.dice.fm\/y92827ca6f8f","_EventCost":"12","_EventCostDescription":"","_EventCurrencySymbol":"\u20ac","_EventCurrencyCode":"","_EventCurrencyPosition":"suffix","_EventDateTimeSeparator":"@","_EventTimeRangeSeparator":"-","_EventOrganizerID":[],"_EventVenueID":[0],"_OrganizerEmail":"","_OrganizerPhone":"","_OrganizerWebsite":"","_VenueAddress":"","_VenueCity":"","_VenueCountry":"","_VenueProvince":"","_VenueState":"","_VenueZip":"","_VenuePhone":"","_VenueURL":"","_VenueStateProvince":"","_VenueLat":"","_VenueLng":"","_VenueShowMap":false,"_VenueShowMapLink":false,"_tribe_blocks_recurrence_rules":"","_tribe_blocks_recurrence_description":"","_tribe_blocks_recurrence_exclusions":"","_ecp_custom_2":"","_tribe_events_status":"","_tribe_events_status_reason":"","_tribe_events_is_hybrid":"","_tribe_events_is_virtual":"","_tribe_events_virtual_video_source":"","_tribe_events_virtual_embed_video":"","_tribe_events_virtual_linked_button_text":"","_tribe_events_virtual_linked_button":"","_tribe_events_virtual_show_embed_at":"","_tribe_events_virtual_show_embed_to":[],"_tribe_events_virtual_show_on_event":"","_tribe_events_virtual_show_on_views":"","_tribe_events_virtual_url":"","footnotes":""},"tags":[10177,13280,9674,1363,8869,9225,13279,9226,9227,13281,9317,1357,13287,13288,11301,13286,13289,13283,13290,13284,13282,13285,11416,776,10228],"tribe_events_cat":[8964],"class_list":["post-25964","tribe_events","type-tribe_events","status-publish","has-post-thumbnail","hentry","tag-afterparty","tag-afterparty-depresion-sonora","tag-breakbeat","tag-cafe-la-palma","tag-cafe-la-palma-2","tag-cafe-la-palma-clubbing","tag-depresion-sonora","tag-djs-madrid","tag-djs-malasana","tag-el-arte-de-morir-muy-despacio","tag-electro","tag-electronica","tag-gonso","tag-gothic-sans","tag-jungle","tag-marcelo","tag-marcos-crespo","tag-markusiano","tag-megansito-el-guapo","tag-miguel-grimaldo","tag-mosul-mosul","tag-muriel","tag-somos-la-herencia","tag-techno","tag-trance","tribe_events_cat-clubbing","cat_clubbing"],"uagb_featured_image_src":{"full":["https:\/\/cafelapalma.com\/wp-content\/uploads\/2023\/03\/DEPRESION-SONORA-AFTERPARTY-A3-LOW.png",430,608,false],"thumbnail":["https:\/\/cafelapalma.com\/wp-content\/uploads\/2023\/03\/DEPRESION-SONORA-AFTERPARTY-A3-LOW-150x150.png",150,150,true],"medium":["https:\/\/cafelapalma.com\/wp-content\/uploads\/2023\/03\/DEPRESION-SONORA-AFTERPARTY-A3-LOW-212x300.png",212,300,true],"medium_large":["https:\/\/cafelapalma.com\/wp-content\/uploads\/2023\/03\/DEPRESION-SONORA-AFTERPARTY-A3-LOW.png",430,608,false],"large":["https:\/\/cafelapalma.com\/wp-content\/uploads\/2023\/03\/DEPRESION-SONORA-AFTERPARTY-A3-LOW.png",430,608,false],"1536x1536":["https:\/\/cafelapalma.com\/wp-content\/uploads\/2023\/03\/DEPRESION-SONORA-AFTERPARTY-A3-LOW.png",430,608,false],"2048x2048":["https:\/\/cafelapalma.com\/wp-content\/uploads\/2023\/03\/DEPRESION-SONORA-AFTERPARTY-A3-LOW.png",430,608,false],"trp-custom-language-flag":["https:\/\/cafelapalma.com\/wp-content\/uploads\/2023\/03\/DEPRESION-SONORA-AFTERPARTY-A3-LOW.png",8,12,false],"blossom-feminine-slider":["https:\/\/cafelapalma.com\/wp-content\/uploads\/2023\/03\/DEPRESION-SONORA-AFTERPARTY-A3-LOW.png",430,608,false],"blossom-feminine-featured":["https:\/\/cafelapalma.com\/wp-content\/uploads\/2023\/03\/DEPRESION-SONORA-AFTERPARTY-A3-LOW-430x600.png",430,600,true],"blossom-feminine-with-sidebar":["https:\/\/cafelapalma.com\/wp-content\/uploads\/2023\/03\/DEPRESION-SONORA-AFTERPARTY-A3-LOW-430x600.png",430,600,true],"blossom-feminine-blog":["https:\/\/cafelapalma.com\/wp-content\/uploads\/2023\/03\/DEPRESION-SONORA-AFTERPARTY-A3-LOW-430x435.png",430,435,true],"blossom-feminine-cat":["https:\/\/cafelapalma.com\/wp-content\/uploads\/2023\/03\/DEPRESION-SONORA-AFTERPARTY-A3-LOW-430x300.png",430,300,true],"blossom-feminine-related":["https:\/\/cafelapalma.com\/wp-content\/uploads\/2023\/03\/DEPRESION-SONORA-AFTERPARTY-A3-LOW-320x200.png",320,200,true],"blossom-feminine-schema":["https:\/\/cafelapalma.com\/wp-content\/uploads\/2023\/03\/DEPRESION-SONORA-AFTERPARTY-A3-LOW-42x60.png",42,60,true]},"uagb_author_info":{"display_name":"Victor","author_link":"https:\/\/cafelapalma.com\/en\/author\/comunicacion\/"},"uagb_comment_info":0,"uagb_excerpt":"El 24 de marzo DEPRESI\u00d3N SONORA presenta su primer disco, \u201cEl arte de morir muy despacio\u201d, con todas las entradas agotadas desde hace semanas. Esa misma noche tendremos el afterparty en CAFE LA PALMA, organizado por el colectivo madrile\u00f1o Mosul Mosul, con las pinchadas de Markusiano, Miguel Grimaldo, Muriel y Marcelo.&nbsp; Markusiano: Depresi\u00f3n Sonora es&hellip;","_links":{"self":[{"href":"https:\/\/cafelapalma.com\/en\/wp-json\/wp\/v2\/tribe_events\/25964","targetHints":{"allow":["GET"]}}],"collection":[{"href":"https:\/\/cafelapalma.com\/en\/wp-json\/wp\/v2\/tribe_events"}],"about":[{"href":"https:\/\/cafelapalma.com\/en\/wp-json\/wp\/v2\/types\/tribe_events"}],"author":[{"embeddable":true,"href":"https:\/\/cafelapalma.com\/en\/wp-json\/wp\/v2\/users\/2"}],"version-history":[{"count":0,"href":"https:\/\/cafelapalma.com\/en\/wp-json\/wp\/v2\/tribe_events\/25964\/revisions"}],"wp:featuredmedia":[{"embeddable":true,"href":"https:\/\/cafelapalma.com\/en\/wp-json\/wp\/v2\/media\/25965"}],"wp:attachment":[{"href":"https:\/\/cafelapalma.com\/en\/wp-json\/wp\/v2\/media?parent=25964"}],"wp:term":[{"taxonomy":"post_tag","embeddable":true,"href":"https:\/\/cafelapalma.com\/en\/wp-json\/wp\/v2\/tags?post=25964"},{"taxonomy":"tribe_events_cat","embeddable":true,"href":"https:\/\/cafelapalma.com\/en\/wp-json\/wp\/v2\/tribe_events_cat?post=25964"}],"curies":[{"name":"wp","href":"https:\/\/api.w.org\/{rel}","templated":true}]}}