{"id":26016,"date":"2023-03-08T16:46:30","date_gmt":"2023-03-08T15:46:30","guid":{"rendered":"https:\/\/cafelapalma.com\/?post_type=tribe_events&#038;p=26016"},"modified":"2023-05-03T18:50:27","modified_gmt":"2023-05-03T16:50:27","slug":"aienruta-presenta-airu","status":"publish","type":"tribe_events","link":"https:\/\/cafelapalma.com\/en\/programacion\/aienruta-presenta-airu\/","title":{"rendered":"airu + Navxja + Amalia tal vez"},"content":{"rendered":"<div  class=\"tribe-events-schedule tribe-clearfix\" >\n\t<p class=\"tribe-events-schedule__datetime\">\n\t\t<span class=\"tribe-events-schedule__date tribe-events-schedule__date--start\">\n\t\t\t29  April  2023\t\t<\/span>\n\n\t\t\t\t\t<span class=\"tribe-events-schedule__separator tribe-events-schedule__separator--date\">\n\t\t\t\t@\t\t\t<\/span>\n\t\t\t<span class=\"tribe-events-schedule__time tribe-events-schedule__time--start\">\n\t\t\t\t21:30\t\t\t<\/span>\n\t\t\n\t\t\t\t\t\t\t\t\t<span class=\"tribe-events-schedule__separator tribe-events-schedule__separator--time\">\n\t\t\t\t\t&#8211;\t\t\t\t<\/span>\n\t\t\t\n\t\t\t\t\t\t\t<span class=\"tribe-events-schedule__time tribe-events-schedule__time--end\">\n\t\t\t\t\t23:50\t\t\t\t<\/span>\n\t\t\t\n\t\t\t\t\t\t<\/p>\n<\/div>\n\n\n<div  class=\"tribe-block tribe-block__event-price\" >\n\t\t\t<span class=\"tribe-block__event-price__cost\"> 8\u20ac <\/span>\n\t\t\t\t<span class=\"tribe-block__event-price__description\">+ gg Anticipada | 10\u20ac Taquilla<\/span>\n\t<\/div>\n\n\n\n<div style=\"height:100px\" aria-hidden=\"true\" class=\"wp-block-spacer\"><\/div>\n\n\n\n<div class=\"wp-block-columns is-layout-flex wp-container-core-columns-is-layout-8f761849 wp-block-columns-is-layout-flex\">\n<div class=\"wp-block-column is-layout-flow wp-block-column-is-layout-flow\" style=\"flex-basis:33.33%\">\n<figure class=\"wp-block-image size-large\"><img loading=\"lazy\" decoding=\"async\" width=\"767\" height=\"1040\" src=\"https:\/\/cafelapalma.com\/wp-content\/uploads\/2023\/04\/airu-a3-new-767x1040.jpg\" alt=\"\" class=\"wp-image-26366\" srcset=\"https:\/\/cafelapalma.com\/wp-content\/uploads\/2023\/04\/airu-a3-new-767x1040.jpg 767w, https:\/\/cafelapalma.com\/wp-content\/uploads\/2023\/04\/airu-a3-new-221x300.jpg 221w, https:\/\/cafelapalma.com\/wp-content\/uploads\/2023\/04\/airu-a3-new-768x1041.jpg 768w, https:\/\/cafelapalma.com\/wp-content\/uploads\/2023\/04\/airu-a3-new-44x60.jpg 44w, https:\/\/cafelapalma.com\/wp-content\/uploads\/2023\/04\/airu-a3-new.jpg 1080w\" sizes=\"auto, (max-width: 767px) 100vw, 767px\" \/><\/figure>\n\n\n<div  class=\"tribe-block tribe-block__event-website\" >\n\t<a\n\t\thref=\"https:\/\/link.dice.fm\/e875b6334660\"\n\t\ttarget=\"_self\"\n\t\t\t>\n\t\tBUY TICKETS\t<\/a>\n<\/div>\n<\/div>\n\n\n\n<div class=\"wp-block-column is-layout-flow wp-block-column-is-layout-flow\" style=\"flex-basis:66.66%\">\n<p class=\"has-text-align-left wp-block-paragraph\">Sentimentalismo, melod\u00edas pegadizas y una profunda voz son los tres pilares de la banda de corte indie pop <strong>airu<\/strong>. Fundada en <strong>Bilbao <\/strong>en 2018, se interesa por el significado oculto tras el lenguaje. En su \u00faltimo trabajo, <strong><em>\u00abCon las ventanas tan grandes me da verg\u00fcenza mirar \/ Voy tan deprisa\u00bb<\/em><\/strong>, <strong>airu<\/strong> nos sumerge en su ya caracter\u00edstico ox\u00edmoron musical, ofreci\u00e9ndonos un primer plato de esperanza imposible seguido de una triste alegr\u00eda, manteniendo un sonido et\u00e9reo y a\u00f1adi\u00e9ndole un nuevo grado de calidez reconfortante, adem\u00e1s de llevar las melod\u00edas de los sintetizadores a un primer plano.<\/p>\n\n\n\n<p class=\"has-text-align-left wp-block-paragraph\">Durante este \u00faltimo lustro , <strong>airu<\/strong> ha conseguido posicionarse en la m\u00fasica alternativa a nivel estatal. El tr\u00edo euskaldun se une al sello bilba\u00edno <strong>Oso Polita<\/strong>, con quienes lanzar\u00e1n su primer LP.<\/p>\n\n\n\n<p class=\"has-text-align-left wp-block-paragraph\"><strong>Navxja <\/strong>es una artista multidisciplinar madrile\u00f1a que a trav\u00e9s de diferentes g\u00e9neros (desde el pop suave m\u00e1s vulnerable a la electr\u00f3nica) canta sobre el heartbreak y sus experiencias con una voz potente, mucho reverb y experimentaci\u00f3n sonora.<\/p>\n\n\n\n<p class=\"has-text-align-left wp-block-paragraph\"><strong>Amalia tal vez<\/strong> es el proyecto musical de la joven madrile\u00f1a <strong>Amalia Pecos<\/strong>. Llena de contrastes, siempre dispuesta a hablar de la vida misma de forma natural y cercana, con un tono dulce pero tambi\u00e9n algo desenfadado, Amalia plasma sus vivencias a trav\u00e9s de su guitarra. El primer single de su primer EP, <strong><em>&#8216;boomerang&#8217;<\/em><\/strong>, es ya tu himno pop de confianza, cargado de pinceladas electr\u00f3nicas, toques noventeros y una letra de lo m\u00e1s pegadiza.<\/p>\n\n\n\n<p class=\"has-text-align-left wp-block-paragraph\"><em>Este concierto forma parte del ciclo <\/em><strong>AIEnRUTa<\/strong><em> con el apoyo de <\/em><strong>INAEM<\/strong><em>.<\/em><\/p>\n<\/div>\n<\/div>\n\n\n\n<div style=\"height:100px\" aria-hidden=\"true\" class=\"wp-block-spacer\"><\/div>\n\n\n\n<hr class=\"wp-block-separator has-alpha-channel-opacity is-style-wide\"\/>\n\n\n\n<div style=\"height:100px\" aria-hidden=\"true\" class=\"wp-block-spacer\"><\/div>\n\n\n<h2 class=\"tribe-block__related-events__title\">Related Events<\/h2>\n\n<ul  class=\"tribe-related-events tribe-clearfix\" >\n\t\t\t<li>\n\t\n<div class=\"tribe-related-events-thumbnail\">\n\t<a href=\"https:\/\/cafelapalma.com\/en\/programacion\/willie-deville-concierto-benefico-x-venezuela\/\" class=\"url\" rel=\"bookmark\" tabindex=\"-1\" aria-hidden=\"true\"><img loading=\"lazy\" decoding=\"async\" width=\"1020\" height=\"531\" src=\"https:\/\/cafelapalma.com\/wp-content\/uploads\/2026\/08\/Willie-deville-1100x572-1-1040x541.jpg\" class=\"attachment-large size-large wp-post-image\" alt=\"\" \/><\/a>\n<\/div>\n\t<div class=\"tribe-related-event-info\">\n\t<h3 class=\"tribe-related-events-title\">\n\t\t<a href=\"https:\/\/cafelapalma.com\/en\/programacion\/willie-deville-concierto-benefico-x-venezuela\/\" class=\"tribe-event-url\" rel=\"bookmark\">\n\t\t\tWILLIE DEVILLE: CONCIERTO BEN\u00c9FICO X VENEZUELA\t\t<\/a>\n\t<\/h3>\n\t<span class=\"tribe-event-date-start\">6  September@21:00<\/span><span class=\"tribe-event-time\">23:45<\/span><\/div>\n<\/li>\n\t\t\t<li>\n\t\n<div class=\"tribe-related-events-thumbnail\">\n\t<a href=\"https:\/\/cafelapalma.com\/en\/programacion\/new-boix\/\" class=\"url\" rel=\"bookmark\" tabindex=\"-1\" aria-hidden=\"true\"><img loading=\"lazy\" decoding=\"async\" width=\"694\" height=\"1040\" src=\"https:\/\/cafelapalma.com\/wp-content\/uploads\/2026\/05\/WhatsApp-Image-2026-04-29-at-12.00.28-694x1040.jpeg\" class=\"attachment-large size-large wp-post-image\" alt=\"\" \/><\/a>\n<\/div>\n\t<div class=\"tribe-related-event-info\">\n\t<h3 class=\"tribe-related-events-title\">\n\t\t<a href=\"https:\/\/cafelapalma.com\/en\/programacion\/new-boix\/\" class=\"tribe-event-url\" rel=\"bookmark\">\n\t\t\tNEW BOIX\t\t<\/a>\n\t<\/h3>\n\t<span class=\"tribe-event-date-start\">10  September@22:00<\/span><span class=\"tribe-event-time\">23:45<\/span><\/div>\n<\/li>\n\t\t\t<li>\n\t\n<div class=\"tribe-related-events-thumbnail\">\n\t<a href=\"https:\/\/cafelapalma.com\/en\/programacion\/eric-rohmer-seasunday\/\" class=\"url\" rel=\"bookmark\" tabindex=\"-1\" aria-hidden=\"true\"><img loading=\"lazy\" decoding=\"async\" width=\"693\" height=\"1040\" src=\"https:\/\/cafelapalma.com\/wp-content\/uploads\/2026\/07\/ERIC-ROHMER-VERTICAL-1-693x1040.jpg\" class=\"attachment-large size-large wp-post-image\" alt=\"\" \/><\/a>\n<\/div>\n\t<div class=\"tribe-related-event-info\">\n\t<h3 class=\"tribe-related-events-title\">\n\t\t<a href=\"https:\/\/cafelapalma.com\/en\/programacion\/eric-rohmer-seasunday\/\" class=\"tribe-event-url\" rel=\"bookmark\">\n\t\t\tERIC ROHMER + SEASUNDAY\t\t<\/a>\n\t<\/h3>\n\t<span class=\"tribe-event-date-start\">11  September@21:00<\/span><span class=\"tribe-event-time\">23:45<\/span><\/div>\n<\/li>\n\t<\/ul>","protected":false},"excerpt":{"rendered":"<p>Sentimentalismo, melod\u00edas pegadizas y una profunda voz son los tres pilares de la banda de corte indie pop airu. Fundada en Bilbao en 2018, se interesa por el significado oculto tras el lenguaje. En su \u00faltimo trabajo, \u00abCon las ventanas tan grandes me da verg\u00fcenza mirar \/ Voy tan deprisa\u00bb, airu nos sumerge en su &hellip; <\/p>","protected":false},"author":2,"featured_media":26018,"template":"","meta":{"_tec_requires_first_save":false,"_uag_custom_page_level_css":"","loftloader_page_shortcode":"","_EventAllDay":false,"_EventTimezone":"Europe\/Madrid","_EventStartDate":"2023-04-29 21:30:00","_EventEndDate":"2023-04-29 23:50:00","_EventStartDateUTC":"2023-04-29 19:30:00","_EventEndDateUTC":"2023-04-29 21:50:00","_EventShowMap":false,"_EventShowMapLink":false,"_EventURL":"https:\/\/link.dice.fm\/e875b6334660","_EventCost":"8","_EventCostDescription":"","_EventCurrencySymbol":"\u20ac","_EventCurrencyCode":"","_EventCurrencyPosition":"suffix","_EventDateTimeSeparator":"@","_EventTimeRangeSeparator":"-","_EventOrganizerID":[],"_EventVenueID":[0],"_OrganizerEmail":"","_OrganizerPhone":"","_OrganizerWebsite":"","_VenueAddress":"","_VenueCity":"","_VenueCountry":"","_VenueProvince":"","_VenueState":"","_VenueZip":"","_VenuePhone":"","_VenueURL":"","_VenueStateProvince":"","_VenueLat":"","_VenueLng":"","_VenueShowMap":false,"_VenueShowMapLink":false,"_tribe_blocks_recurrence_rules":"","_tribe_blocks_recurrence_description":"","_tribe_blocks_recurrence_exclusions":"","_ecp_custom_2":"","_tribe_events_status":"","_tribe_events_status_reason":"","_tribe_events_is_hybrid":"","_tribe_events_is_virtual":"","_tribe_events_virtual_video_source":"","_tribe_events_virtual_embed_video":"","_tribe_events_virtual_linked_button_text":"","_tribe_events_virtual_linked_button":"","_tribe_events_virtual_show_embed_at":"","_tribe_events_virtual_show_embed_to":[],"_tribe_events_virtual_show_on_event":"","_tribe_events_virtual_show_on_views":"","_tribe_events_virtual_url":"","footnotes":""},"tags":[9810,12332,13337,13694,13692,9813,13342,13693,1363,13346,13345,13338,2865,9147,9146,13347,13344,10433,13339,13200,13340,13691,13199,13341,1355,13343],"tribe_events_cat":[8963],"class_list":["post-26016","tribe_events","type-tribe_events","status-publish","has-post-thumbnail","hentry","tag-aie","tag-aienruta","tag-airu","tag-amalia-pecos","tag-amalia-tal-vez","tag-artistas-en-ruta","tag-blue-boredom","tag-boomerang","tag-cafe-la-palma","tag-carlos-navarro","tag-cobaltide","tag-con-las-ventanas-tan-grandes-me-da-verguenza-mirar-voy-tan-deprisa","tag-conciertos-cafe-la-palma","tag-conciertos-madrid","tag-conciertos-malasana","tag-cristina-diaz","tag-demilune","tag-el-momento-incomodo","tag-keychange","tag-last-tour","tag-malena-fernandez","tag-navxja","tag-oso-polita","tag-paracusia","tag-pop","tag-rodrigo-aldudo","tribe_events_cat-concierto","cat_concierto"],"uagb_featured_image_src":{"full":["https:\/\/cafelapalma.com\/wp-content\/uploads\/2023\/03\/AIRU_lowpic.jpg",418,627,false],"thumbnail":["https:\/\/cafelapalma.com\/wp-content\/uploads\/2023\/03\/AIRU_lowpic-150x150.jpg",150,150,true],"medium":["https:\/\/cafelapalma.com\/wp-content\/uploads\/2023\/03\/AIRU_lowpic-200x300.jpg",200,300,true],"medium_large":["https:\/\/cafelapalma.com\/wp-content\/uploads\/2023\/03\/AIRU_lowpic.jpg",418,627,false],"large":["https:\/\/cafelapalma.com\/wp-content\/uploads\/2023\/03\/AIRU_lowpic.jpg",418,627,false],"1536x1536":["https:\/\/cafelapalma.com\/wp-content\/uploads\/2023\/03\/AIRU_lowpic.jpg",418,627,false],"2048x2048":["https:\/\/cafelapalma.com\/wp-content\/uploads\/2023\/03\/AIRU_lowpic.jpg",418,627,false],"trp-custom-language-flag":["https:\/\/cafelapalma.com\/wp-content\/uploads\/2023\/03\/AIRU_lowpic.jpg",8,12,false],"blossom-feminine-slider":["https:\/\/cafelapalma.com\/wp-content\/uploads\/2023\/03\/AIRU_lowpic.jpg",418,627,false],"blossom-feminine-featured":["https:\/\/cafelapalma.com\/wp-content\/uploads\/2023\/03\/AIRU_lowpic-418x600.jpg",418,600,true],"blossom-feminine-with-sidebar":["https:\/\/cafelapalma.com\/wp-content\/uploads\/2023\/03\/AIRU_lowpic-418x600.jpg",418,600,true],"blossom-feminine-blog":["https:\/\/cafelapalma.com\/wp-content\/uploads\/2023\/03\/AIRU_lowpic-418x435.jpg",418,435,true],"blossom-feminine-cat":["https:\/\/cafelapalma.com\/wp-content\/uploads\/2023\/03\/AIRU_lowpic-418x300.jpg",418,300,true],"blossom-feminine-related":["https:\/\/cafelapalma.com\/wp-content\/uploads\/2023\/03\/AIRU_lowpic-320x200.jpg",320,200,true],"blossom-feminine-schema":["https:\/\/cafelapalma.com\/wp-content\/uploads\/2023\/03\/AIRU_lowpic-40x60.jpg",40,60,true]},"uagb_author_info":{"display_name":"Victor","author_link":"https:\/\/cafelapalma.com\/en\/author\/comunicacion\/"},"uagb_comment_info":0,"uagb_excerpt":"Sentimentalismo, melod\u00edas pegadizas y una profunda voz son los tres pilares de la banda de corte indie pop airu. Fundada en Bilbao en 2018, se interesa por el significado oculto tras el lenguaje. En su \u00faltimo trabajo, \u00abCon las ventanas tan grandes me da verg\u00fcenza mirar \/ Voy tan deprisa\u00bb, airu nos sumerge en su&hellip;","_links":{"self":[{"href":"https:\/\/cafelapalma.com\/en\/wp-json\/wp\/v2\/tribe_events\/26016","targetHints":{"allow":["GET"]}}],"collection":[{"href":"https:\/\/cafelapalma.com\/en\/wp-json\/wp\/v2\/tribe_events"}],"about":[{"href":"https:\/\/cafelapalma.com\/en\/wp-json\/wp\/v2\/types\/tribe_events"}],"author":[{"embeddable":true,"href":"https:\/\/cafelapalma.com\/en\/wp-json\/wp\/v2\/users\/2"}],"version-history":[{"count":0,"href":"https:\/\/cafelapalma.com\/en\/wp-json\/wp\/v2\/tribe_events\/26016\/revisions"}],"wp:featuredmedia":[{"embeddable":true,"href":"https:\/\/cafelapalma.com\/en\/wp-json\/wp\/v2\/media\/26018"}],"wp:attachment":[{"href":"https:\/\/cafelapalma.com\/en\/wp-json\/wp\/v2\/media?parent=26016"}],"wp:term":[{"taxonomy":"post_tag","embeddable":true,"href":"https:\/\/cafelapalma.com\/en\/wp-json\/wp\/v2\/tags?post=26016"},{"taxonomy":"tribe_events_cat","embeddable":true,"href":"https:\/\/cafelapalma.com\/en\/wp-json\/wp\/v2\/tribe_events_cat?post=26016"}],"curies":[{"name":"wp","href":"https:\/\/api.w.org\/{rel}","templated":true}]}}