{"id":26056,"date":"2023-03-13T18:58:21","date_gmt":"2023-03-13T17:58:21","guid":{"rendered":"https:\/\/cafelapalma.com\/?post_type=tribe_events&#038;p=26056"},"modified":"2023-03-13T18:58:41","modified_gmt":"2023-03-13T17:58:41","slug":"mujeres-en-vivo-2023-ana-gonzalez-beli","status":"publish","type":"tribe_events","link":"https:\/\/cafelapalma.com\/en\/programacion\/mujeres-en-vivo-2023-ana-gonzalez-beli\/","title":{"rendered":"MUJERES EN VIVO 2023: ANA GONZ\u00c1LEZ + BELI"},"content":{"rendered":"<div  class=\"tribe-events-schedule tribe-clearfix\" >\n\t<p class=\"tribe-events-schedule__datetime\">\n\t\t<span class=\"tribe-events-schedule__date tribe-events-schedule__date--start\">\n\t\t\t20  March  2023\t\t<\/span>\n\n\t\t\t\t\t<span class=\"tribe-events-schedule__separator tribe-events-schedule__separator--date\">\n\t\t\t\t@\t\t\t<\/span>\n\t\t\t<span class=\"tribe-events-schedule__time tribe-events-schedule__time--start\">\n\t\t\t\t21:00\t\t\t<\/span>\n\t\t\n\t\t\t\t\t\t\t\t\t<span class=\"tribe-events-schedule__separator tribe-events-schedule__separator--time\">\n\t\t\t\t\t&#8211;\t\t\t\t<\/span>\n\t\t\t\n\t\t\t\t\t\t\t<span class=\"tribe-events-schedule__time tribe-events-schedule__time--end\">\n\t\t\t\t\t23:00\t\t\t\t<\/span>\n\t\t\t\n\t\t\t\t\t\t<\/p>\n<\/div>\n\n\n<div  class=\"tribe-block tribe-block__event-price\" >\n\t\t\t<span class=\"tribe-block__event-price__cost\"> 9\u20ac <\/span>\n\t\t\t\t<span class=\"tribe-block__event-price__description\">+ gg Anticipada | 12\u20ac Taquilla [ Incluye CERVEZA DE BARRIL o REFRESCO ]<\/span>\n\t<\/div>\n\n\n\n<div style=\"height:100px\" aria-hidden=\"true\" class=\"wp-block-spacer\"><\/div>\n\n\n\n<div class=\"wp-block-columns is-layout-flex wp-container-core-columns-is-layout-8f761849 wp-block-columns-is-layout-flex\">\n<div class=\"wp-block-column is-layout-flow wp-block-column-is-layout-flow\" style=\"flex-basis:33.33%\">\n<figure class=\"wp-block-image size-large\"><img loading=\"lazy\" decoding=\"async\" width=\"1040\" height=\"924\" src=\"https:\/\/cafelapalma.com\/wp-content\/uploads\/2023\/03\/MEV2-1040x924.jpg\" alt=\"\" class=\"wp-image-26057\" srcset=\"https:\/\/cafelapalma.com\/wp-content\/uploads\/2023\/03\/MEV2-1040x924.jpg 1040w, https:\/\/cafelapalma.com\/wp-content\/uploads\/2023\/03\/MEV2-300x267.jpg 300w, https:\/\/cafelapalma.com\/wp-content\/uploads\/2023\/03\/MEV2-768x683.jpg 768w, https:\/\/cafelapalma.com\/wp-content\/uploads\/2023\/03\/MEV2-1536x1365.jpg 1536w, https:\/\/cafelapalma.com\/wp-content\/uploads\/2023\/03\/MEV2-2048x1820.jpg 2048w, https:\/\/cafelapalma.com\/wp-content\/uploads\/2023\/03\/MEV2-68x60.jpg 68w\" sizes=\"auto, (max-width: 1040px) 100vw, 1040px\" \/><\/figure>\n\n\n<div  class=\"tribe-block tribe-block__event-website\" >\n\t<a\n\t\thref=\"https:\/\/link.dice.fm\/D6e05960ced5\"\n\t\ttarget=\"_self\"\n\t\t\t>\n\t\tCOMPRAR ENTRADAS\t<\/a>\n<\/div>\n<\/div>\n\n\n\n<div class=\"wp-block-column is-layout-flow wp-block-column-is-layout-flow\" style=\"flex-basis:66.66%\">\n<p class=\"has-text-align-left wp-block-paragraph\"><strong>ANA GONZ\u00c1LEZ<\/strong> comienza a formarse e investigar sobre la copla y el flamenco. Dedic\u00f3 varios a\u00f1os al estudio de solfeo, t\u00e9cnica vocal y teatro, compaginando con el estudio del flamenco. En en el a\u00f1o 2015, es presentada en sociedad y apadrinada por el cantaor flamenco y maestro <strong>Juan Pinilla<\/strong>. <\/p>\n\n\n\n<p class=\"has-text-align-left wp-block-paragraph\">Con la idea de renovaci\u00f3n, <strong>Ana <\/strong>se traslada a <strong>Madrid <\/strong>en 2022 para actuar en el programa <strong>LA VOZ<\/strong> de <strong>Antena 3<\/strong>. En las audiciones a ciegas consigue impactar a todos los <em>coaches <\/em>(<strong>Laura Pausini<\/strong>, <strong>Luis Fonsi<\/strong>, <strong>Antonio Orozco<\/strong> y <strong>Pablo L\u00f3pez<\/strong>) con una versi\u00f3n muy renovada de la canci\u00f3n <strong><em>\u201cMar\u00eda de la O\u201d<\/em><\/strong> y que roza ya los 2 millones de visualizaciones en <strong>YouTube<\/strong>.<\/p>\n\n\n\n<p class=\"has-text-align-left wp-block-paragraph\"><strong>BELI<\/strong> es due\u00f1a de una voz prodigiosa, puro sentimiento. Comenz\u00f3 a cantar con 4 a\u00f1os y a los 7 se apunta a clases de canto. Con 16 a\u00f1os hace un curso de artes esc\u00e9nicas, canto y teatro y a los 17 forma parte de una <em>girl band<\/em>, <strong>Infive<\/strong>.<\/p>\n\n\n\n<p class=\"has-text-align-left wp-block-paragraph\">En 2021 se presenta a <strong>LA VOZ<\/strong> y el manager de <strong>Alejandro Sanz <\/strong>la pone en contacto con <strong>Javier Lim\u00f3n<\/strong>, con el que ha estado haciendo shows tanto por Espa\u00f1a como por U.S.A, adem\u00e1s de grabar algunos temas in\u00e9ditos producidos por \u00e9l en <strong>Casita Lim\u00f3n<\/strong>. <strong><em>\u201cLa Hora de las Ninfas\u201d<\/em><\/strong> y <strong><em>\u201cOlv\u00eddame\u201d<\/em><\/strong> son fruto de esa colaboraci\u00f3n.<\/p>\n\n\n\n<p class=\"has-text-align-left wp-block-paragraph\"><em>Este concierto forma parte del ciclo <\/em><strong>MUJERES EN VIVO 2023<\/strong><em>, con el patrocinio de la <\/em><strong>COMUNIDAD DE MADRID<\/strong><em> y el apoyo de <\/em><strong>MADRID EN VIVO<\/strong><em>.<\/em><\/p>\n<\/div>\n<\/div>\n\n\n\n<div style=\"height:100px\" aria-hidden=\"true\" class=\"wp-block-spacer\"><\/div>\n\n\n\n<hr class=\"wp-block-separator has-alpha-channel-opacity is-style-wide\"\/>\n\n\n\n<div style=\"height:100px\" aria-hidden=\"true\" class=\"wp-block-spacer\"><\/div>\n\n\n<h2 class=\"tribe-block__related-events__title\">Related Events<\/h2>\n\n<ul  class=\"tribe-related-events tribe-clearfix\" >\n\t\t\t<li>\n\t\n<div class=\"tribe-related-events-thumbnail\">\n\t<a href=\"https:\/\/cafelapalma.com\/en\/programacion\/funkin-donuts\/\" class=\"url\" rel=\"bookmark\" tabindex=\"-1\" aria-hidden=\"true\"><img loading=\"lazy\" decoding=\"async\" width=\"693\" height=\"1040\" src=\"https:\/\/cafelapalma.com\/wp-content\/uploads\/2026\/07\/FD-vert2-bn-693x1040.jpg\" class=\"attachment-large size-large wp-post-image\" alt=\"\" \/><\/a>\n<\/div>\n\t<div class=\"tribe-related-event-info\">\n\t<h3 class=\"tribe-related-events-title\">\n\t\t<a href=\"https:\/\/cafelapalma.com\/en\/programacion\/funkin-donuts\/\" class=\"tribe-event-url\" rel=\"bookmark\">\n\t\t\tFUNKIN&#8217; DONUTS\t\t<\/a>\n\t<\/h3>\n\t<span class=\"tribe-event-date-start\">5  September@22:00<\/span><span class=\"tribe-event-time\">23:45<\/span><\/div>\n<\/li>\n\t\t\t<li>\n\t\n<div class=\"tribe-related-events-thumbnail\">\n\t<a href=\"https:\/\/cafelapalma.com\/en\/programacion\/backstage-le-petit-truffle-mayo\/\" class=\"url\" rel=\"bookmark\" tabindex=\"-1\" aria-hidden=\"true\"><img loading=\"lazy\" decoding=\"async\" width=\"780\" height=\"1040\" src=\"https:\/\/cafelapalma.com\/wp-content\/uploads\/2026\/07\/Imagen-TruffleMayo-LePetit-i-1-780x1040.png\" class=\"attachment-large size-large wp-post-image\" alt=\"\" \/><\/a>\n<\/div>\n\t<div class=\"tribe-related-event-info\">\n\t<h3 class=\"tribe-related-events-title\">\n\t\t<a href=\"https:\/\/cafelapalma.com\/en\/programacion\/backstage-le-petit-truffle-mayo\/\" class=\"tribe-event-url\" rel=\"bookmark\">\n\t\t\tBACKSTAGE: LE PETIT + TRUFFLE MAYO\t\t<\/a>\n\t<\/h3>\n\t<span class=\"tribe-event-date-start\">5  September@23:55<\/span><\/div>\n<\/li>\n\t\t\t<li>\n\t\n<div class=\"tribe-related-events-thumbnail\">\n\t<a href=\"https:\/\/cafelapalma.com\/en\/programacion\/willie-deville-concierto-benefico-x-venezuela\/\" class=\"url\" rel=\"bookmark\" tabindex=\"-1\" aria-hidden=\"true\"><img loading=\"lazy\" decoding=\"async\" width=\"1020\" height=\"531\" src=\"https:\/\/cafelapalma.com\/wp-content\/uploads\/2026\/08\/Willie-deville-1100x572-1-1040x541.jpg\" class=\"attachment-large size-large wp-post-image\" alt=\"\" \/><\/a>\n<\/div>\n\t<div class=\"tribe-related-event-info\">\n\t<h3 class=\"tribe-related-events-title\">\n\t\t<a href=\"https:\/\/cafelapalma.com\/en\/programacion\/willie-deville-concierto-benefico-x-venezuela\/\" class=\"tribe-event-url\" rel=\"bookmark\">\n\t\t\tWILLIE DEVILLE: CONCIERTO BEN\u00c9FICO X VENEZUELA\t\t<\/a>\n\t<\/h3>\n\t<span class=\"tribe-event-date-start\">6  September@21:00<\/span><span class=\"tribe-event-time\">23:45<\/span><\/div>\n<\/li>\n\t<\/ul>\n","protected":false},"excerpt":{"rendered":"<p>ANA GONZ\u00c1LEZ comienza a formarse e investigar sobre la copla y el flamenco. Dedic\u00f3 varios a\u00f1os al estudio de solfeo, t\u00e9cnica vocal y teatro, compaginando con el estudio del flamenco. En en el a\u00f1o 2015, es presentada en sociedad y apadrinada por el cantaor flamenco y maestro Juan Pinilla. Con la idea de renovaci\u00f3n, Ana &hellip; <\/p>","protected":false},"author":2,"featured_media":26058,"template":"","meta":{"_tec_requires_first_save":false,"_uag_custom_page_level_css":"","loftloader_page_shortcode":"","_EventAllDay":false,"_EventTimezone":"Europe\/Madrid","_EventStartDate":"2023-03-20 21:00:00","_EventEndDate":"2023-03-20 23:00:00","_EventStartDateUTC":"2023-03-20 20:00:00","_EventEndDateUTC":"2023-03-20 22:00:00","_EventShowMap":false,"_EventShowMapLink":false,"_EventURL":"https:\/\/link.dice.fm\/D6e05960ced5","_EventCost":"9","_EventCostDescription":"","_EventCurrencySymbol":"\u20ac","_EventCurrencyCode":"","_EventCurrencyPosition":"suffix","_EventDateTimeSeparator":"@","_EventTimeRangeSeparator":"-","_EventOrganizerID":[],"_EventVenueID":[0],"_OrganizerEmail":"","_OrganizerPhone":"","_OrganizerWebsite":"","_VenueAddress":"","_VenueCity":"","_VenueCountry":"","_VenueProvince":"","_VenueState":"","_VenueZip":"","_VenuePhone":"","_VenueURL":"","_VenueStateProvince":"","_VenueLat":"","_VenueLng":"","_VenueShowMap":false,"_VenueShowMapLink":false,"_tribe_blocks_recurrence_rules":"","_tribe_blocks_recurrence_description":"","_tribe_blocks_recurrence_exclusions":"","_ecp_custom_2":"","_tribe_events_status":"","_tribe_events_status_reason":"","_tribe_events_is_hybrid":"","_tribe_events_is_virtual":"","_tribe_events_virtual_video_source":"","_tribe_events_virtual_embed_video":"","_tribe_events_virtual_linked_button_text":"","_tribe_events_virtual_linked_button":"","_tribe_events_virtual_show_embed_at":"","_tribe_events_virtual_show_embed_to":[],"_tribe_events_virtual_show_on_event":"","_tribe_events_virtual_show_on_views":"","_tribe_events_virtual_url":"","footnotes":""},"tags":[12228,13375,13381,13376,1363,8869,13386,9398,2865,9147,9146,13384,13385,13377,13387,9224,9382,13378,13379,12369,13383,9135,13305,13388,13382],"tribe_events_cat":[8963],"class_list":["post-26056","tribe_events","type-tribe_events","status-publish","has-post-thumbnail","hentry","tag-alejandro-sanz","tag-ana-gonzalez","tag-antonio-orozco","tag-beli","tag-cafe-la-palma","tag-cafe-la-palma-2","tag-casita-limon","tag-comunidad-de-madrid","tag-conciertos-cafe-la-palma","tag-conciertos-madrid","tag-conciertos-malasana","tag-infive","tag-javier-limon","tag-juan-pinilla","tag-la-hora-de-las-ninfas","tag-la-noche-en-vivo","tag-la-voz","tag-laura-pausini","tag-luis-fonsi","tag-madrid-en-vivo","tag-maria-de-la-o","tag-mujeres-en-vivo","tag-mujeres-en-vivo-2023","tag-olvidame","tag-pablo-lopez","tribe_events_cat-concierto","cat_concierto"],"uagb_featured_image_src":{"full":["https:\/\/cafelapalma.com\/wp-content\/uploads\/2023\/03\/MEV23A3PROV_low.jpg",430,608,false],"thumbnail":["https:\/\/cafelapalma.com\/wp-content\/uploads\/2023\/03\/MEV23A3PROV_low-150x150.jpg",150,150,true],"medium":["https:\/\/cafelapalma.com\/wp-content\/uploads\/2023\/03\/MEV23A3PROV_low-212x300.jpg",212,300,true],"medium_large":["https:\/\/cafelapalma.com\/wp-content\/uploads\/2023\/03\/MEV23A3PROV_low.jpg",430,608,false],"large":["https:\/\/cafelapalma.com\/wp-content\/uploads\/2023\/03\/MEV23A3PROV_low.jpg",430,608,false],"1536x1536":["https:\/\/cafelapalma.com\/wp-content\/uploads\/2023\/03\/MEV23A3PROV_low.jpg",430,608,false],"2048x2048":["https:\/\/cafelapalma.com\/wp-content\/uploads\/2023\/03\/MEV23A3PROV_low.jpg",430,608,false],"trp-custom-language-flag":["https:\/\/cafelapalma.com\/wp-content\/uploads\/2023\/03\/MEV23A3PROV_low.jpg",8,12,false],"blossom-feminine-slider":["https:\/\/cafelapalma.com\/wp-content\/uploads\/2023\/03\/MEV23A3PROV_low.jpg",430,608,false],"blossom-feminine-featured":["https:\/\/cafelapalma.com\/wp-content\/uploads\/2023\/03\/MEV23A3PROV_low-430x600.jpg",430,600,true],"blossom-feminine-with-sidebar":["https:\/\/cafelapalma.com\/wp-content\/uploads\/2023\/03\/MEV23A3PROV_low-430x600.jpg",430,600,true],"blossom-feminine-blog":["https:\/\/cafelapalma.com\/wp-content\/uploads\/2023\/03\/MEV23A3PROV_low-430x435.jpg",430,435,true],"blossom-feminine-cat":["https:\/\/cafelapalma.com\/wp-content\/uploads\/2023\/03\/MEV23A3PROV_low-430x300.jpg",430,300,true],"blossom-feminine-related":["https:\/\/cafelapalma.com\/wp-content\/uploads\/2023\/03\/MEV23A3PROV_low-320x200.jpg",320,200,true],"blossom-feminine-schema":["https:\/\/cafelapalma.com\/wp-content\/uploads\/2023\/03\/MEV23A3PROV_low-42x60.jpg",42,60,true]},"uagb_author_info":{"display_name":"Victor","author_link":"https:\/\/cafelapalma.com\/en\/author\/comunicacion\/"},"uagb_comment_info":0,"uagb_excerpt":"ANA GONZ\u00c1LEZ comienza a formarse e investigar sobre la copla y el flamenco. Dedic\u00f3 varios a\u00f1os al estudio de solfeo, t\u00e9cnica vocal y teatro, compaginando con el estudio del flamenco. En en el a\u00f1o 2015, es presentada en sociedad y apadrinada por el cantaor flamenco y maestro Juan Pinilla. Con la idea de renovaci\u00f3n, Ana&hellip;","_links":{"self":[{"href":"https:\/\/cafelapalma.com\/en\/wp-json\/wp\/v2\/tribe_events\/26056","targetHints":{"allow":["GET"]}}],"collection":[{"href":"https:\/\/cafelapalma.com\/en\/wp-json\/wp\/v2\/tribe_events"}],"about":[{"href":"https:\/\/cafelapalma.com\/en\/wp-json\/wp\/v2\/types\/tribe_events"}],"author":[{"embeddable":true,"href":"https:\/\/cafelapalma.com\/en\/wp-json\/wp\/v2\/users\/2"}],"version-history":[{"count":0,"href":"https:\/\/cafelapalma.com\/en\/wp-json\/wp\/v2\/tribe_events\/26056\/revisions"}],"wp:featuredmedia":[{"embeddable":true,"href":"https:\/\/cafelapalma.com\/en\/wp-json\/wp\/v2\/media\/26058"}],"wp:attachment":[{"href":"https:\/\/cafelapalma.com\/en\/wp-json\/wp\/v2\/media?parent=26056"}],"wp:term":[{"taxonomy":"post_tag","embeddable":true,"href":"https:\/\/cafelapalma.com\/en\/wp-json\/wp\/v2\/tags?post=26056"},{"taxonomy":"tribe_events_cat","embeddable":true,"href":"https:\/\/cafelapalma.com\/en\/wp-json\/wp\/v2\/tribe_events_cat?post=26056"}],"curies":[{"name":"wp","href":"https:\/\/api.w.org\/{rel}","templated":true}]}}