{"id":26107,"date":"2023-03-17T12:42:11","date_gmt":"2023-03-17T11:42:11","guid":{"rendered":"https:\/\/cafelapalma.com\/?post_type=tribe_events&#038;p=26107"},"modified":"2023-03-29T13:27:57","modified_gmt":"2023-03-29T11:27:57","slug":"tiger-and-milk-fujita","status":"publish","type":"tribe_events","link":"https:\/\/cafelapalma.com\/en\/programacion\/tiger-and-milk-fujita\/","title":{"rendered":"TIGER AND MILK + FUJITA"},"content":{"rendered":"<div  class=\"tribe-events-schedule tribe-clearfix\" >\n\t<p class=\"tribe-events-schedule__datetime\">\n\t\t<span class=\"tribe-events-schedule__date tribe-events-schedule__date--start\">\n\t\t\t27  May  2023\t\t<\/span>\n\n\t\t\t\t\t<span class=\"tribe-events-schedule__separator tribe-events-schedule__separator--date\">\n\t\t\t\t@\t\t\t<\/span>\n\t\t\t<span class=\"tribe-events-schedule__time tribe-events-schedule__time--start\">\n\t\t\t\t21:30\t\t\t<\/span>\n\t\t\n\t\t\t\t\t\t\t\t\t<span class=\"tribe-events-schedule__separator tribe-events-schedule__separator--time\">\n\t\t\t\t\t&#8211;\t\t\t\t<\/span>\n\t\t\t\n\t\t\t\t\t\t\t<span class=\"tribe-events-schedule__time tribe-events-schedule__time--end\">\n\t\t\t\t\t23:45\t\t\t\t<\/span>\n\t\t\t\n\t\t\t\t\t\t<\/p>\n<\/div>\n\n\n<div  class=\"tribe-block tribe-block__event-price\" >\n\t\t\t<span class=\"tribe-block__event-price__cost\"> 8\u20ac <\/span>\n\t\t\t\t<span class=\"tribe-block__event-price__description\">+ gg Anticipada | 10\u20ac Taquilla [ Incluye CERVEZA o REFRESCO ]<\/span>\n\t<\/div>\n\n\n\n<div style=\"height:100px\" aria-hidden=\"true\" class=\"wp-block-spacer\"><\/div>\n\n\n\n<div class=\"wp-block-columns is-layout-flex wp-container-core-columns-is-layout-8f761849 wp-block-columns-is-layout-flex\">\n<div class=\"wp-block-column is-layout-flow wp-block-column-is-layout-flow\" style=\"flex-basis:33.33%\">\n<figure class=\"wp-block-image size-full\"><img loading=\"lazy\" decoding=\"async\" width=\"430\" height=\"608\" src=\"https:\/\/cafelapalma.com\/wp-content\/uploads\/2023\/03\/TIGER-MILK-A3-LOW.jpg\" alt=\"\" class=\"wp-image-26108\" srcset=\"https:\/\/cafelapalma.com\/wp-content\/uploads\/2023\/03\/TIGER-MILK-A3-LOW.jpg 430w, https:\/\/cafelapalma.com\/wp-content\/uploads\/2023\/03\/TIGER-MILK-A3-LOW-212x300.jpg 212w, https:\/\/cafelapalma.com\/wp-content\/uploads\/2023\/03\/TIGER-MILK-A3-LOW-42x60.jpg 42w\" sizes=\"auto, (max-width: 430px) 100vw, 430px\" \/><\/figure>\n\n\n<div  class=\"tribe-block tribe-block__event-website\" >\n\t<a\n\t\thref=\"https:\/\/link.dice.fm\/ia1c48ee2551\"\n\t\ttarget=\"_self\"\n\t\t\t>\n\t\tCOMPRAR ENTRADAS\t<\/a>\n<\/div>\n<\/div>\n\n\n\n<div class=\"wp-block-column is-layout-flow wp-block-column-is-layout-flow\" style=\"flex-basis:66.66%\">\n<p class=\"wp-block-paragraph\"><\/p>\n\n\n\n<p class=\"has-text-align-left wp-block-paragraph\">En 2009, al tiempo que Espa\u00f1a, Europa y medio mundo sucumb\u00edan ante la peor crisis financiera de los \u00faltimos a\u00f1os, se formaba <strong>TIGER AND MILK<\/strong> en la capital del reino. Compa\u00f1eros generacionales de bandas como <strong>Hazte Lap\u00f3n<\/strong>, <strong>Rusos Blancos<\/strong>, <strong>Modelo de Respuesta Polar<\/strong>, <strong>Alborotador Gomasio<\/strong>, <strong>Hoy Muero Viernes<\/strong>, <strong>Capit\u00e1n Sunrise<\/strong>, <strong>Cosmen Adelaida<\/strong> o <strong>Los Aut\u00f3cratas<\/strong>, la banda ha recorrido escenarios de medio pa\u00eds a lo largo de estos \u00faltimos diez a\u00f1os defendiendo sus canciones, con peque\u00f1os grandes momentos de gloria, siempre sin pretensiones, a su ritmo y comp\u00e1s.<\/p>\n\n\n\n<p class=\"has-text-align-left wp-block-paragraph\">En mayo de 2019, <strong>Tiger and Milk<\/strong> se encierran en <strong>\u00c1lamo Shock<\/strong> y as\u00ed nace <strong><em>\u00abPopular\u00bb<\/em><\/strong> tercer disco de estudio de la banda, compuesto por ocho temas y autoeditado en edici\u00f3n limitad\u00edsima de cien unidades en vinilo. En 2023 se encuentran preparando nuevas canciones que empezar\u00e1n a ver la luz, si todo va bien, antes de fin de a\u00f1o.<\/p>\n\n\n\n<p class=\"has-text-align-left wp-block-paragraph\"><strong>FUJITA<\/strong> es el proyecto de <strong>Javier Vargas<\/strong> (voz y teclados), <strong>Albert Mar\u00edn<\/strong> (guitarra y bajo) y <strong>Joseba Iturbe<\/strong> (bater\u00eda y percusiones), tres j\u00f3venes catalanes que no quieren formar parte de ning\u00fan encasillamiento. Su apertura de miras les lleva a codearse con el rock de base al igual que no temen introducir bases electr\u00f3nicas.<\/p>\n\n\n\n<p class=\"has-text-align-left wp-block-paragraph\"><strong><em>\u00abQu\u00e9 m\u00e1s puedo pedir\u00bb <\/em><\/strong>es el tercer tema que adelantan de su inminente nuevo EP previsto para los pr\u00f3ximos meses y que lo formar\u00e1n cinco canciones bajo la producci\u00f3n de <strong>Carlos Hern\u00e1ndez<\/strong>.<\/p>\n<\/div>\n<\/div>\n\n\n\n<div style=\"height:100px\" aria-hidden=\"true\" class=\"wp-block-spacer\"><\/div>\n\n\n\n<hr class=\"wp-block-separator has-alpha-channel-opacity is-style-wide\"\/>\n\n\n\n<div style=\"height:100px\" aria-hidden=\"true\" class=\"wp-block-spacer\"><\/div>\n\n\n<h2 class=\"tribe-block__related-events__title\">Related Events<\/h2>\n\n<ul  class=\"tribe-related-events tribe-clearfix\" >\n\t\t\t<li>\n\t\n<div class=\"tribe-related-events-thumbnail\">\n\t<a href=\"https:\/\/cafelapalma.com\/en\/programacion\/funkin-donuts\/\" class=\"url\" rel=\"bookmark\" tabindex=\"-1\" aria-hidden=\"true\"><img loading=\"lazy\" decoding=\"async\" width=\"693\" height=\"1040\" src=\"https:\/\/cafelapalma.com\/wp-content\/uploads\/2026\/07\/FD-vert2-bn-693x1040.jpg\" class=\"attachment-large size-large wp-post-image\" alt=\"\" \/><\/a>\n<\/div>\n\t<div class=\"tribe-related-event-info\">\n\t<h3 class=\"tribe-related-events-title\">\n\t\t<a href=\"https:\/\/cafelapalma.com\/en\/programacion\/funkin-donuts\/\" class=\"tribe-event-url\" rel=\"bookmark\">\n\t\t\tFUNKIN&#8217; DONUTS\t\t<\/a>\n\t<\/h3>\n\t<span class=\"tribe-event-date-start\">5  September@22:00<\/span><span class=\"tribe-event-time\">23:45<\/span><\/div>\n<\/li>\n\t\t\t<li>\n\t\n<div class=\"tribe-related-events-thumbnail\">\n\t<a href=\"https:\/\/cafelapalma.com\/en\/programacion\/backstage-le-petit-truffle-mayo\/\" class=\"url\" rel=\"bookmark\" tabindex=\"-1\" aria-hidden=\"true\"><img loading=\"lazy\" decoding=\"async\" width=\"780\" height=\"1040\" src=\"https:\/\/cafelapalma.com\/wp-content\/uploads\/2026\/07\/Imagen-TruffleMayo-LePetit-i-1-780x1040.png\" class=\"attachment-large size-large wp-post-image\" alt=\"\" \/><\/a>\n<\/div>\n\t<div class=\"tribe-related-event-info\">\n\t<h3 class=\"tribe-related-events-title\">\n\t\t<a href=\"https:\/\/cafelapalma.com\/en\/programacion\/backstage-le-petit-truffle-mayo\/\" class=\"tribe-event-url\" rel=\"bookmark\">\n\t\t\tBACKSTAGE: LE PETIT + TRUFFLE MAYO\t\t<\/a>\n\t<\/h3>\n\t<span class=\"tribe-event-date-start\">5  September@23:55<\/span><\/div>\n<\/li>\n\t\t\t<li>\n\t\n<div class=\"tribe-related-events-thumbnail\">\n\t<a href=\"https:\/\/cafelapalma.com\/en\/programacion\/willie-deville-concierto-benefico-x-venezuela\/\" class=\"url\" rel=\"bookmark\" tabindex=\"-1\" aria-hidden=\"true\"><img loading=\"lazy\" decoding=\"async\" width=\"1020\" height=\"531\" src=\"https:\/\/cafelapalma.com\/wp-content\/uploads\/2026\/08\/Willie-deville-1100x572-1-1040x541.jpg\" class=\"attachment-large size-large wp-post-image\" alt=\"\" \/><\/a>\n<\/div>\n\t<div class=\"tribe-related-event-info\">\n\t<h3 class=\"tribe-related-events-title\">\n\t\t<a href=\"https:\/\/cafelapalma.com\/en\/programacion\/willie-deville-concierto-benefico-x-venezuela\/\" class=\"tribe-event-url\" rel=\"bookmark\">\n\t\t\tWILLIE DEVILLE: CONCIERTO BEN\u00c9FICO X VENEZUELA\t\t<\/a>\n\t<\/h3>\n\t<span class=\"tribe-event-date-start\">6  September@21:00<\/span><span class=\"tribe-event-time\">23:45<\/span><\/div>\n<\/li>\n\t<\/ul>\n","protected":false},"excerpt":{"rendered":"<p>En 2009, al tiempo que Espa\u00f1a, Europa y medio mundo sucumb\u00edan ante la peor crisis financiera de los \u00faltimos a\u00f1os, se formaba TIGER AND MILK en la capital del reino. Compa\u00f1eros generacionales de bandas como Hazte Lap\u00f3n, Rusos Blancos, Modelo de Respuesta Polar, Alborotador Gomasio, Hoy Muero Viernes, Capit\u00e1n Sunrise, Cosmen Adelaida o Los Aut\u00f3cratas, &hellip; <\/p>","protected":false},"author":2,"featured_media":26109,"template":"","meta":{"_tec_requires_first_save":false,"_uag_custom_page_level_css":"","loftloader_page_shortcode":"","_EventAllDay":false,"_EventTimezone":"Europe\/Madrid","_EventStartDate":"2023-05-27 21:30:00","_EventEndDate":"2023-05-27 23:45:00","_EventStartDateUTC":"2023-05-27 19:30:00","_EventEndDateUTC":"2023-05-27 21:45:00","_EventShowMap":false,"_EventShowMapLink":false,"_EventURL":"https:\/\/link.dice.fm\/ia1c48ee2551","_EventCost":"8","_EventCostDescription":"","_EventCurrencySymbol":"\u20ac","_EventCurrencyCode":"","_EventCurrencyPosition":"suffix","_EventDateTimeSeparator":"@","_EventTimeRangeSeparator":"-","_EventOrganizerID":[],"_EventVenueID":[0],"_OrganizerEmail":"","_OrganizerPhone":"","_OrganizerWebsite":"","_VenueAddress":"","_VenueCity":"","_VenueCountry":"","_VenueProvince":"","_VenueState":"","_VenueZip":"","_VenuePhone":"","_VenueURL":"","_VenueStateProvince":"","_VenueLat":"","_VenueLng":"","_VenueShowMap":false,"_VenueShowMapLink":false,"_tribe_blocks_recurrence_rules":"","_tribe_blocks_recurrence_description":"","_tribe_blocks_recurrence_exclusions":"","_ecp_custom_2":"","_tribe_events_status":"","_tribe_events_status_reason":"","_tribe_events_is_hybrid":"","_tribe_events_is_virtual":"","_tribe_events_virtual_video_source":"","_tribe_events_virtual_embed_video":"","_tribe_events_virtual_linked_button_text":"","_tribe_events_virtual_linked_button":"","_tribe_events_virtual_show_embed_at":"","_tribe_events_virtual_show_embed_to":[],"_tribe_events_virtual_show_on_event":"","_tribe_events_virtual_show_on_views":"","_tribe_events_virtual_url":"","footnotes":""},"tags":[13450,13443,1363,8983,13453,13441,2865,9147,9146,13446,13438,9892,13444,8970,13440,13449,13439,13451,13447,13442,1355,13448,13452,13445,13437],"tribe_events_cat":[8963],"class_list":["post-26107","tribe_events","type-tribe_events","status-publish","has-post-thumbnail","hentry","tag-albert-marin","tag-alborotador-gomasio","tag-cafe-la-palma","tag-capitan-sunrise","tag-carlos-hernandez-nombela","tag-comunicacion-fresh-sounds","tag-conciertos-cafe-la-palma","tag-conciertos-madrid","tag-conciertos-malasana","tag-cosmen-adelaida","tag-fujita","tag-hazte-lapon","tag-hoy-muero-viernes","tag-indie","tag-j-musind","tag-javier-vargas","tag-jero-romero","tag-joseba-iturbe","tag-los-autocratas","tag-modelo-de-respuesta-polar","tag-pop","tag-popular","tag-que-mas-puedo-pedir","tag-rusos-blancos","tag-tiger-and-milk","tribe_events_cat-concierto","cat_concierto"],"uagb_featured_image_src":{"full":["https:\/\/cafelapalma.com\/wp-content\/uploads\/2023\/03\/TMPIC.jpg",1080,1080,false],"thumbnail":["https:\/\/cafelapalma.com\/wp-content\/uploads\/2023\/03\/TMPIC-150x150.jpg",150,150,true],"medium":["https:\/\/cafelapalma.com\/wp-content\/uploads\/2023\/03\/TMPIC-300x300.jpg",300,300,true],"medium_large":["https:\/\/cafelapalma.com\/wp-content\/uploads\/2023\/03\/TMPIC-768x768.jpg",768,768,true],"large":["https:\/\/cafelapalma.com\/wp-content\/uploads\/2023\/03\/TMPIC-1040x1040.jpg",1020,1020,true],"1536x1536":["https:\/\/cafelapalma.com\/wp-content\/uploads\/2023\/03\/TMPIC.jpg",1080,1080,false],"2048x2048":["https:\/\/cafelapalma.com\/wp-content\/uploads\/2023\/03\/TMPIC.jpg",1080,1080,false],"trp-custom-language-flag":["https:\/\/cafelapalma.com\/wp-content\/uploads\/2023\/03\/TMPIC.jpg",12,12,false],"blossom-feminine-slider":["https:\/\/cafelapalma.com\/wp-content\/uploads\/2023\/03\/TMPIC-1080x649.jpg",1080,649,true],"blossom-feminine-featured":["https:\/\/cafelapalma.com\/wp-content\/uploads\/2023\/03\/TMPIC-1080x600.jpg",1080,600,true],"blossom-feminine-with-sidebar":["https:\/\/cafelapalma.com\/wp-content\/uploads\/2023\/03\/TMPIC-1020x600.jpg",1020,600,true],"blossom-feminine-blog":["https:\/\/cafelapalma.com\/wp-content\/uploads\/2023\/03\/TMPIC-435x435.jpg",435,435,true],"blossom-feminine-cat":["https:\/\/cafelapalma.com\/wp-content\/uploads\/2023\/03\/TMPIC-450x300.jpg",450,300,true],"blossom-feminine-related":["https:\/\/cafelapalma.com\/wp-content\/uploads\/2023\/03\/TMPIC-320x200.jpg",320,200,true],"blossom-feminine-schema":["https:\/\/cafelapalma.com\/wp-content\/uploads\/2023\/03\/TMPIC-60x60.jpg",60,60,true]},"uagb_author_info":{"display_name":"Victor","author_link":"https:\/\/cafelapalma.com\/en\/author\/comunicacion\/"},"uagb_comment_info":0,"uagb_excerpt":"En 2009, al tiempo que Espa\u00f1a, Europa y medio mundo sucumb\u00edan ante la peor crisis financiera de los \u00faltimos a\u00f1os, se formaba TIGER AND MILK en la capital del reino. Compa\u00f1eros generacionales de bandas como Hazte Lap\u00f3n, Rusos Blancos, Modelo de Respuesta Polar, Alborotador Gomasio, Hoy Muero Viernes, Capit\u00e1n Sunrise, Cosmen Adelaida o Los Aut\u00f3cratas,&hellip;","_links":{"self":[{"href":"https:\/\/cafelapalma.com\/en\/wp-json\/wp\/v2\/tribe_events\/26107","targetHints":{"allow":["GET"]}}],"collection":[{"href":"https:\/\/cafelapalma.com\/en\/wp-json\/wp\/v2\/tribe_events"}],"about":[{"href":"https:\/\/cafelapalma.com\/en\/wp-json\/wp\/v2\/types\/tribe_events"}],"author":[{"embeddable":true,"href":"https:\/\/cafelapalma.com\/en\/wp-json\/wp\/v2\/users\/2"}],"version-history":[{"count":0,"href":"https:\/\/cafelapalma.com\/en\/wp-json\/wp\/v2\/tribe_events\/26107\/revisions"}],"wp:featuredmedia":[{"embeddable":true,"href":"https:\/\/cafelapalma.com\/en\/wp-json\/wp\/v2\/media\/26109"}],"wp:attachment":[{"href":"https:\/\/cafelapalma.com\/en\/wp-json\/wp\/v2\/media?parent=26107"}],"wp:term":[{"taxonomy":"post_tag","embeddable":true,"href":"https:\/\/cafelapalma.com\/en\/wp-json\/wp\/v2\/tags?post=26107"},{"taxonomy":"tribe_events_cat","embeddable":true,"href":"https:\/\/cafelapalma.com\/en\/wp-json\/wp\/v2\/tribe_events_cat?post=26107"}],"curies":[{"name":"wp","href":"https:\/\/api.w.org\/{rel}","templated":true}]}}