{"id":26112,"date":"2023-03-17T14:17:24","date_gmt":"2023-03-17T13:17:24","guid":{"rendered":"https:\/\/cafelapalma.com\/?post_type=tribe_events&#038;p=26112"},"modified":"2023-05-16T16:31:11","modified_gmt":"2023-05-16T14:31:11","slug":"limon-dulce-mediodia-inserte-nombre","status":"publish","type":"tribe_events","link":"https:\/\/cafelapalma.com\/en\/programacion\/limon-dulce-mediodia-inserte-nombre\/","title":{"rendered":"LIM\u00d3N DULCE + MEDIOD\u00cdA + INSERTE NOMBRE"},"content":{"rendered":"<div  class=\"tribe-events-schedule tribe-clearfix\" >\n\t<p class=\"tribe-events-schedule__datetime\">\n\t\t<span class=\"tribe-events-schedule__date tribe-events-schedule__date--start\">\n\t\t\t18  May  2023\t\t<\/span>\n\n\t\t\t\t\t<span class=\"tribe-events-schedule__separator tribe-events-schedule__separator--date\">\n\t\t\t\t@\t\t\t<\/span>\n\t\t\t<span class=\"tribe-events-schedule__time tribe-events-schedule__time--start\">\n\t\t\t\t21:00\t\t\t<\/span>\n\t\t\n\t\t\t\t\t\t\t\t\t<span class=\"tribe-events-schedule__separator tribe-events-schedule__separator--time\">\n\t\t\t\t\t&#8211;\t\t\t\t<\/span>\n\t\t\t\n\t\t\t\t\t\t\t<span class=\"tribe-events-schedule__time tribe-events-schedule__time--end\">\n\t\t\t\t\t23:45\t\t\t\t<\/span>\n\t\t\t\n\t\t\t\t\t\t<\/p>\n<\/div>\n\n\n<div  class=\"tribe-block tribe-block__event-price\" >\n\t\t\t<span class=\"tribe-block__event-price__cost\"> ENTRADAS AGOTADAS <\/span>\n\t\t<\/div>\n\n\n\n<div style=\"height:100px\" aria-hidden=\"true\" class=\"wp-block-spacer\"><\/div>\n\n\n\n<div class=\"wp-block-columns is-layout-flex wp-container-core-columns-is-layout-8f761849 wp-block-columns-is-layout-flex\">\n<div class=\"wp-block-column is-layout-flow wp-block-column-is-layout-flow\" style=\"flex-basis:33.33%\">\n<figure class=\"wp-block-image size-large\"><img loading=\"lazy\" decoding=\"async\" width=\"735\" height=\"1040\" src=\"https:\/\/cafelapalma.com\/wp-content\/uploads\/2023\/04\/LIMON-MEDIODIA-A3-LOW-735x1040.jpg\" alt=\"\" class=\"wp-image-26357\" srcset=\"https:\/\/cafelapalma.com\/wp-content\/uploads\/2023\/04\/LIMON-MEDIODIA-A3-LOW-735x1040.jpg 735w, https:\/\/cafelapalma.com\/wp-content\/uploads\/2023\/04\/LIMON-MEDIODIA-A3-LOW-212x300.jpg 212w, https:\/\/cafelapalma.com\/wp-content\/uploads\/2023\/04\/LIMON-MEDIODIA-A3-LOW-768x1086.jpg 768w, https:\/\/cafelapalma.com\/wp-content\/uploads\/2023\/04\/LIMON-MEDIODIA-A3-LOW-1086x1536.jpg 1086w, https:\/\/cafelapalma.com\/wp-content\/uploads\/2023\/04\/LIMON-MEDIODIA-A3-LOW-1448x2048.jpg 1448w, https:\/\/cafelapalma.com\/wp-content\/uploads\/2023\/04\/LIMON-MEDIODIA-A3-LOW-42x60.jpg 42w\" sizes=\"auto, (max-width: 735px) 100vw, 735px\" \/><\/figure>\n<\/div>\n\n\n\n<div class=\"wp-block-column is-layout-flow wp-block-column-is-layout-flow\" style=\"flex-basis:66.66%\">\n<div style=\"height:100px\" aria-hidden=\"true\" class=\"wp-block-spacer\"><\/div>\n\n\n\n<p class=\"has-text-align-left wp-block-paragraph\"><strong>LIM\u00d3N DULCE<\/strong> formado en <strong>Alcobendas <\/strong>a principios de 2020, un mes antes del comienzo de la pandemia . Sus influencias son <strong>Mediapunta<\/strong>, <strong>Alavedra<\/strong>, <strong>Diamante Negro<\/strong> y <strong>Perras On the Beach <\/strong>entre otros. El sonido de la banda viaja al igual que sus letras desde el pop\/rock hasta el noise pop e incluso el garage. Divertirse y cantar a lo cotidiano desde un punto de vista sat\u00edrico, son sus se\u00f1as de identidad. <strong><em>\u00abCasa de Iko\u00bb<\/em><\/strong> y <strong><em>\u00abDame una ayudita (por favor)\u00bb<\/em><\/strong> fueron sus primeros sencillos publicados. Sus pr\u00f3ximos proyectos ver\u00e1n la luz a principios de 2023, a\u00f1o en el que conf\u00edan ser asiduos en salas.<\/p>\n\n\n\n<p class=\"has-text-align-left wp-block-paragraph\"><strong>MEDIOD\u00cdA<\/strong> es un cuarteto compuesto por la guitarra y voz <strong>Eva<\/strong>, el guitarra <strong>Dami\u00e1n<\/strong>, <strong>Bea <\/strong>al bajo y el bater\u00eda <strong>Gorka<\/strong>. Son de <strong>Madrid <\/strong>y su estilo es una fusi\u00f3n entre dream pop y punk que acaba siendo bastante ca\u00f1ero. Son un intento de grupo de m\u00fasica que ha sobrevivido la fase de intento. Cada uno aporta un estilo honesto, \u00fanico y ramificado. La mejor manera de entender todo es simplemente escucharles. Canciones de lloricas con cara de idiotas.<\/p>\n\n\n\n<p class=\"has-text-align-left wp-block-paragraph\"><strong>INSERTE NOMBRE<\/strong> se caracteriza por un sonido de guitarreo pop con toques punk, tomando inspiraci\u00f3n de grupos como <strong>Ni\u00f1a Polaca<\/strong>, <strong>Carolina Durante<\/strong> o <strong>Sir Chloe<\/strong>. En directo, ofrecen una performance divertida pero elaborada, propicia para cualquier persona que busque conocer a los grupos emergentes m\u00e1s prometedores de la escena indie madrile\u00f1a.<\/p>\n<\/div>\n<\/div>\n\n\n\n<div style=\"height:100px\" aria-hidden=\"true\" class=\"wp-block-spacer\"><\/div>\n\n\n\n<hr class=\"wp-block-separator has-alpha-channel-opacity is-style-wide\"\/>\n\n\n\n<div style=\"height:100px\" aria-hidden=\"true\" class=\"wp-block-spacer\"><\/div>\n\n\n<h2 class=\"tribe-block__related-events__title\">Related Events<\/h2>\n\n<ul  class=\"tribe-related-events tribe-clearfix\" >\n\t\t\t<li>\n\t\n<div class=\"tribe-related-events-thumbnail\">\n\t<a href=\"https:\/\/cafelapalma.com\/en\/programacion\/funkin-donuts\/\" class=\"url\" rel=\"bookmark\" tabindex=\"-1\" aria-hidden=\"true\"><img loading=\"lazy\" decoding=\"async\" width=\"693\" height=\"1040\" src=\"https:\/\/cafelapalma.com\/wp-content\/uploads\/2026\/07\/FD-vert2-bn-693x1040.jpg\" class=\"attachment-large size-large wp-post-image\" alt=\"\" \/><\/a>\n<\/div>\n\t<div class=\"tribe-related-event-info\">\n\t<h3 class=\"tribe-related-events-title\">\n\t\t<a href=\"https:\/\/cafelapalma.com\/en\/programacion\/funkin-donuts\/\" class=\"tribe-event-url\" rel=\"bookmark\">\n\t\t\tFUNKIN&#8217; DONUTS\t\t<\/a>\n\t<\/h3>\n\t<span class=\"tribe-event-date-start\">5  September@22:00<\/span><span class=\"tribe-event-time\">23:45<\/span><\/div>\n<\/li>\n\t\t\t<li>\n\t\n<div class=\"tribe-related-events-thumbnail\">\n\t<a href=\"https:\/\/cafelapalma.com\/en\/programacion\/backstage-le-petit-truffle-mayo\/\" class=\"url\" rel=\"bookmark\" tabindex=\"-1\" aria-hidden=\"true\"><img loading=\"lazy\" decoding=\"async\" width=\"780\" height=\"1040\" src=\"https:\/\/cafelapalma.com\/wp-content\/uploads\/2026\/07\/Imagen-TruffleMayo-LePetit-i-1-780x1040.png\" class=\"attachment-large size-large wp-post-image\" alt=\"\" \/><\/a>\n<\/div>\n\t<div class=\"tribe-related-event-info\">\n\t<h3 class=\"tribe-related-events-title\">\n\t\t<a href=\"https:\/\/cafelapalma.com\/en\/programacion\/backstage-le-petit-truffle-mayo\/\" class=\"tribe-event-url\" rel=\"bookmark\">\n\t\t\tBACKSTAGE: LE PETIT + TRUFFLE MAYO\t\t<\/a>\n\t<\/h3>\n\t<span class=\"tribe-event-date-start\">5  September@23:55<\/span><\/div>\n<\/li>\n\t\t\t<li>\n\t\n<div class=\"tribe-related-events-thumbnail\">\n\t<a href=\"https:\/\/cafelapalma.com\/en\/programacion\/willie-deville-concierto-benefico-x-venezuela\/\" class=\"url\" rel=\"bookmark\" tabindex=\"-1\" aria-hidden=\"true\"><img loading=\"lazy\" decoding=\"async\" width=\"1020\" height=\"531\" src=\"https:\/\/cafelapalma.com\/wp-content\/uploads\/2026\/08\/Willie-deville-1100x572-1-1040x541.jpg\" class=\"attachment-large size-large wp-post-image\" alt=\"\" \/><\/a>\n<\/div>\n\t<div class=\"tribe-related-event-info\">\n\t<h3 class=\"tribe-related-events-title\">\n\t\t<a href=\"https:\/\/cafelapalma.com\/en\/programacion\/willie-deville-concierto-benefico-x-venezuela\/\" class=\"tribe-event-url\" rel=\"bookmark\">\n\t\t\tWILLIE DEVILLE: CONCIERTO BEN\u00c9FICO X VENEZUELA\t\t<\/a>\n\t<\/h3>\n\t<span class=\"tribe-event-date-start\">6  September@21:00<\/span><span class=\"tribe-event-time\">23:45<\/span><\/div>\n<\/li>\n\t<\/ul>","protected":false},"excerpt":{"rendered":"<p>LIM\u00d3N DULCE formado en Alcobendas a principios de 2020, un mes antes del comienzo de la pandemia . Sus influencias son Mediapunta, Alavedra, Diamante Negro y Perras On the Beach entre otros. El sonido de la banda viaja al igual que sus letras desde el pop\/rock hasta el noise pop e incluso el garage. Divertirse &hellip; <\/p>","protected":false},"author":2,"featured_media":26114,"template":"","meta":{"_tec_requires_first_save":false,"_uag_custom_page_level_css":"","loftloader_page_shortcode":"","_EventAllDay":false,"_EventTimezone":"Europe\/Madrid","_EventStartDate":"2023-05-18 21:00:00","_EventEndDate":"2023-05-18 23:45:00","_EventStartDateUTC":"2023-05-18 19:00:00","_EventEndDateUTC":"2023-05-18 21:45:00","_EventShowMap":false,"_EventShowMapLink":false,"_EventURL":"https:\/\/link.dice.fm\/Q71e2b3f258f","_EventCost":"ENTRADAS AGOTADAS","_EventCostDescription":"","_EventCurrencySymbol":"\u20ac","_EventCurrencyCode":"","_EventCurrencyPosition":"suffix","_EventDateTimeSeparator":"@","_EventTimeRangeSeparator":"-","_EventOrganizerID":[],"_EventVenueID":[0],"_OrganizerEmail":"","_OrganizerPhone":"","_OrganizerWebsite":"","_VenueAddress":"","_VenueCity":"","_VenueCountry":"","_VenueProvince":"","_VenueState":"","_VenueZip":"","_VenuePhone":"","_VenueURL":"","_VenueStateProvince":"","_VenueLat":"","_VenueLng":"","_VenueShowMap":false,"_VenueShowMapLink":false,"_tribe_blocks_recurrence_rules":"","_tribe_blocks_recurrence_description":"","_tribe_blocks_recurrence_exclusions":"","_ecp_custom_2":"","_tribe_events_status":"","_tribe_events_status_reason":"","_tribe_events_is_hybrid":"","_tribe_events_is_virtual":"","_tribe_events_virtual_video_source":"","_tribe_events_virtual_embed_video":"","_tribe_events_virtual_linked_button_text":"","_tribe_events_virtual_linked_button":"","_tribe_events_virtual_show_embed_at":"","_tribe_events_virtual_show_embed_to":[],"_tribe_events_virtual_show_on_event":"","_tribe_events_virtual_show_on_views":"","_tribe_events_virtual_url":"","footnotes":""},"tags":[13457,1363,13458,2865,9147,9146,13459,9607,8970,13455,13454,12066,13456,1355,1481,1354],"tribe_events_cat":[8963],"class_list":["post-26112","tribe_events","type-tribe_events","status-publish","has-post-thumbnail","hentry","tag-alcobendas","tag-cafe-la-palma","tag-casa-de-iko","tag-conciertos-cafe-la-palma","tag-conciertos-madrid","tag-conciertos-malasana","tag-dame-una-ayudita-por-favor","tag-garage","tag-indie","tag-inserte-nombre","tag-limon-dulce","tag-mediapunta","tag-mediodia","tag-pop","tag-punk","tag-rock","tribe_events_cat-concierto","cat_concierto"],"uagb_featured_image_src":{"full":["https:\/\/cafelapalma.com\/wp-content\/uploads\/2023\/03\/FOTO-VERTICAL-2-LIMONES.jpg",768,1024,false],"thumbnail":["https:\/\/cafelapalma.com\/wp-content\/uploads\/2023\/03\/FOTO-VERTICAL-2-LIMONES-150x150.jpg",150,150,true],"medium":["https:\/\/cafelapalma.com\/wp-content\/uploads\/2023\/03\/FOTO-VERTICAL-2-LIMONES-225x300.jpg",225,300,true],"medium_large":["https:\/\/cafelapalma.com\/wp-content\/uploads\/2023\/03\/FOTO-VERTICAL-2-LIMONES.jpg",768,1024,false],"large":["https:\/\/cafelapalma.com\/wp-content\/uploads\/2023\/03\/FOTO-VERTICAL-2-LIMONES.jpg",768,1024,false],"1536x1536":["https:\/\/cafelapalma.com\/wp-content\/uploads\/2023\/03\/FOTO-VERTICAL-2-LIMONES.jpg",768,1024,false],"2048x2048":["https:\/\/cafelapalma.com\/wp-content\/uploads\/2023\/03\/FOTO-VERTICAL-2-LIMONES.jpg",768,1024,false],"trp-custom-language-flag":["https:\/\/cafelapalma.com\/wp-content\/uploads\/2023\/03\/FOTO-VERTICAL-2-LIMONES.jpg",9,12,false],"blossom-feminine-slider":["https:\/\/cafelapalma.com\/wp-content\/uploads\/2023\/03\/FOTO-VERTICAL-2-LIMONES-768x649.jpg",768,649,true],"blossom-feminine-featured":["https:\/\/cafelapalma.com\/wp-content\/uploads\/2023\/03\/FOTO-VERTICAL-2-LIMONES-768x600.jpg",768,600,true],"blossom-feminine-with-sidebar":["https:\/\/cafelapalma.com\/wp-content\/uploads\/2023\/03\/FOTO-VERTICAL-2-LIMONES-768x600.jpg",768,600,true],"blossom-feminine-blog":["https:\/\/cafelapalma.com\/wp-content\/uploads\/2023\/03\/FOTO-VERTICAL-2-LIMONES-435x435.jpg",435,435,true],"blossom-feminine-cat":["https:\/\/cafelapalma.com\/wp-content\/uploads\/2023\/03\/FOTO-VERTICAL-2-LIMONES-450x300.jpg",450,300,true],"blossom-feminine-related":["https:\/\/cafelapalma.com\/wp-content\/uploads\/2023\/03\/FOTO-VERTICAL-2-LIMONES-320x200.jpg",320,200,true],"blossom-feminine-schema":["https:\/\/cafelapalma.com\/wp-content\/uploads\/2023\/03\/FOTO-VERTICAL-2-LIMONES-45x60.jpg",45,60,true]},"uagb_author_info":{"display_name":"Victor","author_link":"https:\/\/cafelapalma.com\/en\/author\/comunicacion\/"},"uagb_comment_info":0,"uagb_excerpt":"LIM\u00d3N DULCE formado en Alcobendas a principios de 2020, un mes antes del comienzo de la pandemia . Sus influencias son Mediapunta, Alavedra, Diamante Negro y Perras On the Beach entre otros. El sonido de la banda viaja al igual que sus letras desde el pop\/rock hasta el noise pop e incluso el garage. Divertirse&hellip;","_links":{"self":[{"href":"https:\/\/cafelapalma.com\/en\/wp-json\/wp\/v2\/tribe_events\/26112","targetHints":{"allow":["GET"]}}],"collection":[{"href":"https:\/\/cafelapalma.com\/en\/wp-json\/wp\/v2\/tribe_events"}],"about":[{"href":"https:\/\/cafelapalma.com\/en\/wp-json\/wp\/v2\/types\/tribe_events"}],"author":[{"embeddable":true,"href":"https:\/\/cafelapalma.com\/en\/wp-json\/wp\/v2\/users\/2"}],"version-history":[{"count":0,"href":"https:\/\/cafelapalma.com\/en\/wp-json\/wp\/v2\/tribe_events\/26112\/revisions"}],"wp:featuredmedia":[{"embeddable":true,"href":"https:\/\/cafelapalma.com\/en\/wp-json\/wp\/v2\/media\/26114"}],"wp:attachment":[{"href":"https:\/\/cafelapalma.com\/en\/wp-json\/wp\/v2\/media?parent=26112"}],"wp:term":[{"taxonomy":"post_tag","embeddable":true,"href":"https:\/\/cafelapalma.com\/en\/wp-json\/wp\/v2\/tags?post=26112"},{"taxonomy":"tribe_events_cat","embeddable":true,"href":"https:\/\/cafelapalma.com\/en\/wp-json\/wp\/v2\/tribe_events_cat?post=26112"}],"curies":[{"name":"wp","href":"https:\/\/api.w.org\/{rel}","templated":true}]}}