{"id":26424,"date":"2023-05-08T14:56:42","date_gmt":"2023-05-08T12:56:42","guid":{"rendered":"https:\/\/cafelapalma.com\/?post_type=tribe_events&#038;p=26424"},"modified":"2023-05-22T16:43:08","modified_gmt":"2023-05-22T14:43:08","slug":"rumia-valmara","status":"publish","type":"tribe_events","link":"https:\/\/cafelapalma.com\/en\/programacion\/rumia-valmara\/","title":{"rendered":"RUMIA + VALMARA"},"content":{"rendered":"<div  class=\"tribe-events-schedule tribe-clearfix\" >\n\t<p class=\"tribe-events-schedule__datetime\">\n\t\t<span class=\"tribe-events-schedule__date tribe-events-schedule__date--start\">\n\t\t\t08  June  2023\t\t<\/span>\n\n\t\t\t\t\t<span class=\"tribe-events-schedule__separator tribe-events-schedule__separator--date\">\n\t\t\t\t@\t\t\t<\/span>\n\t\t\t<span class=\"tribe-events-schedule__time tribe-events-schedule__time--start\">\n\t\t\t\t21:00\t\t\t<\/span>\n\t\t\n\t\t\t\t\t\t\t\t\t<span class=\"tribe-events-schedule__separator tribe-events-schedule__separator--time\">\n\t\t\t\t\t&#8211;\t\t\t\t<\/span>\n\t\t\t\n\t\t\t\t\t\t\t<span class=\"tribe-events-schedule__time tribe-events-schedule__time--end\">\n\t\t\t\t\t23:45\t\t\t\t<\/span>\n\t\t\t\n\t\t\t\t\t\t<\/p>\n<\/div>\n\n\n<div  class=\"tribe-block tribe-block__event-price\" >\n\t\t\t<span class=\"tribe-block__event-price__cost\"> 7\u20ac <\/span>\n\t\t\t\t<span class=\"tribe-block__event-price__description\">Anticipada | 10\u20ac Taquilla<\/span>\n\t<\/div>\n\n\n\n<div style=\"height:100px\" aria-hidden=\"true\" class=\"wp-block-spacer\"><\/div>\n\n\n\n<div class=\"wp-block-columns is-layout-flex wp-container-core-columns-is-layout-8f761849 wp-block-columns-is-layout-flex\">\n<div class=\"wp-block-column is-layout-flow wp-block-column-is-layout-flow\" style=\"flex-basis:33.33%\">\n<figure class=\"wp-block-image size-large\"><img loading=\"lazy\" decoding=\"async\" width=\"735\" height=\"1040\" src=\"https:\/\/cafelapalma.com\/wp-content\/uploads\/2023\/05\/VALMARA-RUMIA-A3-735x1040.jpg\" alt=\"\" class=\"wp-image-26512\" srcset=\"https:\/\/cafelapalma.com\/wp-content\/uploads\/2023\/05\/VALMARA-RUMIA-A3-735x1040.jpg 735w, https:\/\/cafelapalma.com\/wp-content\/uploads\/2023\/05\/VALMARA-RUMIA-A3-212x300.jpg 212w, https:\/\/cafelapalma.com\/wp-content\/uploads\/2023\/05\/VALMARA-RUMIA-A3-768x1086.jpg 768w, https:\/\/cafelapalma.com\/wp-content\/uploads\/2023\/05\/VALMARA-RUMIA-A3-42x60.jpg 42w, https:\/\/cafelapalma.com\/wp-content\/uploads\/2023\/05\/VALMARA-RUMIA-A3.jpg 842w\" sizes=\"auto, (max-width: 735px) 100vw, 735px\" \/><\/figure>\n\n\n<div  class=\"tribe-block tribe-block__event-website\" >\n\t<a\n\t\thref=\"https:\/\/entradium.com\/events\/rumia-con-banda-cafe-la-palma-madrid\"\n\t\ttarget=\"_self\"\n\t\t\t>\n\t\tBUY TICKETS\t<\/a>\n<\/div>\n<\/div>\n\n\n\n<div class=\"wp-block-column is-layout-flow wp-block-column-is-layout-flow\" style=\"flex-basis:66.66%\">\n<p class=\"wp-block-paragraph\"><\/p>\n\n\n\n<p class=\"has-text-align-left wp-block-paragraph\"><strong>Rumia<\/strong>, la melanc\u00f3lica artista de coraz\u00f3n indie pop viviendo en Berl\u00edn, se distingue por sus profundas perspectivas l\u00edricas y sus sonidos nost\u00e1lgicos. Impulsada por la escena musical de Berl\u00edn, sus canciones han evolucionado hacia paisajes sonoros m\u00e1s sint\u00e9ticos y electr\u00f3nicos, pero sin abandonar nunca los sonidos naturales del piano y la guitarra ac\u00fastica. Una propuesta fresca influenciada por una amplia gama de g\u00e9neros noventeros como el trip hop, as\u00ed como pop moderno como <strong>Feist <\/strong>o <strong>Taylor Swift<\/strong>. Estas influencias fueron guiadas por su amor por las letras, haciendo de la narraci\u00f3n una de las habilidades m\u00e1s destacadas de <strong>Rumia<\/strong>.<\/p>\n\n\n\n<p class=\"has-text-align-left wp-block-paragraph\">Mitad espa\u00f1ola, mitad portuguesa, <strong>Rumia <\/strong>se mud\u00f3 a <strong>Berl\u00edn <\/strong>para perseguir sus sue\u00f1os y estudiar composici\u00f3n de canciones. Desde entonces, en tan solo unos a\u00f1os, <strong>Rumia <\/strong>ya ha recibido elogios y el apoyo radiof\u00f3nico de <strong>Fritz Unsigned Alemania<\/strong>, <strong>Radio 3<\/strong> y <strong>RTVE<\/strong>, as\u00ed como la validaci\u00f3n cr\u00edtica de <strong>Earmilk <\/strong>y <strong>Stereofox<\/strong>.<\/p>\n\n\n\n<p class=\"has-text-align-left wp-block-paragraph\"><strong>Valmara <\/strong>es una banda formada por cuatro m\u00fasicos madrile\u00f1os que se dedican a hacer fuego que suena a canciones. Cada letra de <strong>Irene<\/strong>, su vocalista, es un conjunto de mol\u00e9culas incandescentes capaz de emitir calor y luz, producto de una reacci\u00f3n qu\u00edmica con los acordes de las guitarras y efectos de <strong>Omar<\/strong>, las locas l\u00edneas de bajo y el buen rollo de Iv\u00e1n y los beats r\u00edtmicamente adictivos de las bater\u00edas de <strong>H\u00e9ctor<\/strong>. Este incendio nace el d\u00eda en el que deciden consolidar un proyecto que andaba fragu\u00e1ndose desde hac\u00eda a\u00f1os en sus cabezas, y aqu\u00ed est\u00e1n para continuar con las presentaciones de <strong><em>\u00abQuintaesencia\u00bb<\/em><\/strong>, su primer trabajo.<\/p>\n<\/div>\n<\/div>\n\n\n\n<div style=\"height:100px\" aria-hidden=\"true\" class=\"wp-block-spacer\"><\/div>\n\n\n\n<hr class=\"wp-block-separator has-alpha-channel-opacity\"\/>\n\n\n\n<div style=\"height:100px\" aria-hidden=\"true\" class=\"wp-block-spacer\"><\/div>\n\n\n<h2 class=\"tribe-block__related-events__title\">Related Events<\/h2>\n\n<ul  class=\"tribe-related-events tribe-clearfix\" >\n\t\t\t<li>\n\t\n<div class=\"tribe-related-events-thumbnail\">\n\t<a href=\"https:\/\/cafelapalma.com\/en\/programacion\/funkin-donuts\/\" class=\"url\" rel=\"bookmark\" tabindex=\"-1\" aria-hidden=\"true\"><img loading=\"lazy\" decoding=\"async\" width=\"693\" height=\"1040\" src=\"https:\/\/cafelapalma.com\/wp-content\/uploads\/2026\/07\/FD-vert2-bn-693x1040.jpg\" class=\"attachment-large size-large wp-post-image\" alt=\"\" \/><\/a>\n<\/div>\n\t<div class=\"tribe-related-event-info\">\n\t<h3 class=\"tribe-related-events-title\">\n\t\t<a href=\"https:\/\/cafelapalma.com\/en\/programacion\/funkin-donuts\/\" class=\"tribe-event-url\" rel=\"bookmark\">\n\t\t\tFUNKIN&#8217; DONUTS\t\t<\/a>\n\t<\/h3>\n\t<span class=\"tribe-event-date-start\">5  September@22:00<\/span><span class=\"tribe-event-time\">23:45<\/span><\/div>\n<\/li>\n\t\t\t<li>\n\t\n<div class=\"tribe-related-events-thumbnail\">\n\t<a href=\"https:\/\/cafelapalma.com\/en\/programacion\/backstage-le-petit-truffle-mayo\/\" class=\"url\" rel=\"bookmark\" tabindex=\"-1\" aria-hidden=\"true\"><img loading=\"lazy\" decoding=\"async\" width=\"780\" height=\"1040\" src=\"https:\/\/cafelapalma.com\/wp-content\/uploads\/2026\/07\/Imagen-TruffleMayo-LePetit-i-1-780x1040.png\" class=\"attachment-large size-large wp-post-image\" alt=\"\" \/><\/a>\n<\/div>\n\t<div class=\"tribe-related-event-info\">\n\t<h3 class=\"tribe-related-events-title\">\n\t\t<a href=\"https:\/\/cafelapalma.com\/en\/programacion\/backstage-le-petit-truffle-mayo\/\" class=\"tribe-event-url\" rel=\"bookmark\">\n\t\t\tBACKSTAGE: LE PETIT + TRUFFLE MAYO\t\t<\/a>\n\t<\/h3>\n\t<span class=\"tribe-event-date-start\">5  September@23:55<\/span><\/div>\n<\/li>\n\t\t\t<li>\n\t\n<div class=\"tribe-related-events-thumbnail\">\n\t<a href=\"https:\/\/cafelapalma.com\/en\/programacion\/willie-deville-concierto-benefico-x-venezuela\/\" class=\"url\" rel=\"bookmark\" tabindex=\"-1\" aria-hidden=\"true\"><img loading=\"lazy\" decoding=\"async\" width=\"1020\" height=\"531\" src=\"https:\/\/cafelapalma.com\/wp-content\/uploads\/2026\/08\/Willie-deville-1100x572-1-1040x541.jpg\" class=\"attachment-large size-large wp-post-image\" alt=\"\" \/><\/a>\n<\/div>\n\t<div class=\"tribe-related-event-info\">\n\t<h3 class=\"tribe-related-events-title\">\n\t\t<a href=\"https:\/\/cafelapalma.com\/en\/programacion\/willie-deville-concierto-benefico-x-venezuela\/\" class=\"tribe-event-url\" rel=\"bookmark\">\n\t\t\tWILLIE DEVILLE: CONCIERTO BEN\u00c9FICO X VENEZUELA\t\t<\/a>\n\t<\/h3>\n\t<span class=\"tribe-event-date-start\">6  September@21:00<\/span><span class=\"tribe-event-time\">23:45<\/span><\/div>\n<\/li>\n\t<\/ul>","protected":false},"excerpt":{"rendered":"<p>Rumia, la melanc\u00f3lica artista de coraz\u00f3n indie pop viviendo en Berl\u00edn, se distingue por sus profundas perspectivas l\u00edricas y sus sonidos nost\u00e1lgicos. Impulsada por la escena musical de Berl\u00edn, sus canciones han evolucionado hacia paisajes sonoros m\u00e1s sint\u00e9ticos y electr\u00f3nicos, pero sin abandonar nunca los sonidos naturales del piano y la guitarra ac\u00fastica. Una propuesta &hellip; <\/p>","protected":false},"author":2,"featured_media":26428,"template":"","meta":{"_tec_requires_first_save":false,"_uag_custom_page_level_css":"","loftloader_page_shortcode":"","_EventAllDay":false,"_EventTimezone":"Europe\/Madrid","_EventStartDate":"2023-06-08 21:00:00","_EventEndDate":"2023-06-08 23:45:00","_EventStartDateUTC":"2023-06-08 19:00:00","_EventEndDateUTC":"2023-06-08 21:45:00","_EventShowMap":false,"_EventShowMapLink":false,"_EventURL":"https:\/\/entradium.com\/events\/rumia-con-banda-cafe-la-palma-madrid","_EventCost":"7","_EventCostDescription":"","_EventCurrencySymbol":"\u20ac","_EventCurrencyCode":"USD","_EventCurrencyPosition":"suffix","_EventDateTimeSeparator":"@","_EventTimeRangeSeparator":"-","_EventOrganizerID":[],"_EventVenueID":[0],"_OrganizerEmail":"","_OrganizerPhone":"","_OrganizerWebsite":"","_VenueAddress":"","_VenueCity":"","_VenueCountry":"","_VenueProvince":"","_VenueState":"","_VenueZip":"","_VenuePhone":"","_VenueURL":"","_VenueStateProvince":"","_VenueLat":"","_VenueLng":"","_VenueShowMap":false,"_VenueShowMapLink":false,"_tribe_blocks_recurrence_rules":"","_tribe_blocks_recurrence_description":"","_tribe_blocks_recurrence_exclusions":"","_ecp_custom_2":"","_tribe_events_status":"","_tribe_events_status_reason":"","_tribe_events_is_hybrid":"","_tribe_events_is_virtual":"","_tribe_events_virtual_video_source":"","_tribe_events_virtual_embed_video":"","_tribe_events_virtual_linked_button_text":"","_tribe_events_virtual_linked_button":"","_tribe_events_virtual_show_embed_at":"","_tribe_events_virtual_show_embed_to":[],"_tribe_events_virtual_show_on_event":"","_tribe_events_virtual_show_on_views":"","_tribe_events_virtual_url":"","footnotes":""},"tags":[13740,1363,8869,2865,9147,9146,1357,13739,8970,9288,1355,13780,1354,13738,13779],"tribe_events_cat":[8963],"class_list":["post-26424","tribe_events","type-tribe_events","status-publish","has-post-thumbnail","hentry","tag-berlin","tag-cafe-la-palma","tag-cafe-la-palma-2","tag-conciertos-cafe-la-palma","tag-conciertos-madrid","tag-conciertos-malasana","tag-electronica","tag-fluctua-records","tag-indie","tag-indie-pop","tag-pop","tag-quintaesencia","tag-rock","tag-rumia","tag-valmara","tribe_events_cat-concierto","cat_concierto"],"uagb_featured_image_src":{"full":["https:\/\/cafelapalma.com\/wp-content\/uploads\/2023\/05\/326262573_1509962929489098_4213028115005391481_n.jpg",640,800,false],"thumbnail":["https:\/\/cafelapalma.com\/wp-content\/uploads\/2023\/05\/326262573_1509962929489098_4213028115005391481_n-150x150.jpg",150,150,true],"medium":["https:\/\/cafelapalma.com\/wp-content\/uploads\/2023\/05\/326262573_1509962929489098_4213028115005391481_n-240x300.jpg",240,300,true],"medium_large":["https:\/\/cafelapalma.com\/wp-content\/uploads\/2023\/05\/326262573_1509962929489098_4213028115005391481_n.jpg",640,800,false],"large":["https:\/\/cafelapalma.com\/wp-content\/uploads\/2023\/05\/326262573_1509962929489098_4213028115005391481_n.jpg",640,800,false],"1536x1536":["https:\/\/cafelapalma.com\/wp-content\/uploads\/2023\/05\/326262573_1509962929489098_4213028115005391481_n.jpg",640,800,false],"2048x2048":["https:\/\/cafelapalma.com\/wp-content\/uploads\/2023\/05\/326262573_1509962929489098_4213028115005391481_n.jpg",640,800,false],"trp-custom-language-flag":["https:\/\/cafelapalma.com\/wp-content\/uploads\/2023\/05\/326262573_1509962929489098_4213028115005391481_n.jpg",10,12,false],"blossom-feminine-slider":["https:\/\/cafelapalma.com\/wp-content\/uploads\/2023\/05\/326262573_1509962929489098_4213028115005391481_n-640x649.jpg",640,649,true],"blossom-feminine-featured":["https:\/\/cafelapalma.com\/wp-content\/uploads\/2023\/05\/326262573_1509962929489098_4213028115005391481_n-640x600.jpg",640,600,true],"blossom-feminine-with-sidebar":["https:\/\/cafelapalma.com\/wp-content\/uploads\/2023\/05\/326262573_1509962929489098_4213028115005391481_n-640x600.jpg",640,600,true],"blossom-feminine-blog":["https:\/\/cafelapalma.com\/wp-content\/uploads\/2023\/05\/326262573_1509962929489098_4213028115005391481_n-435x435.jpg",435,435,true],"blossom-feminine-cat":["https:\/\/cafelapalma.com\/wp-content\/uploads\/2023\/05\/326262573_1509962929489098_4213028115005391481_n-450x300.jpg",450,300,true],"blossom-feminine-related":["https:\/\/cafelapalma.com\/wp-content\/uploads\/2023\/05\/326262573_1509962929489098_4213028115005391481_n-320x200.jpg",320,200,true],"blossom-feminine-schema":["https:\/\/cafelapalma.com\/wp-content\/uploads\/2023\/05\/326262573_1509962929489098_4213028115005391481_n-48x60.jpg",48,60,true]},"uagb_author_info":{"display_name":"Victor","author_link":"https:\/\/cafelapalma.com\/en\/author\/comunicacion\/"},"uagb_comment_info":0,"uagb_excerpt":"Rumia, la melanc\u00f3lica artista de coraz\u00f3n indie pop viviendo en Berl\u00edn, se distingue por sus profundas perspectivas l\u00edricas y sus sonidos nost\u00e1lgicos. Impulsada por la escena musical de Berl\u00edn, sus canciones han evolucionado hacia paisajes sonoros m\u00e1s sint\u00e9ticos y electr\u00f3nicos, pero sin abandonar nunca los sonidos naturales del piano y la guitarra ac\u00fastica. Una propuesta&hellip;","_links":{"self":[{"href":"https:\/\/cafelapalma.com\/en\/wp-json\/wp\/v2\/tribe_events\/26424","targetHints":{"allow":["GET"]}}],"collection":[{"href":"https:\/\/cafelapalma.com\/en\/wp-json\/wp\/v2\/tribe_events"}],"about":[{"href":"https:\/\/cafelapalma.com\/en\/wp-json\/wp\/v2\/types\/tribe_events"}],"author":[{"embeddable":true,"href":"https:\/\/cafelapalma.com\/en\/wp-json\/wp\/v2\/users\/2"}],"version-history":[{"count":0,"href":"https:\/\/cafelapalma.com\/en\/wp-json\/wp\/v2\/tribe_events\/26424\/revisions"}],"wp:featuredmedia":[{"embeddable":true,"href":"https:\/\/cafelapalma.com\/en\/wp-json\/wp\/v2\/media\/26428"}],"wp:attachment":[{"href":"https:\/\/cafelapalma.com\/en\/wp-json\/wp\/v2\/media?parent=26424"}],"wp:term":[{"taxonomy":"post_tag","embeddable":true,"href":"https:\/\/cafelapalma.com\/en\/wp-json\/wp\/v2\/tags?post=26424"},{"taxonomy":"tribe_events_cat","embeddable":true,"href":"https:\/\/cafelapalma.com\/en\/wp-json\/wp\/v2\/tribe_events_cat?post=26424"}],"curies":[{"name":"wp","href":"https:\/\/api.w.org\/{rel}","templated":true}]}}