{"id":26445,"date":"2023-05-10T19:02:29","date_gmt":"2023-05-10T17:02:29","guid":{"rendered":"https:\/\/cafelapalma.com\/programacion\/ataraxia-1-2023-copy\/"},"modified":"2023-05-10T19:07:25","modified_gmt":"2023-05-10T17:07:25","slug":"ataraxia-2-2023","status":"publish","type":"tribe_events","link":"https:\/\/cafelapalma.com\/en\/programacion\/ataraxia-2-2023\/","title":{"rendered":"ATARAXIA CLUB: JAVIER DE LA VEGA &#038; JULIO MART\u00cdNEZ + RADHEZ + JULI G\u00d3MEZ"},"content":{"rendered":"<div  class=\"tribe-events-schedule tribe-clearfix\" >\n\t<p class=\"tribe-events-schedule__datetime\">\n\t\t<span class=\"tribe-events-schedule__date tribe-events-schedule__date--start\">\n\t\t\t10  June  2023\t\t<\/span>\n\n\t\t\t\t\t<span class=\"tribe-events-schedule__separator tribe-events-schedule__separator--date\">\n\t\t\t\t@\t\t\t<\/span>\n\t\t\t<span class=\"tribe-events-schedule__time tribe-events-schedule__time--start\">\n\t\t\t\t23:50\t\t\t<\/span>\n\t\t\n\t\t\t\t\t\t\t\t\t<span class=\"tribe-events-schedule__separator tribe-events-schedule__separator--time\">\n\t\t\t\t\t&#8211;\t\t\t\t<\/span>\n\t\t\t\n\t\t\t\t\t\t\t<span class=\"tribe-events-schedule__time tribe-events-schedule__time--end\">\n\t\t\t\t\t23:55\t\t\t\t<\/span>\n\t\t\t\n\t\t\t\t\t\t<\/p>\n<\/div>\n\n\n<div  class=\"tribe-block tribe-block__event-price\" >\n\t\t\t<span class=\"tribe-block__event-price__cost\"> 11\u20ac <\/span>\n\t\t\t\t<span class=\"tribe-block__event-price__description\">+ gg Anticipada | 13\u20ac Taquilla de 00:00 a 02:00 + UNA COPA o DOS DOBLES | 16\u20ac Taquilla de 02:00 a 06:00 + CONSUMICI\u00d3N<\/span>\n\t<\/div>\n\n\n\n<div style=\"height:100px\" aria-hidden=\"true\" class=\"wp-block-spacer\"><\/div>\n\n\n\n<div class=\"wp-block-columns is-layout-flex wp-container-core-columns-is-layout-8f761849 wp-block-columns-is-layout-flex\">\n<div class=\"wp-block-column is-layout-flow wp-block-column-is-layout-flow\" style=\"flex-basis:33.33%\">\n<figure class=\"wp-block-image size-large\"><img loading=\"lazy\" decoding=\"async\" width=\"735\" height=\"1040\" src=\"https:\/\/cafelapalma.com\/wp-content\/uploads\/2023\/05\/A3_ATX_JUNIO23_CP-LOW_-735x1040.jpg\" alt=\"\" class=\"wp-image-26447\" srcset=\"https:\/\/cafelapalma.com\/wp-content\/uploads\/2023\/05\/A3_ATX_JUNIO23_CP-LOW_-735x1040.jpg 735w, https:\/\/cafelapalma.com\/wp-content\/uploads\/2023\/05\/A3_ATX_JUNIO23_CP-LOW_-212x300.jpg 212w, https:\/\/cafelapalma.com\/wp-content\/uploads\/2023\/05\/A3_ATX_JUNIO23_CP-LOW_-768x1086.jpg 768w, https:\/\/cafelapalma.com\/wp-content\/uploads\/2023\/05\/A3_ATX_JUNIO23_CP-LOW_-1086x1536.jpg 1086w, https:\/\/cafelapalma.com\/wp-content\/uploads\/2023\/05\/A3_ATX_JUNIO23_CP-LOW_-1448x2048.jpg 1448w, https:\/\/cafelapalma.com\/wp-content\/uploads\/2023\/05\/A3_ATX_JUNIO23_CP-LOW_-42x60.jpg 42w\" sizes=\"auto, (max-width: 735px) 100vw, 735px\" \/><\/figure>\n\n\n<div  class=\"tribe-block tribe-block__event-website\" >\n\t<a\n\t\thref=\"https:\/\/link.dice.fm\/i6fde0e77531\"\n\t\ttarget=\"_self\"\n\t\t\t>\n\t\tBUY TICKETS\t<\/a>\n<\/div>\n<\/div>\n\n\n\n<div class=\"wp-block-column is-layout-flow wp-block-column-is-layout-flow\" style=\"flex-basis:66.66%\">\n<p class=\"has-text-align-left wp-block-paragraph\"><strong>ATARAXIA<\/strong> regresa a <strong>CAFE LA PALMA<\/strong>, su casa, donde empez\u00f3 todo, para brindarnos una sesi\u00f3n de m\u00fasica electr\u00f3nica caracterizada por bajos muy marcados con mucho <em>groove<\/em>, mezclado con cortes vocales de todo tipo. Una fiesta divertida que desprende buen rollo, ganas de pasarlo bien y de bailar en pista desconectando de la rutina: una progresi\u00f3n musical acorde a cada momento con los visuales para conseguir evocar una atm\u00f3sfera agradable d\u00f3nde se respire energ\u00eda positiva.&nbsp;<\/p>\n\n\n\n<p class=\"has-text-align-left wp-block-paragraph\"><strong>RADHEZ <\/strong>es un DJ y productor nacido en <strong>Tenerife <\/strong>(Islas Canarias), 1998. En diciembre de 2020, lanza su gran proyecto con un estilo solid, <em>groovy<\/em>, con un sonido peculiar entre los productores actuales, siendo un artista revelaci\u00f3n en la m\u00fasica electr\u00f3nica y underground.<\/p>\n\n\n\n<p class=\"has-text-align-left wp-block-paragraph\"><strong>JULI G\u00d3MEZ<\/strong> es un DJ de tech house de <strong>Huelva<\/strong>, apasionado por la m\u00fasica electr\u00f3nica desde joven. Comenz\u00f3 a mezclar en peque\u00f1as fiestas de amigos, pero r\u00e1pidamente se di\u00f3 cuenta de que quer\u00eda llevar su pasi\u00f3n a un nivel m\u00e1s alto. As\u00ed que empez\u00f3 a tocar en clubes locales y eventos m\u00e1s grandes en su ciudad natal. A lo largo de los a\u00f1os, ha perfeccionado su t\u00e9cnica de mezcla y ha desarrollado un estilo \u00fanico que mezcla lo mejor del techno y el house. Le encanta crear una atm\u00f3sfera emocionante y en\u00e9rgica en la pista de baile, y siempre est\u00e1 buscando nuevas formas de sorprender y deleitar al p\u00fablico.<\/p>\n\n\n\n<p class=\"has-text-align-left wp-block-paragraph\">Con m\u00e1s de doce a\u00f1os de experiencia en el sector como Dj a nivel nacional, <strong>JAVIER DE LA VEGA<\/strong> se caracteriza por un estilo de <em>groove <\/em>y <em>bass <\/em>muy marcado con cortes vocales de todos los tipos. Como productor ha sacado tracks por sellos como <strong>Happy Techno<\/strong>, <strong>Baikonur<\/strong>, <strong>Relative Music<\/strong>, <strong>Rockna<\/strong>, <strong>Siena<\/strong>, <strong>Huambo <\/strong>y <strong>Street Groove<\/strong>.&nbsp;<\/p>\n\n\n\n<p class=\"has-text-align-left wp-block-paragraph\">Los sets de <strong>JULIO MART\u00cdNEZ<\/strong> se caracterizan por un groove oscuro. Dinamismo y soltura son algunos adjetivos que definen a Julio en cabina. Los temas \u201cretro\u201d versionados al <em>tech <\/em>actual combinado con un <em>bass <\/em>potente hacen del artista una ecuaci\u00f3n que fluye en pista a la perfecci\u00f3n. Ha sacado lanzamientos por <strong>Siena Records<\/strong>.&nbsp;<\/p>\n<\/div>\n<\/div>\n\n\n\n<div style=\"height:100px\" aria-hidden=\"true\" class=\"wp-block-spacer\"><\/div>\n\n\n\n<hr class=\"wp-block-separator has-alpha-channel-opacity is-style-wide\"\/>\n\n\n\n<div style=\"height:100px\" aria-hidden=\"true\" class=\"wp-block-spacer\"><\/div>\n\n\n<h2 class=\"tribe-block__related-events__title\">Related Events<\/h2>\n\n<ul  class=\"tribe-related-events tribe-clearfix\" >\n\t\t\t<li>\n\t\n<div class=\"tribe-related-events-thumbnail\">\n\t<a href=\"https:\/\/cafelapalma.com\/en\/programacion\/funkin-donuts\/\" class=\"url\" rel=\"bookmark\" tabindex=\"-1\" aria-hidden=\"true\"><img loading=\"lazy\" decoding=\"async\" width=\"693\" height=\"1040\" src=\"https:\/\/cafelapalma.com\/wp-content\/uploads\/2026\/07\/FD-vert2-bn-693x1040.jpg\" class=\"attachment-large size-large wp-post-image\" alt=\"\" \/><\/a>\n<\/div>\n\t<div class=\"tribe-related-event-info\">\n\t<h3 class=\"tribe-related-events-title\">\n\t\t<a href=\"https:\/\/cafelapalma.com\/en\/programacion\/funkin-donuts\/\" class=\"tribe-event-url\" rel=\"bookmark\">\n\t\t\tFUNKIN&#8217; DONUTS\t\t<\/a>\n\t<\/h3>\n\t<span class=\"tribe-event-date-start\">5  September@22:00<\/span><span class=\"tribe-event-time\">23:45<\/span><\/div>\n<\/li>\n\t\t\t<li>\n\t\n<div class=\"tribe-related-events-thumbnail\">\n\t<a href=\"https:\/\/cafelapalma.com\/en\/programacion\/backstage-le-petit-truffle-mayo\/\" class=\"url\" rel=\"bookmark\" tabindex=\"-1\" aria-hidden=\"true\"><img loading=\"lazy\" decoding=\"async\" width=\"780\" height=\"1040\" src=\"https:\/\/cafelapalma.com\/wp-content\/uploads\/2026\/07\/Imagen-TruffleMayo-LePetit-i-1-780x1040.png\" class=\"attachment-large size-large wp-post-image\" alt=\"\" \/><\/a>\n<\/div>\n\t<div class=\"tribe-related-event-info\">\n\t<h3 class=\"tribe-related-events-title\">\n\t\t<a href=\"https:\/\/cafelapalma.com\/en\/programacion\/backstage-le-petit-truffle-mayo\/\" class=\"tribe-event-url\" rel=\"bookmark\">\n\t\t\tBACKSTAGE: LE PETIT + TRUFFLE MAYO\t\t<\/a>\n\t<\/h3>\n\t<span class=\"tribe-event-date-start\">5  September@23:55<\/span><\/div>\n<\/li>\n\t\t\t<li>\n\t\n<div class=\"tribe-related-events-thumbnail\">\n\t<a href=\"https:\/\/cafelapalma.com\/en\/programacion\/willie-deville-concierto-benefico-x-venezuela\/\" class=\"url\" rel=\"bookmark\" tabindex=\"-1\" aria-hidden=\"true\"><img loading=\"lazy\" decoding=\"async\" width=\"1020\" height=\"531\" src=\"https:\/\/cafelapalma.com\/wp-content\/uploads\/2026\/08\/Willie-deville-1100x572-1-1040x541.jpg\" class=\"attachment-large size-large wp-post-image\" alt=\"\" \/><\/a>\n<\/div>\n\t<div class=\"tribe-related-event-info\">\n\t<h3 class=\"tribe-related-events-title\">\n\t\t<a href=\"https:\/\/cafelapalma.com\/en\/programacion\/willie-deville-concierto-benefico-x-venezuela\/\" class=\"tribe-event-url\" rel=\"bookmark\">\n\t\t\tWILLIE DEVILLE: CONCIERTO BEN\u00c9FICO X VENEZUELA\t\t<\/a>\n\t<\/h3>\n\t<span class=\"tribe-event-date-start\">6  September@21:00<\/span><span class=\"tribe-event-time\">23:45<\/span><\/div>\n<\/li>\n\t<\/ul>","protected":false},"excerpt":{"rendered":"<p>ATARAXIA regresa a CAFE LA PALMA, su casa, donde empez\u00f3 todo, para brindarnos una sesi\u00f3n de m\u00fasica electr\u00f3nica caracterizada por bajos muy marcados con mucho groove, mezclado con cortes vocales de todo tipo. Una fiesta divertida que desprende buen rollo, ganas de pasarlo bien y de bailar en pista desconectando de la rutina: una progresi\u00f3n &hellip; <\/p>","protected":false},"author":2,"featured_media":25565,"template":"","meta":{"_tec_requires_first_save":false,"_uag_custom_page_level_css":"","loftloader_page_shortcode":"","_EventAllDay":false,"_EventTimezone":"Europe\/Madrid","_EventStartDate":"2023-06-10 23:50:00","_EventEndDate":"2023-06-10 23:55:00","_EventStartDateUTC":"2023-06-10 21:50:00","_EventEndDateUTC":"2023-06-10 21:55:00","_EventShowMap":false,"_EventShowMapLink":false,"_EventURL":"https:\/\/link.dice.fm\/i6fde0e77531","_EventCost":"11","_EventCostDescription":"","_EventCurrencySymbol":"\u20ac","_EventCurrencyCode":"","_EventCurrencyPosition":"suffix","_EventDateTimeSeparator":"@","_EventTimeRangeSeparator":"-","_EventOrganizerID":[],"_EventVenueID":[0],"_OrganizerEmail":"","_OrganizerPhone":"","_OrganizerWebsite":"","_VenueAddress":"","_VenueCity":"","_VenueCountry":"","_VenueProvince":"","_VenueState":"","_VenueZip":"","_VenuePhone":"","_VenueURL":"","_VenueStateProvince":"","_VenueLat":"","_VenueLng":"","_VenueShowMap":false,"_VenueShowMapLink":false,"_tribe_blocks_recurrence_rules":"","_tribe_blocks_recurrence_description":"","_tribe_blocks_recurrence_exclusions":"","_ecp_custom_2":"","_tribe_events_status":"","_tribe_events_status_reason":"","_tribe_events_is_hybrid":"","_tribe_events_is_virtual":"","_tribe_events_virtual_video_source":"","_tribe_events_virtual_embed_video":"","_tribe_events_virtual_linked_button_text":"","_tribe_events_virtual_linked_button":"","_tribe_events_virtual_show_embed_at":"","_tribe_events_virtual_show_embed_to":[],"_tribe_events_virtual_show_on_event":"","_tribe_events_virtual_show_on_views":"","_tribe_events_virtual_url":"","footnotes":""},"tags":[13010,13023,11133,13015,1363,9225,9557,9578,13022,9226,9227,1357,9252,13020,13017,9309,13027,13012,13756,13013,13018,13016,13011,13755,13024,13025,13026,13028,9540,13021,776,13019,13014],"tribe_events_cat":[8964],"class_list":["post-26445","tribe_events","type-tribe_events","status-publish","has-post-thumbnail","hentry","tag-ataraxia","tag-baikonour","tag-bakalao","tag-be-one-records","tag-cafe-la-palma","tag-cafe-la-palma-clubbing","tag-deep-house","tag-deep-tech-house","tag-distortion","tag-djs-madrid","tag-djs-malasana","tag-electronica","tag-groove","tag-happy-techno","tag-hood-politics","tag-house","tag-huambo","tag-javier-de-la-vega","tag-juli-gomez","tag-julio-martinez","tag-low-groove","tag-material","tag-matraca","tag-radhez","tag-relative-music","tag-rockna","tag-siena","tag-street-groove","tag-tech-house","tag-techaway","tag-techno","tag-wild-card","tag-yrm","tribe_events_cat-clubbing","cat_clubbing"],"uagb_featured_image_src":{"full":["https:\/\/cafelapalma.com\/wp-content\/uploads\/2023\/01\/ATARAXIA-FRONT.jpg",1080,1920,false],"thumbnail":["https:\/\/cafelapalma.com\/wp-content\/uploads\/2023\/01\/ATARAXIA-FRONT-150x150.jpg",150,150,true],"medium":["https:\/\/cafelapalma.com\/wp-content\/uploads\/2023\/01\/ATARAXIA-FRONT-169x300.jpg",169,300,true],"medium_large":["https:\/\/cafelapalma.com\/wp-content\/uploads\/2023\/01\/ATARAXIA-FRONT-768x1365.jpg",768,1365,true],"large":["https:\/\/cafelapalma.com\/wp-content\/uploads\/2023\/01\/ATARAXIA-FRONT-585x1040.jpg",585,1040,true],"1536x1536":["https:\/\/cafelapalma.com\/wp-content\/uploads\/2023\/01\/ATARAXIA-FRONT-864x1536.jpg",864,1536,true],"2048x2048":["https:\/\/cafelapalma.com\/wp-content\/uploads\/2023\/01\/ATARAXIA-FRONT.jpg",1080,1920,false],"trp-custom-language-flag":["https:\/\/cafelapalma.com\/wp-content\/uploads\/2023\/01\/ATARAXIA-FRONT.jpg",7,12,false],"blossom-feminine-slider":["https:\/\/cafelapalma.com\/wp-content\/uploads\/2023\/01\/ATARAXIA-FRONT-1080x649.jpg",1080,649,true],"blossom-feminine-featured":["https:\/\/cafelapalma.com\/wp-content\/uploads\/2023\/01\/ATARAXIA-FRONT-1080x600.jpg",1080,600,true],"blossom-feminine-with-sidebar":["https:\/\/cafelapalma.com\/wp-content\/uploads\/2023\/01\/ATARAXIA-FRONT-1020x600.jpg",1020,600,true],"blossom-feminine-blog":["https:\/\/cafelapalma.com\/wp-content\/uploads\/2023\/01\/ATARAXIA-FRONT-435x435.jpg",435,435,true],"blossom-feminine-cat":["https:\/\/cafelapalma.com\/wp-content\/uploads\/2023\/01\/ATARAXIA-FRONT-450x300.jpg",450,300,true],"blossom-feminine-related":["https:\/\/cafelapalma.com\/wp-content\/uploads\/2023\/01\/ATARAXIA-FRONT-320x200.jpg",320,200,true],"blossom-feminine-schema":["https:\/\/cafelapalma.com\/wp-content\/uploads\/2023\/01\/ATARAXIA-FRONT-34x60.jpg",34,60,true]},"uagb_author_info":{"display_name":"Victor","author_link":"https:\/\/cafelapalma.com\/en\/author\/comunicacion\/"},"uagb_comment_info":0,"uagb_excerpt":"ATARAXIA regresa a CAFE LA PALMA, su casa, donde empez\u00f3 todo, para brindarnos una sesi\u00f3n de m\u00fasica electr\u00f3nica caracterizada por bajos muy marcados con mucho groove, mezclado con cortes vocales de todo tipo. Una fiesta divertida que desprende buen rollo, ganas de pasarlo bien y de bailar en pista desconectando de la rutina: una progresi\u00f3n&hellip;","_links":{"self":[{"href":"https:\/\/cafelapalma.com\/en\/wp-json\/wp\/v2\/tribe_events\/26445","targetHints":{"allow":["GET"]}}],"collection":[{"href":"https:\/\/cafelapalma.com\/en\/wp-json\/wp\/v2\/tribe_events"}],"about":[{"href":"https:\/\/cafelapalma.com\/en\/wp-json\/wp\/v2\/types\/tribe_events"}],"author":[{"embeddable":true,"href":"https:\/\/cafelapalma.com\/en\/wp-json\/wp\/v2\/users\/2"}],"version-history":[{"count":0,"href":"https:\/\/cafelapalma.com\/en\/wp-json\/wp\/v2\/tribe_events\/26445\/revisions"}],"wp:featuredmedia":[{"embeddable":true,"href":"https:\/\/cafelapalma.com\/en\/wp-json\/wp\/v2\/media\/25565"}],"wp:attachment":[{"href":"https:\/\/cafelapalma.com\/en\/wp-json\/wp\/v2\/media?parent=26445"}],"wp:term":[{"taxonomy":"post_tag","embeddable":true,"href":"https:\/\/cafelapalma.com\/en\/wp-json\/wp\/v2\/tags?post=26445"},{"taxonomy":"tribe_events_cat","embeddable":true,"href":"https:\/\/cafelapalma.com\/en\/wp-json\/wp\/v2\/tribe_events_cat?post=26445"}],"curies":[{"name":"wp","href":"https:\/\/api.w.org\/{rel}","templated":true}]}}