{"id":26460,"date":"2023-05-16T12:58:36","date_gmt":"2023-05-16T10:58:36","guid":{"rendered":"https:\/\/cafelapalma.com\/?post_type=tribe_events&#038;p=26460"},"modified":"2023-05-31T15:06:16","modified_gmt":"2023-05-31T13:06:16","slug":"supermeganada-ivorythe","status":"publish","type":"tribe_events","link":"https:\/\/cafelapalma.com\/en\/programacion\/supermeganada-ivorythe\/","title":{"rendered":"SUPERMEGANADA + IVORY.THE"},"content":{"rendered":"<div  class=\"tribe-events-schedule tribe-clearfix\" >\n\t<p class=\"tribe-events-schedule__datetime\">\n\t\t<span class=\"tribe-events-schedule__date tribe-events-schedule__date--start\">\n\t\t\t30  June  2023\t\t<\/span>\n\n\t\t\t\t\t<span class=\"tribe-events-schedule__separator tribe-events-schedule__separator--date\">\n\t\t\t\t@\t\t\t<\/span>\n\t\t\t<span class=\"tribe-events-schedule__time tribe-events-schedule__time--start\">\n\t\t\t\t21:30\t\t\t<\/span>\n\t\t\n\t\t\t\t\t\t\t\t\t<span class=\"tribe-events-schedule__separator tribe-events-schedule__separator--time\">\n\t\t\t\t\t&#8211;\t\t\t\t<\/span>\n\t\t\t\n\t\t\t\t\t\t\t<span class=\"tribe-events-schedule__time tribe-events-schedule__time--end\">\n\t\t\t\t\t23:45\t\t\t\t<\/span>\n\t\t\t\n\t\t\t\t\t\t<\/p>\n<\/div>\n\n\n<div  class=\"tribe-block tribe-block__event-price\" >\n\t\t\t<span class=\"tribe-block__event-price__cost\"> 8\u20ac <\/span>\n\t\t\t\t<span class=\"tribe-block__event-price__description\">+ gg Anticipada | 10\u20ac Taquilla<\/span>\n\t<\/div>\n\n\n\n<div style=\"height:100px\" aria-hidden=\"true\" class=\"wp-block-spacer\"><\/div>\n\n\n\n<div class=\"wp-block-columns is-layout-flex wp-container-core-columns-is-layout-8f761849 wp-block-columns-is-layout-flex\">\n<div class=\"wp-block-column is-layout-flow wp-block-column-is-layout-flow\" style=\"flex-basis:33.33%\">\n<figure class=\"wp-block-image size-large\"><img loading=\"lazy\" decoding=\"async\" width=\"735\" height=\"1040\" src=\"https:\/\/cafelapalma.com\/wp-content\/uploads\/2023\/05\/SUPERMEGANADA-IVORY-A3-LOW-735x1040.jpg\" alt=\"\" class=\"wp-image-26568\" srcset=\"https:\/\/cafelapalma.com\/wp-content\/uploads\/2023\/05\/SUPERMEGANADA-IVORY-A3-LOW-735x1040.jpg 735w, https:\/\/cafelapalma.com\/wp-content\/uploads\/2023\/05\/SUPERMEGANADA-IVORY-A3-LOW-212x300.jpg 212w, https:\/\/cafelapalma.com\/wp-content\/uploads\/2023\/05\/SUPERMEGANADA-IVORY-A3-LOW-768x1086.jpg 768w, https:\/\/cafelapalma.com\/wp-content\/uploads\/2023\/05\/SUPERMEGANADA-IVORY-A3-LOW-1086x1536.jpg 1086w, https:\/\/cafelapalma.com\/wp-content\/uploads\/2023\/05\/SUPERMEGANADA-IVORY-A3-LOW-1448x2048.jpg 1448w, https:\/\/cafelapalma.com\/wp-content\/uploads\/2023\/05\/SUPERMEGANADA-IVORY-A3-LOW-42x60.jpg 42w, https:\/\/cafelapalma.com\/wp-content\/uploads\/2023\/05\/SUPERMEGANADA-IVORY-A3-LOW.jpg 1587w\" sizes=\"auto, (max-width: 735px) 100vw, 735px\" \/><\/figure>\n\n\n<div  class=\"tribe-block tribe-block__event-website\" >\n\t<a\n\t\thref=\"https:\/\/link.dice.fm\/Ie429fe4a53a\"\n\t\ttarget=\"_self\"\n\t\t\t>\n\t\tBUY TICKETS\t<\/a>\n<\/div>\n<\/div>\n\n\n\n<div class=\"wp-block-column is-layout-flow wp-block-column-is-layout-flow\" style=\"flex-basis:66.66%\">\n<p class=\"wp-block-paragraph\"><\/p>\n\n\n\n<p class=\"has-text-align-left wp-block-paragraph\">Pop contempor\u00e1neo: as\u00ed podr\u00eda definirse el sonido de <strong>SUPERMEGANADA<\/strong>. Hijos tard\u00edos de los \u201890, <strong>V\u00edctor<\/strong>, <strong>Guille <\/strong>y <strong>Marc <\/strong>bucean entre los iconos del extrarradio barcelon\u00e9s con los que ha crecido toda una generaci\u00f3n. El tr\u00edo de <strong>Sant Adri\u00e0 del Bes\u00f2s<\/strong> a\u00fana lo mejor de cada g\u00e9nero para construir un discurso musical con melod\u00edas directas del pop cl\u00e1sico, guitarras c\u00e1lidas a lo bedroom pop, sintetizadores futuristas, percusiones urbanas, el vocoder\u2026 y se adentran, con naturalidad y sin ning\u00fan tipo de miedo, dentro de nuevos mundos y formas digitales, consiguiendo erigirse en la voz de todos esos j\u00f3venes que combinan ternura y mala leche a partes iguales. Puro <em>late millenialism<\/em>.<\/p>\n\n\n\n<p class=\"has-text-align-left wp-block-paragraph\">Tras un 2019 en el que publicaron hasta cuatro singles, en 2020 lleg\u00f3 su primera mixtape, <strong><em>\u2018SUER.T\u2019<\/em><\/strong>, siete canciones originales que entrelazan el sonido m\u00e1s pop con los ritmos y producciones urbanas m\u00e1s innovadoras. En 2023 han publicado su primer LP, <strong><em>\u201cLlaves, m\u00f3vil, mascarilla y abrigo\u201d<\/em><\/strong>, un disco de melod\u00edas redondas que a\u00fana guitarras, cajas de ritmos y sintetizadores. Un \u00e1lbum apto tanto para fans de las guitarras como del urbano que promete darles muchas alegr\u00edas.<\/p>\n\n\n\n<p class=\"has-text-align-left wp-block-paragraph\"><strong>Ivory.the<\/strong> es un grupo para los colegas. Todas las canciones hablan de amor, desamor y de sexo: estas no. Estas hablan de historias costumbristas entre colegas, familia y alguna que otra reflexi\u00f3n random. En su \u00faltimo disco <strong><em>\u00abtemas breves pero intensos (this is for my tetes)\u00bb<\/em><\/strong> hay verdaderos temazos que convalidan la terapia por lo menos por dos semanas.<\/p>\n<\/div>\n<\/div>\n\n\n\n<div style=\"height:100px\" aria-hidden=\"true\" class=\"wp-block-spacer\"><\/div>\n\n\n\n<hr class=\"wp-block-separator has-alpha-channel-opacity\"\/>\n\n\n\n<div style=\"height:100px\" aria-hidden=\"true\" class=\"wp-block-spacer\"><\/div>\n\n\n<h2 class=\"tribe-block__related-events__title\">Related Events<\/h2>\n\n<ul  class=\"tribe-related-events tribe-clearfix\" >\n\t\t\t<li>\n\t\n<div class=\"tribe-related-events-thumbnail\">\n\t<a href=\"https:\/\/cafelapalma.com\/en\/programacion\/funkin-donuts\/\" class=\"url\" rel=\"bookmark\" tabindex=\"-1\" aria-hidden=\"true\"><img loading=\"lazy\" decoding=\"async\" width=\"693\" height=\"1040\" src=\"https:\/\/cafelapalma.com\/wp-content\/uploads\/2026\/07\/FD-vert2-bn-693x1040.jpg\" class=\"attachment-large size-large wp-post-image\" alt=\"\" \/><\/a>\n<\/div>\n\t<div class=\"tribe-related-event-info\">\n\t<h3 class=\"tribe-related-events-title\">\n\t\t<a href=\"https:\/\/cafelapalma.com\/en\/programacion\/funkin-donuts\/\" class=\"tribe-event-url\" rel=\"bookmark\">\n\t\t\tFUNKIN&#8217; DONUTS\t\t<\/a>\n\t<\/h3>\n\t<span class=\"tribe-event-date-start\">5  September@22:00<\/span><span class=\"tribe-event-time\">23:45<\/span><\/div>\n<\/li>\n\t\t\t<li>\n\t\n<div class=\"tribe-related-events-thumbnail\">\n\t<a href=\"https:\/\/cafelapalma.com\/en\/programacion\/backstage-le-petit-truffle-mayo\/\" class=\"url\" rel=\"bookmark\" tabindex=\"-1\" aria-hidden=\"true\"><img loading=\"lazy\" decoding=\"async\" width=\"780\" height=\"1040\" src=\"https:\/\/cafelapalma.com\/wp-content\/uploads\/2026\/07\/Imagen-TruffleMayo-LePetit-i-1-780x1040.png\" class=\"attachment-large size-large wp-post-image\" alt=\"\" \/><\/a>\n<\/div>\n\t<div class=\"tribe-related-event-info\">\n\t<h3 class=\"tribe-related-events-title\">\n\t\t<a href=\"https:\/\/cafelapalma.com\/en\/programacion\/backstage-le-petit-truffle-mayo\/\" class=\"tribe-event-url\" rel=\"bookmark\">\n\t\t\tBACKSTAGE: LE PETIT + TRUFFLE MAYO\t\t<\/a>\n\t<\/h3>\n\t<span class=\"tribe-event-date-start\">5  September@23:55<\/span><\/div>\n<\/li>\n\t\t\t<li>\n\t\n<div class=\"tribe-related-events-thumbnail\">\n\t<a href=\"https:\/\/cafelapalma.com\/en\/programacion\/willie-deville-concierto-benefico-x-venezuela\/\" class=\"url\" rel=\"bookmark\" tabindex=\"-1\" aria-hidden=\"true\"><img loading=\"lazy\" decoding=\"async\" width=\"1020\" height=\"531\" src=\"https:\/\/cafelapalma.com\/wp-content\/uploads\/2026\/08\/Willie-deville-1100x572-1-1040x541.jpg\" class=\"attachment-large size-large wp-post-image\" alt=\"\" \/><\/a>\n<\/div>\n\t<div class=\"tribe-related-event-info\">\n\t<h3 class=\"tribe-related-events-title\">\n\t\t<a href=\"https:\/\/cafelapalma.com\/en\/programacion\/willie-deville-concierto-benefico-x-venezuela\/\" class=\"tribe-event-url\" rel=\"bookmark\">\n\t\t\tWILLIE DEVILLE: CONCIERTO BEN\u00c9FICO X VENEZUELA\t\t<\/a>\n\t<\/h3>\n\t<span class=\"tribe-event-date-start\">6  September@21:00<\/span><span class=\"tribe-event-time\">23:45<\/span><\/div>\n<\/li>\n\t<\/ul>","protected":false},"excerpt":{"rendered":"<p>Pop contempor\u00e1neo: as\u00ed podr\u00eda definirse el sonido de SUPERMEGANADA. Hijos tard\u00edos de los \u201890, V\u00edctor, Guille y Marc bucean entre los iconos del extrarradio barcelon\u00e9s con los que ha crecido toda una generaci\u00f3n. El tr\u00edo de Sant Adri\u00e0 del Bes\u00f2s a\u00fana lo mejor de cada g\u00e9nero para construir un discurso musical con melod\u00edas directas del &hellip; <\/p>","protected":false},"author":2,"featured_media":26462,"template":"","meta":{"_tec_requires_first_save":false,"_uag_custom_page_level_css":"","loftloader_page_shortcode":"","_EventAllDay":false,"_EventTimezone":"Europe\/Madrid","_EventStartDate":"2023-06-30 21:30:00","_EventEndDate":"2023-06-30 23:45:00","_EventStartDateUTC":"2023-06-30 19:30:00","_EventEndDateUTC":"2023-06-30 21:45:00","_EventShowMap":false,"_EventShowMapLink":false,"_EventURL":"https:\/\/link.dice.fm\/Ie429fe4a53a","_EventCost":"8","_EventCostDescription":"","_EventCurrencySymbol":"\u20ac","_EventCurrencyCode":"USD","_EventCurrencyPosition":"suffix","_EventDateTimeSeparator":"@","_EventTimeRangeSeparator":"-","_EventOrganizerID":[],"_EventVenueID":[0],"_OrganizerEmail":"","_OrganizerPhone":"","_OrganizerWebsite":"","_VenueAddress":"","_VenueCity":"","_VenueCountry":"","_VenueProvince":"","_VenueState":"","_VenueZip":"","_VenuePhone":"","_VenueURL":"","_VenueStateProvince":"","_VenueLat":"","_VenueLng":"","_VenueShowMap":false,"_VenueShowMapLink":false,"_tribe_blocks_recurrence_rules":"","_tribe_blocks_recurrence_description":"","_tribe_blocks_recurrence_exclusions":"","_ecp_custom_2":"","_tribe_events_status":"","_tribe_events_status_reason":"","_tribe_events_is_hybrid":"","_tribe_events_is_virtual":"","_tribe_events_virtual_video_source":"","_tribe_events_virtual_embed_video":"","_tribe_events_virtual_linked_button_text":"","_tribe_events_virtual_linked_button":"","_tribe_events_virtual_show_embed_at":"","_tribe_events_virtual_show_embed_to":[],"_tribe_events_virtual_show_on_event":"","_tribe_events_virtual_show_on_views":"","_tribe_events_virtual_url":"","footnotes":""},"tags":[9438,8869,1363,2865,9147,9146,13775,13844,13294,13763,13769,1355,13764,13765,13762,9540,13846,13845,13847],"tribe_events_cat":[8963],"class_list":["post-26460","tribe_events","type-tribe_events","status-publish","has-post-thumbnail","hentry","tag-bedroom-pop","tag-cafe-la-palma-2","tag-cafe-la-palma","tag-conciertos-cafe-la-palma","tag-conciertos-madrid","tag-conciertos-malasana","tag-electropop","tag-ivory-the","tag-las-amigas","tag-las-amigas-2","tag-llaves-movil-mascarilla-y-abrigo","tag-pop","tag-sant-adria-del-besos","tag-suer-t","tag-supermeganada","tag-tech-house","tag-temas-breves-pero-intensos","tag-the-ivory","tag-this-is-for-my-tetes","tribe_events_cat-concierto","cat_concierto"],"uagb_featured_image_src":{"full":["https:\/\/cafelapalma.com\/wp-content\/uploads\/2023\/05\/SUPERMEGANADA-HZ-LOW-scaled.jpg",2007,3000,false],"thumbnail":["https:\/\/cafelapalma.com\/wp-content\/uploads\/2023\/05\/SUPERMEGANADA-HZ-LOW-150x150.jpg",150,150,true],"medium":["https:\/\/cafelapalma.com\/wp-content\/uploads\/2023\/05\/SUPERMEGANADA-HZ-LOW-201x300.jpg",201,300,true],"medium_large":["https:\/\/cafelapalma.com\/wp-content\/uploads\/2023\/05\/SUPERMEGANADA-HZ-LOW-768x1148.jpg",768,1148,true],"large":["https:\/\/cafelapalma.com\/wp-content\/uploads\/2023\/05\/SUPERMEGANADA-HZ-LOW-696x1040.jpg",696,1040,true],"1536x1536":["https:\/\/cafelapalma.com\/wp-content\/uploads\/2023\/05\/SUPERMEGANADA-HZ-LOW-1027x1536.jpg",1027,1536,true],"2048x2048":["https:\/\/cafelapalma.com\/wp-content\/uploads\/2023\/05\/SUPERMEGANADA-HZ-LOW-1370x2048.jpg",1370,2048,true],"trp-custom-language-flag":["https:\/\/cafelapalma.com\/wp-content\/uploads\/2023\/05\/SUPERMEGANADA-HZ-LOW-scaled.jpg",8,12,false],"blossom-feminine-slider":["https:\/\/cafelapalma.com\/wp-content\/uploads\/2023\/05\/SUPERMEGANADA-HZ-LOW-1920x649.jpg",1920,649,true],"blossom-feminine-featured":["https:\/\/cafelapalma.com\/wp-content\/uploads\/2023\/05\/SUPERMEGANADA-HZ-LOW-1410x600.jpg",1410,600,true],"blossom-feminine-with-sidebar":["https:\/\/cafelapalma.com\/wp-content\/uploads\/2023\/05\/SUPERMEGANADA-HZ-LOW-1020x600.jpg",1020,600,true],"blossom-feminine-blog":["https:\/\/cafelapalma.com\/wp-content\/uploads\/2023\/05\/SUPERMEGANADA-HZ-LOW-435x435.jpg",435,435,true],"blossom-feminine-cat":["https:\/\/cafelapalma.com\/wp-content\/uploads\/2023\/05\/SUPERMEGANADA-HZ-LOW-450x300.jpg",450,300,true],"blossom-feminine-related":["https:\/\/cafelapalma.com\/wp-content\/uploads\/2023\/05\/SUPERMEGANADA-HZ-LOW-320x200.jpg",320,200,true],"blossom-feminine-schema":["https:\/\/cafelapalma.com\/wp-content\/uploads\/2023\/05\/SUPERMEGANADA-HZ-LOW-40x60.jpg",40,60,true]},"uagb_author_info":{"display_name":"Victor","author_link":"https:\/\/cafelapalma.com\/en\/author\/comunicacion\/"},"uagb_comment_info":0,"uagb_excerpt":"Pop contempor\u00e1neo: as\u00ed podr\u00eda definirse el sonido de SUPERMEGANADA. Hijos tard\u00edos de los \u201890, V\u00edctor, Guille y Marc bucean entre los iconos del extrarradio barcelon\u00e9s con los que ha crecido toda una generaci\u00f3n. El tr\u00edo de Sant Adri\u00e0 del Bes\u00f2s a\u00fana lo mejor de cada g\u00e9nero para construir un discurso musical con melod\u00edas directas del&hellip;","_links":{"self":[{"href":"https:\/\/cafelapalma.com\/en\/wp-json\/wp\/v2\/tribe_events\/26460","targetHints":{"allow":["GET"]}}],"collection":[{"href":"https:\/\/cafelapalma.com\/en\/wp-json\/wp\/v2\/tribe_events"}],"about":[{"href":"https:\/\/cafelapalma.com\/en\/wp-json\/wp\/v2\/types\/tribe_events"}],"author":[{"embeddable":true,"href":"https:\/\/cafelapalma.com\/en\/wp-json\/wp\/v2\/users\/2"}],"version-history":[{"count":0,"href":"https:\/\/cafelapalma.com\/en\/wp-json\/wp\/v2\/tribe_events\/26460\/revisions"}],"wp:featuredmedia":[{"embeddable":true,"href":"https:\/\/cafelapalma.com\/en\/wp-json\/wp\/v2\/media\/26462"}],"wp:attachment":[{"href":"https:\/\/cafelapalma.com\/en\/wp-json\/wp\/v2\/media?parent=26460"}],"wp:term":[{"taxonomy":"post_tag","embeddable":true,"href":"https:\/\/cafelapalma.com\/en\/wp-json\/wp\/v2\/tags?post=26460"},{"taxonomy":"tribe_events_cat","embeddable":true,"href":"https:\/\/cafelapalma.com\/en\/wp-json\/wp\/v2\/tribe_events_cat?post=26460"}],"curies":[{"name":"wp","href":"https:\/\/api.w.org\/{rel}","templated":true}]}}