{"id":26653,"date":"2023-06-19T13:23:31","date_gmt":"2023-06-19T11:23:31","guid":{"rendered":"https:\/\/cafelapalma.com\/?post_type=tribe_events&#038;p=26653"},"modified":"2023-10-19T13:58:45","modified_gmt":"2023-10-19T11:58:45","slug":"hamish-hawk","status":"publish","type":"tribe_events","link":"https:\/\/cafelapalma.com\/en\/programacion\/hamish-hawk\/","title":{"rendered":"HAMISH HAWK + ANA WEBB"},"content":{"rendered":"<div  class=\"tribe-events-schedule tribe-clearfix\" >\n\t<p class=\"tribe-events-schedule__datetime\">\n\t\t<span class=\"tribe-events-schedule__date tribe-events-schedule__date--start\">\n\t\t\t26  October  2023\t\t<\/span>\n\n\t\t\t\t\t<span class=\"tribe-events-schedule__separator tribe-events-schedule__separator--date\">\n\t\t\t\t@\t\t\t<\/span>\n\t\t\t<span class=\"tribe-events-schedule__time tribe-events-schedule__time--start\">\n\t\t\t\t21:00\t\t\t<\/span>\n\t\t\n\t\t\t\t\t\t\t\t\t<span class=\"tribe-events-schedule__separator tribe-events-schedule__separator--time\">\n\t\t\t\t\t&#8211;\t\t\t\t<\/span>\n\t\t\t\n\t\t\t\t\t\t\t<span class=\"tribe-events-schedule__time tribe-events-schedule__time--end\">\n\t\t\t\t\t23:30\t\t\t\t<\/span>\n\t\t\t\n\t\t\t\t\t\t<\/p>\n<\/div>\n\n\n<div  class=\"tribe-block tribe-block__event-price\" >\n\t\t\t<span class=\"tribe-block__event-price__cost\"> 18\u20ac <\/span>\n\t\t\t\t<span class=\"tribe-block__event-price__description\">+ gg Anticipada | 22\u20ac Taquilla<\/span>\n\t<\/div>\n\n\n\n<div style=\"height:100px\" aria-hidden=\"true\" class=\"wp-block-spacer\"><\/div>\n\n\n\n<div class=\"wp-block-columns is-layout-flex wp-container-core-columns-is-layout-8f761849 wp-block-columns-is-layout-flex\">\n<div class=\"wp-block-column is-layout-flow wp-block-column-is-layout-flow\" style=\"flex-basis:33.33%\">\n<figure class=\"wp-block-image size-full\"><img loading=\"lazy\" decoding=\"async\" width=\"297\" height=\"420\" src=\"https:\/\/cafelapalma.com\/wp-content\/uploads\/2023\/06\/HAMISHHAWK-A3-LOW.jpg\" alt=\"\" class=\"wp-image-26654\" srcset=\"https:\/\/cafelapalma.com\/wp-content\/uploads\/2023\/06\/HAMISHHAWK-A3-LOW.jpg 297w, https:\/\/cafelapalma.com\/wp-content\/uploads\/2023\/06\/HAMISHHAWK-A3-LOW-212x300.jpg 212w, https:\/\/cafelapalma.com\/wp-content\/uploads\/2023\/06\/HAMISHHAWK-A3-LOW-42x60.jpg 42w\" sizes=\"auto, (max-width: 297px) 100vw, 297px\" \/><\/figure>\n\n\n<div  class=\"tribe-block tribe-block__event-website\" >\n\t<a\n\t\thref=\"https:\/\/link.dice.fm\/m569d08c539b\"\n\t\ttarget=\"_self\"\n\t\t\t>\n\t\tBUY TICKETS\t<\/a>\n<\/div>\n<\/div>\n\n\n\n<div class=\"wp-block-column is-layout-flow wp-block-column-is-layout-flow\" style=\"flex-basis:66.66%\">\n<p class=\"has-text-align-left wp-block-paragraph\"><br>La voz de <strong>HAMISH HAWK<\/strong>&nbsp;suena a mansi\u00f3n, a grandes estancias decoradas con gusto pero que tambi\u00e9n poseen el punto justo de iron\u00eda y decadencia. El escoc\u00e9s forma parte de ese linaje de bar\u00edtonos que incluye a <strong>Scott Walker<\/strong>, a <strong>Neil Hannon<\/strong> y a <strong>Ian McCulloch<\/strong>, entre otros ilustres; cantantes que nos incitan a descorrer las cortinas y a alzar la copa y brindar por la gran tragicomedia de la vida.<\/p>\n\n\n\n<p class=\"has-text-align-left wp-block-paragraph\">Cada una de sus canciones es una pieza de orfebrer\u00eda de pop augusto e inflamado, pero sus afinidades van m\u00e1s all\u00e1 del pop barroco, y tambi\u00e9n le hemos podido escuchar cantar cl\u00e1sicos enmara\u00f1ados como&nbsp;<em><strong>\u00abHappy When It Rains\u00bb<\/strong><\/em>&nbsp;de <strong>The Jesus and Mary Chain<\/strong> sin perder una pizca de su saber estar.<\/p>\n\n\n\n<p class=\"has-text-align-left wp-block-paragraph\">Este oto\u00f1o, <strong>Hamish Hawk<\/strong> visitar\u00e1 por primera vez <strong>Espa\u00f1a<\/strong>, donde presentar\u00e1 su m\u00e1s reciente tratado en elegancia,&nbsp;<em><strong>\u00abAngel Numbers\u00bb<\/strong><\/em>.<\/p>\n\n\n\n<p class=\"has-text-align-left wp-block-paragraph\"><strong>ANA WEBB<\/strong> ya cuenta con un primer EP publicado a trav\u00e9s de <strong>Futuras Licenciadas<\/strong>, encontr\u00e1ndonos ante seis composiciones que reflejan el abanico de influencias relacionadas con el dream pop m\u00e1s c\u00e1lido, pero no exento de ciertos rincones m\u00e1s introspectivos y amargos. A trav\u00e9s de esta se\u00f1as de identidad y de un componente de guitarras cristalinas es capaz de imprimir un gran car\u00e1cter en las canciones, no deja pasar nunca por alto lo importante que es ser consciente de como percibidos las cosas que nos pasan.<\/p>\n\n\n\n<p class=\"wp-block-paragraph\"><\/p>\n\n\n\n<p class=\"has-text-align-center wp-block-paragraph\"><em>Las entradas para este concierto tambi\u00e9n se podr\u00e1n adquirir con el <strong>Bono Cultural Joven<\/strong> a trav\u00e9s de la web de <strong>Redtkt<\/strong>.<\/em> <em>Esta gira forma parte de las celebraciones que <strong>Primavera Sound<\/strong> realiza por su 20\u00ba Aniversario.<\/em><\/p>\n<\/div>\n<\/div>\n\n\n\n<div style=\"height:100px\" aria-hidden=\"true\" class=\"wp-block-spacer\"><\/div>\n\n\n\n<hr class=\"wp-block-separator has-alpha-channel-opacity\"\/>\n\n\n\n<div style=\"height:100px\" aria-hidden=\"true\" class=\"wp-block-spacer\"><\/div>\n\n\n<h2 class=\"tribe-block__related-events__title\">Related Events<\/h2>\n\n<ul  class=\"tribe-related-events tribe-clearfix\" >\n\t\t\t<li>\n\t\n<div class=\"tribe-related-events-thumbnail\">\n\t<a href=\"https:\/\/cafelapalma.com\/en\/programacion\/funkin-donuts\/\" class=\"url\" rel=\"bookmark\" tabindex=\"-1\" aria-hidden=\"true\"><img loading=\"lazy\" decoding=\"async\" width=\"693\" height=\"1040\" src=\"https:\/\/cafelapalma.com\/wp-content\/uploads\/2026\/07\/FD-vert2-bn-693x1040.jpg\" class=\"attachment-large size-large wp-post-image\" alt=\"\" \/><\/a>\n<\/div>\n\t<div class=\"tribe-related-event-info\">\n\t<h3 class=\"tribe-related-events-title\">\n\t\t<a href=\"https:\/\/cafelapalma.com\/en\/programacion\/funkin-donuts\/\" class=\"tribe-event-url\" rel=\"bookmark\">\n\t\t\tFUNKIN&#8217; DONUTS\t\t<\/a>\n\t<\/h3>\n\t<span class=\"tribe-event-date-start\">5  September@22:00<\/span><span class=\"tribe-event-time\">23:45<\/span><\/div>\n<\/li>\n\t\t\t<li>\n\t\n<div class=\"tribe-related-events-thumbnail\">\n\t<a href=\"https:\/\/cafelapalma.com\/en\/programacion\/backstage-le-petit-truffle-mayo\/\" class=\"url\" rel=\"bookmark\" tabindex=\"-1\" aria-hidden=\"true\"><img loading=\"lazy\" decoding=\"async\" width=\"780\" height=\"1040\" src=\"https:\/\/cafelapalma.com\/wp-content\/uploads\/2026\/07\/Imagen-TruffleMayo-LePetit-i-1-780x1040.png\" class=\"attachment-large size-large wp-post-image\" alt=\"\" \/><\/a>\n<\/div>\n\t<div class=\"tribe-related-event-info\">\n\t<h3 class=\"tribe-related-events-title\">\n\t\t<a href=\"https:\/\/cafelapalma.com\/en\/programacion\/backstage-le-petit-truffle-mayo\/\" class=\"tribe-event-url\" rel=\"bookmark\">\n\t\t\tBACKSTAGE: LE PETIT + TRUFFLE MAYO\t\t<\/a>\n\t<\/h3>\n\t<span class=\"tribe-event-date-start\">5  September@23:55<\/span><\/div>\n<\/li>\n\t\t\t<li>\n\t\n<div class=\"tribe-related-events-thumbnail\">\n\t<a href=\"https:\/\/cafelapalma.com\/en\/programacion\/willie-deville-concierto-benefico-x-venezuela\/\" class=\"url\" rel=\"bookmark\" tabindex=\"-1\" aria-hidden=\"true\"><img loading=\"lazy\" decoding=\"async\" width=\"1020\" height=\"531\" src=\"https:\/\/cafelapalma.com\/wp-content\/uploads\/2026\/08\/Willie-deville-1100x572-1-1040x541.jpg\" class=\"attachment-large size-large wp-post-image\" alt=\"\" \/><\/a>\n<\/div>\n\t<div class=\"tribe-related-event-info\">\n\t<h3 class=\"tribe-related-events-title\">\n\t\t<a href=\"https:\/\/cafelapalma.com\/en\/programacion\/willie-deville-concierto-benefico-x-venezuela\/\" class=\"tribe-event-url\" rel=\"bookmark\">\n\t\t\tWILLIE DEVILLE: CONCIERTO BEN\u00c9FICO X VENEZUELA\t\t<\/a>\n\t<\/h3>\n\t<span class=\"tribe-event-date-start\">6  September@21:00<\/span><span class=\"tribe-event-time\">23:45<\/span><\/div>\n<\/li>\n\t<\/ul>","protected":false},"excerpt":{"rendered":"<p>La voz de HAMISH HAWK&nbsp;suena a mansi\u00f3n, a grandes estancias decoradas con gusto pero que tambi\u00e9n poseen el punto justo de iron\u00eda y decadencia. El escoc\u00e9s forma parte de ese linaje de bar\u00edtonos que incluye a Scott Walker, a Neil Hannon y a Ian McCulloch, entre otros ilustres; cantantes que nos incitan a descorrer las &hellip; <\/p>","protected":false},"author":2,"featured_media":26655,"template":"","meta":{"_tec_requires_first_save":false,"_uag_custom_page_level_css":"","loftloader_page_shortcode":"","_EventAllDay":false,"_EventTimezone":"Europe\/Madrid","_EventStartDate":"2023-10-26 21:00:00","_EventEndDate":"2023-10-26 23:30:00","_EventStartDateUTC":"2023-10-26 19:00:00","_EventEndDateUTC":"2023-10-26 21:30:00","_EventShowMap":false,"_EventShowMapLink":false,"_EventURL":"https:\/\/link.dice.fm\/m569d08c539b","_EventCost":"18","_EventCostDescription":"","_EventCurrencySymbol":"\u20ac","_EventCurrencyCode":"USD","_EventCurrencyPosition":"suffix","_EventDateTimeSeparator":"@","_EventTimeRangeSeparator":"-","_EventOrganizerID":[],"_EventVenueID":[0],"_OrganizerEmail":"","_OrganizerPhone":"","_OrganizerWebsite":"","_VenueAddress":"","_VenueCity":"","_VenueCountry":"","_VenueProvince":"","_VenueState":"","_VenueZip":"","_VenuePhone":"","_VenueURL":"","_VenueStateProvince":"","_VenueLat":"","_VenueLng":"","_VenueShowMap":false,"_VenueShowMapLink":false,"_tribe_blocks_recurrence_rules":"","_tribe_blocks_recurrence_description":"","_tribe_blocks_recurrence_exclusions":"","_ecp_custom_2":"","_tribe_events_status":"","_tribe_events_status_reason":"","_tribe_events_is_hybrid":"","_tribe_events_is_virtual":"","_tribe_events_virtual_video_source":"","_tribe_events_virtual_embed_video":"","_tribe_events_virtual_linked_button_text":"","_tribe_events_virtual_linked_button":"","_tribe_events_virtual_show_embed_at":"","_tribe_events_virtual_show_embed_to":[],"_tribe_events_virtual_show_on_event":"","_tribe_events_virtual_show_on_views":"","_tribe_events_virtual_url":"","footnotes":""},"tags":[14537,13910,1363,8869,2865,9147,9146,11360,9138,9939,14538,13904,13908,13907,13906,1355,13171,11189,13911,13905,13909],"tribe_events_cat":[8963],"class_list":["post-26653","tribe_events","type-tribe_events","status-publish","has-post-thumbnail","hentry","tag-ana-webb","tag-angel-numbers","tag-cafe-la-palma","tag-cafe-la-palma-2","tag-conciertos-cafe-la-palma","tag-conciertos-madrid","tag-conciertos-malasana","tag-dice","tag-dice-fm","tag-dream-pop","tag-futuras-licenciadas","tag-hamish-hawk","tag-happy-when-it-rains","tag-ian-mcculloch","tag-neil-hannon","tag-pop","tag-primavera-labels","tag-primavera-sound","tag-ps","tag-scott-walker","tag-the-jesus-and-mary-chain","tribe_events_cat-concierto","cat_concierto"],"uagb_featured_image_src":{"full":["https:\/\/cafelapalma.com\/wp-content\/uploads\/2023\/06\/hamish-hawk-lowpic-scaled.jpg",3000,2440,false],"thumbnail":["https:\/\/cafelapalma.com\/wp-content\/uploads\/2023\/06\/hamish-hawk-lowpic-150x150.jpg",150,150,true],"medium":["https:\/\/cafelapalma.com\/wp-content\/uploads\/2023\/06\/hamish-hawk-lowpic-300x244.jpg",300,244,true],"medium_large":["https:\/\/cafelapalma.com\/wp-content\/uploads\/2023\/06\/hamish-hawk-lowpic-768x625.jpg",768,625,true],"large":["https:\/\/cafelapalma.com\/wp-content\/uploads\/2023\/06\/hamish-hawk-lowpic-1040x846.jpg",1020,830,true],"1536x1536":["https:\/\/cafelapalma.com\/wp-content\/uploads\/2023\/06\/hamish-hawk-lowpic-1536x1249.jpg",1536,1249,true],"2048x2048":["https:\/\/cafelapalma.com\/wp-content\/uploads\/2023\/06\/hamish-hawk-lowpic-2048x1665.jpg",2048,1665,true],"trp-custom-language-flag":["https:\/\/cafelapalma.com\/wp-content\/uploads\/2023\/06\/hamish-hawk-lowpic-scaled.jpg",15,12,false],"blossom-feminine-slider":["https:\/\/cafelapalma.com\/wp-content\/uploads\/2023\/06\/hamish-hawk-lowpic-1920x649.jpg",1920,649,true],"blossom-feminine-featured":["https:\/\/cafelapalma.com\/wp-content\/uploads\/2023\/06\/hamish-hawk-lowpic-1410x600.jpg",1410,600,true],"blossom-feminine-with-sidebar":["https:\/\/cafelapalma.com\/wp-content\/uploads\/2023\/06\/hamish-hawk-lowpic-1020x600.jpg",1020,600,true],"blossom-feminine-blog":["https:\/\/cafelapalma.com\/wp-content\/uploads\/2023\/06\/hamish-hawk-lowpic-435x435.jpg",435,435,true],"blossom-feminine-cat":["https:\/\/cafelapalma.com\/wp-content\/uploads\/2023\/06\/hamish-hawk-lowpic-450x300.jpg",450,300,true],"blossom-feminine-related":["https:\/\/cafelapalma.com\/wp-content\/uploads\/2023\/06\/hamish-hawk-lowpic-320x200.jpg",320,200,true],"blossom-feminine-schema":["https:\/\/cafelapalma.com\/wp-content\/uploads\/2023\/06\/hamish-hawk-lowpic-74x60.jpg",74,60,true]},"uagb_author_info":{"display_name":"Victor","author_link":"https:\/\/cafelapalma.com\/en\/author\/comunicacion\/"},"uagb_comment_info":0,"uagb_excerpt":"La voz de HAMISH HAWK&nbsp;suena a mansi\u00f3n, a grandes estancias decoradas con gusto pero que tambi\u00e9n poseen el punto justo de iron\u00eda y decadencia. El escoc\u00e9s forma parte de ese linaje de bar\u00edtonos que incluye a Scott Walker, a Neil Hannon y a Ian McCulloch, entre otros ilustres; cantantes que nos incitan a descorrer las&hellip;","_links":{"self":[{"href":"https:\/\/cafelapalma.com\/en\/wp-json\/wp\/v2\/tribe_events\/26653","targetHints":{"allow":["GET"]}}],"collection":[{"href":"https:\/\/cafelapalma.com\/en\/wp-json\/wp\/v2\/tribe_events"}],"about":[{"href":"https:\/\/cafelapalma.com\/en\/wp-json\/wp\/v2\/types\/tribe_events"}],"author":[{"embeddable":true,"href":"https:\/\/cafelapalma.com\/en\/wp-json\/wp\/v2\/users\/2"}],"version-history":[{"count":0,"href":"https:\/\/cafelapalma.com\/en\/wp-json\/wp\/v2\/tribe_events\/26653\/revisions"}],"wp:featuredmedia":[{"embeddable":true,"href":"https:\/\/cafelapalma.com\/en\/wp-json\/wp\/v2\/media\/26655"}],"wp:attachment":[{"href":"https:\/\/cafelapalma.com\/en\/wp-json\/wp\/v2\/media?parent=26653"}],"wp:term":[{"taxonomy":"post_tag","embeddable":true,"href":"https:\/\/cafelapalma.com\/en\/wp-json\/wp\/v2\/tags?post=26653"},{"taxonomy":"tribe_events_cat","embeddable":true,"href":"https:\/\/cafelapalma.com\/en\/wp-json\/wp\/v2\/tribe_events_cat?post=26653"}],"curies":[{"name":"wp","href":"https:\/\/api.w.org\/{rel}","templated":true}]}}