{"id":26824,"date":"2023-07-24T11:44:34","date_gmt":"2023-07-24T09:44:34","guid":{"rendered":"https:\/\/cafelapalma.com\/programacion\/el-chojin-presenta-un-buen-club-26-copy\/"},"modified":"2024-01-10T18:40:04","modified_gmt":"2024-01-10T17:40:04","slug":"el-chojin-presenta-un-buen-club-27","status":"publish","type":"tribe_events","link":"https:\/\/cafelapalma.com\/en\/programacion\/el-chojin-presenta-un-buen-club-27\/","title":{"rendered":"EL CHOJIN presenta \u00abUN BUEN CLUB\u00bb"},"content":{"rendered":"<div  class=\"tribe-events-schedule tribe-clearfix\" >\n\t<p class=\"tribe-events-schedule__datetime\">\n\t\t<span class=\"tribe-events-schedule__date tribe-events-schedule__date--start\">\n\t\t\t05  January  2023\t\t<\/span>\n\n\t\t\t\t\t<span class=\"tribe-events-schedule__separator tribe-events-schedule__separator--date\">\n\t\t\t\t@\t\t\t<\/span>\n\t\t\t<span class=\"tribe-events-schedule__time tribe-events-schedule__time--start\">\n\t\t\t\t21:00\t\t\t<\/span>\n\t\t\n\t\t\t\t\t\t\t\t\t<span class=\"tribe-events-schedule__separator tribe-events-schedule__separator--time\">\n\t\t\t\t\t\t\t\t\t<\/span>\n\t\t\t\n\t\t\t\t\t\t\t<span class=\"tribe-events-schedule__time tribe-events-schedule__time--end\">\n\t\t\t\t\t23:00\t\t\t\t<\/span>\n\t\t\t\n\t\t\t\t\t\t<\/p>\n<\/div>\n\n\n<div  class=\"tribe-block tribe-block__event-price\" >\n\t\t\t<span class=\"tribe-block__event-price__cost\"> ENTRADAS AGOTADAS <\/span>\n\t\t\t\t<span class=\"tribe-block__event-price__description\">#soldout<\/span>\n\t<\/div>\n\n\n\n<div style=\"height:100px\" aria-hidden=\"true\" class=\"wp-block-spacer\"><\/div>\n\n\n\n<div class=\"wp-block-columns is-layout-flex wp-container-core-columns-is-layout-8f761849 wp-block-columns-is-layout-flex\">\n<div class=\"wp-block-column is-layout-flow wp-block-column-is-layout-flow\" style=\"flex-basis:33.33%\">\n<figure class=\"wp-block-image size-full\"><img loading=\"lazy\" decoding=\"async\" width=\"2122\" height=\"3000\" src=\"https:\/\/cafelapalma.com\/wp-content\/uploads\/2024\/01\/CHO-A3-PLANE-scaled.jpg\" alt=\"\" class=\"wp-image-27986\" srcset=\"https:\/\/cafelapalma.com\/wp-content\/uploads\/2024\/01\/CHO-A3-PLANE-scaled.jpg 2122w, https:\/\/cafelapalma.com\/wp-content\/uploads\/2024\/01\/CHO-A3-PLANE-212x300.jpg 212w, https:\/\/cafelapalma.com\/wp-content\/uploads\/2024\/01\/CHO-A3-PLANE-736x1040.jpg 736w, https:\/\/cafelapalma.com\/wp-content\/uploads\/2024\/01\/CHO-A3-PLANE-768x1086.jpg 768w, https:\/\/cafelapalma.com\/wp-content\/uploads\/2024\/01\/CHO-A3-PLANE-1086x1536.jpg 1086w, https:\/\/cafelapalma.com\/wp-content\/uploads\/2024\/01\/CHO-A3-PLANE-1448x2048.jpg 1448w, https:\/\/cafelapalma.com\/wp-content\/uploads\/2024\/01\/CHO-A3-PLANE-42x60.jpg 42w\" sizes=\"auto, (max-width: 2122px) 100vw, 2122px\" \/><\/figure>\n<\/div>\n\n\n\n<div class=\"wp-block-column is-layout-flow wp-block-column-is-layout-flow\" style=\"flex-basis:66.66%\">\n<p class=\"wp-block-paragraph\"><\/p>\n\n\n\n<p class=\"has-text-align-left wp-block-paragraph\">\u00a1Vuelve <strong>UN BUEN CLUB<\/strong> con <strong>EL CHOJIN<\/strong>!<\/p>\n\n\n\n<p class=\"has-text-align-left wp-block-paragraph\">Y como nunca ha dejado de estar cerca de ti, en la recta final de la temporada oto\u00f1o \/ invierno 2023, tras su gira latinoamericana y como colof\u00f3n al fin de gira en Madrid, regresa el show m\u00e1s especial de uno de los artistas m\u00e1s consagrados de la escena del hip-hop estatal.<\/p>\n\n\n\n<p class=\"has-text-align-left wp-block-paragraph\">Palabras contadas en un contexto musical desde la experiencia de <strong>EL CHOJIN<\/strong>, desde el coraz\u00f3n de un artista que necesita mirarte a los ojos para saber que ambos est\u00e1is en el mismo lugar, al mismo tiempo. <strong>UN BUEN CLUB <\/strong>es un espect\u00e1culo en el que reina la intimidad necesaria para que puedas entender al artista, para que puedas entrar en su cabeza\u2026. estar\u00e1s c\u00f3modo dentro de un ambiente especialmente creado para disfrutar de m\u00fasica intercalada con testimonios interesantes que te llamar\u00e1n tambi\u00e9n a participar.<\/p>\n\n\n\n<p class=\"has-text-align-left wp-block-paragraph\">No es un concierto al uso, no es una charla de las habituales: est\u00e1s entrando en la experiencia de <strong>UN BUEN CLUB<\/strong>.<\/p>\n\n\n\n<p class=\"has-text-align-left wp-block-paragraph\"><em>* Obsequio de un combinado de <strong>JAMESON <\/strong>con tu entrada<\/em><\/p>\n<\/div>\n<\/div>\n\n\n\n<div style=\"height:100px\" aria-hidden=\"true\" class=\"wp-block-spacer\"><\/div>\n\n\n\n<hr class=\"wp-block-separator has-css-opacity is-style-wide\"\/>\n\n\n\n<div style=\"height:100px\" aria-hidden=\"true\" class=\"wp-block-spacer\"><\/div>\n\n\n\n<p class=\"has-text-align-center wp-block-paragraph\"><strong><em>Puede que tambi\u00e9n te interese&#8230;<\/em><\/strong><\/p>\n\n\n\n<div class=\"wp-block-columns is-layout-flex wp-container-core-columns-is-layout-8f761849 wp-block-columns-is-layout-flex\">\n<div class=\"wp-block-column is-layout-flow wp-block-column-is-layout-flow\">\n<div class=\"wp-block-columns is-layout-flex wp-container-core-columns-is-layout-8f761849 wp-block-columns-is-layout-flex\">\n<div class=\"wp-block-column is-layout-flow wp-block-column-is-layout-flow\"><\/div>\n\n\n\n<div class=\"wp-block-column is-layout-flow wp-block-column-is-layout-flow\">\n<figure class=\"wp-block-embed is-type-rich is-provider-amazon wp-block-embed-amazon\"><div class=\"wp-block-embed__wrapper\">\n<iframe loading=\"lazy\" title=\"Siete martes (Grijalbo Narrativa)\" type=\"text\/html\" width=\"1280\" height=\"550\" frameborder=\"0\" allowfullscreen style=\"max-width:100%\" src=\"https:\/\/leer.amazon.es\/kp\/card?preview=inline&#038;linkCode=kpd&#038;ref_=k4w_oembed_fuEI4Amsp5idM3&#038;asin=8425360676&#038;tag=kpembed-20\"><\/iframe>\n<\/div><\/figure>\n<\/div>\n\n\n\n<div class=\"wp-block-column is-layout-flow wp-block-column-is-layout-flow\"><\/div>\n<\/div>\n<\/div>\n<\/div>\n\n\n\n<hr class=\"wp-block-separator has-css-opacity is-style-wide\"\/>\n\n\n\n<div style=\"height:100px\" aria-hidden=\"true\" class=\"wp-block-spacer\"><\/div>\n\n\n\n<div style=\"height:100px\" aria-hidden=\"true\" class=\"wp-block-spacer\"><\/div>\n\n\n<h2 class=\"tribe-block__related-events__title\">Related Events<\/h2>\n\n<ul  class=\"tribe-related-events tribe-clearfix\" >\n\t\t\t<li>\n\t\n<div class=\"tribe-related-events-thumbnail\">\n\t<a href=\"https:\/\/cafelapalma.com\/en\/programacion\/funkin-donuts\/\" class=\"url\" rel=\"bookmark\" tabindex=\"-1\" aria-hidden=\"true\"><img loading=\"lazy\" decoding=\"async\" width=\"693\" height=\"1040\" src=\"https:\/\/cafelapalma.com\/wp-content\/uploads\/2026\/07\/FD-vert2-bn-693x1040.jpg\" class=\"attachment-large size-large wp-post-image\" alt=\"\" \/><\/a>\n<\/div>\n\t<div class=\"tribe-related-event-info\">\n\t<h3 class=\"tribe-related-events-title\">\n\t\t<a href=\"https:\/\/cafelapalma.com\/en\/programacion\/funkin-donuts\/\" class=\"tribe-event-url\" rel=\"bookmark\">\n\t\t\tFUNKIN&#8217; DONUTS\t\t<\/a>\n\t<\/h3>\n\t<span class=\"tribe-event-date-start\">5  September@22:00<\/span><span class=\"tribe-event-time\">23:45<\/span><\/div>\n<\/li>\n\t\t\t<li>\n\t\n<div class=\"tribe-related-events-thumbnail\">\n\t<a href=\"https:\/\/cafelapalma.com\/en\/programacion\/backstage-le-petit-truffle-mayo\/\" class=\"url\" rel=\"bookmark\" tabindex=\"-1\" aria-hidden=\"true\"><img loading=\"lazy\" decoding=\"async\" width=\"780\" height=\"1040\" src=\"https:\/\/cafelapalma.com\/wp-content\/uploads\/2026\/07\/Imagen-TruffleMayo-LePetit-i-1-780x1040.png\" class=\"attachment-large size-large wp-post-image\" alt=\"\" \/><\/a>\n<\/div>\n\t<div class=\"tribe-related-event-info\">\n\t<h3 class=\"tribe-related-events-title\">\n\t\t<a href=\"https:\/\/cafelapalma.com\/en\/programacion\/backstage-le-petit-truffle-mayo\/\" class=\"tribe-event-url\" rel=\"bookmark\">\n\t\t\tBACKSTAGE: LE PETIT + TRUFFLE MAYO\t\t<\/a>\n\t<\/h3>\n\t<span class=\"tribe-event-date-start\">5  September@23:55<\/span><\/div>\n<\/li>\n\t\t\t<li>\n\t\n<div class=\"tribe-related-events-thumbnail\">\n\t<a href=\"https:\/\/cafelapalma.com\/en\/programacion\/willie-deville-concierto-benefico-x-venezuela\/\" class=\"url\" rel=\"bookmark\" tabindex=\"-1\" aria-hidden=\"true\"><img loading=\"lazy\" decoding=\"async\" width=\"1020\" height=\"531\" src=\"https:\/\/cafelapalma.com\/wp-content\/uploads\/2026\/08\/Willie-deville-1100x572-1-1040x541.jpg\" class=\"attachment-large size-large wp-post-image\" alt=\"\" \/><\/a>\n<\/div>\n\t<div class=\"tribe-related-event-info\">\n\t<h3 class=\"tribe-related-events-title\">\n\t\t<a href=\"https:\/\/cafelapalma.com\/en\/programacion\/willie-deville-concierto-benefico-x-venezuela\/\" class=\"tribe-event-url\" rel=\"bookmark\">\n\t\t\tWILLIE DEVILLE: CONCIERTO BEN\u00c9FICO X VENEZUELA\t\t<\/a>\n\t<\/h3>\n\t<span class=\"tribe-event-date-start\">6  September@21:00<\/span><span class=\"tribe-event-time\">23:45<\/span><\/div>\n<\/li>\n\t<\/ul>","protected":false},"excerpt":{"rendered":"<p>\u00a1Vuelve UN BUEN CLUB con EL CHOJIN! Y como nunca ha dejado de estar cerca de ti, en la recta final de la temporada oto\u00f1o \/ invierno 2023, tras su gira latinoamericana y como colof\u00f3n al fin de gira en Madrid, regresa el show m\u00e1s especial de uno de los artistas m\u00e1s consagrados de la &hellip; <\/p>","protected":false},"author":2,"featured_media":26817,"template":"","meta":{"_tec_requires_first_save":false,"_uag_custom_page_level_css":"","loftloader_page_shortcode":"","_EventAllDay":false,"_EventTimezone":"Europe\/Madrid","_EventStartDate":"2023-01-05 21:00:00","_EventEndDate":"2023-01-05 23:00:00","_EventStartDateUTC":"2023-01-05 20:00:00","_EventEndDateUTC":"2023-01-05 22:00:00","_EventShowMap":false,"_EventShowMapLink":false,"_EventURL":"https:\/\/www.passline.com\/eventos\/un-buen-club-con-el-chojin-17-diciembre","_EventCost":"ENTRADAS AGOTADAS","_EventCostDescription":"","_EventCurrencySymbol":"","_EventCurrencyCode":"","_EventCurrencyPosition":"","_EventDateTimeSeparator":"","_EventTimeRangeSeparator":"","_EventOrganizerID":[],"_EventVenueID":[0],"_OrganizerEmail":"","_OrganizerPhone":"","_OrganizerWebsite":"","_VenueAddress":"","_VenueCity":"","_VenueCountry":"","_VenueProvince":"","_VenueState":"","_VenueZip":"","_VenuePhone":"","_VenueURL":"","_VenueStateProvince":"","_VenueLat":"","_VenueLng":"","_VenueShowMap":false,"_VenueShowMapLink":false,"_tribe_blocks_recurrence_rules":"","_tribe_blocks_recurrence_description":"","_tribe_blocks_recurrence_exclusions":"","_ecp_custom_2":"","_tribe_events_status":"","_tribe_events_status_reason":"","_tribe_events_is_hybrid":"","_tribe_events_is_virtual":"","_tribe_events_virtual_video_source":"","_tribe_events_virtual_embed_video":"","_tribe_events_virtual_linked_button_text":"","_tribe_events_virtual_linked_button":"","_tribe_events_virtual_show_embed_at":"","_tribe_events_virtual_show_embed_to":[],"_tribe_events_virtual_show_on_event":"","_tribe_events_virtual_show_on_views":"","_tribe_events_virtual_url":"","footnotes":""},"tags":[9638,1363,13177,13175,2865,9146,9644,9641,9639,2396,1431,525,2395,12500,9645,9498,9640,13176],"tribe_events_cat":[9510],"class_list":["post-26824","tribe_events","type-tribe_events","status-publish","has-post-thumbnail","hentry","tag-actividades-cafe-la-palma","tag-cafe-la-palma","tag-charla","tag-classic-shit","tag-conciertos-cafe-la-palma","tag-conciertos-malasana","tag-dj","tag-domingo-antonio-edjang","tag-el-chojin","tag-hip-hop","tag-live-music","tag-musica","tag-rap","tag-showcase","tag-siete-martes","tag-spoken-word","tag-un-buen-club","tag-un-nuevo-yo-despierta","tribe_events_cat-actividades","cat_actividades"],"uagb_featured_image_src":{"full":["https:\/\/cafelapalma.com\/wp-content\/uploads\/2023\/07\/chowebsvert.jpg",682,1024,false],"thumbnail":["https:\/\/cafelapalma.com\/wp-content\/uploads\/2023\/07\/chowebsvert-150x150.jpg",150,150,true],"medium":["https:\/\/cafelapalma.com\/wp-content\/uploads\/2023\/07\/chowebsvert-200x300.jpg",200,300,true],"medium_large":["https:\/\/cafelapalma.com\/wp-content\/uploads\/2023\/07\/chowebsvert.jpg",682,1024,false],"large":["https:\/\/cafelapalma.com\/wp-content\/uploads\/2023\/07\/chowebsvert.jpg",682,1024,false],"1536x1536":["https:\/\/cafelapalma.com\/wp-content\/uploads\/2023\/07\/chowebsvert.jpg",682,1024,false],"2048x2048":["https:\/\/cafelapalma.com\/wp-content\/uploads\/2023\/07\/chowebsvert.jpg",682,1024,false],"trp-custom-language-flag":["https:\/\/cafelapalma.com\/wp-content\/uploads\/2023\/07\/chowebsvert.jpg",8,12,false],"blossom-feminine-slider":["https:\/\/cafelapalma.com\/wp-content\/uploads\/2023\/07\/chowebsvert-682x649.jpg",682,649,true],"blossom-feminine-featured":["https:\/\/cafelapalma.com\/wp-content\/uploads\/2023\/07\/chowebsvert-682x600.jpg",682,600,true],"blossom-feminine-with-sidebar":["https:\/\/cafelapalma.com\/wp-content\/uploads\/2023\/07\/chowebsvert-682x600.jpg",682,600,true],"blossom-feminine-blog":["https:\/\/cafelapalma.com\/wp-content\/uploads\/2023\/07\/chowebsvert-435x435.jpg",435,435,true],"blossom-feminine-cat":["https:\/\/cafelapalma.com\/wp-content\/uploads\/2023\/07\/chowebsvert-450x300.jpg",450,300,true],"blossom-feminine-related":["https:\/\/cafelapalma.com\/wp-content\/uploads\/2023\/07\/chowebsvert-320x200.jpg",320,200,true],"blossom-feminine-schema":["https:\/\/cafelapalma.com\/wp-content\/uploads\/2023\/07\/chowebsvert-40x60.jpg",40,60,true]},"uagb_author_info":{"display_name":"Victor","author_link":"https:\/\/cafelapalma.com\/en\/author\/comunicacion\/"},"uagb_comment_info":0,"uagb_excerpt":"\u00a1Vuelve UN BUEN CLUB con EL CHOJIN! Y como nunca ha dejado de estar cerca de ti, en la recta final de la temporada oto\u00f1o \/ invierno 2023, tras su gira latinoamericana y como colof\u00f3n al fin de gira en Madrid, regresa el show m\u00e1s especial de uno de los artistas m\u00e1s consagrados de la&hellip;","_links":{"self":[{"href":"https:\/\/cafelapalma.com\/en\/wp-json\/wp\/v2\/tribe_events\/26824","targetHints":{"allow":["GET"]}}],"collection":[{"href":"https:\/\/cafelapalma.com\/en\/wp-json\/wp\/v2\/tribe_events"}],"about":[{"href":"https:\/\/cafelapalma.com\/en\/wp-json\/wp\/v2\/types\/tribe_events"}],"author":[{"embeddable":true,"href":"https:\/\/cafelapalma.com\/en\/wp-json\/wp\/v2\/users\/2"}],"version-history":[{"count":0,"href":"https:\/\/cafelapalma.com\/en\/wp-json\/wp\/v2\/tribe_events\/26824\/revisions"}],"wp:featuredmedia":[{"embeddable":true,"href":"https:\/\/cafelapalma.com\/en\/wp-json\/wp\/v2\/media\/26817"}],"wp:attachment":[{"href":"https:\/\/cafelapalma.com\/en\/wp-json\/wp\/v2\/media?parent=26824"}],"wp:term":[{"taxonomy":"post_tag","embeddable":true,"href":"https:\/\/cafelapalma.com\/en\/wp-json\/wp\/v2\/tags?post=26824"},{"taxonomy":"tribe_events_cat","embeddable":true,"href":"https:\/\/cafelapalma.com\/en\/wp-json\/wp\/v2\/tribe_events_cat?post=26824"}],"curies":[{"name":"wp","href":"https:\/\/api.w.org\/{rel}","templated":true}]}}