{"id":27004,"date":"2023-08-25T20:07:27","date_gmt":"2023-08-25T18:07:27","guid":{"rendered":"https:\/\/cafelapalma.com\/?post_type=tribe_events&#038;p=27004"},"modified":"2023-09-11T16:21:53","modified_gmt":"2023-09-11T14:21:53","slug":"insolito-y-singular-pablo-martin-jones","status":"publish","type":"tribe_events","link":"https:\/\/cafelapalma.com\/en\/programacion\/insolito-y-singular-pablo-martin-jones\/","title":{"rendered":"Ins\u00f3lito &#038; Singular: PABLO MART\u00cdN JONES"},"content":{"rendered":"<div  class=\"tribe-events-schedule tribe-clearfix\" >\n\t<p class=\"tribe-events-schedule__datetime\">\n\t\t<span class=\"tribe-events-schedule__date tribe-events-schedule__date--start\">\n\t\t\t10  September  2023\t\t<\/span>\n\n\t\t\t\t\t<span class=\"tribe-events-schedule__separator tribe-events-schedule__separator--date\">\n\t\t\t\t@\t\t\t<\/span>\n\t\t\t<span class=\"tribe-events-schedule__time tribe-events-schedule__time--start\">\n\t\t\t\t20:30\t\t\t<\/span>\n\t\t\n\t\t\t\t\t\t\t\t\t<span class=\"tribe-events-schedule__separator tribe-events-schedule__separator--time\">\n\t\t\t\t\t\t\t\t\t<\/span>\n\t\t\t\n\t\t\t\t\t\t\t<span class=\"tribe-events-schedule__time tribe-events-schedule__time--end\">\n\t\t\t\t\t22:15\t\t\t\t<\/span>\n\t\t\t\n\t\t\t\t\t\t<\/p>\n<\/div>\n\n\n<div  class=\"tribe-block tribe-block__event-price\" >\n\t\t\t<span class=\"tribe-block__event-price__cost\"> 10\u20ac <\/span>\n\t\t\t\t<span class=\"tribe-block__event-price__description\">+ gg Anticipada | 12\u20ac Taquilla<\/span>\n\t<\/div>\n\n\n\n<div style=\"height:100px\" aria-hidden=\"true\" class=\"wp-block-spacer\"><\/div>\n\n\n\n<div class=\"wp-block-columns is-layout-flex wp-container-core-columns-is-layout-8f761849 wp-block-columns-is-layout-flex\">\n<div class=\"wp-block-column is-layout-flow wp-block-column-is-layout-flow\" style=\"flex-basis:33.33%\">\n<figure class=\"wp-block-image size-large\"><img loading=\"lazy\" decoding=\"async\" width=\"759\" height=\"1040\" src=\"https:\/\/cafelapalma.com\/wp-content\/uploads\/2023\/08\/PablomartinjonesA3_-759x1040.jpg\" alt=\"\" class=\"wp-image-27058\" srcset=\"https:\/\/cafelapalma.com\/wp-content\/uploads\/2023\/08\/PablomartinjonesA3_-759x1040.jpg 759w, https:\/\/cafelapalma.com\/wp-content\/uploads\/2023\/08\/PablomartinjonesA3_-219x300.jpg 219w, https:\/\/cafelapalma.com\/wp-content\/uploads\/2023\/08\/PablomartinjonesA3_-768x1052.jpg 768w, https:\/\/cafelapalma.com\/wp-content\/uploads\/2023\/08\/PablomartinjonesA3_-1121x1536.jpg 1121w, https:\/\/cafelapalma.com\/wp-content\/uploads\/2023\/08\/PablomartinjonesA3_-1495x2048.jpg 1495w, https:\/\/cafelapalma.com\/wp-content\/uploads\/2023\/08\/PablomartinjonesA3_-44x60.jpg 44w, https:\/\/cafelapalma.com\/wp-content\/uploads\/2023\/08\/PablomartinjonesA3_.jpg 1792w\" sizes=\"auto, (max-width: 759px) 100vw, 759px\" \/><\/figure>\n\n\n<div  class=\"tribe-block tribe-block__event-website\" >\n\t<a\n\t\thref=\"https:\/\/www.passline.com\/eventos\/insolito-singular-pablo-martin-jones\"\n\t\ttarget=\"_self\"\n\t\t\t>\n\t\tBUY TICKETS\t<\/a>\n<\/div>\n<\/div>\n\n\n\n<div class=\"wp-block-column is-layout-flow wp-block-column-is-layout-flow\" style=\"flex-basis:66.66%\">\n<p class=\"has-text-align-left wp-block-paragraph\">\u00bfUna conferencia, un concierto, una charla, una rave? <strong>PABLO MART\u00cdN JONES<\/strong> inicia una reflexi\u00f3n creativa comenzando por imaginar c\u00f3mo ser\u00eda nuestra m\u00fasica actual si hubi\u00e9semos mantenido vivos ciertos ritmos tradicionales de la pen\u00ednsula y \u00e9stos formasen parte de nuestra realidad musical de manera natural. \u00bfQu\u00e9 relaci\u00f3n tendr\u00edamos con estos ritmos? \u00bfC\u00f3mo los escuchar\u00edamos? \u00bfLos bailar\u00edamos? \u00bfY c\u00f3mo? \u00bfSi version\u00e1semos o alter\u00e1semos ritmos tradicionales, estar\u00edamos haciendo folclore?<\/p>\n\n\n\n<p class=\"has-text-align-left wp-block-paragraph\">Estas son algunas de las preguntas que subyacen en el proyecto de investigaci\u00f3n y creaci\u00f3n musical <strong><em>\u201cBaile Entero\u201d<\/em><\/strong>, donde <strong>PABLO MART\u00cdN JONES<\/strong> utiliza los ritmos tradicionales como punto de partida sobre los que buscar, intervenir y evolucionar, erosionar o cuidar, como si la historia, los a\u00f1os y la vida lo hubieran hecho. Ritmos interpretados de la manera tradicional (y con los instrumentos tradicionales) que despu\u00e9s son intervenidos, desarrollando, perturbando y transformando su sonido en algo nuevo, con el doble objetivo de no perder su car\u00e1cter como motor primario de la m\u00fasica y del baile, y que el resultado nos resuene como algo propio.<\/p>\n\n\n\n<p class=\"has-text-align-left wp-block-paragraph\"><strong>INS\u00d3LITO &amp; SINGULAR<\/strong> es un nuevo ciclo de conciertos que nace para cubrir la necesidad org\u00e1nica de lo exclusivo, de lo verdadera y genuinamente novedoso, el imaginario de lo inexistente, aquello que conforma la excepci\u00f3n de la excepci\u00f3n. No solo es muy dif\u00edcil que veas propuestas similares en directo&#8230; es que muchas de ellas son pr\u00e1cticamente \u00fanicas en el mundo.<\/p>\n<\/div>\n<\/div>\n\n\n\n<div style=\"height:100px\" aria-hidden=\"true\" class=\"wp-block-spacer\"><\/div>\n\n\n\n<hr class=\"wp-block-separator has-alpha-channel-opacity\"\/>\n\n\n\n<div style=\"height:100px\" aria-hidden=\"true\" class=\"wp-block-spacer\"><\/div>\n\n\n<h2 class=\"tribe-block__related-events__title\">Related Events<\/h2>\n\n<ul  class=\"tribe-related-events tribe-clearfix\" >\n\t\t\t<li>\n\t\n<div class=\"tribe-related-events-thumbnail\">\n\t<a href=\"https:\/\/cafelapalma.com\/en\/programacion\/funkin-donuts\/\" class=\"url\" rel=\"bookmark\" tabindex=\"-1\" aria-hidden=\"true\"><img loading=\"lazy\" decoding=\"async\" width=\"693\" height=\"1040\" src=\"https:\/\/cafelapalma.com\/wp-content\/uploads\/2026\/07\/FD-vert2-bn-693x1040.jpg\" class=\"attachment-large size-large wp-post-image\" alt=\"\" \/><\/a>\n<\/div>\n\t<div class=\"tribe-related-event-info\">\n\t<h3 class=\"tribe-related-events-title\">\n\t\t<a href=\"https:\/\/cafelapalma.com\/en\/programacion\/funkin-donuts\/\" class=\"tribe-event-url\" rel=\"bookmark\">\n\t\t\tFUNKIN&#8217; DONUTS\t\t<\/a>\n\t<\/h3>\n\t<span class=\"tribe-event-date-start\">5  September@22:00<\/span><span class=\"tribe-event-time\">23:45<\/span><\/div>\n<\/li>\n\t\t\t<li>\n\t\n<div class=\"tribe-related-events-thumbnail\">\n\t<a href=\"https:\/\/cafelapalma.com\/en\/programacion\/backstage-le-petit-truffle-mayo\/\" class=\"url\" rel=\"bookmark\" tabindex=\"-1\" aria-hidden=\"true\"><img loading=\"lazy\" decoding=\"async\" width=\"780\" height=\"1040\" src=\"https:\/\/cafelapalma.com\/wp-content\/uploads\/2026\/07\/Imagen-TruffleMayo-LePetit-i-1-780x1040.png\" class=\"attachment-large size-large wp-post-image\" alt=\"\" \/><\/a>\n<\/div>\n\t<div class=\"tribe-related-event-info\">\n\t<h3 class=\"tribe-related-events-title\">\n\t\t<a href=\"https:\/\/cafelapalma.com\/en\/programacion\/backstage-le-petit-truffle-mayo\/\" class=\"tribe-event-url\" rel=\"bookmark\">\n\t\t\tBACKSTAGE: LE PETIT + TRUFFLE MAYO\t\t<\/a>\n\t<\/h3>\n\t<span class=\"tribe-event-date-start\">5  September@23:55<\/span><\/div>\n<\/li>\n\t\t\t<li>\n\t\n<div class=\"tribe-related-events-thumbnail\">\n\t<a href=\"https:\/\/cafelapalma.com\/en\/programacion\/willie-deville-concierto-benefico-x-venezuela\/\" class=\"url\" rel=\"bookmark\" tabindex=\"-1\" aria-hidden=\"true\"><img loading=\"lazy\" decoding=\"async\" width=\"1020\" height=\"531\" src=\"https:\/\/cafelapalma.com\/wp-content\/uploads\/2026\/08\/Willie-deville-1100x572-1-1040x541.jpg\" class=\"attachment-large size-large wp-post-image\" alt=\"\" \/><\/a>\n<\/div>\n\t<div class=\"tribe-related-event-info\">\n\t<h3 class=\"tribe-related-events-title\">\n\t\t<a href=\"https:\/\/cafelapalma.com\/en\/programacion\/willie-deville-concierto-benefico-x-venezuela\/\" class=\"tribe-event-url\" rel=\"bookmark\">\n\t\t\tWILLIE DEVILLE: CONCIERTO BEN\u00c9FICO X VENEZUELA\t\t<\/a>\n\t<\/h3>\n\t<span class=\"tribe-event-date-start\">6  September@21:00<\/span><span class=\"tribe-event-time\">23:45<\/span><\/div>\n<\/li>\n\t<\/ul>","protected":false},"excerpt":{"rendered":"<p>\u00bfUna conferencia, un concierto, una charla, una rave? PABLO MART\u00cdN JONES inicia una reflexi\u00f3n creativa comenzando por imaginar c\u00f3mo ser\u00eda nuestra m\u00fasica actual si hubi\u00e9semos mantenido vivos ciertos ritmos tradicionales de la pen\u00ednsula y \u00e9stos formasen parte de nuestra realidad musical de manera natural. \u00bfQu\u00e9 relaci\u00f3n tendr\u00edamos con estos ritmos? \u00bfC\u00f3mo los escuchar\u00edamos? \u00bfLos bailar\u00edamos? &hellip; <\/p>","protected":false},"author":2,"featured_media":27006,"template":"","meta":{"_tec_requires_first_save":false,"_uag_custom_page_level_css":"","loftloader_page_shortcode":"","_EventAllDay":false,"_EventTimezone":"Europe\/Madrid","_EventStartDate":"2023-09-10 20:30:00","_EventEndDate":"2023-09-10 22:15:00","_EventStartDateUTC":"2023-09-10 18:30:00","_EventEndDateUTC":"2023-09-10 20:15:00","_EventShowMap":false,"_EventShowMapLink":false,"_EventURL":"https:\/\/www.passline.com\/eventos\/insolito-singular-pablo-martin-jones","_EventCost":"10","_EventCostDescription":"","_EventCurrencySymbol":"","_EventCurrencyCode":"","_EventCurrencyPosition":"","_EventDateTimeSeparator":"","_EventTimeRangeSeparator":"","_EventOrganizerID":[],"_EventVenueID":[],"_OrganizerEmail":"","_OrganizerPhone":"","_OrganizerWebsite":"","_VenueAddress":"","_VenueCity":"","_VenueCountry":"","_VenueProvince":"","_VenueState":"","_VenueZip":"","_VenuePhone":"","_VenueURL":"","_VenueStateProvince":"","_VenueLat":"","_VenueLng":"","_VenueShowMap":false,"_VenueShowMapLink":false,"_tribe_blocks_recurrence_rules":"","_tribe_blocks_recurrence_description":"","_tribe_blocks_recurrence_exclusions":"","_ecp_custom_2":"","_tribe_events_status":"","_tribe_events_status_reason":"","_tribe_events_is_hybrid":"","_tribe_events_is_virtual":"","_tribe_events_virtual_video_source":"","_tribe_events_virtual_embed_video":"","_tribe_events_virtual_linked_button_text":"","_tribe_events_virtual_linked_button":"","_tribe_events_virtual_show_embed_at":"","_tribe_events_virtual_show_embed_to":[],"_tribe_events_virtual_show_on_event":"","_tribe_events_virtual_show_on_views":"","_tribe_events_virtual_url":"","footnotes":""},"tags":[14119,14122,1363,8869,2865,9147,9146,14125,14127,14126,13535,14123,14116,14118],"tribe_events_cat":[8963],"class_list":["post-27004","tribe_events","type-tribe_events","status-publish","has-post-thumbnail","hentry","tag-ana-morgade","tag-baile-entero","tag-cafe-la-palma","tag-cafe-la-palma-2","tag-conciertos-cafe-la-palma","tag-conciertos-madrid","tag-conciertos-malasana","tag-diego-galaz","tag-festival-de-instrumentos-insolitos","tag-festival-musica","tag-festivales","tag-folclore","tag-insolito-singular","tag-pablo-martin-jones","tribe_events_cat-concierto","cat_concierto"],"uagb_featured_image_src":{"full":["https:\/\/cafelapalma.com\/wp-content\/uploads\/2023\/08\/FOTO-PANDERETA-VERT-DEF.jpg",461,576,false],"thumbnail":["https:\/\/cafelapalma.com\/wp-content\/uploads\/2023\/08\/FOTO-PANDERETA-VERT-DEF-150x150.jpg",150,150,true],"medium":["https:\/\/cafelapalma.com\/wp-content\/uploads\/2023\/08\/FOTO-PANDERETA-VERT-DEF-240x300.jpg",240,300,true],"medium_large":["https:\/\/cafelapalma.com\/wp-content\/uploads\/2023\/08\/FOTO-PANDERETA-VERT-DEF.jpg",461,576,false],"large":["https:\/\/cafelapalma.com\/wp-content\/uploads\/2023\/08\/FOTO-PANDERETA-VERT-DEF.jpg",461,576,false],"1536x1536":["https:\/\/cafelapalma.com\/wp-content\/uploads\/2023\/08\/FOTO-PANDERETA-VERT-DEF.jpg",461,576,false],"2048x2048":["https:\/\/cafelapalma.com\/wp-content\/uploads\/2023\/08\/FOTO-PANDERETA-VERT-DEF.jpg",461,576,false],"trp-custom-language-flag":["https:\/\/cafelapalma.com\/wp-content\/uploads\/2023\/08\/FOTO-PANDERETA-VERT-DEF.jpg",10,12,false],"blossom-feminine-slider":["https:\/\/cafelapalma.com\/wp-content\/uploads\/2023\/08\/FOTO-PANDERETA-VERT-DEF.jpg",461,576,false],"blossom-feminine-featured":["https:\/\/cafelapalma.com\/wp-content\/uploads\/2023\/08\/FOTO-PANDERETA-VERT-DEF.jpg",461,576,false],"blossom-feminine-with-sidebar":["https:\/\/cafelapalma.com\/wp-content\/uploads\/2023\/08\/FOTO-PANDERETA-VERT-DEF.jpg",461,576,false],"blossom-feminine-blog":["https:\/\/cafelapalma.com\/wp-content\/uploads\/2023\/08\/FOTO-PANDERETA-VERT-DEF-435x435.jpg",435,435,true],"blossom-feminine-cat":["https:\/\/cafelapalma.com\/wp-content\/uploads\/2023\/08\/FOTO-PANDERETA-VERT-DEF-450x300.jpg",450,300,true],"blossom-feminine-related":["https:\/\/cafelapalma.com\/wp-content\/uploads\/2023\/08\/FOTO-PANDERETA-VERT-DEF-320x200.jpg",320,200,true],"blossom-feminine-schema":["https:\/\/cafelapalma.com\/wp-content\/uploads\/2023\/08\/FOTO-PANDERETA-VERT-DEF-48x60.jpg",48,60,true]},"uagb_author_info":{"display_name":"Victor","author_link":"https:\/\/cafelapalma.com\/en\/author\/comunicacion\/"},"uagb_comment_info":0,"uagb_excerpt":"\u00bfUna conferencia, un concierto, una charla, una rave? PABLO MART\u00cdN JONES inicia una reflexi\u00f3n creativa comenzando por imaginar c\u00f3mo ser\u00eda nuestra m\u00fasica actual si hubi\u00e9semos mantenido vivos ciertos ritmos tradicionales de la pen\u00ednsula y \u00e9stos formasen parte de nuestra realidad musical de manera natural. \u00bfQu\u00e9 relaci\u00f3n tendr\u00edamos con estos ritmos? \u00bfC\u00f3mo los escuchar\u00edamos? \u00bfLos bailar\u00edamos?&hellip;","_links":{"self":[{"href":"https:\/\/cafelapalma.com\/en\/wp-json\/wp\/v2\/tribe_events\/27004","targetHints":{"allow":["GET"]}}],"collection":[{"href":"https:\/\/cafelapalma.com\/en\/wp-json\/wp\/v2\/tribe_events"}],"about":[{"href":"https:\/\/cafelapalma.com\/en\/wp-json\/wp\/v2\/types\/tribe_events"}],"author":[{"embeddable":true,"href":"https:\/\/cafelapalma.com\/en\/wp-json\/wp\/v2\/users\/2"}],"version-history":[{"count":0,"href":"https:\/\/cafelapalma.com\/en\/wp-json\/wp\/v2\/tribe_events\/27004\/revisions"}],"wp:featuredmedia":[{"embeddable":true,"href":"https:\/\/cafelapalma.com\/en\/wp-json\/wp\/v2\/media\/27006"}],"wp:attachment":[{"href":"https:\/\/cafelapalma.com\/en\/wp-json\/wp\/v2\/media?parent=27004"}],"wp:term":[{"taxonomy":"post_tag","embeddable":true,"href":"https:\/\/cafelapalma.com\/en\/wp-json\/wp\/v2\/tags?post=27004"},{"taxonomy":"tribe_events_cat","embeddable":true,"href":"https:\/\/cafelapalma.com\/en\/wp-json\/wp\/v2\/tribe_events_cat?post=27004"}],"curies":[{"name":"wp","href":"https:\/\/api.w.org\/{rel}","templated":true}]}}