{"id":27016,"date":"2023-08-25T20:28:06","date_gmt":"2023-08-25T18:28:06","guid":{"rendered":"https:\/\/cafelapalma.com\/programacion\/insolito-y-singular-pablo-martin-jones-copy\/"},"modified":"2023-08-25T20:41:39","modified_gmt":"2023-08-25T18:41:39","slug":"insolito-y-singular-neonymus","status":"publish","type":"tribe_events","link":"https:\/\/cafelapalma.com\/en\/programacion\/insolito-y-singular-neonymus\/","title":{"rendered":"Ins\u00f3lito &#038; Singular: NE\u00d8NYMUS"},"content":{"rendered":"<div  class=\"tribe-events-schedule tribe-clearfix\" >\n\t<p class=\"tribe-events-schedule__datetime\">\n\t\t<span class=\"tribe-events-schedule__date tribe-events-schedule__date--start\">\n\t\t\t17  September  2023\t\t<\/span>\n\n\t\t\t\t\t<span class=\"tribe-events-schedule__separator tribe-events-schedule__separator--date\">\n\t\t\t\t@\t\t\t<\/span>\n\t\t\t<span class=\"tribe-events-schedule__time tribe-events-schedule__time--start\">\n\t\t\t\t20:30\t\t\t<\/span>\n\t\t\n\t\t\t\t\t\t\t\t\t<span class=\"tribe-events-schedule__separator tribe-events-schedule__separator--time\">\n\t\t\t\t\t\t\t\t\t<\/span>\n\t\t\t\n\t\t\t\t\t\t\t<span class=\"tribe-events-schedule__time tribe-events-schedule__time--end\">\n\t\t\t\t\t22:15\t\t\t\t<\/span>\n\t\t\t\n\t\t\t\t\t\t<\/p>\n<\/div>\n\n\n<div  class=\"tribe-block tribe-block__event-price\" >\n\t\t\t<span class=\"tribe-block__event-price__cost\"> 11\u20ac <\/span>\n\t\t\t\t<span class=\"tribe-block__event-price__description\">+ gg Anticipada | 13\u20ac Taquilla<\/span>\n\t<\/div>\n\n\n\n<div style=\"height:100px\" aria-hidden=\"true\" class=\"wp-block-spacer\"><\/div>\n\n\n\n<div class=\"wp-block-columns is-layout-flex wp-container-core-columns-is-layout-8f761849 wp-block-columns-is-layout-flex\">\n<div class=\"wp-block-column is-layout-flow wp-block-column-is-layout-flow\" style=\"flex-basis:33.33%\">\n<figure class=\"wp-block-image size-large\"><img loading=\"lazy\" decoding=\"async\" width=\"748\" height=\"1040\" src=\"https:\/\/cafelapalma.com\/wp-content\/uploads\/2023\/08\/NEONYMUSA3-748x1040.jpg\" alt=\"\" class=\"wp-image-27018\" srcset=\"https:\/\/cafelapalma.com\/wp-content\/uploads\/2023\/08\/NEONYMUSA3-748x1040.jpg 748w, https:\/\/cafelapalma.com\/wp-content\/uploads\/2023\/08\/NEONYMUSA3-216x300.jpg 216w, https:\/\/cafelapalma.com\/wp-content\/uploads\/2023\/08\/NEONYMUSA3-768x1068.jpg 768w, https:\/\/cafelapalma.com\/wp-content\/uploads\/2023\/08\/NEONYMUSA3-1104x1536.jpg 1104w, https:\/\/cafelapalma.com\/wp-content\/uploads\/2023\/08\/NEONYMUSA3-1473x2048.jpg 1473w, https:\/\/cafelapalma.com\/wp-content\/uploads\/2023\/08\/NEONYMUSA3-43x60.jpg 43w, https:\/\/cafelapalma.com\/wp-content\/uploads\/2023\/08\/NEONYMUSA3.jpg 1802w\" sizes=\"auto, (max-width: 748px) 100vw, 748px\" \/><\/figure>\n\n\n<div  class=\"tribe-block tribe-block__event-website\" >\n\t<a\n\t\thref=\"https:\/\/www.passline.com\/eventos\/insolito-singular-neonymus\"\n\t\ttarget=\"_self\"\n\t\t\t>\n\t\tBUY TICKETS\t<\/a>\n<\/div>\n<\/div>\n\n\n\n<div class=\"wp-block-column is-layout-flow wp-block-column-is-layout-flow\" style=\"flex-basis:66.66%\">\n<p class=\"has-text-align-left wp-block-paragraph\"><strong>NE\u00d8NYMUS<\/strong> es hombre s\u00f3lo, encima del escenario, con su voz, algunos peque\u00f1os instrumentos ins\u00f3litos construyendo melod\u00edas que sugieren escenas de la prehistoria y de la \u00e9poca actual. <strong>NE\u00d8NYMUS<\/strong> se cri\u00f3 a caballo entre la ciudad y una peque\u00f1a aldea a la que se acced\u00eda por un camino, y donde no hab\u00eda luz el\u00e9ctrica ni agua corriente en las casas. Y quiz\u00e1 eso explique su fascinaci\u00f3n por la mezcla de lo rural y lo primitivo, con lo tecnol\u00f3gico. En su temprana juventud curs\u00f3 estudios de solfeo en el Conservatorio de Burgos, y estudi\u00f3 \u00f3rgano. Despu\u00e9s, abandon\u00f3 la formaci\u00f3n musical acad\u00e9mica, para experimentar y aprender de modo autodidacta.<\/p>\n\n\n\n<p class=\"has-text-align-left wp-block-paragraph\">El principal instrumento en la m\u00fasica de <strong>NE\u00d8NYMUS<\/strong> es la voz. Y la principal herramienta, una loop station, que permite al cantor crear aut\u00e9ntica polifon\u00eda y reproducir tambi\u00e9n otros instrumentos como flautas de hueso, percusi\u00f3n con un \u00e1rbol, tubos, mel\u00f3dica, etc. Distintas l\u00edneas vocales creadas en directo tejen y entrelazan paisajes sonoros que inician el canto dif\u00f3nico del cham\u00e1n invocando a los esp\u00edritus de los animales, mientras golpea las estalactitas desde lo profundo de la gruta.<\/p>\n\n\n\n<p class=\"has-text-align-left wp-block-paragraph\"><strong>INS\u00d3LITO &amp; SINGULAR<\/strong> es un nuevo ciclo de conciertos que nace para cubrir la necesidad org\u00e1nica de lo exclusivo, de lo verdadera y genuinamente novedoso, el imaginario de lo inexistente, aquello que conforma la excepci\u00f3n de la excepci\u00f3n. No solo es muy dif\u00edcil que veas propuestas similares en directo&#8230; es que muchas de ellas son pr\u00e1cticamente \u00fanicas en el mundo.<\/p>\n<\/div>\n<\/div>\n\n\n\n<div style=\"height:100px\" aria-hidden=\"true\" class=\"wp-block-spacer\"><\/div>\n\n\n\n<hr class=\"wp-block-separator has-alpha-channel-opacity\"\/>\n\n\n\n<div style=\"height:100px\" aria-hidden=\"true\" class=\"wp-block-spacer\"><\/div>\n\n\n<h2 class=\"tribe-block__related-events__title\">Related Events<\/h2>\n\n<ul  class=\"tribe-related-events tribe-clearfix\" >\n\t\t\t<li>\n\t\n<div class=\"tribe-related-events-thumbnail\">\n\t<a href=\"https:\/\/cafelapalma.com\/en\/programacion\/funkin-donuts\/\" class=\"url\" rel=\"bookmark\" tabindex=\"-1\" aria-hidden=\"true\"><img loading=\"lazy\" decoding=\"async\" width=\"693\" height=\"1040\" src=\"https:\/\/cafelapalma.com\/wp-content\/uploads\/2026\/07\/FD-vert2-bn-693x1040.jpg\" class=\"attachment-large size-large wp-post-image\" alt=\"\" \/><\/a>\n<\/div>\n\t<div class=\"tribe-related-event-info\">\n\t<h3 class=\"tribe-related-events-title\">\n\t\t<a href=\"https:\/\/cafelapalma.com\/en\/programacion\/funkin-donuts\/\" class=\"tribe-event-url\" rel=\"bookmark\">\n\t\t\tFUNKIN&#8217; DONUTS\t\t<\/a>\n\t<\/h3>\n\t<span class=\"tribe-event-date-start\">5  September@22:00<\/span><span class=\"tribe-event-time\">23:45<\/span><\/div>\n<\/li>\n\t\t\t<li>\n\t\n<div class=\"tribe-related-events-thumbnail\">\n\t<a href=\"https:\/\/cafelapalma.com\/en\/programacion\/backstage-le-petit-truffle-mayo\/\" class=\"url\" rel=\"bookmark\" tabindex=\"-1\" aria-hidden=\"true\"><img loading=\"lazy\" decoding=\"async\" width=\"780\" height=\"1040\" src=\"https:\/\/cafelapalma.com\/wp-content\/uploads\/2026\/07\/Imagen-TruffleMayo-LePetit-i-1-780x1040.png\" class=\"attachment-large size-large wp-post-image\" alt=\"\" \/><\/a>\n<\/div>\n\t<div class=\"tribe-related-event-info\">\n\t<h3 class=\"tribe-related-events-title\">\n\t\t<a href=\"https:\/\/cafelapalma.com\/en\/programacion\/backstage-le-petit-truffle-mayo\/\" class=\"tribe-event-url\" rel=\"bookmark\">\n\t\t\tBACKSTAGE: LE PETIT + TRUFFLE MAYO\t\t<\/a>\n\t<\/h3>\n\t<span class=\"tribe-event-date-start\">5  September@23:55<\/span><\/div>\n<\/li>\n\t\t\t<li>\n\t\n<div class=\"tribe-related-events-thumbnail\">\n\t<a href=\"https:\/\/cafelapalma.com\/en\/programacion\/willie-deville-concierto-benefico-x-venezuela\/\" class=\"url\" rel=\"bookmark\" tabindex=\"-1\" aria-hidden=\"true\"><img loading=\"lazy\" decoding=\"async\" width=\"1020\" height=\"531\" src=\"https:\/\/cafelapalma.com\/wp-content\/uploads\/2026\/08\/Willie-deville-1100x572-1-1040x541.jpg\" class=\"attachment-large size-large wp-post-image\" alt=\"\" \/><\/a>\n<\/div>\n\t<div class=\"tribe-related-event-info\">\n\t<h3 class=\"tribe-related-events-title\">\n\t\t<a href=\"https:\/\/cafelapalma.com\/en\/programacion\/willie-deville-concierto-benefico-x-venezuela\/\" class=\"tribe-event-url\" rel=\"bookmark\">\n\t\t\tWILLIE DEVILLE: CONCIERTO BEN\u00c9FICO X VENEZUELA\t\t<\/a>\n\t<\/h3>\n\t<span class=\"tribe-event-date-start\">6  September@21:00<\/span><span class=\"tribe-event-time\">23:45<\/span><\/div>\n<\/li>\n\t<\/ul>","protected":false},"excerpt":{"rendered":"<p>NE\u00d8NYMUS es hombre s\u00f3lo, encima del escenario, con su voz, algunos peque\u00f1os instrumentos ins\u00f3litos construyendo melod\u00edas que sugieren escenas de la prehistoria y de la \u00e9poca actual. NE\u00d8NYMUS se cri\u00f3 a caballo entre la ciudad y una peque\u00f1a aldea a la que se acced\u00eda por un camino, y donde no hab\u00eda luz el\u00e9ctrica ni agua &hellip; <\/p>","protected":false},"author":2,"featured_media":27019,"template":"","meta":{"_tec_requires_first_save":false,"_uag_custom_page_level_css":"","loftloader_page_shortcode":"","_EventAllDay":false,"_EventTimezone":"Europe\/Madrid","_EventStartDate":"2023-09-17 20:30:00","_EventEndDate":"2023-09-17 22:15:00","_EventStartDateUTC":"2023-09-17 18:30:00","_EventEndDateUTC":"2023-09-17 20:15:00","_EventShowMap":false,"_EventShowMapLink":false,"_EventURL":"https:\/\/www.passline.com\/eventos\/insolito-singular-neonymus","_EventCost":"11","_EventCostDescription":"","_EventCurrencySymbol":"","_EventCurrencyCode":"","_EventCurrencyPosition":"","_EventDateTimeSeparator":"","_EventTimeRangeSeparator":"","_EventOrganizerID":[],"_EventVenueID":[],"_OrganizerEmail":"","_OrganizerPhone":"","_OrganizerWebsite":"","_VenueAddress":"","_VenueCity":"","_VenueCountry":"","_VenueProvince":"","_VenueState":"","_VenueZip":"","_VenuePhone":"","_VenueURL":"","_VenueStateProvince":"","_VenueLat":"","_VenueLng":"","_VenueShowMap":false,"_VenueShowMapLink":false,"_tribe_blocks_recurrence_rules":"","_tribe_blocks_recurrence_description":"","_tribe_blocks_recurrence_exclusions":"","_ecp_custom_2":"","_tribe_events_status":"","_tribe_events_status_reason":"","_tribe_events_is_hybrid":"","_tribe_events_is_virtual":"","_tribe_events_virtual_video_source":"","_tribe_events_virtual_embed_video":"","_tribe_events_virtual_linked_button_text":"","_tribe_events_virtual_linked_button":"","_tribe_events_virtual_show_embed_at":"","_tribe_events_virtual_show_embed_to":[],"_tribe_events_virtual_show_on_event":"","_tribe_events_virtual_show_on_views":"","_tribe_events_virtual_url":"","footnotes":""},"tags":[1363,2865,9147,9146,14125,14127,14126,13535,14123,14116,14128],"tribe_events_cat":[8963],"class_list":["post-27016","tribe_events","type-tribe_events","status-publish","has-post-thumbnail","hentry","tag-cafe-la-palma","tag-conciertos-cafe-la-palma","tag-conciertos-madrid","tag-conciertos-malasana","tag-diego-galaz","tag-festival-de-instrumentos-insolitos","tag-festival-musica","tag-festivales","tag-folclore","tag-insolito-singular","tag-neonymus","tribe_events_cat-concierto","cat_concierto"],"uagb_featured_image_src":{"full":["https:\/\/cafelapalma.com\/wp-content\/uploads\/2023\/08\/neonymuspic.jpg",275,385,false],"thumbnail":["https:\/\/cafelapalma.com\/wp-content\/uploads\/2023\/08\/neonymuspic-150x150.jpg",150,150,true],"medium":["https:\/\/cafelapalma.com\/wp-content\/uploads\/2023\/08\/neonymuspic-214x300.jpg",214,300,true],"medium_large":["https:\/\/cafelapalma.com\/wp-content\/uploads\/2023\/08\/neonymuspic.jpg",275,385,false],"large":["https:\/\/cafelapalma.com\/wp-content\/uploads\/2023\/08\/neonymuspic.jpg",275,385,false],"1536x1536":["https:\/\/cafelapalma.com\/wp-content\/uploads\/2023\/08\/neonymuspic.jpg",275,385,false],"2048x2048":["https:\/\/cafelapalma.com\/wp-content\/uploads\/2023\/08\/neonymuspic.jpg",275,385,false],"trp-custom-language-flag":["https:\/\/cafelapalma.com\/wp-content\/uploads\/2023\/08\/neonymuspic.jpg",9,12,false],"blossom-feminine-slider":["https:\/\/cafelapalma.com\/wp-content\/uploads\/2023\/08\/neonymuspic.jpg",275,385,false],"blossom-feminine-featured":["https:\/\/cafelapalma.com\/wp-content\/uploads\/2023\/08\/neonymuspic.jpg",275,385,false],"blossom-feminine-with-sidebar":["https:\/\/cafelapalma.com\/wp-content\/uploads\/2023\/08\/neonymuspic.jpg",275,385,false],"blossom-feminine-blog":["https:\/\/cafelapalma.com\/wp-content\/uploads\/2023\/08\/neonymuspic.jpg",275,385,false],"blossom-feminine-cat":["https:\/\/cafelapalma.com\/wp-content\/uploads\/2023\/08\/neonymuspic-275x300.jpg",275,300,true],"blossom-feminine-related":["https:\/\/cafelapalma.com\/wp-content\/uploads\/2023\/08\/neonymuspic-275x200.jpg",275,200,true],"blossom-feminine-schema":["https:\/\/cafelapalma.com\/wp-content\/uploads\/2023\/08\/neonymuspic-43x60.jpg",43,60,true]},"uagb_author_info":{"display_name":"Victor","author_link":"https:\/\/cafelapalma.com\/en\/author\/comunicacion\/"},"uagb_comment_info":0,"uagb_excerpt":"NE\u00d8NYMUS es hombre s\u00f3lo, encima del escenario, con su voz, algunos peque\u00f1os instrumentos ins\u00f3litos construyendo melod\u00edas que sugieren escenas de la prehistoria y de la \u00e9poca actual. NE\u00d8NYMUS se cri\u00f3 a caballo entre la ciudad y una peque\u00f1a aldea a la que se acced\u00eda por un camino, y donde no hab\u00eda luz el\u00e9ctrica ni agua&hellip;","_links":{"self":[{"href":"https:\/\/cafelapalma.com\/en\/wp-json\/wp\/v2\/tribe_events\/27016","targetHints":{"allow":["GET"]}}],"collection":[{"href":"https:\/\/cafelapalma.com\/en\/wp-json\/wp\/v2\/tribe_events"}],"about":[{"href":"https:\/\/cafelapalma.com\/en\/wp-json\/wp\/v2\/types\/tribe_events"}],"author":[{"embeddable":true,"href":"https:\/\/cafelapalma.com\/en\/wp-json\/wp\/v2\/users\/2"}],"version-history":[{"count":0,"href":"https:\/\/cafelapalma.com\/en\/wp-json\/wp\/v2\/tribe_events\/27016\/revisions"}],"wp:featuredmedia":[{"embeddable":true,"href":"https:\/\/cafelapalma.com\/en\/wp-json\/wp\/v2\/media\/27019"}],"wp:attachment":[{"href":"https:\/\/cafelapalma.com\/en\/wp-json\/wp\/v2\/media?parent=27016"}],"wp:term":[{"taxonomy":"post_tag","embeddable":true,"href":"https:\/\/cafelapalma.com\/en\/wp-json\/wp\/v2\/tags?post=27016"},{"taxonomy":"tribe_events_cat","embeddable":true,"href":"https:\/\/cafelapalma.com\/en\/wp-json\/wp\/v2\/tribe_events_cat?post=27016"}],"curies":[{"name":"wp","href":"https:\/\/api.w.org\/{rel}","templated":true}]}}