{"id":27027,"date":"2023-08-26T10:25:43","date_gmt":"2023-08-26T08:25:43","guid":{"rendered":"https:\/\/cafelapalma.com\/programacion\/insolito-y-singular-miguel-rivera-maga-mi-historia-cantada-copy\/"},"modified":"2023-08-26T10:30:43","modified_gmt":"2023-08-26T08:30:43","slug":"insolito-y-singular-pierre-bastien","status":"publish","type":"tribe_events","link":"https:\/\/cafelapalma.com\/en\/programacion\/insolito-y-singular-pierre-bastien\/","title":{"rendered":"Ins\u00f3lito &#038; Singular: PIERRE BASTIEN"},"content":{"rendered":"<div  class=\"tribe-events-schedule tribe-clearfix\" >\n\t<p class=\"tribe-events-schedule__datetime\">\n\t\t<span class=\"tribe-events-schedule__date tribe-events-schedule__date--start\">\n\t\t\t01  October  2023\t\t<\/span>\n\n\t\t\t\t\t<span class=\"tribe-events-schedule__separator tribe-events-schedule__separator--date\">\n\t\t\t\t@\t\t\t<\/span>\n\t\t\t<span class=\"tribe-events-schedule__time tribe-events-schedule__time--start\">\n\t\t\t\t20:30\t\t\t<\/span>\n\t\t\n\t\t\t\t\t\t\t\t\t<span class=\"tribe-events-schedule__separator tribe-events-schedule__separator--time\">\n\t\t\t\t\t\t\t\t\t<\/span>\n\t\t\t\n\t\t\t\t\t\t\t<span class=\"tribe-events-schedule__time tribe-events-schedule__time--end\">\n\t\t\t\t\t22:15\t\t\t\t<\/span>\n\t\t\t\n\t\t\t\t\t\t<\/p>\n<\/div>\n\n\n<div  class=\"tribe-block tribe-block__event-price\" >\n\t\t\t<span class=\"tribe-block__event-price__cost\"> 13\u20ac <\/span>\n\t\t\t\t<span class=\"tribe-block__event-price__description\">+ gg Anticipada | 15\u20ac Taquilla<\/span>\n\t<\/div>\n\n\n\n<div style=\"height:100px\" aria-hidden=\"true\" class=\"wp-block-spacer\"><\/div>\n\n\n\n<div class=\"wp-block-columns is-layout-flex wp-container-core-columns-is-layout-8f761849 wp-block-columns-is-layout-flex\">\n<div class=\"wp-block-column is-layout-flow wp-block-column-is-layout-flow\" style=\"flex-basis:33.33%\">\n<figure class=\"wp-block-image size-large\"><img loading=\"lazy\" decoding=\"async\" width=\"747\" height=\"1040\" src=\"https:\/\/cafelapalma.com\/wp-content\/uploads\/2023\/08\/PIERREBASTIENA3-747x1040.jpg\" alt=\"\" class=\"wp-image-27029\" srcset=\"https:\/\/cafelapalma.com\/wp-content\/uploads\/2023\/08\/PIERREBASTIENA3-747x1040.jpg 747w, https:\/\/cafelapalma.com\/wp-content\/uploads\/2023\/08\/PIERREBASTIENA3-216x300.jpg 216w, https:\/\/cafelapalma.com\/wp-content\/uploads\/2023\/08\/PIERREBASTIENA3-768x1069.jpg 768w, https:\/\/cafelapalma.com\/wp-content\/uploads\/2023\/08\/PIERREBASTIENA3-1104x1536.jpg 1104w, https:\/\/cafelapalma.com\/wp-content\/uploads\/2023\/08\/PIERREBASTIENA3-1472x2048.jpg 1472w, https:\/\/cafelapalma.com\/wp-content\/uploads\/2023\/08\/PIERREBASTIENA3-43x60.jpg 43w, https:\/\/cafelapalma.com\/wp-content\/uploads\/2023\/08\/PIERREBASTIENA3.jpg 1808w\" sizes=\"auto, (max-width: 747px) 100vw, 747px\" \/><\/figure>\n\n\n<div  class=\"tribe-block tribe-block__event-website\" >\n\t<a\n\t\thref=\"https:\/\/www.passline.com\/eventos\/insolito-singular-pierre-bastien\"\n\t\ttarget=\"_self\"\n\t\t\t>\n\t\tBUY TICKETS\t<\/a>\n<\/div>\n<\/div>\n\n\n\n<div class=\"wp-block-column is-layout-flow wp-block-column-is-layout-flow\" style=\"flex-basis:66.66%\">\n<p class=\"has-text-align-left wp-block-paragraph\"><strong>PIERRE BASTIEN<\/strong> sopla en un p\u00e9talo de flor como si fuera un sax\u00f3fono, imita al viento por medio de una cuerda entorchada y un bot\u00f3n girando y zumbando, toca melod\u00edas con un l\u00e1piz sobre los dientes abriendo la boca m\u00e1s o menos: todas esas actividades tempranas infravaloradas de la m\u00fasica occidental.<\/p>\n\n\n\n<p class=\"has-text-align-left wp-block-paragraph\">A los diez a\u00f1os de edad, <strong>PIERRE BASTIEN <\/strong>construy\u00f3 una guitarra de dos cuerdas a partir de los elementos del juego educativo <em><strong>Le Petit Physicien<\/strong><\/em>. A los quince a\u00f1os elabor\u00f3 su primera m\u00e1quina con un metr\u00f3nomo que golpeaba por un lado un platillo y por el otro lado una sart\u00e9n. Unos a\u00f1os despu\u00e9s empez\u00f3 construyendo su propia orquesta de robotes hechos de mecano que tocan instrumentos del mundo y objetos usuales. Con este <em>mecanium<\/em> graba sus discos, act\u00faa, hace exposiciones de arte s\u00f3noro y ha colaborado con destacados artistas como <strong>Pierrick Sorin<\/strong>, <strong>Pascal Comelade<\/strong>, <strong>Robert Wyatt<\/strong>, <strong>Issey Miyake<\/strong> o <strong>Roberto Oliv\u00e1n<\/strong> entre otros.<\/p>\n\n\n\n<p class=\"has-text-align-left wp-block-paragraph\"><strong>INS\u00d3LITO &amp; SINGULAR<\/strong> es un nuevo ciclo de conciertos que nace para cubrir la necesidad org\u00e1nica de lo exclusivo, de lo verdadera y genuinamente novedoso, el imaginario de lo inexistente, aquello que conforma la excepci\u00f3n de la excepci\u00f3n. No solo es muy dif\u00edcil que veas propuestas similares en directo&#8230; es que muchas de ellas son pr\u00e1cticamente \u00fanicas en el mundo.<\/p>\n<\/div>\n<\/div>\n\n\n\n<div style=\"height:100px\" aria-hidden=\"true\" class=\"wp-block-spacer\"><\/div>\n\n\n\n<hr class=\"wp-block-separator has-alpha-channel-opacity\"\/>\n\n\n\n<div style=\"height:100px\" aria-hidden=\"true\" class=\"wp-block-spacer\"><\/div>\n\n\n<h2 class=\"tribe-block__related-events__title\">Related Events<\/h2>\n\n<ul  class=\"tribe-related-events tribe-clearfix\" >\n\t\t\t<li>\n\t\n<div class=\"tribe-related-events-thumbnail\">\n\t<a href=\"https:\/\/cafelapalma.com\/en\/programacion\/funkin-donuts\/\" class=\"url\" rel=\"bookmark\" tabindex=\"-1\" aria-hidden=\"true\"><img loading=\"lazy\" decoding=\"async\" width=\"693\" height=\"1040\" src=\"https:\/\/cafelapalma.com\/wp-content\/uploads\/2026\/07\/FD-vert2-bn-693x1040.jpg\" class=\"attachment-large size-large wp-post-image\" alt=\"\" \/><\/a>\n<\/div>\n\t<div class=\"tribe-related-event-info\">\n\t<h3 class=\"tribe-related-events-title\">\n\t\t<a href=\"https:\/\/cafelapalma.com\/en\/programacion\/funkin-donuts\/\" class=\"tribe-event-url\" rel=\"bookmark\">\n\t\t\tFUNKIN&#8217; DONUTS\t\t<\/a>\n\t<\/h3>\n\t<span class=\"tribe-event-date-start\">5  September@22:00<\/span><span class=\"tribe-event-time\">23:45<\/span><\/div>\n<\/li>\n\t\t\t<li>\n\t\n<div class=\"tribe-related-events-thumbnail\">\n\t<a href=\"https:\/\/cafelapalma.com\/en\/programacion\/backstage-le-petit-truffle-mayo\/\" class=\"url\" rel=\"bookmark\" tabindex=\"-1\" aria-hidden=\"true\"><img loading=\"lazy\" decoding=\"async\" width=\"780\" height=\"1040\" src=\"https:\/\/cafelapalma.com\/wp-content\/uploads\/2026\/07\/Imagen-TruffleMayo-LePetit-i-1-780x1040.png\" class=\"attachment-large size-large wp-post-image\" alt=\"\" \/><\/a>\n<\/div>\n\t<div class=\"tribe-related-event-info\">\n\t<h3 class=\"tribe-related-events-title\">\n\t\t<a href=\"https:\/\/cafelapalma.com\/en\/programacion\/backstage-le-petit-truffle-mayo\/\" class=\"tribe-event-url\" rel=\"bookmark\">\n\t\t\tBACKSTAGE: LE PETIT + TRUFFLE MAYO\t\t<\/a>\n\t<\/h3>\n\t<span class=\"tribe-event-date-start\">5  September@23:55<\/span><\/div>\n<\/li>\n\t\t\t<li>\n\t\n<div class=\"tribe-related-events-thumbnail\">\n\t<a href=\"https:\/\/cafelapalma.com\/en\/programacion\/willie-deville-concierto-benefico-x-venezuela\/\" class=\"url\" rel=\"bookmark\" tabindex=\"-1\" aria-hidden=\"true\"><img loading=\"lazy\" decoding=\"async\" width=\"1020\" height=\"531\" src=\"https:\/\/cafelapalma.com\/wp-content\/uploads\/2026\/08\/Willie-deville-1100x572-1-1040x541.jpg\" class=\"attachment-large size-large wp-post-image\" alt=\"\" \/><\/a>\n<\/div>\n\t<div class=\"tribe-related-event-info\">\n\t<h3 class=\"tribe-related-events-title\">\n\t\t<a href=\"https:\/\/cafelapalma.com\/en\/programacion\/willie-deville-concierto-benefico-x-venezuela\/\" class=\"tribe-event-url\" rel=\"bookmark\">\n\t\t\tWILLIE DEVILLE: CONCIERTO BEN\u00c9FICO X VENEZUELA\t\t<\/a>\n\t<\/h3>\n\t<span class=\"tribe-event-date-start\">6  September@21:00<\/span><span class=\"tribe-event-time\">23:45<\/span><\/div>\n<\/li>\n\t<\/ul>","protected":false},"excerpt":{"rendered":"<p>PIERRE BASTIEN sopla en un p\u00e9talo de flor como si fuera un sax\u00f3fono, imita al viento por medio de una cuerda entorchada y un bot\u00f3n girando y zumbando, toca melod\u00edas con un l\u00e1piz sobre los dientes abriendo la boca m\u00e1s o menos: todas esas actividades tempranas infravaloradas de la m\u00fasica occidental. A los diez a\u00f1os &hellip; <\/p>","protected":false},"author":2,"featured_media":27030,"template":"","meta":{"_tec_requires_first_save":false,"_uag_custom_page_level_css":"","loftloader_page_shortcode":"","_EventAllDay":false,"_EventTimezone":"Europe\/Madrid","_EventStartDate":"2023-10-01 20:30:00","_EventEndDate":"2023-10-01 22:15:00","_EventStartDateUTC":"2023-10-01 18:30:00","_EventEndDateUTC":"2023-10-01 20:15:00","_EventShowMap":false,"_EventShowMapLink":false,"_EventURL":"https:\/\/www.passline.com\/eventos\/insolito-singular-pierre-bastien","_EventCost":"13","_EventCostDescription":"","_EventCurrencySymbol":"","_EventCurrencyCode":"","_EventCurrencyPosition":"","_EventDateTimeSeparator":"","_EventTimeRangeSeparator":"","_EventOrganizerID":[],"_EventVenueID":[],"_OrganizerEmail":"","_OrganizerPhone":"","_OrganizerWebsite":"","_VenueAddress":"","_VenueCity":"","_VenueCountry":"","_VenueProvince":"","_VenueState":"","_VenueZip":"","_VenuePhone":"","_VenueURL":"","_VenueStateProvince":"","_VenueLat":"","_VenueLng":"","_VenueShowMap":false,"_VenueShowMapLink":false,"_tribe_blocks_recurrence_rules":"","_tribe_blocks_recurrence_description":"","_tribe_blocks_recurrence_exclusions":"","_ecp_custom_2":"","_tribe_events_status":"","_tribe_events_status_reason":"","_tribe_events_is_hybrid":"","_tribe_events_is_virtual":"","_tribe_events_virtual_video_source":"","_tribe_events_virtual_embed_video":"","_tribe_events_virtual_linked_button_text":"","_tribe_events_virtual_linked_button":"","_tribe_events_virtual_show_embed_at":"","_tribe_events_virtual_show_embed_to":[],"_tribe_events_virtual_show_on_event":"","_tribe_events_virtual_show_on_views":"","_tribe_events_virtual_url":"","footnotes":""},"tags":[14135,14134,1363,2865,9147,9146,14125,14127,14126,13535,14116,14140,14137,14136,14138,14133,14139,14141,14142],"tribe_events_cat":[8963],"class_list":["post-27027","tribe_events","type-tribe_events","status-publish","has-post-thumbnail","hentry","tag-born-music","tag-born-music-agency","tag-cafe-la-palma","tag-conciertos-cafe-la-palma","tag-conciertos-madrid","tag-conciertos-malasana","tag-diego-galaz","tag-festival-de-instrumentos-insolitos","tag-festival-musica","tag-festivales","tag-insolito-singular","tag-issey-miyake","tag-le-petit-physicien","tag-mecano","tag-pascal-comelade","tag-pierre-bastien","tag-pierrick-sorin","tag-robert-wyatt","tag-roberto-olivan","tribe_events_cat-concierto","cat_concierto"],"uagb_featured_image_src":{"full":["https:\/\/cafelapalma.com\/wp-content\/uploads\/2023\/08\/PIERRE-VERT.jpg",1637,2314,false],"thumbnail":["https:\/\/cafelapalma.com\/wp-content\/uploads\/2023\/08\/PIERRE-VERT-150x150.jpg",150,150,true],"medium":["https:\/\/cafelapalma.com\/wp-content\/uploads\/2023\/08\/PIERRE-VERT-212x300.jpg",212,300,true],"medium_large":["https:\/\/cafelapalma.com\/wp-content\/uploads\/2023\/08\/PIERRE-VERT-768x1086.jpg",768,1086,true],"large":["https:\/\/cafelapalma.com\/wp-content\/uploads\/2023\/08\/PIERRE-VERT-736x1040.jpg",736,1040,true],"1536x1536":["https:\/\/cafelapalma.com\/wp-content\/uploads\/2023\/08\/PIERRE-VERT-1087x1536.jpg",1087,1536,true],"2048x2048":["https:\/\/cafelapalma.com\/wp-content\/uploads\/2023\/08\/PIERRE-VERT-1449x2048.jpg",1449,2048,true],"trp-custom-language-flag":["https:\/\/cafelapalma.com\/wp-content\/uploads\/2023\/08\/PIERRE-VERT.jpg",8,12,false],"blossom-feminine-slider":["https:\/\/cafelapalma.com\/wp-content\/uploads\/2023\/08\/PIERRE-VERT-1637x649.jpg",1637,649,true],"blossom-feminine-featured":["https:\/\/cafelapalma.com\/wp-content\/uploads\/2023\/08\/PIERRE-VERT-1410x600.jpg",1410,600,true],"blossom-feminine-with-sidebar":["https:\/\/cafelapalma.com\/wp-content\/uploads\/2023\/08\/PIERRE-VERT-1020x600.jpg",1020,600,true],"blossom-feminine-blog":["https:\/\/cafelapalma.com\/wp-content\/uploads\/2023\/08\/PIERRE-VERT-435x435.jpg",435,435,true],"blossom-feminine-cat":["https:\/\/cafelapalma.com\/wp-content\/uploads\/2023\/08\/PIERRE-VERT-450x300.jpg",450,300,true],"blossom-feminine-related":["https:\/\/cafelapalma.com\/wp-content\/uploads\/2023\/08\/PIERRE-VERT-320x200.jpg",320,200,true],"blossom-feminine-schema":["https:\/\/cafelapalma.com\/wp-content\/uploads\/2023\/08\/PIERRE-VERT-42x60.jpg",42,60,true]},"uagb_author_info":{"display_name":"Victor","author_link":"https:\/\/cafelapalma.com\/en\/author\/comunicacion\/"},"uagb_comment_info":0,"uagb_excerpt":"PIERRE BASTIEN sopla en un p\u00e9talo de flor como si fuera un sax\u00f3fono, imita al viento por medio de una cuerda entorchada y un bot\u00f3n girando y zumbando, toca melod\u00edas con un l\u00e1piz sobre los dientes abriendo la boca m\u00e1s o menos: todas esas actividades tempranas infravaloradas de la m\u00fasica occidental. A los diez a\u00f1os&hellip;","_links":{"self":[{"href":"https:\/\/cafelapalma.com\/en\/wp-json\/wp\/v2\/tribe_events\/27027","targetHints":{"allow":["GET"]}}],"collection":[{"href":"https:\/\/cafelapalma.com\/en\/wp-json\/wp\/v2\/tribe_events"}],"about":[{"href":"https:\/\/cafelapalma.com\/en\/wp-json\/wp\/v2\/types\/tribe_events"}],"author":[{"embeddable":true,"href":"https:\/\/cafelapalma.com\/en\/wp-json\/wp\/v2\/users\/2"}],"version-history":[{"count":0,"href":"https:\/\/cafelapalma.com\/en\/wp-json\/wp\/v2\/tribe_events\/27027\/revisions"}],"wp:featuredmedia":[{"embeddable":true,"href":"https:\/\/cafelapalma.com\/en\/wp-json\/wp\/v2\/media\/27030"}],"wp:attachment":[{"href":"https:\/\/cafelapalma.com\/en\/wp-json\/wp\/v2\/media?parent=27027"}],"wp:term":[{"taxonomy":"post_tag","embeddable":true,"href":"https:\/\/cafelapalma.com\/en\/wp-json\/wp\/v2\/tags?post=27027"},{"taxonomy":"tribe_events_cat","embeddable":true,"href":"https:\/\/cafelapalma.com\/en\/wp-json\/wp\/v2\/tribe_events_cat?post=27027"}],"curies":[{"name":"wp","href":"https:\/\/api.w.org\/{rel}","templated":true}]}}