{"id":27037,"date":"2023-08-26T10:37:18","date_gmt":"2023-08-26T08:37:18","guid":{"rendered":"https:\/\/cafelapalma.com\/programacion\/insolito-y-singular-crudo-pimento-copy\/"},"modified":"2023-08-26T10:42:06","modified_gmt":"2023-08-26T08:42:06","slug":"insolito-y-singular-vibra-to","status":"publish","type":"tribe_events","link":"https:\/\/cafelapalma.com\/en\/programacion\/insolito-y-singular-vibra-to\/","title":{"rendered":"Ins\u00f3lito &#038; Singular: VIBRA-T\u00d3"},"content":{"rendered":"<div  class=\"tribe-events-schedule tribe-clearfix\" >\n\t<p class=\"tribe-events-schedule__datetime\">\n\t\t<span class=\"tribe-events-schedule__date tribe-events-schedule__date--start\">\n\t\t\t15  October  2023\t\t<\/span>\n\n\t\t\t\t\t<span class=\"tribe-events-schedule__separator tribe-events-schedule__separator--date\">\n\t\t\t\t@\t\t\t<\/span>\n\t\t\t<span class=\"tribe-events-schedule__time tribe-events-schedule__time--start\">\n\t\t\t\t20:30\t\t\t<\/span>\n\t\t\n\t\t\t\t\t\t\t\t\t<span class=\"tribe-events-schedule__separator tribe-events-schedule__separator--time\">\n\t\t\t\t\t\t\t\t\t<\/span>\n\t\t\t\n\t\t\t\t\t\t\t<span class=\"tribe-events-schedule__time tribe-events-schedule__time--end\">\n\t\t\t\t\t22:15\t\t\t\t<\/span>\n\t\t\t\n\t\t\t\t\t\t<\/p>\n<\/div>\n\n\n<div  class=\"tribe-block tribe-block__event-price\" >\n\t\t\t<span class=\"tribe-block__event-price__cost\"> 11\u20ac <\/span>\n\t\t\t\t<span class=\"tribe-block__event-price__description\">+ gg Anticipada | 13\u20ac Taquilla<\/span>\n\t<\/div>\n\n\n\n<div style=\"height:100px\" aria-hidden=\"true\" class=\"wp-block-spacer\"><\/div>\n\n\n\n<div class=\"wp-block-columns is-layout-flex wp-container-core-columns-is-layout-8f761849 wp-block-columns-is-layout-flex\">\n<div class=\"wp-block-column is-layout-flow wp-block-column-is-layout-flow\" style=\"flex-basis:33.33%\">\n<figure class=\"wp-block-image size-large\"><img loading=\"lazy\" decoding=\"async\" width=\"751\" height=\"1040\" src=\"https:\/\/cafelapalma.com\/wp-content\/uploads\/2023\/08\/VIBRATOA3-751x1040.jpg\" alt=\"\" class=\"wp-image-27039\" srcset=\"https:\/\/cafelapalma.com\/wp-content\/uploads\/2023\/08\/VIBRATOA3-751x1040.jpg 751w, https:\/\/cafelapalma.com\/wp-content\/uploads\/2023\/08\/VIBRATOA3-217x300.jpg 217w, https:\/\/cafelapalma.com\/wp-content\/uploads\/2023\/08\/VIBRATOA3-768x1064.jpg 768w, https:\/\/cafelapalma.com\/wp-content\/uploads\/2023\/08\/VIBRATOA3-1109x1536.jpg 1109w, https:\/\/cafelapalma.com\/wp-content\/uploads\/2023\/08\/VIBRATOA3-1478x2048.jpg 1478w, https:\/\/cafelapalma.com\/wp-content\/uploads\/2023\/08\/VIBRATOA3-43x60.jpg 43w, https:\/\/cafelapalma.com\/wp-content\/uploads\/2023\/08\/VIBRATOA3.jpg 1798w\" sizes=\"auto, (max-width: 751px) 100vw, 751px\" \/><\/figure>\n\n\n<div  class=\"tribe-block tribe-block__event-website\" >\n\t<a\n\t\thref=\"https:\/\/www.passline.com\/eventos\/insolito-singular-vibrato\"\n\t\ttarget=\"_self\"\n\t\t\t>\n\t\tBUY TICKETS\t<\/a>\n<\/div>\n<\/div>\n\n\n\n<div class=\"wp-block-column is-layout-flow wp-block-column-is-layout-flow\" style=\"flex-basis:66.66%\">\n<div style=\"height:100px\" aria-hidden=\"true\" class=\"wp-block-spacer\"><\/div>\n\n\n\n<p class=\"has-text-align-left wp-block-paragraph\"><strong>VIBRA-T\u00d3<\/strong> es un colectivo de m\u00fasicos investigadores y multi-instrumentistas que crean instrumentos musicales a partir de objetos cotidianos y materiales de desecho, investigan acerca de instrumentos de todo el mundo y transmiten su amor por la m\u00fasica, el folclore y sus instrumentos a trav\u00e9s de talleres, conciertos y divulgaci\u00f3n en radio y televisi\u00f3n. Sus fundadores, <strong>Miguel Guinea<\/strong> y <strong>Joaqu\u00edn S\u00e1nchez<\/strong>, se conocieron en 2004 cursando en la Universidad de Granada y desde entonces han viajado con su proyecto a cinco pa\u00edses diferentes, desde Brasil a Angola pasando por Nueva York \u00f3 Marruecos, meti\u00e9ndose en retos y aventuras como el encargo de realizar 500 ukeleches (ukeleles con cart\u00f3n de leche) para el Museo del Prado de Madrid o poner a 1.000 escolares a tocar un \u00f3rgano humano gigante hecho de rollos papel higi\u00e9nico en el Teatro Maestranza de Sevilla.<\/p>\n\n\n\n<p class=\"has-text-align-left wp-block-paragraph\"><strong>INS\u00d3LITO &amp; SINGULAR<\/strong> es un nuevo ciclo de conciertos que nace para cubrir la necesidad org\u00e1nica de lo exclusivo, de lo verdadera y genuinamente novedoso, el imaginario de lo inexistente, aquello que conforma la excepci\u00f3n de la excepci\u00f3n. No solo es muy dif\u00edcil que veas propuestas similares en directo&#8230; es que muchas de ellas son pr\u00e1cticamente \u00fanicas en el mundo.<\/p>\n<\/div>\n<\/div>\n\n\n\n<div style=\"height:100px\" aria-hidden=\"true\" class=\"wp-block-spacer\"><\/div>\n\n\n\n<hr class=\"wp-block-separator has-alpha-channel-opacity\"\/>\n\n\n\n<div style=\"height:100px\" aria-hidden=\"true\" class=\"wp-block-spacer\"><\/div>\n\n\n<h2 class=\"tribe-block__related-events__title\">Related Events<\/h2>\n\n<ul  class=\"tribe-related-events tribe-clearfix\" >\n\t\t\t<li>\n\t\n<div class=\"tribe-related-events-thumbnail\">\n\t<a href=\"https:\/\/cafelapalma.com\/en\/programacion\/funkin-donuts\/\" class=\"url\" rel=\"bookmark\" tabindex=\"-1\" aria-hidden=\"true\"><img loading=\"lazy\" decoding=\"async\" width=\"693\" height=\"1040\" src=\"https:\/\/cafelapalma.com\/wp-content\/uploads\/2026\/07\/FD-vert2-bn-693x1040.jpg\" class=\"attachment-large size-large wp-post-image\" alt=\"\" \/><\/a>\n<\/div>\n\t<div class=\"tribe-related-event-info\">\n\t<h3 class=\"tribe-related-events-title\">\n\t\t<a href=\"https:\/\/cafelapalma.com\/en\/programacion\/funkin-donuts\/\" class=\"tribe-event-url\" rel=\"bookmark\">\n\t\t\tFUNKIN&#8217; DONUTS\t\t<\/a>\n\t<\/h3>\n\t<span class=\"tribe-event-date-start\">5  September@22:00<\/span><span class=\"tribe-event-time\">23:45<\/span><\/div>\n<\/li>\n\t\t\t<li>\n\t\n<div class=\"tribe-related-events-thumbnail\">\n\t<a href=\"https:\/\/cafelapalma.com\/en\/programacion\/backstage-le-petit-truffle-mayo\/\" class=\"url\" rel=\"bookmark\" tabindex=\"-1\" aria-hidden=\"true\"><img loading=\"lazy\" decoding=\"async\" width=\"780\" height=\"1040\" src=\"https:\/\/cafelapalma.com\/wp-content\/uploads\/2026\/07\/Imagen-TruffleMayo-LePetit-i-1-780x1040.png\" class=\"attachment-large size-large wp-post-image\" alt=\"\" \/><\/a>\n<\/div>\n\t<div class=\"tribe-related-event-info\">\n\t<h3 class=\"tribe-related-events-title\">\n\t\t<a href=\"https:\/\/cafelapalma.com\/en\/programacion\/backstage-le-petit-truffle-mayo\/\" class=\"tribe-event-url\" rel=\"bookmark\">\n\t\t\tBACKSTAGE: LE PETIT + TRUFFLE MAYO\t\t<\/a>\n\t<\/h3>\n\t<span class=\"tribe-event-date-start\">5  September@23:55<\/span><\/div>\n<\/li>\n\t\t\t<li>\n\t\n<div class=\"tribe-related-events-thumbnail\">\n\t<a href=\"https:\/\/cafelapalma.com\/en\/programacion\/willie-deville-concierto-benefico-x-venezuela\/\" class=\"url\" rel=\"bookmark\" tabindex=\"-1\" aria-hidden=\"true\"><img loading=\"lazy\" decoding=\"async\" width=\"1020\" height=\"531\" src=\"https:\/\/cafelapalma.com\/wp-content\/uploads\/2026\/08\/Willie-deville-1100x572-1-1040x541.jpg\" class=\"attachment-large size-large wp-post-image\" alt=\"\" \/><\/a>\n<\/div>\n\t<div class=\"tribe-related-event-info\">\n\t<h3 class=\"tribe-related-events-title\">\n\t\t<a href=\"https:\/\/cafelapalma.com\/en\/programacion\/willie-deville-concierto-benefico-x-venezuela\/\" class=\"tribe-event-url\" rel=\"bookmark\">\n\t\t\tWILLIE DEVILLE: CONCIERTO BEN\u00c9FICO X VENEZUELA\t\t<\/a>\n\t<\/h3>\n\t<span class=\"tribe-event-date-start\">6  September@21:00<\/span><span class=\"tribe-event-time\">23:45<\/span><\/div>\n<\/li>\n\t<\/ul>","protected":false},"excerpt":{"rendered":"<p>VIBRA-T\u00d3 es un colectivo de m\u00fasicos investigadores y multi-instrumentistas que crean instrumentos musicales a partir de objetos cotidianos y materiales de desecho, investigan acerca de instrumentos de todo el mundo y transmiten su amor por la m\u00fasica, el folclore y sus instrumentos a trav\u00e9s de talleres, conciertos y divulgaci\u00f3n en radio y televisi\u00f3n. Sus fundadores, &hellip; <\/p>","protected":false},"author":2,"featured_media":27040,"template":"","meta":{"_tec_requires_first_save":false,"_uag_custom_page_level_css":"","loftloader_page_shortcode":"","_EventAllDay":false,"_EventTimezone":"Europe\/Madrid","_EventStartDate":"2023-10-15 20:30:00","_EventEndDate":"2023-10-15 22:15:00","_EventStartDateUTC":"2023-10-15 18:30:00","_EventEndDateUTC":"2023-10-15 20:15:00","_EventShowMap":false,"_EventShowMapLink":false,"_EventURL":"https:\/\/www.passline.com\/eventos\/insolito-singular-vibrato","_EventCost":"11","_EventCostDescription":"","_EventCurrencySymbol":"","_EventCurrencyCode":"","_EventCurrencyPosition":"","_EventDateTimeSeparator":"","_EventTimeRangeSeparator":"","_EventOrganizerID":[],"_EventVenueID":[],"_OrganizerEmail":"","_OrganizerPhone":"","_OrganizerWebsite":"","_VenueAddress":"","_VenueCity":"","_VenueCountry":"","_VenueProvince":"","_VenueState":"","_VenueZip":"","_VenuePhone":"","_VenueURL":"","_VenueStateProvince":"","_VenueLat":"","_VenueLng":"","_VenueShowMap":false,"_VenueShowMapLink":false,"_tribe_blocks_recurrence_rules":"","_tribe_blocks_recurrence_description":"","_tribe_blocks_recurrence_exclusions":"","_ecp_custom_2":"","_tribe_events_status":"","_tribe_events_status_reason":"","_tribe_events_is_hybrid":"","_tribe_events_is_virtual":"","_tribe_events_virtual_video_source":"","_tribe_events_virtual_embed_video":"","_tribe_events_virtual_linked_button_text":"","_tribe_events_virtual_linked_button":"","_tribe_events_virtual_show_embed_at":"","_tribe_events_virtual_show_embed_to":[],"_tribe_events_virtual_show_on_event":"","_tribe_events_virtual_show_on_views":"","_tribe_events_virtual_url":"","footnotes":""},"tags":[1363,2865,9147,9146,14125,14127,14126,13535,14116,14146,14145,10714,14147,14144],"tribe_events_cat":[8963],"class_list":["post-27037","tribe_events","type-tribe_events","status-publish","has-post-thumbnail","hentry","tag-cafe-la-palma","tag-conciertos-cafe-la-palma","tag-conciertos-madrid","tag-conciertos-malasana","tag-diego-galaz","tag-festival-de-instrumentos-insolitos","tag-festival-musica","tag-festivales","tag-insolito-singular","tag-joaquin-sanchez","tag-miguel-guinea","tag-murcia","tag-ukeleche","tag-vibra-to","tribe_events_cat-concierto","cat_concierto"],"uagb_featured_image_src":{"full":["https:\/\/cafelapalma.com\/wp-content\/uploads\/2023\/08\/VIBRATOPICLOW.png",432,648,false],"thumbnail":["https:\/\/cafelapalma.com\/wp-content\/uploads\/2023\/08\/VIBRATOPICLOW-150x150.png",150,150,true],"medium":["https:\/\/cafelapalma.com\/wp-content\/uploads\/2023\/08\/VIBRATOPICLOW-200x300.png",200,300,true],"medium_large":["https:\/\/cafelapalma.com\/wp-content\/uploads\/2023\/08\/VIBRATOPICLOW.png",432,648,false],"large":["https:\/\/cafelapalma.com\/wp-content\/uploads\/2023\/08\/VIBRATOPICLOW.png",432,648,false],"1536x1536":["https:\/\/cafelapalma.com\/wp-content\/uploads\/2023\/08\/VIBRATOPICLOW.png",432,648,false],"2048x2048":["https:\/\/cafelapalma.com\/wp-content\/uploads\/2023\/08\/VIBRATOPICLOW.png",432,648,false],"trp-custom-language-flag":["https:\/\/cafelapalma.com\/wp-content\/uploads\/2023\/08\/VIBRATOPICLOW.png",8,12,false],"blossom-feminine-slider":["https:\/\/cafelapalma.com\/wp-content\/uploads\/2023\/08\/VIBRATOPICLOW.png",432,648,false],"blossom-feminine-featured":["https:\/\/cafelapalma.com\/wp-content\/uploads\/2023\/08\/VIBRATOPICLOW-432x600.png",432,600,true],"blossom-feminine-with-sidebar":["https:\/\/cafelapalma.com\/wp-content\/uploads\/2023\/08\/VIBRATOPICLOW-432x600.png",432,600,true],"blossom-feminine-blog":["https:\/\/cafelapalma.com\/wp-content\/uploads\/2023\/08\/VIBRATOPICLOW-432x435.png",432,435,true],"blossom-feminine-cat":["https:\/\/cafelapalma.com\/wp-content\/uploads\/2023\/08\/VIBRATOPICLOW-432x300.png",432,300,true],"blossom-feminine-related":["https:\/\/cafelapalma.com\/wp-content\/uploads\/2023\/08\/VIBRATOPICLOW-320x200.png",320,200,true],"blossom-feminine-schema":["https:\/\/cafelapalma.com\/wp-content\/uploads\/2023\/08\/VIBRATOPICLOW-40x60.png",40,60,true]},"uagb_author_info":{"display_name":"Victor","author_link":"https:\/\/cafelapalma.com\/en\/author\/comunicacion\/"},"uagb_comment_info":0,"uagb_excerpt":"VIBRA-T\u00d3 es un colectivo de m\u00fasicos investigadores y multi-instrumentistas que crean instrumentos musicales a partir de objetos cotidianos y materiales de desecho, investigan acerca de instrumentos de todo el mundo y transmiten su amor por la m\u00fasica, el folclore y sus instrumentos a trav\u00e9s de talleres, conciertos y divulgaci\u00f3n en radio y televisi\u00f3n. Sus fundadores,&hellip;","_links":{"self":[{"href":"https:\/\/cafelapalma.com\/en\/wp-json\/wp\/v2\/tribe_events\/27037","targetHints":{"allow":["GET"]}}],"collection":[{"href":"https:\/\/cafelapalma.com\/en\/wp-json\/wp\/v2\/tribe_events"}],"about":[{"href":"https:\/\/cafelapalma.com\/en\/wp-json\/wp\/v2\/types\/tribe_events"}],"author":[{"embeddable":true,"href":"https:\/\/cafelapalma.com\/en\/wp-json\/wp\/v2\/users\/2"}],"version-history":[{"count":0,"href":"https:\/\/cafelapalma.com\/en\/wp-json\/wp\/v2\/tribe_events\/27037\/revisions"}],"wp:featuredmedia":[{"embeddable":true,"href":"https:\/\/cafelapalma.com\/en\/wp-json\/wp\/v2\/media\/27040"}],"wp:attachment":[{"href":"https:\/\/cafelapalma.com\/en\/wp-json\/wp\/v2\/media?parent=27037"}],"wp:term":[{"taxonomy":"post_tag","embeddable":true,"href":"https:\/\/cafelapalma.com\/en\/wp-json\/wp\/v2\/tags?post=27037"},{"taxonomy":"tribe_events_cat","embeddable":true,"href":"https:\/\/cafelapalma.com\/en\/wp-json\/wp\/v2\/tribe_events_cat?post=27037"}],"curies":[{"name":"wp","href":"https:\/\/api.w.org\/{rel}","templated":true}]}}