{"id":27052,"date":"2023-08-26T10:51:59","date_gmt":"2023-08-26T08:51:59","guid":{"rendered":"https:\/\/cafelapalma.com\/programacion\/insolito-y-singular-orquesta-reusonica-trio-copy-2\/"},"modified":"2023-08-26T10:59:22","modified_gmt":"2023-08-26T08:59:22","slug":"insolito-y-singular-micropoesia-y-theremin-ajo-javier-diez-ena","status":"publish","type":"tribe_events","link":"https:\/\/cafelapalma.com\/en\/programacion\/insolito-y-singular-micropoesia-y-theremin-ajo-javier-diez-ena\/","title":{"rendered":"Ins\u00f3lito &#038; Singular: AJO &#038; JAVIER D\u00cdEZ ENA"},"content":{"rendered":"<div  class=\"tribe-events-schedule tribe-clearfix\" >\n\t<p class=\"tribe-events-schedule__datetime\">\n\t\t<span class=\"tribe-events-schedule__date tribe-events-schedule__date--start\">\n\t\t\t29  October  2023\t\t<\/span>\n\n\t\t\t\t\t<span class=\"tribe-events-schedule__separator tribe-events-schedule__separator--date\">\n\t\t\t\t@\t\t\t<\/span>\n\t\t\t<span class=\"tribe-events-schedule__time tribe-events-schedule__time--start\">\n\t\t\t\t20:30\t\t\t<\/span>\n\t\t\n\t\t\t\t\t\t\t\t\t<span class=\"tribe-events-schedule__separator tribe-events-schedule__separator--time\">\n\t\t\t\t\t\t\t\t\t<\/span>\n\t\t\t\n\t\t\t\t\t\t\t<span class=\"tribe-events-schedule__time tribe-events-schedule__time--end\">\n\t\t\t\t\t22:15\t\t\t\t<\/span>\n\t\t\t\n\t\t\t\t\t\t<\/p>\n<\/div>\n\n\n<div  class=\"tribe-block tribe-block__event-price\" >\n\t\t\t<span class=\"tribe-block__event-price__cost\"> 13\u20ac <\/span>\n\t\t\t\t<span class=\"tribe-block__event-price__description\">+ gg Anticipada | 15\u20ac Taquilla<\/span>\n\t<\/div>\n\n\n\n<div style=\"height:100px\" aria-hidden=\"true\" class=\"wp-block-spacer\"><\/div>\n\n\n\n<div class=\"wp-block-columns is-layout-flex wp-container-core-columns-is-layout-8f761849 wp-block-columns-is-layout-flex\">\n<div class=\"wp-block-column is-layout-flow wp-block-column-is-layout-flow\" style=\"flex-basis:33.33%\">\n<figure class=\"wp-block-image size-large\"><img loading=\"lazy\" decoding=\"async\" width=\"742\" height=\"1040\" src=\"https:\/\/cafelapalma.com\/wp-content\/uploads\/2023\/08\/AJOYDIEZENAA3-742x1040.jpg\" alt=\"\" class=\"wp-image-27055\" srcset=\"https:\/\/cafelapalma.com\/wp-content\/uploads\/2023\/08\/AJOYDIEZENAA3-742x1040.jpg 742w, https:\/\/cafelapalma.com\/wp-content\/uploads\/2023\/08\/AJOYDIEZENAA3-214x300.jpg 214w, https:\/\/cafelapalma.com\/wp-content\/uploads\/2023\/08\/AJOYDIEZENAA3-768x1077.jpg 768w, https:\/\/cafelapalma.com\/wp-content\/uploads\/2023\/08\/AJOYDIEZENAA3-1096x1536.jpg 1096w, https:\/\/cafelapalma.com\/wp-content\/uploads\/2023\/08\/AJOYDIEZENAA3-1461x2048.jpg 1461w, https:\/\/cafelapalma.com\/wp-content\/uploads\/2023\/08\/AJOYDIEZENAA3-43x60.jpg 43w, https:\/\/cafelapalma.com\/wp-content\/uploads\/2023\/08\/AJOYDIEZENAA3.jpg 1784w\" sizes=\"auto, (max-width: 742px) 100vw, 742px\" \/><\/figure>\n\n\n<div  class=\"tribe-block tribe-block__event-website\" >\n\t<a\n\t\thref=\"https:\/\/www.passline.com\/eventos\/insolito-singular-ajo-javier-diez-ena\"\n\t\ttarget=\"_self\"\n\t\t\t>\n\t\tBUY TICKETS\t<\/a>\n<\/div>\n<\/div>\n\n\n\n<div class=\"wp-block-column is-layout-flow wp-block-column-is-layout-flow\" style=\"flex-basis:66.66%\">\n<p class=\"has-text-align-left wp-block-paragraph\">La micropoetisa <strong>AJO<\/strong> y el thereminista <strong>JAVIER D\u00cdEZ ENA<\/strong> ofrecen un ins\u00f3lito recital a duo de poes\u00eda y therem\u00edn.<\/p>\n\n\n\n<p class=\"has-text-align-left wp-block-paragraph\"><strong>AJO<\/strong>, agitadora y personaje de referencia de la contracultura madrile\u00f1a, naci\u00f3 en <strong>Salda\u00f1a <\/strong>(Palencia) y vino a decrecer a <strong>Madrid<\/strong>. No se autodefine porque es una manera de limitarse, pero se hizo <em>micropoetisa <\/em>(ella es la inventora del t\u00e9rmino) despu\u00e9s de muchos ires y venires por el panorama de la m\u00fasica experimental y por otros panoramas no menos temerarios pero igual de apasionantes. Certera y aguda, <strong>Ajo <\/strong>sigue en busca del centro de brevedad permanente con que crear poemas y anhelos.<\/p>\n\n\n\n<p class=\"has-text-align-left wp-block-paragraph\"><strong>JAVIER D\u00cdEZ ENA<\/strong> <strong>es<\/strong> m\u00fasico contrabajista, thereminista, bajista y periodista. Miembro de los grupos <strong>Dead Capo<\/strong>, <strong>L\u2019Exotighost<\/strong>, <strong>Ginferno <\/strong>y <strong>Forastero<\/strong>, ha colaborado en estudio y\/o directo con <strong>Hyperpotamus<\/strong>, <strong>Standstill<\/strong>, <strong>V\u00edctor Coyote<\/strong>, <strong>Javier Corcobado<\/strong>, <strong>Julio de la Rosa<\/strong>, <strong>Javier Colis<\/strong>, <strong>Toundra<\/strong>, <strong>Alondra Bentley<\/strong> y much\u00edsimas bandas y proyectos de m\u00fasica alternativa de nuestro pa\u00eds.<\/p>\n\n\n\n<p class=\"has-text-align-left wp-block-paragraph\"><strong>INS\u00d3LITO &amp; SINGULAR<\/strong> es un nuevo ciclo de conciertos que nace para cubrir la necesidad org\u00e1nica de lo exclusivo, de lo verdadera y genuinamente novedoso, el imaginario de lo inexistente, aquello que conforma la excepci\u00f3n de la excepci\u00f3n. No solo es muy dif\u00edcil que veas propuestas similares en directo&#8230; es que muchas de ellas son pr\u00e1cticamente \u00fanicas en el mundo.<\/p>\n<\/div>\n<\/div>\n\n\n\n<div style=\"height:100px\" aria-hidden=\"true\" class=\"wp-block-spacer\"><\/div>\n\n\n\n<hr class=\"wp-block-separator has-alpha-channel-opacity\"\/>\n\n\n\n<div style=\"height:100px\" aria-hidden=\"true\" class=\"wp-block-spacer\"><\/div>\n\n\n<h2 class=\"tribe-block__related-events__title\">Related Events<\/h2>\n\n<ul  class=\"tribe-related-events tribe-clearfix\" >\n\t\t\t<li>\n\t\n<div class=\"tribe-related-events-thumbnail\">\n\t<a href=\"https:\/\/cafelapalma.com\/en\/programacion\/funkin-donuts\/\" class=\"url\" rel=\"bookmark\" tabindex=\"-1\" aria-hidden=\"true\"><img loading=\"lazy\" decoding=\"async\" width=\"693\" height=\"1040\" src=\"https:\/\/cafelapalma.com\/wp-content\/uploads\/2026\/07\/FD-vert2-bn-693x1040.jpg\" class=\"attachment-large size-large wp-post-image\" alt=\"\" \/><\/a>\n<\/div>\n\t<div class=\"tribe-related-event-info\">\n\t<h3 class=\"tribe-related-events-title\">\n\t\t<a href=\"https:\/\/cafelapalma.com\/en\/programacion\/funkin-donuts\/\" class=\"tribe-event-url\" rel=\"bookmark\">\n\t\t\tFUNKIN&#8217; DONUTS\t\t<\/a>\n\t<\/h3>\n\t<span class=\"tribe-event-date-start\">5  September@22:00<\/span><span class=\"tribe-event-time\">23:45<\/span><\/div>\n<\/li>\n\t\t\t<li>\n\t\n<div class=\"tribe-related-events-thumbnail\">\n\t<a href=\"https:\/\/cafelapalma.com\/en\/programacion\/backstage-le-petit-truffle-mayo\/\" class=\"url\" rel=\"bookmark\" tabindex=\"-1\" aria-hidden=\"true\"><img loading=\"lazy\" decoding=\"async\" width=\"780\" height=\"1040\" src=\"https:\/\/cafelapalma.com\/wp-content\/uploads\/2026\/07\/Imagen-TruffleMayo-LePetit-i-1-780x1040.png\" class=\"attachment-large size-large wp-post-image\" alt=\"\" \/><\/a>\n<\/div>\n\t<div class=\"tribe-related-event-info\">\n\t<h3 class=\"tribe-related-events-title\">\n\t\t<a href=\"https:\/\/cafelapalma.com\/en\/programacion\/backstage-le-petit-truffle-mayo\/\" class=\"tribe-event-url\" rel=\"bookmark\">\n\t\t\tBACKSTAGE: LE PETIT + TRUFFLE MAYO\t\t<\/a>\n\t<\/h3>\n\t<span class=\"tribe-event-date-start\">5  September@23:55<\/span><\/div>\n<\/li>\n\t\t\t<li>\n\t\n<div class=\"tribe-related-events-thumbnail\">\n\t<a href=\"https:\/\/cafelapalma.com\/en\/programacion\/willie-deville-concierto-benefico-x-venezuela\/\" class=\"url\" rel=\"bookmark\" tabindex=\"-1\" aria-hidden=\"true\"><img loading=\"lazy\" decoding=\"async\" width=\"1020\" height=\"531\" src=\"https:\/\/cafelapalma.com\/wp-content\/uploads\/2026\/08\/Willie-deville-1100x572-1-1040x541.jpg\" class=\"attachment-large size-large wp-post-image\" alt=\"\" \/><\/a>\n<\/div>\n\t<div class=\"tribe-related-event-info\">\n\t<h3 class=\"tribe-related-events-title\">\n\t\t<a href=\"https:\/\/cafelapalma.com\/en\/programacion\/willie-deville-concierto-benefico-x-venezuela\/\" class=\"tribe-event-url\" rel=\"bookmark\">\n\t\t\tWILLIE DEVILLE: CONCIERTO BEN\u00c9FICO X VENEZUELA\t\t<\/a>\n\t<\/h3>\n\t<span class=\"tribe-event-date-start\">6  September@21:00<\/span><span class=\"tribe-event-time\">23:45<\/span><\/div>\n<\/li>\n\t<\/ul>","protected":false},"excerpt":{"rendered":"<p>La micropoetisa AJO y el thereminista JAVIER D\u00cdEZ ENA ofrecen un ins\u00f3lito recital a duo de poes\u00eda y therem\u00edn. AJO, agitadora y personaje de referencia de la contracultura madrile\u00f1a, naci\u00f3 en Salda\u00f1a (Palencia) y vino a decrecer a Madrid. No se autodefine porque es una manera de limitarse, pero se hizo micropoetisa (ella es la &hellip; <\/p>","protected":false},"author":2,"featured_media":27056,"template":"","meta":{"_tec_requires_first_save":false,"_uag_custom_page_level_css":"","loftloader_page_shortcode":"","_EventAllDay":false,"_EventTimezone":"Europe\/Madrid","_EventStartDate":"2023-10-29 20:30:00","_EventEndDate":"2023-10-29 22:15:00","_EventStartDateUTC":"2023-10-29 19:30:00","_EventEndDateUTC":"2023-10-29 21:15:00","_EventShowMap":false,"_EventShowMapLink":false,"_EventURL":"https:\/\/www.passline.com\/eventos\/insolito-singular-ajo-javier-diez-ena","_EventCost":"13","_EventCostDescription":"","_EventCurrencySymbol":"","_EventCurrencyCode":"","_EventCurrencyPosition":"","_EventDateTimeSeparator":"","_EventTimeRangeSeparator":"","_EventOrganizerID":[],"_EventVenueID":[],"_OrganizerEmail":"","_OrganizerPhone":"","_OrganizerWebsite":"","_VenueAddress":"","_VenueCity":"","_VenueCountry":"","_VenueProvince":"","_VenueState":"","_VenueZip":"","_VenuePhone":"","_VenueURL":"","_VenueStateProvince":"","_VenueLat":"","_VenueLng":"","_VenueShowMap":false,"_VenueShowMapLink":false,"_tribe_blocks_recurrence_rules":"","_tribe_blocks_recurrence_description":"","_tribe_blocks_recurrence_exclusions":"","_ecp_custom_2":"","_tribe_events_status":"","_tribe_events_status_reason":"","_tribe_events_is_hybrid":"","_tribe_events_is_virtual":"","_tribe_events_virtual_video_source":"","_tribe_events_virtual_embed_video":"","_tribe_events_virtual_linked_button_text":"","_tribe_events_virtual_linked_button":"","_tribe_events_virtual_show_embed_at":"","_tribe_events_virtual_show_embed_to":[],"_tribe_events_virtual_show_on_event":"","_tribe_events_virtual_show_on_views":"","_tribe_events_virtual_url":"","footnotes":""},"tags":[14154,14155,1363,2865,9147,9146,14156,14125,14127,14126,13535,14161,14157,14116,14159,14152,9486,9498],"tribe_events_cat":[8963],"class_list":["post-27052","tribe_events","type-tribe_events","status-publish","has-post-thumbnail","hentry","tag-ajo","tag-ajo-micropoetisa","tag-cafe-la-palma","tag-conciertos-cafe-la-palma","tag-conciertos-madrid","tag-conciertos-malasana","tag-dead-capo","tag-diego-galaz","tag-festival-de-instrumentos-insolitos","tag-festival-musica","tag-festivales","tag-forastero","tag-ginferno","tag-insolito-singular","tag-lexotighost","tag-micropoesia","tag-poesia","tag-spoken-word","tribe_events_cat-concierto","cat_concierto"],"uagb_featured_image_src":{"full":["https:\/\/cafelapalma.com\/wp-content\/uploads\/2023\/08\/AJO-VERT.jpg",358,555,false],"thumbnail":["https:\/\/cafelapalma.com\/wp-content\/uploads\/2023\/08\/AJO-VERT-150x150.jpg",150,150,true],"medium":["https:\/\/cafelapalma.com\/wp-content\/uploads\/2023\/08\/AJO-VERT-194x300.jpg",194,300,true],"medium_large":["https:\/\/cafelapalma.com\/wp-content\/uploads\/2023\/08\/AJO-VERT.jpg",358,555,false],"large":["https:\/\/cafelapalma.com\/wp-content\/uploads\/2023\/08\/AJO-VERT.jpg",358,555,false],"1536x1536":["https:\/\/cafelapalma.com\/wp-content\/uploads\/2023\/08\/AJO-VERT.jpg",358,555,false],"2048x2048":["https:\/\/cafelapalma.com\/wp-content\/uploads\/2023\/08\/AJO-VERT.jpg",358,555,false],"trp-custom-language-flag":["https:\/\/cafelapalma.com\/wp-content\/uploads\/2023\/08\/AJO-VERT.jpg",8,12,false],"blossom-feminine-slider":["https:\/\/cafelapalma.com\/wp-content\/uploads\/2023\/08\/AJO-VERT.jpg",358,555,false],"blossom-feminine-featured":["https:\/\/cafelapalma.com\/wp-content\/uploads\/2023\/08\/AJO-VERT.jpg",358,555,false],"blossom-feminine-with-sidebar":["https:\/\/cafelapalma.com\/wp-content\/uploads\/2023\/08\/AJO-VERT.jpg",358,555,false],"blossom-feminine-blog":["https:\/\/cafelapalma.com\/wp-content\/uploads\/2023\/08\/AJO-VERT-358x435.jpg",358,435,true],"blossom-feminine-cat":["https:\/\/cafelapalma.com\/wp-content\/uploads\/2023\/08\/AJO-VERT-358x300.jpg",358,300,true],"blossom-feminine-related":["https:\/\/cafelapalma.com\/wp-content\/uploads\/2023\/08\/AJO-VERT-320x200.jpg",320,200,true],"blossom-feminine-schema":["https:\/\/cafelapalma.com\/wp-content\/uploads\/2023\/08\/AJO-VERT-39x60.jpg",39,60,true]},"uagb_author_info":{"display_name":"Victor","author_link":"https:\/\/cafelapalma.com\/en\/author\/comunicacion\/"},"uagb_comment_info":0,"uagb_excerpt":"La micropoetisa AJO y el thereminista JAVIER D\u00cdEZ ENA ofrecen un ins\u00f3lito recital a duo de poes\u00eda y therem\u00edn. AJO, agitadora y personaje de referencia de la contracultura madrile\u00f1a, naci\u00f3 en Salda\u00f1a (Palencia) y vino a decrecer a Madrid. No se autodefine porque es una manera de limitarse, pero se hizo micropoetisa (ella es la&hellip;","_links":{"self":[{"href":"https:\/\/cafelapalma.com\/en\/wp-json\/wp\/v2\/tribe_events\/27052","targetHints":{"allow":["GET"]}}],"collection":[{"href":"https:\/\/cafelapalma.com\/en\/wp-json\/wp\/v2\/tribe_events"}],"about":[{"href":"https:\/\/cafelapalma.com\/en\/wp-json\/wp\/v2\/types\/tribe_events"}],"author":[{"embeddable":true,"href":"https:\/\/cafelapalma.com\/en\/wp-json\/wp\/v2\/users\/2"}],"version-history":[{"count":0,"href":"https:\/\/cafelapalma.com\/en\/wp-json\/wp\/v2\/tribe_events\/27052\/revisions"}],"wp:featuredmedia":[{"embeddable":true,"href":"https:\/\/cafelapalma.com\/en\/wp-json\/wp\/v2\/media\/27056"}],"wp:attachment":[{"href":"https:\/\/cafelapalma.com\/en\/wp-json\/wp\/v2\/media?parent=27052"}],"wp:term":[{"taxonomy":"post_tag","embeddable":true,"href":"https:\/\/cafelapalma.com\/en\/wp-json\/wp\/v2\/tags?post=27052"},{"taxonomy":"tribe_events_cat","embeddable":true,"href":"https:\/\/cafelapalma.com\/en\/wp-json\/wp\/v2\/tribe_events_cat?post=27052"}],"curies":[{"name":"wp","href":"https:\/\/api.w.org\/{rel}","templated":true}]}}