{"id":27072,"date":"2023-09-07T13:11:42","date_gmt":"2023-09-07T11:11:42","guid":{"rendered":"https:\/\/cafelapalma.com\/?post_type=tribe_events&#038;p=27072"},"modified":"2023-09-07T13:26:13","modified_gmt":"2023-09-07T11:26:13","slug":"lanza-1","status":"publish","type":"tribe_events","link":"https:\/\/cafelapalma.com\/en\/programacion\/lanza-1\/","title":{"rendered":"\u00a1LANZA!"},"content":{"rendered":"<div  class=\"tribe-events-schedule tribe-clearfix\" >\n\t<p class=\"tribe-events-schedule__datetime\">\n\t\t<span class=\"tribe-events-schedule__date tribe-events-schedule__date--start\">\n\t\t\t08  September  2023\t\t<\/span>\n\n\t\t\t\t\t<span class=\"tribe-events-schedule__separator tribe-events-schedule__separator--date\">\n\t\t\t\t@\t\t\t<\/span>\n\t\t\t<span class=\"tribe-events-schedule__time tribe-events-schedule__time--start\">\n\t\t\t\t23:50\t\t\t<\/span>\n\t\t\n\t\t\t\t\t\t\t\t\t<span class=\"tribe-events-schedule__separator tribe-events-schedule__separator--time\">\n\t\t\t\t\t&#8211;\t\t\t\t<\/span>\n\t\t\t\n\t\t\t\t\t\t\t<span class=\"tribe-events-schedule__time tribe-events-schedule__time--end\">\n\t\t\t\t\t23:55\t\t\t\t<\/span>\n\t\t\t\n\t\t\t\t\t\t<\/p>\n<\/div>\n\n\n<div  class=\"tribe-block tribe-block__event-price\" >\n\t\t\t<span class=\"tribe-block__event-price__cost\"> 10\u20ac <\/span>\n\t\t\t\t<span class=\"tribe-block__event-price__description\">+ gg Anticipada | 11\u20ac Taquilla de 00:00 a 02:00 + UNA COPA | 13\u20ac Taquilla de 02:00 a 06:00 + CONSUMICI\u00d3N<\/span>\n\t<\/div>\n\n\n\n<div style=\"height:100px\" aria-hidden=\"true\" class=\"wp-block-spacer\"><\/div>\n\n\n\n<div class=\"wp-block-columns is-layout-flex wp-container-core-columns-is-layout-8f761849 wp-block-columns-is-layout-flex\">\n<div class=\"wp-block-column is-layout-flow wp-block-column-is-layout-flow\" style=\"flex-basis:33.33%\">\n<figure class=\"wp-block-image size-full\"><img loading=\"lazy\" decoding=\"async\" width=\"595\" height=\"842\" src=\"https:\/\/cafelapalma.com\/wp-content\/uploads\/2023\/09\/LANZA-A3-1.jpg\" alt=\"\" class=\"wp-image-27076\" srcset=\"https:\/\/cafelapalma.com\/wp-content\/uploads\/2023\/09\/LANZA-A3-1.jpg 595w, https:\/\/cafelapalma.com\/wp-content\/uploads\/2023\/09\/LANZA-A3-1-212x300.jpg 212w, https:\/\/cafelapalma.com\/wp-content\/uploads\/2023\/09\/LANZA-A3-1-42x60.jpg 42w\" sizes=\"auto, (max-width: 595px) 100vw, 595px\" \/><\/figure>\n\n\n<div  class=\"tribe-block tribe-block__event-website\" >\n\t<a\n\t\thref=\"https:\/\/www.passline.com\/eventos\/lanza\"\n\t\ttarget=\"_self\"\n\t\t\t>\n\t\tBUY TICKETS\t<\/a>\n<\/div>\n<\/div>\n\n\n\n<div class=\"wp-block-column is-layout-flow wp-block-column-is-layout-flow\" style=\"flex-basis:66.66%\">\n<p class=\"has-text-align-left wp-block-paragraph\"><strong>\u00a1LANZA!<\/strong> Es un concepto arraigado en las entra\u00f1as de la m\u00fasica de ra\u00edz y el folclore de algunos lugares remotos de nuestro planeta. Una llamada al esp\u00edritu musical de regiones alejadas a las grandes metr\u00f3polis, y que en alg\u00fan momento&nbsp;han&nbsp;sido vistas por productores que buscan rescatar ritmos y esquemas antiguos para fusionarlos con la era moderna. M\u00fasica electr\u00f3nica sobre ritmos antiguos y selectores locales, nacionales e internacionales dispuestos a mostrar los tesoros mejor escondidos de sus colecciones vin\u00edlicas. Joyas recientemente reeditadas, as\u00ed como originales legendarios cubiertos de ese halo de misterio, formar\u00e1n parte de una noche tribal en el centro de la capital. A los platos:<\/p>\n\n\n\n<p class=\"has-text-align-left wp-block-paragraph\"><strong>GABRIEL MCGUFFIN<\/strong> lleva m\u00e1s de veinte a\u00f1os de vida como mel\u00f3mano y buscador empedernido de vinilos. Amante de los sonidos sint\u00e9ticos, la psicodelia en todas sus formas, la electr\u00f3nica primigenia y el hip hop.<\/p>\n\n\n\n<p class=\"has-text-align-left wp-block-paragraph\"><strong>CHILBI <\/strong>es synth pop, cosmic disco, high energy, \u00cdtalo, new beat y electro hasta producciones actuales con tintes muy retro. Influenciada por la m\u00fasica de baile desde principios de los &#8217;80, viene cargada de sintetizadores, ritmos hipn\u00f3ticos, pegadizos y llenos de color.<\/p>\n\n\n\n<p class=\"has-text-align-left wp-block-paragraph\">M\u00fasico y Dj, <strong>Pablo Rey Medrano<\/strong> <em>aka <\/em><strong>PABLO PUEBLO<\/strong> empez\u00f3&nbsp;a pinchar&nbsp;en el verano de1995. Soul, funk, hip&nbsp;hop&nbsp;o&nbsp;electro&nbsp;funk&nbsp;old&nbsp;school,&nbsp;m\u00fasica&nbsp;latina&nbsp;de ra\u00edces&nbsp;nuyorican, boogaloo o salsa&nbsp;brava,&nbsp;pasando incluso&nbsp;tambi\u00e9n&nbsp;por la rumba catalana, el new hondo&nbsp;o el&nbsp;flamenco pop.<\/p>\n\n\n\n<p class=\"has-text-align-left wp-block-paragraph\"><strong>ANTHONIUS <\/strong>es m\u00fasico y productor y due\u00f1o del sello Tokonoma Records. Arque\u00f3logo musical, pasa su vida en la continua b\u00fasqueda de sonidos y esquemas v\u00edrgenes bien para coleccionar o bien para editar en su sello. Cabeza pensante en <strong>\u00a1LANZA!<\/strong>, propone un concepto relacionado entre la m\u00fasica de ra\u00edz y la m\u00fasica de baile.<\/p>\n<\/div>\n<\/div>\n\n\n\n<div style=\"height:100px\" aria-hidden=\"true\" class=\"wp-block-spacer\"><\/div>\n\n\n\n<hr class=\"wp-block-separator has-alpha-channel-opacity\"\/>\n\n\n\n<div style=\"height:100px\" aria-hidden=\"true\" class=\"wp-block-spacer\"><\/div>\n\n\n<h2 class=\"tribe-block__related-events__title\">Related Events<\/h2>\n\n<ul  class=\"tribe-related-events tribe-clearfix\" >\n\t\t\t<li>\n\t\n<div class=\"tribe-related-events-thumbnail\">\n\t<a href=\"https:\/\/cafelapalma.com\/en\/programacion\/funkin-donuts\/\" class=\"url\" rel=\"bookmark\" tabindex=\"-1\" aria-hidden=\"true\"><img loading=\"lazy\" decoding=\"async\" width=\"693\" height=\"1040\" src=\"https:\/\/cafelapalma.com\/wp-content\/uploads\/2026\/07\/FD-vert2-bn-693x1040.jpg\" class=\"attachment-large size-large wp-post-image\" alt=\"\" \/><\/a>\n<\/div>\n\t<div class=\"tribe-related-event-info\">\n\t<h3 class=\"tribe-related-events-title\">\n\t\t<a href=\"https:\/\/cafelapalma.com\/en\/programacion\/funkin-donuts\/\" class=\"tribe-event-url\" rel=\"bookmark\">\n\t\t\tFUNKIN&#8217; DONUTS\t\t<\/a>\n\t<\/h3>\n\t<span class=\"tribe-event-date-start\">5  September@22:00<\/span><span class=\"tribe-event-time\">23:45<\/span><\/div>\n<\/li>\n\t\t\t<li>\n\t\n<div class=\"tribe-related-events-thumbnail\">\n\t<a href=\"https:\/\/cafelapalma.com\/en\/programacion\/backstage-le-petit-truffle-mayo\/\" class=\"url\" rel=\"bookmark\" tabindex=\"-1\" aria-hidden=\"true\"><img loading=\"lazy\" decoding=\"async\" width=\"780\" height=\"1040\" src=\"https:\/\/cafelapalma.com\/wp-content\/uploads\/2026\/07\/Imagen-TruffleMayo-LePetit-i-1-780x1040.png\" class=\"attachment-large size-large wp-post-image\" alt=\"\" \/><\/a>\n<\/div>\n\t<div class=\"tribe-related-event-info\">\n\t<h3 class=\"tribe-related-events-title\">\n\t\t<a href=\"https:\/\/cafelapalma.com\/en\/programacion\/backstage-le-petit-truffle-mayo\/\" class=\"tribe-event-url\" rel=\"bookmark\">\n\t\t\tBACKSTAGE: LE PETIT + TRUFFLE MAYO\t\t<\/a>\n\t<\/h3>\n\t<span class=\"tribe-event-date-start\">5  September@23:55<\/span><\/div>\n<\/li>\n\t\t\t<li>\n\t\n<div class=\"tribe-related-events-thumbnail\">\n\t<a href=\"https:\/\/cafelapalma.com\/en\/programacion\/willie-deville-concierto-benefico-x-venezuela\/\" class=\"url\" rel=\"bookmark\" tabindex=\"-1\" aria-hidden=\"true\"><img loading=\"lazy\" decoding=\"async\" width=\"1020\" height=\"531\" src=\"https:\/\/cafelapalma.com\/wp-content\/uploads\/2026\/08\/Willie-deville-1100x572-1-1040x541.jpg\" class=\"attachment-large size-large wp-post-image\" alt=\"\" \/><\/a>\n<\/div>\n\t<div class=\"tribe-related-event-info\">\n\t<h3 class=\"tribe-related-events-title\">\n\t\t<a href=\"https:\/\/cafelapalma.com\/en\/programacion\/willie-deville-concierto-benefico-x-venezuela\/\" class=\"tribe-event-url\" rel=\"bookmark\">\n\t\t\tWILLIE DEVILLE: CONCIERTO BEN\u00c9FICO X VENEZUELA\t\t<\/a>\n\t<\/h3>\n\t<span class=\"tribe-event-date-start\">6  September@21:00<\/span><span class=\"tribe-event-time\">23:45<\/span><\/div>\n<\/li>\n\t<\/ul>","protected":false},"excerpt":{"rendered":"<p>\u00a1LANZA! Es un concepto arraigado en las entra\u00f1as de la m\u00fasica de ra\u00edz y el folclore de algunos lugares remotos de nuestro planeta. Una llamada al esp\u00edritu musical de regiones alejadas a las grandes metr\u00f3polis, y que en alg\u00fan momento&nbsp;han&nbsp;sido vistas por productores que buscan rescatar ritmos y esquemas antiguos para fusionarlos con la era &hellip; <\/p>","protected":false},"author":2,"featured_media":27074,"template":"","meta":{"_tec_requires_first_save":false,"_uag_custom_page_level_css":"","loftloader_page_shortcode":"","_EventAllDay":false,"_EventTimezone":"Europe\/Madrid","_EventStartDate":"2023-09-08 23:50:00","_EventEndDate":"2023-09-08 23:55:00","_EventStartDateUTC":"2023-09-08 21:50:00","_EventEndDateUTC":"2023-09-08 21:55:00","_EventShowMap":false,"_EventShowMapLink":false,"_EventURL":"https:\/\/www.passline.com\/eventos\/lanza","_EventCost":"10","_EventCostDescription":"","_EventCurrencySymbol":"\u20ac","_EventCurrencyCode":"USD","_EventCurrencyPosition":"suffix","_EventDateTimeSeparator":"@","_EventTimeRangeSeparator":"-","_EventOrganizerID":[],"_EventVenueID":[],"_OrganizerEmail":"","_OrganizerPhone":"","_OrganizerWebsite":"","_VenueAddress":"","_VenueCity":"","_VenueCountry":"","_VenueProvince":"","_VenueState":"","_VenueZip":"","_VenuePhone":"","_VenueURL":"","_VenueStateProvince":"","_VenueLat":"","_VenueLng":"","_VenueShowMap":false,"_VenueShowMapLink":false,"_tribe_blocks_recurrence_rules":"","_tribe_blocks_recurrence_description":"","_tribe_blocks_recurrence_exclusions":"","_ecp_custom_2":"","_tribe_events_status":"","_tribe_events_status_reason":"","_tribe_events_is_hybrid":"","_tribe_events_is_virtual":"","_tribe_events_virtual_video_source":"","_tribe_events_virtual_embed_video":"","_tribe_events_virtual_linked_button_text":"","_tribe_events_virtual_linked_button":"","_tribe_events_virtual_show_embed_at":"","_tribe_events_virtual_show_embed_to":[],"_tribe_events_virtual_show_on_event":"","_tribe_events_virtual_show_on_views":"","_tribe_events_virtual_url":"","footnotes":""},"tags":[9231,1363,8869,9225,11743,9910,9847,9226,9227,1357,14170,779,14165,14167,14172,9309,14168,14164,14169,14166,14171,9620,9292,14163],"tribe_events_cat":[8964],"class_list":["post-27072","tribe_events","type-tribe_events","status-publish","has-post-thumbnail","hentry","tag-anthonius","tag-cafe-la-palma","tag-cafe-la-palma-2","tag-cafe-la-palma-clubbing","tag-chilbi","tag-cosmic-disco","tag-disco","tag-djs-madrid","tag-djs-malasana","tag-electronica","tag-eletronica","tag-funk","tag-gabriel-mcguffin","tag-high-energy","tag-hip-hop-3","tag-house","tag-italo-2","tag-lanza-2","tag-new-beat","tag-pablo-pueblo","tag-pablo-rey-medrano","tag-soul","tag-synth-pop","tag-lanza","tribe_events_cat-clubbing","cat_clubbing"],"uagb_featured_image_src":{"full":["https:\/\/cafelapalma.com\/wp-content\/uploads\/2023\/09\/LANZA-FRONT.jpg",1080,1920,false],"thumbnail":["https:\/\/cafelapalma.com\/wp-content\/uploads\/2023\/09\/LANZA-FRONT-150x150.jpg",150,150,true],"medium":["https:\/\/cafelapalma.com\/wp-content\/uploads\/2023\/09\/LANZA-FRONT-169x300.jpg",169,300,true],"medium_large":["https:\/\/cafelapalma.com\/wp-content\/uploads\/2023\/09\/LANZA-FRONT-768x1365.jpg",768,1365,true],"large":["https:\/\/cafelapalma.com\/wp-content\/uploads\/2023\/09\/LANZA-FRONT-585x1040.jpg",585,1040,true],"1536x1536":["https:\/\/cafelapalma.com\/wp-content\/uploads\/2023\/09\/LANZA-FRONT-864x1536.jpg",864,1536,true],"2048x2048":["https:\/\/cafelapalma.com\/wp-content\/uploads\/2023\/09\/LANZA-FRONT.jpg",1080,1920,false],"trp-custom-language-flag":["https:\/\/cafelapalma.com\/wp-content\/uploads\/2023\/09\/LANZA-FRONT.jpg",7,12,false],"blossom-feminine-slider":["https:\/\/cafelapalma.com\/wp-content\/uploads\/2023\/09\/LANZA-FRONT-1080x649.jpg",1080,649,true],"blossom-feminine-featured":["https:\/\/cafelapalma.com\/wp-content\/uploads\/2023\/09\/LANZA-FRONT-1080x600.jpg",1080,600,true],"blossom-feminine-with-sidebar":["https:\/\/cafelapalma.com\/wp-content\/uploads\/2023\/09\/LANZA-FRONT-1020x600.jpg",1020,600,true],"blossom-feminine-blog":["https:\/\/cafelapalma.com\/wp-content\/uploads\/2023\/09\/LANZA-FRONT-435x435.jpg",435,435,true],"blossom-feminine-cat":["https:\/\/cafelapalma.com\/wp-content\/uploads\/2023\/09\/LANZA-FRONT-450x300.jpg",450,300,true],"blossom-feminine-related":["https:\/\/cafelapalma.com\/wp-content\/uploads\/2023\/09\/LANZA-FRONT-320x200.jpg",320,200,true],"blossom-feminine-schema":["https:\/\/cafelapalma.com\/wp-content\/uploads\/2023\/09\/LANZA-FRONT-34x60.jpg",34,60,true]},"uagb_author_info":{"display_name":"Victor","author_link":"https:\/\/cafelapalma.com\/en\/author\/comunicacion\/"},"uagb_comment_info":0,"uagb_excerpt":"\u00a1LANZA! Es un concepto arraigado en las entra\u00f1as de la m\u00fasica de ra\u00edz y el folclore de algunos lugares remotos de nuestro planeta. Una llamada al esp\u00edritu musical de regiones alejadas a las grandes metr\u00f3polis, y que en alg\u00fan momento&nbsp;han&nbsp;sido vistas por productores que buscan rescatar ritmos y esquemas antiguos para fusionarlos con la era&hellip;","_links":{"self":[{"href":"https:\/\/cafelapalma.com\/en\/wp-json\/wp\/v2\/tribe_events\/27072","targetHints":{"allow":["GET"]}}],"collection":[{"href":"https:\/\/cafelapalma.com\/en\/wp-json\/wp\/v2\/tribe_events"}],"about":[{"href":"https:\/\/cafelapalma.com\/en\/wp-json\/wp\/v2\/types\/tribe_events"}],"author":[{"embeddable":true,"href":"https:\/\/cafelapalma.com\/en\/wp-json\/wp\/v2\/users\/2"}],"version-history":[{"count":0,"href":"https:\/\/cafelapalma.com\/en\/wp-json\/wp\/v2\/tribe_events\/27072\/revisions"}],"wp:featuredmedia":[{"embeddable":true,"href":"https:\/\/cafelapalma.com\/en\/wp-json\/wp\/v2\/media\/27074"}],"wp:attachment":[{"href":"https:\/\/cafelapalma.com\/en\/wp-json\/wp\/v2\/media?parent=27072"}],"wp:term":[{"taxonomy":"post_tag","embeddable":true,"href":"https:\/\/cafelapalma.com\/en\/wp-json\/wp\/v2\/tags?post=27072"},{"taxonomy":"tribe_events_cat","embeddable":true,"href":"https:\/\/cafelapalma.com\/en\/wp-json\/wp\/v2\/tribe_events_cat?post=27072"}],"curies":[{"name":"wp","href":"https:\/\/api.w.org\/{rel}","templated":true}]}}