{"id":27137,"date":"2023-09-12T16:59:58","date_gmt":"2023-09-12T14:59:58","guid":{"rendered":"https:\/\/cafelapalma.com\/?post_type=tribe_events&#038;p=27137"},"modified":"2023-11-25T09:25:58","modified_gmt":"2023-11-25T08:25:58","slug":"escenarios-vibra-mahou-presenta-fundacion-francisco-frankenstein","status":"publish","type":"tribe_events","link":"https:\/\/cafelapalma.com\/en\/programacion\/escenarios-vibra-mahou-presenta-fundacion-francisco-frankenstein\/","title":{"rendered":"FUNDACI\u00d3N FRANCISCO FRANKENSTEIN"},"content":{"rendered":"<div  class=\"tribe-events-schedule tribe-clearfix\" >\n\t<p class=\"tribe-events-schedule__datetime\">\n\t\t<span class=\"tribe-events-schedule__date tribe-events-schedule__date--start\">\n\t\t\t25  November  2023\t\t<\/span>\n\n\t\t\t\t\t<span class=\"tribe-events-schedule__separator tribe-events-schedule__separator--date\">\n\t\t\t\t@\t\t\t<\/span>\n\t\t\t<span class=\"tribe-events-schedule__time tribe-events-schedule__time--start\">\n\t\t\t\t22:00\t\t\t<\/span>\n\t\t\n\t\t\t\t\t\t\t\t\t<span class=\"tribe-events-schedule__separator tribe-events-schedule__separator--time\">\n\t\t\t\t\t&#8211;\t\t\t\t<\/span>\n\t\t\t\n\t\t\t\t\t\t\t<span class=\"tribe-events-schedule__time tribe-events-schedule__time--end\">\n\t\t\t\t\t23:45\t\t\t\t<\/span>\n\t\t\t\n\t\t\t\t\t\t<\/p>\n<\/div>\n\n\n<div  class=\"tribe-block tribe-block__event-price\" >\n\t\t\t<span class=\"tribe-block__event-price__cost\"> ENTRADAS AGOTADAS <\/span>\n\t\t\t\t<span class=\"tribe-block__event-price__description\">#soldout<\/span>\n\t<\/div>\n\n\n\n<div style=\"height:100px\" aria-hidden=\"true\" class=\"wp-block-spacer\"><\/div>\n\n\n\n<div class=\"wp-block-columns is-layout-flex wp-container-core-columns-is-layout-8f761849 wp-block-columns-is-layout-flex\">\n<div class=\"wp-block-column is-layout-flow wp-block-column-is-layout-flow\" style=\"flex-basis:33.33%\">\n<figure class=\"wp-block-image size-large\"><img loading=\"lazy\" decoding=\"async\" width=\"735\" height=\"1040\" src=\"https:\/\/cafelapalma.com\/wp-content\/uploads\/2023\/09\/FFF-A3-LOW-DEF-735x1040.jpg\" alt=\"\" class=\"wp-image-27138\" srcset=\"https:\/\/cafelapalma.com\/wp-content\/uploads\/2023\/09\/FFF-A3-LOW-DEF-735x1040.jpg 735w, https:\/\/cafelapalma.com\/wp-content\/uploads\/2023\/09\/FFF-A3-LOW-DEF-212x300.jpg 212w, https:\/\/cafelapalma.com\/wp-content\/uploads\/2023\/09\/FFF-A3-LOW-DEF-768x1087.jpg 768w, https:\/\/cafelapalma.com\/wp-content\/uploads\/2023\/09\/FFF-A3-LOW-DEF-1085x1536.jpg 1085w, https:\/\/cafelapalma.com\/wp-content\/uploads\/2023\/09\/FFF-A3-LOW-DEF-1447x2048.jpg 1447w, https:\/\/cafelapalma.com\/wp-content\/uploads\/2023\/09\/FFF-A3-LOW-DEF-42x60.jpg 42w, https:\/\/cafelapalma.com\/wp-content\/uploads\/2023\/09\/FFF-A3-LOW-DEF.jpg 1767w\" sizes=\"auto, (max-width: 735px) 100vw, 735px\" \/><\/figure>\n<\/div>\n\n\n\n<div class=\"wp-block-column is-layout-flow wp-block-column-is-layout-flow\" style=\"flex-basis:66.66%\">\n<p class=\"has-text-align-left wp-block-paragraph\">\u00bfQu\u00e9 es el rock\u2019n\u2019roll? \u00bfA cu\u00e1nto est\u00e1 el kilo? \u00bfTodos los rockeros mueren a los 27 si no pactan con el Diablo? Si tienes algunas de estas preguntas en la cabeza y quieres sac\u00e1rtelas por los pies, escucha a la <strong>FUNDACI\u00d3N FRANCISCO FRANKENSTEIN<\/strong>, s\u00edguelos en redes, hazte con sus discos y, mejor a\u00fan, acude veloz a uno de sus conciertos.<\/p>\n\n\n\n<p class=\"has-text-align-left wp-block-paragraph\"><strong>FFF <\/strong>es una banda multinacional en la que militan cuatro conocidos m\u00fasicos de <strong>Mallorca <\/strong>con or\u00edgenes y bagajes muy distintos: desde <strong>Palma <\/strong>hasta <strong>Blackpool <\/strong>in <strong>UK<\/strong>, aman el rock\u2019n\u2019roll y afirman que NO hacen surf.<\/p>\n\n\n\n<p class=\"has-text-align-left wp-block-paragraph\">Su m\u00fasica es arrebatadamente en\u00e9rgica y adictiva, sus canciones son himnos underground para el siglo XXI con una estimulante mezcla de punk, rock, surf, pop\u2026 vertiginosas composiciones con fren\u00e9ticas instrumentaciones y letras punzantes, ir\u00f3nicas y brillantemente irreverentes. En su sonido se reflejan influencias de bandas como <strong>Ramones<\/strong>, <strong>Dr Feelgood<\/strong> , <strong>Aerol\u00edneas Federales<\/strong>, <strong>Siniestro Total<\/strong> o <strong>Los Nikis<\/strong>.<\/p>\n\n\n\n<p class=\"has-text-align-left wp-block-paragraph\">En poco tiempo de existencia, <strong>FFF <\/strong>han sacudido escenarios, han petado clubs, han esquivado el anzuelo de decenas de agentes cazatalentos, y ya suman legi\u00f3n de fans. Han publicado varios singles 7\u201d y dos LPs 12\u201d, \u00a1\u00a1\u00a1agotando tres ediciones del primer disco!!<\/p>\n\n\n\n<p class=\"has-text-align-left wp-block-paragraph\">La Fundaci\u00f3n regresa a Madrid, esta vez a <strong>CAFE LA PALMA<\/strong>, y no os dejar\u00e1n solos entre tanto lolo-lolo.<\/p>\n\n\n\n<p class=\"has-text-align-left wp-block-paragraph\"><em>Con el apoyo de <strong>Escenarios Vibra Mahou<\/strong>.<\/em><\/p>\n<\/div>\n<\/div>\n\n\n\n<div style=\"height:100px\" aria-hidden=\"true\" class=\"wp-block-spacer\"><\/div>\n\n\n\n<hr class=\"wp-block-separator has-alpha-channel-opacity\"\/>\n\n\n\n<div style=\"height:100px\" aria-hidden=\"true\" class=\"wp-block-spacer\"><\/div>\n\n\n<h2 class=\"tribe-block__related-events__title\">Related Events<\/h2>\n\n<ul  class=\"tribe-related-events tribe-clearfix\" >\n\t\t\t<li>\n\t\n<div class=\"tribe-related-events-thumbnail\">\n\t<a href=\"https:\/\/cafelapalma.com\/en\/programacion\/funkin-donuts\/\" class=\"url\" rel=\"bookmark\" tabindex=\"-1\" aria-hidden=\"true\"><img loading=\"lazy\" decoding=\"async\" width=\"693\" height=\"1040\" src=\"https:\/\/cafelapalma.com\/wp-content\/uploads\/2026\/07\/FD-vert2-bn-693x1040.jpg\" class=\"attachment-large size-large wp-post-image\" alt=\"\" \/><\/a>\n<\/div>\n\t<div class=\"tribe-related-event-info\">\n\t<h3 class=\"tribe-related-events-title\">\n\t\t<a href=\"https:\/\/cafelapalma.com\/en\/programacion\/funkin-donuts\/\" class=\"tribe-event-url\" rel=\"bookmark\">\n\t\t\tFUNKIN&#8217; DONUTS\t\t<\/a>\n\t<\/h3>\n\t<span class=\"tribe-event-date-start\">5  September@22:00<\/span><span class=\"tribe-event-time\">23:45<\/span><\/div>\n<\/li>\n\t\t\t<li>\n\t\n<div class=\"tribe-related-events-thumbnail\">\n\t<a href=\"https:\/\/cafelapalma.com\/en\/programacion\/backstage-le-petit-truffle-mayo\/\" class=\"url\" rel=\"bookmark\" tabindex=\"-1\" aria-hidden=\"true\"><img loading=\"lazy\" decoding=\"async\" width=\"780\" height=\"1040\" src=\"https:\/\/cafelapalma.com\/wp-content\/uploads\/2026\/07\/Imagen-TruffleMayo-LePetit-i-1-780x1040.png\" class=\"attachment-large size-large wp-post-image\" alt=\"\" \/><\/a>\n<\/div>\n\t<div class=\"tribe-related-event-info\">\n\t<h3 class=\"tribe-related-events-title\">\n\t\t<a href=\"https:\/\/cafelapalma.com\/en\/programacion\/backstage-le-petit-truffle-mayo\/\" class=\"tribe-event-url\" rel=\"bookmark\">\n\t\t\tBACKSTAGE: LE PETIT + TRUFFLE MAYO\t\t<\/a>\n\t<\/h3>\n\t<span class=\"tribe-event-date-start\">5  September@23:55<\/span><\/div>\n<\/li>\n\t\t\t<li>\n\t\n<div class=\"tribe-related-events-thumbnail\">\n\t<a href=\"https:\/\/cafelapalma.com\/en\/programacion\/willie-deville-concierto-benefico-x-venezuela\/\" class=\"url\" rel=\"bookmark\" tabindex=\"-1\" aria-hidden=\"true\"><img loading=\"lazy\" decoding=\"async\" width=\"1020\" height=\"531\" src=\"https:\/\/cafelapalma.com\/wp-content\/uploads\/2026\/08\/Willie-deville-1100x572-1-1040x541.jpg\" class=\"attachment-large size-large wp-post-image\" alt=\"\" \/><\/a>\n<\/div>\n\t<div class=\"tribe-related-event-info\">\n\t<h3 class=\"tribe-related-events-title\">\n\t\t<a href=\"https:\/\/cafelapalma.com\/en\/programacion\/willie-deville-concierto-benefico-x-venezuela\/\" class=\"tribe-event-url\" rel=\"bookmark\">\n\t\t\tWILLIE DEVILLE: CONCIERTO BEN\u00c9FICO X VENEZUELA\t\t<\/a>\n\t<\/h3>\n\t<span class=\"tribe-event-date-start\">6  September@21:00<\/span><span class=\"tribe-event-time\">23:45<\/span><\/div>\n<\/li>\n\t<\/ul>","protected":false},"excerpt":{"rendered":"<p>\u00bfQu\u00e9 es el rock\u2019n\u2019roll? \u00bfA cu\u00e1nto est\u00e1 el kilo? \u00bfTodos los rockeros mueren a los 27 si no pactan con el Diablo? Si tienes algunas de estas preguntas en la cabeza y quieres sac\u00e1rtelas por los pies, escucha a la FUNDACI\u00d3N FRANCISCO FRANKENSTEIN, s\u00edguelos en redes, hazte con sus discos y, mejor a\u00fan, acude veloz &hellip; <\/p>","protected":false},"author":2,"featured_media":27139,"template":"","meta":{"_tec_requires_first_save":false,"_uag_custom_page_level_css":"","loftloader_page_shortcode":"","_EventAllDay":false,"_EventTimezone":"Europe\/Madrid","_EventStartDate":"2023-11-25 22:00:00","_EventEndDate":"2023-11-25 23:45:00","_EventStartDateUTC":"2023-11-25 21:00:00","_EventEndDateUTC":"2023-11-25 22:45:00","_EventShowMap":false,"_EventShowMapLink":false,"_EventURL":"https:\/\/www.passline.com\/eventos\/fundacion-francisco-frankenstein","_EventCost":"ENTRADAS AGOTADAS","_EventCostDescription":"","_EventCurrencySymbol":"\u20ac","_EventCurrencyCode":"USD","_EventCurrencyPosition":"suffix","_EventDateTimeSeparator":"@","_EventTimeRangeSeparator":"-","_EventOrganizerID":[],"_EventVenueID":[],"_OrganizerEmail":"","_OrganizerPhone":"","_OrganizerWebsite":"","_VenueAddress":"","_VenueCity":"","_VenueCountry":"","_VenueProvince":"","_VenueState":"","_VenueZip":"","_VenuePhone":"","_VenueURL":"","_VenueStateProvince":"","_VenueLat":"","_VenueLng":"","_VenueShowMap":false,"_VenueShowMapLink":false,"_tribe_blocks_recurrence_rules":"","_tribe_blocks_recurrence_description":"","_tribe_blocks_recurrence_exclusions":"","_ecp_custom_2":"","_tribe_events_status":"","_tribe_events_status_reason":"","_tribe_events_is_hybrid":"","_tribe_events_is_virtual":"","_tribe_events_virtual_video_source":"","_tribe_events_virtual_embed_video":"","_tribe_events_virtual_linked_button_text":"","_tribe_events_virtual_linked_button":"","_tribe_events_virtual_show_embed_at":"","_tribe_events_virtual_show_embed_to":[],"_tribe_events_virtual_show_on_event":"","_tribe_events_virtual_show_on_views":"","_tribe_events_virtual_url":"","footnotes":""},"tags":[1363,8869,2865,9147,9146,14238,14235,14236,9623,14234,14233,10366,1481,14237,14232,1354,14240,9851,14239,14241],"tribe_events_cat":[8963],"class_list":["post-27137","tribe_events","type-tribe_events","status-publish","has-post-thumbnail","hentry","tag-cafe-la-palma","tag-cafe-la-palma-2","tag-conciertos-cafe-la-palma","tag-conciertos-madrid","tag-conciertos-malasana","tag-david-clavo","tag-diego-rj","tag-el-sotano-rne3","tag-escenarios-vibra-mahou","tag-fff","tag-fundacion-francisco-frankenstein","tag-mallorca","tag-punk","tag-quiero-ser-un-drogata","tag-ramones","tag-rock","tag-steve-withers","tag-surf","tag-tere-planas","tag-toni-toledo","tribe_events_cat-concierto","cat_concierto"],"uagb_featured_image_src":{"full":["https:\/\/cafelapalma.com\/wp-content\/uploads\/2023\/09\/a_fff-PIC.jpg",543,760,false],"thumbnail":["https:\/\/cafelapalma.com\/wp-content\/uploads\/2023\/09\/a_fff-PIC-150x150.jpg",150,150,true],"medium":["https:\/\/cafelapalma.com\/wp-content\/uploads\/2023\/09\/a_fff-PIC-214x300.jpg",214,300,true],"medium_large":["https:\/\/cafelapalma.com\/wp-content\/uploads\/2023\/09\/a_fff-PIC.jpg",543,760,false],"large":["https:\/\/cafelapalma.com\/wp-content\/uploads\/2023\/09\/a_fff-PIC.jpg",543,760,false],"1536x1536":["https:\/\/cafelapalma.com\/wp-content\/uploads\/2023\/09\/a_fff-PIC.jpg",543,760,false],"2048x2048":["https:\/\/cafelapalma.com\/wp-content\/uploads\/2023\/09\/a_fff-PIC.jpg",543,760,false],"trp-custom-language-flag":["https:\/\/cafelapalma.com\/wp-content\/uploads\/2023\/09\/a_fff-PIC.jpg",9,12,false],"blossom-feminine-slider":["https:\/\/cafelapalma.com\/wp-content\/uploads\/2023\/09\/a_fff-PIC-543x649.jpg",543,649,true],"blossom-feminine-featured":["https:\/\/cafelapalma.com\/wp-content\/uploads\/2023\/09\/a_fff-PIC-543x600.jpg",543,600,true],"blossom-feminine-with-sidebar":["https:\/\/cafelapalma.com\/wp-content\/uploads\/2023\/09\/a_fff-PIC-543x600.jpg",543,600,true],"blossom-feminine-blog":["https:\/\/cafelapalma.com\/wp-content\/uploads\/2023\/09\/a_fff-PIC-435x435.jpg",435,435,true],"blossom-feminine-cat":["https:\/\/cafelapalma.com\/wp-content\/uploads\/2023\/09\/a_fff-PIC-450x300.jpg",450,300,true],"blossom-feminine-related":["https:\/\/cafelapalma.com\/wp-content\/uploads\/2023\/09\/a_fff-PIC-320x200.jpg",320,200,true],"blossom-feminine-schema":["https:\/\/cafelapalma.com\/wp-content\/uploads\/2023\/09\/a_fff-PIC-43x60.jpg",43,60,true]},"uagb_author_info":{"display_name":"Victor","author_link":"https:\/\/cafelapalma.com\/en\/author\/comunicacion\/"},"uagb_comment_info":0,"uagb_excerpt":"\u00bfQu\u00e9 es el rock\u2019n\u2019roll? \u00bfA cu\u00e1nto est\u00e1 el kilo? \u00bfTodos los rockeros mueren a los 27 si no pactan con el Diablo? Si tienes algunas de estas preguntas en la cabeza y quieres sac\u00e1rtelas por los pies, escucha a la FUNDACI\u00d3N FRANCISCO FRANKENSTEIN, s\u00edguelos en redes, hazte con sus discos y, mejor a\u00fan, acude veloz&hellip;","_links":{"self":[{"href":"https:\/\/cafelapalma.com\/en\/wp-json\/wp\/v2\/tribe_events\/27137","targetHints":{"allow":["GET"]}}],"collection":[{"href":"https:\/\/cafelapalma.com\/en\/wp-json\/wp\/v2\/tribe_events"}],"about":[{"href":"https:\/\/cafelapalma.com\/en\/wp-json\/wp\/v2\/types\/tribe_events"}],"author":[{"embeddable":true,"href":"https:\/\/cafelapalma.com\/en\/wp-json\/wp\/v2\/users\/2"}],"version-history":[{"count":0,"href":"https:\/\/cafelapalma.com\/en\/wp-json\/wp\/v2\/tribe_events\/27137\/revisions"}],"wp:featuredmedia":[{"embeddable":true,"href":"https:\/\/cafelapalma.com\/en\/wp-json\/wp\/v2\/media\/27139"}],"wp:attachment":[{"href":"https:\/\/cafelapalma.com\/en\/wp-json\/wp\/v2\/media?parent=27137"}],"wp:term":[{"taxonomy":"post_tag","embeddable":true,"href":"https:\/\/cafelapalma.com\/en\/wp-json\/wp\/v2\/tags?post=27137"},{"taxonomy":"tribe_events_cat","embeddable":true,"href":"https:\/\/cafelapalma.com\/en\/wp-json\/wp\/v2\/tribe_events_cat?post=27137"}],"curies":[{"name":"wp","href":"https:\/\/api.w.org\/{rel}","templated":true}]}}