{"id":27192,"date":"2023-09-19T14:13:11","date_gmt":"2023-09-19T12:13:11","guid":{"rendered":"https:\/\/cafelapalma.com\/?post_type=tribe_events&#038;p=27192"},"modified":"2023-10-09T11:07:40","modified_gmt":"2023-10-09T09:07:40","slug":"radar-joven-los-valientes-unsalto","status":"publish","type":"tribe_events","link":"https:\/\/cafelapalma.com\/en\/programacion\/radar-joven-los-valientes-unsalto\/","title":{"rendered":"RADAR JOVEN: LOS VALIENTES + UNSALTO"},"content":{"rendered":"<div  class=\"tribe-events-schedule tribe-clearfix\" >\n\t<p class=\"tribe-events-schedule__datetime\">\n\t\t<span class=\"tribe-events-schedule__date tribe-events-schedule__date--start\">\n\t\t\t20  October  2023\t\t<\/span>\n\n\t\t\t\t\t<span class=\"tribe-events-schedule__separator tribe-events-schedule__separator--date\">\n\t\t\t\t@\t\t\t<\/span>\n\t\t\t<span class=\"tribe-events-schedule__time tribe-events-schedule__time--start\">\n\t\t\t\t21:30\t\t\t<\/span>\n\t\t\n\t\t\t\t\t\t\t\t\t<span class=\"tribe-events-schedule__separator tribe-events-schedule__separator--time\">\n\t\t\t\t\t&#8211;\t\t\t\t<\/span>\n\t\t\t\n\t\t\t\t\t\t\t<span class=\"tribe-events-schedule__time tribe-events-schedule__time--end\">\n\t\t\t\t\t23:45\t\t\t\t<\/span>\n\t\t\t\n\t\t\t\t\t\t<\/p>\n<\/div>\n\n\n<div  class=\"tribe-block tribe-block__event-price\" >\n\t\t\t<span class=\"tribe-block__event-price__cost\"> DESDE <\/span>\n\t\t\t\t<span class=\"tribe-block__event-price__description\">3,5\u20ac<\/span>\n\t<\/div>\n\n\n\n<div style=\"height:100px\" aria-hidden=\"true\" class=\"wp-block-spacer\"><\/div>\n\n\n\n<div class=\"wp-block-columns is-layout-flex wp-container-core-columns-is-layout-8f761849 wp-block-columns-is-layout-flex\">\n<div class=\"wp-block-column is-layout-flow wp-block-column-is-layout-flow\" style=\"flex-basis:33.33%\">\n<figure class=\"wp-block-image size-full\"><img loading=\"lazy\" decoding=\"async\" width=\"297\" height=\"420\" src=\"https:\/\/cafelapalma.com\/wp-content\/uploads\/2023\/09\/LUME-RJ-A3-LOW.jpg\" alt=\"\" class=\"wp-image-27193\" srcset=\"https:\/\/cafelapalma.com\/wp-content\/uploads\/2023\/09\/LUME-RJ-A3-LOW.jpg 297w, https:\/\/cafelapalma.com\/wp-content\/uploads\/2023\/09\/LUME-RJ-A3-LOW-212x300.jpg 212w, https:\/\/cafelapalma.com\/wp-content\/uploads\/2023\/09\/LUME-RJ-A3-LOW-42x60.jpg 42w\" sizes=\"auto, (max-width: 297px) 100vw, 297px\" \/><\/figure>\n\n\n<div  class=\"tribe-block tribe-block__event-website\" >\n\t<a\n\t\thref=\"https:\/\/www.entradas.com\/artist\/los-valientes\/unsalto-los-valientes-3483755\/\"\n\t\ttarget=\"_self\"\n\t\t\t>\n\t\tBUY TICKETS\t<\/a>\n<\/div>\n<\/div>\n\n\n\n<div class=\"wp-block-column is-layout-flow wp-block-column-is-layout-flow\" style=\"flex-basis:66.66%\">\n<p class=\"has-text-align-left wp-block-paragraph\">Con el punto de mira en el panorama alternativo espa\u00f1ol, <strong>LOS VALIENTES<\/strong> abrazan el garaje chillado, sin miedo a envolverlo de melod\u00edas nost\u00e1lgicas y cristalinas. Muy mal se tendr\u00eda que dar para que los \u00fanicos cuatro flipados por el punk de <strong>Manresa<\/strong>, no se juntaran para formar una banda: son como un abrazo en un pogo. Amor y hostias a partes iguales.<\/p>\n\n\n\n<p class=\"has-text-align-left wp-block-paragraph\"><strong>LOS VALIENTES<\/strong> llevan un ritmo imparable y una proyecci\u00f3n de alto voltaje. Con un&nbsp;\u00e1lbum debut publicado bajo el nombre <strong><em>\u201cDe aqu\u00ed al cielo\u201d<\/em><\/strong> cuya presentaci\u00f3n qued\u00f3 interrumpida por la pandemia, <strong><em>\u201cNadie al volante\u201d<\/em><\/strong> es su nuevo trabajo, un soplo de aire fresco dentro de la escena punk rock nacional. No les perd\u00e1is la pista.<\/p>\n\n\n\n<p class=\"has-text-align-left wp-block-paragraph\"><strong>UNSALTO <\/strong>es un nuevo proyecto cuyos integrantes est\u00e1n bien curtidos en experiencia. En su propuesta tienen cabida guitarras con reminiscencias emo, desarrollos psicod\u00e9licos, armon\u00edas pop y ritmos kraut. Este grupo ma\u00f1o-argentino afincado en <strong>Barcelona <\/strong>est\u00e1 integrado por <strong>Jano <\/strong>(<strong>Olsen Twinz<\/strong>), <strong>Jos\u00e9 <\/strong>(<strong>My Expansive Awareness<\/strong>, <strong>Los Ojos<\/strong>), <strong>Pablo <\/strong>(<strong>Hurricane Heart Attacks<\/strong>) y <strong>Pedro <\/strong>(<strong>Gabriel <\/strong>y <strong>Vencer\u00e1s<\/strong>, <strong>Se\u00f1alada<\/strong>).<\/p>\n\n\n\n<p class=\"has-text-align-left wp-block-paragraph\">La <strong>Comunidad de Madrid<\/strong> presenta la segunda edici\u00f3n de <strong>Radar Joven<\/strong>, un ciclo de conciertos que apoya a los nuevos talentos y la creaci\u00f3n joven y que llenar\u00e1 las salas de m\u00fasica en vivo madrile\u00f1as con la mejor m\u00fasica emergente de nuestro pa\u00eds. Una oportunidad imprescindible para descubrir a toda una nueva generaci\u00f3n de artistas y bandas. Del 17 al 31 de octubre, 60 conciertos en 25 salas de <strong>Madrid en Vivo<\/strong>.<\/p>\n<\/div>\n<\/div>\n\n\n\n<div style=\"height:100px\" aria-hidden=\"true\" class=\"wp-block-spacer\"><\/div>\n\n\n\n<hr class=\"wp-block-separator has-alpha-channel-opacity\"\/>\n\n\n\n<div style=\"height:100px\" aria-hidden=\"true\" class=\"wp-block-spacer\"><\/div>\n\n\n<h2 class=\"tribe-block__related-events__title\">Related Events<\/h2>\n\n<ul  class=\"tribe-related-events tribe-clearfix\" >\n\t\t\t<li>\n\t\n<div class=\"tribe-related-events-thumbnail\">\n\t<a href=\"https:\/\/cafelapalma.com\/en\/programacion\/funkin-donuts\/\" class=\"url\" rel=\"bookmark\" tabindex=\"-1\" aria-hidden=\"true\"><img loading=\"lazy\" decoding=\"async\" width=\"693\" height=\"1040\" src=\"https:\/\/cafelapalma.com\/wp-content\/uploads\/2026\/07\/FD-vert2-bn-693x1040.jpg\" class=\"attachment-large size-large wp-post-image\" alt=\"\" \/><\/a>\n<\/div>\n\t<div class=\"tribe-related-event-info\">\n\t<h3 class=\"tribe-related-events-title\">\n\t\t<a href=\"https:\/\/cafelapalma.com\/en\/programacion\/funkin-donuts\/\" class=\"tribe-event-url\" rel=\"bookmark\">\n\t\t\tFUNKIN&#8217; DONUTS\t\t<\/a>\n\t<\/h3>\n\t<span class=\"tribe-event-date-start\">5  September@22:00<\/span><span class=\"tribe-event-time\">23:45<\/span><\/div>\n<\/li>\n\t\t\t<li>\n\t\n<div class=\"tribe-related-events-thumbnail\">\n\t<a href=\"https:\/\/cafelapalma.com\/en\/programacion\/backstage-le-petit-truffle-mayo\/\" class=\"url\" rel=\"bookmark\" tabindex=\"-1\" aria-hidden=\"true\"><img loading=\"lazy\" decoding=\"async\" width=\"780\" height=\"1040\" src=\"https:\/\/cafelapalma.com\/wp-content\/uploads\/2026\/07\/Imagen-TruffleMayo-LePetit-i-1-780x1040.png\" class=\"attachment-large size-large wp-post-image\" alt=\"\" \/><\/a>\n<\/div>\n\t<div class=\"tribe-related-event-info\">\n\t<h3 class=\"tribe-related-events-title\">\n\t\t<a href=\"https:\/\/cafelapalma.com\/en\/programacion\/backstage-le-petit-truffle-mayo\/\" class=\"tribe-event-url\" rel=\"bookmark\">\n\t\t\tBACKSTAGE: LE PETIT + TRUFFLE MAYO\t\t<\/a>\n\t<\/h3>\n\t<span class=\"tribe-event-date-start\">5  September@23:55<\/span><\/div>\n<\/li>\n\t\t\t<li>\n\t\n<div class=\"tribe-related-events-thumbnail\">\n\t<a href=\"https:\/\/cafelapalma.com\/en\/programacion\/willie-deville-concierto-benefico-x-venezuela\/\" class=\"url\" rel=\"bookmark\" tabindex=\"-1\" aria-hidden=\"true\"><img loading=\"lazy\" decoding=\"async\" width=\"1020\" height=\"531\" src=\"https:\/\/cafelapalma.com\/wp-content\/uploads\/2026\/08\/Willie-deville-1100x572-1-1040x541.jpg\" class=\"attachment-large size-large wp-post-image\" alt=\"\" \/><\/a>\n<\/div>\n\t<div class=\"tribe-related-event-info\">\n\t<h3 class=\"tribe-related-events-title\">\n\t\t<a href=\"https:\/\/cafelapalma.com\/en\/programacion\/willie-deville-concierto-benefico-x-venezuela\/\" class=\"tribe-event-url\" rel=\"bookmark\">\n\t\t\tWILLIE DEVILLE: CONCIERTO BEN\u00c9FICO X VENEZUELA\t\t<\/a>\n\t<\/h3>\n\t<span class=\"tribe-event-date-start\">6  September@21:00<\/span><span class=\"tribe-event-time\">23:45<\/span><\/div>\n<\/li>\n\t<\/ul>","protected":false},"excerpt":{"rendered":"<p>Con el punto de mira en el panorama alternativo espa\u00f1ol, LOS VALIENTES abrazan el garaje chillado, sin miedo a envolverlo de melod\u00edas nost\u00e1lgicas y cristalinas. Muy mal se tendr\u00eda que dar para que los \u00fanicos cuatro flipados por el punk de Manresa, no se juntaran para formar una banda: son como un abrazo en un &hellip; <\/p>","protected":false},"author":2,"featured_media":27194,"template":"","meta":{"_tec_requires_first_save":false,"_uag_custom_page_level_css":"","loftloader_page_shortcode":"","_EventAllDay":false,"_EventTimezone":"Europe\/Madrid","_EventStartDate":"2023-10-20 21:30:00","_EventEndDate":"2023-10-20 23:45:00","_EventStartDateUTC":"2023-10-20 19:30:00","_EventEndDateUTC":"2023-10-20 21:45:00","_EventShowMap":false,"_EventShowMapLink":false,"_EventURL":"https:\/\/www.entradas.com\/artist\/los-valientes\/unsalto-los-valientes-3483755\/","_EventCost":"DESDE","_EventCostDescription":"","_EventCurrencySymbol":"\u20ac","_EventCurrencyCode":"USD","_EventCurrencyPosition":"suffix","_EventDateTimeSeparator":"@","_EventTimeRangeSeparator":"-","_EventOrganizerID":[],"_EventVenueID":[],"_OrganizerEmail":"","_OrganizerPhone":"","_OrganizerWebsite":"","_VenueAddress":"","_VenueCity":"","_VenueCountry":"","_VenueProvince":"","_VenueState":"","_VenueZip":"","_VenuePhone":"","_VenueURL":"","_VenueStateProvince":"","_VenueLat":"","_VenueLng":"","_VenueShowMap":false,"_VenueShowMapLink":false,"_tribe_blocks_recurrence_rules":"","_tribe_blocks_recurrence_description":"","_tribe_blocks_recurrence_exclusions":"","_ecp_custom_2":"","_tribe_events_status":"","_tribe_events_status_reason":"","_tribe_events_is_hybrid":"","_tribe_events_is_virtual":"","_tribe_events_virtual_video_source":"","_tribe_events_virtual_embed_video":"","_tribe_events_virtual_linked_button_text":"","_tribe_events_virtual_linked_button":"","_tribe_events_virtual_show_embed_at":"","_tribe_events_virtual_show_embed_to":[],"_tribe_events_virtual_show_on_event":"","_tribe_events_virtual_show_on_views":"","_tribe_events_virtual_url":"","footnotes":""},"tags":[1363,8869,9398,2865,9147,9146,14280,14286,9607,14285,13051,9224,14284,14276,12369,14283,14281,14282,1355,1481,12365,1354,14287,14278],"tribe_events_cat":[8963],"class_list":["post-27192","tribe_events","type-tribe_events","status-publish","has-post-thumbnail","hentry","tag-cafe-la-palma","tag-cafe-la-palma-2","tag-comunidad-de-madrid","tag-conciertos-cafe-la-palma","tag-conciertos-madrid","tag-conciertos-malasana","tag-de-aqui-al-cielo","tag-gabriel-y-venceras","tag-garage","tag-hurricane-heart-attacks","tag-kraut","tag-la-noche-en-vivo","tag-los-ojos","tag-lume","tag-madrid-en-vivo","tag-my-expansive-awareness","tag-nadie-al-volante","tag-olsen-twinz","tag-pop","tag-punk","tag-radar-joven","tag-rock","tag-senalada","tag-unsalto","tribe_events_cat-concierto","cat_concierto"],"uagb_featured_image_src":{"full":["https:\/\/cafelapalma.com\/wp-content\/uploads\/2023\/09\/RADAR-FRONTPIC-1-scaled.jpg",2122,3000,false],"thumbnail":["https:\/\/cafelapalma.com\/wp-content\/uploads\/2023\/09\/RADAR-FRONTPIC-1-150x150.jpg",150,150,true],"medium":["https:\/\/cafelapalma.com\/wp-content\/uploads\/2023\/09\/RADAR-FRONTPIC-1-212x300.jpg",212,300,true],"medium_large":["https:\/\/cafelapalma.com\/wp-content\/uploads\/2023\/09\/RADAR-FRONTPIC-1-768x1086.jpg",768,1086,true],"large":["https:\/\/cafelapalma.com\/wp-content\/uploads\/2023\/09\/RADAR-FRONTPIC-1-736x1040.jpg",736,1040,true],"1536x1536":["https:\/\/cafelapalma.com\/wp-content\/uploads\/2023\/09\/RADAR-FRONTPIC-1-scaled.jpg",1086,1536,false],"2048x2048":["https:\/\/cafelapalma.com\/wp-content\/uploads\/2023\/09\/RADAR-FRONTPIC-1-scaled.jpg",1449,2048,false],"trp-custom-language-flag":["https:\/\/cafelapalma.com\/wp-content\/uploads\/2023\/09\/RADAR-FRONTPIC-1-scaled.jpg",8,12,false],"blossom-feminine-slider":["https:\/\/cafelapalma.com\/wp-content\/uploads\/2023\/09\/RADAR-FRONTPIC-1-scaled.jpg",459,649,false],"blossom-feminine-featured":["https:\/\/cafelapalma.com\/wp-content\/uploads\/2023\/09\/RADAR-FRONTPIC-1-scaled.jpg",424,600,false],"blossom-feminine-with-sidebar":["https:\/\/cafelapalma.com\/wp-content\/uploads\/2023\/09\/RADAR-FRONTPIC-1-scaled.jpg",424,600,false],"blossom-feminine-blog":["https:\/\/cafelapalma.com\/wp-content\/uploads\/2023\/09\/RADAR-FRONTPIC-1-scaled.jpg",308,435,false],"blossom-feminine-cat":["https:\/\/cafelapalma.com\/wp-content\/uploads\/2023\/09\/RADAR-FRONTPIC-1-scaled.jpg",212,300,false],"blossom-feminine-related":["https:\/\/cafelapalma.com\/wp-content\/uploads\/2023\/09\/RADAR-FRONTPIC-1-scaled.jpg",141,200,false],"blossom-feminine-schema":["https:\/\/cafelapalma.com\/wp-content\/uploads\/2023\/09\/RADAR-FRONTPIC-1-scaled.jpg",42,60,false]},"uagb_author_info":{"display_name":"Victor","author_link":"https:\/\/cafelapalma.com\/en\/author\/comunicacion\/"},"uagb_comment_info":0,"uagb_excerpt":"Con el punto de mira en el panorama alternativo espa\u00f1ol, LOS VALIENTES abrazan el garaje chillado, sin miedo a envolverlo de melod\u00edas nost\u00e1lgicas y cristalinas. Muy mal se tendr\u00eda que dar para que los \u00fanicos cuatro flipados por el punk de Manresa, no se juntaran para formar una banda: son como un abrazo en un&hellip;","_links":{"self":[{"href":"https:\/\/cafelapalma.com\/en\/wp-json\/wp\/v2\/tribe_events\/27192","targetHints":{"allow":["GET"]}}],"collection":[{"href":"https:\/\/cafelapalma.com\/en\/wp-json\/wp\/v2\/tribe_events"}],"about":[{"href":"https:\/\/cafelapalma.com\/en\/wp-json\/wp\/v2\/types\/tribe_events"}],"author":[{"embeddable":true,"href":"https:\/\/cafelapalma.com\/en\/wp-json\/wp\/v2\/users\/2"}],"version-history":[{"count":0,"href":"https:\/\/cafelapalma.com\/en\/wp-json\/wp\/v2\/tribe_events\/27192\/revisions"}],"wp:featuredmedia":[{"embeddable":true,"href":"https:\/\/cafelapalma.com\/en\/wp-json\/wp\/v2\/media\/27194"}],"wp:attachment":[{"href":"https:\/\/cafelapalma.com\/en\/wp-json\/wp\/v2\/media?parent=27192"}],"wp:term":[{"taxonomy":"post_tag","embeddable":true,"href":"https:\/\/cafelapalma.com\/en\/wp-json\/wp\/v2\/tags?post=27192"},{"taxonomy":"tribe_events_cat","embeddable":true,"href":"https:\/\/cafelapalma.com\/en\/wp-json\/wp\/v2\/tribe_events_cat?post=27192"}],"curies":[{"name":"wp","href":"https:\/\/api.w.org\/{rel}","templated":true}]}}