{"id":27198,"date":"2023-09-19T14:14:17","date_gmt":"2023-09-19T12:14:17","guid":{"rendered":"https:\/\/cafelapalma.com\/programacion\/radar-joven-los-valientes-unsalto-copy\/"},"modified":"2023-10-10T18:39:01","modified_gmt":"2023-10-10T16:39:01","slug":"radar-joven-restinga-yavy","status":"publish","type":"tribe_events","link":"https:\/\/cafelapalma.com\/en\/programacion\/radar-joven-restinga-yavy\/","title":{"rendered":"RADAR JOVEN: restinga + yavy"},"content":{"rendered":"<div  class=\"tribe-events-schedule tribe-clearfix\" >\n\t<p class=\"tribe-events-schedule__datetime\">\n\t\t<span class=\"tribe-events-schedule__date tribe-events-schedule__date--start\">\n\t\t\t18  October  2023\t\t<\/span>\n\n\t\t\t\t\t<span class=\"tribe-events-schedule__separator tribe-events-schedule__separator--date\">\n\t\t\t\t@\t\t\t<\/span>\n\t\t\t<span class=\"tribe-events-schedule__time tribe-events-schedule__time--start\">\n\t\t\t\t21:30\t\t\t<\/span>\n\t\t\n\t\t\t\t\t\t\t\t\t<span class=\"tribe-events-schedule__separator tribe-events-schedule__separator--time\">\n\t\t\t\t\t&#8211;\t\t\t\t<\/span>\n\t\t\t\n\t\t\t\t\t\t\t<span class=\"tribe-events-schedule__time tribe-events-schedule__time--end\">\n\t\t\t\t\t23:45\t\t\t\t<\/span>\n\t\t\t\n\t\t\t\t\t\t<\/p>\n<\/div>\n\n\n<div  class=\"tribe-block tribe-block__event-price\" >\n\t\t\t<span class=\"tribe-block__event-price__cost\"> DESDE <\/span>\n\t\t\t\t<span class=\"tribe-block__event-price__description\">3,5\u20ac<\/span>\n\t<\/div>\n\n\n\n<div style=\"height:100px\" aria-hidden=\"true\" class=\"wp-block-spacer\"><\/div>\n\n\n\n<div class=\"wp-block-columns is-layout-flex wp-container-core-columns-is-layout-8f761849 wp-block-columns-is-layout-flex\">\n<div class=\"wp-block-column is-layout-flow wp-block-column-is-layout-flow\" style=\"flex-basis:33.33%\">\n<figure class=\"wp-block-image size-large\"><img loading=\"lazy\" decoding=\"async\" width=\"736\" height=\"1040\" src=\"https:\/\/cafelapalma.com\/wp-content\/uploads\/2023\/09\/raso-RADAR-A3-LOW-736x1040.jpg\" alt=\"\" class=\"wp-image-27200\" srcset=\"https:\/\/cafelapalma.com\/wp-content\/uploads\/2023\/09\/raso-RADAR-A3-LOW-736x1040.jpg 736w, https:\/\/cafelapalma.com\/wp-content\/uploads\/2023\/09\/raso-RADAR-A3-LOW-212x300.jpg 212w, https:\/\/cafelapalma.com\/wp-content\/uploads\/2023\/09\/raso-RADAR-A3-LOW-768x1086.jpg 768w, https:\/\/cafelapalma.com\/wp-content\/uploads\/2023\/09\/raso-RADAR-A3-LOW-1086x1536.jpg 1086w, https:\/\/cafelapalma.com\/wp-content\/uploads\/2023\/09\/raso-RADAR-A3-LOW-1448x2048.jpg 1448w, https:\/\/cafelapalma.com\/wp-content\/uploads\/2023\/09\/raso-RADAR-A3-LOW-42x60.jpg 42w\" sizes=\"auto, (max-width: 736px) 100vw, 736px\" \/><\/figure>\n\n\n<div  class=\"tribe-block tribe-block__event-website\" >\n\t<a\n\t\thref=\"https:\/\/www.entradas.com\/artist\/restinga\/restinga-yavy-3483585\/\"\n\t\ttarget=\"_self\"\n\t\t\t>\n\t\tBUY TICKETS\t<\/a>\n<\/div>\n<\/div>\n\n\n\n<div class=\"wp-block-column is-layout-flow wp-block-column-is-layout-flow\" style=\"flex-basis:66.66%\">\n<p class=\"has-text-align-left wp-block-paragraph\">Hay algo que une el pop de dormitorio sensible y proyectado a trav\u00e9s de la electr\u00f3nica con una m\u00fasica que conecta los esp\u00edritus de la m\u00fasica \u00e1rabe-oriental con la latina.&nbsp; Ese \u201calgo\u201d es <strong>restinga<\/strong>, el proyecto en el que la hispano-marroqu\u00ed <strong>Herminia Loh Moreno<\/strong> une sus universos sonoros y creativos: los de la canci\u00f3n alternativa de autor muy conectada con el esp\u00edritu de la <strong>Generaci\u00f3n Z<\/strong> (el que la conecta con coet\u00e1neas como <strong>Amore<\/strong>, <strong>Irenegarry<\/strong>, <strong>yavy<\/strong>, <strong>Ralphie Choo<\/strong> o <strong>rusowsky<\/strong>) pero tambi\u00e9n un territorio que conoce muy bien, el de la m\u00fasica de club de corte world music, en el que tiene un vast\u00edsimo conocimiento de la m\u00fasica \u00e1rabe y oriental que le viene de cuna. Ambos universos, el del clubbing de corte world music y el de la canci\u00f3n fr\u00e1gil y sensible se abrazan en este <strong><em>\u00ab\u0627\u0646\u0627 \u0648 \u064a\u0627\u0643\u00bb<\/em><\/strong> (que significa <strong><em>\u00abt\u00fa y yo\u00bb<\/em><\/strong> en \u00e1rabe), y que proyecta a restinga como uno de los talentos m\u00e1s transversales y fronterizos del pop alternativo estatal.<\/p>\n\n\n\n<p class=\"has-text-align-left wp-block-paragraph\">Nueva hero\u00edna del pop alternativo m\u00e1s fr\u00e1gil y sarc\u00e1stico, <strong>yavy <\/strong>ha inventado un nuevo g\u00e9nero: el pop mala leche. Movi\u00e9ndose en un arco que va desde una hipot\u00e9tica <strong>Britney Spears<\/strong> triste a una facci\u00f3n especialmente deslenguada y desenfadada de la <strong>Julieta Venegas<\/strong> electr\u00f3nica, la artista canaria se ubica en un espacio muy singular en la canci\u00f3n alternativa de autor. Ramalazos de synth-pop mezclados con indie-folk, con una mirada cancionista especialmente reflexiva pero tambi\u00e9n ir\u00f3nica, en una delgada l\u00ednea entre la comedia y la filosof\u00eda humanista, <strong>yavy <\/strong>saca de las paredes de su entorno dom\u00e9stico la idea de bedroom pop para expandirlo a frecuencias mucho m\u00e1s universales y con una mirada mordaz e inteligente, como se refleja en sus letras.<\/p>\n\n\n\n<p class=\"has-text-align-left wp-block-paragraph\">La <strong>Comunidad de Madrid<\/strong> presenta la segunda edici\u00f3n de <strong>Radar Joven<\/strong>, un ciclo de conciertos que apoya a los nuevos talentos y la creaci\u00f3n joven y que llenar\u00e1 las salas de m\u00fasica en vivo madrile\u00f1as con la mejor m\u00fasica emergente de nuestro pa\u00eds. Una oportunidad imprescindible para descubrir a toda una nueva generaci\u00f3n de artistas y bandas. Del 17 al 31 de octubre, 60 conciertos en 25 salas de <strong>Madrid en Vivo<\/strong>.<\/p>\n<\/div>\n<\/div>\n\n\n\n<div style=\"height:100px\" aria-hidden=\"true\" class=\"wp-block-spacer\"><\/div>\n\n\n\n<hr class=\"wp-block-separator has-alpha-channel-opacity\"\/>\n\n\n\n<div style=\"height:100px\" aria-hidden=\"true\" class=\"wp-block-spacer\"><\/div>\n\n\n<h2 class=\"tribe-block__related-events__title\">Related Events<\/h2>\n\n<ul  class=\"tribe-related-events tribe-clearfix\" >\n\t\t\t<li>\n\t\n<div class=\"tribe-related-events-thumbnail\">\n\t<a href=\"https:\/\/cafelapalma.com\/en\/programacion\/funkin-donuts\/\" class=\"url\" rel=\"bookmark\" tabindex=\"-1\" aria-hidden=\"true\"><img loading=\"lazy\" decoding=\"async\" width=\"693\" height=\"1040\" src=\"https:\/\/cafelapalma.com\/wp-content\/uploads\/2026\/07\/FD-vert2-bn-693x1040.jpg\" class=\"attachment-large size-large wp-post-image\" alt=\"\" \/><\/a>\n<\/div>\n\t<div class=\"tribe-related-event-info\">\n\t<h3 class=\"tribe-related-events-title\">\n\t\t<a href=\"https:\/\/cafelapalma.com\/en\/programacion\/funkin-donuts\/\" class=\"tribe-event-url\" rel=\"bookmark\">\n\t\t\tFUNKIN&#8217; DONUTS\t\t<\/a>\n\t<\/h3>\n\t<span class=\"tribe-event-date-start\">5  September@22:00<\/span><span class=\"tribe-event-time\">23:45<\/span><\/div>\n<\/li>\n\t\t\t<li>\n\t\n<div class=\"tribe-related-events-thumbnail\">\n\t<a href=\"https:\/\/cafelapalma.com\/en\/programacion\/backstage-le-petit-truffle-mayo\/\" class=\"url\" rel=\"bookmark\" tabindex=\"-1\" aria-hidden=\"true\"><img loading=\"lazy\" decoding=\"async\" width=\"780\" height=\"1040\" src=\"https:\/\/cafelapalma.com\/wp-content\/uploads\/2026\/07\/Imagen-TruffleMayo-LePetit-i-1-780x1040.png\" class=\"attachment-large size-large wp-post-image\" alt=\"\" \/><\/a>\n<\/div>\n\t<div class=\"tribe-related-event-info\">\n\t<h3 class=\"tribe-related-events-title\">\n\t\t<a href=\"https:\/\/cafelapalma.com\/en\/programacion\/backstage-le-petit-truffle-mayo\/\" class=\"tribe-event-url\" rel=\"bookmark\">\n\t\t\tBACKSTAGE: LE PETIT + TRUFFLE MAYO\t\t<\/a>\n\t<\/h3>\n\t<span class=\"tribe-event-date-start\">5  September@23:55<\/span><\/div>\n<\/li>\n\t\t\t<li>\n\t\n<div class=\"tribe-related-events-thumbnail\">\n\t<a href=\"https:\/\/cafelapalma.com\/en\/programacion\/willie-deville-concierto-benefico-x-venezuela\/\" class=\"url\" rel=\"bookmark\" tabindex=\"-1\" aria-hidden=\"true\"><img loading=\"lazy\" decoding=\"async\" width=\"1020\" height=\"531\" src=\"https:\/\/cafelapalma.com\/wp-content\/uploads\/2026\/08\/Willie-deville-1100x572-1-1040x541.jpg\" class=\"attachment-large size-large wp-post-image\" alt=\"\" \/><\/a>\n<\/div>\n\t<div class=\"tribe-related-event-info\">\n\t<h3 class=\"tribe-related-events-title\">\n\t\t<a href=\"https:\/\/cafelapalma.com\/en\/programacion\/willie-deville-concierto-benefico-x-venezuela\/\" class=\"tribe-event-url\" rel=\"bookmark\">\n\t\t\tWILLIE DEVILLE: CONCIERTO BEN\u00c9FICO X VENEZUELA\t\t<\/a>\n\t<\/h3>\n\t<span class=\"tribe-event-date-start\">6  September@21:00<\/span><span class=\"tribe-event-time\">23:45<\/span><\/div>\n<\/li>\n\t<\/ul>","protected":false},"excerpt":{"rendered":"<p>Hay algo que une el pop de dormitorio sensible y proyectado a trav\u00e9s de la electr\u00f3nica con una m\u00fasica que conecta los esp\u00edritus de la m\u00fasica \u00e1rabe-oriental con la latina.&nbsp; Ese \u201calgo\u201d es restinga, el proyecto en el que la hispano-marroqu\u00ed Herminia Loh Moreno une sus universos sonoros y creativos: los de la canci\u00f3n alternativa &hellip; <\/p>","protected":false},"author":2,"featured_media":27195,"template":"","meta":{"_tec_requires_first_save":false,"_uag_custom_page_level_css":"","loftloader_page_shortcode":"","_EventAllDay":false,"_EventTimezone":"Europe\/Madrid","_EventStartDate":"2023-10-18 21:30:00","_EventEndDate":"2023-10-18 23:45:00","_EventStartDateUTC":"2023-10-18 19:30:00","_EventEndDateUTC":"2023-10-18 21:45:00","_EventShowMap":false,"_EventShowMapLink":false,"_EventURL":"https:\/\/www.entradas.com\/artist\/restinga\/restinga-yavy-3483585\/","_EventCost":"DESDE","_EventCostDescription":"","_EventCurrencySymbol":"\u20ac","_EventCurrencyCode":"USD","_EventCurrencyPosition":"suffix","_EventDateTimeSeparator":"@","_EventTimeRangeSeparator":"-","_EventOrganizerID":[],"_EventVenueID":[],"_OrganizerEmail":"","_OrganizerPhone":"","_OrganizerWebsite":"","_VenueAddress":"","_VenueCity":"","_VenueCountry":"","_VenueProvince":"","_VenueState":"","_VenueZip":"","_VenuePhone":"","_VenueURL":"","_VenueStateProvince":"","_VenueLat":"","_VenueLng":"","_VenueShowMap":false,"_VenueShowMapLink":false,"_tribe_blocks_recurrence_rules":"","_tribe_blocks_recurrence_description":"","_tribe_blocks_recurrence_exclusions":"","_ecp_custom_2":"","_tribe_events_status":"","_tribe_events_status_reason":"","_tribe_events_is_hybrid":"","_tribe_events_is_virtual":"","_tribe_events_virtual_video_source":"","_tribe_events_virtual_embed_video":"","_tribe_events_virtual_linked_button_text":"","_tribe_events_virtual_linked_button":"","_tribe_events_virtual_show_embed_at":"","_tribe_events_virtual_show_embed_to":[],"_tribe_events_virtual_show_on_event":"","_tribe_events_virtual_show_on_views":"","_tribe_events_virtual_url":"","footnotes":""},"tags":[11175,14293,9438,1363,11349,9398,2865,9147,9146,14292,14291,14297,9197,9224,12369,1355,14296,12365,12969,14288,14289,9625,9292,9220,14290,14295],"tribe_events_cat":[8963],"class_list":["post-27198","tribe_events","type-tribe_events","status-publish","has-post-thumbnail","hentry","tag-alan-queipo","tag-amore","tag-bedroom-pop","tag-cafe-la-palma","tag-clubbing","tag-comunidad-de-madrid","tag-conciertos-cafe-la-palma","tag-conciertos-madrid","tag-conciertos-malasana","tag-generacion-z","tag-herminia-loh-moreno","tag-indie-folk","tag-irenegarry","tag-la-noche-en-vivo","tag-madrid-en-vivo","tag-pop","tag-pop-de-dormitorio","tag-radar-joven","tag-ralphie-choo","tag-raso-estudio","tag-restinga","tag-rusowsky","tag-synth-pop","tag-world-music","tag-yavy","tag-14295","tribe_events_cat-concierto","cat_concierto"],"uagb_featured_image_src":{"full":["https:\/\/cafelapalma.com\/wp-content\/uploads\/2023\/09\/RADAR-FRONTPIC-2-scaled.jpg",2122,3000,false],"thumbnail":["https:\/\/cafelapalma.com\/wp-content\/uploads\/2023\/09\/RADAR-FRONTPIC-2-150x150.jpg",150,150,true],"medium":["https:\/\/cafelapalma.com\/wp-content\/uploads\/2023\/09\/RADAR-FRONTPIC-2-212x300.jpg",212,300,true],"medium_large":["https:\/\/cafelapalma.com\/wp-content\/uploads\/2023\/09\/RADAR-FRONTPIC-2-768x1086.jpg",768,1086,true],"large":["https:\/\/cafelapalma.com\/wp-content\/uploads\/2023\/09\/RADAR-FRONTPIC-2-736x1040.jpg",736,1040,true],"1536x1536":["https:\/\/cafelapalma.com\/wp-content\/uploads\/2023\/09\/RADAR-FRONTPIC-2-1086x1536.jpg",1086,1536,true],"2048x2048":["https:\/\/cafelapalma.com\/wp-content\/uploads\/2023\/09\/RADAR-FRONTPIC-2-scaled.jpg",1449,2048,false],"trp-custom-language-flag":["https:\/\/cafelapalma.com\/wp-content\/uploads\/2023\/09\/RADAR-FRONTPIC-2-scaled.jpg",8,12,false],"blossom-feminine-slider":["https:\/\/cafelapalma.com\/wp-content\/uploads\/2023\/09\/RADAR-FRONTPIC-2-scaled.jpg",459,649,false],"blossom-feminine-featured":["https:\/\/cafelapalma.com\/wp-content\/uploads\/2023\/09\/RADAR-FRONTPIC-2-scaled.jpg",424,600,false],"blossom-feminine-with-sidebar":["https:\/\/cafelapalma.com\/wp-content\/uploads\/2023\/09\/RADAR-FRONTPIC-2-scaled.jpg",424,600,false],"blossom-feminine-blog":["https:\/\/cafelapalma.com\/wp-content\/uploads\/2023\/09\/RADAR-FRONTPIC-2-scaled.jpg",308,435,false],"blossom-feminine-cat":["https:\/\/cafelapalma.com\/wp-content\/uploads\/2023\/09\/RADAR-FRONTPIC-2-scaled.jpg",212,300,false],"blossom-feminine-related":["https:\/\/cafelapalma.com\/wp-content\/uploads\/2023\/09\/RADAR-FRONTPIC-2-scaled.jpg",141,200,false],"blossom-feminine-schema":["https:\/\/cafelapalma.com\/wp-content\/uploads\/2023\/09\/RADAR-FRONTPIC-2-scaled.jpg",42,60,false]},"uagb_author_info":{"display_name":"Victor","author_link":"https:\/\/cafelapalma.com\/en\/author\/comunicacion\/"},"uagb_comment_info":0,"uagb_excerpt":"Hay algo que une el pop de dormitorio sensible y proyectado a trav\u00e9s de la electr\u00f3nica con una m\u00fasica que conecta los esp\u00edritus de la m\u00fasica \u00e1rabe-oriental con la latina.&nbsp; Ese \u201calgo\u201d es restinga, el proyecto en el que la hispano-marroqu\u00ed Herminia Loh Moreno une sus universos sonoros y creativos: los de la canci\u00f3n alternativa&hellip;","_links":{"self":[{"href":"https:\/\/cafelapalma.com\/en\/wp-json\/wp\/v2\/tribe_events\/27198","targetHints":{"allow":["GET"]}}],"collection":[{"href":"https:\/\/cafelapalma.com\/en\/wp-json\/wp\/v2\/tribe_events"}],"about":[{"href":"https:\/\/cafelapalma.com\/en\/wp-json\/wp\/v2\/types\/tribe_events"}],"author":[{"embeddable":true,"href":"https:\/\/cafelapalma.com\/en\/wp-json\/wp\/v2\/users\/2"}],"version-history":[{"count":0,"href":"https:\/\/cafelapalma.com\/en\/wp-json\/wp\/v2\/tribe_events\/27198\/revisions"}],"wp:featuredmedia":[{"embeddable":true,"href":"https:\/\/cafelapalma.com\/en\/wp-json\/wp\/v2\/media\/27195"}],"wp:attachment":[{"href":"https:\/\/cafelapalma.com\/en\/wp-json\/wp\/v2\/media?parent=27198"}],"wp:term":[{"taxonomy":"post_tag","embeddable":true,"href":"https:\/\/cafelapalma.com\/en\/wp-json\/wp\/v2\/tags?post=27198"},{"taxonomy":"tribe_events_cat","embeddable":true,"href":"https:\/\/cafelapalma.com\/en\/wp-json\/wp\/v2\/tribe_events_cat?post=27198"}],"curies":[{"name":"wp","href":"https:\/\/api.w.org\/{rel}","templated":true}]}}