{"id":27275,"date":"2023-09-26T16:55:47","date_gmt":"2023-09-26T14:55:47","guid":{"rendered":"https:\/\/cafelapalma.com\/?post_type=tribe_events&#038;p=27275"},"modified":"2023-10-21T09:00:23","modified_gmt":"2023-10-21T07:00:23","slug":"flama-flama-flama-los-besos-mateo-morral","status":"publish","type":"tribe_events","link":"https:\/\/cafelapalma.com\/en\/programacion\/flama-flama-flama-los-besos-mateo-morral\/","title":{"rendered":"FLAMA FLAMA FLAMA + LOS B.E.S.O.S. + MATEO MORRAL"},"content":{"rendered":"<div  class=\"tribe-events-schedule tribe-clearfix\" >\n\t<p class=\"tribe-events-schedule__datetime\">\n\t\t<span class=\"tribe-events-schedule__date tribe-events-schedule__date--start\">\n\t\t\t21  October  2023\t\t<\/span>\n\n\t\t\t\t\t<span class=\"tribe-events-schedule__separator tribe-events-schedule__separator--date\">\n\t\t\t\t@\t\t\t<\/span>\n\t\t\t<span class=\"tribe-events-schedule__time tribe-events-schedule__time--start\">\n\t\t\t\t21:00\t\t\t<\/span>\n\t\t\n\t\t\t\t\t\t\t\t\t<span class=\"tribe-events-schedule__separator tribe-events-schedule__separator--time\">\n\t\t\t\t\t&#8211;\t\t\t\t<\/span>\n\t\t\t\n\t\t\t\t\t\t\t<span class=\"tribe-events-schedule__time tribe-events-schedule__time--end\">\n\t\t\t\t\t23:45\t\t\t\t<\/span>\n\t\t\t\n\t\t\t\t\t\t<\/p>\n<\/div>\n\n\n<div  class=\"tribe-block tribe-block__event-price\" >\n\t\t\t<span class=\"tribe-block__event-price__cost\"> 8\u20ac <\/span>\n\t\t\t\t<span class=\"tribe-block__event-price__description\">+ gg Anticipada | 10\u20ac Taquilla<\/span>\n\t<\/div>\n\n\n\n<div style=\"height:100px\" aria-hidden=\"true\" class=\"wp-block-spacer\"><\/div>\n\n\n\n<div class=\"wp-block-columns is-layout-flex wp-container-core-columns-is-layout-8f761849 wp-block-columns-is-layout-flex\">\n<div class=\"wp-block-column is-layout-flow wp-block-column-is-layout-flow\" style=\"flex-basis:33.33%\">\n<figure class=\"wp-block-image size-large\"><img loading=\"lazy\" decoding=\"async\" width=\"780\" height=\"1040\" src=\"https:\/\/cafelapalma.com\/wp-content\/uploads\/2023\/09\/FLAMA-A3-2-COPY-780x1040.jpg\" alt=\"\" class=\"wp-image-27276\" srcset=\"https:\/\/cafelapalma.com\/wp-content\/uploads\/2023\/09\/FLAMA-A3-2-COPY-780x1040.jpg 780w, https:\/\/cafelapalma.com\/wp-content\/uploads\/2023\/09\/FLAMA-A3-2-COPY-225x300.jpg 225w, https:\/\/cafelapalma.com\/wp-content\/uploads\/2023\/09\/FLAMA-A3-2-COPY-768x1024.jpg 768w, https:\/\/cafelapalma.com\/wp-content\/uploads\/2023\/09\/FLAMA-A3-2-COPY-1152x1536.jpg 1152w, https:\/\/cafelapalma.com\/wp-content\/uploads\/2023\/09\/FLAMA-A3-2-COPY-45x60.jpg 45w, https:\/\/cafelapalma.com\/wp-content\/uploads\/2023\/09\/FLAMA-A3-2-COPY.jpg 1440w\" sizes=\"auto, (max-width: 780px) 100vw, 780px\" \/><\/figure>\n\n\n<div  class=\"tribe-block tribe-block__event-website\" >\n\t<a\n\t\thref=\"https:\/\/www.passline.com\/eventos\/flama-flama-flama-los-besos-mateo-morral\"\n\t\ttarget=\"_self\"\n\t\t\t>\n\t\tBUY TICKETS\t<\/a>\n<\/div>\n<\/div>\n\n\n\n<div class=\"wp-block-column is-layout-flow wp-block-column-is-layout-flow\" style=\"flex-basis:66.66%\">\n<p class=\"wp-block-paragraph\"><\/p>\n\n\n\n<p class=\"has-text-align-left wp-block-paragraph\"><strong>FLAMA FLAMA FLAM<\/strong>A se presenta como \u00abpost-rock venido a menos\u00bb donde instrumentales ruidosas y una voz dulce dan vida a unas letras que calan en las cabezas de una generaci\u00f3n completa. En este octubre de 2023 ver\u00e1 la luz su primer EP <strong><em>\u00abLo que arde\u00bb<\/em><\/strong>, y la banda tiene claro que es el primero de muchos ya que avistan de forma&nbsp;temprana el nacimiento de los siguientes lanzamientos. Por poco que os guste no van a parar, amenazan.<\/p>\n\n\n\n<p class=\"has-text-align-left wp-block-paragraph\"><strong>LOS B.E.S.O.S.<\/strong> est\u00e1n formados por cuatro componentes: <strong>Nica Palace<\/strong>, <strong>Plumberto<\/strong>, <strong>Robosebas <\/strong>y <strong>Baco Sparkles<\/strong>. Tras conocerse en el <strong>Leroy Merlin<\/strong> de <strong>Granada<\/strong>, se dieron cuenta de que todos compart\u00edan dos inquietudes: la m\u00fasica y la responsabilidad afectiva. As\u00ed, decidieron crear un grupo y tocar juntos, fuertemente influenciados por grupos como <strong>Radio Palmer<\/strong>, <strong>Colectivo da Silva<\/strong>, <strong>Cari\u00f1o <\/strong>o <strong>Boy Pablo<\/strong>.<\/p>\n\n\n\n<p class=\"has-text-align-left wp-block-paragraph\"><strong>MATEO MORRAL<\/strong> son cuatro chavalicos asociados en eso de hacer temas. Tras presentarse al mundo en 2022 con cinco pu\u00f1os sobre la mesa en su debut \u2018<strong><em>\u2019El Sorbo\u2019\u2019<\/em><\/strong>, la banda brinda su segundo trabajo en forma de doble single: <strong><em>\u201cLas Dos Torres\u201d<\/em><\/strong>. Un puente hacia una cosa nueva y experimental. Melancol\u00eda pop, actitud garage desde la Costa Este.<\/p>\n<\/div>\n<\/div>\n\n\n\n<div style=\"height:100px\" aria-hidden=\"true\" class=\"wp-block-spacer\"><\/div>\n\n\n\n<hr class=\"wp-block-separator has-alpha-channel-opacity\"\/>\n\n\n\n<div style=\"height:100px\" aria-hidden=\"true\" class=\"wp-block-spacer\"><\/div>\n\n\n<h2 class=\"tribe-block__related-events__title\">Related Events<\/h2>\n\n<ul  class=\"tribe-related-events tribe-clearfix\" >\n\t\t\t<li>\n\t\n<div class=\"tribe-related-events-thumbnail\">\n\t<a href=\"https:\/\/cafelapalma.com\/en\/programacion\/willie-deville-concierto-benefico-x-venezuela\/\" class=\"url\" rel=\"bookmark\" tabindex=\"-1\" aria-hidden=\"true\"><img loading=\"lazy\" decoding=\"async\" width=\"1020\" height=\"531\" src=\"https:\/\/cafelapalma.com\/wp-content\/uploads\/2026\/08\/Willie-deville-1100x572-1-1040x541.jpg\" class=\"attachment-large size-large wp-post-image\" alt=\"\" \/><\/a>\n<\/div>\n\t<div class=\"tribe-related-event-info\">\n\t<h3 class=\"tribe-related-events-title\">\n\t\t<a href=\"https:\/\/cafelapalma.com\/en\/programacion\/willie-deville-concierto-benefico-x-venezuela\/\" class=\"tribe-event-url\" rel=\"bookmark\">\n\t\t\tWILLIE DEVILLE: CONCIERTO BEN\u00c9FICO X VENEZUELA\t\t<\/a>\n\t<\/h3>\n\t<span class=\"tribe-event-date-start\">6  September@21:00<\/span><span class=\"tribe-event-time\">23:45<\/span><\/div>\n<\/li>\n\t\t\t<li>\n\t\n<div class=\"tribe-related-events-thumbnail\">\n\t<a href=\"https:\/\/cafelapalma.com\/en\/programacion\/new-boix\/\" class=\"url\" rel=\"bookmark\" tabindex=\"-1\" aria-hidden=\"true\"><img loading=\"lazy\" decoding=\"async\" width=\"694\" height=\"1040\" src=\"https:\/\/cafelapalma.com\/wp-content\/uploads\/2026\/05\/WhatsApp-Image-2026-04-29-at-12.00.28-694x1040.jpeg\" class=\"attachment-large size-large wp-post-image\" alt=\"\" \/><\/a>\n<\/div>\n\t<div class=\"tribe-related-event-info\">\n\t<h3 class=\"tribe-related-events-title\">\n\t\t<a href=\"https:\/\/cafelapalma.com\/en\/programacion\/new-boix\/\" class=\"tribe-event-url\" rel=\"bookmark\">\n\t\t\tNEW BOIX\t\t<\/a>\n\t<\/h3>\n\t<span class=\"tribe-event-date-start\">10  September@22:00<\/span><span class=\"tribe-event-time\">23:45<\/span><\/div>\n<\/li>\n\t\t\t<li>\n\t\n<div class=\"tribe-related-events-thumbnail\">\n\t<a href=\"https:\/\/cafelapalma.com\/en\/programacion\/eric-rohmer-seasunday\/\" class=\"url\" rel=\"bookmark\" tabindex=\"-1\" aria-hidden=\"true\"><img loading=\"lazy\" decoding=\"async\" width=\"693\" height=\"1040\" src=\"https:\/\/cafelapalma.com\/wp-content\/uploads\/2026\/07\/ERIC-ROHMER-VERTICAL-1-693x1040.jpg\" class=\"attachment-large size-large wp-post-image\" alt=\"\" \/><\/a>\n<\/div>\n\t<div class=\"tribe-related-event-info\">\n\t<h3 class=\"tribe-related-events-title\">\n\t\t<a href=\"https:\/\/cafelapalma.com\/en\/programacion\/eric-rohmer-seasunday\/\" class=\"tribe-event-url\" rel=\"bookmark\">\n\t\t\tERIC ROHMER + SEASUNDAY\t\t<\/a>\n\t<\/h3>\n\t<span class=\"tribe-event-date-start\">11  September@21:00<\/span><span class=\"tribe-event-time\">23:45<\/span><\/div>\n<\/li>\n\t<\/ul>","protected":false},"excerpt":{"rendered":"<p>FLAMA FLAMA FLAMA se presenta como \u00abpost-rock venido a menos\u00bb donde instrumentales ruidosas y una voz dulce dan vida a unas letras que calan en las cabezas de una generaci\u00f3n completa. En este octubre de 2023 ver\u00e1 la luz su primer EP \u00abLo que arde\u00bb, y la banda tiene claro que es el primero de &hellip; <\/p>","protected":false},"author":2,"featured_media":27277,"template":"","meta":{"_tec_requires_first_save":false,"_uag_custom_page_level_css":"","loftloader_page_shortcode":"","_EventAllDay":false,"_EventTimezone":"Europe\/Madrid","_EventStartDate":"2023-10-21 21:00:00","_EventEndDate":"2023-10-21 23:45:00","_EventStartDateUTC":"2023-10-21 19:00:00","_EventEndDateUTC":"2023-10-21 21:45:00","_EventShowMap":false,"_EventShowMapLink":false,"_EventURL":"https:\/\/www.passline.com\/eventos\/flama-flama-flama-los-besos-mateo-morral","_EventCost":"8","_EventCostDescription":"","_EventCurrencySymbol":"\u20ac","_EventCurrencyCode":"USD","_EventCurrencyPosition":"suffix","_EventDateTimeSeparator":"@","_EventTimeRangeSeparator":"-","_EventOrganizerID":[],"_EventVenueID":[],"_OrganizerEmail":"","_OrganizerPhone":"","_OrganizerWebsite":"","_VenueAddress":"","_VenueCity":"","_VenueCountry":"","_VenueProvince":"","_VenueState":"","_VenueZip":"","_VenuePhone":"","_VenueURL":"","_VenueStateProvince":"","_VenueLat":"","_VenueLng":"","_VenueShowMap":false,"_VenueShowMapLink":false,"_tribe_blocks_recurrence_rules":"","_tribe_blocks_recurrence_description":"","_tribe_blocks_recurrence_exclusions":"","_ecp_custom_2":"","_tribe_events_status":"","_tribe_events_status_reason":"","_tribe_events_is_hybrid":"","_tribe_events_is_virtual":"","_tribe_events_virtual_video_source":"","_tribe_events_virtual_embed_video":"","_tribe_events_virtual_linked_button_text":"","_tribe_events_virtual_linked_button":"","_tribe_events_virtual_show_embed_at":"","_tribe_events_virtual_show_embed_to":[],"_tribe_events_virtual_show_on_event":"","_tribe_events_virtual_show_on_views":"","_tribe_events_virtual_url":"","footnotes":""},"tags":[14383,14384,8869,1363,12324,2865,9147,9146,14385,14375,8970,14386,14379,14376,14377,14381,14380,1355,14378,12315,14382],"tribe_events_cat":[8963],"class_list":["post-27275","tribe_events","type-tribe_events","status-publish","has-post-thumbnail","hentry","tag-baco-sparkles","tag-boy-pablo","tag-cafe-la-palma-2","tag-cafe-la-palma","tag-colectivo-da-silva","tag-conciertos-cafe-la-palma","tag-conciertos-madrid","tag-conciertos-malasana","tag-el-sorbo","tag-flama-flama-flama","tag-indie","tag-las-dos-torre","tag-lo-que-arde","tag-los-b-e-s-o-s","tag-mateo-morral","tag-nica-palace","tag-plumberto","tag-pop","tag-post-rock","tag-radio-palmer","tag-robosebas","tribe_events_cat-concierto","cat_concierto"],"uagb_featured_image_src":{"full":["https:\/\/cafelapalma.com\/wp-content\/uploads\/2023\/09\/FLAMA-LOW-PIC.jpg",2754,2754,false],"thumbnail":["https:\/\/cafelapalma.com\/wp-content\/uploads\/2023\/09\/FLAMA-LOW-PIC-150x150.jpg",150,150,true],"medium":["https:\/\/cafelapalma.com\/wp-content\/uploads\/2023\/09\/FLAMA-LOW-PIC-300x300.jpg",300,300,true],"medium_large":["https:\/\/cafelapalma.com\/wp-content\/uploads\/2023\/09\/FLAMA-LOW-PIC-768x768.jpg",768,768,true],"large":["https:\/\/cafelapalma.com\/wp-content\/uploads\/2023\/09\/FLAMA-LOW-PIC-1040x1040.jpg",1020,1020,true],"1536x1536":["https:\/\/cafelapalma.com\/wp-content\/uploads\/2023\/09\/FLAMA-LOW-PIC-1536x1536.jpg",1536,1536,true],"2048x2048":["https:\/\/cafelapalma.com\/wp-content\/uploads\/2023\/09\/FLAMA-LOW-PIC-2048x2048.jpg",2048,2048,true],"trp-custom-language-flag":["https:\/\/cafelapalma.com\/wp-content\/uploads\/2023\/09\/FLAMA-LOW-PIC.jpg",12,12,false],"blossom-feminine-slider":["https:\/\/cafelapalma.com\/wp-content\/uploads\/2023\/09\/FLAMA-LOW-PIC-1920x649.jpg",1920,649,true],"blossom-feminine-featured":["https:\/\/cafelapalma.com\/wp-content\/uploads\/2023\/09\/FLAMA-LOW-PIC-1410x600.jpg",1410,600,true],"blossom-feminine-with-sidebar":["https:\/\/cafelapalma.com\/wp-content\/uploads\/2023\/09\/FLAMA-LOW-PIC-1020x600.jpg",1020,600,true],"blossom-feminine-blog":["https:\/\/cafelapalma.com\/wp-content\/uploads\/2023\/09\/FLAMA-LOW-PIC-435x435.jpg",435,435,true],"blossom-feminine-cat":["https:\/\/cafelapalma.com\/wp-content\/uploads\/2023\/09\/FLAMA-LOW-PIC-450x300.jpg",450,300,true],"blossom-feminine-related":["https:\/\/cafelapalma.com\/wp-content\/uploads\/2023\/09\/FLAMA-LOW-PIC-320x200.jpg",320,200,true],"blossom-feminine-schema":["https:\/\/cafelapalma.com\/wp-content\/uploads\/2023\/09\/FLAMA-LOW-PIC-60x60.jpg",60,60,true]},"uagb_author_info":{"display_name":"Victor","author_link":"https:\/\/cafelapalma.com\/en\/author\/comunicacion\/"},"uagb_comment_info":0,"uagb_excerpt":"FLAMA FLAMA FLAMA se presenta como \u00abpost-rock venido a menos\u00bb donde instrumentales ruidosas y una voz dulce dan vida a unas letras que calan en las cabezas de una generaci\u00f3n completa. En este octubre de 2023 ver\u00e1 la luz su primer EP \u00abLo que arde\u00bb, y la banda tiene claro que es el primero de&hellip;","_links":{"self":[{"href":"https:\/\/cafelapalma.com\/en\/wp-json\/wp\/v2\/tribe_events\/27275","targetHints":{"allow":["GET"]}}],"collection":[{"href":"https:\/\/cafelapalma.com\/en\/wp-json\/wp\/v2\/tribe_events"}],"about":[{"href":"https:\/\/cafelapalma.com\/en\/wp-json\/wp\/v2\/types\/tribe_events"}],"author":[{"embeddable":true,"href":"https:\/\/cafelapalma.com\/en\/wp-json\/wp\/v2\/users\/2"}],"version-history":[{"count":0,"href":"https:\/\/cafelapalma.com\/en\/wp-json\/wp\/v2\/tribe_events\/27275\/revisions"}],"wp:featuredmedia":[{"embeddable":true,"href":"https:\/\/cafelapalma.com\/en\/wp-json\/wp\/v2\/media\/27277"}],"wp:attachment":[{"href":"https:\/\/cafelapalma.com\/en\/wp-json\/wp\/v2\/media?parent=27275"}],"wp:term":[{"taxonomy":"post_tag","embeddable":true,"href":"https:\/\/cafelapalma.com\/en\/wp-json\/wp\/v2\/tags?post=27275"},{"taxonomy":"tribe_events_cat","embeddable":true,"href":"https:\/\/cafelapalma.com\/en\/wp-json\/wp\/v2\/tribe_events_cat?post=27275"}],"curies":[{"name":"wp","href":"https:\/\/api.w.org\/{rel}","templated":true}]}}