{"id":27298,"date":"2023-09-29T12:57:39","date_gmt":"2023-09-29T10:57:39","guid":{"rendered":"https:\/\/cafelapalma.com\/?post_type=tribe_events&#038;p=27298"},"modified":"2023-09-29T12:57:42","modified_gmt":"2023-09-29T10:57:42","slug":"lhara-diphda","status":"publish","type":"tribe_events","link":"https:\/\/cafelapalma.com\/en\/programacion\/lhara-diphda\/","title":{"rendered":"LHARA + DIPHDA"},"content":{"rendered":"<div  class=\"tribe-events-schedule tribe-clearfix\" >\n\t<p class=\"tribe-events-schedule__datetime\">\n\t\t<span class=\"tribe-events-schedule__date tribe-events-schedule__date--start\">\n\t\t\t19  October  2023\t\t<\/span>\n\n\t\t\t\t\t<span class=\"tribe-events-schedule__separator tribe-events-schedule__separator--date\">\n\t\t\t\t@\t\t\t<\/span>\n\t\t\t<span class=\"tribe-events-schedule__time tribe-events-schedule__time--start\">\n\t\t\t\t21:30\t\t\t<\/span>\n\t\t\n\t\t\t\t\t\t\t\t\t<span class=\"tribe-events-schedule__separator tribe-events-schedule__separator--time\">\n\t\t\t\t\t&#8211;\t\t\t\t<\/span>\n\t\t\t\n\t\t\t\t\t\t\t<span class=\"tribe-events-schedule__time tribe-events-schedule__time--end\">\n\t\t\t\t\t23:45\t\t\t\t<\/span>\n\t\t\t\n\t\t\t\t\t\t<\/p>\n<\/div>\n\n\n<div  class=\"tribe-block tribe-block__event-price\" >\n\t\t\t<span class=\"tribe-block__event-price__cost\"> 10\u20ac <\/span>\n\t\t\t\t<span class=\"tribe-block__event-price__description\">+ gg Anticipada | 12\u20ac Taquilla<\/span>\n\t<\/div>\n\n\n\n<div style=\"height:100px\" aria-hidden=\"true\" class=\"wp-block-spacer\"><\/div>\n\n\n\n<div class=\"wp-block-columns is-layout-flex wp-container-core-columns-is-layout-8f761849 wp-block-columns-is-layout-flex\">\n<div class=\"wp-block-column is-layout-flow wp-block-column-is-layout-flow\" style=\"flex-basis:33.33%\">\n<figure class=\"wp-block-image size-large\"><img loading=\"lazy\" decoding=\"async\" width=\"735\" height=\"1040\" src=\"https:\/\/cafelapalma.com\/wp-content\/uploads\/2023\/09\/A3-2-735x1040.jpg\" alt=\"\" class=\"wp-image-27299\" srcset=\"https:\/\/cafelapalma.com\/wp-content\/uploads\/2023\/09\/A3-2-735x1040.jpg 735w, https:\/\/cafelapalma.com\/wp-content\/uploads\/2023\/09\/A3-2-212x300.jpg 212w, https:\/\/cafelapalma.com\/wp-content\/uploads\/2023\/09\/A3-2-768x1086.jpg 768w, https:\/\/cafelapalma.com\/wp-content\/uploads\/2023\/09\/A3-2-1086x1536.jpg 1086w, https:\/\/cafelapalma.com\/wp-content\/uploads\/2023\/09\/A3-2-42x60.jpg 42w, https:\/\/cafelapalma.com\/wp-content\/uploads\/2023\/09\/A3-2.jpg 1414w\" sizes=\"auto, (max-width: 735px) 100vw, 735px\" \/><\/figure>\n\n\n<div  class=\"tribe-block tribe-block__event-website\" >\n\t<a\n\t\thref=\"https:\/\/link.dice.fm\/h11935ea41ed\"\n\t\ttarget=\"_self\"\n\t\t\t>\n\t\tBUY TICKETS\t<\/a>\n<\/div>\n<\/div>\n\n\n\n<div class=\"wp-block-column is-layout-flow wp-block-column-is-layout-flow\" style=\"flex-basis:66.66%\">\n<p class=\"wp-block-paragraph\"><\/p>\n\n\n\n<p class=\"has-text-align-left wp-block-paragraph\"><strong>LHARA <\/strong>es una artista vasca que se encuentra en una b\u00fasqueda constante de nuevos ritmos. Tiene claro que la fusi\u00f3n y la experimentaci\u00f3n con diferentes g\u00e9neros (pop, hyperpop, reggaeton, rap) es el espacio en el que ella se siente c\u00f3moda. <strong>Lhara<\/strong>, que se convirti\u00f3 el a\u00f1o pasado en artista del programa <strong>ROMPE ES<\/strong> de <strong>Amazon Music<\/strong> y firm\u00f3 con <strong>Warner Chappell Espa\u00f1a<\/strong>, ha presentado su nuevo EP <strong><em>\u00abAndr\u00f3meda\u00bb<\/em><\/strong> este 2023.\u00a0<\/p>\n\n\n\n<p class=\"has-text-align-left wp-block-paragraph\"><strong>Lhara <\/strong>compone y produce y se implica en todo el proceso creativo. Con este proyecto nos muestra la dualidad entre ella y el personaje de <strong>Andr\u00f3meda <\/strong>con el que nos adentra a su peque\u00f1o universo.<\/p>\n\n\n\n<p class=\"has-text-align-left wp-block-paragraph\"><strong>DIPHDA <\/strong>es <strong>Santi Lacunza<\/strong>, artista y productor navarro que actualmente reside en Madrid. Debutaba a principios del 2020 con el single <strong><em>\u201c2030\u201d<\/em><\/strong>, el primer adelanto de un EP que finalmente se lanzar\u00eda un a\u00f1o despu\u00e9s, <strong><em>\u201cAwoken\u201d<\/em><\/strong>. Con sus primeras canciones, comenzaba a experimentar con diferentes escenarios sonoros, aportando texturas y est\u00edmulos que van evolucionando con el paso de las canciones: estilos como el\u00a0bedroom pop, tintes de m\u00fasica electr\u00f3nica, sintetizadores y el uso del autotune con finalidades est\u00e9ticas\u00a0para crear todo tipo de ambientes et\u00e9reos.<\/p>\n\n\n\n<p class=\"has-text-align-left wp-block-paragraph\">En el verano de 2022 public\u00f3 su disco debut, <strong><em>\u201cAcuarela\u201d<\/em><\/strong>, que incluye tracks como <strong><em>\u201clos caballos visten de prada\u201d<\/em>, <em>\u201chigh and drunk\u201d<\/em>, <em>\u201cfirst lights\u201d<\/em> <\/strong>o<strong> <em>\u201ccon amor en los dedos\u201d<\/em>.<\/strong>\u00a0Ha colaborado con productores como <strong>Karma C<\/strong>, <strong>DRUMMIE<\/strong>, <strong>Fectro <\/strong>o <strong>Wtfdiddy<\/strong>.<\/p>\n<\/div>\n<\/div>\n\n\n\n<div style=\"height:100px\" aria-hidden=\"true\" class=\"wp-block-spacer\"><\/div>\n\n\n\n<hr class=\"wp-block-separator has-alpha-channel-opacity\"\/>\n\n\n\n<div style=\"height:100px\" aria-hidden=\"true\" class=\"wp-block-spacer\"><\/div>\n\n\n<h2 class=\"tribe-block__related-events__title\">Related Events<\/h2>\n\n<ul  class=\"tribe-related-events tribe-clearfix\" >\n\t\t\t<li>\n\t\n<div class=\"tribe-related-events-thumbnail\">\n\t<a href=\"https:\/\/cafelapalma.com\/en\/programacion\/funkin-donuts\/\" class=\"url\" rel=\"bookmark\" tabindex=\"-1\" aria-hidden=\"true\"><img loading=\"lazy\" decoding=\"async\" width=\"693\" height=\"1040\" src=\"https:\/\/cafelapalma.com\/wp-content\/uploads\/2026\/07\/FD-vert2-bn-693x1040.jpg\" class=\"attachment-large size-large wp-post-image\" alt=\"\" \/><\/a>\n<\/div>\n\t<div class=\"tribe-related-event-info\">\n\t<h3 class=\"tribe-related-events-title\">\n\t\t<a href=\"https:\/\/cafelapalma.com\/en\/programacion\/funkin-donuts\/\" class=\"tribe-event-url\" rel=\"bookmark\">\n\t\t\tFUNKIN&#8217; DONUTS\t\t<\/a>\n\t<\/h3>\n\t<span class=\"tribe-event-date-start\">5  September@22:00<\/span><span class=\"tribe-event-time\">23:45<\/span><\/div>\n<\/li>\n\t\t\t<li>\n\t\n<div class=\"tribe-related-events-thumbnail\">\n\t<a href=\"https:\/\/cafelapalma.com\/en\/programacion\/backstage-le-petit-truffle-mayo\/\" class=\"url\" rel=\"bookmark\" tabindex=\"-1\" aria-hidden=\"true\"><img loading=\"lazy\" decoding=\"async\" width=\"780\" height=\"1040\" src=\"https:\/\/cafelapalma.com\/wp-content\/uploads\/2026\/07\/Imagen-TruffleMayo-LePetit-i-1-780x1040.png\" class=\"attachment-large size-large wp-post-image\" alt=\"\" \/><\/a>\n<\/div>\n\t<div class=\"tribe-related-event-info\">\n\t<h3 class=\"tribe-related-events-title\">\n\t\t<a href=\"https:\/\/cafelapalma.com\/en\/programacion\/backstage-le-petit-truffle-mayo\/\" class=\"tribe-event-url\" rel=\"bookmark\">\n\t\t\tBACKSTAGE: LE PETIT + TRUFFLE MAYO\t\t<\/a>\n\t<\/h3>\n\t<span class=\"tribe-event-date-start\">5  September@23:55<\/span><\/div>\n<\/li>\n\t\t\t<li>\n\t\n<div class=\"tribe-related-events-thumbnail\">\n\t<a href=\"https:\/\/cafelapalma.com\/en\/programacion\/willie-deville-concierto-benefico-x-venezuela\/\" class=\"url\" rel=\"bookmark\" tabindex=\"-1\" aria-hidden=\"true\"><img loading=\"lazy\" decoding=\"async\" width=\"1020\" height=\"531\" src=\"https:\/\/cafelapalma.com\/wp-content\/uploads\/2026\/08\/Willie-deville-1100x572-1-1040x541.jpg\" class=\"attachment-large size-large wp-post-image\" alt=\"\" \/><\/a>\n<\/div>\n\t<div class=\"tribe-related-event-info\">\n\t<h3 class=\"tribe-related-events-title\">\n\t\t<a href=\"https:\/\/cafelapalma.com\/en\/programacion\/willie-deville-concierto-benefico-x-venezuela\/\" class=\"tribe-event-url\" rel=\"bookmark\">\n\t\t\tWILLIE DEVILLE: CONCIERTO BEN\u00c9FICO X VENEZUELA\t\t<\/a>\n\t<\/h3>\n\t<span class=\"tribe-event-date-start\">6  September@21:00<\/span><span class=\"tribe-event-time\">23:45<\/span><\/div>\n<\/li>\n\t<\/ul>","protected":false},"excerpt":{"rendered":"<p>LHARA es una artista vasca que se encuentra en una b\u00fasqueda constante de nuevos ritmos. Tiene claro que la fusi\u00f3n y la experimentaci\u00f3n con diferentes g\u00e9neros (pop, hyperpop, reggaeton, rap) es el espacio en el que ella se siente c\u00f3moda. Lhara, que se convirti\u00f3 el a\u00f1o pasado en artista del programa ROMPE ES de Amazon &hellip; <\/p>","protected":false},"author":2,"featured_media":27300,"template":"","meta":{"_tec_requires_first_save":false,"_uag_custom_page_level_css":"","loftloader_page_shortcode":"","_EventAllDay":false,"_EventTimezone":"Europe\/Madrid","_EventStartDate":"2023-10-19 21:30:00","_EventEndDate":"2023-10-19 23:45:00","_EventStartDateUTC":"2023-10-19 19:30:00","_EventEndDateUTC":"2023-10-19 21:45:00","_EventShowMap":false,"_EventShowMapLink":false,"_EventURL":"https:\/\/link.dice.fm\/h11935ea41ed","_EventCost":"10","_EventCostDescription":"","_EventCurrencySymbol":"\u20ac","_EventCurrencyCode":"USD","_EventCurrencyPosition":"suffix","_EventDateTimeSeparator":"@","_EventTimeRangeSeparator":"-","_EventOrganizerID":[],"_EventVenueID":[],"_OrganizerEmail":"","_OrganizerPhone":"","_OrganizerWebsite":"","_VenueAddress":"","_VenueCity":"","_VenueCountry":"","_VenueProvince":"","_VenueState":"","_VenueZip":"","_VenuePhone":"","_VenueURL":"","_VenueStateProvince":"","_VenueLat":"","_VenueLng":"","_VenueShowMap":false,"_VenueShowMapLink":false,"_tribe_blocks_recurrence_rules":"","_tribe_blocks_recurrence_description":"","_tribe_blocks_recurrence_exclusions":"","_ecp_custom_2":"","_tribe_events_status":"","_tribe_events_status_reason":"","_tribe_events_is_hybrid":"","_tribe_events_is_virtual":"","_tribe_events_virtual_video_source":"","_tribe_events_virtual_embed_video":"","_tribe_events_virtual_linked_button_text":"","_tribe_events_virtual_linked_button":"","_tribe_events_virtual_show_embed_at":"","_tribe_events_virtual_show_embed_to":[],"_tribe_events_virtual_show_on_event":"","_tribe_events_virtual_show_on_views":"","_tribe_events_virtual_url":"","footnotes":""},"tags":[14424,13822,14422,14425,9438,8869,1363,14430,2865,9147,9146,14418,14431,1357,11087,14429,10142,10143,14428,9746,9754,14419,14426,10141,1355,2395,9350,14420,14423,14421,14432],"tribe_events_cat":[8963],"class_list":["post-27298","tribe_events","type-tribe_events","status-publish","has-post-thumbnail","hentry","tag-14424","tag-acuarela","tag-andromeda","tag-awoken","tag-bedroom-pop","tag-cafe-la-palma-2","tag-cafe-la-palma","tag-con-amor-en-los-dedos","tag-conciertos-cafe-la-palma","tag-conciertos-madrid","tag-conciertos-malasana","tag-diphda","tag-drummie","tag-electronica","tag-fectro","tag-first-lights","tag-helsinki","tag-helsinkipro","tag-high-and-drunk","tag-hyperpop","tag-karma-c","tag-lhara","tag-natalia-lacunza","tag-pep-porta","tag-pop","tag-rap","tag-reggaeton","tag-rompe-es","tag-santi-lacunza","tag-warner-chappell-espana","tag-wtfdiddy","tribe_events_cat-concierto","cat_concierto"],"uagb_featured_image_src":{"full":["https:\/\/cafelapalma.com\/wp-content\/uploads\/2023\/09\/LHARADIPHDAPIX.jpg",1080,1421,false],"thumbnail":["https:\/\/cafelapalma.com\/wp-content\/uploads\/2023\/09\/LHARADIPHDAPIX-150x150.jpg",150,150,true],"medium":["https:\/\/cafelapalma.com\/wp-content\/uploads\/2023\/09\/LHARADIPHDAPIX-228x300.jpg",228,300,true],"medium_large":["https:\/\/cafelapalma.com\/wp-content\/uploads\/2023\/09\/LHARADIPHDAPIX-768x1010.jpg",768,1010,true],"large":["https:\/\/cafelapalma.com\/wp-content\/uploads\/2023\/09\/LHARADIPHDAPIX-790x1040.jpg",790,1040,true],"1536x1536":["https:\/\/cafelapalma.com\/wp-content\/uploads\/2023\/09\/LHARADIPHDAPIX.jpg",1080,1421,false],"2048x2048":["https:\/\/cafelapalma.com\/wp-content\/uploads\/2023\/09\/LHARADIPHDAPIX.jpg",1080,1421,false],"trp-custom-language-flag":["https:\/\/cafelapalma.com\/wp-content\/uploads\/2023\/09\/LHARADIPHDAPIX.jpg",9,12,false],"blossom-feminine-slider":["https:\/\/cafelapalma.com\/wp-content\/uploads\/2023\/09\/LHARADIPHDAPIX-1080x649.jpg",1080,649,true],"blossom-feminine-featured":["https:\/\/cafelapalma.com\/wp-content\/uploads\/2023\/09\/LHARADIPHDAPIX-1080x600.jpg",1080,600,true],"blossom-feminine-with-sidebar":["https:\/\/cafelapalma.com\/wp-content\/uploads\/2023\/09\/LHARADIPHDAPIX-1020x600.jpg",1020,600,true],"blossom-feminine-blog":["https:\/\/cafelapalma.com\/wp-content\/uploads\/2023\/09\/LHARADIPHDAPIX-435x435.jpg",435,435,true],"blossom-feminine-cat":["https:\/\/cafelapalma.com\/wp-content\/uploads\/2023\/09\/LHARADIPHDAPIX-450x300.jpg",450,300,true],"blossom-feminine-related":["https:\/\/cafelapalma.com\/wp-content\/uploads\/2023\/09\/LHARADIPHDAPIX-320x200.jpg",320,200,true],"blossom-feminine-schema":["https:\/\/cafelapalma.com\/wp-content\/uploads\/2023\/09\/LHARADIPHDAPIX-46x60.jpg",46,60,true]},"uagb_author_info":{"display_name":"Victor","author_link":"https:\/\/cafelapalma.com\/en\/author\/comunicacion\/"},"uagb_comment_info":0,"uagb_excerpt":"LHARA es una artista vasca que se encuentra en una b\u00fasqueda constante de nuevos ritmos. Tiene claro que la fusi\u00f3n y la experimentaci\u00f3n con diferentes g\u00e9neros (pop, hyperpop, reggaeton, rap) es el espacio en el que ella se siente c\u00f3moda. Lhara, que se convirti\u00f3 el a\u00f1o pasado en artista del programa ROMPE ES de Amazon&hellip;","_links":{"self":[{"href":"https:\/\/cafelapalma.com\/en\/wp-json\/wp\/v2\/tribe_events\/27298","targetHints":{"allow":["GET"]}}],"collection":[{"href":"https:\/\/cafelapalma.com\/en\/wp-json\/wp\/v2\/tribe_events"}],"about":[{"href":"https:\/\/cafelapalma.com\/en\/wp-json\/wp\/v2\/types\/tribe_events"}],"author":[{"embeddable":true,"href":"https:\/\/cafelapalma.com\/en\/wp-json\/wp\/v2\/users\/2"}],"version-history":[{"count":0,"href":"https:\/\/cafelapalma.com\/en\/wp-json\/wp\/v2\/tribe_events\/27298\/revisions"}],"wp:featuredmedia":[{"embeddable":true,"href":"https:\/\/cafelapalma.com\/en\/wp-json\/wp\/v2\/media\/27300"}],"wp:attachment":[{"href":"https:\/\/cafelapalma.com\/en\/wp-json\/wp\/v2\/media?parent=27298"}],"wp:term":[{"taxonomy":"post_tag","embeddable":true,"href":"https:\/\/cafelapalma.com\/en\/wp-json\/wp\/v2\/tags?post=27298"},{"taxonomy":"tribe_events_cat","embeddable":true,"href":"https:\/\/cafelapalma.com\/en\/wp-json\/wp\/v2\/tribe_events_cat?post=27298"}],"curies":[{"name":"wp","href":"https:\/\/api.w.org\/{rel}","templated":true}]}}