{"id":27314,"date":"2023-10-03T11:47:25","date_gmt":"2023-10-03T09:47:25","guid":{"rendered":"https:\/\/cafelapalma.com\/?post_type=tribe_events&#038;p=27314"},"modified":"2023-10-31T09:00:22","modified_gmt":"2023-10-31T08:00:22","slug":"noche-de-halloween-confeti-de-odio-amor-liquido","status":"publish","type":"tribe_events","link":"https:\/\/cafelapalma.com\/en\/programacion\/noche-de-halloween-confeti-de-odio-amor-liquido\/","title":{"rendered":"NOCHE DE HALLOWEEN: CONFETI DE ODIO + AMOR L\u00cdQUIDO"},"content":{"rendered":"<div  class=\"tribe-events-schedule tribe-clearfix\" >\n\t<p class=\"tribe-events-schedule__datetime\">\n\t\t<span class=\"tribe-events-schedule__date tribe-events-schedule__date--start\">\n\t\t\t31  October  2023\t\t<\/span>\n\n\t\t\t\t\t<span class=\"tribe-events-schedule__separator tribe-events-schedule__separator--date\">\n\t\t\t\t@\t\t\t<\/span>\n\t\t\t<span class=\"tribe-events-schedule__time tribe-events-schedule__time--start\">\n\t\t\t\t21:30\t\t\t<\/span>\n\t\t\n\t\t\t\t\t\t\t\t\t<span class=\"tribe-events-schedule__separator tribe-events-schedule__separator--time\">\n\t\t\t\t\t&#8211;\t\t\t\t<\/span>\n\t\t\t\n\t\t\t\t\t\t\t<span class=\"tribe-events-schedule__time tribe-events-schedule__time--end\">\n\t\t\t\t\t23:45\t\t\t\t<\/span>\n\t\t\t\n\t\t\t\t\t\t<\/p>\n<\/div>\n\n\n<div  class=\"tribe-block tribe-block__event-price\" >\n\t\t\t<span class=\"tribe-block__event-price__cost\"> ENTRADAS AGOTADAS <\/span>\n\t\t\t\t<span class=\"tribe-block__event-price__description\">#soldout<\/span>\n\t<\/div>\n\n\n\n<div style=\"height:100px\" aria-hidden=\"true\" class=\"wp-block-spacer\"><\/div>\n\n\n\n<div class=\"wp-block-columns is-layout-flex wp-container-core-columns-is-layout-8f761849 wp-block-columns-is-layout-flex\">\n<div class=\"wp-block-column is-layout-flow wp-block-column-is-layout-flow\" style=\"flex-basis:33.33%\">\n<figure class=\"wp-block-image size-large\"><img loading=\"lazy\" decoding=\"async\" width=\"736\" height=\"1040\" src=\"https:\/\/cafelapalma.com\/wp-content\/uploads\/2023\/10\/CONFETIO-HALLOWEEN-A3-SOLO-AFTER-DEF-LOW-736x1040.jpg\" alt=\"\" class=\"wp-image-27315\" srcset=\"https:\/\/cafelapalma.com\/wp-content\/uploads\/2023\/10\/CONFETIO-HALLOWEEN-A3-SOLO-AFTER-DEF-LOW-736x1040.jpg 736w, https:\/\/cafelapalma.com\/wp-content\/uploads\/2023\/10\/CONFETIO-HALLOWEEN-A3-SOLO-AFTER-DEF-LOW-212x300.jpg 212w, https:\/\/cafelapalma.com\/wp-content\/uploads\/2023\/10\/CONFETIO-HALLOWEEN-A3-SOLO-AFTER-DEF-LOW-768x1086.jpg 768w, https:\/\/cafelapalma.com\/wp-content\/uploads\/2023\/10\/CONFETIO-HALLOWEEN-A3-SOLO-AFTER-DEF-LOW-1086x1536.jpg 1086w, https:\/\/cafelapalma.com\/wp-content\/uploads\/2023\/10\/CONFETIO-HALLOWEEN-A3-SOLO-AFTER-DEF-LOW-1448x2048.jpg 1448w, https:\/\/cafelapalma.com\/wp-content\/uploads\/2023\/10\/CONFETIO-HALLOWEEN-A3-SOLO-AFTER-DEF-LOW-42x60.jpg 42w\" sizes=\"auto, (max-width: 736px) 100vw, 736px\" \/><\/figure>\n<\/div>\n\n\n\n<div class=\"wp-block-column is-layout-flow wp-block-column-is-layout-flow\" style=\"flex-basis:66.66%\">\n<p class=\"wp-block-paragraph\"><\/p>\n\n\n\n<p class=\"has-text-align-left wp-block-paragraph\">No es sencillo resumir en unas l\u00edneas lo que <strong>CONFETI DE ODIO<\/strong> \u2013nombre art\u00edstico elegido por&nbsp;<strong>Lucas Vidaur<\/strong>&nbsp;para su proyecto m\u00e1s personal\u2013 representa para el pop independiente de nuestro pa\u00eds. Joven del Renacimiento, que lo mismo rasca la guitarra en&nbsp;<strong>Axolotes Mexicanos<\/strong>&nbsp;que publica una novela o lanza un pu\u00f1ado de \u00e1lbumes bajo diferentes alias \u2013sin olvidar su paso por grupos <em>under<\/em> malasa\u00f1eros como <strong>Verano<\/strong> o <strong>Saint Clementine<\/strong>\u2013,&nbsp;<strong>Confeti De Odio<\/strong>&nbsp;tiene, por fin, lo que se merece y todos merecemos: su propia fiesta de Halloween.<\/p>\n\n\n\n<p class=\"has-text-align-left wp-block-paragraph\">La carrera de <strong>Lucas<\/strong> como&nbsp;<strong>Confeti de Odio<\/strong>&nbsp; cuenta con un EP \u2013\u201c<em><strong>Llorar de fiesta\u201d<\/strong><\/em>\u2013, un LP \u2013\u201c<em><strong>Tragedia espa\u00f1ola\u201d<\/strong><\/em>\u2013 y un pu\u00f1ado de singles lanzados a la arena digital. Lucas compone canciones que encajan en el molde estil\u00edstico del pop, el punk, la canci\u00f3n de autor y hasta la canci\u00f3n mel\u00f3dica cl\u00e1sica. Y he ah\u00ed su m\u00e9rito: todas ellas cuentan con un sello reconocible, tanto en el aspecto mel\u00f3dico como a la hora de aportar su c\u00ednica mirada sobre el amor, la autoestima o la lucha por la pura supervivencia emocional.<\/p>\n\n\n\n<p class=\"has-text-align-left wp-block-paragraph\">Tras debutar en CAFE LA PALMA en 2021, en plena desescalada pand\u00e9mica, <strong>AMOR L\u00cdQUIDO<\/strong>&nbsp;regresa a nuestro escenario con un proyecto mucho m\u00e1s maduro pero que mantiene el descaro la frescura del primer d\u00eda, de ese sonido org\u00e1nico, crudo y pegadizo que combina la energ\u00eda y el desenfado para hacerte saltar y gritar.<\/p>\n\n\n\n<p class=\"has-text-align-left wp-block-paragraph\">Para completar la fiesta, <strong>Confeti de Odio<\/strong> presenta un <em>afterparty <\/em>a la altura, formado por <em>allstars<\/em> de la escena musical: la diva absoluta del pop punk <strong>OLAYA AXOLOTE<\/strong> a cuatro manos con <strong>DJ CHARRO<\/strong>, 50% de <strong>mi amigo mac<\/strong>; <strong>Luichi Boy<\/strong> y <strong>Toni D<\/strong> de <strong>Cupido<\/strong> en su faceta electr\u00f3nica bajo el paraguas de <strong>LUTO DJS<\/strong>, que tan bien conocemos en esta casa; y por \u00faltimo, el enigm\u00e1tico <strong>SOMBRA DESEO<\/strong>, <em>partner in crime<\/em> de <strong>Confeti de Odio<\/strong> y miembro de su banda.<\/p>\n\n\n\n<p class=\"has-text-align-center wp-block-paragraph\"><strong><em>\u00a1Ven disfrazadX!<\/em><\/strong><\/p>\n<\/div>\n<\/div>\n\n\n\n<div style=\"height:100px\" aria-hidden=\"true\" class=\"wp-block-spacer\"><\/div>\n\n\n\n<hr class=\"wp-block-separator has-alpha-channel-opacity\"\/>\n\n\n\n<div style=\"height:100px\" aria-hidden=\"true\" class=\"wp-block-spacer\"><\/div>\n\n\n<h2 class=\"tribe-block__related-events__title\">Related Events<\/h2>\n\n<ul  class=\"tribe-related-events tribe-clearfix\" >\n\t\t\t<li>\n\t\n<div class=\"tribe-related-events-thumbnail\">\n\t<a href=\"https:\/\/cafelapalma.com\/en\/programacion\/funkin-donuts\/\" class=\"url\" rel=\"bookmark\" tabindex=\"-1\" aria-hidden=\"true\"><img loading=\"lazy\" decoding=\"async\" width=\"693\" height=\"1040\" src=\"https:\/\/cafelapalma.com\/wp-content\/uploads\/2026\/07\/FD-vert2-bn-693x1040.jpg\" class=\"attachment-large size-large wp-post-image\" alt=\"\" \/><\/a>\n<\/div>\n\t<div class=\"tribe-related-event-info\">\n\t<h3 class=\"tribe-related-events-title\">\n\t\t<a href=\"https:\/\/cafelapalma.com\/en\/programacion\/funkin-donuts\/\" class=\"tribe-event-url\" rel=\"bookmark\">\n\t\t\tFUNKIN&#8217; DONUTS\t\t<\/a>\n\t<\/h3>\n\t<span class=\"tribe-event-date-start\">5  September@22:00<\/span><span class=\"tribe-event-time\">23:45<\/span><\/div>\n<\/li>\n\t\t\t<li>\n\t\n<div class=\"tribe-related-events-thumbnail\">\n\t<a href=\"https:\/\/cafelapalma.com\/en\/programacion\/backstage-le-petit-truffle-mayo\/\" class=\"url\" rel=\"bookmark\" tabindex=\"-1\" aria-hidden=\"true\"><img loading=\"lazy\" decoding=\"async\" width=\"780\" height=\"1040\" src=\"https:\/\/cafelapalma.com\/wp-content\/uploads\/2026\/07\/Imagen-TruffleMayo-LePetit-i-1-780x1040.png\" class=\"attachment-large size-large wp-post-image\" alt=\"\" \/><\/a>\n<\/div>\n\t<div class=\"tribe-related-event-info\">\n\t<h3 class=\"tribe-related-events-title\">\n\t\t<a href=\"https:\/\/cafelapalma.com\/en\/programacion\/backstage-le-petit-truffle-mayo\/\" class=\"tribe-event-url\" rel=\"bookmark\">\n\t\t\tBACKSTAGE: LE PETIT + TRUFFLE MAYO\t\t<\/a>\n\t<\/h3>\n\t<span class=\"tribe-event-date-start\">5  September@23:55<\/span><\/div>\n<\/li>\n\t\t\t<li>\n\t\n<div class=\"tribe-related-events-thumbnail\">\n\t<a href=\"https:\/\/cafelapalma.com\/en\/programacion\/willie-deville-concierto-benefico-x-venezuela\/\" class=\"url\" rel=\"bookmark\" tabindex=\"-1\" aria-hidden=\"true\"><img loading=\"lazy\" decoding=\"async\" width=\"1020\" height=\"531\" src=\"https:\/\/cafelapalma.com\/wp-content\/uploads\/2026\/08\/Willie-deville-1100x572-1-1040x541.jpg\" class=\"attachment-large size-large wp-post-image\" alt=\"\" \/><\/a>\n<\/div>\n\t<div class=\"tribe-related-event-info\">\n\t<h3 class=\"tribe-related-events-title\">\n\t\t<a href=\"https:\/\/cafelapalma.com\/en\/programacion\/willie-deville-concierto-benefico-x-venezuela\/\" class=\"tribe-event-url\" rel=\"bookmark\">\n\t\t\tWILLIE DEVILLE: CONCIERTO BEN\u00c9FICO X VENEZUELA\t\t<\/a>\n\t<\/h3>\n\t<span class=\"tribe-event-date-start\">6  September@21:00<\/span><span class=\"tribe-event-time\">23:45<\/span><\/div>\n<\/li>\n\t<\/ul>","protected":false},"excerpt":{"rendered":"<p>No es sencillo resumir en unas l\u00edneas lo que CONFETI DE ODIO \u2013nombre art\u00edstico elegido por&nbsp;Lucas Vidaur&nbsp;para su proyecto m\u00e1s personal\u2013 representa para el pop independiente de nuestro pa\u00eds. Joven del Renacimiento, que lo mismo rasca la guitarra en&nbsp;Axolotes Mexicanos&nbsp;que publica una novela o lanza un pu\u00f1ado de \u00e1lbumes bajo diferentes alias \u2013sin olvidar su &hellip; <\/p>","protected":false},"author":2,"featured_media":27316,"template":"","meta":{"_tec_requires_first_save":false,"_uag_custom_page_level_css":"","loftloader_page_shortcode":"","_EventAllDay":false,"_EventTimezone":"Europe\/Madrid","_EventStartDate":"2023-10-31 21:30:00","_EventEndDate":"2023-10-31 23:45:00","_EventStartDateUTC":"2023-10-31 20:30:00","_EventEndDateUTC":"2023-10-31 22:45:00","_EventShowMap":false,"_EventShowMapLink":false,"_EventURL":"https:\/\/www.passline.com\/eventos\/confeti-de-odio-amor-liquido","_EventCost":"ENTRADAS AGOTADAS","_EventCostDescription":"","_EventCurrencySymbol":"\u20ac","_EventCurrencyCode":"USD","_EventCurrencyPosition":"suffix","_EventDateTimeSeparator":"@","_EventTimeRangeSeparator":"-","_EventOrganizerID":[],"_EventVenueID":[],"_OrganizerEmail":"","_OrganizerPhone":"","_OrganizerWebsite":"","_VenueAddress":"","_VenueCity":"","_VenueCountry":"","_VenueProvince":"","_VenueState":"","_VenueZip":"","_VenuePhone":"","_VenueURL":"","_VenueStateProvince":"","_VenueLat":"","_VenueLng":"","_VenueShowMap":false,"_VenueShowMapLink":false,"_tribe_blocks_recurrence_rules":"","_tribe_blocks_recurrence_description":"","_tribe_blocks_recurrence_exclusions":"","_ecp_custom_2":"","_tribe_events_status":"","_tribe_events_status_reason":"","_tribe_events_is_hybrid":"","_tribe_events_is_virtual":"","_tribe_events_virtual_video_source":"","_tribe_events_virtual_embed_video":"","_tribe_events_virtual_linked_button_text":"","_tribe_events_virtual_linked_button":"","_tribe_events_virtual_show_embed_at":"","_tribe_events_virtual_show_embed_to":[],"_tribe_events_virtual_show_on_event":"","_tribe_events_virtual_show_on_views":"","_tribe_events_virtual_url":"","footnotes":""},"tags":[9189,14438,1363,8869,14439,2865,9147,9146,9739,11628,9801,13294,14445,14442,11625,11624,14441,14447,9873,14437,1355,1481,14449,14444,14440,9410,14448,14446,14443],"tribe_events_cat":[8963],"class_list":["post-27314","tribe_events","type-tribe_events","status-publish","has-post-thumbnail","hentry","tag-amor-liquido","tag-axolotes-mexicanos","tag-cafe-la-palma","tag-cafe-la-palma-2","tag-charro","tag-conciertos-cafe-la-palma","tag-conciertos-madrid","tag-conciertos-malasana","tag-confeti-de-odio","tag-cupido","tag-halloween","tag-las-amigas","tag-llorar-de-fiesta","tag-lucas-vidaur","tag-luichi-boy","tag-luto","tag-mi-amigo-mac","tag-movidas-ardilla","tag-noche-de-halloween","tag-olaya-axolote","tag-pop","tag-punk","tag-rober-smith","tag-saint-clementine","tag-sombra-deseo","tag-sonido-muchacho","tag-the-cure","tag-tragedia-espanola","tag-verano","tribe_events_cat-concierto","cat_concierto"],"uagb_featured_image_src":{"full":["https:\/\/cafelapalma.com\/wp-content\/uploads\/2023\/10\/CONFETI-PIC-LOW.jpg",1707,2560,false],"thumbnail":["https:\/\/cafelapalma.com\/wp-content\/uploads\/2023\/10\/CONFETI-PIC-LOW-150x150.jpg",150,150,true],"medium":["https:\/\/cafelapalma.com\/wp-content\/uploads\/2023\/10\/CONFETI-PIC-LOW-200x300.jpg",200,300,true],"medium_large":["https:\/\/cafelapalma.com\/wp-content\/uploads\/2023\/10\/CONFETI-PIC-LOW-768x1152.jpg",768,1152,true],"large":["https:\/\/cafelapalma.com\/wp-content\/uploads\/2023\/10\/CONFETI-PIC-LOW-693x1040.jpg",693,1040,true],"1536x1536":["https:\/\/cafelapalma.com\/wp-content\/uploads\/2023\/10\/CONFETI-PIC-LOW-1024x1536.jpg",1024,1536,true],"2048x2048":["https:\/\/cafelapalma.com\/wp-content\/uploads\/2023\/10\/CONFETI-PIC-LOW-1366x2048.jpg",1366,2048,true],"trp-custom-language-flag":["https:\/\/cafelapalma.com\/wp-content\/uploads\/2023\/10\/CONFETI-PIC-LOW.jpg",8,12,false],"blossom-feminine-slider":["https:\/\/cafelapalma.com\/wp-content\/uploads\/2023\/10\/CONFETI-PIC-LOW-1707x649.jpg",1707,649,true],"blossom-feminine-featured":["https:\/\/cafelapalma.com\/wp-content\/uploads\/2023\/10\/CONFETI-PIC-LOW-1410x600.jpg",1410,600,true],"blossom-feminine-with-sidebar":["https:\/\/cafelapalma.com\/wp-content\/uploads\/2023\/10\/CONFETI-PIC-LOW-1020x600.jpg",1020,600,true],"blossom-feminine-blog":["https:\/\/cafelapalma.com\/wp-content\/uploads\/2023\/10\/CONFETI-PIC-LOW-435x435.jpg",435,435,true],"blossom-feminine-cat":["https:\/\/cafelapalma.com\/wp-content\/uploads\/2023\/10\/CONFETI-PIC-LOW-450x300.jpg",450,300,true],"blossom-feminine-related":["https:\/\/cafelapalma.com\/wp-content\/uploads\/2023\/10\/CONFETI-PIC-LOW-320x200.jpg",320,200,true],"blossom-feminine-schema":["https:\/\/cafelapalma.com\/wp-content\/uploads\/2023\/10\/CONFETI-PIC-LOW-40x60.jpg",40,60,true]},"uagb_author_info":{"display_name":"Victor","author_link":"https:\/\/cafelapalma.com\/en\/author\/comunicacion\/"},"uagb_comment_info":0,"uagb_excerpt":"No es sencillo resumir en unas l\u00edneas lo que CONFETI DE ODIO \u2013nombre art\u00edstico elegido por&nbsp;Lucas Vidaur&nbsp;para su proyecto m\u00e1s personal\u2013 representa para el pop independiente de nuestro pa\u00eds. Joven del Renacimiento, que lo mismo rasca la guitarra en&nbsp;Axolotes Mexicanos&nbsp;que publica una novela o lanza un pu\u00f1ado de \u00e1lbumes bajo diferentes alias \u2013sin olvidar su&hellip;","_links":{"self":[{"href":"https:\/\/cafelapalma.com\/en\/wp-json\/wp\/v2\/tribe_events\/27314","targetHints":{"allow":["GET"]}}],"collection":[{"href":"https:\/\/cafelapalma.com\/en\/wp-json\/wp\/v2\/tribe_events"}],"about":[{"href":"https:\/\/cafelapalma.com\/en\/wp-json\/wp\/v2\/types\/tribe_events"}],"author":[{"embeddable":true,"href":"https:\/\/cafelapalma.com\/en\/wp-json\/wp\/v2\/users\/2"}],"version-history":[{"count":0,"href":"https:\/\/cafelapalma.com\/en\/wp-json\/wp\/v2\/tribe_events\/27314\/revisions"}],"wp:featuredmedia":[{"embeddable":true,"href":"https:\/\/cafelapalma.com\/en\/wp-json\/wp\/v2\/media\/27316"}],"wp:attachment":[{"href":"https:\/\/cafelapalma.com\/en\/wp-json\/wp\/v2\/media?parent=27314"}],"wp:term":[{"taxonomy":"post_tag","embeddable":true,"href":"https:\/\/cafelapalma.com\/en\/wp-json\/wp\/v2\/tags?post=27314"},{"taxonomy":"tribe_events_cat","embeddable":true,"href":"https:\/\/cafelapalma.com\/en\/wp-json\/wp\/v2\/tribe_events_cat?post=27314"}],"curies":[{"name":"wp","href":"https:\/\/api.w.org\/{rel}","templated":true}]}}