{"id":27322,"date":"2023-10-03T13:13:02","date_gmt":"2023-10-03T11:13:02","guid":{"rendered":"https:\/\/cafelapalma.com\/?post_type=tribe_events&#038;p=27322"},"modified":"2023-10-03T13:13:05","modified_gmt":"2023-10-03T11:13:05","slug":"el-mukuka-hd-substance","status":"publish","type":"tribe_events","link":"https:\/\/cafelapalma.com\/en\/programacion\/el-mukuka-hd-substance\/","title":{"rendered":"EL MUKUKA + HD SUBSTANCE"},"content":{"rendered":"<div  class=\"tribe-events-schedule tribe-clearfix\" >\n\t<p class=\"tribe-events-schedule__datetime\">\n\t\t<span class=\"tribe-events-schedule__date tribe-events-schedule__date--start\">\n\t\t\t27  October  2023\t\t<\/span>\n\n\t\t\t\t\t<span class=\"tribe-events-schedule__separator tribe-events-schedule__separator--date\">\n\t\t\t\t@\t\t\t<\/span>\n\t\t\t<span class=\"tribe-events-schedule__time tribe-events-schedule__time--start\">\n\t\t\t\t23:50\t\t\t<\/span>\n\t\t\n\t\t\t\t\t\t\t\t\t<span class=\"tribe-events-schedule__separator tribe-events-schedule__separator--time\">\n\t\t\t\t\t&#8211;\t\t\t\t<\/span>\n\t\t\t\n\t\t\t\t\t\t\t<span class=\"tribe-events-schedule__time tribe-events-schedule__time--end\">\n\t\t\t\t\t23:55\t\t\t\t<\/span>\n\t\t\t\n\t\t\t\t\t\t<\/p>\n<\/div>\n\n\n<div  class=\"tribe-block tribe-block__event-price\" >\n\t\t\t<span class=\"tribe-block__event-price__cost\"> 11\u20ac <\/span>\n\t\t\t\t<span class=\"tribe-block__event-price__description\">+ gg Anticipada | 12\u20ac Taquilla de 00:00 a 02:00 + UNA COPA o DOS DOBLES | 14\u20ac Taquilla de 02:00 a 06:00 + CONSUMICI\u00d3N<\/span>\n\t<\/div>\n\n\n\n<div style=\"height:100px\" aria-hidden=\"true\" class=\"wp-block-spacer\"><\/div>\n\n\n\n<div class=\"wp-block-columns is-layout-flex wp-container-core-columns-is-layout-8f761849 wp-block-columns-is-layout-flex\">\n<div class=\"wp-block-column is-layout-flow wp-block-column-is-layout-flow\" style=\"flex-basis:33.33%\">\n<figure class=\"wp-block-image size-large\"><img loading=\"lazy\" decoding=\"async\" width=\"743\" height=\"1040\" src=\"https:\/\/cafelapalma.com\/wp-content\/uploads\/2023\/10\/EL-MUKUKA-A3-LOW-743x1040.jpg\" alt=\"\" class=\"wp-image-27323\" srcset=\"https:\/\/cafelapalma.com\/wp-content\/uploads\/2023\/10\/EL-MUKUKA-A3-LOW-743x1040.jpg 743w, https:\/\/cafelapalma.com\/wp-content\/uploads\/2023\/10\/EL-MUKUKA-A3-LOW-214x300.jpg 214w, https:\/\/cafelapalma.com\/wp-content\/uploads\/2023\/10\/EL-MUKUKA-A3-LOW-768x1076.jpg 768w, https:\/\/cafelapalma.com\/wp-content\/uploads\/2023\/10\/EL-MUKUKA-A3-LOW-1097x1536.jpg 1097w, https:\/\/cafelapalma.com\/wp-content\/uploads\/2023\/10\/EL-MUKUKA-A3-LOW-43x60.jpg 43w, https:\/\/cafelapalma.com\/wp-content\/uploads\/2023\/10\/EL-MUKUKA-A3-LOW.jpg 1181w\" sizes=\"auto, (max-width: 743px) 100vw, 743px\" \/><\/figure>\n\n\n<div  class=\"tribe-block tribe-block__event-website\" >\n\t<a\n\t\thref=\"https:\/\/www.passline.com\/eventos\/el-mukuka-hd-substance\"\n\t\ttarget=\"_self\"\n\t\t\t>\n\t\tBUY TICKETS\t<\/a>\n<\/div>\n<\/div>\n\n\n\n<div class=\"wp-block-column is-layout-flow wp-block-column-is-layout-flow\" style=\"flex-basis:66.66%\">\n<p class=\"wp-block-paragraph\"><\/p>\n\n\n\n<p class=\"has-text-align-left wp-block-paragraph\">Tras haberse hecho un hueco entre la m\u00fasica dance convencional y la underground, <strong>Eleftherios Mukuka<\/strong> es una historia inusual. Nacido en <strong>Lusaka<\/strong>, <strong>Zambia<\/strong>, de madre griega y padre zambiano, su aprecio y el amor por dos culturas tan diversas no solo enriquecieron su identidad sino que tambi\u00e9n lo inspiraron profundamente. Estrella africana en ascenso y ex alumno del <strong>Berklee College of Music<\/strong> es conocido por fusionar elementos de m\u00fasica tradicional africana con deep house y pop occidentales. <strong>EL MUKUKA<\/strong> ha actuado en m\u00e1s de una docena de pa\u00edses alrededor del mundo y en los escenarios de festivales de m\u00fasica dance m\u00e1s grandes de <strong>\u00c1frica <\/strong>como el <strong>Ultra Music Festival<\/strong> y el <strong>Corona Sunsets<\/strong> de <strong>Sud\u00e1frica<\/strong>, el <strong>Vic Falls Carnival<\/strong> y muchos m\u00e1s.<\/p>\n\n\n\n<p class=\"has-text-align-left wp-block-paragraph\"><strong>El Mukuka<\/strong> cuenta con varios lanzamientos en algunos de los sellos m\u00e1s destacados de la escena de la m\u00fasica dance y en 2020 firm\u00f3 un contrato con el sello discogr\u00e1fico de peso pesado <strong>Ultra Records<\/strong>. Con su carrera internacional en auge y la creciente demanda en <strong>Europa<\/strong>, <strong>El Mukuka<\/strong> se traslad\u00f3 a <strong>Espa\u00f1a <\/strong>en principios de 2022, donde reside actualmente.<\/p>\n\n\n\n<p class=\"has-text-align-left wp-block-paragraph\">Casi una d\u00e9cada despu\u00e9s, <strong>HD SUBSTANCE<\/strong>, el m\u00edtico productor y Dj con residencia fija en <strong>CAFE LA PALMA<\/strong> a principio de los dosmiles, regresa por fin a nuestra cabina. Un <em>remember <\/em>por aclamaci\u00f3n popular: bien de deep y tech para elevar de nuevo el house y la electr\u00f3nica oscura -pero con bien de groove- a los altares de nuestro templo.<\/p>\n<\/div>\n<\/div>\n\n\n\n<div style=\"height:100px\" aria-hidden=\"true\" class=\"wp-block-spacer\"><\/div>\n\n\n\n<hr class=\"wp-block-separator has-alpha-channel-opacity\"\/>\n\n\n\n<div style=\"height:100px\" aria-hidden=\"true\" class=\"wp-block-spacer\"><\/div>\n\n\n<h2 class=\"tribe-block__related-events__title\">Related Events<\/h2>\n\n<ul  class=\"tribe-related-events tribe-clearfix\" >\n\t\t\t<li>\n\t\n<div class=\"tribe-related-events-thumbnail\">\n\t<a href=\"https:\/\/cafelapalma.com\/en\/programacion\/funkin-donuts\/\" class=\"url\" rel=\"bookmark\" tabindex=\"-1\" aria-hidden=\"true\"><img loading=\"lazy\" decoding=\"async\" width=\"693\" height=\"1040\" src=\"https:\/\/cafelapalma.com\/wp-content\/uploads\/2026\/07\/FD-vert2-bn-693x1040.jpg\" class=\"attachment-large size-large wp-post-image\" alt=\"\" \/><\/a>\n<\/div>\n\t<div class=\"tribe-related-event-info\">\n\t<h3 class=\"tribe-related-events-title\">\n\t\t<a href=\"https:\/\/cafelapalma.com\/en\/programacion\/funkin-donuts\/\" class=\"tribe-event-url\" rel=\"bookmark\">\n\t\t\tFUNKIN&#8217; DONUTS\t\t<\/a>\n\t<\/h3>\n\t<span class=\"tribe-event-date-start\">5  September@22:00<\/span><span class=\"tribe-event-time\">23:45<\/span><\/div>\n<\/li>\n\t\t\t<li>\n\t\n<div class=\"tribe-related-events-thumbnail\">\n\t<a href=\"https:\/\/cafelapalma.com\/en\/programacion\/backstage-le-petit-truffle-mayo\/\" class=\"url\" rel=\"bookmark\" tabindex=\"-1\" aria-hidden=\"true\"><img loading=\"lazy\" decoding=\"async\" width=\"780\" height=\"1040\" src=\"https:\/\/cafelapalma.com\/wp-content\/uploads\/2026\/07\/Imagen-TruffleMayo-LePetit-i-1-780x1040.png\" class=\"attachment-large size-large wp-post-image\" alt=\"\" \/><\/a>\n<\/div>\n\t<div class=\"tribe-related-event-info\">\n\t<h3 class=\"tribe-related-events-title\">\n\t\t<a href=\"https:\/\/cafelapalma.com\/en\/programacion\/backstage-le-petit-truffle-mayo\/\" class=\"tribe-event-url\" rel=\"bookmark\">\n\t\t\tBACKSTAGE: LE PETIT + TRUFFLE MAYO\t\t<\/a>\n\t<\/h3>\n\t<span class=\"tribe-event-date-start\">5  September@23:55<\/span><\/div>\n<\/li>\n\t\t\t<li>\n\t\n<div class=\"tribe-related-events-thumbnail\">\n\t<a href=\"https:\/\/cafelapalma.com\/en\/programacion\/willie-deville-concierto-benefico-x-venezuela\/\" class=\"url\" rel=\"bookmark\" tabindex=\"-1\" aria-hidden=\"true\"><img loading=\"lazy\" decoding=\"async\" width=\"1020\" height=\"531\" src=\"https:\/\/cafelapalma.com\/wp-content\/uploads\/2026\/08\/Willie-deville-1100x572-1-1040x541.jpg\" class=\"attachment-large size-large wp-post-image\" alt=\"\" \/><\/a>\n<\/div>\n\t<div class=\"tribe-related-event-info\">\n\t<h3 class=\"tribe-related-events-title\">\n\t\t<a href=\"https:\/\/cafelapalma.com\/en\/programacion\/willie-deville-concierto-benefico-x-venezuela\/\" class=\"tribe-event-url\" rel=\"bookmark\">\n\t\t\tWILLIE DEVILLE: CONCIERTO BEN\u00c9FICO X VENEZUELA\t\t<\/a>\n\t<\/h3>\n\t<span class=\"tribe-event-date-start\">6  September@21:00<\/span><span class=\"tribe-event-time\">23:45<\/span><\/div>\n<\/li>\n\t<\/ul>","protected":false},"excerpt":{"rendered":"<p>Tras haberse hecho un hueco entre la m\u00fasica dance convencional y la underground, Eleftherios Mukuka es una historia inusual. Nacido en Lusaka, Zambia, de madre griega y padre zambiano, su aprecio y el amor por dos culturas tan diversas no solo enriquecieron su identidad sino que tambi\u00e9n lo inspiraron profundamente. Estrella africana en ascenso y &hellip; <\/p>","protected":false},"author":2,"featured_media":27324,"template":"","meta":{"_tec_requires_first_save":false,"_uag_custom_page_level_css":"","loftloader_page_shortcode":"","_EventAllDay":false,"_EventTimezone":"Europe\/Madrid","_EventStartDate":"2023-10-27 23:50:00","_EventEndDate":"2023-10-27 23:55:00","_EventStartDateUTC":"2023-10-27 21:50:00","_EventEndDateUTC":"2023-10-27 21:55:00","_EventShowMap":false,"_EventShowMapLink":false,"_EventURL":"https:\/\/www.passline.com\/eventos\/el-mukuka-hd-substance","_EventCost":"11","_EventCostDescription":"","_EventCurrencySymbol":"\u20ac","_EventCurrencyCode":"USD","_EventCurrencyPosition":"suffix","_EventDateTimeSeparator":"@","_EventTimeRangeSeparator":"-","_EventOrganizerID":[],"_EventVenueID":[],"_OrganizerEmail":"","_OrganizerPhone":"","_OrganizerWebsite":"","_VenueAddress":"","_VenueCity":"","_VenueCountry":"","_VenueProvince":"","_VenueState":"","_VenueZip":"","_VenuePhone":"","_VenueURL":"","_VenueStateProvince":"","_VenueLat":"","_VenueLng":"","_VenueShowMap":false,"_VenueShowMapLink":false,"_tribe_blocks_recurrence_rules":"","_tribe_blocks_recurrence_description":"","_tribe_blocks_recurrence_exclusions":"","_ecp_custom_2":"","_tribe_events_status":"","_tribe_events_status_reason":"","_tribe_events_is_hybrid":"","_tribe_events_is_virtual":"","_tribe_events_virtual_video_source":"","_tribe_events_virtual_embed_video":"","_tribe_events_virtual_linked_button_text":"","_tribe_events_virtual_linked_button":"","_tribe_events_virtual_show_embed_at":"","_tribe_events_virtual_show_embed_to":[],"_tribe_events_virtual_show_on_event":"","_tribe_events_virtual_show_on_views":"","_tribe_events_virtual_url":"","footnotes":""},"tags":[11443,10542,11427,8869,1363,9225,9557,9226,9227,14451,1357,14453,14213,9309,14454,10098,776,14456,14455],"tribe_events_cat":[8964],"class_list":["post-27322","tribe_events","type-tribe_events","status-publish","has-post-thumbnail","hentry","tag-afro-beats","tag-afro-house","tag-berklee-college-of-music","tag-cafe-la-palma-2","tag-cafe-la-palma","tag-cafe-la-palma-clubbing","tag-deep-house","tag-djs-madrid","tag-djs-malasana","tag-el-mukuka","tag-electronica","tag-eleftherios-mukuka","tag-hd-substance","tag-house","tag-lusaka","tag-random-club","tag-techno","tag-ultra-records","tag-zambia","tribe_events_cat-clubbing","cat_clubbing"],"uagb_featured_image_src":{"full":["https:\/\/cafelapalma.com\/wp-content\/uploads\/2023\/10\/El-Mukuka-lowpic-scaled.jpg",2057,3000,false],"thumbnail":["https:\/\/cafelapalma.com\/wp-content\/uploads\/2023\/10\/El-Mukuka-lowpic-150x150.jpg",150,150,true],"medium":["https:\/\/cafelapalma.com\/wp-content\/uploads\/2023\/10\/El-Mukuka-lowpic-206x300.jpg",206,300,true],"medium_large":["https:\/\/cafelapalma.com\/wp-content\/uploads\/2023\/10\/El-Mukuka-lowpic-768x1120.jpg",768,1120,true],"large":["https:\/\/cafelapalma.com\/wp-content\/uploads\/2023\/10\/El-Mukuka-lowpic-713x1040.jpg",713,1040,true],"1536x1536":["https:\/\/cafelapalma.com\/wp-content\/uploads\/2023\/10\/El-Mukuka-lowpic-1053x1536.jpg",1053,1536,true],"2048x2048":["https:\/\/cafelapalma.com\/wp-content\/uploads\/2023\/10\/El-Mukuka-lowpic-1405x2048.jpg",1405,2048,true],"trp-custom-language-flag":["https:\/\/cafelapalma.com\/wp-content\/uploads\/2023\/10\/El-Mukuka-lowpic-scaled.jpg",8,12,false],"blossom-feminine-slider":["https:\/\/cafelapalma.com\/wp-content\/uploads\/2023\/10\/El-Mukuka-lowpic-1920x649.jpg",1920,649,true],"blossom-feminine-featured":["https:\/\/cafelapalma.com\/wp-content\/uploads\/2023\/10\/El-Mukuka-lowpic-1410x600.jpg",1410,600,true],"blossom-feminine-with-sidebar":["https:\/\/cafelapalma.com\/wp-content\/uploads\/2023\/10\/El-Mukuka-lowpic-1020x600.jpg",1020,600,true],"blossom-feminine-blog":["https:\/\/cafelapalma.com\/wp-content\/uploads\/2023\/10\/El-Mukuka-lowpic-435x435.jpg",435,435,true],"blossom-feminine-cat":["https:\/\/cafelapalma.com\/wp-content\/uploads\/2023\/10\/El-Mukuka-lowpic-450x300.jpg",450,300,true],"blossom-feminine-related":["https:\/\/cafelapalma.com\/wp-content\/uploads\/2023\/10\/El-Mukuka-lowpic-320x200.jpg",320,200,true],"blossom-feminine-schema":["https:\/\/cafelapalma.com\/wp-content\/uploads\/2023\/10\/El-Mukuka-lowpic-41x60.jpg",41,60,true]},"uagb_author_info":{"display_name":"Victor","author_link":"https:\/\/cafelapalma.com\/en\/author\/comunicacion\/"},"uagb_comment_info":0,"uagb_excerpt":"Tras haberse hecho un hueco entre la m\u00fasica dance convencional y la underground, Eleftherios Mukuka es una historia inusual. Nacido en Lusaka, Zambia, de madre griega y padre zambiano, su aprecio y el amor por dos culturas tan diversas no solo enriquecieron su identidad sino que tambi\u00e9n lo inspiraron profundamente. Estrella africana en ascenso y&hellip;","_links":{"self":[{"href":"https:\/\/cafelapalma.com\/en\/wp-json\/wp\/v2\/tribe_events\/27322","targetHints":{"allow":["GET"]}}],"collection":[{"href":"https:\/\/cafelapalma.com\/en\/wp-json\/wp\/v2\/tribe_events"}],"about":[{"href":"https:\/\/cafelapalma.com\/en\/wp-json\/wp\/v2\/types\/tribe_events"}],"author":[{"embeddable":true,"href":"https:\/\/cafelapalma.com\/en\/wp-json\/wp\/v2\/users\/2"}],"version-history":[{"count":0,"href":"https:\/\/cafelapalma.com\/en\/wp-json\/wp\/v2\/tribe_events\/27322\/revisions"}],"wp:featuredmedia":[{"embeddable":true,"href":"https:\/\/cafelapalma.com\/en\/wp-json\/wp\/v2\/media\/27324"}],"wp:attachment":[{"href":"https:\/\/cafelapalma.com\/en\/wp-json\/wp\/v2\/media?parent=27322"}],"wp:term":[{"taxonomy":"post_tag","embeddable":true,"href":"https:\/\/cafelapalma.com\/en\/wp-json\/wp\/v2\/tags?post=27322"},{"taxonomy":"tribe_events_cat","embeddable":true,"href":"https:\/\/cafelapalma.com\/en\/wp-json\/wp\/v2\/tribe_events_cat?post=27322"}],"curies":[{"name":"wp","href":"https:\/\/api.w.org\/{rel}","templated":true}]}}