{"id":27326,"date":"2023-10-03T19:33:39","date_gmt":"2023-10-03T17:33:39","guid":{"rendered":"https:\/\/cafelapalma.com\/?post_type=tribe_events&#038;p=27326"},"modified":"2023-10-03T19:33:43","modified_gmt":"2023-10-03T17:33:43","slug":"mobzz-presenta-julia-cry-sin-h-sadd-mortt","status":"publish","type":"tribe_events","link":"https:\/\/cafelapalma.com\/en\/programacion\/mobzz-presenta-julia-cry-sin-h-sadd-mortt\/","title":{"rendered":"JULIA CRY + SIN H + SADD MORTT"},"content":{"rendered":"<div  class=\"tribe-events-schedule tribe-clearfix\" >\n\t<p class=\"tribe-events-schedule__datetime\">\n\t\t<span class=\"tribe-events-schedule__date tribe-events-schedule__date--start\">\n\t\t\t10  November  2023\t\t<\/span>\n\n\t\t\t\t\t<span class=\"tribe-events-schedule__separator tribe-events-schedule__separator--date\">\n\t\t\t\t@\t\t\t<\/span>\n\t\t\t<span class=\"tribe-events-schedule__time tribe-events-schedule__time--start\">\n\t\t\t\t21:00\t\t\t<\/span>\n\t\t\n\t\t\t\t\t\t\t\t\t<span class=\"tribe-events-schedule__separator tribe-events-schedule__separator--time\">\n\t\t\t\t\t&#8211;\t\t\t\t<\/span>\n\t\t\t\n\t\t\t\t\t\t\t<span class=\"tribe-events-schedule__time tribe-events-schedule__time--end\">\n\t\t\t\t\t23:45\t\t\t\t<\/span>\n\t\t\t\n\t\t\t\t\t\t<\/p>\n<\/div>\n\n\n<div  class=\"tribe-block tribe-block__event-price\" >\n\t\t\t<span class=\"tribe-block__event-price__cost\"> 10\u20ac <\/span>\n\t\t\t\t<span class=\"tribe-block__event-price__description\">+ gg Anticipada | 15\u20ac Taquilla [ Incluye DOBLE DE CERVEZA o REFRESCO ]<\/span>\n\t<\/div>\n\n\n\n<div style=\"height:100px\" aria-hidden=\"true\" class=\"wp-block-spacer\"><\/div>\n\n\n\n<div class=\"wp-block-columns is-layout-flex wp-container-core-columns-is-layout-8f761849 wp-block-columns-is-layout-flex\">\n<div class=\"wp-block-column is-layout-flow wp-block-column-is-layout-flow\" style=\"flex-basis:33.33%\">\n<figure class=\"wp-block-image size-full\"><img loading=\"lazy\" decoding=\"async\" width=\"297\" height=\"420\" src=\"https:\/\/cafelapalma.com\/wp-content\/uploads\/2023\/10\/MOBZZ-NOVIEMBRE.jpg\" alt=\"\" class=\"wp-image-27327\" srcset=\"https:\/\/cafelapalma.com\/wp-content\/uploads\/2023\/10\/MOBZZ-NOVIEMBRE.jpg 297w, https:\/\/cafelapalma.com\/wp-content\/uploads\/2023\/10\/MOBZZ-NOVIEMBRE-212x300.jpg 212w, https:\/\/cafelapalma.com\/wp-content\/uploads\/2023\/10\/MOBZZ-NOVIEMBRE-42x60.jpg 42w\" sizes=\"auto, (max-width: 297px) 100vw, 297px\" \/><\/figure>\n\n\n<div  class=\"tribe-block tribe-block__event-website\" >\n\t<a\n\t\thref=\"https:\/\/mobbz.compralaentrada.com\/eventos\/8125\/7864\"\n\t\ttarget=\"_self\"\n\t\t\t>\n\t\tCOMPRAR ENTRADAS\t<\/a>\n<\/div>\n<\/div>\n\n\n\n<div class=\"wp-block-column is-layout-flow wp-block-column-is-layout-flow\" style=\"flex-basis:66.66%\">\n<p class=\"wp-block-paragraph\"><\/p>\n\n\n\n<p class=\"has-text-align-left wp-block-paragraph\">En apenas dos a\u00f1os, <strong>JULIA CRY<\/strong> ha pasado de componer en casa a subirse a escenarios de festivales. En 2022, lanza <strong><em>\u201cElemental\u201d<\/em><\/strong>, su primer EP. Con solo cuatro canciones <strong>Julia Cry<\/strong> proyecta una solidez compositiva y una madurez como artista poco com\u00fan para una joven de apenas veinte a\u00f1os, lo que la convierte en una artista con claras influencias de la m\u00fasica urbana, del afro o incluso de jazz, demostrando una solvencia fuera de lo com\u00fan para que este eclecticismo eleve sus canciones al mainstream. Canciones como <strong><em>\u201cSin Ti\u201d<\/em><\/strong>, <strong><em>\u201cCity\u201d<\/em><\/strong> o <strong><em>\u201cLa escuela\u201d<\/em><\/strong> superan las 800.000 escuchas en plataformas digitales. A final de a\u00f1o lanzar\u00e1 su primer disco, <strong><em>\u201cINSISTO\u201d<\/em><\/strong>.<\/p>\n\n\n\n<p class=\"has-text-align-left wp-block-paragraph\"><strong>SIN H <\/strong>es uno de los m\u00e1ximos exponentes de la escuela murciana. Ha girado por media <strong>Espa\u00f1a <\/strong>acompa\u00f1ando a grandes referentes como <strong>Piezas<\/strong>, <strong>Foyone <\/strong>y <strong>Capaz<\/strong>, teniendo una gran acogida solo con un largo tracklist de temas sueltos y colaboraciones. Sus letras profundas y la espesa barba le definen.\u00a0Junto a <strong>Jaro Cristo<\/strong> conforman <strong>El Blues de los Ahogados<\/strong> y <strong>The Boys of Void<\/strong> y junto a <strong>Blvck Gvto<\/strong>, <strong>Shinai<\/strong>. Es miembro de <strong>Eterno Invierno<\/strong> y actualmente componente del grupo <strong>Murcia Finest<\/strong>.<\/p>\n\n\n\n<p class=\"has-text-align-left wp-block-paragraph\"><strong>Sadd Mortt<\/strong> y <strong>Sergi Hanami<\/strong> son dos artistazos murcianos que hacen m\u00fasica juntos desde hace m\u00e1s de una d\u00e9cada. Se mueven entre el pop, el R&#8217;n&#8217;B y el rap, algo que podemos comprobar en su \u00faltimo trabajo <strong><em>\u00abIt&#8217;s\u00a0always sunny\u00a0in Murcia\u00bb<\/em><\/strong>, lanzado en verano de 2023.<\/p>\n<\/div>\n<\/div>\n\n\n\n<div style=\"height:100px\" aria-hidden=\"true\" class=\"wp-block-spacer\"><\/div>\n\n\n\n<hr class=\"wp-block-separator has-alpha-channel-opacity\"\/>\n\n\n\n<div style=\"height:100px\" aria-hidden=\"true\" class=\"wp-block-spacer\"><\/div>\n\n\n<h2 class=\"tribe-block__related-events__title\">Related Events<\/h2>\n\n<ul  class=\"tribe-related-events tribe-clearfix\" >\n\t\t\t<li>\n\t\n<div class=\"tribe-related-events-thumbnail\">\n\t<a href=\"https:\/\/cafelapalma.com\/en\/programacion\/funkin-donuts\/\" class=\"url\" rel=\"bookmark\" tabindex=\"-1\" aria-hidden=\"true\"><img loading=\"lazy\" decoding=\"async\" width=\"693\" height=\"1040\" src=\"https:\/\/cafelapalma.com\/wp-content\/uploads\/2026\/07\/FD-vert2-bn-693x1040.jpg\" class=\"attachment-large size-large wp-post-image\" alt=\"\" \/><\/a>\n<\/div>\n\t<div class=\"tribe-related-event-info\">\n\t<h3 class=\"tribe-related-events-title\">\n\t\t<a href=\"https:\/\/cafelapalma.com\/en\/programacion\/funkin-donuts\/\" class=\"tribe-event-url\" rel=\"bookmark\">\n\t\t\tFUNKIN&#8217; DONUTS\t\t<\/a>\n\t<\/h3>\n\t<span class=\"tribe-event-date-start\">5  September@22:00<\/span><span class=\"tribe-event-time\">23:45<\/span><\/div>\n<\/li>\n\t\t\t<li>\n\t\n<div class=\"tribe-related-events-thumbnail\">\n\t<a href=\"https:\/\/cafelapalma.com\/en\/programacion\/backstage-le-petit-truffle-mayo\/\" class=\"url\" rel=\"bookmark\" tabindex=\"-1\" aria-hidden=\"true\"><img loading=\"lazy\" decoding=\"async\" width=\"780\" height=\"1040\" src=\"https:\/\/cafelapalma.com\/wp-content\/uploads\/2026\/07\/Imagen-TruffleMayo-LePetit-i-1-780x1040.png\" class=\"attachment-large size-large wp-post-image\" alt=\"\" \/><\/a>\n<\/div>\n\t<div class=\"tribe-related-event-info\">\n\t<h3 class=\"tribe-related-events-title\">\n\t\t<a href=\"https:\/\/cafelapalma.com\/en\/programacion\/backstage-le-petit-truffle-mayo\/\" class=\"tribe-event-url\" rel=\"bookmark\">\n\t\t\tBACKSTAGE: LE PETIT + TRUFFLE MAYO\t\t<\/a>\n\t<\/h3>\n\t<span class=\"tribe-event-date-start\">5  September@23:55<\/span><\/div>\n<\/li>\n\t\t\t<li>\n\t\n<div class=\"tribe-related-events-thumbnail\">\n\t<a href=\"https:\/\/cafelapalma.com\/en\/programacion\/willie-deville-concierto-benefico-x-venezuela\/\" class=\"url\" rel=\"bookmark\" tabindex=\"-1\" aria-hidden=\"true\"><img loading=\"lazy\" decoding=\"async\" width=\"1020\" height=\"531\" src=\"https:\/\/cafelapalma.com\/wp-content\/uploads\/2026\/08\/Willie-deville-1100x572-1-1040x541.jpg\" class=\"attachment-large size-large wp-post-image\" alt=\"\" \/><\/a>\n<\/div>\n\t<div class=\"tribe-related-event-info\">\n\t<h3 class=\"tribe-related-events-title\">\n\t\t<a href=\"https:\/\/cafelapalma.com\/en\/programacion\/willie-deville-concierto-benefico-x-venezuela\/\" class=\"tribe-event-url\" rel=\"bookmark\">\n\t\t\tWILLIE DEVILLE: CONCIERTO BEN\u00c9FICO X VENEZUELA\t\t<\/a>\n\t<\/h3>\n\t<span class=\"tribe-event-date-start\">6  September@21:00<\/span><span class=\"tribe-event-time\">23:45<\/span><\/div>\n<\/li>\n\t<\/ul>\n","protected":false},"excerpt":{"rendered":"<p>En apenas dos a\u00f1os, JULIA CRY ha pasado de componer en casa a subirse a escenarios de festivales. En 2022, lanza \u201cElemental\u201d, su primer EP. Con solo cuatro canciones Julia Cry proyecta una solidez compositiva y una madurez como artista poco com\u00fan para una joven de apenas veinte a\u00f1os, lo que la convierte en una &hellip; <\/p>","protected":false},"author":2,"featured_media":27328,"template":"","meta":{"_tec_requires_first_save":false,"_uag_custom_page_level_css":"","loftloader_page_shortcode":"","_EventAllDay":false,"_EventTimezone":"Europe\/Madrid","_EventStartDate":"2023-11-10 21:00:00","_EventEndDate":"2023-11-10 23:45:00","_EventStartDateUTC":"2023-11-10 20:00:00","_EventEndDateUTC":"2023-11-10 22:45:00","_EventShowMap":false,"_EventShowMapLink":false,"_EventURL":"https:\/\/mobbz.compralaentrada.com\/eventos\/8125\/7864","_EventCost":"10","_EventCostDescription":"","_EventCurrencySymbol":"\u20ac","_EventCurrencyCode":"USD","_EventCurrencyPosition":"suffix","_EventDateTimeSeparator":"@","_EventTimeRangeSeparator":"-","_EventOrganizerID":[],"_EventVenueID":[],"_OrganizerEmail":"","_OrganizerPhone":"","_OrganizerWebsite":"","_VenueAddress":"","_VenueCity":"","_VenueCountry":"","_VenueProvince":"","_VenueState":"","_VenueZip":"","_VenuePhone":"","_VenueURL":"","_VenueStateProvince":"","_VenueLat":"","_VenueLng":"","_VenueShowMap":false,"_VenueShowMapLink":false,"_tribe_blocks_recurrence_rules":"","_tribe_blocks_recurrence_description":"","_tribe_blocks_recurrence_exclusions":"","_ecp_custom_2":"","_tribe_events_status":"","_tribe_events_status_reason":"","_tribe_events_is_hybrid":"","_tribe_events_is_virtual":"","_tribe_events_virtual_video_source":"","_tribe_events_virtual_embed_video":"","_tribe_events_virtual_linked_button_text":"","_tribe_events_virtual_linked_button":"","_tribe_events_virtual_show_embed_at":"","_tribe_events_virtual_show_embed_to":[],"_tribe_events_virtual_show_on_event":"","_tribe_events_virtual_show_on_views":"","_tribe_events_virtual_url":"","footnotes":""},"tags":[14471,1363,14467,14463,2865,9147,9146,14469,1357,14461,14473,779,2396,14465,14477,14468,777,14458,14459,14464,14457,10714,12847,9413,12850,1355,9630,2395,14460,14474,14472,12857,14462,14470,9349],"tribe_events_cat":[8963],"class_list":["post-27326","tribe_events","type-tribe_events","status-publish","has-post-thumbnail","hentry","tag-blvck-gvto","tag-cafe-la-palma","tag-capaz","tag-city","tag-conciertos-cafe-la-palma","tag-conciertos-madrid","tag-conciertos-malasana","tag-el-blues-de-los-ahogados","tag-electronica","tag-elemental","tag-eterno-invierno","tag-funk","tag-hip-hop","tag-insisto","tag-its-always-sunny-in-murcia","tag-jaro-cristo","tag-jazz","tag-jorge-zurdo","tag-julia-cry","tag-la-escuela","tag-mobbz","tag-murcia","tag-murcia-finest","tag-musica-urbana","tag-piezas","tag-pop","tag-rnb","tag-rap","tag-sadd-mortt","tag-sergi-hanami","tag-shinai","tag-sin-h","tag-sin-ti","tag-the-boys-of-void","tag-urban","tribe_events_cat-concierto","cat_concierto"],"uagb_featured_image_src":{"full":["https:\/\/cafelapalma.com\/wp-content\/uploads\/2023\/10\/JULIACRY-PIC.jpg",1067,1599,false],"thumbnail":["https:\/\/cafelapalma.com\/wp-content\/uploads\/2023\/10\/JULIACRY-PIC-150x150.jpg",150,150,true],"medium":["https:\/\/cafelapalma.com\/wp-content\/uploads\/2023\/10\/JULIACRY-PIC-200x300.jpg",200,300,true],"medium_large":["https:\/\/cafelapalma.com\/wp-content\/uploads\/2023\/10\/JULIACRY-PIC-768x1151.jpg",768,1151,true],"large":["https:\/\/cafelapalma.com\/wp-content\/uploads\/2023\/10\/JULIACRY-PIC-694x1040.jpg",694,1040,true],"1536x1536":["https:\/\/cafelapalma.com\/wp-content\/uploads\/2023\/10\/JULIACRY-PIC-1025x1536.jpg",1025,1536,true],"2048x2048":["https:\/\/cafelapalma.com\/wp-content\/uploads\/2023\/10\/JULIACRY-PIC.jpg",1067,1599,false],"trp-custom-language-flag":["https:\/\/cafelapalma.com\/wp-content\/uploads\/2023\/10\/JULIACRY-PIC.jpg",8,12,false],"blossom-feminine-slider":["https:\/\/cafelapalma.com\/wp-content\/uploads\/2023\/10\/JULIACRY-PIC-1067x649.jpg",1067,649,true],"blossom-feminine-featured":["https:\/\/cafelapalma.com\/wp-content\/uploads\/2023\/10\/JULIACRY-PIC-1067x600.jpg",1067,600,true],"blossom-feminine-with-sidebar":["https:\/\/cafelapalma.com\/wp-content\/uploads\/2023\/10\/JULIACRY-PIC-1020x600.jpg",1020,600,true],"blossom-feminine-blog":["https:\/\/cafelapalma.com\/wp-content\/uploads\/2023\/10\/JULIACRY-PIC-435x435.jpg",435,435,true],"blossom-feminine-cat":["https:\/\/cafelapalma.com\/wp-content\/uploads\/2023\/10\/JULIACRY-PIC-450x300.jpg",450,300,true],"blossom-feminine-related":["https:\/\/cafelapalma.com\/wp-content\/uploads\/2023\/10\/JULIACRY-PIC-320x200.jpg",320,200,true],"blossom-feminine-schema":["https:\/\/cafelapalma.com\/wp-content\/uploads\/2023\/10\/JULIACRY-PIC-40x60.jpg",40,60,true]},"uagb_author_info":{"display_name":"Victor","author_link":"https:\/\/cafelapalma.com\/en\/author\/comunicacion\/"},"uagb_comment_info":0,"uagb_excerpt":"En apenas dos a\u00f1os, JULIA CRY ha pasado de componer en casa a subirse a escenarios de festivales. En 2022, lanza \u201cElemental\u201d, su primer EP. Con solo cuatro canciones Julia Cry proyecta una solidez compositiva y una madurez como artista poco com\u00fan para una joven de apenas veinte a\u00f1os, lo que la convierte en una&hellip;","_links":{"self":[{"href":"https:\/\/cafelapalma.com\/en\/wp-json\/wp\/v2\/tribe_events\/27326","targetHints":{"allow":["GET"]}}],"collection":[{"href":"https:\/\/cafelapalma.com\/en\/wp-json\/wp\/v2\/tribe_events"}],"about":[{"href":"https:\/\/cafelapalma.com\/en\/wp-json\/wp\/v2\/types\/tribe_events"}],"author":[{"embeddable":true,"href":"https:\/\/cafelapalma.com\/en\/wp-json\/wp\/v2\/users\/2"}],"version-history":[{"count":0,"href":"https:\/\/cafelapalma.com\/en\/wp-json\/wp\/v2\/tribe_events\/27326\/revisions"}],"wp:featuredmedia":[{"embeddable":true,"href":"https:\/\/cafelapalma.com\/en\/wp-json\/wp\/v2\/media\/27328"}],"wp:attachment":[{"href":"https:\/\/cafelapalma.com\/en\/wp-json\/wp\/v2\/media?parent=27326"}],"wp:term":[{"taxonomy":"post_tag","embeddable":true,"href":"https:\/\/cafelapalma.com\/en\/wp-json\/wp\/v2\/tags?post=27326"},{"taxonomy":"tribe_events_cat","embeddable":true,"href":"https:\/\/cafelapalma.com\/en\/wp-json\/wp\/v2\/tribe_events_cat?post=27326"}],"curies":[{"name":"wp","href":"https:\/\/api.w.org\/{rel}","templated":true}]}}