{"id":27362,"date":"2023-10-11T10:58:59","date_gmt":"2023-10-11T08:58:59","guid":{"rendered":"https:\/\/cafelapalma.com\/?post_type=tribe_events&#038;p=27362"},"modified":"2023-12-06T12:19:50","modified_gmt":"2023-12-06T11:19:50","slug":"fyi-declive","status":"publish","type":"tribe_events","link":"https:\/\/cafelapalma.com\/en\/programacion\/fyi-declive\/","title":{"rendered":"FOR YOUR INFORMATION + DECLIVE"},"content":{"rendered":"<div  class=\"tribe-events-schedule tribe-clearfix\" >\n\t<p class=\"tribe-events-schedule__datetime\">\n\t\t<span class=\"tribe-events-schedule__date tribe-events-schedule__date--start\">\n\t\t\t06  December  2023\t\t<\/span>\n\n\t\t\t\t\t<span class=\"tribe-events-schedule__separator tribe-events-schedule__separator--date\">\n\t\t\t\t@\t\t\t<\/span>\n\t\t\t<span class=\"tribe-events-schedule__time tribe-events-schedule__time--start\">\n\t\t\t\t21:30\t\t\t<\/span>\n\t\t\n\t\t\t\t\t\t\t\t\t<span class=\"tribe-events-schedule__separator tribe-events-schedule__separator--time\">\n\t\t\t\t\t&#8211;\t\t\t\t<\/span>\n\t\t\t\n\t\t\t\t\t\t\t<span class=\"tribe-events-schedule__time tribe-events-schedule__time--end\">\n\t\t\t\t\t23:45\t\t\t\t<\/span>\n\t\t\t\n\t\t\t\t\t\t<\/p>\n<\/div>\n\n\n<div  class=\"tribe-block tribe-block__event-price\" >\n\t\t\t<span class=\"tribe-block__event-price__cost\"> 11\u20ac <\/span>\n\t\t\t\t<span class=\"tribe-block__event-price__description\">+ gg Anticipada | 13\u20ac Taquilla<\/span>\n\t<\/div>\n\n\n\n<div style=\"height:100px\" aria-hidden=\"true\" class=\"wp-block-spacer\"><\/div>\n\n\n\n<div class=\"wp-block-columns is-layout-flex wp-container-core-columns-is-layout-8f761849 wp-block-columns-is-layout-flex\">\n<div class=\"wp-block-column is-layout-flow wp-block-column-is-layout-flow\" style=\"flex-basis:33.33%\">\n<figure class=\"wp-block-image size-large\"><img loading=\"lazy\" decoding=\"async\" width=\"735\" height=\"1040\" src=\"https:\/\/cafelapalma.com\/wp-content\/uploads\/2023\/10\/DECLIVE-A3-LOW-735x1040.jpg\" alt=\"\" class=\"wp-image-27363\" srcset=\"https:\/\/cafelapalma.com\/wp-content\/uploads\/2023\/10\/DECLIVE-A3-LOW-735x1040.jpg 735w, https:\/\/cafelapalma.com\/wp-content\/uploads\/2023\/10\/DECLIVE-A3-LOW-212x300.jpg 212w, https:\/\/cafelapalma.com\/wp-content\/uploads\/2023\/10\/DECLIVE-A3-LOW-768x1086.jpg 768w, https:\/\/cafelapalma.com\/wp-content\/uploads\/2023\/10\/DECLIVE-A3-LOW-1086x1536.jpg 1086w, https:\/\/cafelapalma.com\/wp-content\/uploads\/2023\/10\/DECLIVE-A3-LOW-1448x2048.jpg 1448w, https:\/\/cafelapalma.com\/wp-content\/uploads\/2023\/10\/DECLIVE-A3-LOW-42x60.jpg 42w\" sizes=\"auto, (max-width: 735px) 100vw, 735px\" \/><\/figure>\n\n\n<div  class=\"tribe-block tribe-block__event-website\" >\n\t<a\n\t\thref=\"https:\/\/www.passline.com\/eventos\/for-your-information-declive\"\n\t\ttarget=\"_self\"\n\t\t\t>\n\t\tBUY TICKETS\t<\/a>\n<\/div>\n<\/div>\n\n\n\n<div class=\"wp-block-column is-layout-flow wp-block-column-is-layout-flow\" style=\"flex-basis:66.66%\">\n<div style=\"height:100px\" aria-hidden=\"true\" class=\"wp-block-spacer\"><\/div>\n\n\n\n<p class=\"has-text-align-left wp-block-paragraph\"><strong>FOR YOUR INFORMATION<\/strong> &#8211;<strong>FYI<\/strong>&#8211; es una banda formada en <strong>Madrid <\/strong>por cuatro amigos de <strong>Albacete<\/strong>. M\u00fasica que nace del hast\u00edo de la vida en la gran ciudad. La rutina, el cansancio y las ganas de dejarlo todo cristalizan en canciones para mostrar que el post-punk y su tent\u00e1culo m\u00e1s pop pueden moverte de la silla de tu oficina. Grabado y producido por <strong>Paco Loco<\/strong>, publican su primer EP <strong><em>\u201cEl a\u00f1o del descenso\u201d<\/em><\/strong> y el reciente single <strong><em>\u201cConfianza Brutal\u201d<\/em><\/strong>.<\/p>\n\n\n\n<p class=\"has-text-align-left wp-block-paragraph\"><strong>DECLIVE <\/strong>es un grupo joven de la escena oscura de <strong>Val\u00e8ncia<\/strong>. El proyecto se inspira en la urgencia del futuro y en la sensaci\u00f3n de una existencia solo propia en el contacto humano. Con un sonido basado en el contraste entre guitarras atmosf\u00e9ricas y voces dulces, sus canciones tratan sobre relaciones interpersonales sucedidas en este contexto cr\u00edtico. Presentan <strong><em>\u00abInvisible\u00bb<\/em><\/strong> y <strong><em>\u00abBarreras\u00bb<\/em><\/strong>, sus primeros sencillos.<\/p>\n<\/div>\n<\/div>\n\n\n\n<div style=\"height:100px\" aria-hidden=\"true\" class=\"wp-block-spacer\"><\/div>\n\n\n\n<hr class=\"wp-block-separator has-alpha-channel-opacity\"\/>\n\n\n\n<div style=\"height:100px\" aria-hidden=\"true\" class=\"wp-block-spacer\"><\/div>\n\n\n<h2 class=\"tribe-block__related-events__title\">Related Events<\/h2>\n\n<ul  class=\"tribe-related-events tribe-clearfix\" >\n\t\t\t<li>\n\t\n<div class=\"tribe-related-events-thumbnail\">\n\t<a href=\"https:\/\/cafelapalma.com\/en\/programacion\/funkin-donuts\/\" class=\"url\" rel=\"bookmark\" tabindex=\"-1\" aria-hidden=\"true\"><img loading=\"lazy\" decoding=\"async\" width=\"693\" height=\"1040\" src=\"https:\/\/cafelapalma.com\/wp-content\/uploads\/2026\/07\/FD-vert2-bn-693x1040.jpg\" class=\"attachment-large size-large wp-post-image\" alt=\"\" \/><\/a>\n<\/div>\n\t<div class=\"tribe-related-event-info\">\n\t<h3 class=\"tribe-related-events-title\">\n\t\t<a href=\"https:\/\/cafelapalma.com\/en\/programacion\/funkin-donuts\/\" class=\"tribe-event-url\" rel=\"bookmark\">\n\t\t\tFUNKIN&#8217; DONUTS\t\t<\/a>\n\t<\/h3>\n\t<span class=\"tribe-event-date-start\">5  September@22:00<\/span><span class=\"tribe-event-time\">23:45<\/span><\/div>\n<\/li>\n\t\t\t<li>\n\t\n<div class=\"tribe-related-events-thumbnail\">\n\t<a href=\"https:\/\/cafelapalma.com\/en\/programacion\/backstage-le-petit-truffle-mayo\/\" class=\"url\" rel=\"bookmark\" tabindex=\"-1\" aria-hidden=\"true\"><img loading=\"lazy\" decoding=\"async\" width=\"780\" height=\"1040\" src=\"https:\/\/cafelapalma.com\/wp-content\/uploads\/2026\/07\/Imagen-TruffleMayo-LePetit-i-1-780x1040.png\" class=\"attachment-large size-large wp-post-image\" alt=\"\" \/><\/a>\n<\/div>\n\t<div class=\"tribe-related-event-info\">\n\t<h3 class=\"tribe-related-events-title\">\n\t\t<a href=\"https:\/\/cafelapalma.com\/en\/programacion\/backstage-le-petit-truffle-mayo\/\" class=\"tribe-event-url\" rel=\"bookmark\">\n\t\t\tBACKSTAGE: LE PETIT + TRUFFLE MAYO\t\t<\/a>\n\t<\/h3>\n\t<span class=\"tribe-event-date-start\">5  September@23:55<\/span><\/div>\n<\/li>\n\t\t\t<li>\n\t\n<div class=\"tribe-related-events-thumbnail\">\n\t<a href=\"https:\/\/cafelapalma.com\/en\/programacion\/willie-deville-concierto-benefico-x-venezuela\/\" class=\"url\" rel=\"bookmark\" tabindex=\"-1\" aria-hidden=\"true\"><img loading=\"lazy\" decoding=\"async\" width=\"1020\" height=\"531\" src=\"https:\/\/cafelapalma.com\/wp-content\/uploads\/2026\/08\/Willie-deville-1100x572-1-1040x541.jpg\" class=\"attachment-large size-large wp-post-image\" alt=\"\" \/><\/a>\n<\/div>\n\t<div class=\"tribe-related-event-info\">\n\t<h3 class=\"tribe-related-events-title\">\n\t\t<a href=\"https:\/\/cafelapalma.com\/en\/programacion\/willie-deville-concierto-benefico-x-venezuela\/\" class=\"tribe-event-url\" rel=\"bookmark\">\n\t\t\tWILLIE DEVILLE: CONCIERTO BEN\u00c9FICO X VENEZUELA\t\t<\/a>\n\t<\/h3>\n\t<span class=\"tribe-event-date-start\">6  September@21:00<\/span><span class=\"tribe-event-time\">23:45<\/span><\/div>\n<\/li>\n\t<\/ul>","protected":false},"excerpt":{"rendered":"<p>FOR YOUR INFORMATION &#8211;FYI&#8211; es una banda formada en Madrid por cuatro amigos de Albacete. M\u00fasica que nace del hast\u00edo de la vida en la gran ciudad. La rutina, el cansancio y las ganas de dejarlo todo cristalizan en canciones para mostrar que el post-punk y su tent\u00e1culo m\u00e1s pop pueden moverte de la silla &hellip; <\/p>","protected":false},"author":2,"featured_media":27364,"template":"","meta":{"_tec_requires_first_save":false,"_uag_custom_page_level_css":"","loftloader_page_shortcode":"","_EventAllDay":false,"_EventTimezone":"Europe\/Madrid","_EventStartDate":"2023-12-06 21:30:00","_EventEndDate":"2023-12-06 23:45:00","_EventStartDateUTC":"2023-12-06 20:30:00","_EventEndDateUTC":"2023-12-06 22:45:00","_EventShowMap":false,"_EventShowMapLink":false,"_EventURL":"https:\/\/www.passline.com\/eventos\/for-your-information-declive","_EventCost":"11","_EventCostDescription":"","_EventCurrencySymbol":"\u20ac","_EventCurrencyCode":"USD","_EventCurrencyPosition":"suffix","_EventDateTimeSeparator":"@","_EventTimeRangeSeparator":"-","_EventOrganizerID":[],"_EventVenueID":[],"_OrganizerEmail":"","_OrganizerPhone":"","_OrganizerWebsite":"","_VenueAddress":"","_VenueCity":"","_VenueCountry":"","_VenueProvince":"","_VenueState":"","_VenueZip":"","_VenuePhone":"","_VenueURL":"","_VenueStateProvince":"","_VenueLat":"","_VenueLng":"","_VenueShowMap":false,"_VenueShowMapLink":false,"_tribe_blocks_recurrence_rules":"","_tribe_blocks_recurrence_description":"","_tribe_blocks_recurrence_exclusions":"","_ecp_custom_2":"","_tribe_events_status":"","_tribe_events_status_reason":"","_tribe_events_is_hybrid":"","_tribe_events_is_virtual":"","_tribe_events_virtual_video_source":"","_tribe_events_virtual_embed_video":"","_tribe_events_virtual_linked_button_text":"","_tribe_events_virtual_linked_button":"","_tribe_events_virtual_show_embed_at":"","_tribe_events_virtual_show_embed_to":[],"_tribe_events_virtual_show_on_event":"","_tribe_events_virtual_show_on_views":"","_tribe_events_virtual_url":"","footnotes":""},"tags":[9682,14504,1363,8869,2865,9147,9146,14501,14499,9939,9938,14500,1357,14497,14503,9335,1355,9412,9395,14502],"tribe_events_cat":[8963],"class_list":["post-27362","tribe_events","type-tribe_events","status-publish","has-post-thumbnail","hentry","tag-albacete","tag-barreras","tag-cafe-la-palma","tag-cafe-la-palma-2","tag-conciertos-cafe-la-palma","tag-conciertos-madrid","tag-conciertos-malasana","tag-confianza-brutal","tag-declive","tag-dream-pop","tag-dreampop","tag-el-ano-del-descenso","tag-electronica","tag-for-your-information","tag-invisible","tag-paco-loco","tag-pop","tag-post-punk","tag-postpunk","tag-valencia-2","tribe_events_cat-concierto","cat_concierto"],"uagb_featured_image_src":{"full":["https:\/\/cafelapalma.com\/wp-content\/uploads\/2023\/10\/DECLIVE_FRONT-scaled.jpg",1500,3000,false],"thumbnail":["https:\/\/cafelapalma.com\/wp-content\/uploads\/2023\/10\/DECLIVE_FRONT-150x150.jpg",150,150,true],"medium":["https:\/\/cafelapalma.com\/wp-content\/uploads\/2023\/10\/DECLIVE_FRONT-150x300.jpg",150,300,true],"medium_large":["https:\/\/cafelapalma.com\/wp-content\/uploads\/2023\/10\/DECLIVE_FRONT-768x1536.jpg",768,1536,true],"large":["https:\/\/cafelapalma.com\/wp-content\/uploads\/2023\/10\/DECLIVE_FRONT-520x1040.jpg",520,1040,true],"1536x1536":["https:\/\/cafelapalma.com\/wp-content\/uploads\/2023\/10\/DECLIVE_FRONT-768x1536.jpg",768,1536,true],"2048x2048":["https:\/\/cafelapalma.com\/wp-content\/uploads\/2023\/10\/DECLIVE_FRONT-1024x2048.jpg",1024,2048,true],"trp-custom-language-flag":["https:\/\/cafelapalma.com\/wp-content\/uploads\/2023\/10\/DECLIVE_FRONT-scaled.jpg",6,12,false],"blossom-feminine-slider":["https:\/\/cafelapalma.com\/wp-content\/uploads\/2023\/10\/DECLIVE_FRONT-1920x649.jpg",1920,649,true],"blossom-feminine-featured":["https:\/\/cafelapalma.com\/wp-content\/uploads\/2023\/10\/DECLIVE_FRONT-1410x600.jpg",1410,600,true],"blossom-feminine-with-sidebar":["https:\/\/cafelapalma.com\/wp-content\/uploads\/2023\/10\/DECLIVE_FRONT-1020x600.jpg",1020,600,true],"blossom-feminine-blog":["https:\/\/cafelapalma.com\/wp-content\/uploads\/2023\/10\/DECLIVE_FRONT-435x435.jpg",435,435,true],"blossom-feminine-cat":["https:\/\/cafelapalma.com\/wp-content\/uploads\/2023\/10\/DECLIVE_FRONT-450x300.jpg",450,300,true],"blossom-feminine-related":["https:\/\/cafelapalma.com\/wp-content\/uploads\/2023\/10\/DECLIVE_FRONT-320x200.jpg",320,200,true],"blossom-feminine-schema":["https:\/\/cafelapalma.com\/wp-content\/uploads\/2023\/10\/DECLIVE_FRONT-30x60.jpg",30,60,true]},"uagb_author_info":{"display_name":"Victor","author_link":"https:\/\/cafelapalma.com\/en\/author\/comunicacion\/"},"uagb_comment_info":0,"uagb_excerpt":"FOR YOUR INFORMATION &#8211;FYI&#8211; es una banda formada en Madrid por cuatro amigos de Albacete. M\u00fasica que nace del hast\u00edo de la vida en la gran ciudad. La rutina, el cansancio y las ganas de dejarlo todo cristalizan en canciones para mostrar que el post-punk y su tent\u00e1culo m\u00e1s pop pueden moverte de la silla&hellip;","_links":{"self":[{"href":"https:\/\/cafelapalma.com\/en\/wp-json\/wp\/v2\/tribe_events\/27362","targetHints":{"allow":["GET"]}}],"collection":[{"href":"https:\/\/cafelapalma.com\/en\/wp-json\/wp\/v2\/tribe_events"}],"about":[{"href":"https:\/\/cafelapalma.com\/en\/wp-json\/wp\/v2\/types\/tribe_events"}],"author":[{"embeddable":true,"href":"https:\/\/cafelapalma.com\/en\/wp-json\/wp\/v2\/users\/2"}],"version-history":[{"count":0,"href":"https:\/\/cafelapalma.com\/en\/wp-json\/wp\/v2\/tribe_events\/27362\/revisions"}],"wp:featuredmedia":[{"embeddable":true,"href":"https:\/\/cafelapalma.com\/en\/wp-json\/wp\/v2\/media\/27364"}],"wp:attachment":[{"href":"https:\/\/cafelapalma.com\/en\/wp-json\/wp\/v2\/media?parent=27362"}],"wp:term":[{"taxonomy":"post_tag","embeddable":true,"href":"https:\/\/cafelapalma.com\/en\/wp-json\/wp\/v2\/tags?post=27362"},{"taxonomy":"tribe_events_cat","embeddable":true,"href":"https:\/\/cafelapalma.com\/en\/wp-json\/wp\/v2\/tribe_events_cat?post=27362"}],"curies":[{"name":"wp","href":"https:\/\/api.w.org\/{rel}","templated":true}]}}