{"id":27394,"date":"2023-10-16T16:56:25","date_gmt":"2023-10-16T14:56:25","guid":{"rendered":"https:\/\/cafelapalma.com\/?post_type=tribe_events&#038;p=27394"},"modified":"2023-10-16T16:56:31","modified_gmt":"2023-10-16T14:56:31","slug":"jagermusic-presenta-los-manises-corte","status":"publish","type":"tribe_events","link":"https:\/\/cafelapalma.com\/en\/programacion\/jagermusic-presenta-los-manises-corte\/","title":{"rendered":"LOS MANISES + CORTE"},"content":{"rendered":"<div  class=\"tribe-events-schedule tribe-clearfix\" >\n\t<p class=\"tribe-events-schedule__datetime\">\n\t\t<span class=\"tribe-events-schedule__date tribe-events-schedule__date--start\">\n\t\t\t15  December  2023\t\t<\/span>\n\n\t\t\t\t\t<span class=\"tribe-events-schedule__separator tribe-events-schedule__separator--date\">\n\t\t\t\t@\t\t\t<\/span>\n\t\t\t<span class=\"tribe-events-schedule__time tribe-events-schedule__time--start\">\n\t\t\t\t21:30\t\t\t<\/span>\n\t\t\n\t\t\t\t\t\t\t\t\t<span class=\"tribe-events-schedule__separator tribe-events-schedule__separator--time\">\n\t\t\t\t\t&#8211;\t\t\t\t<\/span>\n\t\t\t\n\t\t\t\t\t\t\t<span class=\"tribe-events-schedule__time tribe-events-schedule__time--end\">\n\t\t\t\t\t23:45\t\t\t\t<\/span>\n\t\t\t\n\t\t\t\t\t\t<\/p>\n<\/div>\n\n\n<div  class=\"tribe-block tribe-block__event-price\" >\n\t\t\t<span class=\"tribe-block__event-price__cost\"> 12\u20ac <\/span>\n\t\t\t\t<span class=\"tribe-block__event-price__description\">+ gg Anticipada | 15\u20ac Taquilla<\/span>\n\t<\/div>\n\n\n\n<div style=\"height:100px\" aria-hidden=\"true\" class=\"wp-block-spacer\"><\/div>\n\n\n\n<div class=\"wp-block-columns is-layout-flex wp-container-core-columns-is-layout-8f761849 wp-block-columns-is-layout-flex\">\n<div class=\"wp-block-column is-layout-flow wp-block-column-is-layout-flow\" style=\"flex-basis:33.33%\">\n<figure class=\"wp-block-image size-full\"><img loading=\"lazy\" decoding=\"async\" width=\"482\" height=\"679\" src=\"https:\/\/cafelapalma.com\/wp-content\/uploads\/2023\/10\/LMCORTEA3EDIT.jpg\" alt=\"\" class=\"wp-image-27395\" srcset=\"https:\/\/cafelapalma.com\/wp-content\/uploads\/2023\/10\/LMCORTEA3EDIT.jpg 482w, https:\/\/cafelapalma.com\/wp-content\/uploads\/2023\/10\/LMCORTEA3EDIT-213x300.jpg 213w, https:\/\/cafelapalma.com\/wp-content\/uploads\/2023\/10\/LMCORTEA3EDIT-43x60.jpg 43w\" sizes=\"auto, (max-width: 482px) 100vw, 482px\" \/><\/figure>\n\n\n<div  class=\"tribe-block tribe-block__event-website\" >\n\t<a\n\t\thref=\"https:\/\/www.passline.com\/eventos\/los-manises-corte\"\n\t\ttarget=\"_self\"\n\t\t\t>\n\t\tBUY TICKETS\t<\/a>\n<\/div>\n<\/div>\n\n\n\n<div class=\"wp-block-column is-layout-flow wp-block-column-is-layout-flow\" style=\"flex-basis:66.66%\">\n<p class=\"has-text-align-left wp-block-paragraph\">Desde su primera demo all\u00e1 por 2016, <strong>LOS MANISES<\/strong> no han dejado de experimentar y darle vueltas a la \u201cm\u00fasica de guitarras\u201d que compone la base de su sonido, \u2013siendo el folk y el genre world sus otros dos pilares\u2013. <strong>V\u00edctor <\/strong>y <strong>Rub\u00e9n <\/strong>viven c\u00f3modos en un discurso 100% autorreferencial que a menudo les sirve como pretexto para hacer m\u00fasica juntos. Entre el Chinch\u00f3n y la Dama de Elche consiguen meter todas sus bromas internas, algunas de ellas bastante antiguas, que llevadas al \u00e1mbito musical se pueden llegar a resignificar.<\/p>\n\n\n\n<p class=\"has-text-align-left wp-block-paragraph\">Despu\u00e9s de la publicaci\u00f3n de <em><strong>\u00abAristocracia y Underground\u00bb<\/strong><\/em> (<strong>Montgr\u00ed<\/strong>, 2020), un EP de 5 canciones marcado por la pandemia, vuelven con <strong><em>\u00abTodas Son Correctas\u00bb <\/em><\/strong>(<strong>Montgr\u00ed<\/strong>, 2023), su primer disco de larga duraci\u00f3n en el que, por primera vez, trabajan la producci\u00f3n con alguien externo. <strong>Isidro Acedo<\/strong> (<strong>I-Ace<\/strong>, de <strong>Antifan<\/strong>) ha sido el elegido para entrar en el mundo de <strong>Los Manises<\/strong>. Un mundo que, aun siendo tan propio, ha podido ser comprendido por el productor a la perfecci\u00f3n.<\/p>\n\n\n\n<p class=\"has-text-align-left wp-block-paragraph\"><strong>CORTE <\/strong>es <strong>Gonzalo Barbero<\/strong>, as\u00ed como una larga colecci\u00f3n de obsesiones musicales y personales que han acabado encontrando vida en forma de canciones compuestas y grabadas en casa. El pinball de la precariedad laboral, y esa extra\u00f1a autodeterminaci\u00f3n que dan los tiempos preapocal\u00edpticos, fueron pretextos, m\u00e1s que suficientes, para que canciones que giran en torno a fijaciones, an\u00e9cdotas o simples descargas de frustraci\u00f3n terminasen por encontrar un tiempo y un lugar en el que desarrollarse. En 2019 form\u00f3 junto a sus amigos C.A.R.R.E.R.A., dejando un primer EP hom\u00f3nimo (2020) y un disco, <strong><em>\u00abCabeza en rutina\u00bb<\/em><\/strong> (<strong>Lago \/ Cr\u00e1ter<\/strong>, 2022) y compartiendo escenarios con bandas como <strong>Carolina Durante<\/strong> o <strong>La Trinidad<\/strong>, entre otras.<\/p>\n\n\n\n<p class=\"has-text-align-right wp-block-paragraph\"><em>Con el patrocinio de <strong>J\u00e4germusic<\/strong><\/em><\/p>\n<\/div>\n<\/div>\n\n\n\n<div style=\"height:100px\" aria-hidden=\"true\" class=\"wp-block-spacer\"><\/div>\n\n\n\n<hr class=\"wp-block-separator has-alpha-channel-opacity\"\/>\n\n\n\n<div style=\"height:100px\" aria-hidden=\"true\" class=\"wp-block-spacer\"><\/div>\n\n\n<h2 class=\"tribe-block__related-events__title\">Related Events<\/h2>\n\n<ul  class=\"tribe-related-events tribe-clearfix\" >\n\t\t\t<li>\n\t\n<div class=\"tribe-related-events-thumbnail\">\n\t<a href=\"https:\/\/cafelapalma.com\/en\/programacion\/funkin-donuts\/\" class=\"url\" rel=\"bookmark\" tabindex=\"-1\" aria-hidden=\"true\"><img loading=\"lazy\" decoding=\"async\" width=\"693\" height=\"1040\" src=\"https:\/\/cafelapalma.com\/wp-content\/uploads\/2026\/07\/FD-vert2-bn-693x1040.jpg\" class=\"attachment-large size-large wp-post-image\" alt=\"\" \/><\/a>\n<\/div>\n\t<div class=\"tribe-related-event-info\">\n\t<h3 class=\"tribe-related-events-title\">\n\t\t<a href=\"https:\/\/cafelapalma.com\/en\/programacion\/funkin-donuts\/\" class=\"tribe-event-url\" rel=\"bookmark\">\n\t\t\tFUNKIN&#8217; DONUTS\t\t<\/a>\n\t<\/h3>\n\t<span class=\"tribe-event-date-start\">5  September@22:00<\/span><span class=\"tribe-event-time\">23:45<\/span><\/div>\n<\/li>\n\t\t\t<li>\n\t\n<div class=\"tribe-related-events-thumbnail\">\n\t<a href=\"https:\/\/cafelapalma.com\/en\/programacion\/backstage-le-petit-truffle-mayo\/\" class=\"url\" rel=\"bookmark\" tabindex=\"-1\" aria-hidden=\"true\"><img loading=\"lazy\" decoding=\"async\" width=\"780\" height=\"1040\" src=\"https:\/\/cafelapalma.com\/wp-content\/uploads\/2026\/07\/Imagen-TruffleMayo-LePetit-i-1-780x1040.png\" class=\"attachment-large size-large wp-post-image\" alt=\"\" \/><\/a>\n<\/div>\n\t<div class=\"tribe-related-event-info\">\n\t<h3 class=\"tribe-related-events-title\">\n\t\t<a href=\"https:\/\/cafelapalma.com\/en\/programacion\/backstage-le-petit-truffle-mayo\/\" class=\"tribe-event-url\" rel=\"bookmark\">\n\t\t\tBACKSTAGE: LE PETIT + TRUFFLE MAYO\t\t<\/a>\n\t<\/h3>\n\t<span class=\"tribe-event-date-start\">5  September@23:55<\/span><\/div>\n<\/li>\n\t\t\t<li>\n\t\n<div class=\"tribe-related-events-thumbnail\">\n\t<a href=\"https:\/\/cafelapalma.com\/en\/programacion\/willie-deville-concierto-benefico-x-venezuela\/\" class=\"url\" rel=\"bookmark\" tabindex=\"-1\" aria-hidden=\"true\"><img loading=\"lazy\" decoding=\"async\" width=\"1020\" height=\"531\" src=\"https:\/\/cafelapalma.com\/wp-content\/uploads\/2026\/08\/Willie-deville-1100x572-1-1040x541.jpg\" class=\"attachment-large size-large wp-post-image\" alt=\"\" \/><\/a>\n<\/div>\n\t<div class=\"tribe-related-event-info\">\n\t<h3 class=\"tribe-related-events-title\">\n\t\t<a href=\"https:\/\/cafelapalma.com\/en\/programacion\/willie-deville-concierto-benefico-x-venezuela\/\" class=\"tribe-event-url\" rel=\"bookmark\">\n\t\t\tWILLIE DEVILLE: CONCIERTO BEN\u00c9FICO X VENEZUELA\t\t<\/a>\n\t<\/h3>\n\t<span class=\"tribe-event-date-start\">6  September@21:00<\/span><span class=\"tribe-event-time\">23:45<\/span><\/div>\n<\/li>\n\t<\/ul>","protected":false},"excerpt":{"rendered":"<p>Desde su primera demo all\u00e1 por 2016, LOS MANISES no han dejado de experimentar y darle vueltas a la \u201cm\u00fasica de guitarras\u201d que compone la base de su sonido, \u2013siendo el folk y el genre world sus otros dos pilares\u2013. V\u00edctor y Rub\u00e9n viven c\u00f3modos en un discurso 100% autorreferencial que a menudo les sirve &hellip; <\/p>","protected":false},"author":2,"featured_media":27396,"template":"","meta":{"_tec_requires_first_save":false,"_uag_custom_page_level_css":"","loftloader_page_shortcode":"","_EventAllDay":false,"_EventTimezone":"Europe\/Madrid","_EventStartDate":"2023-12-15 21:30:00","_EventEndDate":"2023-12-15 23:45:00","_EventStartDateUTC":"2023-12-15 20:30:00","_EventEndDateUTC":"2023-12-15 22:45:00","_EventShowMap":false,"_EventShowMapLink":false,"_EventURL":"https:\/\/www.passline.com\/eventos\/los-manises-corte","_EventCost":"12","_EventCostDescription":"","_EventCurrencySymbol":"\u20ac","_EventCurrencyCode":"USD","_EventCurrencyPosition":"suffix","_EventDateTimeSeparator":"@","_EventTimeRangeSeparator":"-","_EventOrganizerID":[],"_EventVenueID":[],"_OrganizerEmail":"","_OrganizerPhone":"","_OrganizerWebsite":"","_VenueAddress":"","_VenueCity":"","_VenueCountry":"","_VenueProvince":"","_VenueState":"","_VenueZip":"","_VenuePhone":"","_VenueURL":"","_VenueStateProvince":"","_VenueLat":"","_VenueLng":"","_VenueShowMap":false,"_VenueShowMapLink":false,"_tribe_blocks_recurrence_rules":"","_tribe_blocks_recurrence_description":"","_tribe_blocks_recurrence_exclusions":"","_ecp_custom_2":"","_tribe_events_status":"","_tribe_events_status_reason":"","_tribe_events_is_hybrid":"","_tribe_events_is_virtual":"","_tribe_events_virtual_video_source":"","_tribe_events_virtual_embed_video":"","_tribe_events_virtual_linked_button_text":"","_tribe_events_virtual_linked_button":"","_tribe_events_virtual_show_embed_at":"","_tribe_events_virtual_show_embed_to":[],"_tribe_events_virtual_show_on_event":"","_tribe_events_virtual_show_on_views":"","_tribe_events_virtual_url":"","footnotes":""},"tags":[9117,14530,12486,14535,8869,1363,10991,2865,9147,9146,14525,14526,1357,9528,14528,14534,9401,8970,11194,14529,14527,14524,14531,14447,1355,14532],"tribe_events_cat":[8963],"class_list":["post-27394","tribe_events","type-tribe_events","status-publish","has-post-thumbnail","hentry","tag-antifan","tag-aristocracia-y-underground","tag-c-a-r-r-e-r-a","tag-cabeza-en-rutina","tag-cafe-la-palma-2","tag-cafe-la-palma","tag-carrera","tag-conciertos-cafe-la-palma","tag-conciertos-madrid","tag-conciertos-malasana","tag-corte","tag-corte-2","tag-electronica","tag-folk","tag-genre-wold","tag-gonzalo-barbero","tag-i-ace","tag-indie","tag-jagermeister","tag-jagermusic-3","tag-la-manise","tag-los-manises","tag-montgri","tag-movidas-ardilla","tag-pop","tag-todas-son-correctas","tribe_events_cat-concierto","cat_concierto"],"uagb_featured_image_src":{"full":["https:\/\/cafelapalma.com\/wp-content\/uploads\/2023\/10\/LM-PIC-scaled.jpg",2000,3000,false],"thumbnail":["https:\/\/cafelapalma.com\/wp-content\/uploads\/2023\/10\/LM-PIC-150x150.jpg",150,150,true],"medium":["https:\/\/cafelapalma.com\/wp-content\/uploads\/2023\/10\/LM-PIC-200x300.jpg",200,300,true],"medium_large":["https:\/\/cafelapalma.com\/wp-content\/uploads\/2023\/10\/LM-PIC-768x1152.jpg",768,1152,true],"large":["https:\/\/cafelapalma.com\/wp-content\/uploads\/2023\/10\/LM-PIC-693x1040.jpg",693,1040,true],"1536x1536":["https:\/\/cafelapalma.com\/wp-content\/uploads\/2023\/10\/LM-PIC-1024x1536.jpg",1024,1536,true],"2048x2048":["https:\/\/cafelapalma.com\/wp-content\/uploads\/2023\/10\/LM-PIC-1365x2048.jpg",1365,2048,true],"trp-custom-language-flag":["https:\/\/cafelapalma.com\/wp-content\/uploads\/2023\/10\/LM-PIC-scaled.jpg",8,12,false],"blossom-feminine-slider":["https:\/\/cafelapalma.com\/wp-content\/uploads\/2023\/10\/LM-PIC-1920x649.jpg",1920,649,true],"blossom-feminine-featured":["https:\/\/cafelapalma.com\/wp-content\/uploads\/2023\/10\/LM-PIC-1410x600.jpg",1410,600,true],"blossom-feminine-with-sidebar":["https:\/\/cafelapalma.com\/wp-content\/uploads\/2023\/10\/LM-PIC-1020x600.jpg",1020,600,true],"blossom-feminine-blog":["https:\/\/cafelapalma.com\/wp-content\/uploads\/2023\/10\/LM-PIC-435x435.jpg",435,435,true],"blossom-feminine-cat":["https:\/\/cafelapalma.com\/wp-content\/uploads\/2023\/10\/LM-PIC-450x300.jpg",450,300,true],"blossom-feminine-related":["https:\/\/cafelapalma.com\/wp-content\/uploads\/2023\/10\/LM-PIC-320x200.jpg",320,200,true],"blossom-feminine-schema":["https:\/\/cafelapalma.com\/wp-content\/uploads\/2023\/10\/LM-PIC-40x60.jpg",40,60,true]},"uagb_author_info":{"display_name":"Victor","author_link":"https:\/\/cafelapalma.com\/en\/author\/comunicacion\/"},"uagb_comment_info":0,"uagb_excerpt":"Desde su primera demo all\u00e1 por 2016, LOS MANISES no han dejado de experimentar y darle vueltas a la \u201cm\u00fasica de guitarras\u201d que compone la base de su sonido, \u2013siendo el folk y el genre world sus otros dos pilares\u2013. V\u00edctor y Rub\u00e9n viven c\u00f3modos en un discurso 100% autorreferencial que a menudo les sirve&hellip;","_links":{"self":[{"href":"https:\/\/cafelapalma.com\/en\/wp-json\/wp\/v2\/tribe_events\/27394","targetHints":{"allow":["GET"]}}],"collection":[{"href":"https:\/\/cafelapalma.com\/en\/wp-json\/wp\/v2\/tribe_events"}],"about":[{"href":"https:\/\/cafelapalma.com\/en\/wp-json\/wp\/v2\/types\/tribe_events"}],"author":[{"embeddable":true,"href":"https:\/\/cafelapalma.com\/en\/wp-json\/wp\/v2\/users\/2"}],"version-history":[{"count":0,"href":"https:\/\/cafelapalma.com\/en\/wp-json\/wp\/v2\/tribe_events\/27394\/revisions"}],"wp:featuredmedia":[{"embeddable":true,"href":"https:\/\/cafelapalma.com\/en\/wp-json\/wp\/v2\/media\/27396"}],"wp:attachment":[{"href":"https:\/\/cafelapalma.com\/en\/wp-json\/wp\/v2\/media?parent=27394"}],"wp:term":[{"taxonomy":"post_tag","embeddable":true,"href":"https:\/\/cafelapalma.com\/en\/wp-json\/wp\/v2\/tags?post=27394"},{"taxonomy":"tribe_events_cat","embeddable":true,"href":"https:\/\/cafelapalma.com\/en\/wp-json\/wp\/v2\/tribe_events_cat?post=27394"}],"curies":[{"name":"wp","href":"https:\/\/api.w.org\/{rel}","templated":true}]}}