{"id":27438,"date":"2023-10-23T18:22:02","date_gmt":"2023-10-23T16:22:02","guid":{"rendered":"https:\/\/cafelapalma.com\/programacion\/tanzen-copy\/"},"modified":"2023-11-01T11:09:13","modified_gmt":"2023-11-01T10:09:13","slug":"tanzen-2","status":"publish","type":"tribe_events","link":"https:\/\/cafelapalma.com\/en\/programacion\/tanzen-2\/","title":{"rendered":"TANZEN"},"content":{"rendered":"<div  class=\"tribe-events-schedule tribe-clearfix\" >\n\t<p class=\"tribe-events-schedule__datetime\">\n\t\t<span class=\"tribe-events-schedule__date tribe-events-schedule__date--start\">\n\t\t\t11  November  2023\t\t<\/span>\n\n\t\t\t\t\t<span class=\"tribe-events-schedule__separator tribe-events-schedule__separator--date\">\n\t\t\t\t@\t\t\t<\/span>\n\t\t\t<span class=\"tribe-events-schedule__time tribe-events-schedule__time--start\">\n\t\t\t\t23:50\t\t\t<\/span>\n\t\t\n\t\t\t\t\t\t\t\t\t<span class=\"tribe-events-schedule__separator tribe-events-schedule__separator--time\">\n\t\t\t\t\t&#8211;\t\t\t\t<\/span>\n\t\t\t\n\t\t\t\t\t\t\t<span class=\"tribe-events-schedule__time tribe-events-schedule__time--end\">\n\t\t\t\t\t23:55\t\t\t\t<\/span>\n\t\t\t\n\t\t\t\t\t\t<\/p>\n<\/div>\n\n\n<div  class=\"tribe-block tribe-block__event-price\" >\n\t\t\t<span class=\"tribe-block__event-price__cost\"> 9\u20ac <\/span>\n\t\t\t\t<span class=\"tribe-block__event-price__description\">+ gg Anticipada | 11\u20ac Taquilla de 00:00 a 02:00 + UNA COPA o DOS DOBLES | 13\u20ac Taquilla de 02:00 a 06:00 + CONSUMICI\u00d3N<\/span>\n\t<\/div>\n\n\n\n<div style=\"height:100px\" aria-hidden=\"true\" class=\"wp-block-spacer\"><\/div>\n\n\n\n<div class=\"wp-block-columns is-layout-flex wp-container-core-columns-is-layout-8f761849 wp-block-columns-is-layout-flex\">\n<div class=\"wp-block-column is-layout-flow wp-block-column-is-layout-flow\" style=\"flex-basis:33.33%\">\n<figure class=\"wp-block-image size-full\"><img loading=\"lazy\" decoding=\"async\" width=\"297\" height=\"420\" src=\"https:\/\/cafelapalma.com\/wp-content\/uploads\/2023\/10\/TANZEN-NOV-A3-LOW.jpg\" alt=\"\" class=\"wp-image-27440\" srcset=\"https:\/\/cafelapalma.com\/wp-content\/uploads\/2023\/10\/TANZEN-NOV-A3-LOW.jpg 297w, https:\/\/cafelapalma.com\/wp-content\/uploads\/2023\/10\/TANZEN-NOV-A3-LOW-212x300.jpg 212w, https:\/\/cafelapalma.com\/wp-content\/uploads\/2023\/10\/TANZEN-NOV-A3-LOW-42x60.jpg 42w\" sizes=\"auto, (max-width: 297px) 100vw, 297px\" \/><\/figure>\n\n\n<div  class=\"tribe-block tribe-block__event-website\" >\n\t<a\n\t\thref=\"https:\/\/www.passline.com\/eventos\/tanzen\"\n\t\ttarget=\"_self\"\n\t\t\t>\n\t\tBUY TICKETS\t<\/a>\n<\/div>\n<\/div>\n\n\n\n<div class=\"wp-block-column is-layout-flow wp-block-column-is-layout-flow\" style=\"flex-basis:66.66%\">\n<p class=\"has-text-align-left wp-block-paragraph\"><strong>TANZEN<\/strong> es una fiesta cuyo principal objetivo es el baile y surge de la idea de AlesaDJ de crear un colectivo en el que participen Djs y productores nacionales de m\u00fasica electr\u00f3nica y darlos a conocer en las salas y clubes m\u00e1s importantes.&nbsp; Con varias fiestas a sus espaldas, la m\u00fasica electr\u00f3nica en sus m\u00faltiples variantes es el hilo conductor de las noches aderezados con unas visuales de calidad que moldeen el ambiente al ritmo de la m\u00fasica. Su fiesta hermana , Vermuttr\u00f2nic, une la m\u00fasica con el arte en horario diurno, para los menos noct\u00e1mbulos.<\/p>\n\n\n\n<p class=\"has-text-align-left wp-block-paragraph\">Unidos por la experimentaci\u00f3n , con atm\u00f3sferas propias del techno mel\u00f3dico, <strong>Gonzalo Bautista<\/strong> (ex teclista de la banda post -rock <strong>Autumn Comets<\/strong>) y <strong>Nacho Urdia\u00edn<\/strong> son&nbsp;<strong>OCKTIVE<\/strong>. Naturales de <strong>Madrid<\/strong>, las producciones de este d\u00fao de m\u00fasicos electr\u00f3nicos ahondan en un sonido org\u00e1nico, c\u00e1lido y sampled\u00e9lico que sustancian texturas estimulantes, con querencias experimentales, desde estilos como el house primitivo, el 2-step, el electro, techno mel\u00f3dico, IDM, el deep-house o el ambient.<\/p>\n\n\n\n<p class=\"has-text-align-left wp-block-paragraph\"><strong>ALESADJ<\/strong> se encamina estos \u00faltimos a\u00f1os hacia la m\u00fasica electr\u00f3nica y sus sesiones destacan por el buen gusto y su manera de mezclar, pasando del \u00edtalo disco al techno, desde el electro al indie dance, seleccionando temas que te atrapan y llaman la curiosidad del p\u00fablico.<\/p>\n\n\n\n<p class=\"has-text-align-left wp-block-paragraph\">Natural de Madrid, <strong>GLEEZY<\/strong> es un artista emergente dem\u00fasica electronica. Con una amplia fuente de inspiraci\u00f3n que va desde la escena electr\u00f3nica de UK al hip-hop, su estilo junta un diverso reperorio con caracter\u00edsticas comunes como son los ritmos de baile del house y el breakbeat.<\/p>\n\n\n\n<p class=\"has-text-align-left wp-block-paragraph\"><strong>PLUTONITA<\/strong> es una dj muy conocida en la escena murciana y alicantina que ha paseado su m\u00fasica por toda la geograf\u00eda nacional. En\u00e9rgica y vivaracha nos llevar\u00e1 a su terreno con sonidos de lo m\u00e1s bailables dentro de una variedad de estilos en la m\u00fasica electr\u00f3nica.<\/p>\n<\/div>\n<\/div>\n\n\n\n<div style=\"height:100px\" aria-hidden=\"true\" class=\"wp-block-spacer\"><\/div>\n\n\n\n<hr class=\"wp-block-separator has-alpha-channel-opacity is-style-wide\"\/>\n\n\n\n<div style=\"height:100px\" aria-hidden=\"true\" class=\"wp-block-spacer\"><\/div>\n\n\n<h2 class=\"tribe-block__related-events__title\">Related Events<\/h2>\n\n<ul  class=\"tribe-related-events tribe-clearfix\" >\n\t\t\t<li>\n\t\n<div class=\"tribe-related-events-thumbnail\">\n\t<a href=\"https:\/\/cafelapalma.com\/en\/programacion\/funkin-donuts\/\" class=\"url\" rel=\"bookmark\" tabindex=\"-1\" aria-hidden=\"true\"><img loading=\"lazy\" decoding=\"async\" width=\"693\" height=\"1040\" src=\"https:\/\/cafelapalma.com\/wp-content\/uploads\/2026\/07\/FD-vert2-bn-693x1040.jpg\" class=\"attachment-large size-large wp-post-image\" alt=\"\" \/><\/a>\n<\/div>\n\t<div class=\"tribe-related-event-info\">\n\t<h3 class=\"tribe-related-events-title\">\n\t\t<a href=\"https:\/\/cafelapalma.com\/en\/programacion\/funkin-donuts\/\" class=\"tribe-event-url\" rel=\"bookmark\">\n\t\t\tFUNKIN&#8217; DONUTS\t\t<\/a>\n\t<\/h3>\n\t<span class=\"tribe-event-date-start\">5  September@22:00<\/span><span class=\"tribe-event-time\">23:45<\/span><\/div>\n<\/li>\n\t\t\t<li>\n\t\n<div class=\"tribe-related-events-thumbnail\">\n\t<a href=\"https:\/\/cafelapalma.com\/en\/programacion\/backstage-le-petit-truffle-mayo\/\" class=\"url\" rel=\"bookmark\" tabindex=\"-1\" aria-hidden=\"true\"><img loading=\"lazy\" decoding=\"async\" width=\"780\" height=\"1040\" src=\"https:\/\/cafelapalma.com\/wp-content\/uploads\/2026\/07\/Imagen-TruffleMayo-LePetit-i-1-780x1040.png\" class=\"attachment-large size-large wp-post-image\" alt=\"\" \/><\/a>\n<\/div>\n\t<div class=\"tribe-related-event-info\">\n\t<h3 class=\"tribe-related-events-title\">\n\t\t<a href=\"https:\/\/cafelapalma.com\/en\/programacion\/backstage-le-petit-truffle-mayo\/\" class=\"tribe-event-url\" rel=\"bookmark\">\n\t\t\tBACKSTAGE: LE PETIT + TRUFFLE MAYO\t\t<\/a>\n\t<\/h3>\n\t<span class=\"tribe-event-date-start\">5  September@23:55<\/span><\/div>\n<\/li>\n\t\t\t<li>\n\t\n<div class=\"tribe-related-events-thumbnail\">\n\t<a href=\"https:\/\/cafelapalma.com\/en\/programacion\/willie-deville-concierto-benefico-x-venezuela\/\" class=\"url\" rel=\"bookmark\" tabindex=\"-1\" aria-hidden=\"true\"><img loading=\"lazy\" decoding=\"async\" width=\"1020\" height=\"531\" src=\"https:\/\/cafelapalma.com\/wp-content\/uploads\/2026\/08\/Willie-deville-1100x572-1-1040x541.jpg\" class=\"attachment-large size-large wp-post-image\" alt=\"\" \/><\/a>\n<\/div>\n\t<div class=\"tribe-related-event-info\">\n\t<h3 class=\"tribe-related-events-title\">\n\t\t<a href=\"https:\/\/cafelapalma.com\/en\/programacion\/willie-deville-concierto-benefico-x-venezuela\/\" class=\"tribe-event-url\" rel=\"bookmark\">\n\t\t\tWILLIE DEVILLE: CONCIERTO BEN\u00c9FICO X VENEZUELA\t\t<\/a>\n\t<\/h3>\n\t<span class=\"tribe-event-date-start\">6  September@21:00<\/span><span class=\"tribe-event-time\">23:45<\/span><\/div>\n<\/li>\n\t<\/ul>","protected":false},"excerpt":{"rendered":"<p>TANZEN es una fiesta cuyo principal objetivo es el baile y surge de la idea de AlesaDJ de crear un colectivo en el que participen Djs y productores nacionales de m\u00fasica electr\u00f3nica y darlos a conocer en las salas y clubes m\u00e1s importantes.&nbsp; Con varias fiestas a sus espaldas, la m\u00fasica electr\u00f3nica en sus m\u00faltiples &hellip; <\/p>","protected":false},"author":2,"featured_media":27440,"template":"","meta":{"_tec_requires_first_save":false,"_uag_custom_page_level_css":"","loftloader_page_shortcode":"","_EventAllDay":false,"_EventTimezone":"Europe\/Madrid","_EventStartDate":"2023-11-11 23:50:00","_EventEndDate":"2023-11-11 23:55:00","_EventStartDateUTC":"2023-11-11 22:50:00","_EventEndDateUTC":"2023-11-11 22:55:00","_EventShowMap":false,"_EventShowMapLink":false,"_EventURL":"https:\/\/www.passline.com\/eventos\/tanzen","_EventCost":"9","_EventCostDescription":"","_EventCurrencySymbol":"\u20ac","_EventCurrencyCode":"","_EventCurrencyPosition":"suffix","_EventDateTimeSeparator":"@","_EventTimeRangeSeparator":"-","_EventOrganizerID":[],"_EventVenueID":[0],"_OrganizerEmail":"","_OrganizerPhone":"","_OrganizerWebsite":"","_VenueAddress":"","_VenueCity":"","_VenueCountry":"","_VenueProvince":"","_VenueState":"","_VenueZip":"","_VenuePhone":"","_VenueURL":"","_VenueStateProvince":"","_VenueLat":"","_VenueLng":"","_VenueShowMap":false,"_VenueShowMapLink":false,"_tribe_blocks_recurrence_rules":"","_tribe_blocks_recurrence_description":"","_tribe_blocks_recurrence_exclusions":"","_ecp_custom_2":"","_tribe_events_status":"","_tribe_events_status_reason":"","_tribe_events_is_hybrid":"","_tribe_events_is_virtual":"","_tribe_events_virtual_video_source":"","_tribe_events_virtual_embed_video":"","_tribe_events_virtual_linked_button_text":"","_tribe_events_virtual_linked_button":"","_tribe_events_virtual_show_embed_at":"","_tribe_events_virtual_show_embed_to":[],"_tribe_events_virtual_show_on_event":"","_tribe_events_virtual_show_on_views":"","_tribe_events_virtual_url":"","footnotes":""},"tags":[10473,10474,9323,13544,9674,10358,1363,9225,9557,9226,9227,10544,9317,1357,14570,13543,9309,13546,13545,13541,14571,13540,776],"tribe_events_cat":[8964],"class_list":["post-27438","tribe_events","type-tribe_events","status-publish","has-post-thumbnail","hentry","tag-alesa-dj","tag-alesadj","tag-ambient","tag-autumn-comets","tag-breakbeat","tag-breaks","tag-cafe-la-palma","tag-cafe-la-palma-clubbing","tag-deep-house","tag-djs-madrid","tag-djs-malasana","tag-dont-kill-my-vibes","tag-electro","tag-electronica","tag-gleezy","tag-gonzalo-bautista","tag-house","tag-idm","tag-nacho-urdiain","tag-ocktive","tag-plutonita","tag-tanzen","tag-techno","tribe_events_cat-clubbing","cat_clubbing"],"uagb_featured_image_src":{"full":["https:\/\/cafelapalma.com\/wp-content\/uploads\/2023\/10\/TANZEN-NOV-A3-LOW.jpg",297,420,false],"thumbnail":["https:\/\/cafelapalma.com\/wp-content\/uploads\/2023\/10\/TANZEN-NOV-A3-LOW-150x150.jpg",150,150,true],"medium":["https:\/\/cafelapalma.com\/wp-content\/uploads\/2023\/10\/TANZEN-NOV-A3-LOW-212x300.jpg",212,300,true],"medium_large":["https:\/\/cafelapalma.com\/wp-content\/uploads\/2023\/10\/TANZEN-NOV-A3-LOW.jpg",297,420,false],"large":["https:\/\/cafelapalma.com\/wp-content\/uploads\/2023\/10\/TANZEN-NOV-A3-LOW.jpg",297,420,false],"1536x1536":["https:\/\/cafelapalma.com\/wp-content\/uploads\/2023\/10\/TANZEN-NOV-A3-LOW.jpg",297,420,false],"2048x2048":["https:\/\/cafelapalma.com\/wp-content\/uploads\/2023\/10\/TANZEN-NOV-A3-LOW.jpg",297,420,false],"trp-custom-language-flag":["https:\/\/cafelapalma.com\/wp-content\/uploads\/2023\/10\/TANZEN-NOV-A3-LOW.jpg",8,12,false],"blossom-feminine-slider":["https:\/\/cafelapalma.com\/wp-content\/uploads\/2023\/10\/TANZEN-NOV-A3-LOW.jpg",297,420,false],"blossom-feminine-featured":["https:\/\/cafelapalma.com\/wp-content\/uploads\/2023\/10\/TANZEN-NOV-A3-LOW.jpg",297,420,false],"blossom-feminine-with-sidebar":["https:\/\/cafelapalma.com\/wp-content\/uploads\/2023\/10\/TANZEN-NOV-A3-LOW.jpg",297,420,false],"blossom-feminine-blog":["https:\/\/cafelapalma.com\/wp-content\/uploads\/2023\/10\/TANZEN-NOV-A3-LOW.jpg",297,420,false],"blossom-feminine-cat":["https:\/\/cafelapalma.com\/wp-content\/uploads\/2023\/10\/TANZEN-NOV-A3-LOW-297x300.jpg",297,300,true],"blossom-feminine-related":["https:\/\/cafelapalma.com\/wp-content\/uploads\/2023\/10\/TANZEN-NOV-A3-LOW-297x200.jpg",297,200,true],"blossom-feminine-schema":["https:\/\/cafelapalma.com\/wp-content\/uploads\/2023\/10\/TANZEN-NOV-A3-LOW-42x60.jpg",42,60,true]},"uagb_author_info":{"display_name":"Victor","author_link":"https:\/\/cafelapalma.com\/en\/author\/comunicacion\/"},"uagb_comment_info":0,"uagb_excerpt":"TANZEN es una fiesta cuyo principal objetivo es el baile y surge de la idea de AlesaDJ de crear un colectivo en el que participen Djs y productores nacionales de m\u00fasica electr\u00f3nica y darlos a conocer en las salas y clubes m\u00e1s importantes.&nbsp; Con varias fiestas a sus espaldas, la m\u00fasica electr\u00f3nica en sus m\u00faltiples&hellip;","_links":{"self":[{"href":"https:\/\/cafelapalma.com\/en\/wp-json\/wp\/v2\/tribe_events\/27438","targetHints":{"allow":["GET"]}}],"collection":[{"href":"https:\/\/cafelapalma.com\/en\/wp-json\/wp\/v2\/tribe_events"}],"about":[{"href":"https:\/\/cafelapalma.com\/en\/wp-json\/wp\/v2\/types\/tribe_events"}],"author":[{"embeddable":true,"href":"https:\/\/cafelapalma.com\/en\/wp-json\/wp\/v2\/users\/2"}],"version-history":[{"count":0,"href":"https:\/\/cafelapalma.com\/en\/wp-json\/wp\/v2\/tribe_events\/27438\/revisions"}],"wp:featuredmedia":[{"embeddable":true,"href":"https:\/\/cafelapalma.com\/en\/wp-json\/wp\/v2\/media\/27440"}],"wp:attachment":[{"href":"https:\/\/cafelapalma.com\/en\/wp-json\/wp\/v2\/media?parent=27438"}],"wp:term":[{"taxonomy":"post_tag","embeddable":true,"href":"https:\/\/cafelapalma.com\/en\/wp-json\/wp\/v2\/tags?post=27438"},{"taxonomy":"tribe_events_cat","embeddable":true,"href":"https:\/\/cafelapalma.com\/en\/wp-json\/wp\/v2\/tribe_events_cat?post=27438"}],"curies":[{"name":"wp","href":"https:\/\/api.w.org\/{rel}","templated":true}]}}