{"id":27535,"date":"2023-11-07T14:12:42","date_gmt":"2023-11-07T13:12:42","guid":{"rendered":"https:\/\/cafelapalma.com\/?post_type=tribe_events&#038;p=27535"},"modified":"2023-11-21T11:08:09","modified_gmt":"2023-11-21T10:08:09","slug":"pluriel-1","status":"publish","type":"tribe_events","link":"https:\/\/cafelapalma.com\/en\/programacion\/pluriel-1\/","title":{"rendered":"PLURIEL"},"content":{"rendered":"<div  class=\"tribe-events-schedule tribe-clearfix\" >\n\t<p class=\"tribe-events-schedule__datetime\">\n\t\t<span class=\"tribe-events-schedule__date tribe-events-schedule__date--start\">\n\t\t\t09  December  2023\t\t<\/span>\n\n\t\t\t\t\t<span class=\"tribe-events-schedule__separator tribe-events-schedule__separator--date\">\n\t\t\t\t@\t\t\t<\/span>\n\t\t\t<span class=\"tribe-events-schedule__time tribe-events-schedule__time--start\">\n\t\t\t\t23:50\t\t\t<\/span>\n\t\t\n\t\t\t\t\t\t\t\t\t<span class=\"tribe-events-schedule__separator tribe-events-schedule__separator--time\">\n\t\t\t\t\t&#8211;\t\t\t\t<\/span>\n\t\t\t\n\t\t\t\t\t\t\t<span class=\"tribe-events-schedule__time tribe-events-schedule__time--end\">\n\t\t\t\t\t23:55\t\t\t\t<\/span>\n\t\t\t\n\t\t\t\t\t\t<\/p>\n<\/div>\n\n\n<div  class=\"tribe-block tribe-block__event-price\" >\n\t\t\t<span class=\"tribe-block__event-price__cost\"> ENTRADA LIBRE <\/span>\n\t\t\t\t<span class=\"tribe-block__event-price__description\">TAQUILLA 11\u20ac de 01:30 a cierre [ Incluye CONSUMICI\u00d3N ]<\/span>\n\t<\/div>\n\n\n\n<div style=\"height:100px\" aria-hidden=\"true\" class=\"wp-block-spacer\"><\/div>\n\n\n\n<div class=\"wp-block-columns is-layout-flex wp-container-core-columns-is-layout-8f761849 wp-block-columns-is-layout-flex\">\n<div class=\"wp-block-column is-layout-flow wp-block-column-is-layout-flow\" style=\"flex-basis:33.33%\">\n<figure class=\"wp-block-image size-large\"><img loading=\"lazy\" decoding=\"async\" width=\"744\" height=\"1040\" src=\"https:\/\/cafelapalma.com\/wp-content\/uploads\/2023\/11\/PLURIEL-A3-LOW-1-744x1040.jpg\" alt=\"\" class=\"wp-image-27604\" srcset=\"https:\/\/cafelapalma.com\/wp-content\/uploads\/2023\/11\/PLURIEL-A3-LOW-1-744x1040.jpg 744w, https:\/\/cafelapalma.com\/wp-content\/uploads\/2023\/11\/PLURIEL-A3-LOW-1-215x300.jpg 215w, https:\/\/cafelapalma.com\/wp-content\/uploads\/2023\/11\/PLURIEL-A3-LOW-1-768x1074.jpg 768w, https:\/\/cafelapalma.com\/wp-content\/uploads\/2023\/11\/PLURIEL-A3-LOW-1-1099x1536.jpg 1099w, https:\/\/cafelapalma.com\/wp-content\/uploads\/2023\/11\/PLURIEL-A3-LOW-1-1465x2048.jpg 1465w, https:\/\/cafelapalma.com\/wp-content\/uploads\/2023\/11\/PLURIEL-A3-LOW-1-43x60.jpg 43w, https:\/\/cafelapalma.com\/wp-content\/uploads\/2023\/11\/PLURIEL-A3-LOW-1.jpg 1826w\" sizes=\"auto, (max-width: 744px) 100vw, 744px\" \/><\/figure>\n<\/div>\n\n\n\n<div class=\"wp-block-column is-layout-flow wp-block-column-is-layout-flow\" style=\"flex-basis:66.66%\">\n<p class=\"wp-block-paragraph\"><\/p>\n\n\n\n<p class=\"has-text-align-left wp-block-paragraph\"><strong>PLURIEL <\/strong>es un evento&nbsp;que consiste en un espacio seguro en el que podr\u00e1s&nbsp;vibrar y bailar disfrutando y compartiendo los valores que representan a este colectivo: paz, amor, unidad y respeto. A la cabina:<\/p>\n\n\n\n<p class=\"has-text-align-left wp-block-paragraph\"><strong>RAQUEL X<\/strong>, originaria de <strong>Barcelona <\/strong>y residente actualmente en <strong>Madrid<\/strong>, viene pisando fuerte y se est\u00e1 haciendo un hueco en la escena del techno madrile\u00f1a gracias a su estilo <em>groovy <\/em>mezclado siempre con un componente hard.<\/p>\n\n\n\n<p class=\"has-text-align-left wp-block-paragraph\"><strong>SIM\u00d3N PORZIO<\/strong> es un Dj de <strong>Vigo <\/strong>residente en <strong>Madrid<\/strong> amante del Hard Groove y Hard Techno. A los platos, busca sorprender y divertir al p\u00fablico, para lo que recurre a cambios de ritmo, vocales hiphoperas y a la mezcla de g\u00e9neros.<\/p>\n\n\n\n<p class=\"has-text-align-left wp-block-paragraph\"><strong>ROMA FARAH<\/strong> es un Dj y productor de <strong>Madrid<\/strong>, con ascendencia bosnia. Su obsesi\u00f3n desde peque\u00f1o por todos los g\u00e9neros musicales le han llevado a ponerse delante de los platos y transmitir su pasi\u00f3n&nbsp;por la m\u00fasica a todo el que le escuche. Muy influenciado&nbsp;por el Hip Hop y los sonidos \u00e9tnicos que mezcla con el techno m\u00e1s <em>groovy<\/em>, sus sesiones siempre est\u00e1n llenas de energ\u00eda y sorpresas.<\/p>\n\n\n\n<p class=\"has-text-align-left wp-block-paragraph\"><strong>C.SUITE<\/strong> es un artista asturiano emergente con un background variado. Sus primeras influencias fueron el italo disco y euro dance de principios del 2000, junto con el rap y otros g\u00e9neros urbanos. Desde hace 4 a\u00f1os el house y el techno han cobrado protagonismo, desarrollando sesiones groovy y con fuerte componente \u00e1cido.<\/p>\n\n\n\n<p class=\"has-text-align-left wp-block-paragraph\"><strong>DULAS COSTA<\/strong> es un dj asturiano con m\u00e1s de una d\u00e9cada en las cabinas. Sus primeros contactos con la m\u00fasica electr\u00f3nica empiezan con la m\u00fasica m\u00e1quina y la electr\u00f3nica de los 2000. Sesiones cargadas de afro house con mucho groove y toques tribales y minimal tech que os har\u00e1n bailar a todos hasta que se os rompan los zapatos.<\/p>\n<\/div>\n<\/div>\n\n\n\n<div style=\"height:100px\" aria-hidden=\"true\" class=\"wp-block-spacer\"><\/div>\n\n\n\n<hr class=\"wp-block-separator has-alpha-channel-opacity\"\/>\n\n\n\n<div style=\"height:100px\" aria-hidden=\"true\" class=\"wp-block-spacer\"><\/div>\n\n\n<h2 class=\"tribe-block__related-events__title\">Related Events<\/h2>\n\n<ul  class=\"tribe-related-events tribe-clearfix\" >\n\t\t\t<li>\n\t\n<div class=\"tribe-related-events-thumbnail\">\n\t<a href=\"https:\/\/cafelapalma.com\/en\/programacion\/funkin-donuts\/\" class=\"url\" rel=\"bookmark\" tabindex=\"-1\" aria-hidden=\"true\"><img loading=\"lazy\" decoding=\"async\" width=\"693\" height=\"1040\" src=\"https:\/\/cafelapalma.com\/wp-content\/uploads\/2026\/07\/FD-vert2-bn-693x1040.jpg\" class=\"attachment-large size-large wp-post-image\" alt=\"\" \/><\/a>\n<\/div>\n\t<div class=\"tribe-related-event-info\">\n\t<h3 class=\"tribe-related-events-title\">\n\t\t<a href=\"https:\/\/cafelapalma.com\/en\/programacion\/funkin-donuts\/\" class=\"tribe-event-url\" rel=\"bookmark\">\n\t\t\tFUNKIN&#8217; DONUTS\t\t<\/a>\n\t<\/h3>\n\t<span class=\"tribe-event-date-start\">5  September@22:00<\/span><span class=\"tribe-event-time\">23:45<\/span><\/div>\n<\/li>\n\t\t\t<li>\n\t\n<div class=\"tribe-related-events-thumbnail\">\n\t<a href=\"https:\/\/cafelapalma.com\/en\/programacion\/backstage-le-petit-truffle-mayo\/\" class=\"url\" rel=\"bookmark\" tabindex=\"-1\" aria-hidden=\"true\"><img loading=\"lazy\" decoding=\"async\" width=\"780\" height=\"1040\" src=\"https:\/\/cafelapalma.com\/wp-content\/uploads\/2026\/07\/Imagen-TruffleMayo-LePetit-i-1-780x1040.png\" class=\"attachment-large size-large wp-post-image\" alt=\"\" \/><\/a>\n<\/div>\n\t<div class=\"tribe-related-event-info\">\n\t<h3 class=\"tribe-related-events-title\">\n\t\t<a href=\"https:\/\/cafelapalma.com\/en\/programacion\/backstage-le-petit-truffle-mayo\/\" class=\"tribe-event-url\" rel=\"bookmark\">\n\t\t\tBACKSTAGE: LE PETIT + TRUFFLE MAYO\t\t<\/a>\n\t<\/h3>\n\t<span class=\"tribe-event-date-start\">5  September@23:55<\/span><\/div>\n<\/li>\n\t\t\t<li>\n\t\n<div class=\"tribe-related-events-thumbnail\">\n\t<a href=\"https:\/\/cafelapalma.com\/en\/programacion\/willie-deville-concierto-benefico-x-venezuela\/\" class=\"url\" rel=\"bookmark\" tabindex=\"-1\" aria-hidden=\"true\"><img loading=\"lazy\" decoding=\"async\" width=\"1020\" height=\"531\" src=\"https:\/\/cafelapalma.com\/wp-content\/uploads\/2026\/08\/Willie-deville-1100x572-1-1040x541.jpg\" class=\"attachment-large size-large wp-post-image\" alt=\"\" \/><\/a>\n<\/div>\n\t<div class=\"tribe-related-event-info\">\n\t<h3 class=\"tribe-related-events-title\">\n\t\t<a href=\"https:\/\/cafelapalma.com\/en\/programacion\/willie-deville-concierto-benefico-x-venezuela\/\" class=\"tribe-event-url\" rel=\"bookmark\">\n\t\t\tWILLIE DEVILLE: CONCIERTO BEN\u00c9FICO X VENEZUELA\t\t<\/a>\n\t<\/h3>\n\t<span class=\"tribe-event-date-start\">6  September@21:00<\/span><span class=\"tribe-event-time\">23:45<\/span><\/div>\n<\/li>\n\t<\/ul>\n","protected":false},"excerpt":{"rendered":"<p>PLURIEL es un evento&nbsp;que consiste en un espacio seguro en el que podr\u00e1s&nbsp;vibrar y bailar disfrutando y compartiendo los valores que representan a este colectivo: paz, amor, unidad y respeto. A la cabina: RAQUEL X, originaria de Barcelona y residente actualmente en Madrid, viene pisando fuerte y se est\u00e1 haciendo un hueco en la escena &hellip; <\/p>","protected":false},"author":2,"featured_media":27537,"template":"","meta":{"_tec_requires_first_save":false,"_uag_custom_page_level_css":"","loftloader_page_shortcode":"","_EventAllDay":false,"_EventTimezone":"Europe\/Madrid","_EventStartDate":"2023-12-09 23:50:00","_EventEndDate":"2023-12-09 23:55:00","_EventStartDateUTC":"2023-12-09 22:50:00","_EventEndDateUTC":"2023-12-09 22:55:00","_EventShowMap":false,"_EventShowMapLink":false,"_EventURL":"","_EventCost":"ENTRADA LIBRE","_EventCostDescription":"","_EventCurrencySymbol":"\u20ac","_EventCurrencyCode":"USD","_EventCurrencyPosition":"suffix","_EventDateTimeSeparator":"@","_EventTimeRangeSeparator":"-","_EventOrganizerID":[],"_EventVenueID":[],"_OrganizerEmail":"","_OrganizerPhone":"","_OrganizerWebsite":"","_VenueAddress":"","_VenueCity":"","_VenueCountry":"","_VenueProvince":"","_VenueState":"","_VenueZip":"","_VenuePhone":"","_VenueURL":"","_VenueStateProvince":"","_VenueLat":"","_VenueLng":"","_VenueShowMap":false,"_VenueShowMapLink":false,"_tribe_blocks_recurrence_rules":"","_tribe_blocks_recurrence_description":"","_tribe_blocks_recurrence_exclusions":"","_ecp_custom_2":"","_tribe_events_status":"","_tribe_events_status_reason":"","_tribe_events_is_hybrid":"","_tribe_events_is_virtual":"","_tribe_events_virtual_video_source":"","_tribe_events_virtual_embed_video":"","_tribe_events_virtual_linked_button_text":"","_tribe_events_virtual_linked_button":"","_tribe_events_virtual_show_embed_at":"","_tribe_events_virtual_show_embed_to":[],"_tribe_events_virtual_show_on_event":"","_tribe_events_virtual_show_on_views":"","_tribe_events_virtual_url":"","footnotes":""},"tags":[9545,14632,14634,8869,1363,9225,9226,9227,14633,1357,10992,14635,14069,9309,11034,9559,14636,14628,14629,14631,14630,776],"tribe_events_cat":[8964],"class_list":["post-27535","tribe_events","type-tribe_events","status-publish","has-post-thumbnail","hentry","tag-acid","tag-c-suite","tag-c-suite-2","tag-cafe-la-palma-2","tag-cafe-la-palma","tag-cafe-la-palma-clubbing","tag-djs-madrid","tag-djs-malasana","tag-dulas-costa","tag-electronica","tag-espacio-seguro","tag-euro-dance","tag-groovy","tag-house","tag-italo-disco","tag-minimal","tag-minimal-tech","tag-pluriel","tag-raquel-x","tag-roma-farah","tag-simon-porzio","tag-techno","tribe_events_cat-clubbing","cat_clubbing"],"uagb_featured_image_src":{"full":["https:\/\/cafelapalma.com\/wp-content\/uploads\/2023\/11\/PLURIELFRONT.jpg",1080,1920,false],"thumbnail":["https:\/\/cafelapalma.com\/wp-content\/uploads\/2023\/11\/PLURIELFRONT-150x150.jpg",150,150,true],"medium":["https:\/\/cafelapalma.com\/wp-content\/uploads\/2023\/11\/PLURIELFRONT-169x300.jpg",169,300,true],"medium_large":["https:\/\/cafelapalma.com\/wp-content\/uploads\/2023\/11\/PLURIELFRONT-768x1365.jpg",768,1365,true],"large":["https:\/\/cafelapalma.com\/wp-content\/uploads\/2023\/11\/PLURIELFRONT-585x1040.jpg",585,1040,true],"1536x1536":["https:\/\/cafelapalma.com\/wp-content\/uploads\/2023\/11\/PLURIELFRONT-864x1536.jpg",864,1536,true],"2048x2048":["https:\/\/cafelapalma.com\/wp-content\/uploads\/2023\/11\/PLURIELFRONT.jpg",1080,1920,false],"trp-custom-language-flag":["https:\/\/cafelapalma.com\/wp-content\/uploads\/2023\/11\/PLURIELFRONT.jpg",7,12,false],"blossom-feminine-slider":["https:\/\/cafelapalma.com\/wp-content\/uploads\/2023\/11\/PLURIELFRONT-1080x649.jpg",1080,649,true],"blossom-feminine-featured":["https:\/\/cafelapalma.com\/wp-content\/uploads\/2023\/11\/PLURIELFRONT-1080x600.jpg",1080,600,true],"blossom-feminine-with-sidebar":["https:\/\/cafelapalma.com\/wp-content\/uploads\/2023\/11\/PLURIELFRONT-1020x600.jpg",1020,600,true],"blossom-feminine-blog":["https:\/\/cafelapalma.com\/wp-content\/uploads\/2023\/11\/PLURIELFRONT-435x435.jpg",435,435,true],"blossom-feminine-cat":["https:\/\/cafelapalma.com\/wp-content\/uploads\/2023\/11\/PLURIELFRONT-450x300.jpg",450,300,true],"blossom-feminine-related":["https:\/\/cafelapalma.com\/wp-content\/uploads\/2023\/11\/PLURIELFRONT-320x200.jpg",320,200,true],"blossom-feminine-schema":["https:\/\/cafelapalma.com\/wp-content\/uploads\/2023\/11\/PLURIELFRONT-34x60.jpg",34,60,true]},"uagb_author_info":{"display_name":"Victor","author_link":"https:\/\/cafelapalma.com\/en\/author\/comunicacion\/"},"uagb_comment_info":0,"uagb_excerpt":"PLURIEL es un evento&nbsp;que consiste en un espacio seguro en el que podr\u00e1s&nbsp;vibrar y bailar disfrutando y compartiendo los valores que representan a este colectivo: paz, amor, unidad y respeto. A la cabina: RAQUEL X, originaria de Barcelona y residente actualmente en Madrid, viene pisando fuerte y se est\u00e1 haciendo un hueco en la escena&hellip;","_links":{"self":[{"href":"https:\/\/cafelapalma.com\/en\/wp-json\/wp\/v2\/tribe_events\/27535","targetHints":{"allow":["GET"]}}],"collection":[{"href":"https:\/\/cafelapalma.com\/en\/wp-json\/wp\/v2\/tribe_events"}],"about":[{"href":"https:\/\/cafelapalma.com\/en\/wp-json\/wp\/v2\/types\/tribe_events"}],"author":[{"embeddable":true,"href":"https:\/\/cafelapalma.com\/en\/wp-json\/wp\/v2\/users\/2"}],"version-history":[{"count":0,"href":"https:\/\/cafelapalma.com\/en\/wp-json\/wp\/v2\/tribe_events\/27535\/revisions"}],"wp:featuredmedia":[{"embeddable":true,"href":"https:\/\/cafelapalma.com\/en\/wp-json\/wp\/v2\/media\/27537"}],"wp:attachment":[{"href":"https:\/\/cafelapalma.com\/en\/wp-json\/wp\/v2\/media?parent=27535"}],"wp:term":[{"taxonomy":"post_tag","embeddable":true,"href":"https:\/\/cafelapalma.com\/en\/wp-json\/wp\/v2\/tags?post=27535"},{"taxonomy":"tribe_events_cat","embeddable":true,"href":"https:\/\/cafelapalma.com\/en\/wp-json\/wp\/v2\/tribe_events_cat?post=27535"}],"curies":[{"name":"wp","href":"https:\/\/api.w.org\/{rel}","templated":true}]}}