{"id":27584,"date":"2023-11-17T11:44:55","date_gmt":"2023-11-17T10:44:55","guid":{"rendered":"https:\/\/cafelapalma.com\/?post_type=tribe_events&#038;p=27584"},"modified":"2023-11-21T18:17:02","modified_gmt":"2023-11-21T17:17:02","slug":"tenda-doplers","status":"publish","type":"tribe_events","link":"https:\/\/cafelapalma.com\/en\/programacion\/tenda-doplers\/","title":{"rendered":"TENDA + DOPLERS"},"content":{"rendered":"<div  class=\"tribe-events-schedule tribe-clearfix\" >\n\t<p class=\"tribe-events-schedule__datetime\">\n\t\t<span class=\"tribe-events-schedule__date tribe-events-schedule__date--start\">\n\t\t\t22  December  2023\t\t<\/span>\n\n\t\t\t\t\t<span class=\"tribe-events-schedule__separator tribe-events-schedule__separator--date\">\n\t\t\t\t@\t\t\t<\/span>\n\t\t\t<span class=\"tribe-events-schedule__time tribe-events-schedule__time--start\">\n\t\t\t\t21:30\t\t\t<\/span>\n\t\t\n\t\t\t\t\t\t\t\t\t<span class=\"tribe-events-schedule__separator tribe-events-schedule__separator--time\">\n\t\t\t\t\t&#8211;\t\t\t\t<\/span>\n\t\t\t\n\t\t\t\t\t\t\t<span class=\"tribe-events-schedule__time tribe-events-schedule__time--end\">\n\t\t\t\t\t23:45\t\t\t\t<\/span>\n\t\t\t\n\t\t\t\t\t\t<\/p>\n<\/div>\n\n\n<div  class=\"tribe-block tribe-block__event-price\" >\n\t\t\t<span class=\"tribe-block__event-price__cost\"> 8\u20ac <\/span>\n\t\t\t\t<span class=\"tribe-block__event-price__description\">+ gg Anticipada | 10\u20ac Taquilla<\/span>\n\t<\/div>\n\n\n\n<div style=\"height:100px\" aria-hidden=\"true\" class=\"wp-block-spacer\"><\/div>\n\n\n\n<div class=\"wp-block-columns is-layout-flex wp-container-core-columns-is-layout-8f761849 wp-block-columns-is-layout-flex\">\n<div class=\"wp-block-column is-layout-flow wp-block-column-is-layout-flow\" style=\"flex-basis:33.33%\">\n<figure class=\"wp-block-image size-large\"><img loading=\"lazy\" decoding=\"async\" width=\"832\" height=\"1040\" src=\"https:\/\/cafelapalma.com\/wp-content\/uploads\/2023\/11\/TENDA-A-3-LOW-832x1040.jpg\" alt=\"\" class=\"wp-image-27585\" srcset=\"https:\/\/cafelapalma.com\/wp-content\/uploads\/2023\/11\/TENDA-A-3-LOW-832x1040.jpg 832w, https:\/\/cafelapalma.com\/wp-content\/uploads\/2023\/11\/TENDA-A-3-LOW-240x300.jpg 240w, https:\/\/cafelapalma.com\/wp-content\/uploads\/2023\/11\/TENDA-A-3-LOW-768x960.jpg 768w, https:\/\/cafelapalma.com\/wp-content\/uploads\/2023\/11\/TENDA-A-3-LOW-1229x1536.jpg 1229w, https:\/\/cafelapalma.com\/wp-content\/uploads\/2023\/11\/TENDA-A-3-LOW-1638x2048.jpg 1638w, https:\/\/cafelapalma.com\/wp-content\/uploads\/2023\/11\/TENDA-A-3-LOW-48x60.jpg 48w\" sizes=\"auto, (max-width: 832px) 100vw, 832px\" \/><\/figure>\n\n\n<div  class=\"tribe-block tribe-block__event-website\" >\n\t<a\n\t\thref=\"https:\/\/www.enterticket.es\/eventos\/concierto-tenda-doplers-138651\"\n\t\ttarget=\"_self\"\n\t\t\t>\n\t\tBUY TICKETS\t<\/a>\n<\/div>\n<\/div>\n\n\n\n<div class=\"wp-block-column is-layout-flow wp-block-column-is-layout-flow\" style=\"flex-basis:66.66%\">\n<p class=\"has-text-align-left wp-block-paragraph\"><strong>DOPLERS <\/strong>es una banda de garage rock compuesta por <strong>Francho<\/strong> y <strong>Serxu <\/strong>a las guitarras, <strong>Mar\u00eda <\/strong>al bajo, <strong>F\u00e9lix <\/strong>en la bater\u00eda y <strong>Pablo <\/strong>como vocalista principal.&nbsp;Con su pr\u00f3ximo EP <strong><em>\u201cCosas de cada a\u00f1o\u201d<\/em><\/strong> la banda gana profundidad compositiva con un sonido mucho m\u00e1s definido, un trabajo rompedor en todos los sentidos de la palabra.&nbsp;Rabia, energ\u00eda y creatividad son adjetivos que describen al proyecto que ha recorrido muchas de las salas de la capital, y que&nbsp;crea una atm\u00f3sfera que \u00fanicamente se puede explicar al escucharles.<\/p>\n\n\n\n<p class=\"has-text-align-left wp-block-paragraph\"><strong>TENDA <\/strong>es una banda de cuatro chavales de <strong>Valencia <\/strong>que se juntaron para hacer&nbsp;la m\u00fasica que quer\u00edan escuchar. Desde 2017, <strong>Mart\u00edn Tarras\u00f3<\/strong> (voz y guitarra), <strong>Claudi Penalba <\/strong>(guitarra solista), <strong>Evarist Caselles<\/strong> (bajo) y <strong>Guillem Magraner<\/strong> (bater\u00eda) no han parado de crear un&nbsp;indie pop rock<em>&nbsp;<\/em>en espa\u00f1ol y en valenciano lleno de sue\u00f1os, reflexiones, desenga\u00f1os y mucho amor, haci\u00e9ndose un importante hueco en la escena musical valenciana. Despu\u00e9s de los tres emocionantes sencillos <strong><em>\u201cHa cambiado\u201d<\/em><\/strong>, <strong><em>\u201cSi me voy\u201d<\/em><\/strong> y <strong><em>\u201cEl sitio de siempre\u201d<\/em><\/strong>, llegan ahora <strong><em>\u201cEntre las flores\u201d<\/em><\/strong> y <strong><em>\u201cPor casualidad\u201d<\/em><\/strong>, dos temas en apariencia opuestos pero cargados ambos de una gran fuerza y profundidad emocional. Tenda nos brinda una nueva propuesta desinhibida, con <strong>Roger Garc\u00eda<\/strong> (<strong>RPM Estudios<\/strong>) a los mandos de la producci\u00f3n musical para expresar la sensibilidad \u00fanica de la banda.<\/p>\n<\/div>\n<\/div>\n\n\n\n<div style=\"height:100px\" aria-hidden=\"true\" class=\"wp-block-spacer\"><\/div>\n\n\n\n<hr class=\"wp-block-separator has-alpha-channel-opacity\"\/>\n\n\n\n<div style=\"height:100px\" aria-hidden=\"true\" class=\"wp-block-spacer\"><\/div>\n\n\n<h2 class=\"tribe-block__related-events__title\">Related Events<\/h2>\n\n<ul  class=\"tribe-related-events tribe-clearfix\" >\n\t\t\t<li>\n\t\n<div class=\"tribe-related-events-thumbnail\">\n\t<a href=\"https:\/\/cafelapalma.com\/en\/programacion\/funkin-donuts\/\" class=\"url\" rel=\"bookmark\" tabindex=\"-1\" aria-hidden=\"true\"><img loading=\"lazy\" decoding=\"async\" width=\"693\" height=\"1040\" src=\"https:\/\/cafelapalma.com\/wp-content\/uploads\/2026\/07\/FD-vert2-bn-693x1040.jpg\" class=\"attachment-large size-large wp-post-image\" alt=\"\" \/><\/a>\n<\/div>\n\t<div class=\"tribe-related-event-info\">\n\t<h3 class=\"tribe-related-events-title\">\n\t\t<a href=\"https:\/\/cafelapalma.com\/en\/programacion\/funkin-donuts\/\" class=\"tribe-event-url\" rel=\"bookmark\">\n\t\t\tFUNKIN&#8217; DONUTS\t\t<\/a>\n\t<\/h3>\n\t<span class=\"tribe-event-date-start\">5  September@22:00<\/span><span class=\"tribe-event-time\">23:45<\/span><\/div>\n<\/li>\n\t\t\t<li>\n\t\n<div class=\"tribe-related-events-thumbnail\">\n\t<a href=\"https:\/\/cafelapalma.com\/en\/programacion\/backstage-le-petit-truffle-mayo\/\" class=\"url\" rel=\"bookmark\" tabindex=\"-1\" aria-hidden=\"true\"><img loading=\"lazy\" decoding=\"async\" width=\"780\" height=\"1040\" src=\"https:\/\/cafelapalma.com\/wp-content\/uploads\/2026\/07\/Imagen-TruffleMayo-LePetit-i-1-780x1040.png\" class=\"attachment-large size-large wp-post-image\" alt=\"\" \/><\/a>\n<\/div>\n\t<div class=\"tribe-related-event-info\">\n\t<h3 class=\"tribe-related-events-title\">\n\t\t<a href=\"https:\/\/cafelapalma.com\/en\/programacion\/backstage-le-petit-truffle-mayo\/\" class=\"tribe-event-url\" rel=\"bookmark\">\n\t\t\tBACKSTAGE: LE PETIT + TRUFFLE MAYO\t\t<\/a>\n\t<\/h3>\n\t<span class=\"tribe-event-date-start\">5  September@23:55<\/span><\/div>\n<\/li>\n\t\t\t<li>\n\t\n<div class=\"tribe-related-events-thumbnail\">\n\t<a href=\"https:\/\/cafelapalma.com\/en\/programacion\/willie-deville-concierto-benefico-x-venezuela\/\" class=\"url\" rel=\"bookmark\" tabindex=\"-1\" aria-hidden=\"true\"><img loading=\"lazy\" decoding=\"async\" width=\"1020\" height=\"531\" src=\"https:\/\/cafelapalma.com\/wp-content\/uploads\/2026\/08\/Willie-deville-1100x572-1-1040x541.jpg\" class=\"attachment-large size-large wp-post-image\" alt=\"\" \/><\/a>\n<\/div>\n\t<div class=\"tribe-related-event-info\">\n\t<h3 class=\"tribe-related-events-title\">\n\t\t<a href=\"https:\/\/cafelapalma.com\/en\/programacion\/willie-deville-concierto-benefico-x-venezuela\/\" class=\"tribe-event-url\" rel=\"bookmark\">\n\t\t\tWILLIE DEVILLE: CONCIERTO BEN\u00c9FICO X VENEZUELA\t\t<\/a>\n\t<\/h3>\n\t<span class=\"tribe-event-date-start\">6  September@21:00<\/span><span class=\"tribe-event-time\">23:45<\/span><\/div>\n<\/li>\n\t<\/ul>","protected":false},"excerpt":{"rendered":"<p>DOPLERS es una banda de garage rock compuesta por Francho y Serxu a las guitarras, Mar\u00eda al bajo, F\u00e9lix en la bater\u00eda y Pablo como vocalista principal.&nbsp;Con su pr\u00f3ximo EP \u201cCosas de cada a\u00f1o\u201d la banda gana profundidad compositiva con un sonido mucho m\u00e1s definido, un trabajo rompedor en todos los sentidos de la palabra.&nbsp;Rabia, &hellip; <\/p>","protected":false},"author":2,"featured_media":27586,"template":"","meta":{"_tec_requires_first_save":false,"_uag_custom_page_level_css":"","loftloader_page_shortcode":"","_EventAllDay":false,"_EventTimezone":"Europe\/Madrid","_EventStartDate":"2023-12-22 21:30:00","_EventEndDate":"2023-12-22 23:45:00","_EventStartDateUTC":"2023-12-22 20:30:00","_EventEndDateUTC":"2023-12-22 22:45:00","_EventShowMap":false,"_EventShowMapLink":false,"_EventURL":"https:\/\/www.enterticket.es\/eventos\/concierto-tenda-doplers-138651","_EventCost":"8","_EventCostDescription":"","_EventCurrencySymbol":"\u20ac","_EventCurrencyCode":"USD","_EventCurrencyPosition":"suffix","_EventDateTimeSeparator":"@","_EventTimeRangeSeparator":"-","_EventOrganizerID":[],"_EventVenueID":[],"_OrganizerEmail":"","_OrganizerPhone":"","_OrganizerWebsite":"","_VenueAddress":"","_VenueCity":"","_VenueCountry":"","_VenueProvince":"","_VenueState":"","_VenueZip":"","_VenuePhone":"","_VenueURL":"","_VenueStateProvince":"","_VenueLat":"","_VenueLng":"","_VenueShowMap":false,"_VenueShowMapLink":false,"_tribe_blocks_recurrence_rules":"","_tribe_blocks_recurrence_description":"","_tribe_blocks_recurrence_exclusions":"","_ecp_custom_2":"","_tribe_events_status":"","_tribe_events_status_reason":"","_tribe_events_is_hybrid":"","_tribe_events_is_virtual":"","_tribe_events_virtual_video_source":"","_tribe_events_virtual_embed_video":"","_tribe_events_virtual_linked_button_text":"","_tribe_events_virtual_linked_button":"","_tribe_events_virtual_show_embed_at":"","_tribe_events_virtual_show_embed_to":[],"_tribe_events_virtual_show_on_event":"","_tribe_events_virtual_show_on_views":"","_tribe_events_virtual_url":"","footnotes":""},"tags":[1363,8869,14688,2865,9147,9146,14686,14685,14693,14694,14689,9778,14690,14691,8970,9288,14687,1355,9164,14695,1354,14696,14697,14692,14684,10054],"tribe_events_cat":[8963],"class_list":["post-27584","tribe_events","type-tribe_events","status-publish","has-post-thumbnail","hentry","tag-cafe-la-palma","tag-cafe-la-palma-2","tag-claudi-penalba","tag-conciertos-cafe-la-palma","tag-conciertos-madrid","tag-conciertos-malasana","tag-cosas-de-cada-ano","tag-doplers","tag-el-sitio-de-siempre","tag-entre-las-flores","tag-evarist-caselles","tag-garage-rock","tag-guillem-magraner","tag-ha-cambiado","tag-indie","tag-indie-pop","tag-martin-tarraso","tag-pop","tag-pop-rock-2","tag-por-casualidad","tag-rock","tag-roger-garcia","tag-rpm-estudios","tag-si-me-voy","tag-tenda","tag-valencia","tribe_events_cat-concierto","cat_concierto"],"uagb_featured_image_src":{"full":["https:\/\/cafelapalma.com\/wp-content\/uploads\/2023\/11\/TENDA-PIC.jpg",1064,1600,false],"thumbnail":["https:\/\/cafelapalma.com\/wp-content\/uploads\/2023\/11\/TENDA-PIC-150x150.jpg",150,150,true],"medium":["https:\/\/cafelapalma.com\/wp-content\/uploads\/2023\/11\/TENDA-PIC-200x300.jpg",200,300,true],"medium_large":["https:\/\/cafelapalma.com\/wp-content\/uploads\/2023\/11\/TENDA-PIC-768x1155.jpg",768,1155,true],"large":["https:\/\/cafelapalma.com\/wp-content\/uploads\/2023\/11\/TENDA-PIC-692x1040.jpg",692,1040,true],"1536x1536":["https:\/\/cafelapalma.com\/wp-content\/uploads\/2023\/11\/TENDA-PIC-1021x1536.jpg",1021,1536,true],"2048x2048":["https:\/\/cafelapalma.com\/wp-content\/uploads\/2023\/11\/TENDA-PIC.jpg",1064,1600,false],"trp-custom-language-flag":["https:\/\/cafelapalma.com\/wp-content\/uploads\/2023\/11\/TENDA-PIC.jpg",8,12,false],"blossom-feminine-slider":["https:\/\/cafelapalma.com\/wp-content\/uploads\/2023\/11\/TENDA-PIC-1064x649.jpg",1064,649,true],"blossom-feminine-featured":["https:\/\/cafelapalma.com\/wp-content\/uploads\/2023\/11\/TENDA-PIC-1064x600.jpg",1064,600,true],"blossom-feminine-with-sidebar":["https:\/\/cafelapalma.com\/wp-content\/uploads\/2023\/11\/TENDA-PIC-1020x600.jpg",1020,600,true],"blossom-feminine-blog":["https:\/\/cafelapalma.com\/wp-content\/uploads\/2023\/11\/TENDA-PIC-435x435.jpg",435,435,true],"blossom-feminine-cat":["https:\/\/cafelapalma.com\/wp-content\/uploads\/2023\/11\/TENDA-PIC-450x300.jpg",450,300,true],"blossom-feminine-related":["https:\/\/cafelapalma.com\/wp-content\/uploads\/2023\/11\/TENDA-PIC-320x200.jpg",320,200,true],"blossom-feminine-schema":["https:\/\/cafelapalma.com\/wp-content\/uploads\/2023\/11\/TENDA-PIC-40x60.jpg",40,60,true]},"uagb_author_info":{"display_name":"Victor","author_link":"https:\/\/cafelapalma.com\/en\/author\/comunicacion\/"},"uagb_comment_info":0,"uagb_excerpt":"DOPLERS es una banda de garage rock compuesta por Francho y Serxu a las guitarras, Mar\u00eda al bajo, F\u00e9lix en la bater\u00eda y Pablo como vocalista principal.&nbsp;Con su pr\u00f3ximo EP \u201cCosas de cada a\u00f1o\u201d la banda gana profundidad compositiva con un sonido mucho m\u00e1s definido, un trabajo rompedor en todos los sentidos de la palabra.&nbsp;Rabia,&hellip;","_links":{"self":[{"href":"https:\/\/cafelapalma.com\/en\/wp-json\/wp\/v2\/tribe_events\/27584","targetHints":{"allow":["GET"]}}],"collection":[{"href":"https:\/\/cafelapalma.com\/en\/wp-json\/wp\/v2\/tribe_events"}],"about":[{"href":"https:\/\/cafelapalma.com\/en\/wp-json\/wp\/v2\/types\/tribe_events"}],"author":[{"embeddable":true,"href":"https:\/\/cafelapalma.com\/en\/wp-json\/wp\/v2\/users\/2"}],"version-history":[{"count":0,"href":"https:\/\/cafelapalma.com\/en\/wp-json\/wp\/v2\/tribe_events\/27584\/revisions"}],"wp:featuredmedia":[{"embeddable":true,"href":"https:\/\/cafelapalma.com\/en\/wp-json\/wp\/v2\/media\/27586"}],"wp:attachment":[{"href":"https:\/\/cafelapalma.com\/en\/wp-json\/wp\/v2\/media?parent=27584"}],"wp:term":[{"taxonomy":"post_tag","embeddable":true,"href":"https:\/\/cafelapalma.com\/en\/wp-json\/wp\/v2\/tags?post=27584"},{"taxonomy":"tribe_events_cat","embeddable":true,"href":"https:\/\/cafelapalma.com\/en\/wp-json\/wp\/v2\/tribe_events_cat?post=27584"}],"curies":[{"name":"wp","href":"https:\/\/api.w.org\/{rel}","templated":true}]}}