{"id":27595,"date":"2023-11-20T14:25:16","date_gmt":"2023-11-20T13:25:16","guid":{"rendered":"https:\/\/cafelapalma.com\/?post_type=tribe_events&#038;p=27595"},"modified":"2023-11-21T12:32:38","modified_gmt":"2023-11-21T11:32:38","slug":"barloventa-vol-1","status":"publish","type":"tribe_events","link":"https:\/\/cafelapalma.com\/en\/programacion\/barloventa-vol-1\/","title":{"rendered":"BARLOVENTA VOL. I"},"content":{"rendered":"<div  class=\"tribe-events-schedule tribe-clearfix\" >\n\t<p class=\"tribe-events-schedule__datetime\">\n\t\t<span class=\"tribe-events-schedule__date tribe-events-schedule__date--start\">\n\t\t\t08  December  2023\t\t<\/span>\n\n\t\t\t\t\t<span class=\"tribe-events-schedule__separator tribe-events-schedule__separator--date\">\n\t\t\t\t@\t\t\t<\/span>\n\t\t\t<span class=\"tribe-events-schedule__time tribe-events-schedule__time--start\">\n\t\t\t\t23:50\t\t\t<\/span>\n\t\t\n\t\t\t\t\t\t\t\t\t<span class=\"tribe-events-schedule__separator tribe-events-schedule__separator--time\">\n\t\t\t\t\t&#8211;\t\t\t\t<\/span>\n\t\t\t\n\t\t\t\t\t\t\t<span class=\"tribe-events-schedule__time tribe-events-schedule__time--end\">\n\t\t\t\t\t23:55\t\t\t\t<\/span>\n\t\t\t\n\t\t\t\t\t\t<\/p>\n<\/div>\n\n\n<div  class=\"tribe-block tribe-block__event-price\" >\n\t\t\t<span class=\"tribe-block__event-price__cost\"> ENTRADA LIBRE <\/span>\n\t\t\t\t<span class=\"tribe-block__event-price__description\">| Taquilla 12\u20ac a partir de las 01:30 [ Incluye UNA CONSUMICI\u00d3N ]<\/span>\n\t<\/div>\n\n\n\n<div style=\"height:100px\" aria-hidden=\"true\" class=\"wp-block-spacer\"><\/div>\n\n\n\n<div class=\"wp-block-columns is-layout-flex wp-container-core-columns-is-layout-8f761849 wp-block-columns-is-layout-flex\">\n<div class=\"wp-block-column is-layout-flow wp-block-column-is-layout-flow\" style=\"flex-basis:33.33%\">\n<figure class=\"wp-block-image size-large\"><img loading=\"lazy\" decoding=\"async\" width=\"735\" height=\"1040\" src=\"https:\/\/cafelapalma.com\/wp-content\/uploads\/2023\/11\/BARLOVENTA-A3-LOW-1-735x1040.jpg\" alt=\"\" class=\"wp-image-27622\" srcset=\"https:\/\/cafelapalma.com\/wp-content\/uploads\/2023\/11\/BARLOVENTA-A3-LOW-1-735x1040.jpg 735w, https:\/\/cafelapalma.com\/wp-content\/uploads\/2023\/11\/BARLOVENTA-A3-LOW-1-212x300.jpg 212w, https:\/\/cafelapalma.com\/wp-content\/uploads\/2023\/11\/BARLOVENTA-A3-LOW-1-768x1086.jpg 768w, https:\/\/cafelapalma.com\/wp-content\/uploads\/2023\/11\/BARLOVENTA-A3-LOW-1-1086x1536.jpg 1086w, https:\/\/cafelapalma.com\/wp-content\/uploads\/2023\/11\/BARLOVENTA-A3-LOW-1-1448x2048.jpg 1448w, https:\/\/cafelapalma.com\/wp-content\/uploads\/2023\/11\/BARLOVENTA-A3-LOW-1-42x60.jpg 42w\" sizes=\"auto, (max-width: 735px) 100vw, 735px\" \/><\/figure>\n<\/div>\n\n\n\n<div class=\"wp-block-column is-layout-flow wp-block-column-is-layout-flow\" style=\"flex-basis:66.66%\">\n<p class=\"has-text-align-left wp-block-paragraph\"><strong>BARLOVENTA <\/strong>es un espacio en donde la m\u00fasica y el entusiasmo enaltecen la fuerza femenina que sustenta el arte. Cada edici\u00f3n nos invitar\u00e1 a bailar al ritmo de vibrantes beats en la pista, siendo esta un lienzo en donde la energ\u00eda y las almas son uno sola. Este Vol. I estar\u00e1 cargado de sonidos envolventes, las encargadas de elevarnos en esta primera edici\u00f3n ser\u00e1n:<\/p>\n\n\n\n<p class=\"has-text-align-left wp-block-paragraph\"><strong>Brisa Then<\/strong> es dominicana de nacimiento y madrile\u00f1a de coraz\u00f3n. Con una pasi\u00f3n abrasadora por los ritmos profundos,&nbsp;su amor por la m\u00fasica la impulsa a explorar, fusionar g\u00e9neros y estilos de la m\u00fasica house con los vibrantes ritmos africanos y latinoamericanos creando as\u00ed sets din\u00e1micos que convocan a la audiencia a bailar y sumergirse en la cadencia de los beats. Siempre en busca de nuevas aventuras sonoras, su objetivo principal es llevar a la audiencia en un viaje musical que trascienda fronteras y despierte emociones, en resumen una buena dosis de energ\u00eda musical. Entre sus actuaciones m\u00e1s destacadas se encuentran su participaci\u00f3n en el festival <strong>A Summer Story<\/strong> 2023 en <strong>Madrid<\/strong>. Actualmente es DJ residente en <strong>Ibiza Stardust Radio<\/strong>.<\/p>\n\n\n\n<p class=\"has-text-align-left wp-block-paragraph\"><strong>I Am Tropicana <\/strong>es una DJ especializada en mezclar tracks de melodic house, afro, latin y deep house. Con un estilo de mezcla innovador e inspirado en diversos g\u00e9neros musicales, en cada sesi\u00f3n experimenta con sonidos frescos; ideal para un <em>sunset <\/em>en frente del mar o una noche en la que quieras tocar el espacio.<\/p>\n\n\n\n<p class=\"has-text-align-left wp-block-paragraph\">Natural de <strong>BA<\/strong>, <strong>Savanna <\/strong>creci\u00f3 en la ciudad de <strong>Santa Cruz<\/strong> <strong>de la Sierra<\/strong>, <strong>Bolivia<\/strong>, donde su gusto por la m\u00fasica electr\u00f3nica empez\u00f3 a aflorar. En 2021 decidi\u00f3 dar el salto estableci\u00e9ndose en <strong>Madrid<\/strong>, donde poco a poco fue creciendo y demostrando lo vers\u00e1til, emotivos y viajeros que pueden ser sus sets. Desde entonces ha abrirse camino en la movida el\u00e9ctronica del pa\u00eds, pinchando en importantes salas como <strong>Pach\u00e1 Ibiza<\/strong> y <strong>LAB Madrid<\/strong>, en beach clubs como <strong>Playa Padre<\/strong> y festivales como <strong>Brunch Electronik<\/strong> en <strong>Madrid <\/strong>y <strong>M\u00e1laga<\/strong>, compartiendo cabina con grandes como <strong>Boris Brejcha<\/strong> y <strong>Francis Mercier<\/strong>.<\/p>\n<\/div>\n<\/div>\n\n\n\n<div style=\"height:100px\" aria-hidden=\"true\" class=\"wp-block-spacer\"><\/div>\n\n\n\n<hr class=\"wp-block-separator has-alpha-channel-opacity\"\/>\n\n\n\n<div style=\"height:100px\" aria-hidden=\"true\" class=\"wp-block-spacer\"><\/div>\n\n\n<h2 class=\"tribe-block__related-events__title\">Related Events<\/h2>\n\n<ul  class=\"tribe-related-events tribe-clearfix\" >\n\t\t\t<li>\n\t\n<div class=\"tribe-related-events-thumbnail\">\n\t<a href=\"https:\/\/cafelapalma.com\/en\/programacion\/funkin-donuts\/\" class=\"url\" rel=\"bookmark\" tabindex=\"-1\" aria-hidden=\"true\"><img loading=\"lazy\" decoding=\"async\" width=\"693\" height=\"1040\" src=\"https:\/\/cafelapalma.com\/wp-content\/uploads\/2026\/07\/FD-vert2-bn-693x1040.jpg\" class=\"attachment-large size-large wp-post-image\" alt=\"\" \/><\/a>\n<\/div>\n\t<div class=\"tribe-related-event-info\">\n\t<h3 class=\"tribe-related-events-title\">\n\t\t<a href=\"https:\/\/cafelapalma.com\/en\/programacion\/funkin-donuts\/\" class=\"tribe-event-url\" rel=\"bookmark\">\n\t\t\tFUNKIN&#8217; DONUTS\t\t<\/a>\n\t<\/h3>\n\t<span class=\"tribe-event-date-start\">5  September@22:00<\/span><span class=\"tribe-event-time\">23:45<\/span><\/div>\n<\/li>\n\t\t\t<li>\n\t\n<div class=\"tribe-related-events-thumbnail\">\n\t<a href=\"https:\/\/cafelapalma.com\/en\/programacion\/backstage-le-petit-truffle-mayo\/\" class=\"url\" rel=\"bookmark\" tabindex=\"-1\" aria-hidden=\"true\"><img loading=\"lazy\" decoding=\"async\" width=\"780\" height=\"1040\" src=\"https:\/\/cafelapalma.com\/wp-content\/uploads\/2026\/07\/Imagen-TruffleMayo-LePetit-i-1-780x1040.png\" class=\"attachment-large size-large wp-post-image\" alt=\"\" \/><\/a>\n<\/div>\n\t<div class=\"tribe-related-event-info\">\n\t<h3 class=\"tribe-related-events-title\">\n\t\t<a href=\"https:\/\/cafelapalma.com\/en\/programacion\/backstage-le-petit-truffle-mayo\/\" class=\"tribe-event-url\" rel=\"bookmark\">\n\t\t\tBACKSTAGE: LE PETIT + TRUFFLE MAYO\t\t<\/a>\n\t<\/h3>\n\t<span class=\"tribe-event-date-start\">5  September@23:55<\/span><\/div>\n<\/li>\n\t\t\t<li>\n\t\n<div class=\"tribe-related-events-thumbnail\">\n\t<a href=\"https:\/\/cafelapalma.com\/en\/programacion\/willie-deville-concierto-benefico-x-venezuela\/\" class=\"url\" rel=\"bookmark\" tabindex=\"-1\" aria-hidden=\"true\"><img loading=\"lazy\" decoding=\"async\" width=\"1020\" height=\"531\" src=\"https:\/\/cafelapalma.com\/wp-content\/uploads\/2026\/08\/Willie-deville-1100x572-1-1040x541.jpg\" class=\"attachment-large size-large wp-post-image\" alt=\"\" \/><\/a>\n<\/div>\n\t<div class=\"tribe-related-event-info\">\n\t<h3 class=\"tribe-related-events-title\">\n\t\t<a href=\"https:\/\/cafelapalma.com\/en\/programacion\/willie-deville-concierto-benefico-x-venezuela\/\" class=\"tribe-event-url\" rel=\"bookmark\">\n\t\t\tWILLIE DEVILLE: CONCIERTO BEN\u00c9FICO X VENEZUELA\t\t<\/a>\n\t<\/h3>\n\t<span class=\"tribe-event-date-start\">6  September@21:00<\/span><span class=\"tribe-event-time\">23:45<\/span><\/div>\n<\/li>\n\t<\/ul>\n","protected":false},"excerpt":{"rendered":"<p>BARLOVENTA es un espacio en donde la m\u00fasica y el entusiasmo enaltecen la fuerza femenina que sustenta el arte. Cada edici\u00f3n nos invitar\u00e1 a bailar al ritmo de vibrantes beats en la pista, siendo esta un lienzo en donde la energ\u00eda y las almas son uno sola. Este Vol. I estar\u00e1 cargado de sonidos envolventes, &hellip; <\/p>","protected":false},"author":2,"featured_media":27624,"template":"","meta":{"_tec_requires_first_save":false,"_uag_custom_page_level_css":"","loftloader_page_shortcode":"","_EventAllDay":false,"_EventTimezone":"Europe\/Madrid","_EventStartDate":"2023-12-08 23:50:00","_EventEndDate":"2023-12-08 23:55:00","_EventStartDateUTC":"2023-12-08 22:50:00","_EventEndDateUTC":"2023-12-08 22:55:00","_EventShowMap":false,"_EventShowMapLink":false,"_EventURL":"","_EventCost":"ENTRADA LIBRE","_EventCostDescription":"","_EventCurrencySymbol":"\u20ac","_EventCurrencyCode":"USD","_EventCurrencyPosition":"suffix","_EventDateTimeSeparator":"@","_EventTimeRangeSeparator":"-","_EventOrganizerID":[],"_EventVenueID":[],"_OrganizerEmail":"","_OrganizerPhone":"","_OrganizerWebsite":"","_VenueAddress":"","_VenueCity":"","_VenueCountry":"","_VenueProvince":"","_VenueState":"","_VenueZip":"","_VenuePhone":"","_VenueURL":"","_VenueStateProvince":"","_VenueLat":"","_VenueLng":"","_VenueShowMap":false,"_VenueShowMapLink":false,"_tribe_blocks_recurrence_rules":"","_tribe_blocks_recurrence_description":"","_tribe_blocks_recurrence_exclusions":"","_ecp_custom_2":"","_tribe_events_status":"","_tribe_events_status_reason":"","_tribe_events_is_hybrid":"","_tribe_events_is_virtual":"","_tribe_events_virtual_video_source":"","_tribe_events_virtual_embed_video":"","_tribe_events_virtual_linked_button_text":"","_tribe_events_virtual_linked_button":"","_tribe_events_virtual_show_embed_at":"","_tribe_events_virtual_show_embed_to":[],"_tribe_events_virtual_show_on_event":"","_tribe_events_virtual_show_on_views":"","_tribe_events_virtual_url":"","footnotes":""},"tags":[11443,14705,9229,14706,1363,8869,9225,9557,9226,9227,1357,9309,14707,9533,9529,14708],"tribe_events_cat":[8964],"class_list":["post-27595","tribe_events","type-tribe_events","status-publish","has-post-thumbnail","hentry","tag-afro-beats","tag-barloventa","tag-beats","tag-brisa-then","tag-cafe-la-palma","tag-cafe-la-palma-2","tag-cafe-la-palma-clubbing","tag-deep-house","tag-djs-madrid","tag-djs-malasana","tag-electronica","tag-house","tag-i-am-tropicana","tag-latam","tag-latin","tag-savanna","tribe_events_cat-clubbing","cat_clubbing"],"uagb_featured_image_src":{"full":["https:\/\/cafelapalma.com\/wp-content\/uploads\/2023\/11\/BARLOGO_FRONT-scaled.jpg",1990,3000,false],"thumbnail":["https:\/\/cafelapalma.com\/wp-content\/uploads\/2023\/11\/BARLOGO_FRONT-150x150.jpg",150,150,true],"medium":["https:\/\/cafelapalma.com\/wp-content\/uploads\/2023\/11\/BARLOGO_FRONT-199x300.jpg",199,300,true],"medium_large":["https:\/\/cafelapalma.com\/wp-content\/uploads\/2023\/11\/BARLOGO_FRONT-768x1158.jpg",768,1158,true],"large":["https:\/\/cafelapalma.com\/wp-content\/uploads\/2023\/11\/BARLOGO_FRONT-690x1040.jpg",690,1040,true],"1536x1536":["https:\/\/cafelapalma.com\/wp-content\/uploads\/2023\/11\/BARLOGO_FRONT-1019x1536.jpg",1019,1536,true],"2048x2048":["https:\/\/cafelapalma.com\/wp-content\/uploads\/2023\/11\/BARLOGO_FRONT-1359x2048.jpg",1359,2048,true],"trp-custom-language-flag":["https:\/\/cafelapalma.com\/wp-content\/uploads\/2023\/11\/BARLOGO_FRONT-scaled.jpg",8,12,false],"blossom-feminine-slider":["https:\/\/cafelapalma.com\/wp-content\/uploads\/2023\/11\/BARLOGO_FRONT-1920x649.jpg",1920,649,true],"blossom-feminine-featured":["https:\/\/cafelapalma.com\/wp-content\/uploads\/2023\/11\/BARLOGO_FRONT-1410x600.jpg",1410,600,true],"blossom-feminine-with-sidebar":["https:\/\/cafelapalma.com\/wp-content\/uploads\/2023\/11\/BARLOGO_FRONT-1020x600.jpg",1020,600,true],"blossom-feminine-blog":["https:\/\/cafelapalma.com\/wp-content\/uploads\/2023\/11\/BARLOGO_FRONT-435x435.jpg",435,435,true],"blossom-feminine-cat":["https:\/\/cafelapalma.com\/wp-content\/uploads\/2023\/11\/BARLOGO_FRONT-450x300.jpg",450,300,true],"blossom-feminine-related":["https:\/\/cafelapalma.com\/wp-content\/uploads\/2023\/11\/BARLOGO_FRONT-320x200.jpg",320,200,true],"blossom-feminine-schema":["https:\/\/cafelapalma.com\/wp-content\/uploads\/2023\/11\/BARLOGO_FRONT-40x60.jpg",40,60,true]},"uagb_author_info":{"display_name":"Victor","author_link":"https:\/\/cafelapalma.com\/en\/author\/comunicacion\/"},"uagb_comment_info":0,"uagb_excerpt":"BARLOVENTA es un espacio en donde la m\u00fasica y el entusiasmo enaltecen la fuerza femenina que sustenta el arte. Cada edici\u00f3n nos invitar\u00e1 a bailar al ritmo de vibrantes beats en la pista, siendo esta un lienzo en donde la energ\u00eda y las almas son uno sola. Este Vol. I estar\u00e1 cargado de sonidos envolventes,&hellip;","_links":{"self":[{"href":"https:\/\/cafelapalma.com\/en\/wp-json\/wp\/v2\/tribe_events\/27595","targetHints":{"allow":["GET"]}}],"collection":[{"href":"https:\/\/cafelapalma.com\/en\/wp-json\/wp\/v2\/tribe_events"}],"about":[{"href":"https:\/\/cafelapalma.com\/en\/wp-json\/wp\/v2\/types\/tribe_events"}],"author":[{"embeddable":true,"href":"https:\/\/cafelapalma.com\/en\/wp-json\/wp\/v2\/users\/2"}],"version-history":[{"count":0,"href":"https:\/\/cafelapalma.com\/en\/wp-json\/wp\/v2\/tribe_events\/27595\/revisions"}],"wp:featuredmedia":[{"embeddable":true,"href":"https:\/\/cafelapalma.com\/en\/wp-json\/wp\/v2\/media\/27624"}],"wp:attachment":[{"href":"https:\/\/cafelapalma.com\/en\/wp-json\/wp\/v2\/media?parent=27595"}],"wp:term":[{"taxonomy":"post_tag","embeddable":true,"href":"https:\/\/cafelapalma.com\/en\/wp-json\/wp\/v2\/tags?post=27595"},{"taxonomy":"tribe_events_cat","embeddable":true,"href":"https:\/\/cafelapalma.com\/en\/wp-json\/wp\/v2\/tribe_events_cat?post=27595"}],"curies":[{"name":"wp","href":"https:\/\/api.w.org\/{rel}","templated":true}]}}