{"id":27606,"date":"2023-11-21T11:12:07","date_gmt":"2023-11-21T10:12:07","guid":{"rendered":"https:\/\/cafelapalma.com\/programacion\/txturas-de-eva-puentedura-copy\/"},"modified":"2023-11-21T11:23:27","modified_gmt":"2023-11-21T10:23:27","slug":"david-gonzalez-moments-festival","status":"publish","type":"tribe_events","link":"https:\/\/cafelapalma.com\/en\/programacion\/david-gonzalez-moments-festival\/","title":{"rendered":"MOMENTS FESTIVAL presenta DAVID GONZ\u00c1LEZ \u00abGLEZ\u00bb"},"content":{"rendered":"<div  class=\"tribe-events-schedule tribe-clearfix\" >\n\t<p class=\"tribe-events-schedule__datetime\">\n\t\t<span class=\"tribe-events-schedule__date tribe-events-schedule__date--start\">\n\t\t\t22  November  2023\t\t<\/span>\n\n\t\t\t\t\t<span class=\"tribe-events-schedule__separator tribe-events-schedule__separator--date\">\n\t\t\t\t@\t\t\t<\/span>\n\t\t\t<span class=\"tribe-events-schedule__time tribe-events-schedule__time--start\">\n\t\t\t\t18:00\t\t\t<\/span>\n\t\t\n\t\t\t\t\t\t\t\t\t<span class=\"tribe-events-schedule__separator tribe-events-schedule__separator--time\">\n\t\t\t\t\t&#8211;\t\t\t\t<\/span>\n\t\t\t\n\t\t\t\t\t\t\t<span class=\"tribe-events-schedule__date tribe-events-schedule__date--end\">\n\t\t\t\t\t04  December  2023\t\t\t\t<\/span>\n\n\t\t\t\t\t\t\t\t\t<span class=\"tribe-events-schedule__separator tribe-events-schedule__separator--date\">\n\t\t\t\t\t\t@\t\t\t\t\t<\/span>\n\t\t\t\t\t<span class=\"tribe-events-schedule__time tribe-events-schedule__time--end\">\n\t\t\t\t\t\t01:30\t\t\t\t\t<\/span>\n\t\t\t\t\n\t\t\t\n\t\t\t\t\t\t<\/p>\n<\/div>\n\n\n\n<div style=\"height:100px\" aria-hidden=\"true\" class=\"wp-block-spacer\"><\/div>\n\n\n\n<div class=\"wp-block-columns is-layout-flex wp-container-core-columns-is-layout-8f761849 wp-block-columns-is-layout-flex\">\n<div class=\"wp-block-column is-layout-flow wp-block-column-is-layout-flow\" style=\"flex-basis:33.33%\">\n<figure class=\"wp-block-image size-full\"><img loading=\"lazy\" decoding=\"async\" width=\"2121\" height=\"3000\" src=\"https:\/\/cafelapalma.com\/wp-content\/uploads\/2023\/11\/DAVGONZ-MOMENTS-A3-scaled.jpg\" alt=\"\" class=\"wp-image-27608\" srcset=\"https:\/\/cafelapalma.com\/wp-content\/uploads\/2023\/11\/DAVGONZ-MOMENTS-A3-scaled.jpg 2121w, https:\/\/cafelapalma.com\/wp-content\/uploads\/2023\/11\/DAVGONZ-MOMENTS-A3-212x300.jpg 212w, https:\/\/cafelapalma.com\/wp-content\/uploads\/2023\/11\/DAVGONZ-MOMENTS-A3-735x1040.jpg 735w, https:\/\/cafelapalma.com\/wp-content\/uploads\/2023\/11\/DAVGONZ-MOMENTS-A3-768x1086.jpg 768w, https:\/\/cafelapalma.com\/wp-content\/uploads\/2023\/11\/DAVGONZ-MOMENTS-A3-1086x1536.jpg 1086w, https:\/\/cafelapalma.com\/wp-content\/uploads\/2023\/11\/DAVGONZ-MOMENTS-A3-1448x2048.jpg 1448w, https:\/\/cafelapalma.com\/wp-content\/uploads\/2023\/11\/DAVGONZ-MOMENTS-A3-42x60.jpg 42w\" sizes=\"auto, (max-width: 2121px) 100vw, 2121px\" \/><\/figure>\n<\/div>\n\n\n\n<div class=\"wp-block-column is-layout-flow wp-block-column-is-layout-flow\" style=\"flex-basis:66.66%\">\n<p class=\"wp-block-paragraph\"><\/p>\n\n\n\n<p class=\"has-text-align-left wp-block-paragraph\"><strong>DAVID GONZ\u00c1LEZ<\/strong>\u00a0se define como amante de la cultura <em>underground<\/em>, ha estado influenciado por el mundo del skate y ha militado en bandas de hardcore punk. Ahora recurre al apodo <strong>Glez <\/strong>para su nuevo proyecto, donde usa lo aprendido en sus m\u00e1s de 15 a\u00f1os como trabajador gr\u00e1fico \/ creativo en el mundo editorial y publicitario para transmitir todo lo que hay en su cabeza. Una distop\u00eda feliz poblada por animales mutantes que conviven con amazonas futuristas y con la conceptualizaci\u00f3n gr\u00e1fica, donde el recurso de la escultura es usado para crear un <strong>Petetesaurio Rex<\/strong> o una fusi\u00f3n entre los <strong>Masters del Universo<\/strong> y el folklore espa\u00f1ol de los a\u00f1os &#8217;80. Todo esto ha dado lugar a los <strong>Masters de la Rumba<\/strong>, a unas ruedas de skate con vida propia y a un sin fin de criaturas a ritmo de rumba y punk.<\/p>\n\n\n\n<p class=\"has-text-align-left wp-block-paragraph\"><strong>MOMENTS&nbsp;<\/strong>es un festival que surge de la vocaci\u00f3n DIY de un grupo de amigos y que tiene como objetivo inspirar, reivindicar y difundir&nbsp;unas propuestas que habitualmente huyen de la establecido y que tienen poca cabida en los centros culturales, educativos y otros espacios art\u00edsticos de nuestro territorio, y que son 100% aut\u00e9nticas y fascinantes. Un espacio donde gente inquieta y amante de las culturas populares y contempor\u00e1neas crean proyectos culturales y art\u00edsticos, producciones creativas, experiencias culturales y metodolog\u00edas de investigaci\u00f3n-acci\u00f3n.<\/p>\n\n\n\n<p class=\"has-text-align-left wp-block-paragraph\"><\/p>\n\n\n\n<p class=\"has-text-align-left wp-block-paragraph\"><\/p>\n\n\n\n<p class=\"has-text-align-left wp-block-paragraph\"><\/p>\n\n\n\n<p class=\"wp-block-paragraph\"><\/p>\n<\/div>\n<\/div>\n\n\n\n<div style=\"height:100px\" aria-hidden=\"true\" class=\"wp-block-spacer\"><\/div>\n\n\n\n<hr class=\"wp-block-separator has-alpha-channel-opacity is-style-wide\"\/>\n\n\n\n<div style=\"height:100px\" aria-hidden=\"true\" class=\"wp-block-spacer\"><\/div>\n\n\n<h2 class=\"tribe-block__related-events__title\">Related Events<\/h2>\n\n<ul  class=\"tribe-related-events tribe-clearfix\" >\n\t\t\t<li>\n\t\n<div class=\"tribe-related-events-thumbnail\">\n\t<a href=\"https:\/\/cafelapalma.com\/en\/programacion\/funkin-donuts\/\" class=\"url\" rel=\"bookmark\" tabindex=\"-1\" aria-hidden=\"true\"><img loading=\"lazy\" decoding=\"async\" width=\"693\" height=\"1040\" src=\"https:\/\/cafelapalma.com\/wp-content\/uploads\/2026\/07\/FD-vert2-bn-693x1040.jpg\" class=\"attachment-large size-large wp-post-image\" alt=\"\" \/><\/a>\n<\/div>\n\t<div class=\"tribe-related-event-info\">\n\t<h3 class=\"tribe-related-events-title\">\n\t\t<a href=\"https:\/\/cafelapalma.com\/en\/programacion\/funkin-donuts\/\" class=\"tribe-event-url\" rel=\"bookmark\">\n\t\t\tFUNKIN&#8217; DONUTS\t\t<\/a>\n\t<\/h3>\n\t<span class=\"tribe-event-date-start\">5  September@22:00<\/span><span class=\"tribe-event-time\">23:45<\/span><\/div>\n<\/li>\n\t\t\t<li>\n\t\n<div class=\"tribe-related-events-thumbnail\">\n\t<a href=\"https:\/\/cafelapalma.com\/en\/programacion\/backstage-le-petit-truffle-mayo\/\" class=\"url\" rel=\"bookmark\" tabindex=\"-1\" aria-hidden=\"true\"><img loading=\"lazy\" decoding=\"async\" width=\"780\" height=\"1040\" src=\"https:\/\/cafelapalma.com\/wp-content\/uploads\/2026\/07\/Imagen-TruffleMayo-LePetit-i-1-780x1040.png\" class=\"attachment-large size-large wp-post-image\" alt=\"\" \/><\/a>\n<\/div>\n\t<div class=\"tribe-related-event-info\">\n\t<h3 class=\"tribe-related-events-title\">\n\t\t<a href=\"https:\/\/cafelapalma.com\/en\/programacion\/backstage-le-petit-truffle-mayo\/\" class=\"tribe-event-url\" rel=\"bookmark\">\n\t\t\tBACKSTAGE: LE PETIT + TRUFFLE MAYO\t\t<\/a>\n\t<\/h3>\n\t<span class=\"tribe-event-date-start\">5  September@23:55<\/span><\/div>\n<\/li>\n\t\t\t<li>\n\t\n<div class=\"tribe-related-events-thumbnail\">\n\t<a href=\"https:\/\/cafelapalma.com\/en\/programacion\/willie-deville-concierto-benefico-x-venezuela\/\" class=\"url\" rel=\"bookmark\" tabindex=\"-1\" aria-hidden=\"true\"><img loading=\"lazy\" decoding=\"async\" width=\"1020\" height=\"531\" src=\"https:\/\/cafelapalma.com\/wp-content\/uploads\/2026\/08\/Willie-deville-1100x572-1-1040x541.jpg\" class=\"attachment-large size-large wp-post-image\" alt=\"\" \/><\/a>\n<\/div>\n\t<div class=\"tribe-related-event-info\">\n\t<h3 class=\"tribe-related-events-title\">\n\t\t<a href=\"https:\/\/cafelapalma.com\/en\/programacion\/willie-deville-concierto-benefico-x-venezuela\/\" class=\"tribe-event-url\" rel=\"bookmark\">\n\t\t\tWILLIE DEVILLE: CONCIERTO BEN\u00c9FICO X VENEZUELA\t\t<\/a>\n\t<\/h3>\n\t<span class=\"tribe-event-date-start\">6  September@21:00<\/span><span class=\"tribe-event-time\">23:45<\/span><\/div>\n<\/li>\n\t<\/ul>","protected":false},"excerpt":{"rendered":"<p>DAVID GONZ\u00c1LEZ\u00a0se define como amante de la cultura underground, ha estado influenciado por el mundo del skate y ha militado en bandas de hardcore punk. Ahora recurre al apodo Glez para su nuevo proyecto, donde usa lo aprendido en sus m\u00e1s de 15 a\u00f1os como trabajador gr\u00e1fico \/ creativo en el mundo editorial y publicitario &hellip; <\/p>","protected":false},"author":2,"featured_media":27609,"template":"","meta":{"_tec_requires_first_save":false,"_uag_custom_page_level_css":"","loftloader_page_shortcode":"","_EventAllDay":false,"_EventTimezone":"Europe\/Madrid","_EventStartDate":"2023-11-22 18:00:00","_EventEndDate":"2023-12-04 01:30:00","_EventStartDateUTC":"2023-11-22 17:00:00","_EventEndDateUTC":"2023-12-04 00:30:00","_EventShowMap":false,"_EventShowMapLink":false,"_EventURL":"","_EventCost":"","_EventCostDescription":"","_EventCurrencySymbol":"\u20ac","_EventCurrencyCode":"","_EventCurrencyPosition":"suffix","_EventDateTimeSeparator":"@","_EventTimeRangeSeparator":"-","_EventOrganizerID":[],"_EventVenueID":[0],"_OrganizerEmail":"","_OrganizerPhone":"","_OrganizerWebsite":"","_VenueAddress":"","_VenueCity":"","_VenueCountry":"","_VenueProvince":"","_VenueState":"","_VenueZip":"","_VenuePhone":"","_VenueURL":"","_VenueStateProvince":"","_VenueLat":"","_VenueLng":"","_VenueShowMap":false,"_VenueShowMapLink":false,"_tribe_blocks_recurrence_rules":"","_tribe_blocks_recurrence_description":"","_tribe_blocks_recurrence_exclusions":"","_ecp_custom_2":"","_tribe_events_status":"","_tribe_events_status_reason":"","_tribe_events_is_hybrid":"","_tribe_events_is_virtual":"","_tribe_events_virtual_video_source":"","_tribe_events_virtual_embed_video":"","_tribe_events_virtual_linked_button_text":"","_tribe_events_virtual_linked_button":"","_tribe_events_virtual_show_embed_at":"","_tribe_events_virtual_show_embed_to":[],"_tribe_events_virtual_show_on_event":"","_tribe_events_virtual_show_on_views":"","_tribe_events_virtual_url":"","footnotes":""},"tags":[9638,1363,14709,11841,11842,12413,14710,14173,11837,12556,14175,14174],"tribe_events_cat":[8965],"class_list":["post-27606","tribe_events","type-tribe_events","status-publish","has-post-thumbnail","hentry","tag-actividades-cafe-la-palma","tag-cafe-la-palma","tag-david-gonzalez","tag-expo","tag-exposicion","tag-exposiciones-madrid","tag-glez","tag-moments-festival","tag-pintura","tag-tecnicas-mixtas","tag-that-crooner","tag-yovoy","tribe_events_cat-exposicion","cat_exposicion"],"uagb_featured_image_src":{"full":["https:\/\/cafelapalma.com\/wp-content\/uploads\/2023\/11\/manzanita.jpg",1080,1350,false],"thumbnail":["https:\/\/cafelapalma.com\/wp-content\/uploads\/2023\/11\/manzanita-150x150.jpg",150,150,true],"medium":["https:\/\/cafelapalma.com\/wp-content\/uploads\/2023\/11\/manzanita-240x300.jpg",240,300,true],"medium_large":["https:\/\/cafelapalma.com\/wp-content\/uploads\/2023\/11\/manzanita-768x960.jpg",768,960,true],"large":["https:\/\/cafelapalma.com\/wp-content\/uploads\/2023\/11\/manzanita-832x1040.jpg",832,1040,true],"1536x1536":["https:\/\/cafelapalma.com\/wp-content\/uploads\/2023\/11\/manzanita.jpg",1080,1350,false],"2048x2048":["https:\/\/cafelapalma.com\/wp-content\/uploads\/2023\/11\/manzanita.jpg",1080,1350,false],"trp-custom-language-flag":["https:\/\/cafelapalma.com\/wp-content\/uploads\/2023\/11\/manzanita.jpg",10,12,false],"blossom-feminine-slider":["https:\/\/cafelapalma.com\/wp-content\/uploads\/2023\/11\/manzanita-1080x649.jpg",1080,649,true],"blossom-feminine-featured":["https:\/\/cafelapalma.com\/wp-content\/uploads\/2023\/11\/manzanita-1080x600.jpg",1080,600,true],"blossom-feminine-with-sidebar":["https:\/\/cafelapalma.com\/wp-content\/uploads\/2023\/11\/manzanita-1020x600.jpg",1020,600,true],"blossom-feminine-blog":["https:\/\/cafelapalma.com\/wp-content\/uploads\/2023\/11\/manzanita-435x435.jpg",435,435,true],"blossom-feminine-cat":["https:\/\/cafelapalma.com\/wp-content\/uploads\/2023\/11\/manzanita-450x300.jpg",450,300,true],"blossom-feminine-related":["https:\/\/cafelapalma.com\/wp-content\/uploads\/2023\/11\/manzanita-320x200.jpg",320,200,true],"blossom-feminine-schema":["https:\/\/cafelapalma.com\/wp-content\/uploads\/2023\/11\/manzanita-48x60.jpg",48,60,true]},"uagb_author_info":{"display_name":"Victor","author_link":"https:\/\/cafelapalma.com\/en\/author\/comunicacion\/"},"uagb_comment_info":0,"uagb_excerpt":"DAVID GONZ\u00c1LEZ\u00a0se define como amante de la cultura underground, ha estado influenciado por el mundo del skate y ha militado en bandas de hardcore punk. Ahora recurre al apodo Glez para su nuevo proyecto, donde usa lo aprendido en sus m\u00e1s de 15 a\u00f1os como trabajador gr\u00e1fico \/ creativo en el mundo editorial y publicitario&hellip;","_links":{"self":[{"href":"https:\/\/cafelapalma.com\/en\/wp-json\/wp\/v2\/tribe_events\/27606","targetHints":{"allow":["GET"]}}],"collection":[{"href":"https:\/\/cafelapalma.com\/en\/wp-json\/wp\/v2\/tribe_events"}],"about":[{"href":"https:\/\/cafelapalma.com\/en\/wp-json\/wp\/v2\/types\/tribe_events"}],"author":[{"embeddable":true,"href":"https:\/\/cafelapalma.com\/en\/wp-json\/wp\/v2\/users\/2"}],"version-history":[{"count":0,"href":"https:\/\/cafelapalma.com\/en\/wp-json\/wp\/v2\/tribe_events\/27606\/revisions"}],"wp:featuredmedia":[{"embeddable":true,"href":"https:\/\/cafelapalma.com\/en\/wp-json\/wp\/v2\/media\/27609"}],"wp:attachment":[{"href":"https:\/\/cafelapalma.com\/en\/wp-json\/wp\/v2\/media?parent=27606"}],"wp:term":[{"taxonomy":"post_tag","embeddable":true,"href":"https:\/\/cafelapalma.com\/en\/wp-json\/wp\/v2\/tags?post=27606"},{"taxonomy":"tribe_events_cat","embeddable":true,"href":"https:\/\/cafelapalma.com\/en\/wp-json\/wp\/v2\/tribe_events_cat?post=27606"}],"curies":[{"name":"wp","href":"https:\/\/api.w.org\/{rel}","templated":true}]}}