{"id":27695,"date":"2023-11-29T12:13:26","date_gmt":"2023-11-29T11:13:26","guid":{"rendered":"https:\/\/cafelapalma.com\/?post_type=tribe_events&#038;p=27695"},"modified":"2023-11-29T18:14:23","modified_gmt":"2023-11-29T17:14:23","slug":"nuchi-sanchez","status":"publish","type":"tribe_events","link":"https:\/\/cafelapalma.com\/en\/programacion\/nuchi-sanchez\/","title":{"rendered":"NUCHI S\u00c1NCHEZ"},"content":{"rendered":"<div  class=\"tribe-events-schedule tribe-clearfix\" >\n\t<p class=\"tribe-events-schedule__datetime\">\n\t\t<span class=\"tribe-events-schedule__date tribe-events-schedule__date--start\">\n\t\t\t03  March  2024\t\t<\/span>\n\n\t\t\t\t\t<span class=\"tribe-events-schedule__separator tribe-events-schedule__separator--date\">\n\t\t\t\t@\t\t\t<\/span>\n\t\t\t<span class=\"tribe-events-schedule__time tribe-events-schedule__time--start\">\n\t\t\t\t21:00\t\t\t<\/span>\n\t\t\n\t\t\t\t\t\t\t\t\t<span class=\"tribe-events-schedule__separator tribe-events-schedule__separator--time\">\n\t\t\t\t\t&#8211;\t\t\t\t<\/span>\n\t\t\t\n\t\t\t\t\t\t\t<span class=\"tribe-events-schedule__time tribe-events-schedule__time--end\">\n\t\t\t\t\t23:00\t\t\t\t<\/span>\n\t\t\t\n\t\t\t\t\t\t<\/p>\n<\/div>\n\n\n<div  class=\"tribe-block tribe-block__event-price\" >\n\t\t\t<span class=\"tribe-block__event-price__cost\"> 10\u20ac <\/span>\n\t\t\t\t<span class=\"tribe-block__event-price__description\">+ gg Anticipada | 12\u20ac Taquilla<\/span>\n\t<\/div>\n\n\n\n<div style=\"height:100px\" aria-hidden=\"true\" class=\"wp-block-spacer\"><\/div>\n\n\n\n<div class=\"wp-block-columns is-layout-flex wp-container-core-columns-is-layout-8f761849 wp-block-columns-is-layout-flex\">\n<div class=\"wp-block-column is-layout-flow wp-block-column-is-layout-flow\" style=\"flex-basis:33.33%\">\n<figure class=\"wp-block-image size-large\"><img loading=\"lazy\" decoding=\"async\" width=\"735\" height=\"1040\" src=\"https:\/\/cafelapalma.com\/wp-content\/uploads\/2023\/11\/NUCHI-SANCHEZ-A3-LOW-735x1040.jpg\" alt=\"\" class=\"wp-image-27696\" srcset=\"https:\/\/cafelapalma.com\/wp-content\/uploads\/2023\/11\/NUCHI-SANCHEZ-A3-LOW-735x1040.jpg 735w, https:\/\/cafelapalma.com\/wp-content\/uploads\/2023\/11\/NUCHI-SANCHEZ-A3-LOW-212x300.jpg 212w, https:\/\/cafelapalma.com\/wp-content\/uploads\/2023\/11\/NUCHI-SANCHEZ-A3-LOW-768x1086.jpg 768w, https:\/\/cafelapalma.com\/wp-content\/uploads\/2023\/11\/NUCHI-SANCHEZ-A3-LOW-1086x1536.jpg 1086w, https:\/\/cafelapalma.com\/wp-content\/uploads\/2023\/11\/NUCHI-SANCHEZ-A3-LOW-1448x2048.jpg 1448w, https:\/\/cafelapalma.com\/wp-content\/uploads\/2023\/11\/NUCHI-SANCHEZ-A3-LOW-42x60.jpg 42w\" sizes=\"auto, (max-width: 735px) 100vw, 735px\" \/><\/figure>\n\n\n<div  class=\"tribe-block tribe-block__event-website\" >\n\t<a\n\t\thref=\"https:\/\/www.passline.com\/eventos\/nuchi-sanchez\"\n\t\ttarget=\"_self\"\n\t\t\t>\n\t\tBUY TICKETS\t<\/a>\n<\/div>\n<\/div>\n\n\n\n<div class=\"wp-block-column is-layout-flow wp-block-column-is-layout-flow\" style=\"flex-basis:66.66%\">\n<p class=\"wp-block-paragraph\"><\/p>\n\n\n\n<p class=\"has-text-align-left wp-block-paragraph\">El debut en 2011 como invitado del grupo <strong>Melocos <\/strong>en un concierto en <strong>Madrid <\/strong>marc\u00f3 el inicio de la trayectoria musical de <strong>Nuchi S\u00e1nchez<\/strong>. En 2012 fund\u00f3 la banda <strong>Peque\u00f1os Imprevistos<\/strong> y, con <strong><em>\u00abEstado Alterado de Conciencia\u00bb<\/em><\/strong>, su primer trabajo autoproducido, comenzaron a girar por las salas de <strong>Madrid <\/strong>durante los siguientes a\u00f1os. En un giro determinante en 2014, <strong>Nuchi <\/strong>opt\u00f3 por una nueva direcci\u00f3n en solitario, lanzando el \u00e1lbum <strong><em>\u00abPor hacernos los valientes\u201d<\/em><\/strong> en 2016, compuesto por siete emotivas canciones que ofrecen un estilo m\u00e1s \u00edntimo como <strong><em>\u00abMiedo a las tormentas\u00bb<\/em><\/strong> o <strong><em>\u00abVernos\u201d<\/em><\/strong>.&nbsp;<\/p>\n\n\n\n<p class=\"has-text-align-left wp-block-paragraph\">Tras un descanso forzado desde 2017, <strong>Nuchi S\u00e1nchez<\/strong> vuelve a subirse a un escenario en la noche que ser\u00e1 m\u00e1s que un regreso: una revisi\u00f3n de sus canciones rescat\u00e1ndolas de las sombras en las que las prisas y la inexperiencia de aquellos tiempos las hab\u00edan sumergido. Ser\u00e1 la oportunidad de escuchar sus canciones c\u00f3mo \u00e9l siempre las imagin\u00f3. Adem\u00e1s, a diferencia de su caracter\u00edstico estilo ac\u00fastico, en esta ocasi\u00f3n estar\u00e1 respaldado por <strong>Proyecto Ballena<\/strong>, una banda pop-rock que har\u00e1 brillar sus canciones \u00a1en formato el\u00e9ctrico! Ser\u00e1 la ocasi\u00f3n perfecta para celebrar una vuelta a los or\u00edgenes, donde la autenticidad y la ilusi\u00f3n nunca debieron desaparecer.<\/p>\n<\/div>\n<\/div>\n\n\n\n<div style=\"height:100px\" aria-hidden=\"true\" class=\"wp-block-spacer\"><\/div>\n\n\n\n<hr class=\"wp-block-separator has-alpha-channel-opacity\"\/>\n\n\n\n<div style=\"height:100px\" aria-hidden=\"true\" class=\"wp-block-spacer\"><\/div>\n\n\n<h2 class=\"tribe-block__related-events__title\">Related Events<\/h2>\n\n<ul  class=\"tribe-related-events tribe-clearfix\" >\n\t\t\t<li>\n\t\n<div class=\"tribe-related-events-thumbnail\">\n\t<a href=\"https:\/\/cafelapalma.com\/en\/programacion\/funkin-donuts\/\" class=\"url\" rel=\"bookmark\" tabindex=\"-1\" aria-hidden=\"true\"><img loading=\"lazy\" decoding=\"async\" width=\"693\" height=\"1040\" src=\"https:\/\/cafelapalma.com\/wp-content\/uploads\/2026\/07\/FD-vert2-bn-693x1040.jpg\" class=\"attachment-large size-large wp-post-image\" alt=\"\" \/><\/a>\n<\/div>\n\t<div class=\"tribe-related-event-info\">\n\t<h3 class=\"tribe-related-events-title\">\n\t\t<a href=\"https:\/\/cafelapalma.com\/en\/programacion\/funkin-donuts\/\" class=\"tribe-event-url\" rel=\"bookmark\">\n\t\t\tFUNKIN&#8217; DONUTS\t\t<\/a>\n\t<\/h3>\n\t<span class=\"tribe-event-date-start\">5  September@22:00<\/span><span class=\"tribe-event-time\">23:45<\/span><\/div>\n<\/li>\n\t\t\t<li>\n\t\n<div class=\"tribe-related-events-thumbnail\">\n\t<a href=\"https:\/\/cafelapalma.com\/en\/programacion\/backstage-le-petit-truffle-mayo\/\" class=\"url\" rel=\"bookmark\" tabindex=\"-1\" aria-hidden=\"true\"><img loading=\"lazy\" decoding=\"async\" width=\"780\" height=\"1040\" src=\"https:\/\/cafelapalma.com\/wp-content\/uploads\/2026\/07\/Imagen-TruffleMayo-LePetit-i-1-780x1040.png\" class=\"attachment-large size-large wp-post-image\" alt=\"\" \/><\/a>\n<\/div>\n\t<div class=\"tribe-related-event-info\">\n\t<h3 class=\"tribe-related-events-title\">\n\t\t<a href=\"https:\/\/cafelapalma.com\/en\/programacion\/backstage-le-petit-truffle-mayo\/\" class=\"tribe-event-url\" rel=\"bookmark\">\n\t\t\tBACKSTAGE: LE PETIT + TRUFFLE MAYO\t\t<\/a>\n\t<\/h3>\n\t<span class=\"tribe-event-date-start\">5  September@23:55<\/span><\/div>\n<\/li>\n\t\t\t<li>\n\t\n<div class=\"tribe-related-events-thumbnail\">\n\t<a href=\"https:\/\/cafelapalma.com\/en\/programacion\/willie-deville-concierto-benefico-x-venezuela\/\" class=\"url\" rel=\"bookmark\" tabindex=\"-1\" aria-hidden=\"true\"><img loading=\"lazy\" decoding=\"async\" width=\"1020\" height=\"531\" src=\"https:\/\/cafelapalma.com\/wp-content\/uploads\/2026\/08\/Willie-deville-1100x572-1-1040x541.jpg\" class=\"attachment-large size-large wp-post-image\" alt=\"\" \/><\/a>\n<\/div>\n\t<div class=\"tribe-related-event-info\">\n\t<h3 class=\"tribe-related-events-title\">\n\t\t<a href=\"https:\/\/cafelapalma.com\/en\/programacion\/willie-deville-concierto-benefico-x-venezuela\/\" class=\"tribe-event-url\" rel=\"bookmark\">\n\t\t\tWILLIE DEVILLE: CONCIERTO BEN\u00c9FICO X VENEZUELA\t\t<\/a>\n\t<\/h3>\n\t<span class=\"tribe-event-date-start\">6  September@21:00<\/span><span class=\"tribe-event-time\">23:45<\/span><\/div>\n<\/li>\n\t<\/ul>","protected":false},"excerpt":{"rendered":"<p>El debut en 2011 como invitado del grupo Melocos en un concierto en Madrid marc\u00f3 el inicio de la trayectoria musical de Nuchi S\u00e1nchez. En 2012 fund\u00f3 la banda Peque\u00f1os Imprevistos y, con \u00abEstado Alterado de Conciencia\u00bb, su primer trabajo autoproducido, comenzaron a girar por las salas de Madrid durante los siguientes a\u00f1os. En un &hellip; <\/p>","protected":false},"author":2,"featured_media":27697,"template":"","meta":{"_tec_requires_first_save":false,"_uag_custom_page_level_css":"","loftloader_page_shortcode":"","_EventAllDay":false,"_EventTimezone":"Europe\/Madrid","_EventStartDate":"2024-03-03 21:00:00","_EventEndDate":"2024-03-03 23:00:00","_EventStartDateUTC":"2024-03-03 20:00:00","_EventEndDateUTC":"2024-03-03 22:00:00","_EventShowMap":false,"_EventShowMapLink":false,"_EventURL":"https:\/\/www.passline.com\/eventos\/nuchi-sanchez","_EventCost":"10","_EventCostDescription":"","_EventCurrencySymbol":"\u20ac","_EventCurrencyCode":"USD","_EventCurrencyPosition":"suffix","_EventDateTimeSeparator":"@","_EventTimeRangeSeparator":"-","_EventOrganizerID":[],"_EventVenueID":[],"_OrganizerEmail":"","_OrganizerPhone":"","_OrganizerWebsite":"","_VenueAddress":"","_VenueCity":"","_VenueCountry":"","_VenueProvince":"","_VenueState":"","_VenueZip":"","_VenuePhone":"","_VenueURL":"","_VenueStateProvince":"","_VenueLat":"","_VenueLng":"","_VenueShowMap":false,"_VenueShowMapLink":false,"_tribe_blocks_recurrence_rules":"","_tribe_blocks_recurrence_description":"","_tribe_blocks_recurrence_exclusions":"","_ecp_custom_2":"","_tribe_events_status":"","_tribe_events_status_reason":"","_tribe_events_is_hybrid":"","_tribe_events_is_virtual":"","_tribe_events_virtual_video_source":"","_tribe_events_virtual_embed_video":"","_tribe_events_virtual_linked_button_text":"","_tribe_events_virtual_linked_button":"","_tribe_events_virtual_show_embed_at":"","_tribe_events_virtual_show_embed_to":[],"_tribe_events_virtual_show_on_event":"","_tribe_events_virtual_show_on_views":"","_tribe_events_virtual_url":"","footnotes":""},"tags":[1363,8869,2865,9147,9146,14761,8970,14758,14763,14759,14760,1355,14762,14765,1354,14764],"tribe_events_cat":[8963],"class_list":["post-27695","tribe_events","type-tribe_events","status-publish","has-post-thumbnail","hentry","tag-cafe-la-palma","tag-cafe-la-palma-2","tag-conciertos-cafe-la-palma","tag-conciertos-madrid","tag-conciertos-malasana","tag-estado-alterado-de-conciencia","tag-indie","tag-melocos","tag-miedo-a-las-tormentas","tag-nuchi-sanchez","tag-pequenos-imprevistos","tag-pop","tag-por-hacernos-los-valientes","tag-proyecto-ballena","tag-rock","tag-vernos","tribe_events_cat-concierto","cat_concierto"],"uagb_featured_image_src":{"full":["https:\/\/cafelapalma.com\/wp-content\/uploads\/2023\/11\/NUCHI-SANCHEZ-LOW-PIC.jpg",2093,2266,false],"thumbnail":["https:\/\/cafelapalma.com\/wp-content\/uploads\/2023\/11\/NUCHI-SANCHEZ-LOW-PIC-150x150.jpg",150,150,true],"medium":["https:\/\/cafelapalma.com\/wp-content\/uploads\/2023\/11\/NUCHI-SANCHEZ-LOW-PIC-277x300.jpg",277,300,true],"medium_large":["https:\/\/cafelapalma.com\/wp-content\/uploads\/2023\/11\/NUCHI-SANCHEZ-LOW-PIC-768x831.jpg",768,831,true],"large":["https:\/\/cafelapalma.com\/wp-content\/uploads\/2023\/11\/NUCHI-SANCHEZ-LOW-PIC-961x1040.jpg",961,1040,true],"1536x1536":["https:\/\/cafelapalma.com\/wp-content\/uploads\/2023\/11\/NUCHI-SANCHEZ-LOW-PIC-1419x1536.jpg",1419,1536,true],"2048x2048":["https:\/\/cafelapalma.com\/wp-content\/uploads\/2023\/11\/NUCHI-SANCHEZ-LOW-PIC-1892x2048.jpg",1892,2048,true],"trp-custom-language-flag":["https:\/\/cafelapalma.com\/wp-content\/uploads\/2023\/11\/NUCHI-SANCHEZ-LOW-PIC.jpg",11,12,false],"blossom-feminine-slider":["https:\/\/cafelapalma.com\/wp-content\/uploads\/2023\/11\/NUCHI-SANCHEZ-LOW-PIC-1920x649.jpg",1920,649,true],"blossom-feminine-featured":["https:\/\/cafelapalma.com\/wp-content\/uploads\/2023\/11\/NUCHI-SANCHEZ-LOW-PIC-1410x600.jpg",1410,600,true],"blossom-feminine-with-sidebar":["https:\/\/cafelapalma.com\/wp-content\/uploads\/2023\/11\/NUCHI-SANCHEZ-LOW-PIC-1020x600.jpg",1020,600,true],"blossom-feminine-blog":["https:\/\/cafelapalma.com\/wp-content\/uploads\/2023\/11\/NUCHI-SANCHEZ-LOW-PIC-435x435.jpg",435,435,true],"blossom-feminine-cat":["https:\/\/cafelapalma.com\/wp-content\/uploads\/2023\/11\/NUCHI-SANCHEZ-LOW-PIC-450x300.jpg",450,300,true],"blossom-feminine-related":["https:\/\/cafelapalma.com\/wp-content\/uploads\/2023\/11\/NUCHI-SANCHEZ-LOW-PIC-320x200.jpg",320,200,true],"blossom-feminine-schema":["https:\/\/cafelapalma.com\/wp-content\/uploads\/2023\/11\/NUCHI-SANCHEZ-LOW-PIC-55x60.jpg",55,60,true]},"uagb_author_info":{"display_name":"Victor","author_link":"https:\/\/cafelapalma.com\/en\/author\/comunicacion\/"},"uagb_comment_info":0,"uagb_excerpt":"El debut en 2011 como invitado del grupo Melocos en un concierto en Madrid marc\u00f3 el inicio de la trayectoria musical de Nuchi S\u00e1nchez. En 2012 fund\u00f3 la banda Peque\u00f1os Imprevistos y, con \u00abEstado Alterado de Conciencia\u00bb, su primer trabajo autoproducido, comenzaron a girar por las salas de Madrid durante los siguientes a\u00f1os. En un&hellip;","_links":{"self":[{"href":"https:\/\/cafelapalma.com\/en\/wp-json\/wp\/v2\/tribe_events\/27695","targetHints":{"allow":["GET"]}}],"collection":[{"href":"https:\/\/cafelapalma.com\/en\/wp-json\/wp\/v2\/tribe_events"}],"about":[{"href":"https:\/\/cafelapalma.com\/en\/wp-json\/wp\/v2\/types\/tribe_events"}],"author":[{"embeddable":true,"href":"https:\/\/cafelapalma.com\/en\/wp-json\/wp\/v2\/users\/2"}],"version-history":[{"count":0,"href":"https:\/\/cafelapalma.com\/en\/wp-json\/wp\/v2\/tribe_events\/27695\/revisions"}],"wp:featuredmedia":[{"embeddable":true,"href":"https:\/\/cafelapalma.com\/en\/wp-json\/wp\/v2\/media\/27697"}],"wp:attachment":[{"href":"https:\/\/cafelapalma.com\/en\/wp-json\/wp\/v2\/media?parent=27695"}],"wp:term":[{"taxonomy":"post_tag","embeddable":true,"href":"https:\/\/cafelapalma.com\/en\/wp-json\/wp\/v2\/tags?post=27695"},{"taxonomy":"tribe_events_cat","embeddable":true,"href":"https:\/\/cafelapalma.com\/en\/wp-json\/wp\/v2\/tribe_events_cat?post=27695"}],"curies":[{"name":"wp","href":"https:\/\/api.w.org\/{rel}","templated":true}]}}