{"id":27711,"date":"2023-12-04T11:37:09","date_gmt":"2023-12-04T10:37:09","guid":{"rendered":"https:\/\/cafelapalma.com\/?post_type=tribe_events&#038;p=27711"},"modified":"2023-12-04T11:37:39","modified_gmt":"2023-12-04T10:37:39","slug":"sigmund-wilder-alex-garber","status":"publish","type":"tribe_events","link":"https:\/\/cafelapalma.com\/en\/programacion\/sigmund-wilder-alex-garber\/","title":{"rendered":"SIGMUND WILDER + ALEX GARBER"},"content":{"rendered":"<div  class=\"tribe-events-schedule tribe-clearfix\" >\n\t<p class=\"tribe-events-schedule__datetime\">\n\t\t<span class=\"tribe-events-schedule__date tribe-events-schedule__date--start\">\n\t\t\t13  January  2024\t\t<\/span>\n\n\t\t\t\t\t<span class=\"tribe-events-schedule__separator tribe-events-schedule__separator--date\">\n\t\t\t\t@\t\t\t<\/span>\n\t\t\t<span class=\"tribe-events-schedule__time tribe-events-schedule__time--start\">\n\t\t\t\t21:00\t\t\t<\/span>\n\t\t\n\t\t\t\t\t\t\t\t\t<span class=\"tribe-events-schedule__separator tribe-events-schedule__separator--time\">\n\t\t\t\t\t&#8211;\t\t\t\t<\/span>\n\t\t\t\n\t\t\t\t\t\t\t<span class=\"tribe-events-schedule__time tribe-events-schedule__time--end\">\n\t\t\t\t\t23:45\t\t\t\t<\/span>\n\t\t\t\n\t\t\t\t\t\t<\/p>\n<\/div>\n\n\n<div  class=\"tribe-block tribe-block__event-price\" >\n\t\t\t<span class=\"tribe-block__event-price__cost\"> 12\u20ac <\/span>\n\t\t\t\t<span class=\"tribe-block__event-price__description\">+ gg Anticipada | 15\u20ac Taquilla<\/span>\n\t<\/div>\n\n\n\n<div style=\"height:100px\" aria-hidden=\"true\" class=\"wp-block-spacer\"><\/div>\n\n\n\n<div class=\"wp-block-columns is-layout-flex wp-container-core-columns-is-layout-8f761849 wp-block-columns-is-layout-flex\">\n<div class=\"wp-block-column is-layout-flow wp-block-column-is-layout-flow\" style=\"flex-basis:33.33%\">\n<figure class=\"wp-block-image size-large\"><img loading=\"lazy\" decoding=\"async\" width=\"735\" height=\"1040\" src=\"https:\/\/cafelapalma.com\/wp-content\/uploads\/2023\/12\/SIGMUND-WILDER-A3-2-COPY-735x1040.jpg\" alt=\"\" class=\"wp-image-27712\" srcset=\"https:\/\/cafelapalma.com\/wp-content\/uploads\/2023\/12\/SIGMUND-WILDER-A3-2-COPY-735x1040.jpg 735w, https:\/\/cafelapalma.com\/wp-content\/uploads\/2023\/12\/SIGMUND-WILDER-A3-2-COPY-212x300.jpg 212w, https:\/\/cafelapalma.com\/wp-content\/uploads\/2023\/12\/SIGMUND-WILDER-A3-2-COPY-768x1086.jpg 768w, https:\/\/cafelapalma.com\/wp-content\/uploads\/2023\/12\/SIGMUND-WILDER-A3-2-COPY-1086x1536.jpg 1086w, https:\/\/cafelapalma.com\/wp-content\/uploads\/2023\/12\/SIGMUND-WILDER-A3-2-COPY-42x60.jpg 42w, https:\/\/cafelapalma.com\/wp-content\/uploads\/2023\/12\/SIGMUND-WILDER-A3-2-COPY.jpg 1414w\" sizes=\"auto, (max-width: 735px) 100vw, 735px\" \/><\/figure>\n\n\n<div  class=\"tribe-block tribe-block__event-website\" >\n\t<a\n\t\thref=\"https:\/\/entradium.com\/es\/events\/sigmund-wilder-y-alex-garber\"\n\t\ttarget=\"_self\"\n\t\t\t>\n\t\tBUY TICKETS\t<\/a>\n<\/div>\n<\/div>\n\n\n\n<div class=\"wp-block-column is-layout-flow wp-block-column-is-layout-flow\" style=\"flex-basis:66.66%\">\n<p class=\"wp-block-paragraph\"><\/p>\n\n\n\n<p class=\"has-text-align-left wp-block-paragraph\"><strong>SIGMUND WILDER<\/strong> fueron los responsables de abrir el concierto de los brit\u00e1nicos <strong>The Mission<\/strong> in <strong>Madrid <\/strong>el pasado mes de abril. Los ingleses no tuvieron su mejor noche, pero tanto la cr\u00edtica como el p\u00fablico destacaron de forma un\u00e1nime la actuaci\u00f3n de estos barceloneses herederos del sonido de bandas como <strong>The Cure<\/strong>, <strong>Depeche Mode<\/strong> o <strong>Placebo<\/strong>. Acaban de grabar su nuevo EP, a\u00fan sin fecha de publicaci\u00f3n. Lo han hecho en <strong>La Casa Murada<\/strong> bajo las \u00f3rdenes de <strong>Fluren Ferre<\/strong>r, productor de bandas como <strong>Love Of Lesbi\u00e1n<\/strong>, <strong>Viva Suecia<\/strong> o <strong>Iv\u00e1n Ferreiro<\/strong>. Los nuevos temas de <em>los <strong>Wilder <\/strong><\/em>sonar\u00e1n en absoluta primicia para todos aquellos que quieran ser testigos de su debut en <strong>Madrid<\/strong>.<\/p>\n\n\n\n<p class=\"has-text-align-left wp-block-paragraph\">El aragon\u00e9s <strong>Alex Garber<\/strong> presentar\u00e1 los tema de su nuevo \u00e1lbum <strong><em>\u00abVida Stereo\u00bb<\/em><\/strong> tras adoptar su nuevo nombre art\u00edstico, dejando atr\u00e1s su antigua identidad <strong>Alex Hyde<\/strong> con la que lidero durante a\u00f1os la banda independiente aragonesa <strong>Mr. Hyde<\/strong>. <strong>Garber <\/strong>inicia su camino en 2023 y se embarca en sonidos plenamente sintetizados, con ambos ojos puestos en la d\u00e9cada de los &#8217;80. Sus canciones tienden a un pulso el\u00e9ctrico y se cambia la luz del d\u00eda por la oscuridad de la noche. Su primer single <em><strong>\u00abVine a perderme del todo\u00bb<\/strong><\/em> as\u00ed como el resto de temas de su nuevo \u00e1lbum sonar\u00e1n en directo por primera vez.<\/p>\n<\/div>\n<\/div>\n\n\n\n<div style=\"height:100px\" aria-hidden=\"true\" class=\"wp-block-spacer\"><\/div>\n\n\n\n<hr class=\"wp-block-separator has-alpha-channel-opacity\"\/>\n\n\n\n<div style=\"height:100px\" aria-hidden=\"true\" class=\"wp-block-spacer\"><\/div>\n\n\n<h2 class=\"tribe-block__related-events__title\">Related Events<\/h2>\n\n<ul  class=\"tribe-related-events tribe-clearfix\" >\n\t\t\t<li>\n\t\n<div class=\"tribe-related-events-thumbnail\">\n\t<a href=\"https:\/\/cafelapalma.com\/en\/programacion\/funkin-donuts\/\" class=\"url\" rel=\"bookmark\" tabindex=\"-1\" aria-hidden=\"true\"><img loading=\"lazy\" decoding=\"async\" width=\"693\" height=\"1040\" src=\"https:\/\/cafelapalma.com\/wp-content\/uploads\/2026\/07\/FD-vert2-bn-693x1040.jpg\" class=\"attachment-large size-large wp-post-image\" alt=\"\" \/><\/a>\n<\/div>\n\t<div class=\"tribe-related-event-info\">\n\t<h3 class=\"tribe-related-events-title\">\n\t\t<a href=\"https:\/\/cafelapalma.com\/en\/programacion\/funkin-donuts\/\" class=\"tribe-event-url\" rel=\"bookmark\">\n\t\t\tFUNKIN&#8217; DONUTS\t\t<\/a>\n\t<\/h3>\n\t<span class=\"tribe-event-date-start\">5  September@22:00<\/span><span class=\"tribe-event-time\">23:45<\/span><\/div>\n<\/li>\n\t\t\t<li>\n\t\n<div class=\"tribe-related-events-thumbnail\">\n\t<a href=\"https:\/\/cafelapalma.com\/en\/programacion\/backstage-le-petit-truffle-mayo\/\" class=\"url\" rel=\"bookmark\" tabindex=\"-1\" aria-hidden=\"true\"><img loading=\"lazy\" decoding=\"async\" width=\"780\" height=\"1040\" src=\"https:\/\/cafelapalma.com\/wp-content\/uploads\/2026\/07\/Imagen-TruffleMayo-LePetit-i-1-780x1040.png\" class=\"attachment-large size-large wp-post-image\" alt=\"\" \/><\/a>\n<\/div>\n\t<div class=\"tribe-related-event-info\">\n\t<h3 class=\"tribe-related-events-title\">\n\t\t<a href=\"https:\/\/cafelapalma.com\/en\/programacion\/backstage-le-petit-truffle-mayo\/\" class=\"tribe-event-url\" rel=\"bookmark\">\n\t\t\tBACKSTAGE: LE PETIT + TRUFFLE MAYO\t\t<\/a>\n\t<\/h3>\n\t<span class=\"tribe-event-date-start\">5  September@23:55<\/span><\/div>\n<\/li>\n\t\t\t<li>\n\t\n<div class=\"tribe-related-events-thumbnail\">\n\t<a href=\"https:\/\/cafelapalma.com\/en\/programacion\/willie-deville-concierto-benefico-x-venezuela\/\" class=\"url\" rel=\"bookmark\" tabindex=\"-1\" aria-hidden=\"true\"><img loading=\"lazy\" decoding=\"async\" width=\"1020\" height=\"531\" src=\"https:\/\/cafelapalma.com\/wp-content\/uploads\/2026\/08\/Willie-deville-1100x572-1-1040x541.jpg\" class=\"attachment-large size-large wp-post-image\" alt=\"\" \/><\/a>\n<\/div>\n\t<div class=\"tribe-related-event-info\">\n\t<h3 class=\"tribe-related-events-title\">\n\t\t<a href=\"https:\/\/cafelapalma.com\/en\/programacion\/willie-deville-concierto-benefico-x-venezuela\/\" class=\"tribe-event-url\" rel=\"bookmark\">\n\t\t\tWILLIE DEVILLE: CONCIERTO BEN\u00c9FICO X VENEZUELA\t\t<\/a>\n\t<\/h3>\n\t<span class=\"tribe-event-date-start\">6  September@21:00<\/span><span class=\"tribe-event-time\">23:45<\/span><\/div>\n<\/li>\n\t<\/ul>","protected":false},"excerpt":{"rendered":"<p>SIGMUND WILDER fueron los responsables de abrir el concierto de los brit\u00e1nicos The Mission en Madrid el pasado mes de abril. Los ingleses no tuvieron su mejor noche, pero tanto la cr\u00edtica como el p\u00fablico destacaron de forma un\u00e1nime la actuaci\u00f3n de estos barceloneses herederos del sonido de bandas como The Cure, Depeche Mode o &hellip; <\/p>","protected":false},"author":2,"featured_media":27713,"template":"","meta":{"_tec_requires_first_save":false,"_uag_custom_page_level_css":"","loftloader_page_shortcode":"","_EventAllDay":false,"_EventTimezone":"Europe\/Madrid","_EventStartDate":"2024-01-13 21:00:00","_EventEndDate":"2024-01-13 23:45:00","_EventStartDateUTC":"2024-01-13 20:00:00","_EventEndDateUTC":"2024-01-13 22:45:00","_EventShowMap":false,"_EventShowMapLink":false,"_EventURL":"https:\/\/entradium.com\/es\/events\/sigmund-wilder-y-alex-garber","_EventCost":"12","_EventCostDescription":"","_EventCurrencySymbol":"\u20ac","_EventCurrencyCode":"USD","_EventCurrencyPosition":"suffix","_EventDateTimeSeparator":"@","_EventTimeRangeSeparator":"-","_EventOrganizerID":[],"_EventVenueID":[],"_OrganizerEmail":"","_OrganizerPhone":"","_OrganizerWebsite":"","_VenueAddress":"","_VenueCity":"","_VenueCountry":"","_VenueProvince":"","_VenueState":"","_VenueZip":"","_VenuePhone":"","_VenueURL":"","_VenueStateProvince":"","_VenueLat":"","_VenueLng":"","_VenueShowMap":false,"_VenueShowMapLink":false,"_tribe_blocks_recurrence_rules":"","_tribe_blocks_recurrence_description":"","_tribe_blocks_recurrence_exclusions":"","_ecp_custom_2":"","_tribe_events_status":"","_tribe_events_status_reason":"","_tribe_events_is_hybrid":"","_tribe_events_is_virtual":"","_tribe_events_virtual_video_source":"","_tribe_events_virtual_embed_video":"","_tribe_events_virtual_linked_button_text":"","_tribe_events_virtual_linked_button":"","_tribe_events_virtual_show_embed_at":"","_tribe_events_virtual_show_embed_to":[],"_tribe_events_virtual_show_on_event":"","_tribe_events_virtual_show_on_views":"","_tribe_events_virtual_url":"","footnotes":""},"tags":[14767,14772,1363,8869,2865,9147,9146,14770,14769,14773,1355,14766,14768,14771,14774],"tribe_events_cat":[8963],"class_list":["post-27711","tribe_events","type-tribe_events","status-publish","has-post-thumbnail","hentry","tag-alex-garber","tag-alex-hyde","tag-cafe-la-palma","tag-cafe-la-palma-2","tag-conciertos-cafe-la-palma","tag-conciertos-madrid","tag-conciertos-malasana","tag-fluren-ferre","tag-la-casa-murada","tag-mr-hyde","tag-pop","tag-sigmund-wilder","tag-the-mission","tag-vida-stereo","tag-vine-a-perderme-del-todo","tribe_events_cat-concierto","cat_concierto"],"uagb_featured_image_src":{"full":["https:\/\/cafelapalma.com\/wp-content\/uploads\/2023\/12\/SIGMUNDWILDER-FRONTPIC.jpg",525,934,false],"thumbnail":["https:\/\/cafelapalma.com\/wp-content\/uploads\/2023\/12\/SIGMUNDWILDER-FRONTPIC-150x150.jpg",150,150,true],"medium":["https:\/\/cafelapalma.com\/wp-content\/uploads\/2023\/12\/SIGMUNDWILDER-FRONTPIC-169x300.jpg",169,300,true],"medium_large":["https:\/\/cafelapalma.com\/wp-content\/uploads\/2023\/12\/SIGMUNDWILDER-FRONTPIC.jpg",525,934,false],"large":["https:\/\/cafelapalma.com\/wp-content\/uploads\/2023\/12\/SIGMUNDWILDER-FRONTPIC.jpg",525,934,false],"1536x1536":["https:\/\/cafelapalma.com\/wp-content\/uploads\/2023\/12\/SIGMUNDWILDER-FRONTPIC.jpg",525,934,false],"2048x2048":["https:\/\/cafelapalma.com\/wp-content\/uploads\/2023\/12\/SIGMUNDWILDER-FRONTPIC.jpg",525,934,false],"trp-custom-language-flag":["https:\/\/cafelapalma.com\/wp-content\/uploads\/2023\/12\/SIGMUNDWILDER-FRONTPIC.jpg",7,12,false],"blossom-feminine-slider":["https:\/\/cafelapalma.com\/wp-content\/uploads\/2023\/12\/SIGMUNDWILDER-FRONTPIC-525x649.jpg",525,649,true],"blossom-feminine-featured":["https:\/\/cafelapalma.com\/wp-content\/uploads\/2023\/12\/SIGMUNDWILDER-FRONTPIC-525x600.jpg",525,600,true],"blossom-feminine-with-sidebar":["https:\/\/cafelapalma.com\/wp-content\/uploads\/2023\/12\/SIGMUNDWILDER-FRONTPIC-525x600.jpg",525,600,true],"blossom-feminine-blog":["https:\/\/cafelapalma.com\/wp-content\/uploads\/2023\/12\/SIGMUNDWILDER-FRONTPIC-435x435.jpg",435,435,true],"blossom-feminine-cat":["https:\/\/cafelapalma.com\/wp-content\/uploads\/2023\/12\/SIGMUNDWILDER-FRONTPIC-450x300.jpg",450,300,true],"blossom-feminine-related":["https:\/\/cafelapalma.com\/wp-content\/uploads\/2023\/12\/SIGMUNDWILDER-FRONTPIC-320x200.jpg",320,200,true],"blossom-feminine-schema":["https:\/\/cafelapalma.com\/wp-content\/uploads\/2023\/12\/SIGMUNDWILDER-FRONTPIC-34x60.jpg",34,60,true]},"uagb_author_info":{"display_name":"Victor","author_link":"https:\/\/cafelapalma.com\/en\/author\/comunicacion\/"},"uagb_comment_info":0,"uagb_excerpt":"SIGMUND WILDER fueron los responsables de abrir el concierto de los brit\u00e1nicos The Mission en Madrid el pasado mes de abril. Los ingleses no tuvieron su mejor noche, pero tanto la cr\u00edtica como el p\u00fablico destacaron de forma un\u00e1nime la actuaci\u00f3n de estos barceloneses herederos del sonido de bandas como The Cure, Depeche Mode o&hellip;","_links":{"self":[{"href":"https:\/\/cafelapalma.com\/en\/wp-json\/wp\/v2\/tribe_events\/27711","targetHints":{"allow":["GET"]}}],"collection":[{"href":"https:\/\/cafelapalma.com\/en\/wp-json\/wp\/v2\/tribe_events"}],"about":[{"href":"https:\/\/cafelapalma.com\/en\/wp-json\/wp\/v2\/types\/tribe_events"}],"author":[{"embeddable":true,"href":"https:\/\/cafelapalma.com\/en\/wp-json\/wp\/v2\/users\/2"}],"version-history":[{"count":0,"href":"https:\/\/cafelapalma.com\/en\/wp-json\/wp\/v2\/tribe_events\/27711\/revisions"}],"wp:featuredmedia":[{"embeddable":true,"href":"https:\/\/cafelapalma.com\/en\/wp-json\/wp\/v2\/media\/27713"}],"wp:attachment":[{"href":"https:\/\/cafelapalma.com\/en\/wp-json\/wp\/v2\/media?parent=27711"}],"wp:term":[{"taxonomy":"post_tag","embeddable":true,"href":"https:\/\/cafelapalma.com\/en\/wp-json\/wp\/v2\/tags?post=27711"},{"taxonomy":"tribe_events_cat","embeddable":true,"href":"https:\/\/cafelapalma.com\/en\/wp-json\/wp\/v2\/tribe_events_cat?post=27711"}],"curies":[{"name":"wp","href":"https:\/\/api.w.org\/{rel}","templated":true}]}}