{"id":27745,"date":"2023-12-13T13:07:13","date_gmt":"2023-12-13T12:07:13","guid":{"rendered":"https:\/\/cafelapalma.com\/?post_type=tribe_events&#038;p=27745"},"modified":"2024-01-23T10:39:09","modified_gmt":"2024-01-23T09:39:09","slug":"vado-permanente","status":"publish","type":"tribe_events","link":"https:\/\/cafelapalma.com\/en\/programacion\/vado-permanente\/","title":{"rendered":"VADO PERMANENTE"},"content":{"rendered":"<div  class=\"tribe-events-schedule tribe-clearfix\" >\n\t<p class=\"tribe-events-schedule__datetime\">\n\t\t<span class=\"tribe-events-schedule__date tribe-events-schedule__date--start\">\n\t\t\t25  January  2024\t\t<\/span>\n\n\t\t\t\t\t<span class=\"tribe-events-schedule__separator tribe-events-schedule__separator--date\">\n\t\t\t\t@\t\t\t<\/span>\n\t\t\t<span class=\"tribe-events-schedule__time tribe-events-schedule__time--start\">\n\t\t\t\t22:00\t\t\t<\/span>\n\t\t\n\t\t\t\t\t\t\t\t\t<span class=\"tribe-events-schedule__separator tribe-events-schedule__separator--time\">\n\t\t\t\t\t&#8211;\t\t\t\t<\/span>\n\t\t\t\n\t\t\t\t\t\t\t<span class=\"tribe-events-schedule__time tribe-events-schedule__time--end\">\n\t\t\t\t\t23:45\t\t\t\t<\/span>\n\t\t\t\n\t\t\t\t\t\t<\/p>\n<\/div>\n\n\n<div  class=\"tribe-block tribe-block__event-price\" >\n\t\t\t<span class=\"tribe-block__event-price__cost\"> ENTRADAS AGOTADAS <\/span>\n\t\t<\/div>\n\n\n\n<div style=\"height:100px\" aria-hidden=\"true\" class=\"wp-block-spacer\"><\/div>\n\n\n\n<div class=\"wp-block-columns is-layout-flex wp-container-core-columns-is-layout-8f761849 wp-block-columns-is-layout-flex\">\n<div class=\"wp-block-column is-layout-flow wp-block-column-is-layout-flow\" style=\"flex-basis:33.33%\">\n<figure class=\"wp-block-image size-full\"><img loading=\"lazy\" decoding=\"async\" width=\"2122\" height=\"3000\" src=\"https:\/\/cafelapalma.com\/wp-content\/uploads\/2024\/01\/VADOSOLDOUT-NEWS-scaled.jpg\" alt=\"\" class=\"wp-image-28098\" srcset=\"https:\/\/cafelapalma.com\/wp-content\/uploads\/2024\/01\/VADOSOLDOUT-NEWS-scaled.jpg 2122w, https:\/\/cafelapalma.com\/wp-content\/uploads\/2024\/01\/VADOSOLDOUT-NEWS-212x300.jpg 212w, https:\/\/cafelapalma.com\/wp-content\/uploads\/2024\/01\/VADOSOLDOUT-NEWS-736x1040.jpg 736w, https:\/\/cafelapalma.com\/wp-content\/uploads\/2024\/01\/VADOSOLDOUT-NEWS-768x1086.jpg 768w, https:\/\/cafelapalma.com\/wp-content\/uploads\/2024\/01\/VADOSOLDOUT-NEWS-1086x1536.jpg 1086w, https:\/\/cafelapalma.com\/wp-content\/uploads\/2024\/01\/VADOSOLDOUT-NEWS-1448x2048.jpg 1448w, https:\/\/cafelapalma.com\/wp-content\/uploads\/2024\/01\/VADOSOLDOUT-NEWS-42x60.jpg 42w\" sizes=\"auto, (max-width: 2122px) 100vw, 2122px\" \/><\/figure>\n<\/div>\n\n\n\n<div class=\"wp-block-column is-layout-flow wp-block-column-is-layout-flow\" style=\"flex-basis:66.66%\">\n<div style=\"height:100px\" aria-hidden=\"true\" class=\"wp-block-spacer\"><\/div>\n\n\n\n<p class=\"has-text-align-left wp-block-paragraph\"><strong>VADO PERMANENTE<\/strong> es un grupo que surgi\u00f3 de la pasi\u00f3n compartida por la m\u00fasica y que actualmente lleva dos a\u00f1os cautivando a sus seguidores. Reinterpretando \u00e9xitos de artistas emblem\u00e1ticos del pop rock espa\u00f1ol como <strong>Pereza<\/strong>, <strong>El Canto del Loco<\/strong>, <strong>Fito <\/strong>y <strong>Pignoise<\/strong>, el grupo imprime un toque distintivo y aut\u00e9ntico a cada melod\u00eda, manteniendo un sonido puro, sin aditivos digitales.<\/p>\n\n\n\n<p class=\"has-text-align-left wp-block-paragraph\">Compuesto por dos guitarristas, bater\u00eda, bajo y un vocalista apasionado, <strong>Vado Permanente<\/strong> se prepara para dar la bienvenida al 2024 con un concierto \u00fanico. Esta presentaci\u00f3n busca dar la bienvenida a todos los amantes de la m\u00fasica que deseen disfrutar de una noche llena de los mejores temas del pop\/rock espa\u00f1ol. Comienza el a\u00f1o sumergi\u00e9ndote en la energ\u00eda y la nostalgia de estos grandes \u00e9xitos reinterpretados de manera fresca y emocionante.<\/p>\n<\/div>\n<\/div>\n\n\n\n<div style=\"height:100px\" aria-hidden=\"true\" class=\"wp-block-spacer\"><\/div>\n\n\n\n<hr class=\"wp-block-separator has-alpha-channel-opacity\"\/>\n\n\n\n<div style=\"height:100px\" aria-hidden=\"true\" class=\"wp-block-spacer\"><\/div>\n\n\n<h2 class=\"tribe-block__related-events__title\">Related Events<\/h2>\n\n<ul  class=\"tribe-related-events tribe-clearfix\" >\n\t\t\t<li>\n\t\n<div class=\"tribe-related-events-thumbnail\">\n\t<a href=\"https:\/\/cafelapalma.com\/en\/programacion\/funkin-donuts\/\" class=\"url\" rel=\"bookmark\" tabindex=\"-1\" aria-hidden=\"true\"><img loading=\"lazy\" decoding=\"async\" width=\"693\" height=\"1040\" src=\"https:\/\/cafelapalma.com\/wp-content\/uploads\/2026\/07\/FD-vert2-bn-693x1040.jpg\" class=\"attachment-large size-large wp-post-image\" alt=\"\" \/><\/a>\n<\/div>\n\t<div class=\"tribe-related-event-info\">\n\t<h3 class=\"tribe-related-events-title\">\n\t\t<a href=\"https:\/\/cafelapalma.com\/en\/programacion\/funkin-donuts\/\" class=\"tribe-event-url\" rel=\"bookmark\">\n\t\t\tFUNKIN&#8217; DONUTS\t\t<\/a>\n\t<\/h3>\n\t<span class=\"tribe-event-date-start\">5  September@22:00<\/span><span class=\"tribe-event-time\">23:45<\/span><\/div>\n<\/li>\n\t\t\t<li>\n\t\n<div class=\"tribe-related-events-thumbnail\">\n\t<a href=\"https:\/\/cafelapalma.com\/en\/programacion\/backstage-le-petit-truffle-mayo\/\" class=\"url\" rel=\"bookmark\" tabindex=\"-1\" aria-hidden=\"true\"><img loading=\"lazy\" decoding=\"async\" width=\"780\" height=\"1040\" src=\"https:\/\/cafelapalma.com\/wp-content\/uploads\/2026\/07\/Imagen-TruffleMayo-LePetit-i-1-780x1040.png\" class=\"attachment-large size-large wp-post-image\" alt=\"\" \/><\/a>\n<\/div>\n\t<div class=\"tribe-related-event-info\">\n\t<h3 class=\"tribe-related-events-title\">\n\t\t<a href=\"https:\/\/cafelapalma.com\/en\/programacion\/backstage-le-petit-truffle-mayo\/\" class=\"tribe-event-url\" rel=\"bookmark\">\n\t\t\tBACKSTAGE: LE PETIT + TRUFFLE MAYO\t\t<\/a>\n\t<\/h3>\n\t<span class=\"tribe-event-date-start\">5  September@23:55<\/span><\/div>\n<\/li>\n\t\t\t<li>\n\t\n<div class=\"tribe-related-events-thumbnail\">\n\t<a href=\"https:\/\/cafelapalma.com\/en\/programacion\/willie-deville-concierto-benefico-x-venezuela\/\" class=\"url\" rel=\"bookmark\" tabindex=\"-1\" aria-hidden=\"true\"><img loading=\"lazy\" decoding=\"async\" width=\"1020\" height=\"531\" src=\"https:\/\/cafelapalma.com\/wp-content\/uploads\/2026\/08\/Willie-deville-1100x572-1-1040x541.jpg\" class=\"attachment-large size-large wp-post-image\" alt=\"\" \/><\/a>\n<\/div>\n\t<div class=\"tribe-related-event-info\">\n\t<h3 class=\"tribe-related-events-title\">\n\t\t<a href=\"https:\/\/cafelapalma.com\/en\/programacion\/willie-deville-concierto-benefico-x-venezuela\/\" class=\"tribe-event-url\" rel=\"bookmark\">\n\t\t\tWILLIE DEVILLE: CONCIERTO BEN\u00c9FICO X VENEZUELA\t\t<\/a>\n\t<\/h3>\n\t<span class=\"tribe-event-date-start\">6  September@21:00<\/span><span class=\"tribe-event-time\">23:45<\/span><\/div>\n<\/li>\n\t<\/ul>","protected":false},"excerpt":{"rendered":"<p>VADO PERMANENTE es un grupo que surgi\u00f3 de la pasi\u00f3n compartida por la m\u00fasica y que actualmente lleva dos a\u00f1os cautivando a sus seguidores. Reinterpretando \u00e9xitos de artistas emblem\u00e1ticos del pop rock espa\u00f1ol como Pereza, El Canto del Loco, Fito y Pignoise, el grupo imprime un toque distintivo y aut\u00e9ntico a cada melod\u00eda, manteniendo un &hellip; <\/p>","protected":false},"author":2,"featured_media":27747,"template":"","meta":{"_tec_requires_first_save":false,"_uag_custom_page_level_css":"","loftloader_page_shortcode":"","_EventAllDay":false,"_EventTimezone":"Europe\/Madrid","_EventStartDate":"2024-01-25 22:00:00","_EventEndDate":"2024-01-25 23:45:00","_EventStartDateUTC":"2024-01-25 21:00:00","_EventEndDateUTC":"2024-01-25 22:45:00","_EventShowMap":false,"_EventShowMapLink":false,"_EventURL":"https:\/\/www.passline.com\/eventos\/vado-permanente","_EventCost":"ENTRADAS AGOTADAS","_EventCostDescription":"","_EventCurrencySymbol":"\u20ac","_EventCurrencyCode":"USD","_EventCurrencyPosition":"suffix","_EventDateTimeSeparator":"@","_EventTimeRangeSeparator":"-","_EventOrganizerID":[],"_EventVenueID":[],"_OrganizerEmail":"","_OrganizerPhone":"","_OrganizerWebsite":"","_VenueAddress":"","_VenueCity":"","_VenueCountry":"","_VenueProvince":"","_VenueState":"","_VenueZip":"","_VenuePhone":"","_VenueURL":"","_VenueStateProvince":"","_VenueLat":"","_VenueLng":"","_VenueShowMap":false,"_VenueShowMapLink":false,"_tribe_blocks_recurrence_rules":"","_tribe_blocks_recurrence_description":"","_tribe_blocks_recurrence_exclusions":"","_ecp_custom_2":"","_tribe_events_status":"","_tribe_events_status_reason":"","_tribe_events_is_hybrid":"","_tribe_events_is_virtual":"","_tribe_events_virtual_video_source":"","_tribe_events_virtual_embed_video":"","_tribe_events_virtual_linked_button_text":"","_tribe_events_virtual_linked_button":"","_tribe_events_virtual_show_embed_at":"","_tribe_events_virtual_show_embed_to":[],"_tribe_events_virtual_show_on_event":"","_tribe_events_virtual_show_on_views":"","_tribe_events_virtual_url":"","footnotes":""},"tags":[1363,8869,2865,9147,9146,14805,14806,8970,9881,14807,1355,1354,14804],"tribe_events_cat":[8963],"class_list":["post-27745","tribe_events","type-tribe_events","status-publish","has-post-thumbnail","hentry","tag-cafe-la-palma","tag-cafe-la-palma-2","tag-conciertos-cafe-la-palma","tag-conciertos-madrid","tag-conciertos-malasana","tag-el-canto-del-loco","tag-fito","tag-indie","tag-pereza","tag-pignoise","tag-pop","tag-rock","tag-vado-permanente","tribe_events_cat-concierto","cat_concierto"],"uagb_featured_image_src":{"full":["https:\/\/cafelapalma.com\/wp-content\/uploads\/2023\/12\/VADO-PIC.jpg",1936,1142,false],"thumbnail":["https:\/\/cafelapalma.com\/wp-content\/uploads\/2023\/12\/VADO-PIC-150x150.jpg",150,150,true],"medium":["https:\/\/cafelapalma.com\/wp-content\/uploads\/2023\/12\/VADO-PIC-300x177.jpg",300,177,true],"medium_large":["https:\/\/cafelapalma.com\/wp-content\/uploads\/2023\/12\/VADO-PIC-768x453.jpg",768,453,true],"large":["https:\/\/cafelapalma.com\/wp-content\/uploads\/2023\/12\/VADO-PIC-1040x613.jpg",1020,601,true],"1536x1536":["https:\/\/cafelapalma.com\/wp-content\/uploads\/2023\/12\/VADO-PIC-1536x906.jpg",1536,906,true],"2048x2048":["https:\/\/cafelapalma.com\/wp-content\/uploads\/2023\/12\/VADO-PIC.jpg",1936,1142,false],"trp-custom-language-flag":["https:\/\/cafelapalma.com\/wp-content\/uploads\/2023\/12\/VADO-PIC.jpg",18,12,false],"blossom-feminine-slider":["https:\/\/cafelapalma.com\/wp-content\/uploads\/2023\/12\/VADO-PIC-1920x649.jpg",1920,649,true],"blossom-feminine-featured":["https:\/\/cafelapalma.com\/wp-content\/uploads\/2023\/12\/VADO-PIC-1410x600.jpg",1410,600,true],"blossom-feminine-with-sidebar":["https:\/\/cafelapalma.com\/wp-content\/uploads\/2023\/12\/VADO-PIC-1020x600.jpg",1020,600,true],"blossom-feminine-blog":["https:\/\/cafelapalma.com\/wp-content\/uploads\/2023\/12\/VADO-PIC-435x435.jpg",435,435,true],"blossom-feminine-cat":["https:\/\/cafelapalma.com\/wp-content\/uploads\/2023\/12\/VADO-PIC-450x300.jpg",450,300,true],"blossom-feminine-related":["https:\/\/cafelapalma.com\/wp-content\/uploads\/2023\/12\/VADO-PIC-320x200.jpg",320,200,true],"blossom-feminine-schema":["https:\/\/cafelapalma.com\/wp-content\/uploads\/2023\/12\/VADO-PIC-102x60.jpg",102,60,true]},"uagb_author_info":{"display_name":"Victor","author_link":"https:\/\/cafelapalma.com\/en\/author\/comunicacion\/"},"uagb_comment_info":0,"uagb_excerpt":"VADO PERMANENTE es un grupo que surgi\u00f3 de la pasi\u00f3n compartida por la m\u00fasica y que actualmente lleva dos a\u00f1os cautivando a sus seguidores. Reinterpretando \u00e9xitos de artistas emblem\u00e1ticos del pop rock espa\u00f1ol como Pereza, El Canto del Loco, Fito y Pignoise, el grupo imprime un toque distintivo y aut\u00e9ntico a cada melod\u00eda, manteniendo un&hellip;","_links":{"self":[{"href":"https:\/\/cafelapalma.com\/en\/wp-json\/wp\/v2\/tribe_events\/27745","targetHints":{"allow":["GET"]}}],"collection":[{"href":"https:\/\/cafelapalma.com\/en\/wp-json\/wp\/v2\/tribe_events"}],"about":[{"href":"https:\/\/cafelapalma.com\/en\/wp-json\/wp\/v2\/types\/tribe_events"}],"author":[{"embeddable":true,"href":"https:\/\/cafelapalma.com\/en\/wp-json\/wp\/v2\/users\/2"}],"version-history":[{"count":0,"href":"https:\/\/cafelapalma.com\/en\/wp-json\/wp\/v2\/tribe_events\/27745\/revisions"}],"wp:featuredmedia":[{"embeddable":true,"href":"https:\/\/cafelapalma.com\/en\/wp-json\/wp\/v2\/media\/27747"}],"wp:attachment":[{"href":"https:\/\/cafelapalma.com\/en\/wp-json\/wp\/v2\/media?parent=27745"}],"wp:term":[{"taxonomy":"post_tag","embeddable":true,"href":"https:\/\/cafelapalma.com\/en\/wp-json\/wp\/v2\/tags?post=27745"},{"taxonomy":"tribe_events_cat","embeddable":true,"href":"https:\/\/cafelapalma.com\/en\/wp-json\/wp\/v2\/tribe_events_cat?post=27745"}],"curies":[{"name":"wp","href":"https:\/\/api.w.org\/{rel}","templated":true}]}}