{"id":27775,"date":"2023-12-19T08:23:21","date_gmt":"2023-12-19T07:23:21","guid":{"rendered":"https:\/\/cafelapalma.com\/programacion\/tukan-13-copy\/"},"modified":"2024-01-19T11:10:32","modified_gmt":"2024-01-19T10:10:32","slug":"tukan-14","status":"publish","type":"tribe_events","link":"https:\/\/cafelapalma.com\/en\/programacion\/tukan-14\/","title":{"rendered":"TUKAN"},"content":{"rendered":"<div  class=\"tribe-events-schedule tribe-clearfix\" >\n\t<p class=\"tribe-events-schedule__datetime\">\n\t\t<span class=\"tribe-events-schedule__date tribe-events-schedule__date--start\">\n\t\t\t20  January  2024\t\t<\/span>\n\n\t\t\t\t\t<span class=\"tribe-events-schedule__separator tribe-events-schedule__separator--date\">\n\t\t\t\t@\t\t\t<\/span>\n\t\t\t<span class=\"tribe-events-schedule__time tribe-events-schedule__time--start\">\n\t\t\t\t23:50\t\t\t<\/span>\n\t\t\n\t\t\t\t\t\t\t\t\t<span class=\"tribe-events-schedule__separator tribe-events-schedule__separator--time\">\n\t\t\t\t\t\t\t\t\t<\/span>\n\t\t\t\n\t\t\t\t\t\t\t<span class=\"tribe-events-schedule__time tribe-events-schedule__time--end\">\n\t\t\t\t\t23:55\t\t\t\t<\/span>\n\t\t\t\n\t\t\t\t\t\t<\/p>\n<\/div>\n\n\n<div  class=\"tribe-block tribe-block__event-price\" >\n\t\t\t<span class=\"tribe-block__event-price__cost\"> ENTRADA LIBRE <\/span>\n\t\t\t\t<span class=\"tribe-block__event-price__description\">| Taquilla 11\u20ac a partir de las 01:30 [ Incluye UNA CONSUMICI\u00d3N ]<\/span>\n\t<\/div>\n\n\n\n<div style=\"height:100px\" aria-hidden=\"true\" class=\"wp-block-spacer\"><\/div>\n\n\n\n<div class=\"wp-block-columns is-layout-flex wp-container-core-columns-is-layout-8f761849 wp-block-columns-is-layout-flex\">\n<div class=\"wp-block-column is-layout-flow wp-block-column-is-layout-flow\" style=\"flex-basis:33.33%\">\n<figure class=\"wp-block-image size-large\"><img loading=\"lazy\" decoding=\"async\" width=\"736\" height=\"1040\" src=\"https:\/\/cafelapalma.com\/wp-content\/uploads\/2023\/12\/TUKAN-ENERO-24-A3-LOW-736x1040.jpg\" alt=\"\" class=\"wp-image-27776\" srcset=\"https:\/\/cafelapalma.com\/wp-content\/uploads\/2023\/12\/TUKAN-ENERO-24-A3-LOW-736x1040.jpg 736w, https:\/\/cafelapalma.com\/wp-content\/uploads\/2023\/12\/TUKAN-ENERO-24-A3-LOW-212x300.jpg 212w, https:\/\/cafelapalma.com\/wp-content\/uploads\/2023\/12\/TUKAN-ENERO-24-A3-LOW-768x1086.jpg 768w, https:\/\/cafelapalma.com\/wp-content\/uploads\/2023\/12\/TUKAN-ENERO-24-A3-LOW-1087x1536.jpg 1087w, https:\/\/cafelapalma.com\/wp-content\/uploads\/2023\/12\/TUKAN-ENERO-24-A3-LOW-1449x2048.jpg 1449w, https:\/\/cafelapalma.com\/wp-content\/uploads\/2023\/12\/TUKAN-ENERO-24-A3-LOW-42x60.jpg 42w\" sizes=\"auto, (max-width: 736px) 100vw, 736px\" \/><\/figure>\n<\/div>\n\n\n\n<div class=\"wp-block-column is-layout-flow wp-block-column-is-layout-flow\" style=\"flex-basis:66.66%\">\n<p class=\"wp-block-paragraph\"><\/p>\n\n\n\n<p class=\"has-text-align-left wp-block-paragraph\">En un periodo en el que las propuestas musicales nocturnas se encuentran en una polarizaci\u00f3n entre lo latino\/urbano y el <em>underground<\/em>, es imprescindible ofrecerle al p\u00fablico una alternativa que, sin aferrarse a ninguna etiqueta, sea capaz de navegar entre corrientes electr\u00f3nicas, ofreciendo sorpresa y diversi\u00f3n como elementos vertebradores de la sesi\u00f3n.<\/p>\n\n\n\n<p class=\"has-text-align-left wp-block-paragraph\"><strong>TUKAN <\/strong>son risas, familiaridad, frescura, alegr\u00eda, novedades y recuerdos, son colores y sabores, dulce con un punto de picante. En esta sesi\u00f3n, adem\u00e1s de los dos <em>hosters <\/em>de la fiesta, nuestros residentes <strong>ALEKOS RUBIO<\/strong> y <strong>TOMMY G<\/strong>, ya veteranos de la escena y habituales en los mejores clubes y festivales del pa\u00eds, contaremos con la presencia de <strong>JOS\u00c9 N\u00c1NDEZ<\/strong> como artista invitado.<\/p>\n\n\n\n<p class=\"has-text-align-left wp-block-paragraph\"><strong>Jose N\u00e1ndez<\/strong> tiene su primer contacto con una cabina a la edad de 16. Pese a su juventud, es un dj con muchos a\u00f1os de experiencia en las distintas salas de la capital espa\u00f1ola. Como DJ profesional destaca su excelente selecci\u00f3n musical y su depurada t\u00e9cnica a los platos. Sus sesiones son divertidas y cargadas de mucho ritmo. Amante de la m\u00fasica de club, sus sets pasan del Deep House m\u00e1s selecto al House mas bailable. En su faceta de productor tiene en el mercado temas publicados a trav\u00e9s del sello<strong> Olatu Recordings<\/strong>. Sus tracks <strong><em>&#8216;Calor&#8217;<\/em> <\/strong>y <em><strong>&#8216;Ticket To Ride&#8217;<\/strong><\/em> entraron en el Top 100 de House y Tech House respectivamente en <strong>Beatport <\/strong>y <strong>Traxsource<\/strong>.<\/p>\n\n\n\n<p class=\"has-text-align-left wp-block-paragraph\">\u00a1Diversi\u00f3n garantizada!<\/p>\n<\/div>\n<\/div>\n\n\n\n<div style=\"height:100px\" aria-hidden=\"true\" class=\"wp-block-spacer\"><\/div>\n\n\n\n<hr class=\"wp-block-separator has-alpha-channel-opacity is-style-wide\"\/>\n\n\n\n<div style=\"height:100px\" aria-hidden=\"true\" class=\"wp-block-spacer\"><\/div>\n\n\n<h2 class=\"tribe-block__related-events__title\">Related Events<\/h2>\n\n<ul  class=\"tribe-related-events tribe-clearfix\" >\n\t\t\t<li>\n\t\n<div class=\"tribe-related-events-thumbnail\">\n\t<a href=\"https:\/\/cafelapalma.com\/en\/programacion\/funkin-donuts\/\" class=\"url\" rel=\"bookmark\" tabindex=\"-1\" aria-hidden=\"true\"><img loading=\"lazy\" decoding=\"async\" width=\"693\" height=\"1040\" src=\"https:\/\/cafelapalma.com\/wp-content\/uploads\/2026\/07\/FD-vert2-bn-693x1040.jpg\" class=\"attachment-large size-large wp-post-image\" alt=\"\" \/><\/a>\n<\/div>\n\t<div class=\"tribe-related-event-info\">\n\t<h3 class=\"tribe-related-events-title\">\n\t\t<a href=\"https:\/\/cafelapalma.com\/en\/programacion\/funkin-donuts\/\" class=\"tribe-event-url\" rel=\"bookmark\">\n\t\t\tFUNKIN&#8217; DONUTS\t\t<\/a>\n\t<\/h3>\n\t<span class=\"tribe-event-date-start\">5  September@22:00<\/span><span class=\"tribe-event-time\">23:45<\/span><\/div>\n<\/li>\n\t\t\t<li>\n\t\n<div class=\"tribe-related-events-thumbnail\">\n\t<a href=\"https:\/\/cafelapalma.com\/en\/programacion\/backstage-le-petit-truffle-mayo\/\" class=\"url\" rel=\"bookmark\" tabindex=\"-1\" aria-hidden=\"true\"><img loading=\"lazy\" decoding=\"async\" width=\"780\" height=\"1040\" src=\"https:\/\/cafelapalma.com\/wp-content\/uploads\/2026\/07\/Imagen-TruffleMayo-LePetit-i-1-780x1040.png\" class=\"attachment-large size-large wp-post-image\" alt=\"\" \/><\/a>\n<\/div>\n\t<div class=\"tribe-related-event-info\">\n\t<h3 class=\"tribe-related-events-title\">\n\t\t<a href=\"https:\/\/cafelapalma.com\/en\/programacion\/backstage-le-petit-truffle-mayo\/\" class=\"tribe-event-url\" rel=\"bookmark\">\n\t\t\tBACKSTAGE: LE PETIT + TRUFFLE MAYO\t\t<\/a>\n\t<\/h3>\n\t<span class=\"tribe-event-date-start\">5  September@23:55<\/span><\/div>\n<\/li>\n\t\t\t<li>\n\t\n<div class=\"tribe-related-events-thumbnail\">\n\t<a href=\"https:\/\/cafelapalma.com\/en\/programacion\/willie-deville-concierto-benefico-x-venezuela\/\" class=\"url\" rel=\"bookmark\" tabindex=\"-1\" aria-hidden=\"true\"><img loading=\"lazy\" decoding=\"async\" width=\"1020\" height=\"531\" src=\"https:\/\/cafelapalma.com\/wp-content\/uploads\/2026\/08\/Willie-deville-1100x572-1-1040x541.jpg\" class=\"attachment-large size-large wp-post-image\" alt=\"\" \/><\/a>\n<\/div>\n\t<div class=\"tribe-related-event-info\">\n\t<h3 class=\"tribe-related-events-title\">\n\t\t<a href=\"https:\/\/cafelapalma.com\/en\/programacion\/willie-deville-concierto-benefico-x-venezuela\/\" class=\"tribe-event-url\" rel=\"bookmark\">\n\t\t\tWILLIE DEVILLE: CONCIERTO BEN\u00c9FICO X VENEZUELA\t\t<\/a>\n\t<\/h3>\n\t<span class=\"tribe-event-date-start\">6  September@21:00<\/span><span class=\"tribe-event-time\">23:45<\/span><\/div>\n<\/li>\n\t<\/ul>\n","protected":false},"excerpt":{"rendered":"<p>En un periodo en el que las propuestas musicales nocturnas se encuentran en una polarizaci\u00f3n entre lo latino\/urbano y el underground, es imprescindible ofrecerle al p\u00fablico una alternativa que, sin aferrarse a ninguna etiqueta, sea capaz de navegar entre corrientes electr\u00f3nicas, ofreciendo sorpresa y diversi\u00f3n como elementos vertebradores de la sesi\u00f3n. TUKAN son risas, familiaridad, &hellip; <\/p>","protected":false},"author":2,"featured_media":24637,"template":"","meta":{"_tec_requires_first_save":false,"_uag_custom_page_level_css":"","loftloader_page_shortcode":"","_EventAllDay":false,"_EventTimezone":"Europe\/Madrid","_EventStartDate":"2024-01-20 23:50:00","_EventEndDate":"2024-01-20 23:55:00","_EventStartDateUTC":"2024-01-20 22:50:00","_EventEndDateUTC":"2024-01-20 22:55:00","_EventShowMap":false,"_EventShowMapLink":false,"_EventURL":"","_EventCost":"ENTRADA LIBRE","_EventCostDescription":"","_EventCurrencySymbol":"","_EventCurrencyCode":"","_EventCurrencyPosition":"","_EventDateTimeSeparator":"","_EventTimeRangeSeparator":"","_EventOrganizerID":[],"_EventVenueID":[0],"_OrganizerEmail":"","_OrganizerPhone":"","_OrganizerWebsite":"","_VenueAddress":"","_VenueCity":"","_VenueCountry":"","_VenueProvince":"","_VenueState":"","_VenueZip":"","_VenuePhone":"","_VenueURL":"","_VenueStateProvince":"","_VenueLat":"","_VenueLng":"","_VenueShowMap":false,"_VenueShowMapLink":false,"_tribe_blocks_recurrence_rules":"","_tribe_blocks_recurrence_description":"","_tribe_blocks_recurrence_exclusions":"","_ecp_custom_2":"","_tribe_events_status":"","_tribe_events_status_reason":"","_tribe_events_is_hybrid":"","_tribe_events_is_virtual":"","_tribe_events_virtual_video_source":"","_tribe_events_virtual_embed_video":"","_tribe_events_virtual_linked_button_text":"","_tribe_events_virtual_linked_button":"","_tribe_events_virtual_show_embed_at":"","_tribe_events_virtual_show_embed_to":[],"_tribe_events_virtual_show_on_event":"","_tribe_events_virtual_show_on_views":"","_tribe_events_virtual_url":"","footnotes":""},"tags":[10542,12270,1363,9225,14823,9557,9226,9227,1357,12269,9309,9716,14821,14822,776,14824,10042,10228,12268],"tribe_events_cat":[8964],"class_list":["post-27775","tribe_events","type-tribe_events","status-publish","has-post-thumbnail","hentry","tag-afro-house","tag-alekos-rubio","tag-cafe-la-palma","tag-cafe-la-palma-clubbing","tag-calor","tag-deep-house","tag-djs-madrid","tag-djs-malasana","tag-electronica","tag-fun-dance","tag-house","tag-house-music","tag-jose-nandez","tag-olatu-recordings","tag-techno","tag-ticket-to-ride","tag-tommy-g","tag-trance","tag-tukan","tribe_events_cat-clubbing","cat_clubbing"],"uagb_featured_image_src":{"full":["https:\/\/cafelapalma.com\/wp-content\/uploads\/2022\/09\/TUKAN-FRONT-LOW.png",1722,2435,false],"thumbnail":["https:\/\/cafelapalma.com\/wp-content\/uploads\/2022\/09\/TUKAN-FRONT-LOW-150x150.png",150,150,true],"medium":["https:\/\/cafelapalma.com\/wp-content\/uploads\/2022\/09\/TUKAN-FRONT-LOW-212x300.png",212,300,true],"medium_large":["https:\/\/cafelapalma.com\/wp-content\/uploads\/2022\/09\/TUKAN-FRONT-LOW-768x1086.png",768,1086,true],"large":["https:\/\/cafelapalma.com\/wp-content\/uploads\/2022\/09\/TUKAN-FRONT-LOW-735x1040.png",735,1040,true],"1536x1536":["https:\/\/cafelapalma.com\/wp-content\/uploads\/2022\/09\/TUKAN-FRONT-LOW-1086x1536.png",1086,1536,true],"2048x2048":["https:\/\/cafelapalma.com\/wp-content\/uploads\/2022\/09\/TUKAN-FRONT-LOW-1448x2048.png",1448,2048,true],"trp-custom-language-flag":["https:\/\/cafelapalma.com\/wp-content\/uploads\/2022\/09\/TUKAN-FRONT-LOW.png",8,12,false],"blossom-feminine-slider":["https:\/\/cafelapalma.com\/wp-content\/uploads\/2022\/09\/TUKAN-FRONT-LOW-1722x649.png",1722,649,true],"blossom-feminine-featured":["https:\/\/cafelapalma.com\/wp-content\/uploads\/2022\/09\/TUKAN-FRONT-LOW-1410x600.png",1410,600,true],"blossom-feminine-with-sidebar":["https:\/\/cafelapalma.com\/wp-content\/uploads\/2022\/09\/TUKAN-FRONT-LOW-1020x600.png",1020,600,true],"blossom-feminine-blog":["https:\/\/cafelapalma.com\/wp-content\/uploads\/2022\/09\/TUKAN-FRONT-LOW-435x435.png",435,435,true],"blossom-feminine-cat":["https:\/\/cafelapalma.com\/wp-content\/uploads\/2022\/09\/TUKAN-FRONT-LOW-450x300.png",450,300,true],"blossom-feminine-related":["https:\/\/cafelapalma.com\/wp-content\/uploads\/2022\/09\/TUKAN-FRONT-LOW-320x200.png",320,200,true],"blossom-feminine-schema":["https:\/\/cafelapalma.com\/wp-content\/uploads\/2022\/09\/TUKAN-FRONT-LOW-42x60.png",42,60,true]},"uagb_author_info":{"display_name":"Victor","author_link":"https:\/\/cafelapalma.com\/en\/author\/comunicacion\/"},"uagb_comment_info":0,"uagb_excerpt":"En un periodo en el que las propuestas musicales nocturnas se encuentran en una polarizaci\u00f3n entre lo latino\/urbano y el underground, es imprescindible ofrecerle al p\u00fablico una alternativa que, sin aferrarse a ninguna etiqueta, sea capaz de navegar entre corrientes electr\u00f3nicas, ofreciendo sorpresa y diversi\u00f3n como elementos vertebradores de la sesi\u00f3n. TUKAN son risas, familiaridad,&hellip;","_links":{"self":[{"href":"https:\/\/cafelapalma.com\/en\/wp-json\/wp\/v2\/tribe_events\/27775","targetHints":{"allow":["GET"]}}],"collection":[{"href":"https:\/\/cafelapalma.com\/en\/wp-json\/wp\/v2\/tribe_events"}],"about":[{"href":"https:\/\/cafelapalma.com\/en\/wp-json\/wp\/v2\/types\/tribe_events"}],"author":[{"embeddable":true,"href":"https:\/\/cafelapalma.com\/en\/wp-json\/wp\/v2\/users\/2"}],"version-history":[{"count":0,"href":"https:\/\/cafelapalma.com\/en\/wp-json\/wp\/v2\/tribe_events\/27775\/revisions"}],"wp:featuredmedia":[{"embeddable":true,"href":"https:\/\/cafelapalma.com\/en\/wp-json\/wp\/v2\/media\/24637"}],"wp:attachment":[{"href":"https:\/\/cafelapalma.com\/en\/wp-json\/wp\/v2\/media?parent=27775"}],"wp:term":[{"taxonomy":"post_tag","embeddable":true,"href":"https:\/\/cafelapalma.com\/en\/wp-json\/wp\/v2\/tags?post=27775"},{"taxonomy":"tribe_events_cat","embeddable":true,"href":"https:\/\/cafelapalma.com\/en\/wp-json\/wp\/v2\/tribe_events_cat?post=27775"}],"curies":[{"name":"wp","href":"https:\/\/api.w.org\/{rel}","templated":true}]}}