{"id":27919,"date":"2024-01-05T11:41:16","date_gmt":"2024-01-05T10:41:16","guid":{"rendered":"https:\/\/cafelapalma.com\/programacion\/quejio-por-palestina-copy\/"},"modified":"2024-01-14T10:33:07","modified_gmt":"2024-01-14T09:33:07","slug":"quejio-por-palestina-nueva-fecha","status":"publish","type":"tribe_events","link":"https:\/\/cafelapalma.com\/en\/programacion\/quejio-por-palestina-nueva-fecha\/","title":{"rendered":"QUEJ\u00cdO POR PALESTINA \u00b7 \u00a1NUEVA FECHA!"},"content":{"rendered":"<div  class=\"tribe-events-schedule tribe-clearfix\" >\n\t<p class=\"tribe-events-schedule__datetime\">\n\t\t<span class=\"tribe-events-schedule__date tribe-events-schedule__date--start\">\n\t\t\t17  January  2024\t\t<\/span>\n\n\t\t\t\t\t<span class=\"tribe-events-schedule__separator tribe-events-schedule__separator--date\">\n\t\t\t\t@\t\t\t<\/span>\n\t\t\t<span class=\"tribe-events-schedule__time tribe-events-schedule__time--start\">\n\t\t\t\t21:00\t\t\t<\/span>\n\t\t\n\t\t\t\t\t\t\t\t\t<span class=\"tribe-events-schedule__separator tribe-events-schedule__separator--time\">\n\t\t\t\t\t&#8211;\t\t\t\t<\/span>\n\t\t\t\n\t\t\t\t\t\t\t<span class=\"tribe-events-schedule__time tribe-events-schedule__time--end\">\n\t\t\t\t\t23:00\t\t\t\t<\/span>\n\t\t\t\n\t\t\t\t\t\t<\/p>\n<\/div>\n\n\n<div  class=\"tribe-block tribe-block__event-price\" >\n\t\t\t<span class=\"tribe-block__event-price__cost\"> 10\u20ac <\/span>\n\t\t\t\t<span class=\"tribe-block__event-price__description\">+ gg *<\/span>\n\t<\/div>\n\n\n\n<div style=\"height:100px\" aria-hidden=\"true\" class=\"wp-block-spacer\"><\/div>\n\n\n\n<div class=\"wp-block-columns is-layout-flex wp-container-core-columns-is-layout-8f761849 wp-block-columns-is-layout-flex\">\n<div class=\"wp-block-column is-layout-flow wp-block-column-is-layout-flow\" style=\"flex-basis:33.33%\">\n<figure class=\"wp-block-image size-large\"><img loading=\"lazy\" decoding=\"async\" width=\"735\" height=\"1040\" src=\"https:\/\/cafelapalma.com\/wp-content\/uploads\/2024\/01\/FILA-CERO-QUEJIO_cartel-A3F0_LOW-735x1040.jpg\" alt=\"\" class=\"wp-image-28007\" srcset=\"https:\/\/cafelapalma.com\/wp-content\/uploads\/2024\/01\/FILA-CERO-QUEJIO_cartel-A3F0_LOW-735x1040.jpg 735w, https:\/\/cafelapalma.com\/wp-content\/uploads\/2024\/01\/FILA-CERO-QUEJIO_cartel-A3F0_LOW-212x300.jpg 212w, https:\/\/cafelapalma.com\/wp-content\/uploads\/2024\/01\/FILA-CERO-QUEJIO_cartel-A3F0_LOW-768x1086.jpg 768w, https:\/\/cafelapalma.com\/wp-content\/uploads\/2024\/01\/FILA-CERO-QUEJIO_cartel-A3F0_LOW-1086x1536.jpg 1086w, https:\/\/cafelapalma.com\/wp-content\/uploads\/2024\/01\/FILA-CERO-QUEJIO_cartel-A3F0_LOW-1448x2048.jpg 1448w, https:\/\/cafelapalma.com\/wp-content\/uploads\/2024\/01\/FILA-CERO-QUEJIO_cartel-A3F0_LOW-42x60.jpg 42w\" sizes=\"auto, (max-width: 735px) 100vw, 735px\" \/><\/figure>\n\n\n<div  class=\"tribe-block tribe-block__event-website\" >\n\t<a\n\t\thref=\"https:\/\/www.passline.com\/eventos\/quejio-por-palestina-nueva-fecha\"\n\t\ttarget=\"_self\"\n\t\t\t>\n\t\tBUY TICKETS\t<\/a>\n<\/div>\n<\/div>\n\n\n\n<div class=\"wp-block-column is-layout-flow wp-block-column-is-layout-flow\" style=\"flex-basis:66.66%\">\n<div style=\"height:100px\" aria-hidden=\"true\" class=\"wp-block-spacer\"><\/div>\n\n\n\n<p class=\"has-text-align-left wp-block-paragraph\"><strong>QUEJ\u00cdO POR PALESTINA<\/strong> es un evento que re\u00fane a varias artistas vinculadas al flamenco para reivindicar desde su m\u00fasica y poes\u00eda por la guerra en <strong>Palestina<\/strong>. A trav\u00e9s de composiciones propias y obras del repertorio flamenco tradicional, las artistas pondr\u00e1n de manifiesto el dolor y rabia que sentimos muchas desde la lejan\u00eda, y la impotencia al ver como nuestras instituciones permiten que se lleve a cabo un genocidio m\u00e1s en la historia.<\/p>\n\n\n\n<p class=\"has-text-align-left wp-block-paragraph\">Al cante estar\u00e1n <strong>Marta Delas<\/strong>, <strong>Julia Gabarre<\/strong>, <strong>Sylvia Wild <\/strong>y <strong>Laura Reyes<\/strong>; a la guitarra <strong>Elias Buisson<\/strong> y <strong>Javier P\u00e9rez<\/strong>; al viol\u00edn <strong>Andrea Sanzvela<\/strong>; a la poes\u00eda <strong>Gabriel Benavent<\/strong>. Con la colaboraci\u00f3n especial del cantaor <strong>Emilio Gabarre<\/strong>, la violinista <strong>Patricia Monje<\/strong> y las bailaoras <strong>Sara San Juan<\/strong> y <strong>Cassandra Hamon<\/strong>.<\/p>\n\n\n\n<p class=\"has-text-align-left wp-block-paragraph\">El evento lo organizan la arista audiovisual <strong>Marta Delas<\/strong>, el colectivo <strong>BDS <\/strong>\u2013cuyas representantes participar\u00e1n tambi\u00e9n leyendo poemas de artistas palestinas asesinadas en estos \u00faltimos meses de masacre y violencia incesante\u2013 y <strong>CAFE LA PALMA<\/strong>.<\/p>\n\n\n\n<p class=\"has-text-align-left wp-block-paragraph\">Tras agotar en tiempo record dos fechas tanto el pasado mi\u00e9rcoles 10 de enero como el jueves 11, se abre una nueva sesi\u00f3n por aclamaci\u00f3n popular.<\/p>\n\n\n\n<p class=\"has-text-align-left wp-block-paragraph\"><strong><em>*<\/em><\/strong><em> La organizaci\u00f3n ha abierto una entrada <\/em><strong>FILA 0 <\/strong><em>para que todos aquellos que quieran aportar al fin solidario sin poder asistir al evento puedan hacerlo. Las entradas est\u00e1n disponibles en el enlace de venta a un precio de <\/em><strong>5\u20ac<\/strong><em>. <strong>LA FILA 0 NO ES UNA ENTRADA PRESENCIAL Y NO INCLUYE ACCESO AL EVENTO.<\/strong><\/em><\/p>\n<\/div>\n<\/div>\n\n\n\n<div style=\"height:100px\" aria-hidden=\"true\" class=\"wp-block-spacer\"><\/div>\n\n\n\n<hr class=\"wp-block-separator has-alpha-channel-opacity\"\/>\n\n\n\n<div style=\"height:100px\" aria-hidden=\"true\" class=\"wp-block-spacer\"><\/div>\n\n\n<h2 class=\"tribe-block__related-events__title\">Related Events<\/h2>\n\n<ul  class=\"tribe-related-events tribe-clearfix\" >\n\t\t\t<li>\n\t\n<div class=\"tribe-related-events-thumbnail\">\n\t<a href=\"https:\/\/cafelapalma.com\/en\/programacion\/willie-deville-concierto-benefico-x-venezuela\/\" class=\"url\" rel=\"bookmark\" tabindex=\"-1\" aria-hidden=\"true\"><img loading=\"lazy\" decoding=\"async\" width=\"1020\" height=\"531\" src=\"https:\/\/cafelapalma.com\/wp-content\/uploads\/2026\/08\/Willie-deville-1100x572-1-1040x541.jpg\" class=\"attachment-large size-large wp-post-image\" alt=\"\" \/><\/a>\n<\/div>\n\t<div class=\"tribe-related-event-info\">\n\t<h3 class=\"tribe-related-events-title\">\n\t\t<a href=\"https:\/\/cafelapalma.com\/en\/programacion\/willie-deville-concierto-benefico-x-venezuela\/\" class=\"tribe-event-url\" rel=\"bookmark\">\n\t\t\tWILLIE DEVILLE: CONCIERTO BEN\u00c9FICO X VENEZUELA\t\t<\/a>\n\t<\/h3>\n\t<span class=\"tribe-event-date-start\">6  September@21:00<\/span><span class=\"tribe-event-time\">23:45<\/span><\/div>\n<\/li>\n\t\t\t<li>\n\t\n<div class=\"tribe-related-events-thumbnail\">\n\t<a href=\"https:\/\/cafelapalma.com\/en\/programacion\/new-boix\/\" class=\"url\" rel=\"bookmark\" tabindex=\"-1\" aria-hidden=\"true\"><img loading=\"lazy\" decoding=\"async\" width=\"694\" height=\"1040\" src=\"https:\/\/cafelapalma.com\/wp-content\/uploads\/2026\/05\/WhatsApp-Image-2026-04-29-at-12.00.28-694x1040.jpeg\" class=\"attachment-large size-large wp-post-image\" alt=\"\" \/><\/a>\n<\/div>\n\t<div class=\"tribe-related-event-info\">\n\t<h3 class=\"tribe-related-events-title\">\n\t\t<a href=\"https:\/\/cafelapalma.com\/en\/programacion\/new-boix\/\" class=\"tribe-event-url\" rel=\"bookmark\">\n\t\t\tNEW BOIX\t\t<\/a>\n\t<\/h3>\n\t<span class=\"tribe-event-date-start\">10  September@22:00<\/span><span class=\"tribe-event-time\">23:45<\/span><\/div>\n<\/li>\n\t\t\t<li>\n\t\n<div class=\"tribe-related-events-thumbnail\">\n\t<a href=\"https:\/\/cafelapalma.com\/en\/programacion\/eric-rohmer-seasunday\/\" class=\"url\" rel=\"bookmark\" tabindex=\"-1\" aria-hidden=\"true\"><img loading=\"lazy\" decoding=\"async\" width=\"693\" height=\"1040\" src=\"https:\/\/cafelapalma.com\/wp-content\/uploads\/2026\/07\/ERIC-ROHMER-VERTICAL-1-693x1040.jpg\" class=\"attachment-large size-large wp-post-image\" alt=\"\" \/><\/a>\n<\/div>\n\t<div class=\"tribe-related-event-info\">\n\t<h3 class=\"tribe-related-events-title\">\n\t\t<a href=\"https:\/\/cafelapalma.com\/en\/programacion\/eric-rohmer-seasunday\/\" class=\"tribe-event-url\" rel=\"bookmark\">\n\t\t\tERIC ROHMER + SEASUNDAY\t\t<\/a>\n\t<\/h3>\n\t<span class=\"tribe-event-date-start\">11  September@21:00<\/span><span class=\"tribe-event-time\">23:45<\/span><\/div>\n<\/li>\n\t<\/ul>","protected":false},"excerpt":{"rendered":"<p>QUEJ\u00cdO POR PALESTINA es un evento que re\u00fane a varias artistas vinculadas al flamenco para reivindicar desde su m\u00fasica y poes\u00eda por la guerra en Palestina. A trav\u00e9s de composiciones propias y obras del repertorio flamenco tradicional, las artistas pondr\u00e1n de manifiesto el dolor y rabia que sentimos muchas desde la lejan\u00eda, y la impotencia &hellip; <\/p>","protected":false},"author":2,"featured_media":28008,"template":"","meta":{"_tec_requires_first_save":false,"_uag_custom_page_level_css":"","loftloader_page_shortcode":"","_EventAllDay":false,"_EventTimezone":"Europe\/Madrid","_EventStartDate":"2024-01-17 21:00:00","_EventEndDate":"2024-01-17 23:00:00","_EventStartDateUTC":"2024-01-17 20:00:00","_EventEndDateUTC":"2024-01-17 22:00:00","_EventShowMap":false,"_EventShowMapLink":false,"_EventURL":"https:\/\/www.passline.com\/eventos\/quejio-por-palestina-nueva-fecha","_EventCost":"10","_EventCostDescription":"","_EventCurrencySymbol":"\u20ac","_EventCurrencyCode":"USD","_EventCurrencyPosition":"suffix","_EventDateTimeSeparator":"@","_EventTimeRangeSeparator":"-","_EventOrganizerID":[],"_EventVenueID":[],"_OrganizerEmail":"","_OrganizerPhone":"","_OrganizerWebsite":"","_VenueAddress":"","_VenueCity":"","_VenueCountry":"","_VenueProvince":"","_VenueState":"","_VenueZip":"","_VenuePhone":"","_VenueURL":"","_VenueStateProvince":"","_VenueLat":"","_VenueLng":"","_VenueShowMap":false,"_VenueShowMapLink":false,"_tribe_blocks_recurrence_rules":"","_tribe_blocks_recurrence_description":"","_tribe_blocks_recurrence_exclusions":"","_ecp_custom_2":"","_tribe_events_status":"","_tribe_events_status_reason":"","_tribe_events_is_hybrid":"","_tribe_events_is_virtual":"","_tribe_events_virtual_video_source":"","_tribe_events_virtual_embed_video":"","_tribe_events_virtual_linked_button_text":"","_tribe_events_virtual_linked_button":"","_tribe_events_virtual_show_embed_at":"","_tribe_events_virtual_show_embed_to":[],"_tribe_events_virtual_show_on_event":"","_tribe_events_virtual_show_on_views":"","_tribe_events_virtual_url":"","footnotes":""},"tags":[11396,14886,14887,1363,2865,9147,9146,14883,12802,9455,14875,14885,14884,14879,14882,14880,14876,9486,14877,14878,14881],"tribe_events_cat":[9510],"class_list":["post-27919","tribe_events","type-tribe_events","status-publish","has-post-thumbnail","hentry","tag-anita-sinausia","tag-bds","tag-boicot-desinversiones-y-sanciones-a-israel","tag-cafe-la-palma","tag-conciertos-cafe-la-palma","tag-conciertos-madrid","tag-conciertos-malasana","tag-elias-buisson","tag-evento-solidario","tag-flamenco","tag-free-palestina","tag-gabriel-benavent","tag-javier-perez","tag-julia-gabarre","tag-laura-reyes","tag-marta-delas","tag-palestina","tag-poesia","tag-quejio-por-palestina","tag-stop-al-genocidio","tag-sylvia-wild","tribe_events_cat-actividades","cat_actividades"],"uagb_featured_image_src":{"full":["https:\/\/cafelapalma.com\/wp-content\/uploads\/2024\/01\/FILA-CERO-QUEJIO_insta-storiesF0_FRONT-scaled.jpg",1688,3000,false],"thumbnail":["https:\/\/cafelapalma.com\/wp-content\/uploads\/2024\/01\/FILA-CERO-QUEJIO_insta-storiesF0_FRONT-150x150.jpg",150,150,true],"medium":["https:\/\/cafelapalma.com\/wp-content\/uploads\/2024\/01\/FILA-CERO-QUEJIO_insta-storiesF0_FRONT-169x300.jpg",169,300,true],"medium_large":["https:\/\/cafelapalma.com\/wp-content\/uploads\/2024\/01\/FILA-CERO-QUEJIO_insta-storiesF0_FRONT-768x1365.jpg",768,1365,true],"large":["https:\/\/cafelapalma.com\/wp-content\/uploads\/2024\/01\/FILA-CERO-QUEJIO_insta-storiesF0_FRONT-585x1040.jpg",585,1040,true],"1536x1536":["https:\/\/cafelapalma.com\/wp-content\/uploads\/2024\/01\/FILA-CERO-QUEJIO_insta-storiesF0_FRONT-864x1536.jpg",864,1536,true],"2048x2048":["https:\/\/cafelapalma.com\/wp-content\/uploads\/2024\/01\/FILA-CERO-QUEJIO_insta-storiesF0_FRONT-1152x2048.jpg",1152,2048,true],"trp-custom-language-flag":["https:\/\/cafelapalma.com\/wp-content\/uploads\/2024\/01\/FILA-CERO-QUEJIO_insta-storiesF0_FRONT-scaled.jpg",7,12,false],"blossom-feminine-slider":["https:\/\/cafelapalma.com\/wp-content\/uploads\/2024\/01\/FILA-CERO-QUEJIO_insta-storiesF0_FRONT-1920x649.jpg",1920,649,true],"blossom-feminine-featured":["https:\/\/cafelapalma.com\/wp-content\/uploads\/2024\/01\/FILA-CERO-QUEJIO_insta-storiesF0_FRONT-1410x600.jpg",1410,600,true],"blossom-feminine-with-sidebar":["https:\/\/cafelapalma.com\/wp-content\/uploads\/2024\/01\/FILA-CERO-QUEJIO_insta-storiesF0_FRONT-1020x600.jpg",1020,600,true],"blossom-feminine-blog":["https:\/\/cafelapalma.com\/wp-content\/uploads\/2024\/01\/FILA-CERO-QUEJIO_insta-storiesF0_FRONT-435x435.jpg",435,435,true],"blossom-feminine-cat":["https:\/\/cafelapalma.com\/wp-content\/uploads\/2024\/01\/FILA-CERO-QUEJIO_insta-storiesF0_FRONT-450x300.jpg",450,300,true],"blossom-feminine-related":["https:\/\/cafelapalma.com\/wp-content\/uploads\/2024\/01\/FILA-CERO-QUEJIO_insta-storiesF0_FRONT-320x200.jpg",320,200,true],"blossom-feminine-schema":["https:\/\/cafelapalma.com\/wp-content\/uploads\/2024\/01\/FILA-CERO-QUEJIO_insta-storiesF0_FRONT-34x60.jpg",34,60,true]},"uagb_author_info":{"display_name":"Victor","author_link":"https:\/\/cafelapalma.com\/en\/author\/comunicacion\/"},"uagb_comment_info":0,"uagb_excerpt":"QUEJ\u00cdO POR PALESTINA es un evento que re\u00fane a varias artistas vinculadas al flamenco para reivindicar desde su m\u00fasica y poes\u00eda por la guerra en Palestina. A trav\u00e9s de composiciones propias y obras del repertorio flamenco tradicional, las artistas pondr\u00e1n de manifiesto el dolor y rabia que sentimos muchas desde la lejan\u00eda, y la impotencia&hellip;","_links":{"self":[{"href":"https:\/\/cafelapalma.com\/en\/wp-json\/wp\/v2\/tribe_events\/27919","targetHints":{"allow":["GET"]}}],"collection":[{"href":"https:\/\/cafelapalma.com\/en\/wp-json\/wp\/v2\/tribe_events"}],"about":[{"href":"https:\/\/cafelapalma.com\/en\/wp-json\/wp\/v2\/types\/tribe_events"}],"author":[{"embeddable":true,"href":"https:\/\/cafelapalma.com\/en\/wp-json\/wp\/v2\/users\/2"}],"version-history":[{"count":0,"href":"https:\/\/cafelapalma.com\/en\/wp-json\/wp\/v2\/tribe_events\/27919\/revisions"}],"wp:featuredmedia":[{"embeddable":true,"href":"https:\/\/cafelapalma.com\/en\/wp-json\/wp\/v2\/media\/28008"}],"wp:attachment":[{"href":"https:\/\/cafelapalma.com\/en\/wp-json\/wp\/v2\/media?parent=27919"}],"wp:term":[{"taxonomy":"post_tag","embeddable":true,"href":"https:\/\/cafelapalma.com\/en\/wp-json\/wp\/v2\/tags?post=27919"},{"taxonomy":"tribe_events_cat","embeddable":true,"href":"https:\/\/cafelapalma.com\/en\/wp-json\/wp\/v2\/tribe_events_cat?post=27919"}],"curies":[{"name":"wp","href":"https:\/\/api.w.org\/{rel}","templated":true}]}}