{"id":27953,"date":"2024-01-09T12:12:06","date_gmt":"2024-01-09T11:12:06","guid":{"rendered":"https:\/\/cafelapalma.com\/programacion\/barloventa-vol-1-copy\/"},"modified":"2024-01-16T14:26:51","modified_gmt":"2024-01-16T13:26:51","slug":"barloventa-x-medium-rare","status":"publish","type":"tribe_events","link":"https:\/\/cafelapalma.com\/en\/programacion\/barloventa-x-medium-rare\/","title":{"rendered":"CHELE GONZ\u00c1LEZ + FER HE + ALLIEE FIELDS + BRISA THEN + I AM TROPICANA"},"content":{"rendered":"<div  class=\"tribe-events-schedule tribe-clearfix\" >\n\t<p class=\"tribe-events-schedule__datetime\">\n\t\t<span class=\"tribe-events-schedule__date tribe-events-schedule__date--start\">\n\t\t\t27  January  2024\t\t<\/span>\n\n\t\t\t\t\t<span class=\"tribe-events-schedule__separator tribe-events-schedule__separator--date\">\n\t\t\t\t@\t\t\t<\/span>\n\t\t\t<span class=\"tribe-events-schedule__time tribe-events-schedule__time--start\">\n\t\t\t\t23:50\t\t\t<\/span>\n\t\t\n\t\t\t\t\t\t\t\t\t<span class=\"tribe-events-schedule__separator tribe-events-schedule__separator--time\">\n\t\t\t\t\t&#8211;\t\t\t\t<\/span>\n\t\t\t\n\t\t\t\t\t\t\t<span class=\"tribe-events-schedule__time tribe-events-schedule__time--end\">\n\t\t\t\t\t23:55\t\t\t\t<\/span>\n\t\t\t\n\t\t\t\t\t\t<\/p>\n<\/div>\n\n\n<div  class=\"tribe-block tribe-block__event-price\" >\n\t\t\t<span class=\"tribe-block__event-price__cost\"> 12\u20ac <\/span>\n\t\t\t\t<span class=\"tribe-block__event-price__description\">Taquilla de 00:00 a 02:00 | 14\u20ac Taquilla de 02:00 a cierre. TODOS LOS TRAMOS DE ENTRADA INCLUYEN UNA CONSUMICI\u00d3N.<\/span>\n\t<\/div>\n\n\n\n<div style=\"height:100px\" aria-hidden=\"true\" class=\"wp-block-spacer\"><\/div>\n\n\n\n<div class=\"wp-block-columns is-layout-flex wp-container-core-columns-is-layout-8f761849 wp-block-columns-is-layout-flex\">\n<div class=\"wp-block-column is-layout-flow wp-block-column-is-layout-flow\" style=\"flex-basis:33.33%\">\n<figure class=\"wp-block-image size-full\"><img loading=\"lazy\" decoding=\"async\" width=\"297\" height=\"420\" src=\"https:\/\/cafelapalma.com\/wp-content\/uploads\/2024\/01\/BARLO-ENE-A3-RECAP.jpg\" alt=\"\" class=\"wp-image-28011\" srcset=\"https:\/\/cafelapalma.com\/wp-content\/uploads\/2024\/01\/BARLO-ENE-A3-RECAP.jpg 297w, https:\/\/cafelapalma.com\/wp-content\/uploads\/2024\/01\/BARLO-ENE-A3-RECAP-212x300.jpg 212w, https:\/\/cafelapalma.com\/wp-content\/uploads\/2024\/01\/BARLO-ENE-A3-RECAP-42x60.jpg 42w\" sizes=\"auto, (max-width: 297px) 100vw, 297px\" \/><\/figure>\n<\/div>\n\n\n\n<div class=\"wp-block-column is-layout-flow wp-block-column-is-layout-flow\" style=\"flex-basis:66.66%\">\n<p class=\"has-text-align-left wp-block-paragraph\"><strong>BARLOVENTA <\/strong>es un espacio en donde la m\u00fasica y el entusiasmo enaltecen la fuerza femenina que sustenta el arte. Cada edici\u00f3n nos invitar\u00e1 a bailar al ritmo de vibrantes beats en la pista, siendo esta un lienzo en donde la energ\u00eda y las almas son uno sola. En esta ocasi\u00f3n, el colectivo une sus fuerzas a las de <strong>MEDIUM RARE<\/strong>. A los platos:<\/p>\n\n\n\n<p class=\"has-text-align-left wp-block-paragraph\"><strong>CHELE GONZALEZ<\/strong> y <strong>FER_HE<\/strong> son un duo house activo desde 1996. Fundadores de <strong>Montreal<\/strong>, ic\u00f3nico club underground de <strong>Santander <\/strong>en los &#8217;90, sus carreras se han expandido a lo largo y ancho del planeta, pasando por <strong>Londres<\/strong>, <strong>Edimburgo<\/strong>, <strong>Madrid <\/strong>y llegando hasta <strong>Filipinas<\/strong>, donde el multiestrellado <strong>Chele <\/strong>regenta su restaurante fusi\u00f3n.<\/p>\n\n\n\n<p class=\"has-text-align-left wp-block-paragraph\">Ahora unen sus fuerzas a <strong>BARLOVENTA <\/strong>para presentar <strong>MediumRare Musik<\/strong> in <strong>Madrid<\/strong>, marca house que lanzar\u00e1n pr\u00f3ximamente. El sonido es house esencialmente groovy, lleno de matices atemporales, con gui\u00f1os old school, melod\u00edas tech y esa constante sensaci\u00f3n de ir construyendo la sesi\u00f3n de menos a m\u00e1s. Para disfrutarla de principio a fin.<\/p>\n\n\n\n<p class=\"has-text-align-left wp-block-paragraph\"><strong>ALIEE FIELDS <\/strong>es una productora y Dj que se caracteriza por un estilo IDM sumergido en el ambient y el techno. En sus sets tambi\u00e9n incluye temas de electr\u00f3nica y house. Forma parte del colectivo <strong>Rastrolive <\/strong>y tambi\u00e9n est\u00e1 muy involucrada en las iniciativas sociales que impulsan la igualdad de g\u00e9nero, por ello ha participado en <strong>#WeAreEquals<\/strong> del <strong>British Council Europe<\/strong> y <strong><em>@wmn.madrid<\/em><\/strong> (<strong>Beats by Girlz Espa\u00f1a<\/strong>).<\/p>\n\n\n\n<p class=\"has-text-align-left wp-block-paragraph\"><strong>BRISA THEN<\/strong> es dominicana de nacimiento y madrile\u00f1a de coraz\u00f3n. Con una pasi\u00f3n abrasadora por los ritmos profundos,&nbsp;su amor por la m\u00fasica la impulsa a explorar, fusionar g\u00e9neros y estilos de la m\u00fasica house con los vibrantes ritmos africanos y latinoamericanos creando as\u00ed sets din\u00e1micos que convocan a la audiencia a bailar y sumergirse en la cadencia de los beats. Entre sus actuaciones m\u00e1s destacadas se encuentran su participaci\u00f3n en el festival <strong>A Summer Story<\/strong> 2023 en <strong>Madrid<\/strong>. Actualmente es DJ residente en <strong>Ibiza Stardust Radio<\/strong>.<\/p>\n\n\n\n<p class=\"has-text-align-left wp-block-paragraph\"><strong>I AM TROPICANA <\/strong>es una DJ especializada en mezclar tracks de melodic house, afro, latin y deep house. Con un estilo de mezcla innovador e inspirado en diversos g\u00e9neros musicales, en cada sesi\u00f3n experimenta con sonidos frescos; ideal para un <em>sunset <\/em>en frente del mar o una noche en la que quieras tocar el espacio.<\/p>\n<\/div>\n<\/div>\n\n\n\n<div style=\"height:100px\" aria-hidden=\"true\" class=\"wp-block-spacer\"><\/div>\n\n\n\n<hr class=\"wp-block-separator has-alpha-channel-opacity\"\/>\n\n\n\n<div style=\"height:100px\" aria-hidden=\"true\" class=\"wp-block-spacer\"><\/div>\n\n\n<h2 class=\"tribe-block__related-events__title\">Related Events<\/h2>\n\n<ul  class=\"tribe-related-events tribe-clearfix\" >\n\t\t\t<li>\n\t\n<div class=\"tribe-related-events-thumbnail\">\n\t<a href=\"https:\/\/cafelapalma.com\/en\/programacion\/funkin-donuts\/\" class=\"url\" rel=\"bookmark\" tabindex=\"-1\" aria-hidden=\"true\"><img loading=\"lazy\" decoding=\"async\" width=\"693\" height=\"1040\" src=\"https:\/\/cafelapalma.com\/wp-content\/uploads\/2026\/07\/FD-vert2-bn-693x1040.jpg\" class=\"attachment-large size-large wp-post-image\" alt=\"\" \/><\/a>\n<\/div>\n\t<div class=\"tribe-related-event-info\">\n\t<h3 class=\"tribe-related-events-title\">\n\t\t<a href=\"https:\/\/cafelapalma.com\/en\/programacion\/funkin-donuts\/\" class=\"tribe-event-url\" rel=\"bookmark\">\n\t\t\tFUNKIN&#8217; DONUTS\t\t<\/a>\n\t<\/h3>\n\t<span class=\"tribe-event-date-start\">5  September@22:00<\/span><span class=\"tribe-event-time\">23:45<\/span><\/div>\n<\/li>\n\t\t\t<li>\n\t\n<div class=\"tribe-related-events-thumbnail\">\n\t<a href=\"https:\/\/cafelapalma.com\/en\/programacion\/backstage-le-petit-truffle-mayo\/\" class=\"url\" rel=\"bookmark\" tabindex=\"-1\" aria-hidden=\"true\"><img loading=\"lazy\" decoding=\"async\" width=\"780\" height=\"1040\" src=\"https:\/\/cafelapalma.com\/wp-content\/uploads\/2026\/07\/Imagen-TruffleMayo-LePetit-i-1-780x1040.png\" class=\"attachment-large size-large wp-post-image\" alt=\"\" \/><\/a>\n<\/div>\n\t<div class=\"tribe-related-event-info\">\n\t<h3 class=\"tribe-related-events-title\">\n\t\t<a href=\"https:\/\/cafelapalma.com\/en\/programacion\/backstage-le-petit-truffle-mayo\/\" class=\"tribe-event-url\" rel=\"bookmark\">\n\t\t\tBACKSTAGE: LE PETIT + TRUFFLE MAYO\t\t<\/a>\n\t<\/h3>\n\t<span class=\"tribe-event-date-start\">5  September@23:55<\/span><\/div>\n<\/li>\n\t\t\t<li>\n\t\n<div class=\"tribe-related-events-thumbnail\">\n\t<a href=\"https:\/\/cafelapalma.com\/en\/programacion\/willie-deville-concierto-benefico-x-venezuela\/\" class=\"url\" rel=\"bookmark\" tabindex=\"-1\" aria-hidden=\"true\"><img loading=\"lazy\" decoding=\"async\" width=\"1020\" height=\"531\" src=\"https:\/\/cafelapalma.com\/wp-content\/uploads\/2026\/08\/Willie-deville-1100x572-1-1040x541.jpg\" class=\"attachment-large size-large wp-post-image\" alt=\"\" \/><\/a>\n<\/div>\n\t<div class=\"tribe-related-event-info\">\n\t<h3 class=\"tribe-related-events-title\">\n\t\t<a href=\"https:\/\/cafelapalma.com\/en\/programacion\/willie-deville-concierto-benefico-x-venezuela\/\" class=\"tribe-event-url\" rel=\"bookmark\">\n\t\t\tWILLIE DEVILLE: CONCIERTO BEN\u00c9FICO X VENEZUELA\t\t<\/a>\n\t<\/h3>\n\t<span class=\"tribe-event-date-start\">6  September@21:00<\/span><span class=\"tribe-event-time\">23:45<\/span><\/div>\n<\/li>\n\t<\/ul>","protected":false},"excerpt":{"rendered":"<p>BARLOVENTA es un espacio en donde la m\u00fasica y el entusiasmo enaltecen la fuerza femenina que sustenta el arte. Cada edici\u00f3n nos invitar\u00e1 a bailar al ritmo de vibrantes beats en la pista, siendo esta un lienzo en donde la energ\u00eda y las almas son uno sola. En esta ocasi\u00f3n, el colectivo une sus fuerzas &hellip; <\/p>","protected":false},"author":2,"featured_media":28012,"template":"","meta":{"_tec_requires_first_save":false,"_uag_custom_page_level_css":"","loftloader_page_shortcode":"","_EventAllDay":false,"_EventTimezone":"Europe\/Madrid","_EventStartDate":"2024-01-27 23:50:00","_EventEndDate":"2024-01-27 23:55:00","_EventStartDateUTC":"2024-01-27 22:50:00","_EventEndDateUTC":"2024-01-27 22:55:00","_EventShowMap":false,"_EventShowMapLink":false,"_EventURL":"","_EventCost":"12","_EventCostDescription":"","_EventCurrencySymbol":"\u20ac","_EventCurrencyCode":"USD","_EventCurrencyPosition":"suffix","_EventDateTimeSeparator":"@","_EventTimeRangeSeparator":"-","_EventOrganizerID":[],"_EventVenueID":[],"_OrganizerEmail":"","_OrganizerPhone":"","_OrganizerWebsite":"","_VenueAddress":"","_VenueCity":"","_VenueCountry":"","_VenueProvince":"","_VenueState":"","_VenueZip":"","_VenuePhone":"","_VenueURL":"","_VenueStateProvince":"","_VenueLat":"","_VenueLng":"","_VenueShowMap":false,"_VenueShowMapLink":false,"_tribe_blocks_recurrence_rules":"","_tribe_blocks_recurrence_description":"","_tribe_blocks_recurrence_exclusions":"","_ecp_custom_2":"","_tribe_events_status":"","_tribe_events_status_reason":"","_tribe_events_is_hybrid":"","_tribe_events_is_virtual":"","_tribe_events_virtual_video_source":"","_tribe_events_virtual_embed_video":"","_tribe_events_virtual_linked_button_text":"","_tribe_events_virtual_linked_button":"","_tribe_events_virtual_show_embed_at":"","_tribe_events_virtual_show_embed_to":[],"_tribe_events_virtual_show_on_event":"","_tribe_events_virtual_show_on_views":"","_tribe_events_virtual_url":"","footnotes":""},"tags":[11443,15007,14705,9229,15009,14706,1363,9225,15077,9557,9226,9227,1357,15078,15113,9309,14707,13546,9533,9529,15079,15076,15115,15114,15008,776],"tribe_events_cat":[8964],"class_list":["post-27953","tribe_events","type-tribe_events","status-publish","has-post-thumbnail","hentry","tag-afro-beats","tag-alliee-fields","tag-barloventa","tag-beats","tag-beats-by-girlz-espana","tag-brisa-then","tag-cafe-la-palma","tag-cafe-la-palma-clubbing","tag-chele-gonzalez","tag-deep-house","tag-djs-madrid","tag-djs-malasana","tag-electronica","tag-fer-he","tag-fer_he","tag-house","tag-i-am-tropicana","tag-idm","tag-latam","tag-latin","tag-madrid-fusion","tag-medium-rare","tag-mediumrare-musik","tag-montreal","tag-rastrolive","tag-techno","tribe_events_cat-clubbing","cat_clubbing"],"uagb_featured_image_src":{"full":["https:\/\/cafelapalma.com\/wp-content\/uploads\/2024\/01\/BRLO-X-MEDIUM.png",1080,1920,false],"thumbnail":["https:\/\/cafelapalma.com\/wp-content\/uploads\/2024\/01\/BRLO-X-MEDIUM-150x150.png",150,150,true],"medium":["https:\/\/cafelapalma.com\/wp-content\/uploads\/2024\/01\/BRLO-X-MEDIUM-169x300.png",169,300,true],"medium_large":["https:\/\/cafelapalma.com\/wp-content\/uploads\/2024\/01\/BRLO-X-MEDIUM-768x1365.png",768,1365,true],"large":["https:\/\/cafelapalma.com\/wp-content\/uploads\/2024\/01\/BRLO-X-MEDIUM-585x1040.png",585,1040,true],"1536x1536":["https:\/\/cafelapalma.com\/wp-content\/uploads\/2024\/01\/BRLO-X-MEDIUM-864x1536.png",864,1536,true],"2048x2048":["https:\/\/cafelapalma.com\/wp-content\/uploads\/2024\/01\/BRLO-X-MEDIUM.png",1080,1920,false],"trp-custom-language-flag":["https:\/\/cafelapalma.com\/wp-content\/uploads\/2024\/01\/BRLO-X-MEDIUM.png",7,12,false],"blossom-feminine-slider":["https:\/\/cafelapalma.com\/wp-content\/uploads\/2024\/01\/BRLO-X-MEDIUM-1080x649.png",1080,649,true],"blossom-feminine-featured":["https:\/\/cafelapalma.com\/wp-content\/uploads\/2024\/01\/BRLO-X-MEDIUM-1080x600.png",1080,600,true],"blossom-feminine-with-sidebar":["https:\/\/cafelapalma.com\/wp-content\/uploads\/2024\/01\/BRLO-X-MEDIUM-1020x600.png",1020,600,true],"blossom-feminine-blog":["https:\/\/cafelapalma.com\/wp-content\/uploads\/2024\/01\/BRLO-X-MEDIUM-435x435.png",435,435,true],"blossom-feminine-cat":["https:\/\/cafelapalma.com\/wp-content\/uploads\/2024\/01\/BRLO-X-MEDIUM-450x300.png",450,300,true],"blossom-feminine-related":["https:\/\/cafelapalma.com\/wp-content\/uploads\/2024\/01\/BRLO-X-MEDIUM-320x200.png",320,200,true],"blossom-feminine-schema":["https:\/\/cafelapalma.com\/wp-content\/uploads\/2024\/01\/BRLO-X-MEDIUM-34x60.png",34,60,true]},"uagb_author_info":{"display_name":"Victor","author_link":"https:\/\/cafelapalma.com\/en\/author\/comunicacion\/"},"uagb_comment_info":0,"uagb_excerpt":"BARLOVENTA es un espacio en donde la m\u00fasica y el entusiasmo enaltecen la fuerza femenina que sustenta el arte. Cada edici\u00f3n nos invitar\u00e1 a bailar al ritmo de vibrantes beats en la pista, siendo esta un lienzo en donde la energ\u00eda y las almas son uno sola. En esta ocasi\u00f3n, el colectivo une sus fuerzas&hellip;","_links":{"self":[{"href":"https:\/\/cafelapalma.com\/en\/wp-json\/wp\/v2\/tribe_events\/27953","targetHints":{"allow":["GET"]}}],"collection":[{"href":"https:\/\/cafelapalma.com\/en\/wp-json\/wp\/v2\/tribe_events"}],"about":[{"href":"https:\/\/cafelapalma.com\/en\/wp-json\/wp\/v2\/types\/tribe_events"}],"author":[{"embeddable":true,"href":"https:\/\/cafelapalma.com\/en\/wp-json\/wp\/v2\/users\/2"}],"version-history":[{"count":0,"href":"https:\/\/cafelapalma.com\/en\/wp-json\/wp\/v2\/tribe_events\/27953\/revisions"}],"wp:featuredmedia":[{"embeddable":true,"href":"https:\/\/cafelapalma.com\/en\/wp-json\/wp\/v2\/media\/28012"}],"wp:attachment":[{"href":"https:\/\/cafelapalma.com\/en\/wp-json\/wp\/v2\/media?parent=27953"}],"wp:term":[{"taxonomy":"post_tag","embeddable":true,"href":"https:\/\/cafelapalma.com\/en\/wp-json\/wp\/v2\/tags?post=27953"},{"taxonomy":"tribe_events_cat","embeddable":true,"href":"https:\/\/cafelapalma.com\/en\/wp-json\/wp\/v2\/tribe_events_cat?post=27953"}],"curies":[{"name":"wp","href":"https:\/\/api.w.org\/{rel}","templated":true}]}}