{"id":28039,"date":"2024-01-16T11:31:42","date_gmt":"2024-01-16T10:31:42","guid":{"rendered":"https:\/\/cafelapalma.com\/?post_type=tribe_events&#038;p=28039"},"modified":"2024-01-16T11:32:20","modified_gmt":"2024-01-16T10:32:20","slug":"3k-dj-pablo-compro-chuzausen","status":"publish","type":"tribe_events","link":"https:\/\/cafelapalma.com\/en\/programacion\/3k-dj-pablo-compro-chuzausen\/","title":{"rendered":"DJ PABLO!!!!! + COMPRO (MIQUI BRIGHTSIDE) + CHUZAUSEN"},"content":{"rendered":"<div  class=\"tribe-events-schedule tribe-clearfix\" >\n\t<p class=\"tribe-events-schedule__datetime\">\n\t\t<span class=\"tribe-events-schedule__date tribe-events-schedule__date--start\">\n\t\t\t19  January  2024\t\t<\/span>\n\n\t\t\t\t\t<span class=\"tribe-events-schedule__separator tribe-events-schedule__separator--date\">\n\t\t\t\t@\t\t\t<\/span>\n\t\t\t<span class=\"tribe-events-schedule__time tribe-events-schedule__time--start\">\n\t\t\t\t23:50\t\t\t<\/span>\n\t\t\n\t\t\t\t\t\t\t\t\t<span class=\"tribe-events-schedule__separator tribe-events-schedule__separator--time\">\n\t\t\t\t\t&#8211;\t\t\t\t<\/span>\n\t\t\t\n\t\t\t\t\t\t\t<span class=\"tribe-events-schedule__time tribe-events-schedule__time--end\">\n\t\t\t\t\t23:55\t\t\t\t<\/span>\n\t\t\t\n\t\t\t\t\t\t<\/p>\n<\/div>\n\n\n<div  class=\"tribe-block tribe-block__event-price\" >\n\t\t\t<span class=\"tribe-block__event-price__cost\"> ENTRADA LIBRE <\/span>\n\t\t\t\t<span class=\"tribe-block__event-price__description\">de 00:00 a 01:30 | Taquilla 11\u20ac con CONSUMICI\u00d3N de 01:30 a cierre<\/span>\n\t<\/div>\n\n\n\n<div style=\"height:100px\" aria-hidden=\"true\" class=\"wp-block-spacer\"><\/div>\n\n\n\n<div class=\"wp-block-columns is-layout-flex wp-container-core-columns-is-layout-8f761849 wp-block-columns-is-layout-flex\">\n<div class=\"wp-block-column is-layout-flow wp-block-column-is-layout-flow\" style=\"flex-basis:33.33%\">\n<figure class=\"wp-block-image size-full\"><img loading=\"lazy\" decoding=\"async\" width=\"274\" height=\"385\" src=\"https:\/\/cafelapalma.com\/wp-content\/uploads\/2024\/01\/3K-DOGS-ORIGIN.png\" alt=\"\" class=\"wp-image-28040\" srcset=\"https:\/\/cafelapalma.com\/wp-content\/uploads\/2024\/01\/3K-DOGS-ORIGIN.png 274w, https:\/\/cafelapalma.com\/wp-content\/uploads\/2024\/01\/3K-DOGS-ORIGIN-214x300.png 214w, https:\/\/cafelapalma.com\/wp-content\/uploads\/2024\/01\/3K-DOGS-ORIGIN-43x60.png 43w\" sizes=\"auto, (max-width: 274px) 100vw, 274px\" \/><\/figure>\n<\/div>\n\n\n\n<div class=\"wp-block-column is-layout-flow wp-block-column-is-layout-flow\" style=\"flex-basis:66.66%\">\n<p class=\"has-text-align-left wp-block-paragraph\"><strong>3K<\/strong> es una fiesta hosteada por <strong>MIQUI BRIGHTSIDE<\/strong> \u2013en sus vertiente latina con su aka <strong>COMPRO <\/strong>\u2013 y <strong>CAFE LA PALMA<\/strong>. Tras m\u00faltiples ocasiones compartiendo juntos escenario, los tres artistas suman sus fuerzas \u2013y sus estilos\u2013 para recrear una noche in\u00e9dita donde el reggaeton y los latin beats ser\u00e1n los protagonistas.<\/p>\n\n\n\n<p class=\"has-text-align-left wp-block-paragraph\">Desde el inicio de su carrera, <strong>Miqui Brightside<\/strong> recibi\u00f3 cr\u00edticas elogiosas en medios internacionales como <strong>Remezcla <\/strong>(<strong>NY<\/strong>) y <strong>Complex <\/strong>(<strong>UK<\/strong>), entre otros. Desde entonces, su carrera como DJ ha pasado por sitios como <strong>USA<\/strong>, <strong>M\u00e9xico<\/strong>, <strong>Francia<\/strong>, <strong>Inglaterra <\/strong>y clubs y festivales nacionales como <strong>Razzmatazz<\/strong>, <strong>Cha Cha<\/strong>, <strong>Blas\u00e9<\/strong>, <strong>FIB<\/strong>, <strong>Dcode<\/strong>, <strong>Monkey Week<\/strong>, <strong>La3 <\/strong>o <strong>Dabadaba<\/strong>.<\/p>\n\n\n\n<p class=\"has-text-align-left wp-block-paragraph\">Recientemente public\u00f3 <strong><em>\u00abClub Forever\u00bb<\/em><\/strong>, un documental disponible en <strong>Filmin <\/strong>que habla sobre la escena de la m\u00fasica electr\u00f3nica durante la \u00e9poca del Covid, con su banda sonora creada por \u00e9l y disponible en todas las plataformas.<\/p>\n\n\n\n<p class=\"has-text-align-left wp-block-paragraph\">El reconocido DJ, filmmaker y fot\u00f3grafo <strong>PABLO AMORES<\/strong> lleva a\u00f1os afincado en <strong>Madrid <\/strong>pinchando en las fiestas m\u00e1s populares de la capital. Tras acompa\u00f1ar con las bases a <strong>ARON <\/strong>en su \u00faltimo tour, Pablo arranca su proyecto musical como <strong>DJ PABLO!!!!! <\/strong>Coger canciones conocidas por todos y pasarlas por un filtro roto, oscuro y perverso para conseguir una canci\u00f3n con ritmos rotos, cambios constantes de sonoridades y texturas, ritmos m\u00e1s marcados, consiguiendo resultados bailables y sorprendentes por partes iguales.<\/p>\n\n\n\n<p class=\"has-text-align-left wp-block-paragraph\"><strong>CHUZAUSEN <\/strong>se inici\u00f3 en la industria con su EP 2000, mezclando estilos que oscilan alrededor del hyperpop. Uno de los artistas con m\u00e1s proyecci\u00f3n del panorama urbano estatal.<\/p>\n<\/div>\n<\/div>\n\n\n\n<div style=\"height:100px\" aria-hidden=\"true\" class=\"wp-block-spacer\"><\/div>\n\n\n\n<hr class=\"wp-block-separator has-alpha-channel-opacity\"\/>\n\n\n\n<div style=\"height:100px\" aria-hidden=\"true\" class=\"wp-block-spacer\"><\/div>\n\n\n<h2 class=\"tribe-block__related-events__title\">Related Events<\/h2>\n\n<ul  class=\"tribe-related-events tribe-clearfix\" >\n\t\t\t<li>\n\t\n<div class=\"tribe-related-events-thumbnail\">\n\t<a href=\"https:\/\/cafelapalma.com\/en\/programacion\/funkin-donuts\/\" class=\"url\" rel=\"bookmark\" tabindex=\"-1\" aria-hidden=\"true\"><img loading=\"lazy\" decoding=\"async\" width=\"693\" height=\"1040\" src=\"https:\/\/cafelapalma.com\/wp-content\/uploads\/2026\/07\/FD-vert2-bn-693x1040.jpg\" class=\"attachment-large size-large wp-post-image\" alt=\"\" \/><\/a>\n<\/div>\n\t<div class=\"tribe-related-event-info\">\n\t<h3 class=\"tribe-related-events-title\">\n\t\t<a href=\"https:\/\/cafelapalma.com\/en\/programacion\/funkin-donuts\/\" class=\"tribe-event-url\" rel=\"bookmark\">\n\t\t\tFUNKIN&#8217; DONUTS\t\t<\/a>\n\t<\/h3>\n\t<span class=\"tribe-event-date-start\">5  September@22:00<\/span><span class=\"tribe-event-time\">23:45<\/span><\/div>\n<\/li>\n\t\t\t<li>\n\t\n<div class=\"tribe-related-events-thumbnail\">\n\t<a href=\"https:\/\/cafelapalma.com\/en\/programacion\/backstage-le-petit-truffle-mayo\/\" class=\"url\" rel=\"bookmark\" tabindex=\"-1\" aria-hidden=\"true\"><img loading=\"lazy\" decoding=\"async\" width=\"780\" height=\"1040\" src=\"https:\/\/cafelapalma.com\/wp-content\/uploads\/2026\/07\/Imagen-TruffleMayo-LePetit-i-1-780x1040.png\" class=\"attachment-large size-large wp-post-image\" alt=\"\" \/><\/a>\n<\/div>\n\t<div class=\"tribe-related-event-info\">\n\t<h3 class=\"tribe-related-events-title\">\n\t\t<a href=\"https:\/\/cafelapalma.com\/en\/programacion\/backstage-le-petit-truffle-mayo\/\" class=\"tribe-event-url\" rel=\"bookmark\">\n\t\t\tBACKSTAGE: LE PETIT + TRUFFLE MAYO\t\t<\/a>\n\t<\/h3>\n\t<span class=\"tribe-event-date-start\">5  September@23:55<\/span><\/div>\n<\/li>\n\t\t\t<li>\n\t\n<div class=\"tribe-related-events-thumbnail\">\n\t<a href=\"https:\/\/cafelapalma.com\/en\/programacion\/willie-deville-concierto-benefico-x-venezuela\/\" class=\"url\" rel=\"bookmark\" tabindex=\"-1\" aria-hidden=\"true\"><img loading=\"lazy\" decoding=\"async\" width=\"1020\" height=\"531\" src=\"https:\/\/cafelapalma.com\/wp-content\/uploads\/2026\/08\/Willie-deville-1100x572-1-1040x541.jpg\" class=\"attachment-large size-large wp-post-image\" alt=\"\" \/><\/a>\n<\/div>\n\t<div class=\"tribe-related-event-info\">\n\t<h3 class=\"tribe-related-events-title\">\n\t\t<a href=\"https:\/\/cafelapalma.com\/en\/programacion\/willie-deville-concierto-benefico-x-venezuela\/\" class=\"tribe-event-url\" rel=\"bookmark\">\n\t\t\tWILLIE DEVILLE: CONCIERTO BEN\u00c9FICO X VENEZUELA\t\t<\/a>\n\t<\/h3>\n\t<span class=\"tribe-event-date-start\">6  September@21:00<\/span><span class=\"tribe-event-time\">23:45<\/span><\/div>\n<\/li>\n\t<\/ul>","protected":false},"excerpt":{"rendered":"<p>3K es una fiesta hosteada por MIQUI BRIGHTSIDE \u2013en sus vertiente latina con su aka COMPRO \u2013 y CAFE LA PALMA. Tras m\u00faltiples ocasiones compartiendo juntos escenario, los tres artistas suman sus fuerzas \u2013y sus estilos\u2013 para recrear una noche in\u00e9dita donde el reggaeton y los latin beats ser\u00e1n los protagonistas. Desde el inicio de &hellip; <\/p>","protected":false},"author":2,"featured_media":28041,"template":"","meta":{"_tec_requires_first_save":false,"_uag_custom_page_level_css":"","loftloader_page_shortcode":"","_EventAllDay":false,"_EventTimezone":"Europe\/Madrid","_EventStartDate":"2024-01-19 23:50:00","_EventEndDate":"2024-01-19 23:55:00","_EventStartDateUTC":"2024-01-19 22:50:00","_EventEndDateUTC":"2024-01-19 22:55:00","_EventShowMap":false,"_EventShowMapLink":false,"_EventURL":"","_EventCost":"ENTRADA LIBRE","_EventCostDescription":"","_EventCurrencySymbol":"\u20ac","_EventCurrencyCode":"USD","_EventCurrencyPosition":"suffix","_EventDateTimeSeparator":"@","_EventTimeRangeSeparator":"-","_EventOrganizerID":[],"_EventVenueID":[],"_OrganizerEmail":"","_OrganizerPhone":"","_OrganizerWebsite":"","_VenueAddress":"","_VenueCity":"","_VenueCountry":"","_VenueProvince":"","_VenueState":"","_VenueZip":"","_VenuePhone":"","_VenueURL":"","_VenueStateProvince":"","_VenueLat":"","_VenueLng":"","_VenueShowMap":false,"_VenueShowMapLink":false,"_tribe_blocks_recurrence_rules":"","_tribe_blocks_recurrence_description":"","_tribe_blocks_recurrence_exclusions":"","_ecp_custom_2":"","_tribe_events_status":"","_tribe_events_status_reason":"","_tribe_events_is_hybrid":"","_tribe_events_is_virtual":"","_tribe_events_virtual_video_source":"","_tribe_events_virtual_embed_video":"","_tribe_events_virtual_linked_button_text":"","_tribe_events_virtual_linked_button":"","_tribe_events_virtual_show_embed_at":"","_tribe_events_virtual_show_embed_to":[],"_tribe_events_virtual_show_on_event":"","_tribe_events_virtual_show_on_views":"","_tribe_events_virtual_url":"","footnotes":""},"tags":[15106,1363,8869,9225,15110,15111,15109,9226,9227,1357,15112,15105,15107,15108,10995,9350],"tribe_events_cat":[8964],"class_list":["post-28039","tribe_events","type-tribe_events","status-publish","has-post-thumbnail","hentry","tag-3k","tag-cafe-la-palma","tag-cafe-la-palma-2","tag-cafe-la-palma-clubbing","tag-chuzausen","tag-club-forever","tag-dj-pablo","tag-djs-madrid","tag-djs-malasana","tag-electronica","tag-filmin","tag-latin-beats","tag-miqui-brightside","tag-pablo-amores","tag-perreo","tag-reggaeton","tribe_events_cat-clubbing","cat_clubbing"],"uagb_featured_image_src":{"full":["https:\/\/cafelapalma.com\/wp-content\/uploads\/2024\/01\/il_570xN.3397524205_tkml.jpg",570,650,false],"thumbnail":["https:\/\/cafelapalma.com\/wp-content\/uploads\/2024\/01\/il_570xN.3397524205_tkml-150x150.jpg",150,150,true],"medium":["https:\/\/cafelapalma.com\/wp-content\/uploads\/2024\/01\/il_570xN.3397524205_tkml-263x300.jpg",263,300,true],"medium_large":["https:\/\/cafelapalma.com\/wp-content\/uploads\/2024\/01\/il_570xN.3397524205_tkml.jpg",570,650,false],"large":["https:\/\/cafelapalma.com\/wp-content\/uploads\/2024\/01\/il_570xN.3397524205_tkml.jpg",570,650,false],"1536x1536":["https:\/\/cafelapalma.com\/wp-content\/uploads\/2024\/01\/il_570xN.3397524205_tkml.jpg",570,650,false],"2048x2048":["https:\/\/cafelapalma.com\/wp-content\/uploads\/2024\/01\/il_570xN.3397524205_tkml.jpg",570,650,false],"trp-custom-language-flag":["https:\/\/cafelapalma.com\/wp-content\/uploads\/2024\/01\/il_570xN.3397524205_tkml.jpg",11,12,false],"blossom-feminine-slider":["https:\/\/cafelapalma.com\/wp-content\/uploads\/2024\/01\/il_570xN.3397524205_tkml.jpg",569,649,false],"blossom-feminine-featured":["https:\/\/cafelapalma.com\/wp-content\/uploads\/2024\/01\/il_570xN.3397524205_tkml-570x600.jpg",570,600,true],"blossom-feminine-with-sidebar":["https:\/\/cafelapalma.com\/wp-content\/uploads\/2024\/01\/il_570xN.3397524205_tkml-570x600.jpg",570,600,true],"blossom-feminine-blog":["https:\/\/cafelapalma.com\/wp-content\/uploads\/2024\/01\/il_570xN.3397524205_tkml-435x435.jpg",435,435,true],"blossom-feminine-cat":["https:\/\/cafelapalma.com\/wp-content\/uploads\/2024\/01\/il_570xN.3397524205_tkml-450x300.jpg",450,300,true],"blossom-feminine-related":["https:\/\/cafelapalma.com\/wp-content\/uploads\/2024\/01\/il_570xN.3397524205_tkml-320x200.jpg",320,200,true],"blossom-feminine-schema":["https:\/\/cafelapalma.com\/wp-content\/uploads\/2024\/01\/il_570xN.3397524205_tkml-53x60.jpg",53,60,true]},"uagb_author_info":{"display_name":"Victor","author_link":"https:\/\/cafelapalma.com\/en\/author\/comunicacion\/"},"uagb_comment_info":0,"uagb_excerpt":"3K es una fiesta hosteada por MIQUI BRIGHTSIDE \u2013en sus vertiente latina con su aka COMPRO \u2013 y CAFE LA PALMA. Tras m\u00faltiples ocasiones compartiendo juntos escenario, los tres artistas suman sus fuerzas \u2013y sus estilos\u2013 para recrear una noche in\u00e9dita donde el reggaeton y los latin beats ser\u00e1n los protagonistas. Desde el inicio de&hellip;","_links":{"self":[{"href":"https:\/\/cafelapalma.com\/en\/wp-json\/wp\/v2\/tribe_events\/28039","targetHints":{"allow":["GET"]}}],"collection":[{"href":"https:\/\/cafelapalma.com\/en\/wp-json\/wp\/v2\/tribe_events"}],"about":[{"href":"https:\/\/cafelapalma.com\/en\/wp-json\/wp\/v2\/types\/tribe_events"}],"author":[{"embeddable":true,"href":"https:\/\/cafelapalma.com\/en\/wp-json\/wp\/v2\/users\/2"}],"version-history":[{"count":0,"href":"https:\/\/cafelapalma.com\/en\/wp-json\/wp\/v2\/tribe_events\/28039\/revisions"}],"wp:featuredmedia":[{"embeddable":true,"href":"https:\/\/cafelapalma.com\/en\/wp-json\/wp\/v2\/media\/28041"}],"wp:attachment":[{"href":"https:\/\/cafelapalma.com\/en\/wp-json\/wp\/v2\/media?parent=28039"}],"wp:term":[{"taxonomy":"post_tag","embeddable":true,"href":"https:\/\/cafelapalma.com\/en\/wp-json\/wp\/v2\/tags?post=28039"},{"taxonomy":"tribe_events_cat","embeddable":true,"href":"https:\/\/cafelapalma.com\/en\/wp-json\/wp\/v2\/tribe_events_cat?post=28039"}],"curies":[{"name":"wp","href":"https:\/\/api.w.org\/{rel}","templated":true}]}}