{"id":28047,"date":"2024-01-16T17:08:01","date_gmt":"2024-01-16T16:08:01","guid":{"rendered":"https:\/\/cafelapalma.com\/?post_type=tribe_events&#038;p=28047"},"modified":"2024-01-16T17:08:26","modified_gmt":"2024-01-16T16:08:26","slug":"sosueiro-lirica-confidencial-hacher-m-kiss-hassua","status":"publish","type":"tribe_events","link":"https:\/\/cafelapalma.com\/en\/programacion\/sosueiro-lirica-confidencial-hacher-m-kiss-hassua\/","title":{"rendered":"SOSUEIRO + L\u00cdRICA CONFIDENCIAL + HACHER + M-KISS + HASSUA"},"content":{"rendered":"<div  class=\"tribe-events-schedule tribe-clearfix\" >\n\t<p class=\"tribe-events-schedule__datetime\">\n\t\t<span class=\"tribe-events-schedule__date tribe-events-schedule__date--start\">\n\t\t\t01  February  2024\t\t<\/span>\n\n\t\t\t\t\t<span class=\"tribe-events-schedule__separator tribe-events-schedule__separator--date\">\n\t\t\t\t@\t\t\t<\/span>\n\t\t\t<span class=\"tribe-events-schedule__time tribe-events-schedule__time--start\">\n\t\t\t\t21:00\t\t\t<\/span>\n\t\t\n\t\t\t\t\t\t\t\t\t<span class=\"tribe-events-schedule__separator tribe-events-schedule__separator--time\">\n\t\t\t\t\t&#8211;\t\t\t\t<\/span>\n\t\t\t\n\t\t\t\t\t\t\t<span class=\"tribe-events-schedule__time tribe-events-schedule__time--end\">\n\t\t\t\t\t23:45\t\t\t\t<\/span>\n\t\t\t\n\t\t\t\t\t\t<\/p>\n<\/div>\n\n\n<div  class=\"tribe-block tribe-block__event-price\" >\n\t\t\t<span class=\"tribe-block__event-price__cost\"> 8\u20ac <\/span>\n\t\t\t\t<span class=\"tribe-block__event-price__description\">+ gg Anticipada [ Incluye DOBLE DE CERVEZA o REFRESCO ] | 12\u20ac Taquilla [ Incluye DOBLE DE CERVEZA o REFRESCO ]<\/span>\n\t<\/div>\n\n\n\n<div style=\"height:100px\" aria-hidden=\"true\" class=\"wp-block-spacer\"><\/div>\n\n\n\n<div class=\"wp-block-columns is-layout-flex wp-container-core-columns-is-layout-8f761849 wp-block-columns-is-layout-flex\">\n<div class=\"wp-block-column is-layout-flow wp-block-column-is-layout-flow\" style=\"flex-basis:33.33%\">\n<figure class=\"wp-block-image size-large\"><img loading=\"lazy\" decoding=\"async\" width=\"740\" height=\"1040\" src=\"https:\/\/cafelapalma.com\/wp-content\/uploads\/2024\/01\/SOSU-A3-LOW-DEF-740x1040.jpg\" alt=\"\" class=\"wp-image-28048\" srcset=\"https:\/\/cafelapalma.com\/wp-content\/uploads\/2024\/01\/SOSU-A3-LOW-DEF-740x1040.jpg 740w, https:\/\/cafelapalma.com\/wp-content\/uploads\/2024\/01\/SOSU-A3-LOW-DEF-214x300.jpg 214w, https:\/\/cafelapalma.com\/wp-content\/uploads\/2024\/01\/SOSU-A3-LOW-DEF-768x1079.jpg 768w, https:\/\/cafelapalma.com\/wp-content\/uploads\/2024\/01\/SOSU-A3-LOW-DEF-1093x1536.jpg 1093w, https:\/\/cafelapalma.com\/wp-content\/uploads\/2024\/01\/SOSU-A3-LOW-DEF-1458x2048.jpg 1458w, https:\/\/cafelapalma.com\/wp-content\/uploads\/2024\/01\/SOSU-A3-LOW-DEF-43x60.jpg 43w\" sizes=\"auto, (max-width: 740px) 100vw, 740px\" \/><\/figure>\n\n\n<div  class=\"tribe-block tribe-block__event-website\" >\n\t<a\n\t\thref=\"https:\/\/www.passline.com\/eventos\/sosueiro-lirica-confiencial-hacher-mkiss-hassua\"\n\t\ttarget=\"_self\"\n\t\t\t>\n\t\tCOMPRAR ENTRADAS\t<\/a>\n<\/div>\n<\/div>\n\n\n\n<div class=\"wp-block-column is-layout-flow wp-block-column-is-layout-flow\" style=\"flex-basis:66.66%\">\n<p class=\"wp-block-paragraph\"><\/p>\n\n\n\n<p class=\"has-text-align-left wp-block-paragraph\"><strong>SOSUEIRO<\/strong>, <strong>L\u00cdRICA CONFIDENCIAL<\/strong>, <strong>HACHER<\/strong>, <strong>M-KISS<\/strong> y <strong>HASSUA <\/strong>en concierto. Artistas desperdigados por <strong>Madrid <\/strong>unidos por la misma pasi\u00f3n: la m\u00fasica.<\/p>\n\n\n\n<p class=\"has-text-align-left wp-block-paragraph\">Los sentimientos y su gusto por la expresividad han hecho a <strong>SOSUEIRO<\/strong> conseguir un dominio l\u00edrico a gusto de todo el mundo. Tiene mucho que ofrecer y los escenarios es su h\u00e1bitat favorito. Desde su EP <strong><em>\u201cSosueiro\u201d<\/em><\/strong>, el artista ha intentado cultivar un estilo propio y ha subido el nivel de todas sus letras. Sin duda estamos en el comienzo de algo grande.<\/p>\n\n\n\n<p class=\"has-text-align-left wp-block-paragraph\"><strong>L\u00cdRICA CONFIDENCIAL<\/strong> es rap hardcore desde el norte de Madrid. <strong>Aritz<\/strong> y <strong>Nawe <\/strong>forman el grupo. Los j\u00f3venes raperos se estrenan en sala con m\u00e1s ganas que nunca.<\/p>\n\n\n\n<p class=\"has-text-align-left wp-block-paragraph\"><strong>HACHER <\/strong>es un artista madrile\u00f1o que se caracteriza por tener letras pulidas y muy cuidadas, lo que, junto a la conceptualidad y referencias de los que dotan sus temas, crean un sonido distintivo para o\u00eddos selectos con influencias del underground. Hasta la fecha cuenta con una maqueta, <strong><em>\u00ab17\u00bb<\/em><\/strong>; un disco, varios singles, y lo que hasta la fecha es su \u00faltimo trabajo, el EP <strong><em>\u00abZwischenzug\u00bb<\/em><\/strong>, que est\u00e1 dividido en tres cortes, con producciones de gente como <strong>VikohGroove <\/strong>y <strong>Zetazen<\/strong>.<\/p>\n\n\n\n<p class=\"has-text-align-left wp-block-paragraph\">Aunque no comparten un estilo tan Hip-hop como los anteriores raperos, <strong>HASSUA <\/strong>y M-<strong>KISS <\/strong>tienen un estilo energizante y pegadizo. <strong>M-kiss<\/strong> m\u00e1s cercano a los sentimientos como la tristeza, <strong>Hassua <\/strong>con temas que te alegran el coraz\u00f3n a la vez que sueltas l\u00e1grimas.<\/p>\n<\/div>\n<\/div>\n\n\n\n<div style=\"height:100px\" aria-hidden=\"true\" class=\"wp-block-spacer\"><\/div>\n\n\n\n<hr class=\"wp-block-separator has-alpha-channel-opacity\"\/>\n\n\n\n<div style=\"height:100px\" aria-hidden=\"true\" class=\"wp-block-spacer\"><\/div>\n\n\n<h2 class=\"tribe-block__related-events__title\">Related Events<\/h2>\n\n<ul  class=\"tribe-related-events tribe-clearfix\" >\n\t\t\t<li>\n\t\n<div class=\"tribe-related-events-thumbnail\">\n\t<a href=\"https:\/\/cafelapalma.com\/en\/programacion\/funkin-donuts\/\" class=\"url\" rel=\"bookmark\" tabindex=\"-1\" aria-hidden=\"true\"><img loading=\"lazy\" decoding=\"async\" width=\"693\" height=\"1040\" src=\"https:\/\/cafelapalma.com\/wp-content\/uploads\/2026\/07\/FD-vert2-bn-693x1040.jpg\" class=\"attachment-large size-large wp-post-image\" alt=\"\" \/><\/a>\n<\/div>\n\t<div class=\"tribe-related-event-info\">\n\t<h3 class=\"tribe-related-events-title\">\n\t\t<a href=\"https:\/\/cafelapalma.com\/en\/programacion\/funkin-donuts\/\" class=\"tribe-event-url\" rel=\"bookmark\">\n\t\t\tFUNKIN&#8217; DONUTS\t\t<\/a>\n\t<\/h3>\n\t<span class=\"tribe-event-date-start\">5  September@22:00<\/span><span class=\"tribe-event-time\">23:45<\/span><\/div>\n<\/li>\n\t\t\t<li>\n\t\n<div class=\"tribe-related-events-thumbnail\">\n\t<a href=\"https:\/\/cafelapalma.com\/en\/programacion\/backstage-le-petit-truffle-mayo\/\" class=\"url\" rel=\"bookmark\" tabindex=\"-1\" aria-hidden=\"true\"><img loading=\"lazy\" decoding=\"async\" width=\"780\" height=\"1040\" src=\"https:\/\/cafelapalma.com\/wp-content\/uploads\/2026\/07\/Imagen-TruffleMayo-LePetit-i-1-780x1040.png\" class=\"attachment-large size-large wp-post-image\" alt=\"\" \/><\/a>\n<\/div>\n\t<div class=\"tribe-related-event-info\">\n\t<h3 class=\"tribe-related-events-title\">\n\t\t<a href=\"https:\/\/cafelapalma.com\/en\/programacion\/backstage-le-petit-truffle-mayo\/\" class=\"tribe-event-url\" rel=\"bookmark\">\n\t\t\tBACKSTAGE: LE PETIT + TRUFFLE MAYO\t\t<\/a>\n\t<\/h3>\n\t<span class=\"tribe-event-date-start\">5  September@23:55<\/span><\/div>\n<\/li>\n\t\t\t<li>\n\t\n<div class=\"tribe-related-events-thumbnail\">\n\t<a href=\"https:\/\/cafelapalma.com\/en\/programacion\/willie-deville-concierto-benefico-x-venezuela\/\" class=\"url\" rel=\"bookmark\" tabindex=\"-1\" aria-hidden=\"true\"><img loading=\"lazy\" decoding=\"async\" width=\"1020\" height=\"531\" src=\"https:\/\/cafelapalma.com\/wp-content\/uploads\/2026\/08\/Willie-deville-1100x572-1-1040x541.jpg\" class=\"attachment-large size-large wp-post-image\" alt=\"\" \/><\/a>\n<\/div>\n\t<div class=\"tribe-related-event-info\">\n\t<h3 class=\"tribe-related-events-title\">\n\t\t<a href=\"https:\/\/cafelapalma.com\/en\/programacion\/willie-deville-concierto-benefico-x-venezuela\/\" class=\"tribe-event-url\" rel=\"bookmark\">\n\t\t\tWILLIE DEVILLE: CONCIERTO BEN\u00c9FICO X VENEZUELA\t\t<\/a>\n\t<\/h3>\n\t<span class=\"tribe-event-date-start\">6  September@21:00<\/span><span class=\"tribe-event-time\">23:45<\/span><\/div>\n<\/li>\n\t<\/ul>\n","protected":false},"excerpt":{"rendered":"<p>SOSUEIRO, L\u00cdRICA CONFIDENCIAL, HACHER, M-KISS y HASSUA en concierto. Artistas desperdigados por Madrid unidos por la misma pasi\u00f3n: la m\u00fasica. Los sentimientos y su gusto por la expresividad han hecho a SOSUEIRO conseguir un dominio l\u00edrico a gusto de todo el mundo. Tiene mucho que ofrecer y los escenarios es su h\u00e1bitat favorito. Desde su &hellip; <\/p>","protected":false},"author":2,"featured_media":28049,"template":"","meta":{"_tec_requires_first_save":false,"_uag_custom_page_level_css":"","loftloader_page_shortcode":"","_EventAllDay":false,"_EventTimezone":"Europe\/Madrid","_EventStartDate":"2024-02-01 21:00:00","_EventEndDate":"2024-02-01 23:45:00","_EventStartDateUTC":"2024-02-01 20:00:00","_EventEndDateUTC":"2024-02-01 22:45:00","_EventShowMap":false,"_EventShowMapLink":false,"_EventURL":"https:\/\/www.passline.com\/eventos\/sosueiro-lirica-confiencial-hacher-mkiss-hassua","_EventCost":"8","_EventCostDescription":"","_EventCurrencySymbol":"\u20ac","_EventCurrencyCode":"USD","_EventCurrencyPosition":"suffix","_EventDateTimeSeparator":"@","_EventTimeRangeSeparator":"-","_EventOrganizerID":[],"_EventVenueID":[],"_OrganizerEmail":"","_OrganizerPhone":"","_OrganizerWebsite":"","_VenueAddress":"","_VenueCity":"","_VenueCountry":"","_VenueProvince":"","_VenueState":"","_VenueZip":"","_VenuePhone":"","_VenueURL":"","_VenueStateProvince":"","_VenueLat":"","_VenueLng":"","_VenueShowMap":false,"_VenueShowMapLink":false,"_tribe_blocks_recurrence_rules":"","_tribe_blocks_recurrence_description":"","_tribe_blocks_recurrence_exclusions":"","_ecp_custom_2":"","_tribe_events_status":"","_tribe_events_status_reason":"","_tribe_events_is_hybrid":"","_tribe_events_is_virtual":"","_tribe_events_virtual_video_source":"","_tribe_events_virtual_embed_video":"","_tribe_events_virtual_linked_button_text":"","_tribe_events_virtual_linked_button":"","_tribe_events_virtual_show_embed_at":"","_tribe_events_virtual_show_embed_to":[],"_tribe_events_virtual_show_on_event":"","_tribe_events_virtual_show_on_views":"","_tribe_events_virtual_url":"","footnotes":""},"tags":[15123,15121,8869,1363,2865,9147,9146,15118,15120,9352,15117,15122,2395,15116,15125,14890,15124],"tribe_events_cat":[8963],"class_list":["post-28047","tribe_events","type-tribe_events","status-publish","has-post-thumbnail","hentry","tag-15123","tag-aritz","tag-cafe-la-palma-2","tag-cafe-la-palma","tag-conciertos-cafe-la-palma","tag-conciertos-madrid","tag-conciertos-malasana","tag-hacher","tag-hassua","tag-hip-hop-2","tag-lirica-confidencial","tag-nawe","tag-rap","tag-sosueiro","tag-vikohgroove","tag-zetazen","tag-zwischenzug","tribe_events_cat-concierto","cat_concierto"],"uagb_featured_image_src":{"full":["https:\/\/cafelapalma.com\/wp-content\/uploads\/2024\/01\/sosu-1logo.jpg",1000,1000,false],"thumbnail":["https:\/\/cafelapalma.com\/wp-content\/uploads\/2024\/01\/sosu-1logo-150x150.jpg",150,150,true],"medium":["https:\/\/cafelapalma.com\/wp-content\/uploads\/2024\/01\/sosu-1logo-300x300.jpg",300,300,true],"medium_large":["https:\/\/cafelapalma.com\/wp-content\/uploads\/2024\/01\/sosu-1logo-768x768.jpg",768,768,true],"large":["https:\/\/cafelapalma.com\/wp-content\/uploads\/2024\/01\/sosu-1logo.jpg",1000,1000,false],"1536x1536":["https:\/\/cafelapalma.com\/wp-content\/uploads\/2024\/01\/sosu-1logo.jpg",1000,1000,false],"2048x2048":["https:\/\/cafelapalma.com\/wp-content\/uploads\/2024\/01\/sosu-1logo.jpg",1000,1000,false],"trp-custom-language-flag":["https:\/\/cafelapalma.com\/wp-content\/uploads\/2024\/01\/sosu-1logo.jpg",12,12,false],"blossom-feminine-slider":["https:\/\/cafelapalma.com\/wp-content\/uploads\/2024\/01\/sosu-1logo-1000x649.jpg",1000,649,true],"blossom-feminine-featured":["https:\/\/cafelapalma.com\/wp-content\/uploads\/2024\/01\/sosu-1logo-1000x600.jpg",1000,600,true],"blossom-feminine-with-sidebar":["https:\/\/cafelapalma.com\/wp-content\/uploads\/2024\/01\/sosu-1logo-1000x600.jpg",1000,600,true],"blossom-feminine-blog":["https:\/\/cafelapalma.com\/wp-content\/uploads\/2024\/01\/sosu-1logo-435x435.jpg",435,435,true],"blossom-feminine-cat":["https:\/\/cafelapalma.com\/wp-content\/uploads\/2024\/01\/sosu-1logo-450x300.jpg",450,300,true],"blossom-feminine-related":["https:\/\/cafelapalma.com\/wp-content\/uploads\/2024\/01\/sosu-1logo-320x200.jpg",320,200,true],"blossom-feminine-schema":["https:\/\/cafelapalma.com\/wp-content\/uploads\/2024\/01\/sosu-1logo-60x60.jpg",60,60,true]},"uagb_author_info":{"display_name":"Victor","author_link":"https:\/\/cafelapalma.com\/en\/author\/comunicacion\/"},"uagb_comment_info":0,"uagb_excerpt":"SOSUEIRO, L\u00cdRICA CONFIDENCIAL, HACHER, M-KISS y HASSUA en concierto. Artistas desperdigados por Madrid unidos por la misma pasi\u00f3n: la m\u00fasica. Los sentimientos y su gusto por la expresividad han hecho a SOSUEIRO conseguir un dominio l\u00edrico a gusto de todo el mundo. Tiene mucho que ofrecer y los escenarios es su h\u00e1bitat favorito. Desde su&hellip;","_links":{"self":[{"href":"https:\/\/cafelapalma.com\/en\/wp-json\/wp\/v2\/tribe_events\/28047","targetHints":{"allow":["GET"]}}],"collection":[{"href":"https:\/\/cafelapalma.com\/en\/wp-json\/wp\/v2\/tribe_events"}],"about":[{"href":"https:\/\/cafelapalma.com\/en\/wp-json\/wp\/v2\/types\/tribe_events"}],"author":[{"embeddable":true,"href":"https:\/\/cafelapalma.com\/en\/wp-json\/wp\/v2\/users\/2"}],"version-history":[{"count":0,"href":"https:\/\/cafelapalma.com\/en\/wp-json\/wp\/v2\/tribe_events\/28047\/revisions"}],"wp:featuredmedia":[{"embeddable":true,"href":"https:\/\/cafelapalma.com\/en\/wp-json\/wp\/v2\/media\/28049"}],"wp:attachment":[{"href":"https:\/\/cafelapalma.com\/en\/wp-json\/wp\/v2\/media?parent=28047"}],"wp:term":[{"taxonomy":"post_tag","embeddable":true,"href":"https:\/\/cafelapalma.com\/en\/wp-json\/wp\/v2\/tags?post=28047"},{"taxonomy":"tribe_events_cat","embeddable":true,"href":"https:\/\/cafelapalma.com\/en\/wp-json\/wp\/v2\/tribe_events_cat?post=28047"}],"curies":[{"name":"wp","href":"https:\/\/api.w.org\/{rel}","templated":true}]}}