{"id":28059,"date":"2024-01-18T12:38:44","date_gmt":"2024-01-18T11:38:44","guid":{"rendered":"https:\/\/cafelapalma.com\/?post_type=tribe_events&#038;p=28059"},"modified":"2024-01-18T12:39:15","modified_gmt":"2024-01-18T11:39:15","slug":"ada-oda-aka-matador","status":"publish","type":"tribe_events","link":"https:\/\/cafelapalma.com\/en\/programacion\/ada-oda-aka-matador\/","title":{"rendered":"ADA ODA + AKA MATADOR"},"content":{"rendered":"<div  class=\"tribe-events-schedule tribe-clearfix\" >\n\t<p class=\"tribe-events-schedule__datetime\">\n\t\t<span class=\"tribe-events-schedule__date tribe-events-schedule__date--start\">\n\t\t\t17  April  2024\t\t<\/span>\n\n\t\t\t\t\t<span class=\"tribe-events-schedule__separator tribe-events-schedule__separator--date\">\n\t\t\t\t@\t\t\t<\/span>\n\t\t\t<span class=\"tribe-events-schedule__time tribe-events-schedule__time--start\">\n\t\t\t\t21:00\t\t\t<\/span>\n\t\t\n\t\t\t\t\t\t\t\t\t<span class=\"tribe-events-schedule__separator tribe-events-schedule__separator--time\">\n\t\t\t\t\t&#8211;\t\t\t\t<\/span>\n\t\t\t\n\t\t\t\t\t\t\t<span class=\"tribe-events-schedule__time tribe-events-schedule__time--end\">\n\t\t\t\t\t23:15\t\t\t\t<\/span>\n\t\t\t\n\t\t\t\t\t\t<\/p>\n<\/div>\n\n\n<div  class=\"tribe-block tribe-block__event-price\" >\n\t\t\t<span class=\"tribe-block__event-price__cost\"> 10\u20ac <\/span>\n\t\t\t\t<span class=\"tribe-block__event-price__description\">+ gg Anticipada | 12\u20ac Taquilla<\/span>\n\t<\/div>\n\n\n\n<div style=\"height:100px\" aria-hidden=\"true\" class=\"wp-block-spacer\"><\/div>\n\n\n\n<div class=\"wp-block-columns is-layout-flex wp-container-core-columns-is-layout-8f761849 wp-block-columns-is-layout-flex\">\n<div class=\"wp-block-column is-layout-flow wp-block-column-is-layout-flow\" style=\"flex-basis:33.33%\">\n<figure class=\"wp-block-image size-large\"><img loading=\"lazy\" decoding=\"async\" width=\"735\" height=\"1040\" src=\"https:\/\/cafelapalma.com\/wp-content\/uploads\/2024\/01\/ADA-ODA-A3-2-COPY-735x1040.jpg\" alt=\"\" class=\"wp-image-28060\" srcset=\"https:\/\/cafelapalma.com\/wp-content\/uploads\/2024\/01\/ADA-ODA-A3-2-COPY-735x1040.jpg 735w, https:\/\/cafelapalma.com\/wp-content\/uploads\/2024\/01\/ADA-ODA-A3-2-COPY-212x300.jpg 212w, https:\/\/cafelapalma.com\/wp-content\/uploads\/2024\/01\/ADA-ODA-A3-2-COPY-768x1086.jpg 768w, https:\/\/cafelapalma.com\/wp-content\/uploads\/2024\/01\/ADA-ODA-A3-2-COPY-1086x1536.jpg 1086w, https:\/\/cafelapalma.com\/wp-content\/uploads\/2024\/01\/ADA-ODA-A3-2-COPY-1448x2048.jpg 1448w, https:\/\/cafelapalma.com\/wp-content\/uploads\/2024\/01\/ADA-ODA-A3-2-COPY-42x60.jpg 42w\" sizes=\"auto, (max-width: 735px) 100vw, 735px\" \/><\/figure>\n\n\n<div  class=\"tribe-block tribe-block__event-website\" >\n\t<a\n\t\thref=\"https:\/\/www.passline.com\/eventos\/ada-oda-aka-matador\"\n\t\ttarget=\"_self\"\n\t\t\t>\n\t\tBUY TICKETS\t<\/a>\n<\/div>\n<\/div>\n\n\n\n<div class=\"wp-block-column is-layout-flow wp-block-column-is-layout-flow\" style=\"flex-basis:66.66%\">\n<div style=\"height:100px\" aria-hidden=\"true\" class=\"wp-block-spacer\"><\/div>\n\n\n\n<p class=\"has-text-align-left wp-block-paragraph\">\u00bfPost-punk italiano del underground de <strong>Bruselas<\/strong>? <strong>ADA ODA <\/strong>ofrece una m\u00fasica cargada de energ\u00eda, una mezcla entre el rock de los ochenta y el pop italiano.<\/p>\n\n\n\n<p class=\"has-text-align-left wp-block-paragraph\">El proyecto empez\u00f3 en 2020 con <strong>C\u00e9sar Laloux<\/strong> (<strong>The Tellers<\/strong>, <strong>BRNS<\/strong>, <strong>Italian boyfriend<\/strong>) y con <strong>Victoria Barracato<\/strong> como vocalista. En los escenarios y en estudio, el d\u00fao est\u00e1 acompa\u00f1ado por <strong>Cl\u00e9ment Marion<\/strong> en el bajo (<strong>David Numwami<\/strong>, <strong>Judith Kiddo<\/strong>), <strong>Alex de Bueger<\/strong> en la bater\u00eda (<strong>Alaska Gold Rush<\/strong>, <strong>Gros Coeur<\/strong>) y <strong>Aur\u00e9lien Gainetdinoff<\/strong> (<strong>San Malo<\/strong>, <strong>Yolande Bashing<\/strong>) en las guitarras.<\/p>\n\n\n\n<p class=\"has-text-align-left wp-block-paragraph\">Tras su paso por el festival <strong>Monkey Week<\/strong>, el grupo actuar\u00e1 por primera vez en <strong>Madrid<\/strong>.<\/p>\n\n\n\n<p class=\"has-text-align-left wp-block-paragraph\"><strong>AKA MATADOR<\/strong> es el pseud\u00f3nimo de <strong>Iggy Rathmann<\/strong>, m\u00fasico, compositor y productor madrile\u00f1o cuya m\u00fasica es un experimento que combina grabaciones caseras, samples y pistas de m\u00fasica electr\u00f3nica de la d\u00e9cada de los 80\u2019s para crear un estilo elegante, opulento y futurista. Es, tras sus \u00faltimos trabajos trabajos, <strong><em>\u201cSi me muero, \u00bfllorar\u00edas?\u201d<\/em><\/strong>, <strong><em>\u201cS\u00e9 que duda\u201d <\/em><\/strong>y <strong><em>\u201cSi sobrevivo, nos vemos ma\u00f1ana\u201d<\/em><\/strong>, cuando <strong>Iggy <\/strong>ha conseguido familiarizarse completamente con el castellano y comenzar una nueva etapa.<\/p>\n<\/div>\n<\/div>\n\n\n\n<div style=\"height:100px\" aria-hidden=\"true\" class=\"wp-block-spacer\"><\/div>\n\n\n\n<hr class=\"wp-block-separator has-alpha-channel-opacity\"\/>\n\n\n\n<div style=\"height:100px\" aria-hidden=\"true\" class=\"wp-block-spacer\"><\/div>\n\n\n<h2 class=\"tribe-block__related-events__title\">Related Events<\/h2>\n\n<ul  class=\"tribe-related-events tribe-clearfix\" >\n\t\t\t<li>\n\t\n<div class=\"tribe-related-events-thumbnail\">\n\t<a href=\"https:\/\/cafelapalma.com\/en\/programacion\/funkin-donuts\/\" class=\"url\" rel=\"bookmark\" tabindex=\"-1\" aria-hidden=\"true\"><img loading=\"lazy\" decoding=\"async\" width=\"693\" height=\"1040\" src=\"https:\/\/cafelapalma.com\/wp-content\/uploads\/2026\/07\/FD-vert2-bn-693x1040.jpg\" class=\"attachment-large size-large wp-post-image\" alt=\"\" \/><\/a>\n<\/div>\n\t<div class=\"tribe-related-event-info\">\n\t<h3 class=\"tribe-related-events-title\">\n\t\t<a href=\"https:\/\/cafelapalma.com\/en\/programacion\/funkin-donuts\/\" class=\"tribe-event-url\" rel=\"bookmark\">\n\t\t\tFUNKIN&#8217; DONUTS\t\t<\/a>\n\t<\/h3>\n\t<span class=\"tribe-event-date-start\">5  September@22:00<\/span><span class=\"tribe-event-time\">23:45<\/span><\/div>\n<\/li>\n\t\t\t<li>\n\t\n<div class=\"tribe-related-events-thumbnail\">\n\t<a href=\"https:\/\/cafelapalma.com\/en\/programacion\/backstage-le-petit-truffle-mayo\/\" class=\"url\" rel=\"bookmark\" tabindex=\"-1\" aria-hidden=\"true\"><img loading=\"lazy\" decoding=\"async\" width=\"780\" height=\"1040\" src=\"https:\/\/cafelapalma.com\/wp-content\/uploads\/2026\/07\/Imagen-TruffleMayo-LePetit-i-1-780x1040.png\" class=\"attachment-large size-large wp-post-image\" alt=\"\" \/><\/a>\n<\/div>\n\t<div class=\"tribe-related-event-info\">\n\t<h3 class=\"tribe-related-events-title\">\n\t\t<a href=\"https:\/\/cafelapalma.com\/en\/programacion\/backstage-le-petit-truffle-mayo\/\" class=\"tribe-event-url\" rel=\"bookmark\">\n\t\t\tBACKSTAGE: LE PETIT + TRUFFLE MAYO\t\t<\/a>\n\t<\/h3>\n\t<span class=\"tribe-event-date-start\">5  September@23:55<\/span><\/div>\n<\/li>\n\t\t\t<li>\n\t\n<div class=\"tribe-related-events-thumbnail\">\n\t<a href=\"https:\/\/cafelapalma.com\/en\/programacion\/willie-deville-concierto-benefico-x-venezuela\/\" class=\"url\" rel=\"bookmark\" tabindex=\"-1\" aria-hidden=\"true\"><img loading=\"lazy\" decoding=\"async\" width=\"1020\" height=\"531\" src=\"https:\/\/cafelapalma.com\/wp-content\/uploads\/2026\/08\/Willie-deville-1100x572-1-1040x541.jpg\" class=\"attachment-large size-large wp-post-image\" alt=\"\" \/><\/a>\n<\/div>\n\t<div class=\"tribe-related-event-info\">\n\t<h3 class=\"tribe-related-events-title\">\n\t\t<a href=\"https:\/\/cafelapalma.com\/en\/programacion\/willie-deville-concierto-benefico-x-venezuela\/\" class=\"tribe-event-url\" rel=\"bookmark\">\n\t\t\tWILLIE DEVILLE: CONCIERTO BEN\u00c9FICO X VENEZUELA\t\t<\/a>\n\t<\/h3>\n\t<span class=\"tribe-event-date-start\">6  September@21:00<\/span><span class=\"tribe-event-time\">23:45<\/span><\/div>\n<\/li>\n\t<\/ul>","protected":false},"excerpt":{"rendered":"<p>\u00bfPost-punk italiano del underground de Bruselas? ADA ODA ofrece una m\u00fasica cargada de energ\u00eda, una mezcla entre el rock de los ochenta y el pop italiano. El proyecto empez\u00f3 en 2020 con C\u00e9sar Laloux (The Tellers, BRNS, Italian boyfriend) y con Victoria Barracato como vocalista. En los escenarios y en estudio, el d\u00fao est\u00e1 acompa\u00f1ado &hellip; <\/p>","protected":false},"author":2,"featured_media":28061,"template":"","meta":{"_tec_requires_first_save":false,"_uag_custom_page_level_css":"","loftloader_page_shortcode":"","_EventAllDay":false,"_EventTimezone":"Europe\/Madrid","_EventStartDate":"2024-04-17 21:00:00","_EventEndDate":"2024-04-17 23:15:00","_EventStartDateUTC":"2024-04-17 19:00:00","_EventEndDateUTC":"2024-04-17 21:15:00","_EventShowMap":false,"_EventShowMapLink":false,"_EventURL":"https:\/\/www.passline.com\/eventos\/ada-oda-aka-matador","_EventCost":"10","_EventCostDescription":"","_EventCurrencySymbol":"\u20ac","_EventCurrencyCode":"USD","_EventCurrencyPosition":"suffix","_EventDateTimeSeparator":"@","_EventTimeRangeSeparator":"-","_EventOrganizerID":[],"_EventVenueID":[],"_OrganizerEmail":"","_OrganizerPhone":"","_OrganizerWebsite":"","_VenueAddress":"","_VenueCity":"","_VenueCountry":"","_VenueProvince":"","_VenueState":"","_VenueZip":"","_VenuePhone":"","_VenueURL":"","_VenueStateProvince":"","_VenueLat":"","_VenueLng":"","_VenueShowMap":false,"_VenueShowMapLink":false,"_tribe_blocks_recurrence_rules":"","_tribe_blocks_recurrence_description":"","_tribe_blocks_recurrence_exclusions":"","_ecp_custom_2":"","_tribe_events_status":"","_tribe_events_status_reason":"","_tribe_events_is_hybrid":"","_tribe_events_is_virtual":"","_tribe_events_virtual_video_source":"","_tribe_events_virtual_embed_video":"","_tribe_events_virtual_linked_button_text":"","_tribe_events_virtual_linked_button":"","_tribe_events_virtual_show_embed_at":"","_tribe_events_virtual_show_embed_to":[],"_tribe_events_virtual_show_on_event":"","_tribe_events_virtual_show_on_views":"","_tribe_events_virtual_url":"","footnotes":""},"tags":[15134,15135,15145,15144,15147,15138,15133,1363,8869,15136,15141,2865,9147,9146,15142,1357,13775,15152,15146,15150,15139,15143,9854,15157,1355,9412,9395,15148,15155,15158,1146,15137,15140,15149],"tribe_events_cat":[8963],"class_list":["post-28059","tribe_events","type-tribe_events","status-publish","has-post-thumbnail","hentry","tag-ada-oda","tag-aka-matador","tag-alaska-gold-rush","tag-alex-de-bueger","tag-aurelien-gainetdinoff","tag-brns","tag-bruselas","tag-cafe-la-palma","tag-cafe-la-palma-2","tag-cesar-laloux","tag-clement-marion","tag-conciertos-cafe-la-palma","tag-conciertos-madrid","tag-conciertos-malasana","tag-david-numwami","tag-electronica","tag-electropop","tag-fran-nastys","tag-gros-coeur","tag-iggy-rathmann","tag-italian-boyfriend","tag-judith-kiddo","tag-monkey-week","tag-nos-vemos-manana","tag-pop","tag-post-punk","tag-postpunk","tag-san-malo","tag-se-que-duda","tag-si-me-muero-llorarias","tag-synthpop","tag-the-tellers","tag-victoria-barracato","tag-yolande-bashing","tribe_events_cat-concierto","cat_concierto"],"uagb_featured_image_src":{"full":["https:\/\/cafelapalma.com\/wp-content\/uploads\/2024\/01\/ADA-ODA-PIC-LOW-scaled.jpg",2001,3000,false],"thumbnail":["https:\/\/cafelapalma.com\/wp-content\/uploads\/2024\/01\/ADA-ODA-PIC-LOW-150x150.jpg",150,150,true],"medium":["https:\/\/cafelapalma.com\/wp-content\/uploads\/2024\/01\/ADA-ODA-PIC-LOW-200x300.jpg",200,300,true],"medium_large":["https:\/\/cafelapalma.com\/wp-content\/uploads\/2024\/01\/ADA-ODA-PIC-LOW-768x1151.jpg",768,1151,true],"large":["https:\/\/cafelapalma.com\/wp-content\/uploads\/2024\/01\/ADA-ODA-PIC-LOW-694x1040.jpg",694,1040,true],"1536x1536":["https:\/\/cafelapalma.com\/wp-content\/uploads\/2024\/01\/ADA-ODA-PIC-LOW-1025x1536.jpg",1025,1536,true],"2048x2048":["https:\/\/cafelapalma.com\/wp-content\/uploads\/2024\/01\/ADA-ODA-PIC-LOW-1366x2048.jpg",1366,2048,true],"trp-custom-language-flag":["https:\/\/cafelapalma.com\/wp-content\/uploads\/2024\/01\/ADA-ODA-PIC-LOW-scaled.jpg",8,12,false],"blossom-feminine-slider":["https:\/\/cafelapalma.com\/wp-content\/uploads\/2024\/01\/ADA-ODA-PIC-LOW-1920x649.jpg",1920,649,true],"blossom-feminine-featured":["https:\/\/cafelapalma.com\/wp-content\/uploads\/2024\/01\/ADA-ODA-PIC-LOW-1410x600.jpg",1410,600,true],"blossom-feminine-with-sidebar":["https:\/\/cafelapalma.com\/wp-content\/uploads\/2024\/01\/ADA-ODA-PIC-LOW-1020x600.jpg",1020,600,true],"blossom-feminine-blog":["https:\/\/cafelapalma.com\/wp-content\/uploads\/2024\/01\/ADA-ODA-PIC-LOW-435x435.jpg",435,435,true],"blossom-feminine-cat":["https:\/\/cafelapalma.com\/wp-content\/uploads\/2024\/01\/ADA-ODA-PIC-LOW-450x300.jpg",450,300,true],"blossom-feminine-related":["https:\/\/cafelapalma.com\/wp-content\/uploads\/2024\/01\/ADA-ODA-PIC-LOW-320x200.jpg",320,200,true],"blossom-feminine-schema":["https:\/\/cafelapalma.com\/wp-content\/uploads\/2024\/01\/ADA-ODA-PIC-LOW-40x60.jpg",40,60,true]},"uagb_author_info":{"display_name":"Victor","author_link":"https:\/\/cafelapalma.com\/en\/author\/comunicacion\/"},"uagb_comment_info":0,"uagb_excerpt":"\u00bfPost-punk italiano del underground de Bruselas? ADA ODA ofrece una m\u00fasica cargada de energ\u00eda, una mezcla entre el rock de los ochenta y el pop italiano. El proyecto empez\u00f3 en 2020 con C\u00e9sar Laloux (The Tellers, BRNS, Italian boyfriend) y con Victoria Barracato como vocalista. En los escenarios y en estudio, el d\u00fao est\u00e1 acompa\u00f1ado&hellip;","_links":{"self":[{"href":"https:\/\/cafelapalma.com\/en\/wp-json\/wp\/v2\/tribe_events\/28059","targetHints":{"allow":["GET"]}}],"collection":[{"href":"https:\/\/cafelapalma.com\/en\/wp-json\/wp\/v2\/tribe_events"}],"about":[{"href":"https:\/\/cafelapalma.com\/en\/wp-json\/wp\/v2\/types\/tribe_events"}],"author":[{"embeddable":true,"href":"https:\/\/cafelapalma.com\/en\/wp-json\/wp\/v2\/users\/2"}],"version-history":[{"count":0,"href":"https:\/\/cafelapalma.com\/en\/wp-json\/wp\/v2\/tribe_events\/28059\/revisions"}],"wp:featuredmedia":[{"embeddable":true,"href":"https:\/\/cafelapalma.com\/en\/wp-json\/wp\/v2\/media\/28061"}],"wp:attachment":[{"href":"https:\/\/cafelapalma.com\/en\/wp-json\/wp\/v2\/media?parent=28059"}],"wp:term":[{"taxonomy":"post_tag","embeddable":true,"href":"https:\/\/cafelapalma.com\/en\/wp-json\/wp\/v2\/tags?post=28059"},{"taxonomy":"tribe_events_cat","embeddable":true,"href":"https:\/\/cafelapalma.com\/en\/wp-json\/wp\/v2\/tribe_events_cat?post=28059"}],"curies":[{"name":"wp","href":"https:\/\/api.w.org\/{rel}","templated":true}]}}