{"id":28125,"date":"2024-01-29T11:17:44","date_gmt":"2024-01-29T10:17:44","guid":{"rendered":"https:\/\/cafelapalma.com\/?post_type=tribe_events&#038;p=28125"},"modified":"2024-02-27T17:59:05","modified_gmt":"2024-02-27T16:59:05","slug":"savva-diapausa","status":"publish","type":"tribe_events","link":"https:\/\/cafelapalma.com\/en\/programacion\/savva-diapausa\/","title":{"rendered":"SAVVA + DIAPAUSA"},"content":{"rendered":"<div  class=\"tribe-events-schedule tribe-clearfix\" >\n\t<p class=\"tribe-events-schedule__datetime\">\n\t\t<span class=\"tribe-events-schedule__date tribe-events-schedule__date--start\">\n\t\t\t28  February  2024\t\t<\/span>\n\n\t\t\t\t\t<span class=\"tribe-events-schedule__separator tribe-events-schedule__separator--date\">\n\t\t\t\t@\t\t\t<\/span>\n\t\t\t<span class=\"tribe-events-schedule__time tribe-events-schedule__time--start\">\n\t\t\t\t21:00\t\t\t<\/span>\n\t\t\n\t\t\t\t\t\t\t\t\t<span class=\"tribe-events-schedule__separator tribe-events-schedule__separator--time\">\n\t\t\t\t\t&#8211;\t\t\t\t<\/span>\n\t\t\t\n\t\t\t\t\t\t\t<span class=\"tribe-events-schedule__time tribe-events-schedule__time--end\">\n\t\t\t\t\t23:00\t\t\t\t<\/span>\n\t\t\t\n\t\t\t\t\t\t<\/p>\n<\/div>\n\n\n<div  class=\"tribe-block tribe-block__event-price\" >\n\t\t\t<span class=\"tribe-block__event-price__cost\"> ENTRADAS AGOTADAS <\/span>\n\t\t\t\t<span class=\"tribe-block__event-price__description\">#soldout<\/span>\n\t<\/div>\n\n\n\n<div style=\"height:100px\" aria-hidden=\"true\" class=\"wp-block-spacer\"><\/div>\n\n\n\n<div class=\"wp-block-columns is-layout-flex wp-container-core-columns-is-layout-8f761849 wp-block-columns-is-layout-flex\">\n<div class=\"wp-block-column is-layout-flow wp-block-column-is-layout-flow\" style=\"flex-basis:33.33%\">\n<figure class=\"wp-block-image size-large\"><img loading=\"lazy\" decoding=\"async\" width=\"736\" height=\"1040\" src=\"https:\/\/cafelapalma.com\/wp-content\/uploads\/2024\/01\/SAVVA-A3-LOW-736x1040.jpg\" alt=\"\" class=\"wp-image-28126\" srcset=\"https:\/\/cafelapalma.com\/wp-content\/uploads\/2024\/01\/SAVVA-A3-LOW-736x1040.jpg 736w, https:\/\/cafelapalma.com\/wp-content\/uploads\/2024\/01\/SAVVA-A3-LOW-212x300.jpg 212w, https:\/\/cafelapalma.com\/wp-content\/uploads\/2024\/01\/SAVVA-A3-LOW-768x1086.jpg 768w, https:\/\/cafelapalma.com\/wp-content\/uploads\/2024\/01\/SAVVA-A3-LOW-1087x1536.jpg 1087w, https:\/\/cafelapalma.com\/wp-content\/uploads\/2024\/01\/SAVVA-A3-LOW-1449x2048.jpg 1449w, https:\/\/cafelapalma.com\/wp-content\/uploads\/2024\/01\/SAVVA-A3-LOW-42x60.jpg 42w, https:\/\/cafelapalma.com\/wp-content\/uploads\/2024\/01\/SAVVA-A3-LOW.jpg 1755w\" sizes=\"auto, (max-width: 736px) 100vw, 736px\" \/><\/figure>\n<\/div>\n\n\n\n<div class=\"wp-block-column is-layout-flow wp-block-column-is-layout-flow\" style=\"flex-basis:66.66%\">\n<div style=\"height:100px\" aria-hidden=\"true\" class=\"wp-block-spacer\"><\/div>\n\n\n\n<p class=\"has-text-align-left wp-block-paragraph\"><strong>SAVVA <\/strong>es un grupo \u00edbero cuya gu\u00eda est\u00e1 basada en la m\u00e1xima: <em><strong>\u201cMoco y Gotel\u00e9\u201d<\/strong><\/em>. Aparecidos en el a\u00f1o 2018, vuelven del exilio ofreciendo a su ganado sus \u00faltimos trabajos: la fuerza imparable <strong><em>\u201cWhatsapp 2\u201d<\/em><\/strong> y el objeto inamovible <strong><em>\u201cLos Alegres Bandoleros\u201d<\/em><\/strong>.<\/p>\n\n\n\n<p class=\"has-text-align-left wp-block-paragraph\">La banda est\u00e1 formada por el bajo arr\u00edtmico de <strong>Juan <\/strong>(<strong><em>Mar\u00eda<\/em><\/strong>), la f\u00e9tida bater\u00eda de <strong>C\u00e9sar <\/strong>(<strong><em>Xavi<\/em><\/strong>), la mugrosa guitarra r\u00edtmica de <strong>Brais <\/strong>(<strong><em>Brasas<\/em><\/strong>) y las seis cuerdas oxidadas de <strong>Mauro <\/strong>(<strong><em>Foflas<\/em><\/strong>). Vocalmente intentan alternar sus gritos para no caer en la lipotimia. Asistencia encarecidamente recomendada.<\/p>\n\n\n\n<p class=\"has-text-align-left wp-block-paragraph\"><strong>DIAPAUSA <\/strong>es un grupo nacido en el 2023 en la escena de <strong>Madrid<\/strong>. Abarcando un amplio abanico musical, <strong>Jaime<\/strong>, <strong>Elvira<\/strong>, <strong>Joseju <\/strong>y <strong>Ali <\/strong>definen su propuesta, en un t\u00e9rmino medio, como emo-fiesta. Toman influencias del pop-rock y del dream-pop para hacer temas animados hablando de cosas tristonas pero seguro que te har\u00e1n bailar.<\/p>\n\n\n\n<p class=\"has-text-align-right wp-block-paragraph\"><a href=\"https:\/\/open.spotify.com\/intl-es\/artist\/38vWNr2bAGK5fi5fBfOaj6?si=Gt2czDfPRHGj88iJUZcv7Q\">Escuchar a SAVVA<\/a><\/p>\n\n\n\n<p class=\"has-text-align-right wp-block-paragraph\"><a href=\"https:\/\/www.instagram.com\/dia.pausa\/\">Diapausa en Instagram<\/a><\/p>\n<\/div>\n<\/div>\n\n\n\n<div style=\"height:100px\" aria-hidden=\"true\" class=\"wp-block-spacer\"><\/div>\n\n\n\n<hr class=\"wp-block-separator has-alpha-channel-opacity\"\/>\n\n\n\n<div style=\"height:100px\" aria-hidden=\"true\" class=\"wp-block-spacer\"><\/div>\n\n\n<h2 class=\"tribe-block__related-events__title\">Related Events<\/h2>\n\n<ul  class=\"tribe-related-events tribe-clearfix\" >\n\t\t\t<li>\n\t\n<div class=\"tribe-related-events-thumbnail\">\n\t<a href=\"https:\/\/cafelapalma.com\/en\/programacion\/funkin-donuts\/\" class=\"url\" rel=\"bookmark\" tabindex=\"-1\" aria-hidden=\"true\"><img loading=\"lazy\" decoding=\"async\" width=\"693\" height=\"1040\" src=\"https:\/\/cafelapalma.com\/wp-content\/uploads\/2026\/07\/FD-vert2-bn-693x1040.jpg\" class=\"attachment-large size-large wp-post-image\" alt=\"\" \/><\/a>\n<\/div>\n\t<div class=\"tribe-related-event-info\">\n\t<h3 class=\"tribe-related-events-title\">\n\t\t<a href=\"https:\/\/cafelapalma.com\/en\/programacion\/funkin-donuts\/\" class=\"tribe-event-url\" rel=\"bookmark\">\n\t\t\tFUNKIN&#8217; DONUTS\t\t<\/a>\n\t<\/h3>\n\t<span class=\"tribe-event-date-start\">5  September@22:00<\/span><span class=\"tribe-event-time\">23:45<\/span><\/div>\n<\/li>\n\t\t\t<li>\n\t\n<div class=\"tribe-related-events-thumbnail\">\n\t<a href=\"https:\/\/cafelapalma.com\/en\/programacion\/backstage-le-petit-truffle-mayo\/\" class=\"url\" rel=\"bookmark\" tabindex=\"-1\" aria-hidden=\"true\"><img loading=\"lazy\" decoding=\"async\" width=\"780\" height=\"1040\" src=\"https:\/\/cafelapalma.com\/wp-content\/uploads\/2026\/07\/Imagen-TruffleMayo-LePetit-i-1-780x1040.png\" class=\"attachment-large size-large wp-post-image\" alt=\"\" \/><\/a>\n<\/div>\n\t<div class=\"tribe-related-event-info\">\n\t<h3 class=\"tribe-related-events-title\">\n\t\t<a href=\"https:\/\/cafelapalma.com\/en\/programacion\/backstage-le-petit-truffle-mayo\/\" class=\"tribe-event-url\" rel=\"bookmark\">\n\t\t\tBACKSTAGE: LE PETIT + TRUFFLE MAYO\t\t<\/a>\n\t<\/h3>\n\t<span class=\"tribe-event-date-start\">5  September@23:55<\/span><\/div>\n<\/li>\n\t\t\t<li>\n\t\n<div class=\"tribe-related-events-thumbnail\">\n\t<a href=\"https:\/\/cafelapalma.com\/en\/programacion\/willie-deville-concierto-benefico-x-venezuela\/\" class=\"url\" rel=\"bookmark\" tabindex=\"-1\" aria-hidden=\"true\"><img loading=\"lazy\" decoding=\"async\" width=\"1020\" height=\"531\" src=\"https:\/\/cafelapalma.com\/wp-content\/uploads\/2026\/08\/Willie-deville-1100x572-1-1040x541.jpg\" class=\"attachment-large size-large wp-post-image\" alt=\"\" \/><\/a>\n<\/div>\n\t<div class=\"tribe-related-event-info\">\n\t<h3 class=\"tribe-related-events-title\">\n\t\t<a href=\"https:\/\/cafelapalma.com\/en\/programacion\/willie-deville-concierto-benefico-x-venezuela\/\" class=\"tribe-event-url\" rel=\"bookmark\">\n\t\t\tWILLIE DEVILLE: CONCIERTO BEN\u00c9FICO X VENEZUELA\t\t<\/a>\n\t<\/h3>\n\t<span class=\"tribe-event-date-start\">6  September@21:00<\/span><span class=\"tribe-event-time\">23:45<\/span><\/div>\n<\/li>\n\t<\/ul>","protected":false},"excerpt":{"rendered":"<p>SAVVA es un grupo \u00edbero cuya gu\u00eda est\u00e1 basada en la m\u00e1xima: \u201cMoco y Gotel\u00e9\u201d. Aparecidos en el a\u00f1o 2018, vuelven del exilio ofreciendo a su ganado sus \u00faltimos trabajos: la fuerza imparable \u201cWhatsapp 2\u201d y el objeto inamovible \u201cLos Alegres Bandoleros\u201d. La banda est\u00e1 formada por el bajo arr\u00edtmico de Juan (Mar\u00eda), la f\u00e9tida &hellip; <\/p>","protected":false},"author":2,"featured_media":28127,"template":"","meta":{"_tec_requires_first_save":false,"_uag_custom_page_level_css":"","loftloader_page_shortcode":"","_EventAllDay":false,"_EventTimezone":"Europe\/Madrid","_EventStartDate":"2024-02-28 21:00:00","_EventEndDate":"2024-02-28 23:00:00","_EventStartDateUTC":"2024-02-28 20:00:00","_EventEndDateUTC":"2024-02-28 22:00:00","_EventShowMap":false,"_EventShowMapLink":false,"_EventURL":"https:\/\/www.passline.com\/eventos\/savva-diapausa","_EventCost":"ENTRADAS AGOTADAS","_EventCostDescription":"","_EventCurrencySymbol":"\u20ac","_EventCurrencyCode":"USD","_EventCurrencyPosition":"suffix","_EventDateTimeSeparator":"@","_EventTimeRangeSeparator":"-","_EventOrganizerID":[],"_EventVenueID":[],"_OrganizerEmail":"","_OrganizerPhone":"","_OrganizerWebsite":"","_VenueAddress":"","_VenueCity":"","_VenueCountry":"","_VenueProvince":"","_VenueState":"","_VenueZip":"","_VenuePhone":"","_VenueURL":"","_VenueStateProvince":"","_VenueLat":"","_VenueLng":"","_VenueShowMap":false,"_VenueShowMapLink":false,"_tribe_blocks_recurrence_rules":"","_tribe_blocks_recurrence_description":"","_tribe_blocks_recurrence_exclusions":"","_ecp_custom_2":"","_tribe_events_status":"","_tribe_events_status_reason":"","_tribe_events_is_hybrid":"","_tribe_events_is_virtual":"","_tribe_events_virtual_video_source":"","_tribe_events_virtual_embed_video":"","_tribe_events_virtual_linked_button_text":"","_tribe_events_virtual_linked_button":"","_tribe_events_virtual_show_embed_at":"","_tribe_events_virtual_show_embed_to":[],"_tribe_events_virtual_show_on_event":"","_tribe_events_virtual_show_on_views":"","_tribe_events_virtual_url":"","footnotes":""},"tags":[1363,8869,2865,9147,9146,15176,9939,15179,15177,1355,9164,1354,15175,15178],"tribe_events_cat":[8963],"class_list":["post-28125","tribe_events","type-tribe_events","status-publish","has-post-thumbnail","hentry","tag-cafe-la-palma","tag-cafe-la-palma-2","tag-conciertos-cafe-la-palma","tag-conciertos-madrid","tag-conciertos-malasana","tag-diapausa","tag-dream-pop","tag-los-alegres-bandoleros","tag-moco-y-gotele","tag-pop","tag-pop-rock-2","tag-rock","tag-savva","tag-whatsapp-2","tribe_events_cat-concierto","cat_concierto"],"uagb_featured_image_src":{"full":["https:\/\/cafelapalma.com\/wp-content\/uploads\/2024\/01\/SAVVA-VERT.jpg",1712,2560,false],"thumbnail":["https:\/\/cafelapalma.com\/wp-content\/uploads\/2024\/01\/SAVVA-VERT-150x150.jpg",150,150,true],"medium":["https:\/\/cafelapalma.com\/wp-content\/uploads\/2024\/01\/SAVVA-VERT-201x300.jpg",201,300,true],"medium_large":["https:\/\/cafelapalma.com\/wp-content\/uploads\/2024\/01\/SAVVA-VERT-768x1148.jpg",768,1148,true],"large":["https:\/\/cafelapalma.com\/wp-content\/uploads\/2024\/01\/SAVVA-VERT-696x1040.jpg",696,1040,true],"1536x1536":["https:\/\/cafelapalma.com\/wp-content\/uploads\/2024\/01\/SAVVA-VERT-1027x1536.jpg",1027,1536,true],"2048x2048":["https:\/\/cafelapalma.com\/wp-content\/uploads\/2024\/01\/SAVVA-VERT-1370x2048.jpg",1370,2048,true],"trp-custom-language-flag":["https:\/\/cafelapalma.com\/wp-content\/uploads\/2024\/01\/SAVVA-VERT.jpg",8,12,false],"blossom-feminine-slider":["https:\/\/cafelapalma.com\/wp-content\/uploads\/2024\/01\/SAVVA-VERT-1712x649.jpg",1712,649,true],"blossom-feminine-featured":["https:\/\/cafelapalma.com\/wp-content\/uploads\/2024\/01\/SAVVA-VERT-1410x600.jpg",1410,600,true],"blossom-feminine-with-sidebar":["https:\/\/cafelapalma.com\/wp-content\/uploads\/2024\/01\/SAVVA-VERT-1020x600.jpg",1020,600,true],"blossom-feminine-blog":["https:\/\/cafelapalma.com\/wp-content\/uploads\/2024\/01\/SAVVA-VERT-435x435.jpg",435,435,true],"blossom-feminine-cat":["https:\/\/cafelapalma.com\/wp-content\/uploads\/2024\/01\/SAVVA-VERT-450x300.jpg",450,300,true],"blossom-feminine-related":["https:\/\/cafelapalma.com\/wp-content\/uploads\/2024\/01\/SAVVA-VERT-320x200.jpg",320,200,true],"blossom-feminine-schema":["https:\/\/cafelapalma.com\/wp-content\/uploads\/2024\/01\/SAVVA-VERT-40x60.jpg",40,60,true]},"uagb_author_info":{"display_name":"Victor","author_link":"https:\/\/cafelapalma.com\/en\/author\/comunicacion\/"},"uagb_comment_info":0,"uagb_excerpt":"SAVVA es un grupo \u00edbero cuya gu\u00eda est\u00e1 basada en la m\u00e1xima: \u201cMoco y Gotel\u00e9\u201d. Aparecidos en el a\u00f1o 2018, vuelven del exilio ofreciendo a su ganado sus \u00faltimos trabajos: la fuerza imparable \u201cWhatsapp 2\u201d y el objeto inamovible \u201cLos Alegres Bandoleros\u201d. La banda est\u00e1 formada por el bajo arr\u00edtmico de Juan (Mar\u00eda), la f\u00e9tida&hellip;","_links":{"self":[{"href":"https:\/\/cafelapalma.com\/en\/wp-json\/wp\/v2\/tribe_events\/28125","targetHints":{"allow":["GET"]}}],"collection":[{"href":"https:\/\/cafelapalma.com\/en\/wp-json\/wp\/v2\/tribe_events"}],"about":[{"href":"https:\/\/cafelapalma.com\/en\/wp-json\/wp\/v2\/types\/tribe_events"}],"author":[{"embeddable":true,"href":"https:\/\/cafelapalma.com\/en\/wp-json\/wp\/v2\/users\/2"}],"version-history":[{"count":0,"href":"https:\/\/cafelapalma.com\/en\/wp-json\/wp\/v2\/tribe_events\/28125\/revisions"}],"wp:featuredmedia":[{"embeddable":true,"href":"https:\/\/cafelapalma.com\/en\/wp-json\/wp\/v2\/media\/28127"}],"wp:attachment":[{"href":"https:\/\/cafelapalma.com\/en\/wp-json\/wp\/v2\/media?parent=28125"}],"wp:term":[{"taxonomy":"post_tag","embeddable":true,"href":"https:\/\/cafelapalma.com\/en\/wp-json\/wp\/v2\/tags?post=28125"},{"taxonomy":"tribe_events_cat","embeddable":true,"href":"https:\/\/cafelapalma.com\/en\/wp-json\/wp\/v2\/tribe_events_cat?post=28125"}],"curies":[{"name":"wp","href":"https:\/\/api.w.org\/{rel}","templated":true}]}}