{"id":28171,"date":"2024-01-31T12:47:00","date_gmt":"2024-01-31T11:47:00","guid":{"rendered":"https:\/\/cafelapalma.com\/programacion\/el-diablo-de-shanghai-sound-isidro-vibra-mahou-2024-copy\/"},"modified":"2024-01-31T12:59:48","modified_gmt":"2024-01-31T11:59:48","slug":"fiesta-industrias-bala-sound-isidro-vibra-mahou-2024","status":"publish","type":"tribe_events","link":"https:\/\/cafelapalma.com\/en\/programacion\/fiesta-industrias-bala-sound-isidro-vibra-mahou-2024\/","title":{"rendered":"TIGRE Y DIAMANTE + GITANO DE PALO"},"content":{"rendered":"<div  class=\"tribe-events-schedule tribe-clearfix\" >\n\t<p class=\"tribe-events-schedule__datetime\">\n\t\t<span class=\"tribe-events-schedule__date tribe-events-schedule__date--start\">\n\t\t\t30  May  2024\t\t<\/span>\n\n\t\t\t\t\t<span class=\"tribe-events-schedule__separator tribe-events-schedule__separator--date\">\n\t\t\t\t@\t\t\t<\/span>\n\t\t\t<span class=\"tribe-events-schedule__time tribe-events-schedule__time--start\">\n\t\t\t\t21:30\t\t\t<\/span>\n\t\t\n\t\t\t\t\t\t\t\t\t<span class=\"tribe-events-schedule__separator tribe-events-schedule__separator--time\">\n\t\t\t\t\t&#8211;\t\t\t\t<\/span>\n\t\t\t\n\t\t\t\t\t\t\t<span class=\"tribe-events-schedule__time tribe-events-schedule__time--end\">\n\t\t\t\t\t23:45\t\t\t\t<\/span>\n\t\t\t\n\t\t\t\t\t\t<\/p>\n<\/div>\n\n\n<div  class=\"tribe-block tribe-block__event-price\" >\n\t\t\t<span class=\"tribe-block__event-price__cost\"> 12\u20ac <\/span>\n\t\t\t\t<span class=\"tribe-block__event-price__description\">+ gg Anticipada | 15\u20ac Taquilla<\/span>\n\t<\/div>\n\n\n\n<div style=\"height:100px\" aria-hidden=\"true\" class=\"wp-block-spacer\"><\/div>\n\n\n\n<div class=\"wp-block-columns is-layout-flex wp-container-core-columns-is-layout-8f761849 wp-block-columns-is-layout-flex\">\n<div class=\"wp-block-column is-layout-flow wp-block-column-is-layout-flow\" style=\"flex-basis:33.33%\">\n<figure class=\"wp-block-image size-full\"><img loading=\"lazy\" decoding=\"async\" width=\"297\" height=\"420\" src=\"https:\/\/cafelapalma.com\/wp-content\/uploads\/2024\/01\/TIGRE-DIAMANTE-A3-LOW.jpg\" alt=\"\" class=\"wp-image-28173\" srcset=\"https:\/\/cafelapalma.com\/wp-content\/uploads\/2024\/01\/TIGRE-DIAMANTE-A3-LOW.jpg 297w, https:\/\/cafelapalma.com\/wp-content\/uploads\/2024\/01\/TIGRE-DIAMANTE-A3-LOW-212x300.jpg 212w, https:\/\/cafelapalma.com\/wp-content\/uploads\/2024\/01\/TIGRE-DIAMANTE-A3-LOW-42x60.jpg 42w\" sizes=\"auto, (max-width: 297px) 100vw, 297px\" \/><\/figure>\n\n\n<div  class=\"tribe-block tribe-block__event-website\" >\n\t<a\n\t\thref=\"https:\/\/link.dice.fm\/eecbf8734fda\"\n\t\ttarget=\"_self\"\n\t\t\t>\n\t\tBUY TICKETS\t<\/a>\n<\/div>\n<\/div>\n\n\n\n<div class=\"wp-block-column is-layout-flow wp-block-column-is-layout-flow\" style=\"flex-basis:66.66%\">\n<p class=\"wp-block-paragraph\"><\/p>\n\n\n\n<p class=\"has-text-align-left wp-block-paragraph\"><strong>TIGRE Y DIAMANTE<\/strong> es un quinteto espa\u00f1ol que viene publicando m\u00fasica ininterrumpidamente desde 2017. Despu\u00e9s de publicar sus dos primeros \u00e1lbumes de estudio, <strong><em>\u00abBuena gente\u00bb<\/em><\/strong>\u00a0y <strong><em>\u00abQu\u00e9 asco m\u00e1s rico\u00bb<\/em><\/strong>, la banda se encuentra girando con su tercer disco, <strong><em>\u00abActitud ganadora\u00bb<\/em><\/strong>, publicado en octubre de 2023.<\/p>\n\n\n\n<p class=\"has-text-align-right wp-block-paragraph\"><a href=\"https:\/\/open.spotify.com\/intl-es\/artist\/3r32x2k0DngV8Ef8AELQzf?si=NUFHtk2tRQyiwt423kOmNA\">Listen to <strong>TIGRE Y DIAMANTE<\/strong><\/a><\/p>\n\n\n\n<p class=\"has-text-align-left wp-block-paragraph\"><strong>Kiko Evia<\/strong>\u00a0es\u00a0<strong><strong>GITANO DE PALO<\/strong><\/strong>. Un gallego con la mente en <strong>Lavapi\u00e9s <\/strong>el alma en <strong>Jerez<\/strong>, y que ha recorrido medio mundo en busca de ese flamenco que har\u00eda <strong>Thom Yorke<\/strong>. <em><strong>\u00abPrincesa Gitana\u00bb<\/strong><\/em>\u00a0es la primera de sus musas,<strong>\u00a0Sergio Pueyo<\/strong>\u00a0su mentor y\u00a0<strong>Gorka Molero<\/strong>\u00a0el que ha armado el puzzle.\u00a0<\/p>\n\n\n\n<p class=\"has-text-align-right wp-block-paragraph\"><a href=\"https:\/\/open.spotify.com\/intl-es\/artist\/4rO0P2RVElJ04AbXxSgViI?si=pph2DdecSl-hrjeyTqCGMw\">Listen to <strong>GITANO DE PALO<\/strong><\/a><\/p>\n\n\n\n<p class=\"has-text-align-center wp-block-paragraph\">Este 2024 se celebran diez ediciones de&nbsp;<strong><em>SOUND ISIDRO VIBRA MAHOU<\/em><\/strong>. Diez a\u00f1os desde que en 2014 arranc\u00f3 la iniciativa de volver a poner en valor el placer de disfrutar la m\u00fasica en directo&nbsp;en las salas de peque\u00f1o y mediano aforo de <strong>Madrid <\/strong>y descubrir hoy a esos grupos que llenar\u00e1n&nbsp;y grandes espacios ma\u00f1ana. <em>Siempre fans de ser fans.<\/em><\/p>\n<\/div>\n<\/div>\n\n\n\n<div style=\"height:100px\" aria-hidden=\"true\" class=\"wp-block-spacer\"><\/div>\n\n\n\n<hr class=\"wp-block-separator has-alpha-channel-opacity\"\/>\n\n\n\n<div style=\"height:100px\" aria-hidden=\"true\" class=\"wp-block-spacer\"><\/div>\n\n\n<h2 class=\"tribe-block__related-events__title\">Related Events<\/h2>\n\n<ul  class=\"tribe-related-events tribe-clearfix\" >\n\t\t\t<li>\n\t\n<div class=\"tribe-related-events-thumbnail\">\n\t<a href=\"https:\/\/cafelapalma.com\/en\/programacion\/funkin-donuts\/\" class=\"url\" rel=\"bookmark\" tabindex=\"-1\" aria-hidden=\"true\"><img loading=\"lazy\" decoding=\"async\" width=\"693\" height=\"1040\" src=\"https:\/\/cafelapalma.com\/wp-content\/uploads\/2026\/07\/FD-vert2-bn-693x1040.jpg\" class=\"attachment-large size-large wp-post-image\" alt=\"\" \/><\/a>\n<\/div>\n\t<div class=\"tribe-related-event-info\">\n\t<h3 class=\"tribe-related-events-title\">\n\t\t<a href=\"https:\/\/cafelapalma.com\/en\/programacion\/funkin-donuts\/\" class=\"tribe-event-url\" rel=\"bookmark\">\n\t\t\tFUNKIN&#8217; DONUTS\t\t<\/a>\n\t<\/h3>\n\t<span class=\"tribe-event-date-start\">5  September@22:00<\/span><span class=\"tribe-event-time\">23:45<\/span><\/div>\n<\/li>\n\t\t\t<li>\n\t\n<div class=\"tribe-related-events-thumbnail\">\n\t<a href=\"https:\/\/cafelapalma.com\/en\/programacion\/backstage-le-petit-truffle-mayo\/\" class=\"url\" rel=\"bookmark\" tabindex=\"-1\" aria-hidden=\"true\"><img loading=\"lazy\" decoding=\"async\" width=\"780\" height=\"1040\" src=\"https:\/\/cafelapalma.com\/wp-content\/uploads\/2026\/07\/Imagen-TruffleMayo-LePetit-i-1-780x1040.png\" class=\"attachment-large size-large wp-post-image\" alt=\"\" \/><\/a>\n<\/div>\n\t<div class=\"tribe-related-event-info\">\n\t<h3 class=\"tribe-related-events-title\">\n\t\t<a href=\"https:\/\/cafelapalma.com\/en\/programacion\/backstage-le-petit-truffle-mayo\/\" class=\"tribe-event-url\" rel=\"bookmark\">\n\t\t\tBACKSTAGE: LE PETIT + TRUFFLE MAYO\t\t<\/a>\n\t<\/h3>\n\t<span class=\"tribe-event-date-start\">5  September@23:55<\/span><\/div>\n<\/li>\n\t\t\t<li>\n\t\n<div class=\"tribe-related-events-thumbnail\">\n\t<a href=\"https:\/\/cafelapalma.com\/en\/programacion\/willie-deville-concierto-benefico-x-venezuela\/\" class=\"url\" rel=\"bookmark\" tabindex=\"-1\" aria-hidden=\"true\"><img loading=\"lazy\" decoding=\"async\" width=\"1020\" height=\"531\" src=\"https:\/\/cafelapalma.com\/wp-content\/uploads\/2026\/08\/Willie-deville-1100x572-1-1040x541.jpg\" class=\"attachment-large size-large wp-post-image\" alt=\"\" \/><\/a>\n<\/div>\n\t<div class=\"tribe-related-event-info\">\n\t<h3 class=\"tribe-related-events-title\">\n\t\t<a href=\"https:\/\/cafelapalma.com\/en\/programacion\/willie-deville-concierto-benefico-x-venezuela\/\" class=\"tribe-event-url\" rel=\"bookmark\">\n\t\t\tWILLIE DEVILLE: CONCIERTO BEN\u00c9FICO X VENEZUELA\t\t<\/a>\n\t<\/h3>\n\t<span class=\"tribe-event-date-start\">6  September@21:00<\/span><span class=\"tribe-event-time\">23:45<\/span><\/div>\n<\/li>\n\t<\/ul>","protected":false},"excerpt":{"rendered":"<p>TIGRE Y DIAMANTE es un quinteto espa\u00f1ol que viene publicando m\u00fasica ininterrumpidamente desde 2017. Despu\u00e9s de publicar sus dos primeros \u00e1lbumes de estudio, \u00abBuena gente\u00bb\u00a0y \u00abQu\u00e9 asco m\u00e1s rico\u00bb, la banda se encuentra girando con su tercer disco, \u00abActitud ganadora\u00bb, publicado en octubre de 2023. Escucha a TIGRE Y DIAMANTE Kiko Evia\u00a0es\u00a0GITANO DE PALO. Un &hellip; <\/p>","protected":false},"author":2,"featured_media":27966,"template":"","meta":{"_tec_requires_first_save":false,"_uag_custom_page_level_css":"","loftloader_page_shortcode":"","_EventAllDay":false,"_EventTimezone":"Europe\/Madrid","_EventStartDate":"2024-05-30 21:30:00","_EventEndDate":"2024-05-30 23:45:00","_EventStartDateUTC":"2024-05-30 19:30:00","_EventEndDateUTC":"2024-05-30 21:45:00","_EventShowMap":false,"_EventShowMapLink":false,"_EventURL":"https:\/\/link.dice.fm\/eecbf8734fda","_EventCost":"12","_EventCostDescription":"","_EventCurrencySymbol":"\u20ac","_EventCurrencyCode":"USD","_EventCurrencyPosition":"suffix","_EventDateTimeSeparator":"@","_EventTimeRangeSeparator":"-","_EventOrganizerID":[],"_EventVenueID":[],"_OrganizerEmail":"","_OrganizerPhone":"","_OrganizerWebsite":"","_VenueAddress":"","_VenueCity":"","_VenueCountry":"","_VenueProvince":"","_VenueState":"","_VenueZip":"","_VenuePhone":"","_VenueURL":"","_VenueStateProvince":"","_VenueLat":"","_VenueLng":"","_VenueShowMap":false,"_VenueShowMapLink":false,"_tribe_blocks_recurrence_rules":"","_tribe_blocks_recurrence_description":"","_tribe_blocks_recurrence_exclusions":"","_ecp_custom_2":"","_tribe_events_status":"","_tribe_events_status_reason":"","_tribe_events_is_hybrid":"","_tribe_events_is_virtual":"","_tribe_events_virtual_video_source":"","_tribe_events_virtual_embed_video":"","_tribe_events_virtual_linked_button_text":"","_tribe_events_virtual_linked_button":"","_tribe_events_virtual_show_embed_at":"","_tribe_events_virtual_show_embed_to":[],"_tribe_events_virtual_show_on_event":"","_tribe_events_virtual_show_on_views":"","_tribe_events_virtual_url":"","footnotes":""},"tags":[15215,11175,15213,1363,2865,9147,9146,11174,9455,15212,15220,9150,11172,10280,15216,11173,15214,1354,15219,14725,15217,15211],"tribe_events_cat":[8963],"class_list":["post-28171","tribe_events","type-tribe_events","status-publish","has-post-thumbnail","hentry","tag-actitud-ganadora","tag-alan-queipo","tag-buena-gente","tag-cafe-la-palma","tag-conciertos-cafe-la-palma","tag-conciertos-madrid","tag-conciertos-malasana","tag-fanny-gornes","tag-flamenco","tag-gitano-de-palo","tag-gorka-molero","tag-industrias-bala","tag-javi-ferrara","tag-juan-santaner","tag-kiko-evia","tag-parquesvr","tag-que-asco-mas-rico","tag-rock","tag-sergio-pueyo","tag-sound-isidro-vibra-mahou-2024","tag-thom-yorke","tag-tigre-y-diamante","tribe_events_cat-concierto","cat_concierto"],"uagb_featured_image_src":{"full":["https:\/\/cafelapalma.com\/wp-content\/uploads\/2024\/01\/sound-isidro-2024-green.jpg",1080,1080,false],"thumbnail":["https:\/\/cafelapalma.com\/wp-content\/uploads\/2024\/01\/sound-isidro-2024-green-150x150.jpg",150,150,true],"medium":["https:\/\/cafelapalma.com\/wp-content\/uploads\/2024\/01\/sound-isidro-2024-green-300x300.jpg",300,300,true],"medium_large":["https:\/\/cafelapalma.com\/wp-content\/uploads\/2024\/01\/sound-isidro-2024-green-768x768.jpg",768,768,true],"large":["https:\/\/cafelapalma.com\/wp-content\/uploads\/2024\/01\/sound-isidro-2024-green-1040x1040.jpg",1020,1020,true],"1536x1536":["https:\/\/cafelapalma.com\/wp-content\/uploads\/2024\/01\/sound-isidro-2024-green.jpg",1080,1080,false],"2048x2048":["https:\/\/cafelapalma.com\/wp-content\/uploads\/2024\/01\/sound-isidro-2024-green.jpg",1080,1080,false],"trp-custom-language-flag":["https:\/\/cafelapalma.com\/wp-content\/uploads\/2024\/01\/sound-isidro-2024-green.jpg",12,12,false],"blossom-feminine-slider":["https:\/\/cafelapalma.com\/wp-content\/uploads\/2024\/01\/sound-isidro-2024-green-1080x649.jpg",1080,649,true],"blossom-feminine-featured":["https:\/\/cafelapalma.com\/wp-content\/uploads\/2024\/01\/sound-isidro-2024-green-1080x600.jpg",1080,600,true],"blossom-feminine-with-sidebar":["https:\/\/cafelapalma.com\/wp-content\/uploads\/2024\/01\/sound-isidro-2024-green-1020x600.jpg",1020,600,true],"blossom-feminine-blog":["https:\/\/cafelapalma.com\/wp-content\/uploads\/2024\/01\/sound-isidro-2024-green-435x435.jpg",435,435,true],"blossom-feminine-cat":["https:\/\/cafelapalma.com\/wp-content\/uploads\/2024\/01\/sound-isidro-2024-green-450x300.jpg",450,300,true],"blossom-feminine-related":["https:\/\/cafelapalma.com\/wp-content\/uploads\/2024\/01\/sound-isidro-2024-green-320x200.jpg",320,200,true],"blossom-feminine-schema":["https:\/\/cafelapalma.com\/wp-content\/uploads\/2024\/01\/sound-isidro-2024-green-60x60.jpg",60,60,true]},"uagb_author_info":{"display_name":"Victor","author_link":"https:\/\/cafelapalma.com\/en\/author\/comunicacion\/"},"uagb_comment_info":0,"uagb_excerpt":"TIGRE Y DIAMANTE es un quinteto espa\u00f1ol que viene publicando m\u00fasica ininterrumpidamente desde 2017. Despu\u00e9s de publicar sus dos primeros \u00e1lbumes de estudio, \u00abBuena gente\u00bb\u00a0y \u00abQu\u00e9 asco m\u00e1s rico\u00bb, la banda se encuentra girando con su tercer disco, \u00abActitud ganadora\u00bb, publicado en octubre de 2023. Escucha a TIGRE Y DIAMANTE Kiko Evia\u00a0es\u00a0GITANO DE PALO. Un&hellip;","_links":{"self":[{"href":"https:\/\/cafelapalma.com\/en\/wp-json\/wp\/v2\/tribe_events\/28171","targetHints":{"allow":["GET"]}}],"collection":[{"href":"https:\/\/cafelapalma.com\/en\/wp-json\/wp\/v2\/tribe_events"}],"about":[{"href":"https:\/\/cafelapalma.com\/en\/wp-json\/wp\/v2\/types\/tribe_events"}],"author":[{"embeddable":true,"href":"https:\/\/cafelapalma.com\/en\/wp-json\/wp\/v2\/users\/2"}],"version-history":[{"count":0,"href":"https:\/\/cafelapalma.com\/en\/wp-json\/wp\/v2\/tribe_events\/28171\/revisions"}],"wp:featuredmedia":[{"embeddable":true,"href":"https:\/\/cafelapalma.com\/en\/wp-json\/wp\/v2\/media\/27966"}],"wp:attachment":[{"href":"https:\/\/cafelapalma.com\/en\/wp-json\/wp\/v2\/media?parent=28171"}],"wp:term":[{"taxonomy":"post_tag","embeddable":true,"href":"https:\/\/cafelapalma.com\/en\/wp-json\/wp\/v2\/tags?post=28171"},{"taxonomy":"tribe_events_cat","embeddable":true,"href":"https:\/\/cafelapalma.com\/en\/wp-json\/wp\/v2\/tribe_events_cat?post=28171"}],"curies":[{"name":"wp","href":"https:\/\/api.w.org\/{rel}","templated":true}]}}