{"id":28186,"date":"2024-02-01T13:30:36","date_gmt":"2024-02-01T12:30:36","guid":{"rendered":"https:\/\/cafelapalma.com\/?post_type=tribe_events&#038;p=28186"},"modified":"2024-03-21T12:53:30","modified_gmt":"2024-03-21T11:53:30","slug":"el-ritual","status":"publish","type":"tribe_events","link":"https:\/\/cafelapalma.com\/en\/programacion\/el-ritual\/","title":{"rendered":"EL RITUAL"},"content":{"rendered":"<div  class=\"tribe-events-schedule tribe-clearfix\" >\n\t<p class=\"tribe-events-schedule__datetime\">\n\t\t<span class=\"tribe-events-schedule__date tribe-events-schedule__date--start\">\n\t\t\t28  March  2024\t\t<\/span>\n\n\t\t\t\t\t<span class=\"tribe-events-schedule__separator tribe-events-schedule__separator--date\">\n\t\t\t\t@\t\t\t<\/span>\n\t\t\t<span class=\"tribe-events-schedule__time tribe-events-schedule__time--start\">\n\t\t\t\t21:00\t\t\t<\/span>\n\t\t\n\t\t\t\t\t\t\t\t\t<span class=\"tribe-events-schedule__separator tribe-events-schedule__separator--time\">\n\t\t\t\t\t&#8211;\t\t\t\t<\/span>\n\t\t\t\n\t\t\t\t\t\t\t<span class=\"tribe-events-schedule__time tribe-events-schedule__time--end\">\n\t\t\t\t\t23:45\t\t\t\t<\/span>\n\t\t\t\n\t\t\t\t\t\t<\/p>\n<\/div>\n\n\n<div  class=\"tribe-block tribe-block__event-price\" >\n\t\t\t<span class=\"tribe-block__event-price__cost\"> 7\u20ac <\/span>\n\t\t\t\t<span class=\"tribe-block__event-price__description\">+ gg Anticipada | 10\u20ac Taquilla [ Incluye DOBLE DE CERVEZA DE BARRIL o REFRESCO ]<\/span>\n\t<\/div>\n\n\n\n<div style=\"height:100px\" aria-hidden=\"true\" class=\"wp-block-spacer\"><\/div>\n\n\n\n<div class=\"wp-block-columns is-layout-flex wp-container-core-columns-is-layout-8f761849 wp-block-columns-is-layout-flex\">\n<div class=\"wp-block-column is-layout-flow wp-block-column-is-layout-flow\" style=\"flex-basis:33.33%\">\n<figure class=\"wp-block-image size-large\"><img loading=\"lazy\" decoding=\"async\" width=\"736\" height=\"1040\" src=\"https:\/\/cafelapalma.com\/wp-content\/uploads\/2024\/03\/RITUAL-A3-LOWDEF-736x1040.jpg\" alt=\"\" class=\"wp-image-28527\" srcset=\"https:\/\/cafelapalma.com\/wp-content\/uploads\/2024\/03\/RITUAL-A3-LOWDEF-736x1040.jpg 736w, https:\/\/cafelapalma.com\/wp-content\/uploads\/2024\/03\/RITUAL-A3-LOWDEF-212x300.jpg 212w, https:\/\/cafelapalma.com\/wp-content\/uploads\/2024\/03\/RITUAL-A3-LOWDEF-768x1086.jpg 768w, https:\/\/cafelapalma.com\/wp-content\/uploads\/2024\/03\/RITUAL-A3-LOWDEF-1086x1536.jpg 1086w, https:\/\/cafelapalma.com\/wp-content\/uploads\/2024\/03\/RITUAL-A3-LOWDEF-1448x2048.jpg 1448w, https:\/\/cafelapalma.com\/wp-content\/uploads\/2024\/03\/RITUAL-A3-LOWDEF-42x60.jpg 42w\" sizes=\"auto, (max-width: 736px) 100vw, 736px\" \/><\/figure>\n\n\n<div  class=\"tribe-block tribe-block__event-website\" >\n\t<a\n\t\thref=\"https:\/\/www.passline.com\/eventos\/el-ritual-242448\"\n\t\ttarget=\"_self\"\n\t\t\t>\n\t\tCOMPRAR ENTRADAS\t<\/a>\n<\/div>\n<\/div>\n\n\n\n<div class=\"wp-block-column is-layout-flow wp-block-column-is-layout-flow\" style=\"flex-basis:66.66%\">\n<p class=\"wp-block-paragraph\"><\/p>\n\n\n\n<p class=\"has-text-align-left wp-block-paragraph\"><strong>EL RITUAL<\/strong>\u00a0es un concierto para el cual se han juntado artistas emergentes de la escena urbana procedentes de diversas partes de <strong>Espa\u00f1a<\/strong>. En esta ocasi\u00f3n se re\u00fanen por Semana Santa en <strong>Madrid <\/strong>para mostrar su pasi\u00f3n por el arte, con un sonido que mezcla principalmente el trap y la electr\u00f3nica, aunque cada uno de ellos explora otros estilos musicales,\u00a0creando as\u00ed una propuesta musical muy diversa.<\/p>\n\n\n\n<p class=\"has-text-align-left wp-block-paragraph\">Primeramente, tenemos a <strong>Drastar <\/strong>que destaca por un sonido m\u00e1s ambiental y experimental con referencias del cloud rap como <strong>Yung Lean<\/strong> o <strong>Bladee<\/strong>. Seguido \u00a0<strong>Bakuj0a<\/strong>, que sorprende con un estilo alternativo con m\u00fasica que da lugar a todo tipo de emociones, desde la tristeza a la m\u00e1s pura euforia.<\/p>\n\n\n\n<p class=\"has-text-align-left wp-block-paragraph\">Tras ellos, nos encontramos con <strong>Zax,&nbsp;<\/strong>que siendo tambi\u00e9n DJ logra sumergirse por completo en un sonido m\u00e1s electr\u00f3nico, logrando adem\u00e1s, al igual que el otro artista del evento&nbsp;<strong>Lil Sushii,&nbsp;<\/strong>fusionarlo con perreo y ofrecer una propuesta muy en\u00e9rgica.<\/p>\n\n\n\n<p class=\"has-text-align-left wp-block-paragraph\">Finalmente, contamos con <strong>Sori<\/strong>, la voz femenina del grupo que incorpora estilos como el funk o el plugg\u00a0con una expresi\u00f3n mel\u00f3dica excepcional.<\/p>\n\n\n\n<p class=\"has-text-align-left wp-block-paragraph\">De manera adicional se cuenta con el warem-up de <strong>Kid Gummy<\/strong> en el inicio del evento que incorporar\u00e1 g\u00e9neros como el jersey club, scenecore, trap o funk.<\/p>\n<\/div>\n<\/div>\n\n\n\n<div style=\"height:100px\" aria-hidden=\"true\" class=\"wp-block-spacer\"><\/div>\n\n\n\n<hr class=\"wp-block-separator has-alpha-channel-opacity\"\/>\n\n\n\n<div style=\"height:100px\" aria-hidden=\"true\" class=\"wp-block-spacer\"><\/div>\n\n\n<h2 class=\"tribe-block__related-events__title\">Related Events<\/h2>\n\n<ul  class=\"tribe-related-events tribe-clearfix\" >\n\t\t\t<li>\n\t\n<div class=\"tribe-related-events-thumbnail\">\n\t<a href=\"https:\/\/cafelapalma.com\/en\/programacion\/funkin-donuts\/\" class=\"url\" rel=\"bookmark\" tabindex=\"-1\" aria-hidden=\"true\"><img loading=\"lazy\" decoding=\"async\" width=\"693\" height=\"1040\" src=\"https:\/\/cafelapalma.com\/wp-content\/uploads\/2026\/07\/FD-vert2-bn-693x1040.jpg\" class=\"attachment-large size-large wp-post-image\" alt=\"\" \/><\/a>\n<\/div>\n\t<div class=\"tribe-related-event-info\">\n\t<h3 class=\"tribe-related-events-title\">\n\t\t<a href=\"https:\/\/cafelapalma.com\/en\/programacion\/funkin-donuts\/\" class=\"tribe-event-url\" rel=\"bookmark\">\n\t\t\tFUNKIN&#8217; DONUTS\t\t<\/a>\n\t<\/h3>\n\t<span class=\"tribe-event-date-start\">5  September@22:00<\/span><span class=\"tribe-event-time\">23:45<\/span><\/div>\n<\/li>\n\t\t\t<li>\n\t\n<div class=\"tribe-related-events-thumbnail\">\n\t<a href=\"https:\/\/cafelapalma.com\/en\/programacion\/backstage-le-petit-truffle-mayo\/\" class=\"url\" rel=\"bookmark\" tabindex=\"-1\" aria-hidden=\"true\"><img loading=\"lazy\" decoding=\"async\" width=\"780\" height=\"1040\" src=\"https:\/\/cafelapalma.com\/wp-content\/uploads\/2026\/07\/Imagen-TruffleMayo-LePetit-i-1-780x1040.png\" class=\"attachment-large size-large wp-post-image\" alt=\"\" \/><\/a>\n<\/div>\n\t<div class=\"tribe-related-event-info\">\n\t<h3 class=\"tribe-related-events-title\">\n\t\t<a href=\"https:\/\/cafelapalma.com\/en\/programacion\/backstage-le-petit-truffle-mayo\/\" class=\"tribe-event-url\" rel=\"bookmark\">\n\t\t\tBACKSTAGE: LE PETIT + TRUFFLE MAYO\t\t<\/a>\n\t<\/h3>\n\t<span class=\"tribe-event-date-start\">5  September@23:55<\/span><\/div>\n<\/li>\n\t\t\t<li>\n\t\n<div class=\"tribe-related-events-thumbnail\">\n\t<a href=\"https:\/\/cafelapalma.com\/en\/programacion\/willie-deville-concierto-benefico-x-venezuela\/\" class=\"url\" rel=\"bookmark\" tabindex=\"-1\" aria-hidden=\"true\"><img loading=\"lazy\" decoding=\"async\" width=\"1020\" height=\"531\" src=\"https:\/\/cafelapalma.com\/wp-content\/uploads\/2026\/08\/Willie-deville-1100x572-1-1040x541.jpg\" class=\"attachment-large size-large wp-post-image\" alt=\"\" \/><\/a>\n<\/div>\n\t<div class=\"tribe-related-event-info\">\n\t<h3 class=\"tribe-related-events-title\">\n\t\t<a href=\"https:\/\/cafelapalma.com\/en\/programacion\/willie-deville-concierto-benefico-x-venezuela\/\" class=\"tribe-event-url\" rel=\"bookmark\">\n\t\t\tWILLIE DEVILLE: CONCIERTO BEN\u00c9FICO X VENEZUELA\t\t<\/a>\n\t<\/h3>\n\t<span class=\"tribe-event-date-start\">6  September@21:00<\/span><span class=\"tribe-event-time\">23:45<\/span><\/div>\n<\/li>\n\t<\/ul>\n","protected":false},"excerpt":{"rendered":"<p>EL RITUAL\u00a0es un concierto para el cual se han juntado artistas emergentes de la escena urbana procedentes de diversas partes de Espa\u00f1a. En esta ocasi\u00f3n se re\u00fanen por Semana Santa en Madrid para mostrar su pasi\u00f3n por el arte, con un sonido que mezcla principalmente el trap y la electr\u00f3nica, aunque cada uno de ellos &hellip; <\/p>","protected":false},"author":2,"featured_media":28528,"template":"","meta":{"_tec_requires_first_save":false,"_uag_custom_page_level_css":"","loftloader_page_shortcode":"","_EventAllDay":false,"_EventTimezone":"Europe\/Madrid","_EventStartDate":"2024-03-28 21:00:00","_EventEndDate":"2024-03-28 23:45:00","_EventStartDateUTC":"2024-03-28 20:00:00","_EventEndDateUTC":"2024-03-28 22:45:00","_EventShowMap":false,"_EventShowMapLink":false,"_EventURL":"https:\/\/www.passline.com\/eventos\/el-ritual-242448","_EventCost":"7","_EventCostDescription":"","_EventCurrencySymbol":"\u20ac","_EventCurrencyCode":"USD","_EventCurrencyPosition":"suffix","_EventDateTimeSeparator":"@","_EventTimeRangeSeparator":"-","_EventOrganizerID":[],"_EventVenueID":[],"_OrganizerEmail":"","_OrganizerPhone":"","_OrganizerWebsite":"","_VenueAddress":"","_VenueCity":"","_VenueCountry":"","_VenueProvince":"","_VenueState":"","_VenueZip":"","_VenuePhone":"","_VenueURL":"","_VenueStateProvince":"","_VenueLat":"","_VenueLng":"","_VenueShowMap":false,"_VenueShowMapLink":false,"_tribe_blocks_recurrence_rules":"","_tribe_blocks_recurrence_description":"","_tribe_blocks_recurrence_exclusions":"","_ecp_custom_2":"","_tribe_events_status":"","_tribe_events_status_reason":"","_tribe_events_is_hybrid":"","_tribe_events_is_virtual":"","_tribe_events_virtual_video_source":"","_tribe_events_virtual_embed_video":"","_tribe_events_virtual_linked_button_text":"","_tribe_events_virtual_linked_button":"","_tribe_events_virtual_show_embed_at":"","_tribe_events_virtual_show_embed_to":[],"_tribe_events_virtual_show_on_event":"","_tribe_events_virtual_show_on_views":"","_tribe_events_virtual_url":"","footnotes":""},"tags":[14108,1363,8869,15225,2865,9147,9146,15224,12614,15223,1357,9746,15228,15226,10995,15227,2397,14111],"tribe_events_cat":[8963],"class_list":["post-28186","tribe_events","type-tribe_events","status-publish","has-post-thumbnail","hentry","tag-bakuj0a","tag-cafe-la-palma","tag-cafe-la-palma-2","tag-cloud-rap","tag-conciertos-cafe-la-palma","tag-conciertos-madrid","tag-conciertos-malasana","tag-drastar","tag-drill","tag-el-ritual","tag-electronica","tag-hyperpop","tag-kid-gummy","tag-lil-sushii","tag-perreo","tag-sori","tag-trap","tag-zax","tribe_events_cat-concierto","cat_concierto"],"uagb_featured_image_src":{"full":["https:\/\/cafelapalma.com\/wp-content\/uploads\/2024\/02\/RITUAL-FRONTDEF_.jpg",1045,1542,false],"thumbnail":["https:\/\/cafelapalma.com\/wp-content\/uploads\/2024\/02\/RITUAL-FRONTDEF_-150x150.jpg",150,150,true],"medium":["https:\/\/cafelapalma.com\/wp-content\/uploads\/2024\/02\/RITUAL-FRONTDEF_-203x300.jpg",203,300,true],"medium_large":["https:\/\/cafelapalma.com\/wp-content\/uploads\/2024\/02\/RITUAL-FRONTDEF_-768x1133.jpg",768,1133,true],"large":["https:\/\/cafelapalma.com\/wp-content\/uploads\/2024\/02\/RITUAL-FRONTDEF_-705x1040.jpg",705,1040,true],"1536x1536":["https:\/\/cafelapalma.com\/wp-content\/uploads\/2024\/02\/RITUAL-FRONTDEF_-1041x1536.jpg",1041,1536,true],"2048x2048":["https:\/\/cafelapalma.com\/wp-content\/uploads\/2024\/02\/RITUAL-FRONTDEF_.jpg",1045,1542,false],"trp-custom-language-flag":["https:\/\/cafelapalma.com\/wp-content\/uploads\/2024\/02\/RITUAL-FRONTDEF_.jpg",8,12,false],"blossom-feminine-slider":["https:\/\/cafelapalma.com\/wp-content\/uploads\/2024\/02\/RITUAL-FRONTDEF_-1045x649.jpg",1045,649,true],"blossom-feminine-featured":["https:\/\/cafelapalma.com\/wp-content\/uploads\/2024\/02\/RITUAL-FRONTDEF_-1045x600.jpg",1045,600,true],"blossom-feminine-with-sidebar":["https:\/\/cafelapalma.com\/wp-content\/uploads\/2024\/02\/RITUAL-FRONTDEF_-1020x600.jpg",1020,600,true],"blossom-feminine-blog":["https:\/\/cafelapalma.com\/wp-content\/uploads\/2024\/02\/RITUAL-FRONTDEF_-435x435.jpg",435,435,true],"blossom-feminine-cat":["https:\/\/cafelapalma.com\/wp-content\/uploads\/2024\/02\/RITUAL-FRONTDEF_-450x300.jpg",450,300,true],"blossom-feminine-related":["https:\/\/cafelapalma.com\/wp-content\/uploads\/2024\/02\/RITUAL-FRONTDEF_-320x200.jpg",320,200,true],"blossom-feminine-schema":["https:\/\/cafelapalma.com\/wp-content\/uploads\/2024\/02\/RITUAL-FRONTDEF_-41x60.jpg",41,60,true]},"uagb_author_info":{"display_name":"Victor","author_link":"https:\/\/cafelapalma.com\/en\/author\/comunicacion\/"},"uagb_comment_info":0,"uagb_excerpt":"EL RITUAL\u00a0es un concierto para el cual se han juntado artistas emergentes de la escena urbana procedentes de diversas partes de Espa\u00f1a. En esta ocasi\u00f3n se re\u00fanen por Semana Santa en Madrid para mostrar su pasi\u00f3n por el arte, con un sonido que mezcla principalmente el trap y la electr\u00f3nica, aunque cada uno de ellos&hellip;","_links":{"self":[{"href":"https:\/\/cafelapalma.com\/en\/wp-json\/wp\/v2\/tribe_events\/28186","targetHints":{"allow":["GET"]}}],"collection":[{"href":"https:\/\/cafelapalma.com\/en\/wp-json\/wp\/v2\/tribe_events"}],"about":[{"href":"https:\/\/cafelapalma.com\/en\/wp-json\/wp\/v2\/types\/tribe_events"}],"author":[{"embeddable":true,"href":"https:\/\/cafelapalma.com\/en\/wp-json\/wp\/v2\/users\/2"}],"version-history":[{"count":0,"href":"https:\/\/cafelapalma.com\/en\/wp-json\/wp\/v2\/tribe_events\/28186\/revisions"}],"wp:featuredmedia":[{"embeddable":true,"href":"https:\/\/cafelapalma.com\/en\/wp-json\/wp\/v2\/media\/28528"}],"wp:attachment":[{"href":"https:\/\/cafelapalma.com\/en\/wp-json\/wp\/v2\/media?parent=28186"}],"wp:term":[{"taxonomy":"post_tag","embeddable":true,"href":"https:\/\/cafelapalma.com\/en\/wp-json\/wp\/v2\/tags?post=28186"},{"taxonomy":"tribe_events_cat","embeddable":true,"href":"https:\/\/cafelapalma.com\/en\/wp-json\/wp\/v2\/tribe_events_cat?post=28186"}],"curies":[{"name":"wp","href":"https:\/\/api.w.org\/{rel}","templated":true}]}}