{"id":28213,"date":"2024-02-06T18:15:28","date_gmt":"2024-02-06T17:15:28","guid":{"rendered":"https:\/\/cafelapalma.com\/?post_type=tribe_events&#038;p=28213"},"modified":"2024-03-14T11:35:44","modified_gmt":"2024-03-14T10:35:44","slug":"mujeres-en-vivo-2024-rivers-suns-fire-affair","status":"publish","type":"tribe_events","link":"https:\/\/cafelapalma.com\/en\/programacion\/mujeres-en-vivo-2024-rivers-suns-fire-affair\/","title":{"rendered":"RIVERS &#038; SUNS + FIRE AFFAIR"},"content":{"rendered":"<div  class=\"tribe-events-schedule tribe-clearfix\" >\n\t<p class=\"tribe-events-schedule__datetime\">\n\t\t<span class=\"tribe-events-schedule__date tribe-events-schedule__date--start\">\n\t\t\t13  March  2024\t\t<\/span>\n\n\t\t\t\t\t<span class=\"tribe-events-schedule__separator tribe-events-schedule__separator--date\">\n\t\t\t\t@\t\t\t<\/span>\n\t\t\t<span class=\"tribe-events-schedule__time tribe-events-schedule__time--start\">\n\t\t\t\t21:00\t\t\t<\/span>\n\t\t\n\t\t\t\t\t\t\t\t\t<span class=\"tribe-events-schedule__separator tribe-events-schedule__separator--time\">\n\t\t\t\t\t&#8211;\t\t\t\t<\/span>\n\t\t\t\n\t\t\t\t\t\t\t<span class=\"tribe-events-schedule__time tribe-events-schedule__time--end\">\n\t\t\t\t\t23:30\t\t\t\t<\/span>\n\t\t\t\n\t\t\t\t\t\t<\/p>\n<\/div>\n\n\n<div  class=\"tribe-block tribe-block__event-price\" >\n\t\t\t<span class=\"tribe-block__event-price__cost\"> 10\u20ac <\/span>\n\t\t\t\t<span class=\"tribe-block__event-price__description\">+ gg Anticipada | 12\u20ac Taquilla<\/span>\n\t<\/div>\n\n\n\n<div style=\"height:100px\" aria-hidden=\"true\" class=\"wp-block-spacer\"><\/div>\n\n\n\n<div class=\"wp-block-columns is-layout-flex wp-container-core-columns-is-layout-8f761849 wp-block-columns-is-layout-flex\">\n<div class=\"wp-block-column is-layout-flow wp-block-column-is-layout-flow\" style=\"flex-basis:33.33%\">\n<figure class=\"wp-block-image size-large\"><img loading=\"lazy\" decoding=\"async\" width=\"585\" height=\"1040\" src=\"https:\/\/cafelapalma.com\/wp-content\/uploads\/2024\/03\/RIVERS-LOW-WEB-585x1040.jpg\" alt=\"\" class=\"wp-image-28478\" srcset=\"https:\/\/cafelapalma.com\/wp-content\/uploads\/2024\/03\/RIVERS-LOW-WEB-585x1040.jpg 585w, https:\/\/cafelapalma.com\/wp-content\/uploads\/2024\/03\/RIVERS-LOW-WEB-169x300.jpg 169w, https:\/\/cafelapalma.com\/wp-content\/uploads\/2024\/03\/RIVERS-LOW-WEB-768x1365.jpg 768w, https:\/\/cafelapalma.com\/wp-content\/uploads\/2024\/03\/RIVERS-LOW-WEB-864x1536.jpg 864w, https:\/\/cafelapalma.com\/wp-content\/uploads\/2024\/03\/RIVERS-LOW-WEB-34x60.jpg 34w, https:\/\/cafelapalma.com\/wp-content\/uploads\/2024\/03\/RIVERS-LOW-WEB.jpg 1080w\" sizes=\"auto, (max-width: 585px) 100vw, 585px\" \/><\/figure>\n\n\n<div  class=\"tribe-block tribe-block__event-website\" >\n\t<a\n\t\thref=\"https:\/\/entradas.musicbus.es\/events\/ciclo-mujeres-en-vivo-rivers-suns-artista-invitada\"\n\t\ttarget=\"_self\"\n\t\t\t>\n\t\tBUY TICKETS\t<\/a>\n<\/div>\n<\/div>\n\n\n\n<div class=\"wp-block-column is-layout-flow wp-block-column-is-layout-flow\" style=\"flex-basis:66.66%\">\n<p class=\"has-text-align-left wp-block-paragraph\"><strong>RIVERS &amp; SUNS<\/strong> nac\u00eda de la mano de la californiana <strong>Jordan Rivers<\/strong> en 2016 con su primer EP <strong>\u00ab<em>Bullets in the Background<\/em>\u00ab<\/strong>. Luego, la cantante decidi\u00f3 rodar por el mundo en busca de una escena distinta a la norteamericana y, junto a su pasi\u00f3n por viajar, la cantante de <strong>Malib\u00fa <\/strong>se enamor\u00f3 de <strong>Barcelona <\/strong>y del m\u00fasico y productor argentino <strong>Tom\u00e1s Aristimu\u00f1o<\/strong>. Juntos decidieron reanudar el proyecto de la artista: <strong>Rivers &amp; Suns, <\/strong>el legado de influencias como <strong>Fleetwood Mac y The Beatles<\/strong>, sumado a novelas y escritos de <strong>Jack Kerouac y Ernest Hemingway<\/strong>.<\/p>\n\n\n\n<p class=\"has-text-align-left wp-block-paragraph\">Un sonido folk rock fresco y melanc\u00f3lico, cargado de riffs de guitarra pegadizos y una voz narrativa, casi po\u00e9tica. La banda se compone de una formaci\u00f3n cl\u00e1sica de rock que remite su sonido a las \u00e9pocas doradas de los 60\u2019 y 70\u2019: bater\u00eda, guitarras ac\u00fasticas y el\u00e9ctricas, bajo, \u00f3rganos Hammond y coros que acompa\u00f1an a la voz magn\u00e9tica de su frontwoman.<\/p>\n\n\n\n<p class=\"has-text-align-left wp-block-paragraph\">\u201c<strong><em>Fork in the Road\u201d <\/em><\/strong>es el nuevo \u00e1lbum de la&nbsp; cantante,&nbsp; ocho canciones que cuentan todo lo sucedido antes de ese momento decisivo que cambi\u00f3 su vida: <strong>Barcelona <\/strong>y una premisa irrevocable de no renunciar a la m\u00fasica.<\/p>\n\n\n\n<p class=\"has-text-align-left wp-block-paragraph\">Abrir\u00e1 la velada <strong>Fire Affair<\/strong>, el proyecto musical de la artista <strong>Briana Capote<\/strong>.<\/p>\n\n\n\n<p class=\"has-text-align-right wp-block-paragraph\"><em>Este concierto forma parte del ciclo<\/em> <strong>MUJERES EN VIVO 2024<\/strong>.<\/p>\n<\/div>\n<\/div>\n\n\n\n<div style=\"height:100px\" aria-hidden=\"true\" class=\"wp-block-spacer\"><\/div>\n\n\n\n<hr class=\"wp-block-separator has-alpha-channel-opacity\"\/>\n\n\n\n<div style=\"height:100px\" aria-hidden=\"true\" class=\"wp-block-spacer\"><\/div>\n\n\n<h2 class=\"tribe-block__related-events__title\">Related Events<\/h2>\n\n<ul  class=\"tribe-related-events tribe-clearfix\" >\n\t\t\t<li>\n\t\n<div class=\"tribe-related-events-thumbnail\">\n\t<a href=\"https:\/\/cafelapalma.com\/en\/programacion\/funkin-donuts\/\" class=\"url\" rel=\"bookmark\" tabindex=\"-1\" aria-hidden=\"true\"><img loading=\"lazy\" decoding=\"async\" width=\"693\" height=\"1040\" src=\"https:\/\/cafelapalma.com\/wp-content\/uploads\/2026\/07\/FD-vert2-bn-693x1040.jpg\" class=\"attachment-large size-large wp-post-image\" alt=\"\" \/><\/a>\n<\/div>\n\t<div class=\"tribe-related-event-info\">\n\t<h3 class=\"tribe-related-events-title\">\n\t\t<a href=\"https:\/\/cafelapalma.com\/en\/programacion\/funkin-donuts\/\" class=\"tribe-event-url\" rel=\"bookmark\">\n\t\t\tFUNKIN&#8217; DONUTS\t\t<\/a>\n\t<\/h3>\n\t<span class=\"tribe-event-date-start\">5  September@22:00<\/span><span class=\"tribe-event-time\">23:45<\/span><\/div>\n<\/li>\n\t\t\t<li>\n\t\n<div class=\"tribe-related-events-thumbnail\">\n\t<a href=\"https:\/\/cafelapalma.com\/en\/programacion\/backstage-le-petit-truffle-mayo\/\" class=\"url\" rel=\"bookmark\" tabindex=\"-1\" aria-hidden=\"true\"><img loading=\"lazy\" decoding=\"async\" width=\"780\" height=\"1040\" src=\"https:\/\/cafelapalma.com\/wp-content\/uploads\/2026\/07\/Imagen-TruffleMayo-LePetit-i-1-780x1040.png\" class=\"attachment-large size-large wp-post-image\" alt=\"\" \/><\/a>\n<\/div>\n\t<div class=\"tribe-related-event-info\">\n\t<h3 class=\"tribe-related-events-title\">\n\t\t<a href=\"https:\/\/cafelapalma.com\/en\/programacion\/backstage-le-petit-truffle-mayo\/\" class=\"tribe-event-url\" rel=\"bookmark\">\n\t\t\tBACKSTAGE: LE PETIT + TRUFFLE MAYO\t\t<\/a>\n\t<\/h3>\n\t<span class=\"tribe-event-date-start\">5  September@23:55<\/span><\/div>\n<\/li>\n\t\t\t<li>\n\t\n<div class=\"tribe-related-events-thumbnail\">\n\t<a href=\"https:\/\/cafelapalma.com\/en\/programacion\/willie-deville-concierto-benefico-x-venezuela\/\" class=\"url\" rel=\"bookmark\" tabindex=\"-1\" aria-hidden=\"true\"><img loading=\"lazy\" decoding=\"async\" width=\"1020\" height=\"531\" src=\"https:\/\/cafelapalma.com\/wp-content\/uploads\/2026\/08\/Willie-deville-1100x572-1-1040x541.jpg\" class=\"attachment-large size-large wp-post-image\" alt=\"\" \/><\/a>\n<\/div>\n\t<div class=\"tribe-related-event-info\">\n\t<h3 class=\"tribe-related-events-title\">\n\t\t<a href=\"https:\/\/cafelapalma.com\/en\/programacion\/willie-deville-concierto-benefico-x-venezuela\/\" class=\"tribe-event-url\" rel=\"bookmark\">\n\t\t\tWILLIE DEVILLE: CONCIERTO BEN\u00c9FICO X VENEZUELA\t\t<\/a>\n\t<\/h3>\n\t<span class=\"tribe-event-date-start\">6  September@21:00<\/span><span class=\"tribe-event-time\">23:45<\/span><\/div>\n<\/li>\n\t<\/ul>","protected":false},"excerpt":{"rendered":"<p>RIVERS &amp; SUNS nac\u00eda de la mano de la californiana Jordan Rivers en 2016 con su primer EP \u00abBullets in the Background\u00ab. Luego, la cantante decidi\u00f3 rodar por el mundo en busca de una escena distinta a la norteamericana y, junto a su pasi\u00f3n por viajar, la cantante de Malib\u00fa se enamor\u00f3 de Barcelona y &hellip; <\/p>","protected":false},"author":2,"featured_media":28215,"template":"","meta":{"_tec_requires_first_save":false,"_uag_custom_page_level_css":"","loftloader_page_shortcode":"","_EventAllDay":false,"_EventTimezone":"Europe\/Madrid","_EventStartDate":"2024-03-13 21:00:00","_EventEndDate":"2024-03-13 23:30:00","_EventStartDateUTC":"2024-03-13 20:00:00","_EventEndDateUTC":"2024-03-13 22:30:00","_EventShowMap":false,"_EventShowMapLink":false,"_EventURL":"https:\/\/entradas.musicbus.es\/events\/ciclo-mujeres-en-vivo-rivers-suns-artista-invitada","_EventCost":"10","_EventCostDescription":"","_EventCurrencySymbol":"\u20ac","_EventCurrencyCode":"USD","_EventCurrencyPosition":"suffix","_EventDateTimeSeparator":"@","_EventTimeRangeSeparator":"-","_EventOrganizerID":[],"_EventVenueID":[],"_OrganizerEmail":"","_OrganizerPhone":"","_OrganizerWebsite":"","_VenueAddress":"","_VenueCity":"","_VenueCountry":"","_VenueProvince":"","_VenueState":"","_VenueZip":"","_VenuePhone":"","_VenueURL":"","_VenueStateProvince":"","_VenueLat":"","_VenueLng":"","_VenueShowMap":false,"_VenueShowMapLink":false,"_tribe_blocks_recurrence_rules":"","_tribe_blocks_recurrence_description":"","_tribe_blocks_recurrence_exclusions":"","_ecp_custom_2":"","_tribe_events_status":"","_tribe_events_status_reason":"","_tribe_events_is_hybrid":"","_tribe_events_is_virtual":"","_tribe_events_virtual_video_source":"","_tribe_events_virtual_embed_video":"","_tribe_events_virtual_linked_button_text":"","_tribe_events_virtual_linked_button":"","_tribe_events_virtual_show_embed_at":"","_tribe_events_virtual_show_embed_to":[],"_tribe_events_virtual_show_on_event":"","_tribe_events_virtual_show_on_views":"","_tribe_events_virtual_url":"","footnotes":""},"tags":[15247,15242,8869,1363,2865,9147,9146,15246,9528,15244,15245,15241,12369,15240,12825,15239,1354,15243],"tribe_events_cat":[8963],"class_list":["post-28213","tribe_events","type-tribe_events","status-publish","has-post-thumbnail","hentry","tag-briana-capote","tag-bullets-in-the-background","tag-cafe-la-palma-2","tag-cafe-la-palma","tag-conciertos-cafe-la-palma","tag-conciertos-madrid","tag-conciertos-malasana","tag-fire-affair","tag-folk","tag-folk-rock","tag-fork-in-the-road","tag-jordan-rivers","tag-madrid-en-vivo","tag-mujeres-en-vivo-2024","tag-music-bus","tag-rivers-suns","tag-rock","tag-tomas-aristimuno","tribe_events_cat-concierto","cat_concierto"],"uagb_featured_image_src":{"full":["https:\/\/cafelapalma.com\/wp-content\/uploads\/2024\/02\/Rivers-_-Suns-LOWPIC.jpg",768,1365,false],"thumbnail":["https:\/\/cafelapalma.com\/wp-content\/uploads\/2024\/02\/Rivers-_-Suns-LOWPIC-150x150.jpg",150,150,true],"medium":["https:\/\/cafelapalma.com\/wp-content\/uploads\/2024\/02\/Rivers-_-Suns-LOWPIC-169x300.jpg",169,300,true],"medium_large":["https:\/\/cafelapalma.com\/wp-content\/uploads\/2024\/02\/Rivers-_-Suns-LOWPIC.jpg",768,1365,false],"large":["https:\/\/cafelapalma.com\/wp-content\/uploads\/2024\/02\/Rivers-_-Suns-LOWPIC-585x1040.jpg",585,1040,true],"1536x1536":["https:\/\/cafelapalma.com\/wp-content\/uploads\/2024\/02\/Rivers-_-Suns-LOWPIC.jpg",768,1365,false],"2048x2048":["https:\/\/cafelapalma.com\/wp-content\/uploads\/2024\/02\/Rivers-_-Suns-LOWPIC.jpg",768,1365,false],"trp-custom-language-flag":["https:\/\/cafelapalma.com\/wp-content\/uploads\/2024\/02\/Rivers-_-Suns-LOWPIC.jpg",7,12,false],"blossom-feminine-slider":["https:\/\/cafelapalma.com\/wp-content\/uploads\/2024\/02\/Rivers-_-Suns-LOWPIC-768x649.jpg",768,649,true],"blossom-feminine-featured":["https:\/\/cafelapalma.com\/wp-content\/uploads\/2024\/02\/Rivers-_-Suns-LOWPIC-768x600.jpg",768,600,true],"blossom-feminine-with-sidebar":["https:\/\/cafelapalma.com\/wp-content\/uploads\/2024\/02\/Rivers-_-Suns-LOWPIC-768x600.jpg",768,600,true],"blossom-feminine-blog":["https:\/\/cafelapalma.com\/wp-content\/uploads\/2024\/02\/Rivers-_-Suns-LOWPIC-435x435.jpg",435,435,true],"blossom-feminine-cat":["https:\/\/cafelapalma.com\/wp-content\/uploads\/2024\/02\/Rivers-_-Suns-LOWPIC-450x300.jpg",450,300,true],"blossom-feminine-related":["https:\/\/cafelapalma.com\/wp-content\/uploads\/2024\/02\/Rivers-_-Suns-LOWPIC-320x200.jpg",320,200,true],"blossom-feminine-schema":["https:\/\/cafelapalma.com\/wp-content\/uploads\/2024\/02\/Rivers-_-Suns-LOWPIC-34x60.jpg",34,60,true]},"uagb_author_info":{"display_name":"Victor","author_link":"https:\/\/cafelapalma.com\/en\/author\/comunicacion\/"},"uagb_comment_info":0,"uagb_excerpt":"RIVERS &amp; SUNS nac\u00eda de la mano de la californiana Jordan Rivers en 2016 con su primer EP \u00abBullets in the Background\u00ab. Luego, la cantante decidi\u00f3 rodar por el mundo en busca de una escena distinta a la norteamericana y, junto a su pasi\u00f3n por viajar, la cantante de Malib\u00fa se enamor\u00f3 de Barcelona y&hellip;","_links":{"self":[{"href":"https:\/\/cafelapalma.com\/en\/wp-json\/wp\/v2\/tribe_events\/28213","targetHints":{"allow":["GET"]}}],"collection":[{"href":"https:\/\/cafelapalma.com\/en\/wp-json\/wp\/v2\/tribe_events"}],"about":[{"href":"https:\/\/cafelapalma.com\/en\/wp-json\/wp\/v2\/types\/tribe_events"}],"author":[{"embeddable":true,"href":"https:\/\/cafelapalma.com\/en\/wp-json\/wp\/v2\/users\/2"}],"version-history":[{"count":0,"href":"https:\/\/cafelapalma.com\/en\/wp-json\/wp\/v2\/tribe_events\/28213\/revisions"}],"wp:featuredmedia":[{"embeddable":true,"href":"https:\/\/cafelapalma.com\/en\/wp-json\/wp\/v2\/media\/28215"}],"wp:attachment":[{"href":"https:\/\/cafelapalma.com\/en\/wp-json\/wp\/v2\/media?parent=28213"}],"wp:term":[{"taxonomy":"post_tag","embeddable":true,"href":"https:\/\/cafelapalma.com\/en\/wp-json\/wp\/v2\/tags?post=28213"},{"taxonomy":"tribe_events_cat","embeddable":true,"href":"https:\/\/cafelapalma.com\/en\/wp-json\/wp\/v2\/tribe_events_cat?post=28213"}],"curies":[{"name":"wp","href":"https:\/\/api.w.org\/{rel}","templated":true}]}}