{"id":28217,"date":"2024-02-07T19:28:28","date_gmt":"2024-02-07T18:28:28","guid":{"rendered":"https:\/\/cafelapalma.com\/?post_type=tribe_events&#038;p=28217"},"modified":"2024-03-14T17:44:01","modified_gmt":"2024-03-14T16:44:01","slug":"universifest-2024","status":"publish","type":"tribe_events","link":"https:\/\/cafelapalma.com\/en\/programacion\/universifest-2024\/","title":{"rendered":"CANDACE + ENTRE COMILLAS"},"content":{"rendered":"<div  class=\"tribe-events-schedule tribe-clearfix\" >\n\t<p class=\"tribe-events-schedule__datetime\">\n\t\t<span class=\"tribe-events-schedule__date tribe-events-schedule__date--start\">\n\t\t\t14  March  2024\t\t<\/span>\n\n\t\t\t\t\t<span class=\"tribe-events-schedule__separator tribe-events-schedule__separator--date\">\n\t\t\t\t@\t\t\t<\/span>\n\t\t\t<span class=\"tribe-events-schedule__time tribe-events-schedule__time--start\">\n\t\t\t\t21:30\t\t\t<\/span>\n\t\t\n\t\t\t\t\t\t\t\t\t<span class=\"tribe-events-schedule__separator tribe-events-schedule__separator--time\">\n\t\t\t\t\t&#8211;\t\t\t\t<\/span>\n\t\t\t\n\t\t\t\t\t\t\t<span class=\"tribe-events-schedule__time tribe-events-schedule__time--end\">\n\t\t\t\t\t23:45\t\t\t\t<\/span>\n\t\t\t\n\t\t\t\t\t\t<\/p>\n<\/div>\n\n\n<div  class=\"tribe-block tribe-block__event-price\" >\n\t\t\t<span class=\"tribe-block__event-price__cost\"> 9\u20ac <\/span>\n\t\t\t\t<span class=\"tribe-block__event-price__description\">Anticipada | 10\u20ac Taquilla[ Incluye DOBLE DE CERVEZA DE BARRIL o REFRESCO ]<\/span>\n\t<\/div>\n\n\n\n<div style=\"height:100px\" aria-hidden=\"true\" class=\"wp-block-spacer\"><\/div>\n\n\n\n<div class=\"wp-block-columns is-layout-flex wp-container-core-columns-is-layout-8f761849 wp-block-columns-is-layout-flex\">\n<div class=\"wp-block-column is-layout-flow wp-block-column-is-layout-flow\" style=\"flex-basis:33.33%\">\n<figure class=\"wp-block-image size-large\"><img loading=\"lazy\" decoding=\"async\" width=\"736\" height=\"1040\" src=\"https:\/\/cafelapalma.com\/wp-content\/uploads\/2024\/02\/Untitled-UNIVERSIFEST-A3Design-736x1040.jpg\" alt=\"\" class=\"wp-image-28218\" srcset=\"https:\/\/cafelapalma.com\/wp-content\/uploads\/2024\/02\/Untitled-UNIVERSIFEST-A3Design-736x1040.jpg 736w, https:\/\/cafelapalma.com\/wp-content\/uploads\/2024\/02\/Untitled-UNIVERSIFEST-A3Design-212x300.jpg 212w, https:\/\/cafelapalma.com\/wp-content\/uploads\/2024\/02\/Untitled-UNIVERSIFEST-A3Design-768x1086.jpg 768w, https:\/\/cafelapalma.com\/wp-content\/uploads\/2024\/02\/Untitled-UNIVERSIFEST-A3Design-1086x1536.jpg 1086w, https:\/\/cafelapalma.com\/wp-content\/uploads\/2024\/02\/Untitled-UNIVERSIFEST-A3Design-1448x2048.jpg 1448w, https:\/\/cafelapalma.com\/wp-content\/uploads\/2024\/02\/Untitled-UNIVERSIFEST-A3Design-42x60.jpg 42w\" sizes=\"auto, (max-width: 736px) 100vw, 736px\" \/><\/figure>\n\n\n<div  class=\"tribe-block tribe-block__event-website\" >\n\t<a\n\t\thref=\"https:\/\/www.passline.com\/eventos\/universifest-candace-entre-comillas\"\n\t\ttarget=\"_self\"\n\t\t\t>\n\t\tCOMPRAR ENTRADAS\t<\/a>\n<\/div>\n<\/div>\n\n\n\n<div class=\"wp-block-column is-layout-flow wp-block-column-is-layout-flow\" style=\"flex-basis:66.66%\">\n<div style=\"height:100px\" aria-hidden=\"true\" class=\"wp-block-spacer\"><\/div>\n\n\n\n<p class=\"has-text-align-left wp-block-paragraph\"><strong>CANDACE <\/strong>es una banda que representar\u00e1 a la <strong>Facultad de Enfermer\u00eda y Fisioterapia <em>\u00abSalus Infirmorum\u00bb<\/em><\/strong> de la <strong>Universidad Pontificia de Salamanca<\/strong>, campus de <strong>Madrid<\/strong>. Una banda madrile\u00f1a que intenta hacerse hueco en la escena indie, g\u00e9nero que les representa. Tanto covers como canciones propias forman parte de su repertorio. La banda est\u00e1 formada por <strong>Manu<\/strong>, <strong>Carla<\/strong>, <strong>Marta<\/strong>, <strong>Amanda <\/strong>y <strong>Sierra<\/strong>, todos con ganas y entusiasmados por hacer m\u00fasica.<\/p>\n\n\n\n<p class=\"has-text-align-left wp-block-paragraph\"><strong>ENTRE COMILLAS<\/strong> lo forma grupo de alumnos de la <strong>Universidad Pontificia de Comillas<\/strong>, que se estrenaron en la anterior edici\u00f3n de <strong>Universifest <\/strong>y contin\u00faan con un repertorio de un pop elegante con sutiles arreglos de viento y una gran fuerza en las armon\u00edas vocales.<\/p>\n\n\n\n<p class=\"has-text-align-left wp-block-paragraph\">El <strong>UNIVERSIFEST <\/strong>es la plataforma permanente de grupos de m\u00fasica universitarios madrile\u00f1os, que este a\u00f1o celebra su segunda edici\u00f3n. <strong>UNIVERSIFEST <\/strong>es un festival promovido por la <strong>Universidad CEU San Pablo<\/strong> junto con la <strong>Universidad Francisco de Vitoria<\/strong>, <strong>Universidad Pontificia de Comillas<\/strong>, <strong>Universidad Alfonso X El Sabio<\/strong>, <strong>Universidad Europea de Madrid<\/strong> y <strong>Universidad Pontificia de Salamanca<\/strong>.<\/p>\n\n\n\n<p class=\"has-text-align-right wp-block-paragraph\"><em><strong><a href=\"https:\/\/universifest.es\/\">Universifest.es<\/a><\/strong><\/em><\/p>\n<\/div>\n<\/div>\n\n\n\n<div style=\"height:100px\" aria-hidden=\"true\" class=\"wp-block-spacer\"><\/div>\n\n\n\n<hr class=\"wp-block-separator has-alpha-channel-opacity\"\/>\n\n\n\n<div style=\"height:100px\" aria-hidden=\"true\" class=\"wp-block-spacer\"><\/div>\n\n\n<h2 class=\"tribe-block__related-events__title\">Related Events<\/h2>\n\n<ul  class=\"tribe-related-events tribe-clearfix\" >\n\t\t\t<li>\n\t\n<div class=\"tribe-related-events-thumbnail\">\n\t<a href=\"https:\/\/cafelapalma.com\/en\/programacion\/funkin-donuts\/\" class=\"url\" rel=\"bookmark\" tabindex=\"-1\" aria-hidden=\"true\"><img loading=\"lazy\" decoding=\"async\" width=\"693\" height=\"1040\" src=\"https:\/\/cafelapalma.com\/wp-content\/uploads\/2026\/07\/FD-vert2-bn-693x1040.jpg\" class=\"attachment-large size-large wp-post-image\" alt=\"\" \/><\/a>\n<\/div>\n\t<div class=\"tribe-related-event-info\">\n\t<h3 class=\"tribe-related-events-title\">\n\t\t<a href=\"https:\/\/cafelapalma.com\/en\/programacion\/funkin-donuts\/\" class=\"tribe-event-url\" rel=\"bookmark\">\n\t\t\tFUNKIN&#8217; DONUTS\t\t<\/a>\n\t<\/h3>\n\t<span class=\"tribe-event-date-start\">5  September@22:00<\/span><span class=\"tribe-event-time\">23:45<\/span><\/div>\n<\/li>\n\t\t\t<li>\n\t\n<div class=\"tribe-related-events-thumbnail\">\n\t<a href=\"https:\/\/cafelapalma.com\/en\/programacion\/backstage-le-petit-truffle-mayo\/\" class=\"url\" rel=\"bookmark\" tabindex=\"-1\" aria-hidden=\"true\"><img loading=\"lazy\" decoding=\"async\" width=\"780\" height=\"1040\" src=\"https:\/\/cafelapalma.com\/wp-content\/uploads\/2026\/07\/Imagen-TruffleMayo-LePetit-i-1-780x1040.png\" class=\"attachment-large size-large wp-post-image\" alt=\"\" \/><\/a>\n<\/div>\n\t<div class=\"tribe-related-event-info\">\n\t<h3 class=\"tribe-related-events-title\">\n\t\t<a href=\"https:\/\/cafelapalma.com\/en\/programacion\/backstage-le-petit-truffle-mayo\/\" class=\"tribe-event-url\" rel=\"bookmark\">\n\t\t\tBACKSTAGE: LE PETIT + TRUFFLE MAYO\t\t<\/a>\n\t<\/h3>\n\t<span class=\"tribe-event-date-start\">5  September@23:55<\/span><\/div>\n<\/li>\n\t\t\t<li>\n\t\n<div class=\"tribe-related-events-thumbnail\">\n\t<a href=\"https:\/\/cafelapalma.com\/en\/programacion\/willie-deville-concierto-benefico-x-venezuela\/\" class=\"url\" rel=\"bookmark\" tabindex=\"-1\" aria-hidden=\"true\"><img loading=\"lazy\" decoding=\"async\" width=\"1020\" height=\"531\" src=\"https:\/\/cafelapalma.com\/wp-content\/uploads\/2026\/08\/Willie-deville-1100x572-1-1040x541.jpg\" class=\"attachment-large size-large wp-post-image\" alt=\"\" \/><\/a>\n<\/div>\n\t<div class=\"tribe-related-event-info\">\n\t<h3 class=\"tribe-related-events-title\">\n\t\t<a href=\"https:\/\/cafelapalma.com\/en\/programacion\/willie-deville-concierto-benefico-x-venezuela\/\" class=\"tribe-event-url\" rel=\"bookmark\">\n\t\t\tWILLIE DEVILLE: CONCIERTO BEN\u00c9FICO X VENEZUELA\t\t<\/a>\n\t<\/h3>\n\t<span class=\"tribe-event-date-start\">6  September@21:00<\/span><span class=\"tribe-event-time\">23:45<\/span><\/div>\n<\/li>\n\t<\/ul>\n","protected":false},"excerpt":{"rendered":"<p>CANDACE es una banda que representar\u00e1 a la Facultad de Enfermer\u00eda y Fisioterapia \u00abSalus Infirmorum\u00bb de la Universidad Pontificia de Salamanca, campus de Madrid. Una banda madrile\u00f1a que intenta hacerse hueco en la escena indie, g\u00e9nero que les representa. Tanto covers como canciones propias forman parte de su repertorio. La banda est\u00e1 formada por Manu, &hellip; <\/p>","protected":false},"author":2,"featured_media":28218,"template":"","meta":{"_tec_requires_first_save":false,"_uag_custom_page_level_css":"","loftloader_page_shortcode":"","_EventAllDay":false,"_EventTimezone":"Europe\/Madrid","_EventStartDate":"2024-03-14 21:30:00","_EventEndDate":"2024-03-14 23:45:00","_EventStartDateUTC":"2024-03-14 20:30:00","_EventEndDateUTC":"2024-03-14 22:45:00","_EventShowMap":false,"_EventShowMapLink":false,"_EventURL":"https:\/\/www.passline.com\/eventos\/universifest-candace-entre-comillas","_EventCost":"9","_EventCostDescription":"","_EventCurrencySymbol":"\u20ac","_EventCurrencyCode":"USD","_EventCurrencyPosition":"suffix","_EventDateTimeSeparator":"@","_EventTimeRangeSeparator":"-","_EventOrganizerID":[],"_EventVenueID":[],"_OrganizerEmail":"","_OrganizerPhone":"","_OrganizerWebsite":"","_VenueAddress":"","_VenueCity":"","_VenueCountry":"","_VenueProvince":"","_VenueState":"","_VenueZip":"","_VenuePhone":"","_VenueURL":"","_VenueStateProvince":"","_VenueLat":"","_VenueLng":"","_VenueShowMap":false,"_VenueShowMapLink":false,"_tribe_blocks_recurrence_rules":"","_tribe_blocks_recurrence_description":"","_tribe_blocks_recurrence_exclusions":"","_ecp_custom_2":"","_tribe_events_status":"","_tribe_events_status_reason":"","_tribe_events_is_hybrid":"","_tribe_events_is_virtual":"","_tribe_events_virtual_video_source":"","_tribe_events_virtual_embed_video":"","_tribe_events_virtual_linked_button_text":"","_tribe_events_virtual_linked_button":"","_tribe_events_virtual_show_embed_at":"","_tribe_events_virtual_show_embed_to":[],"_tribe_events_virtual_show_on_event":"","_tribe_events_virtual_show_on_views":"","_tribe_events_virtual_url":"","footnotes":""},"tags":[1363,8869,2865,9147,9146,10397,15249,1355,9164,1354,15254,15252,15255,15253,15251,15256,15248],"tribe_events_cat":[8963],"class_list":["post-28217","tribe_events","type-tribe_events","status-publish","has-post-thumbnail","hentry","tag-cafe-la-palma","tag-cafe-la-palma-2","tag-conciertos-cafe-la-palma","tag-conciertos-madrid","tag-conciertos-malasana","tag-covers","tag-entre-comillas","tag-pop","tag-pop-rock-2","tag-rock","tag-universidad-alfonso-x-el-sabio","tag-universidad-ceu-san-pablo","tag-universidad-europea-de-madrid","tag-universidad-francisco-de-vitoria","tag-universidad-pontificia-de-comillas","tag-universidad-pontificia-de-salamanca","tag-universifest","tribe_events_cat-concierto","cat_concierto"],"uagb_featured_image_src":{"full":["https:\/\/cafelapalma.com\/wp-content\/uploads\/2024\/02\/Untitled-UNIVERSIFEST-A3Design-scaled.jpg",2122,3000,false],"thumbnail":["https:\/\/cafelapalma.com\/wp-content\/uploads\/2024\/02\/Untitled-UNIVERSIFEST-A3Design-150x150.jpg",150,150,true],"medium":["https:\/\/cafelapalma.com\/wp-content\/uploads\/2024\/02\/Untitled-UNIVERSIFEST-A3Design-212x300.jpg",212,300,true],"medium_large":["https:\/\/cafelapalma.com\/wp-content\/uploads\/2024\/02\/Untitled-UNIVERSIFEST-A3Design-768x1086.jpg",768,1086,true],"large":["https:\/\/cafelapalma.com\/wp-content\/uploads\/2024\/02\/Untitled-UNIVERSIFEST-A3Design-736x1040.jpg",736,1040,true],"1536x1536":["https:\/\/cafelapalma.com\/wp-content\/uploads\/2024\/02\/Untitled-UNIVERSIFEST-A3Design-1086x1536.jpg",1086,1536,true],"2048x2048":["https:\/\/cafelapalma.com\/wp-content\/uploads\/2024\/02\/Untitled-UNIVERSIFEST-A3Design-1448x2048.jpg",1448,2048,true],"trp-custom-language-flag":["https:\/\/cafelapalma.com\/wp-content\/uploads\/2024\/02\/Untitled-UNIVERSIFEST-A3Design-scaled.jpg",8,12,false],"blossom-feminine-slider":["https:\/\/cafelapalma.com\/wp-content\/uploads\/2024\/02\/Untitled-UNIVERSIFEST-A3Design-1920x649.jpg",1920,649,true],"blossom-feminine-featured":["https:\/\/cafelapalma.com\/wp-content\/uploads\/2024\/02\/Untitled-UNIVERSIFEST-A3Design-1410x600.jpg",1410,600,true],"blossom-feminine-with-sidebar":["https:\/\/cafelapalma.com\/wp-content\/uploads\/2024\/02\/Untitled-UNIVERSIFEST-A3Design-1020x600.jpg",1020,600,true],"blossom-feminine-blog":["https:\/\/cafelapalma.com\/wp-content\/uploads\/2024\/02\/Untitled-UNIVERSIFEST-A3Design-435x435.jpg",435,435,true],"blossom-feminine-cat":["https:\/\/cafelapalma.com\/wp-content\/uploads\/2024\/02\/Untitled-UNIVERSIFEST-A3Design-450x300.jpg",450,300,true],"blossom-feminine-related":["https:\/\/cafelapalma.com\/wp-content\/uploads\/2024\/02\/Untitled-UNIVERSIFEST-A3Design-320x200.jpg",320,200,true],"blossom-feminine-schema":["https:\/\/cafelapalma.com\/wp-content\/uploads\/2024\/02\/Untitled-UNIVERSIFEST-A3Design-42x60.jpg",42,60,true]},"uagb_author_info":{"display_name":"Victor","author_link":"https:\/\/cafelapalma.com\/en\/author\/comunicacion\/"},"uagb_comment_info":0,"uagb_excerpt":"CANDACE es una banda que representar\u00e1 a la Facultad de Enfermer\u00eda y Fisioterapia \u00abSalus Infirmorum\u00bb de la Universidad Pontificia de Salamanca, campus de Madrid. Una banda madrile\u00f1a que intenta hacerse hueco en la escena indie, g\u00e9nero que les representa. Tanto covers como canciones propias forman parte de su repertorio. La banda est\u00e1 formada por Manu,&hellip;","_links":{"self":[{"href":"https:\/\/cafelapalma.com\/en\/wp-json\/wp\/v2\/tribe_events\/28217","targetHints":{"allow":["GET"]}}],"collection":[{"href":"https:\/\/cafelapalma.com\/en\/wp-json\/wp\/v2\/tribe_events"}],"about":[{"href":"https:\/\/cafelapalma.com\/en\/wp-json\/wp\/v2\/types\/tribe_events"}],"author":[{"embeddable":true,"href":"https:\/\/cafelapalma.com\/en\/wp-json\/wp\/v2\/users\/2"}],"version-history":[{"count":0,"href":"https:\/\/cafelapalma.com\/en\/wp-json\/wp\/v2\/tribe_events\/28217\/revisions"}],"wp:featuredmedia":[{"embeddable":true,"href":"https:\/\/cafelapalma.com\/en\/wp-json\/wp\/v2\/media\/28218"}],"wp:attachment":[{"href":"https:\/\/cafelapalma.com\/en\/wp-json\/wp\/v2\/media?parent=28217"}],"wp:term":[{"taxonomy":"post_tag","embeddable":true,"href":"https:\/\/cafelapalma.com\/en\/wp-json\/wp\/v2\/tags?post=28217"},{"taxonomy":"tribe_events_cat","embeddable":true,"href":"https:\/\/cafelapalma.com\/en\/wp-json\/wp\/v2\/tribe_events_cat?post=28217"}],"curies":[{"name":"wp","href":"https:\/\/api.w.org\/{rel}","templated":true}]}}