{"id":28293,"date":"2024-02-19T16:53:42","date_gmt":"2024-02-19T15:53:42","guid":{"rendered":"https:\/\/cafelapalma.com\/?post_type=tribe_events&#038;p=28293"},"modified":"2024-02-19T16:53:45","modified_gmt":"2024-02-19T15:53:45","slug":"underground-rhymes","status":"publish","type":"tribe_events","link":"https:\/\/cafelapalma.com\/en\/programacion\/underground-rhymes\/","title":{"rendered":"UNDERGROUND RHYMES"},"content":{"rendered":"<div  class=\"tribe-events-schedule tribe-clearfix\" >\n\t<p class=\"tribe-events-schedule__datetime\">\n\t\t<span class=\"tribe-events-schedule__date tribe-events-schedule__date--start\">\n\t\t\t30  March  2024\t\t<\/span>\n\n\t\t\t\t\t<span class=\"tribe-events-schedule__separator tribe-events-schedule__separator--date\">\n\t\t\t\t@\t\t\t<\/span>\n\t\t\t<span class=\"tribe-events-schedule__time tribe-events-schedule__time--start\">\n\t\t\t\t21:00\t\t\t<\/span>\n\t\t\n\t\t\t\t\t\t\t\t\t<span class=\"tribe-events-schedule__separator tribe-events-schedule__separator--time\">\n\t\t\t\t\t&#8211;\t\t\t\t<\/span>\n\t\t\t\n\t\t\t\t\t\t\t<span class=\"tribe-events-schedule__time tribe-events-schedule__time--end\">\n\t\t\t\t\t23:45\t\t\t\t<\/span>\n\t\t\t\n\t\t\t\t\t\t<\/p>\n<\/div>\n\n\n<div  class=\"tribe-block tribe-block__event-price\" >\n\t\t\t<span class=\"tribe-block__event-price__cost\"> 12\u20ac <\/span>\n\t\t\t\t<span class=\"tribe-block__event-price__description\">+ gg Anticipada | 15\u20ac Taquilla [ Incluye DOBLE DE CERVEZA DE BARRIL o REFRESCO ]<\/span>\n\t<\/div>\n\n\n\n<div style=\"height:100px\" aria-hidden=\"true\" class=\"wp-block-spacer\"><\/div>\n\n\n\n<div class=\"wp-block-columns is-layout-flex wp-container-core-columns-is-layout-8f761849 wp-block-columns-is-layout-flex\">\n<div class=\"wp-block-column is-layout-flow wp-block-column-is-layout-flow\" style=\"flex-basis:33.33%\">\n<figure class=\"wp-block-image size-full\"><img loading=\"lazy\" decoding=\"async\" width=\"297\" height=\"420\" src=\"https:\/\/cafelapalma.com\/wp-content\/uploads\/2024\/02\/UNDERGROUND-RHYMES-A3.jpg\" alt=\"\" class=\"wp-image-28294\" srcset=\"https:\/\/cafelapalma.com\/wp-content\/uploads\/2024\/02\/UNDERGROUND-RHYMES-A3.jpg 297w, https:\/\/cafelapalma.com\/wp-content\/uploads\/2024\/02\/UNDERGROUND-RHYMES-A3-212x300.jpg 212w, https:\/\/cafelapalma.com\/wp-content\/uploads\/2024\/02\/UNDERGROUND-RHYMES-A3-42x60.jpg 42w\" sizes=\"auto, (max-width: 297px) 100vw, 297px\" \/><\/figure>\n\n\n<div  class=\"tribe-block tribe-block__event-website\" >\n\t<a\n\t\thref=\"https:\/\/www.passline.com\/eventos\/underground-rhymes\"\n\t\ttarget=\"_self\"\n\t\t\t>\n\t\tCOMPRAR ENTRADAS\t<\/a>\n<\/div>\n<\/div>\n\n\n\n<div class=\"wp-block-column is-layout-flow wp-block-column-is-layout-flow\" style=\"flex-basis:66.66%\">\n<p class=\"has-text-align-left wp-block-paragraph\"><strong>KARIM APDP<\/strong> pertenece al grupo <strong>A PI\u00c9 DE P\u00c1GINA<\/strong>, formado por su amigo <strong>Manu <\/strong>y \u00e9l. <strong>Karim<\/strong> se mueve en cualquier ritmo y estilo, pero siempre suena crudo ya que es un referente consagrado en el underground de <strong>Madrid<\/strong>, que marc\u00f3 una \u00e9poca en el rap espa\u00f1ol junto a <strong>Le Petit Comit\u00e9<\/strong> e <strong>Hijos Bastardos<\/strong>. <strong>Karim <\/strong>tuvo sus primeros inicios con la m\u00fasica sobre el 2010 y se podr\u00eda decir que no ha parado de regalarnos himnos de barrio desde entonces.<\/p>\n\n\n\n<p class=\"has-text-align-left wp-block-paragraph\"><strong>OSAMA OZN<\/strong> tiene un estilo muy personal con unas l\u00edricas incre\u00edbles, un largo recorrido en el underground y pertenece al grupo madrile\u00f1o <strong>OZONO CREW<\/strong>, el cu\u00e1l se form\u00f3 en 2006, y m\u00e1s que un grupo de rap, es un colectivo al que une la hermandad, el graffiti, la m\u00fasica y la vida desde que se hicieron un nombre en la escena madrile\u00f1a.<\/p>\n\n\n\n<p class=\"has-text-align-left wp-block-paragraph\"><strong>LLAMAS <\/strong>es un artista emergente con una puesta en escena impresionante, barras incre\u00edbles y directas. Pertenece al grupo <strong>LA MEJ\u00cdA ESTUDIOS<\/strong>, formado por su amigo <strong>Nisok <\/strong>y \u00e9l. <strong>Llamas <\/strong>tuvo sus inicios con la m\u00fasica sobre el 2018 y no piensa parar desde entonces.<\/p>\n\n\n\n<p class=\"has-text-align-left wp-block-paragraph\"><strong>ISSASI <\/strong>es un artista urbano emergente con una gran proyecci\u00f3n influenciado por el underground de <strong>Madrid<\/strong>, que tuvo sus inicios con la m\u00fasica sobre el 2018 y desde entonces no ha parado. Sus letras \u00fanicas, su puesta en escena y su conexi\u00f3n con el p\u00fablico son incre\u00edbles y nunca dejan a nadie indiferente.<\/p>\n\n\n\n<p class=\"has-text-align-left wp-block-paragraph\"><strong>MENEZZ BEATS<\/strong> es un DJ y Productor emergente que ya se est\u00e1 haciendo un nombre en la escena de <strong>Madrid <\/strong>con unos ritmos \u00fanicos influenciados en su gran mayor\u00eda por el sonido de <strong>Francia<\/strong>. <strong>Menezz <\/strong>empieza a tener contacto con la m\u00fasica sobre 2017. Desde entonces su recorrido ha sido impecable, reflej\u00e1ndolo en la calidad de su sonido.<\/p>\n<\/div>\n<\/div>\n\n\n\n<div style=\"height:100px\" aria-hidden=\"true\" class=\"wp-block-spacer\"><\/div>\n\n\n\n<hr class=\"wp-block-separator has-alpha-channel-opacity\"\/>\n\n\n\n<div style=\"height:100px\" aria-hidden=\"true\" class=\"wp-block-spacer\"><\/div>\n\n\n<h2 class=\"tribe-block__related-events__title\">Related Events<\/h2>\n\n<ul  class=\"tribe-related-events tribe-clearfix\" >\n\t\t\t<li>\n\t\n<div class=\"tribe-related-events-thumbnail\">\n\t<a href=\"https:\/\/cafelapalma.com\/en\/programacion\/funkin-donuts\/\" class=\"url\" rel=\"bookmark\" tabindex=\"-1\" aria-hidden=\"true\"><img loading=\"lazy\" decoding=\"async\" width=\"693\" height=\"1040\" src=\"https:\/\/cafelapalma.com\/wp-content\/uploads\/2026\/07\/FD-vert2-bn-693x1040.jpg\" class=\"attachment-large size-large wp-post-image\" alt=\"\" \/><\/a>\n<\/div>\n\t<div class=\"tribe-related-event-info\">\n\t<h3 class=\"tribe-related-events-title\">\n\t\t<a href=\"https:\/\/cafelapalma.com\/en\/programacion\/funkin-donuts\/\" class=\"tribe-event-url\" rel=\"bookmark\">\n\t\t\tFUNKIN&#8217; DONUTS\t\t<\/a>\n\t<\/h3>\n\t<span class=\"tribe-event-date-start\">5  September@22:00<\/span><span class=\"tribe-event-time\">23:45<\/span><\/div>\n<\/li>\n\t\t\t<li>\n\t\n<div class=\"tribe-related-events-thumbnail\">\n\t<a href=\"https:\/\/cafelapalma.com\/en\/programacion\/backstage-le-petit-truffle-mayo\/\" class=\"url\" rel=\"bookmark\" tabindex=\"-1\" aria-hidden=\"true\"><img loading=\"lazy\" decoding=\"async\" width=\"780\" height=\"1040\" src=\"https:\/\/cafelapalma.com\/wp-content\/uploads\/2026\/07\/Imagen-TruffleMayo-LePetit-i-1-780x1040.png\" class=\"attachment-large size-large wp-post-image\" alt=\"\" \/><\/a>\n<\/div>\n\t<div class=\"tribe-related-event-info\">\n\t<h3 class=\"tribe-related-events-title\">\n\t\t<a href=\"https:\/\/cafelapalma.com\/en\/programacion\/backstage-le-petit-truffle-mayo\/\" class=\"tribe-event-url\" rel=\"bookmark\">\n\t\t\tBACKSTAGE: LE PETIT + TRUFFLE MAYO\t\t<\/a>\n\t<\/h3>\n\t<span class=\"tribe-event-date-start\">5  September@23:55<\/span><\/div>\n<\/li>\n\t\t\t<li>\n\t\n<div class=\"tribe-related-events-thumbnail\">\n\t<a href=\"https:\/\/cafelapalma.com\/en\/programacion\/willie-deville-concierto-benefico-x-venezuela\/\" class=\"url\" rel=\"bookmark\" tabindex=\"-1\" aria-hidden=\"true\"><img loading=\"lazy\" decoding=\"async\" width=\"1020\" height=\"531\" src=\"https:\/\/cafelapalma.com\/wp-content\/uploads\/2026\/08\/Willie-deville-1100x572-1-1040x541.jpg\" class=\"attachment-large size-large wp-post-image\" alt=\"\" \/><\/a>\n<\/div>\n\t<div class=\"tribe-related-event-info\">\n\t<h3 class=\"tribe-related-events-title\">\n\t\t<a href=\"https:\/\/cafelapalma.com\/en\/programacion\/willie-deville-concierto-benefico-x-venezuela\/\" class=\"tribe-event-url\" rel=\"bookmark\">\n\t\t\tWILLIE DEVILLE: CONCIERTO BEN\u00c9FICO X VENEZUELA\t\t<\/a>\n\t<\/h3>\n\t<span class=\"tribe-event-date-start\">6  September@21:00<\/span><span class=\"tribe-event-time\">23:45<\/span><\/div>\n<\/li>\n\t<\/ul>\n","protected":false},"excerpt":{"rendered":"<p>KARIM APDP pertenece al grupo A PI\u00c9 DE P\u00c1GINA, formado por su amigo Manu y \u00e9l. Karim se mueve en cualquier ritmo y estilo, pero siempre suena crudo ya que es un referente consagrado en el underground de Madrid, que marc\u00f3 una \u00e9poca en el rap espa\u00f1ol junto a Le Petit Comit\u00e9 e Hijos Bastardos. &hellip; <\/p>","protected":false},"author":2,"featured_media":28295,"template":"","meta":{"_tec_requires_first_save":false,"_uag_custom_page_level_css":"","loftloader_page_shortcode":"","_EventAllDay":false,"_EventTimezone":"Europe\/Madrid","_EventStartDate":"2024-03-30 21:00:00","_EventEndDate":"2024-03-30 23:45:00","_EventStartDateUTC":"2024-03-30 20:00:00","_EventEndDateUTC":"2024-03-30 22:45:00","_EventShowMap":false,"_EventShowMapLink":false,"_EventURL":"https:\/\/www.passline.com\/eventos\/underground-rhymes","_EventCost":"12","_EventCostDescription":"","_EventCurrencySymbol":"\u20ac","_EventCurrencyCode":"USD","_EventCurrencyPosition":"suffix","_EventDateTimeSeparator":"@","_EventTimeRangeSeparator":"-","_EventOrganizerID":[],"_EventVenueID":[],"_OrganizerEmail":"","_OrganizerPhone":"","_OrganizerWebsite":"","_VenueAddress":"","_VenueCity":"","_VenueCountry":"","_VenueProvince":"","_VenueState":"","_VenueZip":"","_VenuePhone":"","_VenueURL":"","_VenueStateProvince":"","_VenueLat":"","_VenueLng":"","_VenueShowMap":false,"_VenueShowMapLink":false,"_tribe_blocks_recurrence_rules":"","_tribe_blocks_recurrence_description":"","_tribe_blocks_recurrence_exclusions":"","_ecp_custom_2":"","_tribe_events_status":"","_tribe_events_status_reason":"","_tribe_events_is_hybrid":"","_tribe_events_is_virtual":"","_tribe_events_virtual_video_source":"","_tribe_events_virtual_embed_video":"","_tribe_events_virtual_linked_button_text":"","_tribe_events_virtual_linked_button":"","_tribe_events_virtual_show_embed_at":"","_tribe_events_virtual_show_embed_to":[],"_tribe_events_virtual_show_on_event":"","_tribe_events_virtual_show_on_views":"","_tribe_events_virtual_url":"","footnotes":""},"tags":[1363,8869,2865,9147,9146,15294,9352,15298,15292,15299,15293,15297,15301,15300,15295,15296,2397,1147,15291],"tribe_events_cat":[8963],"class_list":["post-28293","tribe_events","type-tribe_events","status-publish","has-post-thumbnail","hentry","tag-cafe-la-palma","tag-cafe-la-palma-2","tag-conciertos-cafe-la-palma","tag-conciertos-madrid","tag-conciertos-malasana","tag-hijos-bastardos","tag-hip-hop-2","tag-issasi","tag-karim-apdp","tag-la-mejia-estudios","tag-le-petit-comite","tag-llamas","tag-menezz-beats","tag-nisok","tag-osama-ozn","tag-ozono-crew","tag-trap","tag-underground","tag-underground-rhymes","tribe_events_cat-concierto","cat_concierto"],"uagb_featured_image_src":{"full":["https:\/\/cafelapalma.com\/wp-content\/uploads\/2024\/02\/UNDERGROUND-RHYMES-FRONT.jpg",1081,1921,false],"thumbnail":["https:\/\/cafelapalma.com\/wp-content\/uploads\/2024\/02\/UNDERGROUND-RHYMES-FRONT-150x150.jpg",150,150,true],"medium":["https:\/\/cafelapalma.com\/wp-content\/uploads\/2024\/02\/UNDERGROUND-RHYMES-FRONT-169x300.jpg",169,300,true],"medium_large":["https:\/\/cafelapalma.com\/wp-content\/uploads\/2024\/02\/UNDERGROUND-RHYMES-FRONT-768x1365.jpg",768,1365,true],"large":["https:\/\/cafelapalma.com\/wp-content\/uploads\/2024\/02\/UNDERGROUND-RHYMES-FRONT-585x1040.jpg",585,1040,true],"1536x1536":["https:\/\/cafelapalma.com\/wp-content\/uploads\/2024\/02\/UNDERGROUND-RHYMES-FRONT-864x1536.jpg",864,1536,true],"2048x2048":["https:\/\/cafelapalma.com\/wp-content\/uploads\/2024\/02\/UNDERGROUND-RHYMES-FRONT.jpg",1081,1921,false],"trp-custom-language-flag":["https:\/\/cafelapalma.com\/wp-content\/uploads\/2024\/02\/UNDERGROUND-RHYMES-FRONT.jpg",7,12,false],"blossom-feminine-slider":["https:\/\/cafelapalma.com\/wp-content\/uploads\/2024\/02\/UNDERGROUND-RHYMES-FRONT-1081x649.jpg",1081,649,true],"blossom-feminine-featured":["https:\/\/cafelapalma.com\/wp-content\/uploads\/2024\/02\/UNDERGROUND-RHYMES-FRONT-1081x600.jpg",1081,600,true],"blossom-feminine-with-sidebar":["https:\/\/cafelapalma.com\/wp-content\/uploads\/2024\/02\/UNDERGROUND-RHYMES-FRONT-1020x600.jpg",1020,600,true],"blossom-feminine-blog":["https:\/\/cafelapalma.com\/wp-content\/uploads\/2024\/02\/UNDERGROUND-RHYMES-FRONT-435x435.jpg",435,435,true],"blossom-feminine-cat":["https:\/\/cafelapalma.com\/wp-content\/uploads\/2024\/02\/UNDERGROUND-RHYMES-FRONT-450x300.jpg",450,300,true],"blossom-feminine-related":["https:\/\/cafelapalma.com\/wp-content\/uploads\/2024\/02\/UNDERGROUND-RHYMES-FRONT-320x200.jpg",320,200,true],"blossom-feminine-schema":["https:\/\/cafelapalma.com\/wp-content\/uploads\/2024\/02\/UNDERGROUND-RHYMES-FRONT-34x60.jpg",34,60,true]},"uagb_author_info":{"display_name":"Victor","author_link":"https:\/\/cafelapalma.com\/en\/author\/comunicacion\/"},"uagb_comment_info":0,"uagb_excerpt":"KARIM APDP pertenece al grupo A PI\u00c9 DE P\u00c1GINA, formado por su amigo Manu y \u00e9l. Karim se mueve en cualquier ritmo y estilo, pero siempre suena crudo ya que es un referente consagrado en el underground de Madrid, que marc\u00f3 una \u00e9poca en el rap espa\u00f1ol junto a Le Petit Comit\u00e9 e Hijos Bastardos.&hellip;","_links":{"self":[{"href":"https:\/\/cafelapalma.com\/en\/wp-json\/wp\/v2\/tribe_events\/28293","targetHints":{"allow":["GET"]}}],"collection":[{"href":"https:\/\/cafelapalma.com\/en\/wp-json\/wp\/v2\/tribe_events"}],"about":[{"href":"https:\/\/cafelapalma.com\/en\/wp-json\/wp\/v2\/types\/tribe_events"}],"author":[{"embeddable":true,"href":"https:\/\/cafelapalma.com\/en\/wp-json\/wp\/v2\/users\/2"}],"version-history":[{"count":0,"href":"https:\/\/cafelapalma.com\/en\/wp-json\/wp\/v2\/tribe_events\/28293\/revisions"}],"wp:featuredmedia":[{"embeddable":true,"href":"https:\/\/cafelapalma.com\/en\/wp-json\/wp\/v2\/media\/28295"}],"wp:attachment":[{"href":"https:\/\/cafelapalma.com\/en\/wp-json\/wp\/v2\/media?parent=28293"}],"wp:term":[{"taxonomy":"post_tag","embeddable":true,"href":"https:\/\/cafelapalma.com\/en\/wp-json\/wp\/v2\/tags?post=28293"},{"taxonomy":"tribe_events_cat","embeddable":true,"href":"https:\/\/cafelapalma.com\/en\/wp-json\/wp\/v2\/tribe_events_cat?post=28293"}],"curies":[{"name":"wp","href":"https:\/\/api.w.org\/{rel}","templated":true}]}}